{"id":1884,"date":"2016-10-03T16:24:04","date_gmt":"2016-10-03T14:24:04","guid":{"rendered":"http:\/\/agora.xtec.cat\/iesjoanbrudieu\/?page_id=1884"},"modified":"2022-09-10T09:38:53","modified_gmt":"2022-09-10T07:38:53","slug":"fotografies-curs-2007-2008","status":"publish","type":"page","link":"https:\/\/agora.xtec.cat\/iesjoanbrudieu\/fotografies-de-linstitut\/fotografies-curs-2007-2008\/","title":{"rendered":"Fotografies: curs 2007-2008"},"content":{"rendered":"<h2 class=\"titolh2\">CURS 2007-2008<\/h2>\n<div class=\"blocimg\"><a href=\"https:\/\/goo.gl\/photos\/2tsZbuQ9EZXnhPnq6\" target=\"_blank\" rel=\"noopener\"><br \/>\n<img decoding=\"async\" class=\"size-thumbnail wp-image-1717 aligncenter img150x150\" src=\"http:\/\/institutjoanbrudieu.cat\/public\/web_centre\/html\/documents\/fotos_web\/080613_Credit_de_sintesi.jpg\" alt=\"080613_Credit_de_sintesi\" \/><br \/>\n080613 Cr\u00e8dit de s\u00edntesi<\/a><\/div>\n<div class=\"blocimg\"><a href=\"https:\/\/goo.gl\/photos\/wsbAsSkErC3Mdi266\" target=\"_blank\" rel=\"noopener\"><br \/>\n<img decoding=\"async\" class=\"size-thumbnail wp-image-1717 aligncenter img150x150\" src=\"http:\/\/institutjoanbrudieu.cat\/public\/web_centre\/html\/documents\/fotos_web\/080612_Premis_COAC_TdR.jpg\" alt=\"080612_Premis_COAC_TdR\" \/><br \/>\n080612 Premis COAC TdR<\/a><\/div>\n<div class=\"blocimg\"><a href=\"https:\/\/goo.gl\/photos\/rJDxTmK64vWKiXFJ6\" target=\"_blank\" rel=\"noopener\"><br \/>\n<img decoding=\"async\" class=\"size-thumbnail wp-image-1717 aligncenter img150x150\" src=\"http:\/\/institutjoanbrudieu.cat\/public\/web_centre\/html\/documents\/fotos_web\/080609_Italia.jpg\" alt=\"080609_Italia\" \/><br \/>\n080609 It\u00e0lia<\/a><\/div>\n<div class=\"blocimg\"><a href=\"https:\/\/goo.gl\/photos\/evHs1ek13Q9yf5bA6\" target=\"_blank\" rel=\"noopener\"><br \/>\n<img decoding=\"async\" class=\"size-thumbnail wp-image-1717 aligncenter img150x150\" src=\"http:\/\/institutjoanbrudieu.cat\/public\/web_centre\/html\/documents\/fotos_web\/080523_Trobada_mediadors.jpg\" alt=\"080523_Trobada_mediadors\" \/><br \/>\n080523 Trobada mediadors escolars<\/a><\/div>\n<div class=\"blocimg\"><a href=\"https:\/\/goo.gl\/photos\/wysBTcoSRXZc6SKy5\" target=\"_blank\" rel=\"noopener\"><br \/>\n<img decoding=\"async\" class=\"size-thumbnail wp-image-1717 aligncenter img150x150\" src=\"http:\/\/institutjoanbrudieu.cat\/public\/web_centre\/html\/documents\/fotos_web\/080505_Trobada_Aules_Acollida.jpg\" alt=\"080505_Trobada_Aules_Acollida\" \/><br \/>\n080505 Trobada Aules Acollida a Guissona<\/a><\/div>\n<div class=\"blocimg\"><a href=\"https:\/\/goo.gl\/photos\/TPQC5Y4qdtCy9TPM7\" target=\"_blank\" rel=\"noopener\"><br \/>\n<img decoding=\"async\" class=\"size-thumbnail wp-image-1717 aligncenter img150x150\" src=\"http:\/\/institutjoanbrudieu.cat\/public\/web_centre\/html\/documents\/fotos_web\/080423_Sant_Jordi.jpg\" alt=\"080423_Sant_Jordi\" \/><br \/>\n080423 Sant Jordi<\/a><\/div>\n<div class=\"blocimg\"><a href=\"https:\/\/goo.gl\/photos\/kygC9Qa8vaD1z3yC9\" target=\"_blank\" rel=\"noopener\"><br \/>\n<img decoding=\"async\" class=\"size-thumbnail wp-image-1717 aligncenter img150x150\" src=\"http:\/\/institutjoanbrudieu.cat\/public\/web_centre\/html\/documents\/fotos_web\/080415_Comenius_La_Seu.jpg\" alt=\"080415_Comenius_La_Seu\" \/><br \/>\n080415 Comenius La Seu<\/a><\/div>\n<div class=\"blocimg\"><a href=\"https:\/\/goo.gl\/photos\/J6FsBorpf21X4u5YA\" target=\"_blank\" rel=\"noopener\"><br \/>\n<img decoding=\"async\" class=\"size-thumbnail wp-image-1717 aligncenter img150x150\" src=\"http:\/\/institutjoanbrudieu.cat\/public\/web_centre\/html\/documents\/fotos_web\/080411_Exposicio_Naturals.jpg\" alt=\"080411_Exposicio_Naturals\" \/><br \/>\n080411 Exposici\u00f3 Naturals<\/a><\/div>\n<div class=\"blocimg\"><a href=\"https:\/\/goo.gl\/photos\/SQ6KU3X1w3aLBhm9A\" target=\"_blank\" rel=\"noopener\"><br \/>\n<img decoding=\"async\" class=\"size-thumbnail wp-image-1717 aligncenter img150x150\" src=\"http:\/\/institutjoanbrudieu.cat\/public\/web_centre\/html\/documents\/fotos_web\/080410_Sortida_Foix.jpg\" alt=\"080410_Sortida_Foix\" \/><br \/>\n080410 Sortida Foix<\/a><\/div>\n<div class=\"blocimg\"><a href=\"https:\/\/goo.gl\/photos\/SYBe5bebr2M7fMC89\" target=\"_blank\" rel=\"noopener\"><br \/>\n<img decoding=\"async\" class=\"size-thumbnail wp-image-1717 aligncenter img150x150\" src=\"http:\/\/institutjoanbrudieu.cat\/public\/web_centre\/html\/documents\/fotos_web\/080403_Sortida_BCN_S4.jpg\" alt=\"080403_Sortida_BCN_S4\" \/><br \/>\n080403 Sortida BCN S4<\/a><\/div>\n<div class=\"blocimg\"><a href=\"https:\/\/goo.gl\/photos\/cvFqPZvw1wJvH6TF6\" target=\"_blank\" rel=\"noopener\"><br \/>\n<img decoding=\"async\" class=\"size-thumbnail wp-image-1717 aligncenter img150x150\" src=\"http:\/\/institutjoanbrudieu.cat\/public\/web_centre\/html\/documents\/fotos_web\/080329_Comenius_Rotterdam.jpg\" alt=\"080329_Comenius_Rotterdam\" \/><br \/>\n080329 Comenius Rotterdam<\/a><\/div>\n<div class=\"blocimg\"><a href=\"https:\/\/goo.gl\/photos\/FppdokJcCrdjHeDMA\" target=\"_blank\" rel=\"noopener\"><br \/>\n<img decoding=\"async\" class=\"size-thumbnail wp-image-1717 aligncenter img150x150\" src=\"http:\/\/institutjoanbrudieu.cat\/public\/web_centre\/html\/documents\/fotos_web\/080328_Comenius_Kalocsa_Hongria.jpg\" alt=\"080328_Comenius_Kalocsa_Hongria\" \/><br \/>\n080328 Comenius Kalocsa (Hongria)<\/a><\/div>\n<div class=\"blocimg\"><a href=\"https:\/\/goo.gl\/photos\/97vhC1pgFrifa29C8\" target=\"_blank\" rel=\"noopener\"><br \/>\n<img decoding=\"async\" class=\"size-thumbnail wp-image-1717 aligncenter img150x150\" src=\"http:\/\/institutjoanbrudieu.cat\/public\/web_centre\/html\/documents\/fotos_web\/080306_Neu_Institut.jpg\" alt=\"080306_Neu_Institut\" \/><br \/>\n080306 Neu a l&#8217;Institut<\/a><\/div>\n<div class=\"blocimg\"><a href=\"https:\/\/goo.gl\/photos\/kKbbbXcmoigi1du67\" target=\"_blank\" rel=\"noopener\"><br \/>\n<img decoding=\"async\" class=\"size-thumbnail wp-image-1717 aligncenter img150x150\" src=\"http:\/\/institutjoanbrudieu.cat\/public\/web_centre\/html\/documents\/fotos_web\/080303_Fotografies_Institut.jpg\" alt=\"080303_Fotografies_Institut\" \/><br \/>\n080303 Fotografies Institut<\/a><\/div>\n<div class=\"blocimg\"><a href=\"https:\/\/goo.gl\/photos\/4WAmmEgHFwgU4yrH8\" target=\"_blank\" rel=\"noopener\"><br \/>\n<img decoding=\"async\" class=\"size-thumbnail wp-image-1717 aligncenter img150x150\" src=\"http:\/\/institutjoanbrudieu.cat\/public\/web_centre\/html\/documents\/fotos_web\/080226_Visita_alumnat_Primaria.jpg\" alt=\"080226_Visita_alumnat_Primaria\" \/><br \/>\n080226 Visita alumnat Prim\u00e0ria<\/a><\/div>\n<div class=\"blocimg\"><a href=\"https:\/\/goo.gl\/photos\/Rjr6d7bzXjMUdwLv5\" target=\"_blank\" rel=\"noopener\"><br \/>\n<img decoding=\"async\" class=\"size-thumbnail wp-image-1717 aligncenter img150x150\" src=\"http:\/\/institutjoanbrudieu.cat\/public\/web_centre\/html\/documents\/fotos_web\/080222_Fira_FP_Lleida.jpg\" alt=\"080222_Fira_FP_Lleida\" \/><br \/>\n080222 Fira FP Lleida<\/a><\/div>\n<div class=\"blocimg\"><a href=\"https:\/\/goo.gl\/photos\/BojchNyrsS3Q57yK7\" target=\"_blank\" rel=\"noopener\"><br \/>\n<img decoding=\"async\" class=\"size-thumbnail wp-image-1717 aligncenter img150x150\" src=\"http:\/\/institutjoanbrudieu.cat\/public\/web_centre\/html\/documents\/fotos_web\/080227_Exposicio_fotografica_Arquitectes.jpg\" alt=\"080227_Exposicio_fotografica_Arquitectes\" \/><br \/>\n080227 Exposici\u00f3 fotogr\u00e0fica Col\u00b7legi Arquitectes<\/a><\/div>\n<div class=\"blocimg\"><a href=\"https:\/\/goo.gl\/photos\/KAoCR4r6ELJeMt748\" target=\"_blank\" rel=\"noopener\"><br \/>\n<img decoding=\"async\" class=\"size-thumbnail wp-image-1717 aligncenter img150x150\" src=\"http:\/\/institutjoanbrudieu.cat\/public\/web_centre\/html\/documents\/fotos_web\/080215_Visita_Bar\u00e7a.jpg\" alt=\"080215_Visita_Bar\u00e7a\" \/><br \/>\n080215 Visita Bar\u00e7a<\/a><\/div>\n<div class=\"blocimg\"><a href=\"https:\/\/goo.gl\/photos\/UeJWjnwZSqF1jvyo6\" target=\"_blank\" rel=\"noopener\"><br \/>\n<img decoding=\"async\" class=\"size-thumbnail wp-image-1717 aligncenter img150x150\" src=\"http:\/\/institutjoanbrudieu.cat\/public\/web_centre\/html\/documents\/fotos_web\/080208_Taula_exalumnes.jpg\" alt=\"080208_Taula_exalumnes\" \/><br \/>\n080208 Taula exalumnes<\/a><\/div>\n<div class=\"blocimg\"><a href=\"https:\/\/goo.gl\/photos\/pNG3qWqRAvzkmmqCA\" target=\"_blank\" rel=\"noopener\"><br \/>\n<img decoding=\"async\" class=\"size-thumbnail wp-image-1717 aligncenter img150x150\" src=\"http:\/\/institutjoanbrudieu.cat\/public\/web_centre\/html\/documents\/fotos_web\/080201_Lliurament_Premis_Sant_Tomas.jpg\" alt=\"080201_Lliurament_Premis_Sant_Tomas\" \/><br \/>\n080201 Lliurament Premis Sant Tom\u00e0s<\/a><\/div>\n<div class=\"blocimg\"><a href=\"https:\/\/goo.gl\/photos\/afQBhm8zqBRTugUc9\" target=\"_blank\" rel=\"noopener\"><br \/>\n<img decoding=\"async\" class=\"size-thumbnail wp-image-1717 aligncenter img150x150\" src=\"http:\/\/institutjoanbrudieu.cat\/public\/web_centre\/html\/documents\/fotos_web\/080131_Sant_Tomas.jpg\" alt=\"080131_Sant_Tomas\" \/><br \/>\n080131 Sant Tom\u00e0s<\/a><\/div>\n<div class=\"blocimg\"><a href=\"https:\/\/goo.gl\/photos\/3y71raeNBXHVwRE49\" target=\"_blank\" rel=\"noopener\"><br \/>\n<img decoding=\"async\" class=\"size-thumbnail wp-image-1717 aligncenter img150x150\" src=\"http:\/\/institutjoanbrudieu.cat\/public\/web_centre\/html\/documents\/fotos_web\/080118_Treballs_de_Recerca.jpg\" alt=\"080118_Treballs_de_Recerca\" \/><br \/>\n080118 Treballs de_Recerca<\/a><\/div>\n<div class=\"blocimg\"><a href=\"https:\/\/goo.gl\/photos\/hDLCbcFAMHEzzffS6\" target=\"_blank\" rel=\"noopener\"><br \/>\n<img decoding=\"async\" class=\"size-thumbnail wp-image-1717 aligncenter img150x150\" src=\"http:\/\/institutjoanbrudieu.cat\/public\/web_centre\/html\/documents\/fotos_web\/071221_Nadal_aula_diversitat.jpg\" alt=\"071221_Nadal_aula_diversitat\" \/><br \/>\n071221 Nadal a l&#8217;aula de diversitat<\/a><\/div>\n<div class=\"blocimg\"><a href=\"https:\/\/goo.gl\/photos\/VE2UZpfj5cDTtXWs9\" target=\"_blank\" rel=\"noopener\"><br \/>\n<img decoding=\"async\" class=\"size-thumbnail wp-image-1717 aligncenter img150x150\" src=\"http:\/\/institutjoanbrudieu.cat\/public\/web_centre\/html\/documents\/fotos_web\/071220_Cite_Espace_Toulouse.jpg\" alt=\"071220_Cite_Espace_Toulouse\" \/><br \/>\n071220 Cit\u00e9 Espace Toulouse<\/a><\/div>\n<div class=\"blocimg\"><a href=\"https:\/\/goo.gl\/photos\/wy8mgbaPLDmFkZWM8\" target=\"_blank\" rel=\"noopener\"><br \/>\n<img decoding=\"async\" class=\"size-thumbnail wp-image-1717 aligncenter img150x150\" src=\"http:\/\/institutjoanbrudieu.cat\/public\/web_centre\/html\/documents\/fotos_web\/071107_Exposicio_DUNGUN.jpg\" alt=\"071107_Exposicio_DUNGUN\" \/><br \/>\n071107 Exposici\u00f3 DUNGUN<\/a><\/div>\n<div class=\"blocimg\"><a href=\"https:\/\/goo.gl\/photos\/6AVPf5BQSkDknSig7\" target=\"_blank\" rel=\"noopener\"><br \/>\n<img decoding=\"async\" class=\"size-thumbnail wp-image-1717 aligncenter img150x150\" src=\"http:\/\/institutjoanbrudieu.cat\/public\/web_centre\/html\/documents\/fotos_web\/071105_Sortida_Perpinya.jpg\" alt=\"071105_Sortida_Perpinya\" \/><br \/>\n071105 Sortida Perpiny\u00e0<\/a><\/div>\n<div class=\"blocimg\"><a href=\"https:\/\/goo.gl\/photos\/Yfo7o55mXVmoh2pK9\" target=\"_blank\" rel=\"noopener\"><br \/>\n<img decoding=\"async\" class=\"size-thumbnail wp-image-1717 aligncenter img150x150\" src=\"http:\/\/institutjoanbrudieu.cat\/public\/web_centre\/html\/documents\/fotos_web\/071027_Premis_Nadala_2007.jpg\" alt=\"071027_Premis_Nadala_2007\" \/><br \/>\n071027 Premis Concurs Nadala 2007<\/a><\/div>\n<div class=\"blocimg\"><a href=\"https:\/\/goo.gl\/photos\/BUNnD5VLjCrwySNSA\" target=\"_blank\" rel=\"noopener\"><br \/>\n<img decoding=\"async\" class=\"size-thumbnail wp-image-1717 aligncenter img150x150\" src=\"http:\/\/institutjoanbrudieu.cat\/public\/web_centre\/html\/documents\/fotos_web\/071020_Fira_Sant_Ermengol.jpg\" alt=\"071020_Fira_Sant_Ermengol\" \/><br \/>\n071020 Fira Sant Ermengol<\/a><\/div>\n<div class=\"blocimg\"><a href=\"https:\/\/goo.gl\/photos\/QHvck3i2VSL3SZ1p7\" target=\"_blank\" rel=\"noopener\"><br \/>\n<img decoding=\"async\" class=\"size-thumbnail wp-image-1717 aligncenter img150x150\" src=\"http:\/\/institutjoanbrudieu.cat\/public\/web_centre\/html\/documents\/fotos_web\/071020_Estand_75_anys_Fira.jpg\" alt=\"071020_Estand_75_anys_Fira\" \/><br \/>\n071020 Estand 75 anys Fira<\/a><\/div>\n<div class=\"blocimg\"><a href=\"https:\/\/goo.gl\/photos\/PU4NJMKX4R9EvMhz5\" target=\"_blank\" rel=\"noopener\"><br \/>\n<img decoding=\"async\" class=\"size-thumbnail wp-image-1717 aligncenter img150x150\" src=\"http:\/\/institutjoanbrudieu.cat\/public\/web_centre\/html\/documents\/fotos_web\/071019_Roda_premsa_75_aniversari.jpg\" alt=\"071019_Roda_premsa_75_aniversari\" \/><br \/>\n071019 Roda premsa 75 aniversari<\/a><\/div>\n<div class=\"blocimg\"><a href=\"https:\/\/goo.gl\/photos\/ptX6Z8WrG7akMBkw9\" target=\"_blank\" rel=\"noopener\"><br \/>\n<img decoding=\"async\" class=\"size-thumbnail wp-image-1717 aligncenter img150x150\" src=\"http:\/\/institutjoanbrudieu.cat\/public\/web_centre\/html\/documents\/fotos_web\/071013_Intercanvi_Comenius.jpg\" alt=\"071013_Intercanvi_Comenius\" \/><br \/>\n071013 Intercanvi Comenius<\/a><\/div>\n<div class=\"blocimg\"><a href=\"https:\/\/goo.gl\/photos\/VxFpQkWGNaXj3ZTC9\" target=\"_blank\" rel=\"noopener\"><br \/>\n<img decoding=\"async\" class=\"size-thumbnail wp-image-1717 aligncenter img150x150\" src=\"http:\/\/institutjoanbrudieu.cat\/public\/web_centre\/html\/documents\/fotos_web\/070925_Visita_Antoni_Llevot.jpg\" alt=\"070925_Visita_Antoni_Llevot\" \/><br \/>\n070925 Visita Antoni Llevot (director ST Lleida)<\/a><\/div>\n","protected":false},"excerpt":{"rendered":"<p>CURS 2007-2008 080613 Cr\u00e8dit de s\u00edntesi 080612 Premis COAC TdR 080609 It\u00e0lia 080523 Trobada mediadors escolars 080505 Trobada Aules Acollida a Guissona 080423 Sant Jordi 080415 Comenius La Seu 080411 Exposici\u00f3 Naturals 080410 Sortida Foix 080403 Sortida BCN S4 080329 Comenius Rotterdam 080328 Comenius Kalocsa (Hongria) 080306 Neu a l&#8217;Institut 080303 Fotografies Institut 080226 Visita [&hellip;]<\/p>\n","protected":false},"author":1,"featured_media":0,"parent":1712,"menu_order":29,"comment_status":"closed","ping_status":"closed","template":"page-templates\/side-menu.php","meta":{"_bbp_topic_count":0,"_bbp_reply_count":0,"_bbp_total_topic_count":0,"_bbp_total_reply_count":0,"_bbp_voice_count":0,"_bbp_anonymous_reply_count":0,"_bbp_topic_count_hidden":0,"_bbp_reply_count_hidden":0,"_bbp_forum_subforum_count":0,"site-sidebar-layout":"default","site-content-layout":"","ast-site-content-layout":"","site-content-style":"default","site-sidebar-style":"default","ast-global-header-display":"","ast-banner-title-visibility":"","ast-main-header-display":"","ast-hfb-above-header-display":"","ast-hfb-below-header-display":"","ast-hfb-mobile-header-display":"","site-post-title":"","ast-breadcrumbs-content":"","ast-featured-img":"","footer-sml-layout":"","theme-transparent-header-meta":"","adv-header-id-meta":"","stick-header-meta":"","header-above-stick-meta":"","header-main-stick-meta":"","header-below-stick-meta":"","astra-migrate-meta-layouts":"default","ast-page-background-enabled":"default","ast-page-background-meta":{"desktop":{"background-color":"var(--ast-global-color-4)","background-image":"","background-repeat":"repeat","background-position":"center center","background-size":"auto","background-attachment":"scroll","background-type":"","background-media":"","overlay-type":"","overlay-color":"","overlay-opacity":"","overlay-gradient":""},"tablet":{"background-color":"","background-image":"","background-repeat":"repeat","background-position":"center center","background-size":"auto","background-attachment":"scroll","background-type":"","background-media":"","overlay-type":"","overlay-color":"","overlay-opacity":"","overlay-gradient":""},"mobile":{"background-color":"","background-image":"","background-repeat":"repeat","background-position":"center center","background-size":"auto","background-attachment":"scroll","background-type":"","background-media":"","overlay-type":"","overlay-color":"","overlay-opacity":"","overlay-gradient":""}},"ast-content-background-meta":{"desktop":{"background-color":"var(--ast-global-color-5)","background-image":"","background-repeat":"repeat","background-position":"center center","background-size":"auto","background-attachment":"scroll","background-type":"","background-media":"","overlay-type":"","overlay-color":"","overlay-opacity":"","overlay-gradient":""},"tablet":{"background-color":"var(--ast-global-color-5)","background-image":"","background-repeat":"repeat","background-position":"center center","background-size":"auto","background-attachment":"scroll","background-type":"","background-media":"","overlay-type":"","overlay-color":"","overlay-opacity":"","overlay-gradient":""},"mobile":{"background-color":"var(--ast-global-color-5)","background-image":"","background-repeat":"repeat","background-position":"center center","background-size":"auto","background-attachment":"scroll","background-type":"","background-media":"","overlay-type":"","overlay-color":"","overlay-opacity":"","overlay-gradient":""}},"footnotes":""},"class_list":["post-1884","page","type-page","status-publish","hentry"],"post_mailing_queue_ids":[],"_links":{"self":[{"href":"https:\/\/agora.xtec.cat\/iesjoanbrudieu\/wp-json\/wp\/v2\/pages\/1884","targetHints":{"allow":["GET"]}}],"collection":[{"href":"https:\/\/agora.xtec.cat\/iesjoanbrudieu\/wp-json\/wp\/v2\/pages"}],"about":[{"href":"https:\/\/agora.xtec.cat\/iesjoanbrudieu\/wp-json\/wp\/v2\/types\/page"}],"author":[{"embeddable":true,"href":"https:\/\/agora.xtec.cat\/iesjoanbrudieu\/wp-json\/wp\/v2\/users\/1"}],"replies":[{"embeddable":true,"href":"https:\/\/agora.xtec.cat\/iesjoanbrudieu\/wp-json\/wp\/v2\/comments?post=1884"}],"version-history":[{"count":4,"href":"https:\/\/agora.xtec.cat\/iesjoanbrudieu\/wp-json\/wp\/v2\/pages\/1884\/revisions"}],"predecessor-version":[{"id":7714,"href":"https:\/\/agora.xtec.cat\/iesjoanbrudieu\/wp-json\/wp\/v2\/pages\/1884\/revisions\/7714"}],"up":[{"embeddable":true,"href":"https:\/\/agora.xtec.cat\/iesjoanbrudieu\/wp-json\/wp\/v2\/pages\/1712"}],"wp:attachment":[{"href":"https:\/\/agora.xtec.cat\/iesjoanbrudieu\/wp-json\/wp\/v2\/media?parent=1884"}],"curies":[{"name":"wp","href":"https:\/\/api.w.org\/{rel}","templated":true}]}}