{"id":1862,"date":"2016-10-02T17:25:58","date_gmt":"2016-10-02T15:25:58","guid":{"rendered":"http:\/\/agora.xtec.cat\/iesjoanbrudieu\/?page_id=1862"},"modified":"2022-09-10T09:38:58","modified_gmt":"2022-09-10T07:38:58","slug":"fotografies-curs-2008-2009","status":"publish","type":"page","link":"https:\/\/agora.xtec.cat\/iesjoanbrudieu\/fotografies-de-linstitut\/fotografies-curs-2008-2009\/","title":{"rendered":"Fotografies: curs 2008-2009"},"content":{"rendered":"<h2 class=\"titolh2\">CURS 2008-2009<\/h2>\n<div class=\"blocimg\"><a href=\"https:\/\/goo.gl\/photos\/4bu1QeHXresAB4B16\" target=\"_blank\" rel=\"noopener\"><br \/>\n<img decoding=\"async\" class=\"size-thumbnail wp-image-1717 aligncenter img150x150\" src=\"http:\/\/institutjoanbrudieu.cat\/public\/web_centre\/html\/documents\/fotos_web\/090622_Premis_UVIC_TdR.jpg\" alt=\"090622_Premis_UVIC_TdR\" \/><br \/>\n090622 Premis UVIC TdR<\/a><\/div>\n<div class=\"blocimg\"><a href=\"https:\/\/goo.gl\/photos\/W999uZSb1qrcsqGN8\" target=\"_blank\" rel=\"noopener\"><br \/>\n<img decoding=\"async\" class=\"size-thumbnail wp-image-1717 aligncenter img150x150\" src=\"http:\/\/institutjoanbrudieu.cat\/public\/web_centre\/html\/documents\/fotos_web\/090620_Treball_Sintesi_S4.jpg\" alt=\"090620_Treball_Sintesi_S4\" \/><br \/>\n090620 Treball de S\u00edntesi S4<\/a><\/div>\n<div class=\"blocimg\"><a href=\"https:\/\/goo.gl\/photos\/LQvUyQBYGjBMLAEP9\" target=\"_blank\" rel=\"noopener\"><br \/>\n<img decoding=\"async\" class=\"size-thumbnail wp-image-1717 aligncenter img150x150\" src=\"http:\/\/institutjoanbrudieu.cat\/public\/web_centre\/html\/documents\/fotos_web\/090620_Exposicio_EVP_TdS_S4.jpg\" alt=\"090620_Exposicio_EVP_TdS_S4\" \/><br \/>\n090620 Exposici\u00f3 EVP TdS S4<\/a><\/div>\n<div class=\"blocimg\"><a href=\"https:\/\/goo.gl\/photos\/irFHAX5MvCaoGwEFA\" target=\"_blank\" rel=\"noopener\"><br \/>\n<img decoding=\"async\" class=\"size-thumbnail wp-image-1717 aligncenter img150x150\" src=\"http:\/\/institutjoanbrudieu.cat\/public\/web_centre\/html\/documents\/fotos_web\/090620_Exposicio_EVP.jpg\" alt=\"090620_Exposicio_EVP\" \/><br \/>\n090620 Exposici\u00f3 EVP Optativa S4<\/a><\/div>\n<div class=\"blocimg\"><a href=\"https:\/\/goo.gl\/photos\/joZeuQ7Km9Via2737\" target=\"_blank\" rel=\"noopener\"><br \/>\n<img decoding=\"async\" class=\"size-thumbnail wp-image-1717 aligncenter img150x150\" src=\"http:\/\/institutjoanbrudieu.cat\/public\/web_centre\/html\/documents\/fotos_web\/090619_Festa_portuguesa.jpg\" alt=\"090619_Festa_portuguesa\" \/><br \/>\n090619 Festa portuguesa<\/a><\/div>\n<div class=\"blocimg\"><a href=\"https:\/\/goo.gl\/photos\/k2QBEDzqwgqdBYa19\" target=\"_blank\" rel=\"noopener\"><br \/>\n<img decoding=\"async\" class=\"size-thumbnail wp-image-1717 aligncenter img150x150\" src=\"http:\/\/institutjoanbrudieu.cat\/public\/web_centre\/html\/documents\/fotos_web\/090618_Premis_COAC.jpg\" alt=\"090618_Premis_COAC\" \/><br \/>\n090618 Premis COAC<\/a><\/div>\n<div class=\"blocimg\"><a href=\"https:\/\/goo.gl\/photos\/RMR1mSx8okuftKft9\" target=\"_blank\" rel=\"noopener\"><br \/>\n<img decoding=\"async\" class=\"size-thumbnail wp-image-1717 aligncenter img150x150\" src=\"http:\/\/institutjoanbrudieu.cat\/public\/web_centre\/html\/documents\/fotos_web\/090605_Sortida_PortAventura_S1.jpg\" alt=\"090605_Sortida_PortAventura_S1\" \/><br \/>\n090605 Sortida PortAventura S1<\/a><\/div>\n<div class=\"blocimg\"><a href=\"https:\/\/goo.gl\/photos\/QdEEhLJL4g85S1DY7\" target=\"_blank\" rel=\"noopener\"><br \/>\n<img decoding=\"async\" class=\"size-thumbnail wp-image-1717 aligncenter img150x150\" src=\"http:\/\/institutjoanbrudieu.cat\/public\/web_centre\/html\/documents\/fotos_web\/090530_75_anys_Cloenda_Sopar.jpg\" alt=\"090530_75_anys_Cloenda_Sopar\" \/><br \/>\n090530 75 anys: Cloenda &#8211; Sopar<\/a><\/div>\n<div class=\"blocimg\"><a href=\"https:\/\/goo.gl\/photos\/U5by1wLGXzQviFtR8\" target=\"_blank\" rel=\"noopener\"><br \/>\n<img decoding=\"async\" class=\"size-thumbnail wp-image-1717 aligncenter img150x150\" src=\"http:\/\/institutjoanbrudieu.cat\/public\/web_centre\/html\/documents\/fotos_web\/090530_75_anys_Cloenda_Homenatge_directors.jpg\" alt=\"090530_75_anys_Cloenda_Homenatge_directors\" \/><br \/>\n090530 75 anys: Cloenda &#8211; Homenatge directors<\/a><\/div>\n<div class=\"blocimg\"><a href=\"https:\/\/goo.gl\/photos\/r99pBS6jrfsq97Fb7\" target=\"_blank\" rel=\"noopener\"><br \/>\n<img decoding=\"async\" class=\"size-thumbnail wp-image-1717 aligncenter img150x150\" src=\"http:\/\/institutjoanbrudieu.cat\/public\/web_centre\/html\/documents\/fotos_web\/090523_Premis_Redaccio_Coca_Cola.jpg\" alt=\"090523_Premis_Redaccio_Coca_Cola\" \/><br \/>\n090523 Premis Redacci\u00f3 Coca-Cola<\/a><\/div>\n<div class=\"blocimg\"><a href=\"https:\/\/goo.gl\/photos\/Ap1up7MJYWJBPXhY8\" target=\"_blank\" rel=\"noopener\"><br \/>\n<img decoding=\"async\" class=\"size-thumbnail wp-image-1717 aligncenter img150x150\" src=\"http:\/\/institutjoanbrudieu.cat\/public\/web_centre\/html\/documents\/fotos_web\/090516_Esport_Escolar_Finals_Futbol7_Alcarras.jpg\" alt=\"090516_Esport_Escolar_Finals_Futbol7_Alcarras\" \/><br \/>\n090516 Esport Escolar Finals Futbol-7 a Alcarr\u00e0s<\/a><\/div>\n<div class=\"blocimg\"><a href=\"https:\/\/goo.gl\/photos\/FMuwvw4HVyZAqkaDA\" target=\"_blank\" rel=\"noopener\"><br \/>\n<img decoding=\"async\" class=\"size-thumbnail wp-image-1717 aligncenter img150x150\" src=\"http:\/\/institutjoanbrudieu.cat\/public\/web_centre\/html\/documents\/fotos_web\/090515_Esport_Escolar_Trobada_dinamitzadors_Montmelo.jpg\" alt=\"090515_Esport_Escolar_Trobada_dinamitzadors_Montmelo\" \/><br \/>\n090515 Esport Escolar Trobada dinamitzadors a Montmel\u00f3<\/a><\/div>\n<div class=\"blocimg\"><a href=\"https:\/\/goo.gl\/photos\/7YgANycRR9ZRr6Ss7\" target=\"_blank\" rel=\"noopener\"><br \/>\n<img decoding=\"async\" class=\"size-thumbnail wp-image-1717 aligncenter img150x150\" src=\"http:\/\/institutjoanbrudieu.cat\/public\/web_centre\/html\/documents\/fotos_web\/090514_Aula_Acollida_a_Solsona.jpg\" alt=\"090514_Aula_Acollida_a_Solsona\" \/><br \/>\n090514 Aula d&#8217;Acollida a Solsona<\/a><\/div>\n<div class=\"blocimg\"><a href=\"https:\/\/goo.gl\/photos\/mfF4jCeemBMRxcQc7\" target=\"_blank\" rel=\"noopener\"><br \/>\n<img decoding=\"async\" class=\"size-thumbnail wp-image-1717 aligncenter img150x150\" src=\"http:\/\/institutjoanbrudieu.cat\/public\/web_centre\/html\/documents\/fotos_web\/090512_Escola_Verda_Raco_Verd.jpg\" alt=\"090512_Escola_Verda_Raco_Verd\" \/><br \/>\n090512 Escola Verda: Rac\u00f3 Verd<\/a><\/div>\n<div class=\"blocimg\"><a href=\"https:\/\/goo.gl\/photos\/7xE4vDiP7ArVyeaf8\" target=\"_blank\" rel=\"noopener\"><br \/>\n<img decoding=\"async\" class=\"size-thumbnail wp-image-1717 aligncenter img150x150\" src=\"http:\/\/institutjoanbrudieu.cat\/public\/web_centre\/html\/documents\/fotos_web\/090511_75_anys_Taula_rodona_adolescencia.jpg\" alt=\"090511_75_anys_Taula_rodona_adolescencia\" \/><br \/>\n090511 75 anys: Taula rodona L&#8217;adolesc\u00e8ncia<\/a><\/div>\n<div class=\"blocimg\"><a href=\"https:\/\/goo.gl\/photos\/rGzigVuSywT1P34z7\" target=\"_blank\" rel=\"noopener\"><br \/>\n<img decoding=\"async\" class=\"size-thumbnail wp-image-1717 aligncenter img150x150\" src=\"http:\/\/institutjoanbrudieu.cat\/public\/web_centre\/html\/documents\/fotos_web\/090508_75_anys_Sis_Instituts_de_75.jpg\" alt=\"090508_75_anys_Sis_Instituts_de_75\" \/><br \/>\n090508 75 anys: Sis Instituts del 1933<\/a><\/div>\n<div class=\"blocimg\"><a href=\"https:\/\/goo.gl\/photos\/yDJeDUsLZKXzUuZM6\" target=\"_blank\" rel=\"noopener\"><br \/>\n<img decoding=\"async\" class=\"size-thumbnail wp-image-1717 aligncenter img150x150\" src=\"http:\/\/institutjoanbrudieu.cat\/public\/web_centre\/html\/documents\/fotos_web\/090507_Sortida_Foix.jpg\" alt=\"090507_Sortida_Foix\" \/><br \/>\n090507 Sortida Foix<\/a><\/div>\n<div class=\"blocimg\"><a href=\"https:\/\/goo.gl\/photos\/8p6vQ8pXJs7zB9RV9\" target=\"_blank\" rel=\"noopener\"><br \/>\n<img decoding=\"async\" class=\"size-thumbnail wp-image-1717 aligncenter img150x150\" src=\"http:\/\/institutjoanbrudieu.cat\/public\/web_centre\/html\/documents\/fotos_web\/090507_Teatre_CFM_CAI_ASS.jpg\" alt=\"090507_Teatre_CFM_CAI_ASS\" \/><br \/>\n090507 Teatre CFM: CAI+ASS<\/a><\/div>\n<div class=\"blocimg\"><a href=\"https:\/\/goo.gl\/photos\/VHRSU6wPWSSwVcRRA\" target=\"_blank\" rel=\"noopener\"><br \/>\n<img decoding=\"async\" class=\"size-thumbnail wp-image-1717 aligncenter img150x150\" src=\"http:\/\/institutjoanbrudieu.cat\/public\/web_centre\/html\/documents\/fotos_web\/090507_Festa_francofona_Lleida.jpg\" alt=\"090507_Festa_francofona_Lleida\" \/><br \/>\n090507 Festa franc\u00f2fona a Lleida<\/a><\/div>\n<div class=\"blocimg\"><a href=\"https:\/\/goo.gl\/photos\/yF5UvpywbZtTAsoc9\" target=\"_blank\" rel=\"noopener\"><br \/>\n<img decoding=\"async\" class=\"size-thumbnail wp-image-1717 aligncenter img150x150\" src=\"http:\/\/institutjoanbrudieu.cat\/public\/web_centre\/html\/documents\/fotos_web\/090504_75_anys_Inauguracio_exposicio.jpg\" alt=\"090504_75_anys_Inauguracio_exposicio\" \/><br \/>\n090504 75 anys: Inauguraci\u00f3 exposici\u00f3<\/a><\/div>\n<div class=\"blocimg\"><a href=\"https:\/\/goo.gl\/photos\/nySqs5aHcWjnyN9c8\" target=\"_blank\" rel=\"noopener\"><br \/>\n<img decoding=\"async\" class=\"size-thumbnail wp-image-1717 aligncenter img150x150\" src=\"http:\/\/institutjoanbrudieu.cat\/public\/web_centre\/html\/documents\/fotos_web\/090504_75_anys_Visita_conseller_Maragall.jpg\" alt=\"090504_75_anys_Visita_conseller_Maragall\" \/><br \/>\n090504 75 anys: Visita conseller Ernest Maragall<\/a><\/div>\n<div class=\"blocimg\"><a href=\"https:\/\/goo.gl\/photos\/53RNxTxka1scAX8w8\" target=\"_blank\" rel=\"noopener\"><br \/>\n<img decoding=\"async\" class=\"size-thumbnail wp-image-1717 aligncenter img150x150\" src=\"http:\/\/institutjoanbrudieu.cat\/public\/web_centre\/html\/documents\/fotos_web\/090425_75_anys_Portes_obertes.jpg\" alt=\"090425_75_anys_Portes_obertes\" \/><br \/>\n090425 75 anys: Portes obertes<\/a><\/div>\n<div class=\"blocimg\"><a href=\"https:\/\/goo.gl\/photos\/JSkJssu9eMzmFUpW6\" target=\"_blank\" rel=\"noopener\"><br \/>\n<img decoding=\"async\" class=\"size-thumbnail wp-image-1717 aligncenter img150x150\" src=\"http:\/\/institutjoanbrudieu.cat\/public\/web_centre\/html\/documents\/fotos_web\/090425_Esport_Escolar_basquet.jpg\" alt=\"090425_Esport_Escolar_basquet\" \/><br \/>\n090425 Esport Escolar b\u00e0squet<\/a><\/div>\n<div class=\"blocimg\"><a href=\"https:\/\/goo.gl\/photos\/iuFmUEGvvf6E6uEm9\" target=\"_blank\" rel=\"noopener\"><br \/>\n<img decoding=\"async\" class=\"size-thumbnail wp-image-1717 aligncenter img150x150\" src=\"http:\/\/institutjoanbrudieu.cat\/public\/web_centre\/html\/documents\/fotos_web\/090425_Esport_Escolar_futbol_Mollerussa.jpg\" alt=\"090425_Esport_Escolar_futbol_Mollerussa\" \/><br \/>\n090425 Esport Escolar futbol a Mollerussa<\/a><\/div>\n<div class=\"blocimg\"><a href=\"https:\/\/goo.gl\/photos\/PJgn5phs55d6m5qt6\" target=\"_blank\" rel=\"noopener\"><br \/>\n<img decoding=\"async\" class=\"size-thumbnail wp-image-1717 aligncenter img150x150\" src=\"http:\/\/institutjoanbrudieu.cat\/public\/web_centre\/html\/documents\/fotos_web\/090425_Exposicio_EVP.jpg\" alt=\"090425_Exposicio_EVP\" \/><br \/>\n090425 Exposici\u00f3 EVP<\/a><\/div>\n<div class=\"blocimg\"><a href=\"https:\/\/goo.gl\/photos\/a2f47SsRV54bLYMv9\" target=\"_blank\" rel=\"noopener\"><br \/>\n<img decoding=\"async\" class=\"size-thumbnail wp-image-1717 aligncenter img150x150\" src=\"http:\/\/institutjoanbrudieu.cat\/public\/web_centre\/html\/documents\/fotos_web\/090424_75_anys_Presentacio_llibre_Maria_Rubies.jpg\" alt=\"090424_75_anys_Presentacio_llibre_Maria_Rubies\" \/><br \/>\n090424 75 anys: Presentaci\u00f3 llibre Maria R\u00fabies<\/a><\/div>\n<div class=\"blocimg\"><a href=\"https:\/\/goo.gl\/photos\/3CoTdZXM5GMVGXAK6\" target=\"_blank\" rel=\"noopener\"><br \/>\n<img decoding=\"async\" class=\"size-thumbnail wp-image-1717 aligncenter img150x150\" src=\"http:\/\/institutjoanbrudieu.cat\/public\/web_centre\/html\/documents\/fotos_web\/090424_75_anys_Festa_alumnat_04.jpg\" alt=\"090424_75_anys_Festa_alumnat_04\" \/><br \/>\n090424 75 anys: Festa alumnat 04<\/a><\/div>\n<div class=\"blocimg\"><a href=\"https:\/\/goo.gl\/photos\/P6SvjvJYsLvKmYEE9\" target=\"_blank\" rel=\"noopener\"><br \/>\n<img decoding=\"async\" class=\"size-thumbnail wp-image-1717 aligncenter img150x150\" src=\"http:\/\/institutjoanbrudieu.cat\/public\/web_centre\/html\/documents\/fotos_web\/090424_75_anys_Festa_alumnat_03.jpg\" alt=\"090424_75_anys_Festa_alumnat_03\" \/><br \/>\n090424 75 anys: Festa alumnat 03<\/a><\/div>\n<div class=\"blocimg\"><a href=\"https:\/\/goo.gl\/photos\/QvWgfodupieJfud37\" target=\"_blank\" rel=\"noopener\"><br \/>\n<img decoding=\"async\" class=\"size-thumbnail wp-image-1717 aligncenter img150x150\" src=\"http:\/\/institutjoanbrudieu.cat\/public\/web_centre\/html\/documents\/fotos_web\/090424_75_anys_Festa_alumnat_02.jpg\" alt=\"090424_75_anys_Festa_alumnat_02\" \/><br \/>\n090424 75 anys: Festa alumnat 02<\/a><\/div>\n<div class=\"blocimg\"><a href=\"https:\/\/goo.gl\/photos\/nkwPTNjwmFtdoLkx8\" target=\"_blank\" rel=\"noopener\"><br \/>\n<img decoding=\"async\" class=\"size-thumbnail wp-image-1717 aligncenter img150x150\" src=\"http:\/\/institutjoanbrudieu.cat\/public\/web_centre\/html\/documents\/fotos_web\/090424_75_anys_Festa_alumnat_01.jpg\" alt=\"090424_75_anys_Festa_alumnat_01\" \/><br \/>\n090424 75 anys: Festa alumnat 01<\/a><\/div>\n<div class=\"blocimg\"><a href=\"https:\/\/goo.gl\/photos\/EJGM3Tij8tCgz1or6\" target=\"_blank\" rel=\"noopener\"><br \/>\n<img decoding=\"async\" class=\"size-thumbnail wp-image-1717 aligncenter img150x150\" src=\"http:\/\/institutjoanbrudieu.cat\/public\/web_centre\/html\/documents\/fotos_web\/090424_75_anys_Festa_alumnat_00.jpg\" alt=\"090424_75_anys_Festa_alumnat_00\" \/><br \/>\n090424 75 anys: Festa alumnat 00<\/a><\/div>\n<div class=\"blocimg\"><a href=\"https:\/\/goo.gl\/photos\/bcoRL4buNFWJxZHr8\" target=\"_blank\" rel=\"noopener\"><br \/>\n<img decoding=\"async\" class=\"size-thumbnail wp-image-1717 aligncenter img150x150\" src=\"http:\/\/institutjoanbrudieu.cat\/public\/web_centre\/html\/documents\/fotos_web\/090423_Comenius_La_Seu.jpg\" alt=\"090423_Comenius_La_Seu\" \/><br \/>\n090423 Comenius La Seu<\/a><\/div>\n<div class=\"blocimg\"><a href=\"https:\/\/goo.gl\/photos\/hsDWJ5pW1XReqhBf6\" target=\"_blank\" rel=\"noopener\"><br \/>\n<img decoding=\"async\" class=\"size-thumbnail wp-image-1717 aligncenter img150x150\" src=\"http:\/\/institutjoanbrudieu.cat\/public\/web_centre\/html\/documents\/fotos_web\/090423_Sant_Jordi_concurs_dibuix.jpg\" alt=\"090423_Sant_Jordi_concurs_dibuix\" \/><br \/>\n090423 Sant Jordi Concurs de Dibuix<\/a><\/div>\n<div class=\"blocimg\"><a href=\"https:\/\/goo.gl\/photos\/MtbEFmKQGiCacpeF7\" target=\"_blank\" rel=\"noopener\"><br \/>\n<img decoding=\"async\" class=\"size-thumbnail wp-image-1717 aligncenter img150x150\" src=\"http:\/\/institutjoanbrudieu.cat\/public\/web_centre\/html\/documents\/fotos_web\/090423_Sant_Jordi.jpg\" alt=\"090423_Sant_Jordi\" \/><br \/>\n090423 Sant Jordi<\/a><\/div>\n<div class=\"blocimg\"><a href=\"https:\/\/goo.gl\/photos\/rcdDiyXnxsJmBGSd6\" target=\"_blank\" rel=\"noopener\"><br \/>\n<img decoding=\"async\" class=\"size-thumbnail wp-image-1717 aligncenter img150x150\" src=\"http:\/\/institutjoanbrudieu.cat\/public\/web_centre\/html\/documents\/fotos_web\/090420_Aula_Acollida_i_Gent_gran.jpg\" alt=\"090420_Aula_Acollida_i_Gent_gran\" \/><br \/>\n090420 Aula d&#8217;Acollida i Gent gran (R\u00e0dioSeu)<\/a><\/div>\n<div class=\"blocimg\"><a href=\"https:\/\/goo.gl\/photos\/dCwCb2sH6FPk7mGu5\" target=\"_blank\" rel=\"noopener\"><br \/>\n<img decoding=\"async\" class=\"size-thumbnail wp-image-1717 aligncenter img150x150\" src=\"http:\/\/institutjoanbrudieu.cat\/public\/web_centre\/html\/documents\/fotos_web\/090418_Esport_escolar_Basquet_Solsona.jpg\" alt=\"090418_Esport_escolar_Basquet_Solsona\" \/><br \/>\n090418 Esport escolar B\u00e0squet a Solsona<\/a><\/div>\n<div class=\"blocimg\"><a href=\"https:\/\/goo.gl\/photos\/oquVJ3AcPZy1EBK57\" target=\"_blank\" rel=\"noopener\"><br \/>\n<img decoding=\"async\" class=\"size-thumbnail wp-image-1717 aligncenter img150x150\" src=\"http:\/\/institutjoanbrudieu.cat\/public\/web_centre\/html\/documents\/fotos_web\/090414_75_anys_Taules_rodones_Trobada_amb_Ciencia.jpg\" alt=\"090414_75_anys_Taules_rodones_Trobada_amb_Ciencia\" \/><br \/>\n090414 75 anys: Taules rodones Trobada amb la Ci\u00e8ncia<\/a><\/div>\n<div class=\"blocimg\"><a href=\"https:\/\/goo.gl\/photos\/b6xBnMNPo5UMdQ3V6\" target=\"_blank\" rel=\"noopener\"><br \/>\n<img decoding=\"async\" class=\"size-thumbnail wp-image-1717 aligncenter img150x150\" src=\"http:\/\/institutjoanbrudieu.cat\/public\/web_centre\/html\/documents\/fotos_web\/090403_75_anys_Taula_rodona_Cooperacio.jpg\" alt=\"090403_75_anys_Taula_rodona_Cooperacio\" \/><br \/>\n090403 75 anys: Taula rodona Institut i Cooperaci\u00f3<\/a><\/div>\n<div class=\"blocimg\"><a href=\"https:\/\/goo.gl\/photos\/pDHiEWNB3KqfyRvN8\" target=\"_blank\" rel=\"noopener\"><br \/>\n<img decoding=\"async\" class=\"size-thumbnail wp-image-1717 aligncenter img150x150\" src=\"http:\/\/institutjoanbrudieu.cat\/public\/web_centre\/html\/documents\/fotos_web\/090403_75_anys_Taula_rodona_Viure_i_llegir.jpg\" alt=\"090403_75_anys_Taula_rodona_Viure_i_llegir\" \/><br \/>\n090403 75 anys: Taula rodona Viure i llegir<\/a><\/div>\n<div class=\"blocimg\"><a href=\"https:\/\/goo.gl\/photos\/MBfWFGvMokQ7UUCM9\" target=\"_blank\" rel=\"noopener\"><br \/>\n<img decoding=\"async\" class=\"size-thumbnail wp-image-1717 aligncenter img150x150\" src=\"http:\/\/institutjoanbrudieu.cat\/public\/web_centre\/html\/documents\/fotos_web\/090403_Transit.jpg\" alt=\"090403_Transit\" \/><br \/>\n090403 Tr\u00e0nsit<\/a><\/div>\n<div class=\"blocimg\"><a href=\"https:\/\/goo.gl\/photos\/Lym9qwzjksqTdUFw9\" target=\"_blank\" rel=\"noopener\"><br \/>\n<img decoding=\"async\" class=\"size-thumbnail wp-image-1717 aligncenter img150x150\" src=\"http:\/\/institutjoanbrudieu.cat\/public\/web_centre\/html\/documents\/fotos_web\/090402_Ciencia_IEI.jpg\" alt=\"090402_Ciencia_IEI\" \/><br \/>\n090402 Ci\u00e8ncia a l&#8217;IEI (Lleida)<\/a><\/div>\n<div class=\"blocimg\"><a href=\"https:\/\/goo.gl\/photos\/7YohcTCP2UPM3YrA9\" target=\"_blank\" rel=\"noopener\"><br \/>\n<img decoding=\"async\" class=\"size-thumbnail wp-image-1717 aligncenter img150x150\" src=\"http:\/\/institutjoanbrudieu.cat\/public\/web_centre\/html\/documents\/fotos_web\/090402_75_anys_InvesJove.jpg\" alt=\"090402_75_anys_InvesJove\" \/><br \/>\n090402 75 anys: InvesJove<\/a><\/div>\n<div class=\"blocimg\"><a href=\"https:\/\/goo.gl\/photos\/RX29wnEi7S8115fQA\" target=\"_blank\" rel=\"noopener\"><br \/>\n<img decoding=\"async\" class=\"size-thumbnail wp-image-1717 aligncenter img150x150\" src=\"http:\/\/institutjoanbrudieu.cat\/public\/web_centre\/html\/documents\/fotos_web\/090402_75_anys_Taller_literari_Pep_Albanell.jpg\" alt=\"090402_75_anys_Taller_literari_Pep_Albanell\" \/><br \/>\n090402 75 anys: Taller literari amb Pep_Albanell<\/a><\/div>\n<div class=\"blocimg\"><a href=\"https:\/\/goo.gl\/photos\/y7X2u9oKkvvMQHVG7\" target=\"_blank\" rel=\"noopener\"><br \/>\n<img decoding=\"async\" class=\"size-thumbnail wp-image-1717 aligncenter img150x150\" src=\"http:\/\/institutjoanbrudieu.cat\/public\/web_centre\/html\/documents\/fotos_web\/090326_75_anys_Conferencia_Xavier_Rull.jpg\" alt=\"090326_75_anys_Conferencia_Xavier_Rull\" \/><br \/>\n090326 75 anys: Confer\u00e8ncia Xavier Rull (topon\u00edmia catalana)<\/a><\/div>\n<div class=\"blocimg\"><a href=\"https:\/\/goo.gl\/photos\/xmfh2XJM4HyyjXUF6\" target=\"_blank\" rel=\"noopener\"><br \/>\n<img decoding=\"async\" class=\"size-thumbnail wp-image-1717 aligncenter img150x150\" src=\"http:\/\/institutjoanbrudieu.cat\/public\/web_centre\/html\/documents\/fotos_web\/090327_Esport_Escolar_Mollerussa.jpg\" alt=\"090327_Esport_Escolar_Mollerussa\" \/><br \/>\n090327 Esport Escolar Mollerussa<\/a><\/div>\n<div class=\"blocimg\"><a href=\"https:\/\/goo.gl\/photos\/fTaBgRZoaQQvEQyB6\" target=\"_blank\" rel=\"noopener\"><br \/>\n<img decoding=\"async\" class=\"size-thumbnail wp-image-1717 aligncenter img150x150\" src=\"http:\/\/institutjoanbrudieu.cat\/public\/web_centre\/html\/documents\/fotos_web\/090326_75_anys_Conferencia_Boban_Minic.jpg\" alt=\"090326_75_anys_Conferencia_Boban_Minic\" \/><br \/>\n090326 75 anys: Confer\u00e8ncia Boban Minic<\/a><\/div>\n<div class=\"blocimg\"><a href=\"https:\/\/goo.gl\/photos\/qtqfybJZdJaJgN3G7\" target=\"_blank\" rel=\"noopener\"><br \/>\n<img decoding=\"async\" class=\"size-thumbnail wp-image-1717 aligncenter img150x150\" src=\"http:\/\/institutjoanbrudieu.cat\/public\/web_centre\/html\/documents\/fotos_web\/090322_Dia_Mundial_Aigua.jpg\" alt=\"090322_Dia_Mundial_Aigua\" \/><br \/>\n090322 Dia Mundial de l&#8217;Aigua<\/a><\/div>\n<div class=\"blocimg\"><a href=\"https:\/\/goo.gl\/photos\/s1zqDae9ryG8kx78A\" target=\"_blank\" rel=\"noopener\"><br \/>\n<img decoding=\"async\" class=\"size-thumbnail wp-image-1717 aligncenter img150x150\" src=\"http:\/\/institutjoanbrudieu.cat\/public\/web_centre\/html\/documents\/fotos_web\/090320_75_anys_Conferencia_Jordi_Adell.jpg\" alt=\"090320_75_anys_Conferencia_Jordi_Adell\" \/><br \/>\n090320 75 anys: Confer\u00e8ncia Jordi Adell<\/a><\/div>\n<div class=\"blocimg\"><a href=\"https:\/\/goo.gl\/photos\/eVguPMSeeBnLsWEGA\" target=\"_blank\" rel=\"noopener\"><br \/>\n<img decoding=\"async\" class=\"size-thumbnail wp-image-1717 aligncenter img150x150\" src=\"http:\/\/institutjoanbrudieu.cat\/public\/web_centre\/html\/documents\/fotos_web\/090317_Aula_Acollida_i_Mossos_Esquadra.jpg\" alt=\"090317_Aula_Acollida_i_Mossos_Esquadra\" \/><br \/>\n090317 Aula d&#8217;Acollida i Mossos d&#8217;Esquadra<\/a><\/div>\n<div class=\"blocimg\"><a href=\"https:\/\/goo.gl\/photos\/9XHtnN77EXGbVL8U7\" target=\"_blank\" rel=\"noopener\"><br \/>\n<img decoding=\"async\" class=\"size-thumbnail wp-image-1717 aligncenter img150x150\" src=\"http:\/\/institutjoanbrudieu.cat\/public\/web_centre\/html\/documents\/fotos_web\/090306_75_anys_Taula_rodona_Esport.jpg\" alt=\"090306_75_anys_Taula_rodona_Esport\" \/><br \/>\n090306 75 anys: Taula rodona Esport<\/a><\/div>\n<div class=\"blocimg\"><a href=\"https:\/\/goo.gl\/photos\/Ui2HhYBTXCgSm9C39\" target=\"_blank\" rel=\"noopener\"><br \/>\n<img decoding=\"async\" class=\"size-thumbnail wp-image-1717 aligncenter img150x150\" src=\"http:\/\/institutjoanbrudieu.cat\/public\/web_centre\/html\/documents\/fotos_web\/090305_Seu_Roc_S4.jpg\" alt=\"090305_Seu_Roc_S4\" \/><br \/>\n090305 Seu Roc (S4)<\/a><\/div>\n<div class=\"blocimg\"><a href=\"https:\/\/goo.gl\/photos\/3KWy84E225UkhEEp6\" target=\"_blank\" rel=\"noopener\"><br \/>\n<img decoding=\"async\" class=\"size-thumbnail wp-image-1717 aligncenter img150x150\" src=\"http:\/\/institutjoanbrudieu.cat\/public\/web_centre\/html\/documents\/fotos_web\/090228_Fira_FP_Lleida.jpg\" alt=\"090228_Fira_FP_Lleida\" \/><br \/>\n090228 Fira FP Lleida<\/a><\/div>\n<div class=\"blocimg\"><a href=\"https:\/\/goo.gl\/photos\/519kJzPXXHuipvU5A\" target=\"_blank\" rel=\"noopener\"><br \/>\n<img decoding=\"async\" class=\"size-thumbnail wp-image-1717 aligncenter img150x150\" src=\"http:\/\/institutjoanbrudieu.cat\/public\/web_centre\/html\/documents\/fotos_web\/090227_75_anys_Conferencia_Joan_Mateo.jpg\" alt=\"090227_75_anys_Conferencia_Joan_Mateo\" \/><br \/>\n090227 75 anys: Confer\u00e8ncia Joan Mateo<\/a><\/div>\n<div class=\"blocimg\"><a href=\"https:\/\/goo.gl\/photos\/QtQ9EPR1vBjjYeRW8\" target=\"_blank\" rel=\"noopener\"><br \/>\n<img decoding=\"async\" class=\"size-thumbnail wp-image-1717 aligncenter img150x150\" src=\"http:\/\/institutjoanbrudieu.cat\/public\/web_centre\/html\/documents\/fotos_web\/090220_Carnaval.jpg\" alt=\"090220_Carnaval\" \/><br \/>\n090220_Carnaval<\/a><\/div>\n<div class=\"blocimg\"><a href=\"https:\/\/goo.gl\/photos\/6sLUiKtQrJEmxHE5A\" target=\"_blank\" rel=\"noopener\"><br \/>\n<img decoding=\"async\" class=\"size-thumbnail wp-image-1717 aligncenter img150x150\" src=\"http:\/\/institutjoanbrudieu.cat\/public\/web_centre\/html\/documents\/fotos_web\/090213_taules_exalumnat.jpg\" alt=\"090213_taules_exalumnat\" \/><br \/>\n090213 taules exalumnat<\/a><\/div>\n<div class=\"blocimg\"><a href=\"https:\/\/goo.gl\/photos\/5AYpECTR95fyGAuC9\" target=\"_blank\" rel=\"noopener\"><br \/>\n<img decoding=\"async\" class=\"size-thumbnail wp-image-1717 aligncenter img150x150\" src=\"http:\/\/institutjoanbrudieu.cat\/public\/web_centre\/html\/documents\/fotos_web\/090211_Alumnat_Primaria.jpg\" alt=\"090211_Alumnat_Primaria\" \/><br \/>\n090211_Alumnat_Primaria<\/a><\/div>\n<div class=\"blocimg\"><a href=\"https:\/\/goo.gl\/photos\/Ss8P7Yh9Vd2eA3jWA\" target=\"_blank\" rel=\"noopener\"><br \/>\n<img decoding=\"async\" class=\"size-thumbnail wp-image-1717 aligncenter img150x150\" src=\"http:\/\/institutjoanbrudieu.cat\/public\/web_centre\/html\/documents\/fotos_web\/090211_Pancarta.jpg\" alt=\"090211_Pancarta\" \/><br \/>\n090211 Pancarta fa\u00e7ana<\/a><\/div>\n<div class=\"blocimg\"><a href=\"https:\/\/goo.gl\/photos\/iWWBgXJrBqg2M1W67\" target=\"_blank\" rel=\"noopener\"><br \/>\n<img decoding=\"async\" class=\"size-thumbnail wp-image-1717 aligncenter img150x150\" src=\"http:\/\/institutjoanbrudieu.cat\/public\/web_centre\/html\/documents\/fotos_web\/090206_75_anys_Conferencia_M_Jesus_Comellas.jpg\" alt=\"090206_75_anys_Conferencia_M_Jesus_Comellas\" \/><br \/>\n090206 75 anys: Confer\u00e8ncia Maria Jes\u00fas Comellas<\/a><\/div>\n<div class=\"blocimg\"><a href=\"https:\/\/goo.gl\/photos\/aKizHxSM7EXh86oz7\" target=\"_blank\" rel=\"noopener\"><br \/>\n<img decoding=\"async\" class=\"size-thumbnail wp-image-1717 aligncenter img150x150\" src=\"http:\/\/institutjoanbrudieu.cat\/public\/web_centre\/html\/documents\/fotos_web\/090206_Comenius_Rotterdam.jpg\" alt=\"090206_Comenius_Rotterdam\" \/><br \/>\n090206 Comenius Rotterdam<\/a><\/div>\n<div class=\"blocimg\"><a href=\"https:\/\/goo.gl\/photos\/4o1txnrQN1kcufUXA\" target=\"_blank\" rel=\"noopener\"><br \/>\n<img decoding=\"async\" class=\"size-thumbnail wp-image-1717 aligncenter img150x150\" src=\"http:\/\/institutjoanbrudieu.cat\/public\/web_centre\/html\/documents\/fotos_web\/09013_75_anys_Inauguracio_activitats.jpg\" alt=\"09013_75_anys_Inauguracio_activitats\" \/><br \/>\n090130 75 anys: Inauguraci\u00f3 activitats<\/a><\/div>\n<div class=\"blocimg\"><a href=\"https:\/\/goo.gl\/photos\/HwhirsQuHzoUEf7s8\" target=\"_blank\" rel=\"noopener\"><br \/>\n<img decoding=\"async\" class=\"size-thumbnail wp-image-1717 aligncenter img150x150\" src=\"http:\/\/institutjoanbrudieu.cat\/public\/web_centre\/html\/documents\/fotos_web\/090130_Sant_Tomas.jpg\" alt=\"090130_Sant_Tomas\" \/><br \/>\n090130 Sant Tom\u00e0s<\/a><\/div>\n<div class=\"blocimg\"><a href=\"https:\/\/goo.gl\/photos\/TrCKUSQjG2GSddZZ7\" target=\"_blank\" rel=\"noopener\"><br \/>\n<img decoding=\"async\" class=\"size-thumbnail wp-image-1717 aligncenter img150x150\" src=\"http:\/\/institutjoanbrudieu.cat\/public\/web_centre\/html\/documents\/fotos_web\/090128_Parlament_B1.jpg\" alt=\"090128_Parlament_B1\" \/><br \/>\n090128 Visita Parlament (B1)<\/a><\/div>\n<div class=\"blocimg\"><a href=\"https:\/\/goo.gl\/photos\/nbpdpux38VCGpYy96\" target=\"_blank\" rel=\"noopener\"><br \/>\n<img decoding=\"async\" class=\"size-thumbnail wp-image-1717 aligncenter img150x150\" src=\"http:\/\/institutjoanbrudieu.cat\/public\/web_centre\/html\/documents\/fotos_web\/090127_75_anys_Presentacio_activitats.jpg\" alt=\"090127_75_anys_Presentacio_activitats\" \/><br \/>\n090127 75 anys: Presentaci\u00f3 activitats<\/a><\/div>\n<div class=\"blocimg\"><a href=\"https:\/\/goo.gl\/photos\/Njw5eiv3prc49p1R9\" target=\"_blank\" rel=\"noopener\"><br \/>\n<img decoding=\"async\" class=\"size-thumbnail wp-image-1717 aligncenter img150x150\" src=\"http:\/\/institutjoanbrudieu.cat\/public\/web_centre\/html\/documents\/fotos_web\/090116_Treball_de_Recerca.jpg\" alt=\"090116_Treball_de_Recerca\" \/><br \/>\n090116 Treball de Recerca<\/a><\/div>\n<div class=\"blocimg\"><a href=\"https:\/\/goo.gl\/photos\/VqvVxPHtqTQJxfAQA\" target=\"_blank\" rel=\"noopener\"><br \/>\n<img decoding=\"async\" class=\"size-thumbnail wp-image-1717 aligncenter img150x150\" src=\"http:\/\/institutjoanbrudieu.cat\/public\/web_centre\/html\/documents\/fotos_web\/090114_Visita_Parlament_i_Bar\u00e7a_basquet.jpg\" alt=\"090114_Visita_Parlament_i_Bar\u00e7a_basquet\" \/><br \/>\n090114 Visita Parlament i Bar\u00e7a b\u00e0squet (S2)<\/a><\/div>\n<div class=\"blocimg\"><a href=\"https:\/\/goo.gl\/photos\/oG7y6JFt5JgUAuCN7\" target=\"_blank\" rel=\"noopener\"><br \/>\n<img decoding=\"async\" class=\"size-thumbnail wp-image-1717 aligncenter img150x150\" src=\"http:\/\/institutjoanbrudieu.cat\/public\/web_centre\/html\/documents\/fotos_web\/081215_Conferencia_Josep_Maria_Gasol.jpg\" alt=\"081215_Conferencia_Josep_Maria_Gasol\" \/><br \/>\n081215 Confer\u00e8ncia Josep Maria Gasol<\/a><\/div>\n<div class=\"blocimg\"><a href=\"https:\/\/goo.gl\/photos\/wPYQbY3mSpQ9275m8\" target=\"_blank\" rel=\"noopener\"><br \/>\n<img decoding=\"async\" class=\"size-thumbnail wp-image-1717 aligncenter img150x150\" src=\"http:\/\/institutjoanbrudieu.cat\/public\/web_centre\/html\/documents\/fotos_web\/081114_Premis_TdR_UdL.jpg\" alt=\"081114_Premis_TdR_UdL\" \/><br \/>\n081114 Premis TdR UdL<\/a><\/div>\n<div class=\"blocimg\"><a href=\"https:\/\/goo.gl\/photos\/cUvusPLy48zmyCSU9\" target=\"_blank\" rel=\"noopener\"><br \/>\n<img decoding=\"async\" class=\"size-thumbnail wp-image-1717 aligncenter img150x150\" src=\"http:\/\/institutjoanbrudieu.cat\/public\/web_centre\/html\/documents\/fotos_web\/081104_Toulouse_Sheila.jpg\" alt=\"081104_Toulouse_Sheila\" \/><br \/>\n081104 Toulouse (fotografies: Sheila Alfons\u00edn)<\/a><\/div>\n<div class=\"blocimg\"><a href=\"https:\/\/goo.gl\/photos\/aek9pBWaEoA43fFz8\" target=\"_blank\" rel=\"noopener\"><br \/>\n<img decoding=\"async\" class=\"size-thumbnail wp-image-1717 aligncenter img150x150\" src=\"http:\/\/institutjoanbrudieu.cat\/public\/web_centre\/html\/documents\/fotos_web\/081104_Toulouse.jpg\" alt=\"081104_Toulouse\" \/><br \/>\n081104 Toulouse<\/a><\/div>\n<div class=\"blocimg\"><a href=\"https:\/\/goo.gl\/photos\/uqPMBmcxwXx6yK2G6\" target=\"_blank\" rel=\"noopener\"><br \/>\n<img decoding=\"async\" class=\"size-thumbnail wp-image-1717 aligncenter img150x150\" src=\"http:\/\/institutjoanbrudieu.cat\/public\/web_centre\/html\/documents\/fotos_web\/081007_Cotlliure.jpg\" alt=\"081007_Cotlliure\" \/><br \/>\n081007 Cotlliure<\/a><\/div>\n","protected":false},"excerpt":{"rendered":"<p>CURS 2008-2009 090622 Premis UVIC TdR 090620 Treball de S\u00edntesi S4 090620 Exposici\u00f3 EVP TdS S4 090620 Exposici\u00f3 EVP Optativa S4 090619 Festa portuguesa 090618 Premis COAC 090605 Sortida PortAventura S1 090530 75 anys: Cloenda &#8211; Sopar 090530 75 anys: Cloenda &#8211; Homenatge directors 090523 Premis Redacci\u00f3 Coca-Cola 090516 Esport Escolar Finals Futbol-7 a Alcarr\u00e0s [&hellip;]<\/p>\n","protected":false},"author":1,"featured_media":0,"parent":1712,"menu_order":28,"comment_status":"closed","ping_status":"closed","template":"page-templates\/side-menu.php","meta":{"_bbp_topic_count":0,"_bbp_reply_count":0,"_bbp_total_topic_count":0,"_bbp_total_reply_count":0,"_bbp_voice_count":0,"_bbp_anonymous_reply_count":0,"_bbp_topic_count_hidden":0,"_bbp_reply_count_hidden":0,"_bbp_forum_subforum_count":0,"site-sidebar-layout":"default","site-content-layout":"","ast-site-content-layout":"","site-content-style":"default","site-sidebar-style":"default","ast-global-header-display":"","ast-banner-title-visibility":"","ast-main-header-display":"","ast-hfb-above-header-display":"","ast-hfb-below-header-display":"","ast-hfb-mobile-header-display":"","site-post-title":"","ast-breadcrumbs-content":"","ast-featured-img":"","footer-sml-layout":"","theme-transparent-header-meta":"","adv-header-id-meta":"","stick-header-meta":"","header-above-stick-meta":"","header-main-stick-meta":"","header-below-stick-meta":"","astra-migrate-meta-layouts":"default","ast-page-background-enabled":"default","ast-page-background-meta":{"desktop":{"background-color":"var(--ast-global-color-4)","background-image":"","background-repeat":"repeat","background-position":"center center","background-size":"auto","background-attachment":"scroll","background-type":"","background-media":"","overlay-type":"","overlay-color":"","overlay-opacity":"","overlay-gradient":""},"tablet":{"background-color":"","background-image":"","background-repeat":"repeat","background-position":"center center","background-size":"auto","background-attachment":"scroll","background-type":"","background-media":"","overlay-type":"","overlay-color":"","overlay-opacity":"","overlay-gradient":""},"mobile":{"background-color":"","background-image":"","background-repeat":"repeat","background-position":"center center","background-size":"auto","background-attachment":"scroll","background-type":"","background-media":"","overlay-type":"","overlay-color":"","overlay-opacity":"","overlay-gradient":""}},"ast-content-background-meta":{"desktop":{"background-color":"var(--ast-global-color-5)","background-image":"","background-repeat":"repeat","background-position":"center center","background-size":"auto","background-attachment":"scroll","background-type":"","background-media":"","overlay-type":"","overlay-color":"","overlay-opacity":"","overlay-gradient":""},"tablet":{"background-color":"var(--ast-global-color-5)","background-image":"","background-repeat":"repeat","background-position":"center center","background-size":"auto","background-attachment":"scroll","background-type":"","background-media":"","overlay-type":"","overlay-color":"","overlay-opacity":"","overlay-gradient":""},"mobile":{"background-color":"var(--ast-global-color-5)","background-image":"","background-repeat":"repeat","background-position":"center center","background-size":"auto","background-attachment":"scroll","background-type":"","background-media":"","overlay-type":"","overlay-color":"","overlay-opacity":"","overlay-gradient":""}},"footnotes":""},"class_list":["post-1862","page","type-page","status-publish","hentry"],"post_mailing_queue_ids":[],"_links":{"self":[{"href":"https:\/\/agora.xtec.cat\/iesjoanbrudieu\/wp-json\/wp\/v2\/pages\/1862","targetHints":{"allow":["GET"]}}],"collection":[{"href":"https:\/\/agora.xtec.cat\/iesjoanbrudieu\/wp-json\/wp\/v2\/pages"}],"about":[{"href":"https:\/\/agora.xtec.cat\/iesjoanbrudieu\/wp-json\/wp\/v2\/types\/page"}],"author":[{"embeddable":true,"href":"https:\/\/agora.xtec.cat\/iesjoanbrudieu\/wp-json\/wp\/v2\/users\/1"}],"replies":[{"embeddable":true,"href":"https:\/\/agora.xtec.cat\/iesjoanbrudieu\/wp-json\/wp\/v2\/comments?post=1862"}],"version-history":[{"count":3,"href":"https:\/\/agora.xtec.cat\/iesjoanbrudieu\/wp-json\/wp\/v2\/pages\/1862\/revisions"}],"predecessor-version":[{"id":7715,"href":"https:\/\/agora.xtec.cat\/iesjoanbrudieu\/wp-json\/wp\/v2\/pages\/1862\/revisions\/7715"}],"up":[{"embeddable":true,"href":"https:\/\/agora.xtec.cat\/iesjoanbrudieu\/wp-json\/wp\/v2\/pages\/1712"}],"wp:attachment":[{"href":"https:\/\/agora.xtec.cat\/iesjoanbrudieu\/wp-json\/wp\/v2\/media?parent=1862"}],"curies":[{"name":"wp","href":"https:\/\/api.w.org\/{rel}","templated":true}]}}