{"id":1854,"date":"2016-10-02T17:23:27","date_gmt":"2016-10-02T15:23:27","guid":{"rendered":"http:\/\/agora.xtec.cat\/iesjoanbrudieu\/?page_id=1854"},"modified":"2022-09-10T09:39:15","modified_gmt":"2022-09-10T07:39:15","slug":"fotografies-curs-2011-2012","status":"publish","type":"page","link":"https:\/\/agora.xtec.cat\/iesjoanbrudieu\/fotografies-de-linstitut\/fotografies-curs-2011-2012\/","title":{"rendered":"Fotografies: curs 2011-2012"},"content":{"rendered":"<h2 class=\"titolh2\">CURS 2011-2012<\/h2>\n<div class=\"blocimg\"><a href=\"https:\/\/goo.gl\/photos\/NPxC2uTgjh2hidGYA\" target=\"_blank\" rel=\"noopener\"><br \/>\n<img decoding=\"async\" class=\"size-thumbnail wp-image-1717 aligncenter img150x150\" src=\"http:\/\/institutjoanbrudieu.cat\/public\/web_centre\/html\/documents\/fotos_web\/120619_Premis_UVIC_TdR.jpg\" alt=\"120619_Premis_UVIC_TdR\" \/><br \/>\n120619 Premis UVIC TdR<\/a><\/div>\n<div class=\"blocimg\"><a href=\"https:\/\/goo.gl\/photos\/DR6MS2tqcuitga4v6\" target=\"_blank\" rel=\"noopener\"><br \/>\n<img decoding=\"async\" class=\"size-thumbnail wp-image-1717 aligncenter img150x150\" src=\"http:\/\/institutjoanbrudieu.cat\/public\/web_centre\/html\/documents\/fotos_web\/120618_Premis_COAC_TdR.jpg\" alt=\"120618_Premis_COAC_TdR\" \/><br \/>\n120618 Premis COAC TdR<\/a><\/div>\n<div class=\"blocimg\"><a href=\"https:\/\/goo.gl\/photos\/pbLUsvPNs9LEMskM6\" target=\"_blank\" rel=\"noopener\"><br \/>\n<img decoding=\"async\" class=\"size-thumbnail wp-image-1717 aligncenter img150x150\" src=\"http:\/\/institutjoanbrudieu.cat\/public\/web_centre\/html\/documents\/fotos_web\/120618_Premis_ARGO.jpg\" alt=\"120618_Premis_ARGO\" \/><br \/>\n120618 Premis ARG\u00d3<\/a><\/div>\n<div class=\"blocimg\"><a href=\"https:\/\/goo.gl\/photos\/bBxV6HXBhVctKsap7\" target=\"_blank\" rel=\"noopener\"><br \/>\n<img decoding=\"async\" class=\"size-thumbnail wp-image-1717 aligncenter img150x150\" src=\"http:\/\/institutjoanbrudieu.cat\/public\/web_centre\/html\/documents\/fotos_web\/120614_Poblet_PortAventura.jpg\" alt=\"120614_Poblet_PortAventura\" \/><br \/>\n120614 Poblet i PortAventura<\/a><\/div>\n<div class=\"blocimg\"><a href=\"https:\/\/goo.gl\/photos\/SwFtXRedLReMkny47\" target=\"_blank\" rel=\"noopener\"><br \/>\n<img decoding=\"async\" class=\"size-thumbnail wp-image-1717 aligncenter img150x150\" src=\"http:\/\/institutjoanbrudieu.cat\/public\/web_centre\/html\/documents\/fotos_web\/120613_Colonies_S3.jpg\" alt=\"120613_Colonies_S3\" \/><br \/>\n120613 Col\u00f2nies (S3)<\/a><\/div>\n<div class=\"blocimg\"><a href=\"https:\/\/goo.gl\/photos\/iGoa35VupPMjvop88\" target=\"_blank\" rel=\"noopener\"><br \/>\n<img decoding=\"async\" class=\"size-thumbnail wp-image-1717 aligncenter img150x150\" src=\"http:\/\/institutjoanbrudieu.cat\/public\/web_centre\/html\/documents\/fotos_web\/120611_Madrid.jpg\" alt=\"120611_Madrid\" \/><br \/>\n120611_Madrid<\/a><\/div>\n<div class=\"blocimg\"><a href=\"https:\/\/goo.gl\/photos\/8fXvr4ZMSUng2K5J7\" target=\"_blank\" rel=\"noopener\"><br \/>\n<img decoding=\"async\" class=\"size-thumbnail wp-image-1717 aligncenter img150x150\" src=\"http:\/\/institutjoanbrudieu.cat\/public\/web_centre\/html\/documents\/fotos_web\/120517_Jornada_Emprenedoria.jpg\" alt=\"120517_Jornada_Emprenedoria\" \/><br \/>\n120517 I Jornada Emprenedoria<\/a><\/div>\n<div class=\"blocimg\"><a href=\"https:\/\/goo.gl\/photos\/vLZNHEV9u6Y6AfeM7\" target=\"_blank\" rel=\"noopener\"><br \/>\n<img decoding=\"async\" class=\"size-thumbnail wp-image-1717 aligncenter img150x150\" src=\"http:\/\/institutjoanbrudieu.cat\/public\/web_centre\/html\/documents\/fotos_web\/120511_Intercanvi_Santanyi.jpg\" alt=\"120511_Intercanvi_Santanyi\" \/><br \/>\n120511 Intercanvi Santany\u00ed<\/a><\/div>\n<div class=\"blocimg\"><a href=\"https:\/\/goo.gl\/photos\/Uufgu9DKkHBwEapo8\" target=\"_blank\" rel=\"noopener\"><br \/>\n<img decoding=\"async\" class=\"size-thumbnail wp-image-1717 aligncenter img150x150\" src=\"http:\/\/institutjoanbrudieu.cat\/public\/web_centre\/html\/documents\/fotos_web\/120505_Dia_llengua_portuguesa_festival.jpg\" alt=\"120505_Dia_llengua_portuguesa_festival\" \/><br \/>\n120505 Dia llengua portuguesa: festival<\/a><\/div>\n<div class=\"blocimg\"><a href=\"https:\/\/goo.gl\/photos\/PcwuXYeSjivRumkz9\" target=\"_blank\" rel=\"noopener\"><br \/>\n<img decoding=\"async\" class=\"size-thumbnail wp-image-1717 aligncenter img150x150\" src=\"http:\/\/institutjoanbrudieu.cat\/public\/web_centre\/html\/documents\/fotos_web\/120505_Dia_llengua_portuguesa_exposicio.jpg\" alt=\"120505_Dia_llengua_portuguesa_exposicio\" \/><br \/>\n120505 Dia llengua portuguesa: exposici\u00f3<\/a><\/div>\n<div class=\"blocimg\"><a href=\"https:\/\/goo.gl\/photos\/YaRsPLfVBDnWPRH9A\" target=\"_blank\" rel=\"noopener\"><br \/>\n<img decoding=\"async\" class=\"size-thumbnail wp-image-1717 aligncenter img150x150\" src=\"http:\/\/institutjoanbrudieu.cat\/public\/web_centre\/html\/documents\/fotos_web\/120503_Sortida_Foix.jpg\" alt=\"120503_Sortida_Foix\" \/><br \/>\n120503 Sortida Foix<\/a><\/div>\n<div class=\"blocimg\"><a href=\"https:\/\/goo.gl\/photos\/TKLuVrDYThRum2hT8\" target=\"_blank\" rel=\"noopener\"><br \/>\n<img decoding=\"async\" class=\"size-thumbnail wp-image-1717 aligncenter img150x150\" src=\"http:\/\/institutjoanbrudieu.cat\/public\/web_centre\/html\/documents\/fotos_web\/120501_Exposicio_EVP.jpg\" alt=\"120501_Exposicio_EVP\" \/><br \/>\n120501 Exposici\u00f3 EVP<\/a><\/div>\n<div class=\"blocimg\"><a href=\"https:\/\/goo.gl\/photos\/nd3SbNHLdppkNXZ76\" target=\"_blank\" rel=\"noopener\"><br \/>\n<img decoding=\"async\" class=\"size-thumbnail wp-image-1717 aligncenter img150x150\" src=\"http:\/\/institutjoanbrudieu.cat\/public\/web_centre\/html\/documents\/fotos_web\/120425_Trobada_Corals_Girona.jpg\" alt=\"120425_Trobada_Corals_Girona\" \/><br \/>\n120425 Trobada Corals Girona<\/a><\/div>\n<div class=\"blocimg\"><a href=\"https:\/\/goo.gl\/photos\/aoQiJ1CwQUgqeBa99\" target=\"_blank\" rel=\"noopener\"><br \/>\n<img decoding=\"async\" class=\"size-thumbnail wp-image-1717 aligncenter img150x150\" src=\"http:\/\/institutjoanbrudieu.cat\/public\/web_centre\/html\/documents\/fotos_web\/120424_Assaig_Trobada_Corals_Girona.jpg\" alt=\"120424_Assaig_Trobada_Corals_Girona\" \/><br \/>\n120424 Assaig Trobada Corals Girona<\/a><\/div>\n<div class=\"blocimg\"><a href=\"https:\/\/goo.gl\/photos\/1oargkc59xSXLZEs8\" target=\"_blank\" rel=\"noopener\"><br \/>\n<img decoding=\"async\" class=\"size-thumbnail wp-image-1717 aligncenter img150x150\" src=\"http:\/\/institutjoanbrudieu.cat\/public\/web_centre\/html\/documents\/fotos_web\/120423_Lliurament_premis_Esport_Pati.jpg\" alt=\"120423_Lliurament_premis_Esport_Pati\" \/><br \/>\n120423 Lliurament premis Esport Pati<\/a><\/div>\n<div class=\"blocimg\"><a href=\"https:\/\/goo.gl\/photos\/qDs9fdbV1BprUoTd7\" target=\"_blank\" rel=\"noopener\"><br \/>\n<img decoding=\"async\" class=\"size-thumbnail wp-image-1717 aligncenter img150x150\" src=\"http:\/\/institutjoanbrudieu.cat\/public\/web_centre\/html\/documents\/fotos_web\/120419_Jornada_Emprenedoria.jpg\" alt=\"120419_Jornada_Emprenedoria\" \/><br \/>\n120419 Jornada Emprenedoria<\/a><\/div>\n<div class=\"blocimg\"><a href=\"https:\/\/goo.gl\/photos\/bpiZMTwU3cXRqNfj8\" target=\"_blank\" rel=\"noopener\"><br \/>\n<img decoding=\"async\" class=\"size-thumbnail wp-image-1717 aligncenter img150x150\" src=\"http:\/\/institutjoanbrudieu.cat\/public\/web_centre\/html\/documents\/fotos_web\/120416_Exposicio_EVP.jpg\" alt=\"120416_Exposicio_EVP\" \/><br \/>\n120416 Exposici\u00f3 EVP<\/a><\/div>\n<div class=\"blocimg\"><a href=\"https:\/\/goo.gl\/photos\/bpiZMTwU3cXRqNfj8\" target=\"_blank\" rel=\"noopener\"><br \/>\n<img decoding=\"async\" class=\"size-thumbnail wp-image-1717 aligncenter img150x150\" src=\"http:\/\/institutjoanbrudieu.cat\/public\/web_centre\/html\/documents\/fotos_web\/120416_Exposicio_EVP.jpg\" alt=\"120416_Exposicio_EVP\" \/><br \/>\n120416 Exposici\u00f3 EVP<\/a><\/div>\n<div class=\"blocimg\"><a href=\"https:\/\/goo.gl\/photos\/x2cmPxcYge3VymTc7\" target=\"_blank\" rel=\"noopener\"><br \/>\n<img decoding=\"async\" class=\"size-thumbnail wp-image-1717 aligncenter img150x150\" src=\"http:\/\/institutjoanbrudieu.cat\/public\/web_centre\/html\/documents\/fotos_web\/120301_2n_Concurs_Fotografia_Naturalista.jpg\" alt=\"120301_2n_Concurs_Fotografia_Naturalista\" \/><br \/>\n120301 2n Concurs Fotografia Naturalista<\/a><\/div>\n<div class=\"blocimg\"><a href=\"https:\/\/goo.gl\/photos\/YhcyEH1nC3aVC2ky5\" target=\"_blank\" rel=\"noopener\"><br \/>\n<img decoding=\"async\" class=\"size-thumbnail wp-image-1717 aligncenter img150x150\" src=\"http:\/\/institutjoanbrudieu.cat\/public\/web_centre\/html\/documents\/fotos_web\/120329_Programame.jpg\" alt=\"120329_Programame\" \/><br \/>\n120329 Programame<\/a><\/div>\n<div class=\"blocimg\"><a href=\"https:\/\/goo.gl\/photos\/F9oUwzHJN8w9R4Ni7\" target=\"_blank\" rel=\"noopener\"><br \/>\n<img decoding=\"async\" class=\"size-thumbnail wp-image-1717 aligncenter img150x150\" src=\"http:\/\/institutjoanbrudieu.cat\/public\/web_centre\/html\/documents\/fotos_web\/120317_Sortida_EF_S1_La_Bastida.jpg\" alt=\"120317_Sortida_EF_S1_La_Bastida\" \/><br \/>\n120317 Sortida EF S1 La Bastida<\/a><\/div>\n<div class=\"blocimg\"><a href=\"https:\/\/goo.gl\/photos\/PVBA4opvBCs77eM67\" target=\"_blank\" rel=\"noopener\"><br \/>\n<img decoding=\"async\" class=\"size-thumbnail wp-image-1717 aligncenter img150x150\" src=\"http:\/\/institutjoanbrudieu.cat\/public\/web_centre\/html\/documents\/fotos_web\/120320_Intercanvi_Cerizay.jpg\" alt=\"120320_Intercanvi_Cerizay\" \/><br \/>\n120320 Intercanvi Cerizay<\/a><\/div>\n<div class=\"blocimg\"><a href=\"https:\/\/goo.gl\/photos\/XKMjzm31nF3U1b7p8\" target=\"_blank\" rel=\"noopener\"><br \/>\n<img decoding=\"async\" class=\"size-thumbnail wp-image-1717 aligncenter img150x150\" src=\"http:\/\/institutjoanbrudieu.cat\/public\/web_centre\/html\/documents\/fotos_web\/120218_First_LEGO.jpg\" alt=\"120218_First_LEGO\" \/><br \/>\n120218 First LEGO<\/a><\/div>\n<div class=\"blocimg\"><a href=\"https:\/\/goo.gl\/photos\/7werqNxwohp8xezc7\" target=\"_blank\" rel=\"noopener\"><br \/>\n<img decoding=\"async\" class=\"size-thumbnail wp-image-1717 aligncenter img150x150\" src=\"http:\/\/institutjoanbrudieu.cat\/public\/web_centre\/html\/documents\/fotos_web\/120215_Visita_alumnat_primaria.jpg\" alt=\"120215_Visita_alumnat_primaria\" \/><br \/>\n120215 Visita alumnat Prim\u00e0ria 2n dia<\/a><\/div>\n<div class=\"blocimg\"><a href=\"https:\/\/goo.gl\/photos\/1o1dku4Krt6zdUDr8\" target=\"_blank\" rel=\"noopener\"><br \/>\n<img decoding=\"async\" class=\"size-thumbnail wp-image-1717 aligncenter img150x150\" src=\"http:\/\/institutjoanbrudieu.cat\/public\/web_centre\/html\/documents\/fotos_web\/120210_Orientacio_exalumnat.jpg\" alt=\"120210_Orientacio_exalumnat\" \/><br \/>\n120210 Orientaci\u00f3 exalumnat<\/a><\/div>\n<div class=\"blocimg\"><a href=\"https:\/\/goo.gl\/photos\/tWQ7uR5PQVUcicKJ8\" target=\"_blank\" rel=\"noopener\"><br \/>\n<img decoding=\"async\" class=\"size-thumbnail wp-image-1717 aligncenter img150x150\" src=\"http:\/\/institutjoanbrudieu.cat\/public\/web_centre\/html\/documents\/fotos_web\/120208_Visita_alumnat_Primaria.jpg\" alt=\"120208_Visita_alumnat_Primaria\" \/><br \/>\n120208 Visita alumnat Prim\u00e0ria 1r dia<\/a><\/div>\n<div class=\"blocimg\"><a href=\"https:\/\/goo.gl\/photos\/qsAaDbuxACa1iouD8\" target=\"_blank\" rel=\"noopener\"><br \/>\n<img decoding=\"async\" class=\"size-thumbnail wp-image-1717 aligncenter img150x150\" src=\"http:\/\/institutjoanbrudieu.cat\/public\/web_centre\/html\/documents\/fotos_web\/120201_Comenius_Holanda.jpg\" alt=\"120201_Comenius_Holanda\" \/><br \/>\n120201 Comenius Holanda<\/a><\/div>\n<div class=\"blocimg\"><a href=\"https:\/\/goo.gl\/photos\/FNWVV5YeMy37oifZ7\" target=\"_blank\" rel=\"noopener\"><br \/>\n<img decoding=\"async\" class=\"size-thumbnail wp-image-1717 aligncenter img150x150\" src=\"http:\/\/institutjoanbrudieu.cat\/public\/web_centre\/html\/documents\/fotos_web\/120126_Intercanvi_Santanyi.jpg\" alt=\"120126_Intercanvi_Santanyi\" \/><br \/>\n120126 Intercanvi Santany\u00ed<\/a><\/div>\n<div class=\"blocimg\"><a href=\"https:\/\/goo.gl\/photos\/DXGr9517GZbKm4Bg8\" target=\"_blank\" rel=\"noopener\"><br \/>\n<img decoding=\"async\" class=\"size-thumbnail wp-image-1717 aligncenter img150x150\" src=\"http:\/\/institutjoanbrudieu.cat\/public\/web_centre\/html\/documents\/fotos_web\/120119_Exposicio_TdR.jpg\" alt=\"120119_Exposicio_TdR\" \/><br \/>\n120119 Exposici\u00f3 TdR<\/a><\/div>\n<div class=\"blocimg\"><a href=\"https:\/\/goo.gl\/photos\/JN4TRGBGPz3sSbVJ7\" target=\"_blank\" rel=\"noopener\"><br \/>\n<img decoding=\"async\" class=\"size-thumbnail wp-image-1717 aligncenter img150x150\" src=\"http:\/\/institutjoanbrudieu.cat\/public\/web_centre\/html\/documents\/fotos_web\/111222_Concert_de_Nadal.jpg\" alt=\"111222_Concert_de_Nadal\" \/><br \/>\n111222 Concert de Nadal<\/a><\/div>\n<div class=\"blocimg\"><a href=\"https:\/\/goo.gl\/photos\/aMwCJ5sh5QFVBscw8\" target=\"_blank\" rel=\"noopener\"><br \/>\n<img decoding=\"async\" class=\"size-thumbnail wp-image-1717 aligncenter img150x150\" src=\"http:\/\/institutjoanbrudieu.cat\/public\/web_centre\/html\/documents\/fotos_web\/111124_Aula_Acollida_a_Biblioteca.jpg\" alt=\"111124_Aula_Acollida_a_Biblioteca\" \/><br \/>\n111124 Aula d&#8217;Acollida a la Biblioteca<\/a><\/div>\n<div class=\"blocimg\"><a href=\"https:\/\/goo.gl\/photos\/wq6r8ZxdDgEZ5ZXz8\" target=\"_blank\" rel=\"noopener\"><br \/>\n<img decoding=\"async\" class=\"size-thumbnail wp-image-1717 aligncenter img150x150\" src=\"http:\/\/institutjoanbrudieu.cat\/public\/web_centre\/html\/documents\/fotos_web\/111122_Signatura_Conveni_Qualificat.jpg\" alt=\"111122_Signatura_Conveni_Qualificat\" \/><br \/>\n111122 Signatura Conveni Qualifica&#8217;t<\/a><\/div>\n<div class=\"blocimg\"><a href=\"https:\/\/goo.gl\/photos\/MjnHsQNAmoLP4yHH7\" target=\"_blank\" rel=\"noopener\"><br \/>\n<img decoding=\"async\" class=\"size-thumbnail wp-image-1717 aligncenter img150x150\" src=\"http:\/\/institutjoanbrudieu.cat\/public\/web_centre\/html\/documents\/fotos_web\/111102_Hora_Conte_EDI2.jpg\" alt=\"111102_Hora_Conte_EDI2\" \/><br \/>\n111102 Hora del Conte (EDI-2)<\/a><\/div>\n<div class=\"blocimg\"><a href=\"https:\/\/goo.gl\/photos\/F5N5kpxvr2oXJGnu8\" target=\"_blank\" rel=\"noopener\"><br \/>\n<img decoding=\"async\" class=\"size-thumbnail wp-image-1717 aligncenter img150x150\" src=\"http:\/\/institutjoanbrudieu.cat\/public\/web_centre\/html\/documents\/fotos_web\/111101_Cartells_contra_violencia_genere.jpg\" alt=\"111101_Cartells_contra_violencia_genere\" \/><br \/>\n111101 Cartells contra viol\u00e8ncia g\u00e8nere<\/a><\/div>\n<div class=\"blocimg\"><a href=\"https:\/\/goo.gl\/photos\/XqsEPJadYWjqHf5v5\" target=\"_blank\" rel=\"noopener\"><br \/>\n<img decoding=\"async\" class=\"size-thumbnail wp-image-1717 aligncenter img150x150\" src=\"http:\/\/institutjoanbrudieu.cat\/public\/web_centre\/html\/documents\/fotos_web\/111101_Exposicio_EVP.jpg\" alt=\"111101_Exposicio_EVP\" \/><br \/>\n111101_Exposicio_EVP<\/a><\/div>\n<div class=\"blocimg\"><a href=\"https:\/\/goo.gl\/photos\/uUgJkqqYgF2ZawLBA\" target=\"_blank\" rel=\"noopener\"><br \/>\n<img decoding=\"async\" class=\"size-thumbnail wp-image-1717 aligncenter img150x150\" src=\"http:\/\/institutjoanbrudieu.cat\/public\/web_centre\/html\/documents\/fotos_web\/111027_Sortida_Barcelona_S2.jpg\" alt=\"111027_Sortida_Barcelona_S2\" \/><br \/>\n111027 Sortida Barcelona S2<\/a><\/div>\n<div class=\"blocimg\"><a href=\"https:\/\/goo.gl\/photos\/ihd51ekGXXQKDNWx6\" target=\"_blank\" rel=\"noopener\"><br \/>\n<img decoding=\"async\" class=\"size-thumbnail wp-image-1717 aligncenter img150x150\" src=\"http:\/\/institutjoanbrudieu.cat\/public\/web_centre\/html\/documents\/fotos_web\/111026_Sortida_Barcelona_S1.jpg\" alt=\"111026_Sortida_Barcelona_S1\" \/><br \/>\n111026 Sortida Barcelona S1<\/a><\/div>\n<div class=\"blocimg\"><a href=\"https:\/\/goo.gl\/photos\/PaXxtGgRe3z7Dn2b7\" target=\"_blank\" rel=\"noopener\"><br \/>\n<img decoding=\"async\" class=\"size-thumbnail wp-image-1717 aligncenter img150x150\" src=\"http:\/\/institutjoanbrudieu.cat\/public\/web_centre\/html\/documents\/fotos_web\/111025_Sortida_Toulouse.jpg\" alt=\"111025_Sortida_Toulouse\" \/><br \/>\n111025 Sortida Toulouse<\/a><\/div>\n<div class=\"blocimg\"><a href=\"https:\/\/goo.gl\/photos\/ZpDfxMiW28hVTVax6\" target=\"_blank\" rel=\"noopener\"><br \/>\n<img decoding=\"async\" class=\"size-thumbnail wp-image-1717 aligncenter img150x150\" src=\"http:\/\/institutjoanbrudieu.cat\/public\/web_centre\/html\/documents\/fotos_web\/111024_Lliurament_Premis_TdR.jpg\" alt=\"111024_Lliurament_Premis_TdR\" \/><br \/>\n111024 Lliurament Premis TdR<\/a><\/div>\n","protected":false},"excerpt":{"rendered":"<p>CURS 2011-2012 120619 Premis UVIC TdR 120618 Premis COAC TdR 120618 Premis ARG\u00d3 120614 Poblet i PortAventura 120613 Col\u00f2nies (S3) 120611_Madrid 120517 I Jornada Emprenedoria 120511 Intercanvi Santany\u00ed 120505 Dia llengua portuguesa: festival 120505 Dia llengua portuguesa: exposici\u00f3 120503 Sortida Foix 120501 Exposici\u00f3 EVP 120425 Trobada Corals Girona 120424 Assaig Trobada Corals Girona 120423 Lliurament [&hellip;]<\/p>\n","protected":false},"author":1,"featured_media":0,"parent":1712,"menu_order":25,"comment_status":"closed","ping_status":"closed","template":"page-templates\/side-menu.php","meta":{"_bbp_topic_count":0,"_bbp_reply_count":0,"_bbp_total_topic_count":0,"_bbp_total_reply_count":0,"_bbp_voice_count":0,"_bbp_anonymous_reply_count":0,"_bbp_topic_count_hidden":0,"_bbp_reply_count_hidden":0,"_bbp_forum_subforum_count":0,"site-sidebar-layout":"default","site-content-layout":"","ast-site-content-layout":"","site-content-style":"default","site-sidebar-style":"default","ast-global-header-display":"","ast-banner-title-visibility":"","ast-main-header-display":"","ast-hfb-above-header-display":"","ast-hfb-below-header-display":"","ast-hfb-mobile-header-display":"","site-post-title":"","ast-breadcrumbs-content":"","ast-featured-img":"","footer-sml-layout":"","theme-transparent-header-meta":"","adv-header-id-meta":"","stick-header-meta":"","header-above-stick-meta":"","header-main-stick-meta":"","header-below-stick-meta":"","astra-migrate-meta-layouts":"default","ast-page-background-enabled":"default","ast-page-background-meta":{"desktop":{"background-color":"var(--ast-global-color-4)","background-image":"","background-repeat":"repeat","background-position":"center center","background-size":"auto","background-attachment":"scroll","background-type":"","background-media":"","overlay-type":"","overlay-color":"","overlay-opacity":"","overlay-gradient":""},"tablet":{"background-color":"","background-image":"","background-repeat":"repeat","background-position":"center center","background-size":"auto","background-attachment":"scroll","background-type":"","background-media":"","overlay-type":"","overlay-color":"","overlay-opacity":"","overlay-gradient":""},"mobile":{"background-color":"","background-image":"","background-repeat":"repeat","background-position":"center center","background-size":"auto","background-attachment":"scroll","background-type":"","background-media":"","overlay-type":"","overlay-color":"","overlay-opacity":"","overlay-gradient":""}},"ast-content-background-meta":{"desktop":{"background-color":"var(--ast-global-color-5)","background-image":"","background-repeat":"repeat","background-position":"center center","background-size":"auto","background-attachment":"scroll","background-type":"","background-media":"","overlay-type":"","overlay-color":"","overlay-opacity":"","overlay-gradient":""},"tablet":{"background-color":"var(--ast-global-color-5)","background-image":"","background-repeat":"repeat","background-position":"center center","background-size":"auto","background-attachment":"scroll","background-type":"","background-media":"","overlay-type":"","overlay-color":"","overlay-opacity":"","overlay-gradient":""},"mobile":{"background-color":"var(--ast-global-color-5)","background-image":"","background-repeat":"repeat","background-position":"center center","background-size":"auto","background-attachment":"scroll","background-type":"","background-media":"","overlay-type":"","overlay-color":"","overlay-opacity":"","overlay-gradient":""}},"footnotes":""},"class_list":["post-1854","page","type-page","status-publish","hentry"],"post_mailing_queue_ids":[],"_links":{"self":[{"href":"https:\/\/agora.xtec.cat\/iesjoanbrudieu\/wp-json\/wp\/v2\/pages\/1854","targetHints":{"allow":["GET"]}}],"collection":[{"href":"https:\/\/agora.xtec.cat\/iesjoanbrudieu\/wp-json\/wp\/v2\/pages"}],"about":[{"href":"https:\/\/agora.xtec.cat\/iesjoanbrudieu\/wp-json\/wp\/v2\/types\/page"}],"author":[{"embeddable":true,"href":"https:\/\/agora.xtec.cat\/iesjoanbrudieu\/wp-json\/wp\/v2\/users\/1"}],"replies":[{"embeddable":true,"href":"https:\/\/agora.xtec.cat\/iesjoanbrudieu\/wp-json\/wp\/v2\/comments?post=1854"}],"version-history":[{"count":4,"href":"https:\/\/agora.xtec.cat\/iesjoanbrudieu\/wp-json\/wp\/v2\/pages\/1854\/revisions"}],"predecessor-version":[{"id":7718,"href":"https:\/\/agora.xtec.cat\/iesjoanbrudieu\/wp-json\/wp\/v2\/pages\/1854\/revisions\/7718"}],"up":[{"embeddable":true,"href":"https:\/\/agora.xtec.cat\/iesjoanbrudieu\/wp-json\/wp\/v2\/pages\/1712"}],"wp:attachment":[{"href":"https:\/\/agora.xtec.cat\/iesjoanbrudieu\/wp-json\/wp\/v2\/media?parent=1854"}],"curies":[{"name":"wp","href":"https:\/\/api.w.org\/{rel}","templated":true}]}}