{"id":1852,"date":"2016-10-02T17:22:24","date_gmt":"2016-10-02T15:22:24","guid":{"rendered":"http:\/\/agora.xtec.cat\/iesjoanbrudieu\/?page_id=1852"},"modified":"2022-09-10T09:39:22","modified_gmt":"2022-09-10T07:39:22","slug":"fotografies-curs-2012-2013","status":"publish","type":"page","link":"https:\/\/agora.xtec.cat\/iesjoanbrudieu\/fotografies-de-linstitut\/fotografies-curs-2012-2013\/","title":{"rendered":"Fotografies: curs 2012-2013"},"content":{"rendered":"<h2 class=\"titolh2\">CURS 2012-2013<\/h2>\n<div class=\"blocimg\"><a href=\"https:\/\/goo.gl\/photos\/DkLaYWPdcC9howvw7\" target=\"_blank\" rel=\"noopener\"><br \/>\n<img decoding=\"async\" class=\"size-thumbnail wp-image-1717 aligncenter img150x150\" src=\"http:\/\/institutjoanbrudieu.cat\/public\/web_centre\/html\/documents\/fotos_web\/130713_Hortensia_florida.jpg\" alt=\"130713_Hortensia_florida\" \/><br \/>\n130713 Hort\u00e8nsia florida<\/a><\/div>\n<div class=\"blocimg\"><a href=\"https:\/\/goo.gl\/photos\/VhkCRVEJD6z5MwrZ8\" target=\"_blank\" rel=\"noopener\"><br \/>\n<img decoding=\"async\" class=\"size-thumbnail wp-image-1717 aligncenter img150x150\" src=\"http:\/\/institutjoanbrudieu.cat\/public\/web_centre\/html\/documents\/fotos_web\/130614_The_Big_Challenge.jpg\" alt=\"130614_The_Big_Challenge\" \/><br \/>\n130614 The Big Challenge<\/a><\/div>\n<div class=\"blocimg\"><a href=\"https:\/\/goo.gl\/photos\/YEknFFeP6pCmTBoT8\" target=\"_blank\" rel=\"noopener\"><br \/>\n<img decoding=\"async\" class=\"size-thumbnail wp-image-1717 aligncenter img150x150\" src=\"http:\/\/institutjoanbrudieu.cat\/public\/web_centre\/html\/documents\/fotos_web\/130606_Italia.jpg\" alt=\"130606_Italia\" \/><br \/>\n130606 It\u00e0lia<\/a><\/div>\n<div class=\"blocimg\"><a href=\"https:\/\/goo.gl\/photos\/E6CpWPX4Hfu2gPG86\" target=\"_blank\" rel=\"noopener\"><br \/>\n<img decoding=\"async\" class=\"size-thumbnail wp-image-1717 aligncenter img150x150\" src=\"http:\/\/institutjoanbrudieu.cat\/public\/web_centre\/html\/documents\/fotos_web\/130603_Concurs_Fotografia_Naturalista.jpg\" alt=\"130603_Concurs_Fotografia_Naturalista\" \/><br \/>\n130603 III Concurs Fotografia Naturalista<\/a><\/div>\n<div class=\"blocimg\"><a href=\"https:\/\/goo.gl\/photos\/PtwYYZNBMSXk6yD59\" target=\"_blank\" rel=\"noopener\"><br \/>\n<img decoding=\"async\" class=\"size-thumbnail wp-image-1717 aligncenter img150x150\" src=\"http:\/\/institutjoanbrudieu.cat\/public\/web_centre\/html\/documents\/fotos_web\/130527_Activitats_EF.jpg\" alt=\"130527_Activitats_EF\" \/><br \/>\n130527 Activitats EF<\/a><\/div>\n<div class=\"blocimg\"><a href=\"https:\/\/goo.gl\/photos\/T9Ek2McPFXbFQMNR8\" target=\"_blank\" rel=\"noopener\"><br \/>\n<img decoding=\"async\" class=\"size-thumbnail wp-image-1717 aligncenter img150x150\" src=\"http:\/\/institutjoanbrudieu.cat\/public\/web_centre\/html\/documents\/fotos_web\/130522_Dia_autor_portugues.jpg\" alt=\"130522_Dia_autor_portugues\" \/><br \/>\n130522 Dia de l&#8217;autor portugu\u00e8s<\/a><\/div>\n<div class=\"blocimg\"><a href=\"https:\/\/goo.gl\/photos\/RoZTaaiVFi7TxNiF7\" target=\"_blank\" rel=\"noopener\"><br \/>\n<img decoding=\"async\" class=\"size-thumbnail wp-image-1717 aligncenter img150x150\" src=\"http:\/\/institutjoanbrudieu.cat\/public\/web_centre\/html\/documents\/fotos_web\/130520_Exposicio_EVP.jpg\" alt=\"130520_Exposicio_EVP\" \/><br \/>\n130520 Exposici\u00f3 EVP<\/a><\/div>\n<div class=\"blocimg\"><a href=\"https:\/\/goo.gl\/photos\/1R6dXCh3BgB2HbvJ6\" target=\"_blank\" rel=\"noopener\"><br \/>\n<img decoding=\"async\" class=\"size-thumbnail wp-image-1717 aligncenter img150x150\" src=\"http:\/\/institutjoanbrudieu.cat\/public\/web_centre\/html\/documents\/fotos_web\/130511_Intercanvi_Santanyi.jpg\" alt=\"130511_Intercanvi_Santanyi\" \/><br \/>\n130511 Intercanvi Santany\u00ed<\/a><\/div>\n<div class=\"blocimg\"><a href=\"https:\/\/goo.gl\/photos\/xrVqicuLVk4x8E2p6\" target=\"_blank\" rel=\"noopener\"><br \/>\n<img decoding=\"async\" class=\"size-thumbnail wp-image-1717 aligncenter img150x150\" src=\"http:\/\/institutjoanbrudieu.cat\/public\/web_centre\/html\/documents\/fotos_web\/130510_Emprenedoria_La_Salle_Equip_xicot_encarrecs.jpg\" alt=\"130510_Emprenedoria_La_Salle_Equip_xicot_encarrecs\" \/><br \/>\n130510 Emprenedoria La_Salle: Equip xicot dels enc\u00e0rrecs<\/a><\/div>\n<div class=\"blocimg\"><a href=\"https:\/\/goo.gl\/photos\/MaeM64xVQTauULjy9\" target=\"_blank\" rel=\"noopener\"><br \/>\n<img decoding=\"async\" class=\"size-thumbnail wp-image-1717 aligncenter img150x150\" src=\"http:\/\/institutjoanbrudieu.cat\/public\/web_centre\/html\/documents\/fotos_web\/130508_Cactus_florit.jpg\" alt=\"130508_Cactus_florit\" \/><br \/>\n130508 Cactus florit<\/a><\/div>\n<div class=\"blocimg\"><a href=\"https:\/\/goo.gl\/photos\/kjr3w7y8BwWY8TRz5\" target=\"_blank\" rel=\"noopener\"><br \/>\n<img decoding=\"async\" class=\"size-thumbnail wp-image-1717 aligncenter img150x150\" src=\"http:\/\/institutjoanbrudieu.cat\/public\/web_centre\/html\/documents\/fotos_web\/130507_Sortida_Foix.jpg\" alt=\"130507_Sortida_Foix\" \/><br \/>\n130507 Sortida Foix<\/a><\/div>\n<div class=\"blocimg\"><a href=\"https:\/\/goo.gl\/photos\/fdPss1S2fXHAKVLKA\" target=\"_blank\" rel=\"noopener\"><br \/>\n<img decoding=\"async\" class=\"size-thumbnail wp-image-1717 aligncenter img150x150\" src=\"http:\/\/institutjoanbrudieu.cat\/public\/web_centre\/html\/documents\/fotos_web\/130503_Guissona.jpg\" alt=\"130503_Guissona\" \/><br \/>\n130503 Visita Cooperativa Guissona<\/a><\/div>\n<div class=\"blocimg\"><a href=\"https:\/\/goo.gl\/photos\/SmV3j9dxqaexFNio6\" target=\"_blank\" rel=\"noopener\"><br \/>\n<img decoding=\"async\" class=\"size-thumbnail wp-image-1717 aligncenter img150x150\" src=\"http:\/\/institutjoanbrudieu.cat\/public\/web_centre\/html\/documents\/fotos_web\/130502_Coll_de_Nargo.jpg\" alt=\"130502_Coll_de_Nargo\" \/><br \/>\n130502 Coll de Narg\u00f3<\/a><\/div>\n<div class=\"blocimg\"><a href=\"https:\/\/goo.gl\/photos\/wDo1DhnUVBjLLNsTA\" target=\"_blank\" rel=\"noopener\"><br \/>\n<img decoding=\"async\" class=\"size-thumbnail wp-image-1717 aligncenter img150x150\" src=\"http:\/\/institutjoanbrudieu.cat\/public\/web_centre\/html\/documents\/fotos_web\/130322_Dia_Mundial_Aigua.jpg\" alt=\"130322_Dia_Mundial_Aigua\" \/><br \/>\n130322 Dia Mundial Aigua<\/a><\/div>\n<div class=\"blocimg\"><a href=\"https:\/\/goo.gl\/photos\/M2NXP4yV3Y2psEKEA\" target=\"_blank\" rel=\"noopener\"><br \/>\n<img decoding=\"async\" class=\"size-thumbnail wp-image-1717 aligncenter img150x150\" src=\"http:\/\/institutjoanbrudieu.cat\/public\/web_centre\/html\/documents\/fotos_web\/130322_Dia_Mundial_Aigua_exposicio.jpg\" alt=\"130322_Dia_Mundial_Aigua_exposicio\" \/><br \/>\n130322 Dia Mundial Aigua: exposici\u00f3<\/a><\/div>\n<div class=\"blocimg\"><a href=\"https:\/\/goo.gl\/photos\/98KR4VXyoqXLBBqSA\" target=\"_blank\" rel=\"noopener\"><br \/>\n<img decoding=\"async\" class=\"size-thumbnail wp-image-1717 aligncenter img150x150\" src=\"http:\/\/institutjoanbrudieu.cat\/public\/web_centre\/html\/documents\/fotos_web\/130322_Optimistes_Seu.jpg\" alt=\"130322_Optimistes_Seu\" \/><br \/>\n130322 Optimistes Seu (Catalunya R\u00e0dio)<\/a><\/div>\n<div class=\"blocimg\"><a href=\"https:\/\/goo.gl\/photos\/gVY3P2TuxoEKGW6a7\" target=\"_blank\" rel=\"noopener\"><br \/>\n<img decoding=\"async\" class=\"size-thumbnail wp-image-1717 aligncenter img150x150\" src=\"http:\/\/institutjoanbrudieu.cat\/public\/web_centre\/html\/documents\/fotos_web\/130321_Proves_Cangur.jpg\" alt=\"130321_Proves_Cangur\" \/><br \/>\n130321 Proves Cangur<\/a><\/div>\n<div class=\"blocimg\"><a href=\"https:\/\/goo.gl\/photos\/S2cjopDfDvEZL1GD6\" target=\"_blank\" rel=\"noopener\"><br \/>\n<img decoding=\"async\" class=\"size-thumbnail wp-image-1717 aligncenter img150x150\" src=\"http:\/\/institutjoanbrudieu.cat\/public\/web_centre\/html\/documents\/fotos_web\/130321_Jornada_Emprenedoria.jpg\" alt=\"130321_Jornada_Emprenedoria\" \/><br \/>\n130321 II Jornada Emprenedoria<\/a><\/div>\n<div class=\"blocimg\"><a href=\"https:\/\/goo.gl\/photos\/cBjrwBrsancmmftP8\" target=\"_blank\" rel=\"noopener\"><br \/>\n<img decoding=\"async\" class=\"size-thumbnail wp-image-1717 aligncenter img150x150\" src=\"http:\/\/institutjoanbrudieu.cat\/public\/web_centre\/html\/documents\/fotos_web\/130321_Jornada_Emprenedoria_cartells.jpg\" alt=\"130321_Jornada_Emprenedoria_cartells\" \/><br \/>\n130321 II Jornada Emprenedoria: cartells<\/a><\/div>\n<div class=\"blocimg\"><a href=\"https:\/\/goo.gl\/photos\/aMcyqMe3ZRoPoRzRA\" target=\"_blank\" rel=\"noopener\"><br \/>\n<img decoding=\"async\" class=\"size-thumbnail wp-image-1717 aligncenter img150x150\" src=\"http:\/\/institutjoanbrudieu.cat\/public\/web_centre\/html\/documents\/fotos_web\/130317_First_LEGO_Tarragona.jpg\" alt=\"130317_First_LEGO_Tarragona\" \/><br \/>\n130317_First_LEGO_Tarragona<\/a><\/div>\n<div class=\"blocimg\"><a href=\"https:\/\/goo.gl\/photos\/bxZTq86c6Zv5Goru7\" target=\"_blank\" rel=\"noopener\"><br \/>\n<img decoding=\"async\" class=\"size-thumbnail wp-image-1717 aligncenter img150x150\" src=\"http:\/\/institutjoanbrudieu.cat\/public\/web_centre\/html\/documents\/fotos_web\/130312_Intercanvi_Cerizay.jpg\" alt=\"130312_Intercanvi_Cerizay\" \/><br \/>\n130312 Intercanvi Cerizay<\/a><\/div>\n<div class=\"blocimg\"><a href=\"https:\/\/goo.gl\/photos\/wKfvwXL7SQ8NYD7j8\" target=\"_blank\" rel=\"noopener\"><br \/>\n<img decoding=\"async\" class=\"size-thumbnail wp-image-1717 aligncenter img150x150\" src=\"http:\/\/institutjoanbrudieu.cat\/public\/web_centre\/html\/documents\/fotos_web\/130311_Menjadores_ocells.jpg\" alt=\"130311_Menjadores_ocells\" \/><br \/>\n130311 Menjadores d&#8217;ocells<\/a><\/div>\n<div class=\"blocimg\"><a href=\"https:\/\/goo.gl\/photos\/fAZR8rFji1yRjzdk6\" target=\"_blank\" rel=\"noopener\"><br \/>\n<img decoding=\"async\" class=\"size-thumbnail wp-image-1717 aligncenter img150x150\" src=\"http:\/\/institutjoanbrudieu.cat\/public\/web_centre\/html\/documents\/fotos_web\/130311_Maquetes_naturals.jpg\" alt=\"130311_Maquetes_naturals\" \/><br \/>\n130311 Maquetes naturals<\/a><\/div>\n<div class=\"blocimg\"><a href=\"https:\/\/goo.gl\/photos\/ajzMhVHMtiPvZoTj6\" target=\"_blank\" rel=\"noopener\"><br \/>\n<img decoding=\"async\" class=\"size-thumbnail wp-image-1717 aligncenter img150x150\" src=\"http:\/\/institutjoanbrudieu.cat\/public\/web_centre\/html\/documents\/fotos_web\/130216_First_LEGO.jpg\" alt=\"130216_First_LEGO\" \/><br \/>\n130216 First LEGO<\/a><\/div>\n<div class=\"blocimg\"><a href=\"https:\/\/goo.gl\/photos\/xL2GSe8sjD6DzgsA9\" target=\"_blank\" rel=\"noopener\"><br \/>\n<img decoding=\"async\" class=\"size-thumbnail wp-image-1717 aligncenter img150x150\" src=\"http:\/\/institutjoanbrudieu.cat\/public\/web_centre\/html\/documents\/fotos_web\/130214_Portes_obertes_primaria.jpg\" alt=\"130214_Portes_obertes_primaria\" \/><br \/>\n130214 Portes obertes prim\u00e0ria<\/a><\/div>\n<div class=\"blocimg\"><a href=\"https:\/\/goo.gl\/photos\/tFo3jiLNQZyaoQ7h7\" target=\"_blank\" rel=\"noopener\"><br \/>\n<img decoding=\"async\" class=\"size-thumbnail wp-image-1717 aligncenter img150x150\" src=\"http:\/\/institutjoanbrudieu.cat\/public\/web_centre\/html\/documents\/fotos_web\/130210_Exposicio_EVP.jpg\" alt=\"130210_Exposicio_EVP\" \/><br \/>\n130210 Exposici\u00f3 EVP<\/a><\/div>\n<div class=\"blocimg\"><a href=\"https:\/\/goo.gl\/photos\/CezXUebrtun5axN66\" target=\"_blank\" rel=\"noopener\"><br \/>\n<img decoding=\"async\" class=\"size-thumbnail wp-image-1717 aligncenter img150x150\" src=\"http:\/\/institutjoanbrudieu.cat\/public\/web_centre\/html\/documents\/fotos_web\/130208_Orientacio_Exalumnat.jpg\" alt=\"130208_Orientacio_Exalumnat\" \/><br \/>\n130208 Orientaci\u00f3 Exalumnat<\/a><\/div>\n<div class=\"blocimg\"><a href=\"https:\/\/goo.gl\/photos\/5afct8qTCK3ATZ3A8\" target=\"_blank\" rel=\"noopener\"><br \/>\n<img decoding=\"async\" class=\"size-thumbnail wp-image-1717 aligncenter img150x150\" src=\"http:\/\/institutjoanbrudieu.cat\/public\/web_centre\/html\/documents\/fotos_web\/130206_Exposicio_EVP.jpg\" alt=\"130206_Exposicio_EVP\" \/><br \/>\n130206 Exposici\u00f3 EVP<\/a><\/div>\n<div class=\"blocimg\"><a href=\"https:\/\/goo.gl\/photos\/dMGPGr3CNkfsRNgh9\" target=\"_blank\" rel=\"noopener\"><br \/>\n<img decoding=\"async\" class=\"size-thumbnail wp-image-1717 aligncenter img150x150\" src=\"http:\/\/institutjoanbrudieu.cat\/public\/web_centre\/html\/documents\/fotos_web\/130128_Itinerari_geologic.jpg\" alt=\"130128_Itinerari_geologic\" \/><br \/>\n130128 Itinerari geol\u00f2gic<\/a><\/div>\n<div class=\"blocimg\"><a href=\"https:\/\/goo.gl\/photos\/syzHndFL5tnxjJ8c9\" target=\"_blank\" rel=\"noopener\"><br \/>\n<img decoding=\"async\" class=\"size-thumbnail wp-image-1717 aligncenter img150x150\" src=\"http:\/\/institutjoanbrudieu.cat\/public\/web_centre\/html\/documents\/fotos_web\/130124_Intercanvi_Santanyi.jpg\" alt=\"130124_Intercanvi_Santanyi\" \/><br \/>\n130124 Intercanvi Santany\u00ed<\/a><\/div>\n<div class=\"blocimg\"><a href=\"https:\/\/goo.gl\/photos\/qNKjdax1NWixfWKy8\" target=\"_blank\" rel=\"noopener\"><br \/>\n<img decoding=\"async\" class=\"size-thumbnail wp-image-1717 aligncenter img150x150\" src=\"http:\/\/institutjoanbrudieu.cat\/public\/web_centre\/html\/documents\/fotos_web\/130122_Neu_Institut.jpg\" alt=\"130122_Neu_Institut\" \/><br \/>\n130122 Neu a l&#8217;Institut<\/a><\/div>\n<div class=\"blocimg\"><a href=\"https:\/\/goo.gl\/photos\/J6TxdnTUJEHEHqHD9\" target=\"_blank\" rel=\"noopener\"><br \/>\n<img decoding=\"async\" class=\"size-thumbnail wp-image-1717 aligncenter img150x150\" src=\"http:\/\/institutjoanbrudieu.cat\/public\/web_centre\/html\/documents\/fotos_web\/130118_Exposicio_TdR.jpg\" alt=\"130118_Exposicio_TdR\" \/><br \/>\n130118 Exposici\u00f3 TdR<\/a><\/div>\n<div class=\"blocimg\"><a href=\"https:\/\/goo.gl\/photos\/kFcb4goXr1LsGZMV7\" target=\"_blank\" rel=\"noopener\"><br \/>\n<img decoding=\"async\" class=\"size-thumbnail wp-image-1717 aligncenter img150x150\" src=\"http:\/\/institutjoanbrudieu.cat\/public\/web_centre\/html\/documents\/fotos_web\/121221_Concert_Nadal.jpg\" alt=\"121221_Concert_Nadal\" \/><br \/>\n121221 Concert de Nadal<\/a><\/div>\n<div class=\"blocimg\"><a href=\"https:\/\/goo.gl\/photos\/Szp2PRJcxnbfXWdY6\" target=\"_blank\" rel=\"noopener\"><br \/>\n<img decoding=\"async\" class=\"size-thumbnail wp-image-1717 aligncenter img150x150\" src=\"http:\/\/institutjoanbrudieu.cat\/public\/web_centre\/html\/documents\/fotos_web\/121213_Signatura_PAC09_addenda.jpg\" alt=\"121213_Signatura_PAC09_addenda\" \/><br \/>\n121213 Signatura PAC09 addenda<\/a><\/div>\n<div class=\"blocimg\"><a href=\"https:\/\/goo.gl\/photos\/Stt6JKh87RYZhLcC9\" target=\"_blank\" rel=\"noopener\"><br \/>\n<img decoding=\"async\" class=\"size-thumbnail wp-image-1717 aligncenter img150x150\" src=\"http:\/\/institutjoanbrudieu.cat\/public\/web_centre\/html\/documents\/fotos_web\/121123_Concert_Santa_Cecilia.jpg\" alt=\"121123_Concert_Santa_Cecilia\" \/><br \/>\n121123 Concert Santa Cec\u00edlia<\/a><\/div>\n<div class=\"blocimg\"><a href=\"https:\/\/goo.gl\/photos\/EZiUbc1qdbWwfHg48\" target=\"_blank\" rel=\"noopener\"><br \/>\n<img decoding=\"async\" class=\"size-thumbnail wp-image-1717 aligncenter img150x150\" src=\"http:\/\/institutjoanbrudieu.cat\/public\/web_centre\/html\/documents\/fotos_web\/121123_Exposicio_BTX_ARTS.jpg\" alt=\"121123_Exposicio_BTX_ARTS\" \/><br \/>\n121123 Exposici\u00f3 BTX ARTS<\/a><\/div>\n<div class=\"blocimg\"><a href=\"https:\/\/goo.gl\/photos\/fBv88rmETjhecu5C7\" target=\"_blank\" rel=\"noopener\"><br \/>\n<img decoding=\"async\" class=\"size-thumbnail wp-image-1717 aligncenter img150x150\" src=\"http:\/\/institutjoanbrudieu.cat\/public\/web_centre\/html\/documents\/fotos_web\/121155_Tast_de_llengues_EOI_portugues.jpg\" alt=\"121155_Tast_de_llengues_EOI_portugues\" \/><br \/>\n121155 Tast de lleng\u00fces EOI: portugu\u00e8s<\/a><\/div>\n<div class=\"blocimg\"><a href=\"https:\/\/goo.gl\/photos\/fVwzDwS2w4TuAK5c9\" target=\"_blank\" rel=\"noopener\"><br \/>\n<img decoding=\"async\" class=\"size-thumbnail wp-image-1717 aligncenter img150x150\" src=\"http:\/\/institutjoanbrudieu.cat\/public\/web_centre\/html\/documents\/fotos_web\/121111_Visita_basquet_Bar\u00e7a.jpg\" alt=\"121111_Visita_basquet_Bar\u00e7a\" \/><br \/>\n121111 Visita b\u00e0squet Bar\u00e7a<\/a><\/div>\n","protected":false},"excerpt":{"rendered":"<p>CURS 2012-2013 130713 Hort\u00e8nsia florida 130614 The Big Challenge 130606 It\u00e0lia 130603 III Concurs Fotografia Naturalista 130527 Activitats EF 130522 Dia de l&#8217;autor portugu\u00e8s 130520 Exposici\u00f3 EVP 130511 Intercanvi Santany\u00ed 130510 Emprenedoria La_Salle: Equip xicot dels enc\u00e0rrecs 130508 Cactus florit 130507 Sortida Foix 130503 Visita Cooperativa Guissona 130502 Coll de Narg\u00f3 130322 Dia Mundial Aigua [&hellip;]<\/p>\n","protected":false},"author":1,"featured_media":0,"parent":1712,"menu_order":24,"comment_status":"closed","ping_status":"closed","template":"page-templates\/side-menu.php","meta":{"_bbp_topic_count":0,"_bbp_reply_count":0,"_bbp_total_topic_count":0,"_bbp_total_reply_count":0,"_bbp_voice_count":0,"_bbp_anonymous_reply_count":0,"_bbp_topic_count_hidden":0,"_bbp_reply_count_hidden":0,"_bbp_forum_subforum_count":0,"site-sidebar-layout":"default","site-content-layout":"","ast-site-content-layout":"","site-content-style":"default","site-sidebar-style":"default","ast-global-header-display":"","ast-banner-title-visibility":"","ast-main-header-display":"","ast-hfb-above-header-display":"","ast-hfb-below-header-display":"","ast-hfb-mobile-header-display":"","site-post-title":"","ast-breadcrumbs-content":"","ast-featured-img":"","footer-sml-layout":"","theme-transparent-header-meta":"","adv-header-id-meta":"","stick-header-meta":"","header-above-stick-meta":"","header-main-stick-meta":"","header-below-stick-meta":"","astra-migrate-meta-layouts":"default","ast-page-background-enabled":"default","ast-page-background-meta":{"desktop":{"background-color":"var(--ast-global-color-4)","background-image":"","background-repeat":"repeat","background-position":"center center","background-size":"auto","background-attachment":"scroll","background-type":"","background-media":"","overlay-type":"","overlay-color":"","overlay-opacity":"","overlay-gradient":""},"tablet":{"background-color":"","background-image":"","background-repeat":"repeat","background-position":"center center","background-size":"auto","background-attachment":"scroll","background-type":"","background-media":"","overlay-type":"","overlay-color":"","overlay-opacity":"","overlay-gradient":""},"mobile":{"background-color":"","background-image":"","background-repeat":"repeat","background-position":"center center","background-size":"auto","background-attachment":"scroll","background-type":"","background-media":"","overlay-type":"","overlay-color":"","overlay-opacity":"","overlay-gradient":""}},"ast-content-background-meta":{"desktop":{"background-color":"var(--ast-global-color-5)","background-image":"","background-repeat":"repeat","background-position":"center center","background-size":"auto","background-attachment":"scroll","background-type":"","background-media":"","overlay-type":"","overlay-color":"","overlay-opacity":"","overlay-gradient":""},"tablet":{"background-color":"var(--ast-global-color-5)","background-image":"","background-repeat":"repeat","background-position":"center center","background-size":"auto","background-attachment":"scroll","background-type":"","background-media":"","overlay-type":"","overlay-color":"","overlay-opacity":"","overlay-gradient":""},"mobile":{"background-color":"var(--ast-global-color-5)","background-image":"","background-repeat":"repeat","background-position":"center center","background-size":"auto","background-attachment":"scroll","background-type":"","background-media":"","overlay-type":"","overlay-color":"","overlay-opacity":"","overlay-gradient":""}},"footnotes":""},"class_list":["post-1852","page","type-page","status-publish","hentry"],"post_mailing_queue_ids":[],"_links":{"self":[{"href":"https:\/\/agora.xtec.cat\/iesjoanbrudieu\/wp-json\/wp\/v2\/pages\/1852","targetHints":{"allow":["GET"]}}],"collection":[{"href":"https:\/\/agora.xtec.cat\/iesjoanbrudieu\/wp-json\/wp\/v2\/pages"}],"about":[{"href":"https:\/\/agora.xtec.cat\/iesjoanbrudieu\/wp-json\/wp\/v2\/types\/page"}],"author":[{"embeddable":true,"href":"https:\/\/agora.xtec.cat\/iesjoanbrudieu\/wp-json\/wp\/v2\/users\/1"}],"replies":[{"embeddable":true,"href":"https:\/\/agora.xtec.cat\/iesjoanbrudieu\/wp-json\/wp\/v2\/comments?post=1852"}],"version-history":[{"count":4,"href":"https:\/\/agora.xtec.cat\/iesjoanbrudieu\/wp-json\/wp\/v2\/pages\/1852\/revisions"}],"predecessor-version":[{"id":7719,"href":"https:\/\/agora.xtec.cat\/iesjoanbrudieu\/wp-json\/wp\/v2\/pages\/1852\/revisions\/7719"}],"up":[{"embeddable":true,"href":"https:\/\/agora.xtec.cat\/iesjoanbrudieu\/wp-json\/wp\/v2\/pages\/1712"}],"wp:attachment":[{"href":"https:\/\/agora.xtec.cat\/iesjoanbrudieu\/wp-json\/wp\/v2\/media?parent=1852"}],"curies":[{"name":"wp","href":"https:\/\/api.w.org\/{rel}","templated":true}]}}