{"id":1850,"date":"2016-10-02T17:21:12","date_gmt":"2016-10-02T15:21:12","guid":{"rendered":"http:\/\/agora.xtec.cat\/iesjoanbrudieu\/?page_id=1850"},"modified":"2022-09-10T09:39:29","modified_gmt":"2022-09-10T07:39:29","slug":"fotografies-curs-2013-2014","status":"publish","type":"page","link":"https:\/\/agora.xtec.cat\/iesjoanbrudieu\/fotografies-de-linstitut\/fotografies-curs-2013-2014\/","title":{"rendered":"Fotografies: curs 2013-2014"},"content":{"rendered":"<h2 class=\"titolh2\">CURS 2013-2014<\/h2>\n<div class=\"blocimg\"><a href=\"https:\/\/goo.gl\/photos\/JxR5rPdAd35bUdTE9\" target=\"_blank\" rel=\"noopener\"><br \/>\n<img decoding=\"async\" class=\"size-thumbnail wp-image-1717 aligncenter img150x150\" src=\"http:\/\/institutjoanbrudieu.cat\/public\/web_centre\/html\/documents\/fotos_web\/140721_Distincions_PAU.jpg\" alt=\"140721_Distincions_PAU\" \/><br \/>\n140721 Distincions PAU<\/a><\/div>\n<div class=\"blocimg\"><a href=\"https:\/\/goo.gl\/photos\/THKGJfihSRgrrine8\" target=\"_blank\" rel=\"noopener\"><br \/>\n<img decoding=\"async\" class=\"size-thumbnail wp-image-1717 aligncenter img150x150\" src=\"http:\/\/institutjoanbrudieu.cat\/public\/web_centre\/html\/documents\/fotos_web\/140618_Premis_COAC_TdR.jpg\" alt=\"140618_Premis_COAC_TdR\" \/><br \/>\n140618 Premis COAC TdR<\/a><\/div>\n<div class=\"blocimg\"><a href=\"https:\/\/goo.gl\/photos\/fyth4tXH1NLZUWTK9\" target=\"_blank\" rel=\"noopener\"><br \/>\n<img decoding=\"async\" class=\"size-thumbnail wp-image-1717 aligncenter img150x150\" src=\"http:\/\/institutjoanbrudieu.cat\/public\/web_centre\/html\/documents\/fotos_web\/140613_Rafting.jpg\" alt=\"140613_Rafting\" \/><br \/>\n140613 Rafting<\/a><\/div>\n<div class=\"blocimg\"><a href=\"https:\/\/goo.gl\/photos\/bDLScfM8qDoeVx8y5\" target=\"_blank\" rel=\"noopener\"><br \/>\n<img decoding=\"async\" class=\"size-thumbnail wp-image-1717 aligncenter img150x150\" src=\"http:\/\/institutjoanbrudieu.cat\/public\/web_centre\/html\/documents\/fotos_web\/140610_The_Big_Challenge.jpg\" alt=\"140610_The_Big_Challenge\" \/><br \/>\n140610 The Big Challenge<\/a><\/div>\n<div class=\"blocimg\"><a href=\"https:\/\/goo.gl\/photos\/JBvcsT3zkLczrZPX7\" target=\"_blank\" rel=\"noopener\"><br \/>\n<img decoding=\"async\" class=\"size-thumbnail wp-image-1717 aligncenter img150x150\" src=\"http:\/\/institutjoanbrudieu.cat\/public\/web_centre\/html\/documents\/fotos_web\/140523_Divendres_Pla\u00e7a_Rei.jpg\" alt=\"140523_Divendres_Pla\u00e7a_Rei\" \/><br \/>\n140523 Divendres a la Pla\u00e7a del Rei<\/a><\/div>\n<div class=\"blocimg\"><a href=\"https:\/\/goo.gl\/photos\/AhX3WstAqUKcFpie8\" target=\"_blank\" rel=\"noopener\"><br \/>\n<img decoding=\"async\" class=\"size-thumbnail wp-image-1717 aligncenter img150x150\" src=\"http:\/\/institutjoanbrudieu.cat\/public\/web_centre\/html\/documents\/fotos_web\/140522_Concert_Claustre_Catedral.jpg\" alt=\"140522_Concert_Claustre_Catedral\" \/><br \/>\n140522 Concert Claustre Catedral (Congr\u00e9s La Seu)<\/a><\/div>\n<div class=\"blocimg\"><a href=\"https:\/\/goo.gl\/photos\/YrHca1RUfbihWbam9\" target=\"_blank\" rel=\"noopener\"><br \/>\n<img decoding=\"async\" class=\"size-thumbnail wp-image-1717 aligncenter img150x150\" src=\"http:\/\/institutjoanbrudieu.cat\/public\/web_centre\/html\/documents\/fotos_web\/140522_Emprenedoria.jpg\" alt=\"140522_Emprenedoria\" \/><br \/>\n140522 III Jornada Emprenedoria<\/a><\/div>\n<div class=\"blocimg\"><a href=\"https:\/\/goo.gl\/photos\/xYNgrSbaX2JAJEmq5\" target=\"_blank\" rel=\"noopener\"><br \/>\n<img decoding=\"async\" class=\"size-thumbnail wp-image-1717 aligncenter img150x150\" src=\"http:\/\/institutjoanbrudieu.cat\/public\/web_centre\/html\/documents\/fotos_web\/140506_Intercanvi_Santanyi.jpg\" alt=\"140506_Intercanvi_Santanyi\" \/><br \/>\n140506 Intercanvi Santany\u00ed<\/a><\/div>\n<div class=\"blocimg\"><a href=\"https:\/\/goo.gl\/photos\/CwHMSL6Bh7FSKGEi9\" target=\"_blank\" rel=\"noopener\"><br \/>\n<img decoding=\"async\" class=\"size-thumbnail wp-image-1717 aligncenter img150x150\" src=\"http:\/\/institutjoanbrudieu.cat\/public\/web_centre\/html\/documents\/fotos_web\/140506_Sortida_Foix.jpg\" alt=\"140506_Sortida_Foix\" \/><br \/>\n140506 Sortida Foix<\/a><\/div>\n<div class=\"blocimg\"><a href=\"https:\/\/goo.gl\/photos\/tePSvhiQ1KuvvuLm9\" target=\"_blank\" rel=\"noopener\"><br \/>\n<img decoding=\"async\" class=\"size-thumbnail wp-image-1717 aligncenter img150x150\" src=\"http:\/\/institutjoanbrudieu.cat\/public\/web_centre\/html\/documents\/fotos_web\/140423_Sant_Jordi_Tarda.jpg\" alt=\"140423_Sant_Jordi_Tarda\" \/><br \/>\n140423 Sant Jordi (Tarda)<\/a><\/div>\n<div class=\"blocimg\"><a href=\"https:\/\/goo.gl\/photos\/wWSDXsDMiypgWJYg9\" target=\"_blank\" rel=\"noopener\"><br \/>\n<img decoding=\"async\" class=\"size-thumbnail wp-image-1717 aligncenter img150x150\" src=\"http:\/\/institutjoanbrudieu.cat\/public\/web_centre\/html\/documents\/fotos_web\/140423_Sant_Jordi_Mati.jpg\" alt=\"140423_Sant_Jordi_Mati\" \/><br \/>\n140423 Sant Jordi (Mat\u00ed)<\/a><\/div>\n<div class=\"blocimg\"><a href=\"https:\/\/goo.gl\/photos\/bnGvM6NyqrqgDfbN9\" target=\"_blank\" rel=\"noopener\"><br \/>\n<img decoding=\"async\" class=\"size-thumbnail wp-image-1717 aligncenter img150x150\" src=\"http:\/\/institutjoanbrudieu.cat\/public\/web_centre\/html\/documents\/fotos_web\/140411_Dia_Elegancia.jpg\" alt=\"140411_Dia_Elegancia\" \/><br \/>\n140411 Dia de l&#8217;Eleg\u00e0ncia<\/a><\/div>\n<div class=\"blocimg\"><a href=\"https:\/\/goo.gl\/photos\/eFoiNsmLYT2xvjJw9\" target=\"_blank\" rel=\"noopener\"><br \/>\n<img decoding=\"async\" class=\"size-thumbnail wp-image-1717 aligncenter img150x150\" src=\"http:\/\/institutjoanbrudieu.cat\/public\/web_centre\/html\/documents\/fotos_web\/140409_Exposicio_BTX_ARTS.jpg\" alt=\"140409_Exposicio_BTX_ARTS\" \/><br \/>\n140409 Exposici\u00f3 BTX-ARTS<\/a><\/div>\n<div class=\"blocimg\"><a href=\"https:\/\/goo.gl\/photos\/Bhj89LSfd6iXS9JZ9\" target=\"_blank\" rel=\"noopener\"><br \/>\n<img decoding=\"async\" class=\"size-thumbnail wp-image-1717 aligncenter img150x150\" src=\"http:\/\/institutjoanbrudieu.cat\/public\/web_centre\/html\/documents\/fotos_web\/140327_Picalletres.jpg\" alt=\"140327_Picalletres\" \/><br \/>\n140327 Picalletres<\/a><\/div>\n<div class=\"blocimg\"><a href=\"https:\/\/goo.gl\/photos\/3HqLv6hRm2ciDWpQ8\" target=\"_blank\" rel=\"noopener\"><br \/>\n<img decoding=\"async\" class=\"size-thumbnail wp-image-1717 aligncenter img150x150\" src=\"http:\/\/institutjoanbrudieu.cat\/public\/web_centre\/html\/documents\/fotos_web\/140321_Comenius_Regio_Alt_Urgell.jpg\" alt=\"140321_Comenius_Regio_Alt_Urgell\" \/><br \/>\n140321 Comenius Regio Alt Urgell<\/a><\/div>\n<div class=\"blocimg\"><a href=\"https:\/\/goo.gl\/photos\/KoSvfpm9hutjd62TA\" target=\"_blank\" rel=\"noopener\"><br \/>\n<img decoding=\"async\" class=\"size-thumbnail wp-image-1717 aligncenter img150x150\" src=\"http:\/\/institutjoanbrudieu.cat\/public\/web_centre\/html\/documents\/fotos_web\/140321_EFEC.jpg\" alt=\"140321_EFEC\" \/><br \/>\n140321 EFEC<\/a><\/div>\n<div class=\"blocimg\"><a href=\"https:\/\/goo.gl\/photos\/jRQtBmw7t7Eso8SC9\" target=\"_blank\" rel=\"noopener\"><br \/>\n<img decoding=\"async\" class=\"size-thumbnail wp-image-1717 aligncenter img150x150\" src=\"http:\/\/institutjoanbrudieu.cat\/public\/web_centre\/html\/documents\/fotos_web\/140320_Premi_Sambori_Alt_Urgell.jpg\" alt=\"140320_Premi_Sambori_Alt_Urgell\" \/><br \/>\n140320 Premi Sambori Alt Urgell<\/a><\/div>\n<div class=\"blocimg\"><a href=\"https:\/\/goo.gl\/photos\/Zd7P4cWfumwowpx39\" target=\"_blank\" rel=\"noopener\"><br \/>\n<img decoding=\"async\" class=\"size-thumbnail wp-image-1717 aligncenter img150x150\" src=\"http:\/\/institutjoanbrudieu.cat\/public\/web_centre\/html\/documents\/fotos_web\/140320_Proves_Cangur.jpg\" alt=\"140320_Proves_Cangur\" \/><br \/>\n140320 Proves Cangur<\/a><\/div>\n<div class=\"blocimg\"><a href=\"https:\/\/goo.gl\/photos\/waxXbQKNS7fQyNyU7\" target=\"_blank\" rel=\"noopener\"><br \/>\n<img decoding=\"async\" class=\"size-thumbnail wp-image-1717 aligncenter img150x150\" src=\"http:\/\/institutjoanbrudieu.cat\/public\/web_centre\/html\/documents\/fotos_web\/140315_Escola_Verda_renovacio.jpg\" alt=\"140315_Escola_Verda_renovacio\" \/><br \/>\n140315 Escola Verda renovaci\u00f3<\/a><\/div>\n<div class=\"blocimg\"><a href=\"https:\/\/goo.gl\/photos\/8E1nesAiKb1N5jat8\" target=\"_blank\" rel=\"noopener\"><br \/>\n<img decoding=\"async\" class=\"size-thumbnail wp-image-1717 aligncenter img150x150\" src=\"http:\/\/institutjoanbrudieu.cat\/public\/web_centre\/html\/documents\/fotos_web\/140228_Carnaval.jpg\" alt=\"140228_Carnaval\" \/><br \/>\n140228 Carnaval<\/a><\/div>\n<div class=\"blocimg\"><a href=\"https:\/\/goo.gl\/photos\/EiVB1bCfuzgvznoD8\" target=\"_blank\" rel=\"noopener\"><br \/>\n<img decoding=\"async\" class=\"size-thumbnail wp-image-1717 aligncenter img150x150\" src=\"http:\/\/institutjoanbrudieu.cat\/public\/web_centre\/html\/documents\/fotos_web\/140222_First_LEGO.jpg\" alt=\"140222_First_LEGO\" \/><br \/>\n140222 First LEGO<\/a><\/div>\n<div class=\"blocimg\"><a href=\"https:\/\/goo.gl\/photos\/2LhN33upZTLcaUVc9\" target=\"_blank\" rel=\"noopener\"><br \/>\n<img decoding=\"async\" class=\"size-thumbnail wp-image-1717 aligncenter img150x150\" src=\"http:\/\/institutjoanbrudieu.cat\/public\/web_centre\/html\/documents\/fotos_web\/140220_Exposicio_EVP.jpg\" alt=\"140220_Exposicio_EVP\" \/><br \/>\n140220 Exposici\u00f3 EVP<\/a><\/div>\n<div class=\"blocimg\"><a href=\"https:\/\/goo.gl\/photos\/gvNuJHzJpS6GeeVU9\" target=\"_blank\" rel=\"noopener\"><br \/>\n<img decoding=\"async\" class=\"size-thumbnail wp-image-1717 aligncenter img150x150\" src=\"http:\/\/institutjoanbrudieu.cat\/public\/web_centre\/html\/documents\/fotos_web\/140220_La_Seu_Ciutat_Basquet_Catala.jpg\" alt=\"140220_La_Seu_Ciutat_Basquet_Catala\" \/><br \/>\n140220 La Seu Ciutat B\u00e0squet Catal\u00e0<\/a><\/div>\n<div class=\"blocimg\"><a href=\"https:\/\/goo.gl\/photos\/TfETmpDP5txqAqcd7\" target=\"_blank\" rel=\"noopener\"><br \/>\n<img decoding=\"async\" class=\"size-thumbnail wp-image-1717 aligncenter img150x150\" src=\"http:\/\/institutjoanbrudieu.cat\/public\/web_centre\/html\/documents\/fotos_web\/140212_Visita_alumnat_primaria_2n_dia.jpg\" alt=\"140212_Visita_alumnat_primaria_2n_dia\" \/><br \/>\n140212 Visita alumnat prim\u00e0ria 2n dia<\/a><\/div>\n<div class=\"blocimg\"><a href=\"https:\/\/goo.gl\/photos\/nDkSHRHTJmEEGeAt6\" target=\"_blank\" rel=\"noopener\"><br \/>\n<img decoding=\"async\" class=\"size-thumbnail wp-image-1717 aligncenter img150x150\" src=\"http:\/\/institutjoanbrudieu.cat\/public\/web_centre\/html\/documents\/fotos_web\/140207_Orientacio_exalumnat.jpg\" alt=\"140207_Orientacio_exalumnat\" \/><br \/>\n140207 Orientaci\u00f3 exalumnat<\/a><\/div>\n<div class=\"blocimg\"><a href=\"https:\/\/goo.gl\/photos\/NzznGZsjnHFvXfUM9\" target=\"_blank\" rel=\"noopener\"><br \/>\n<img decoding=\"async\" class=\"size-thumbnail wp-image-1717 aligncenter img150x150\" src=\"http:\/\/institutjoanbrudieu.cat\/public\/web_centre\/html\/documents\/fotos_web\/140205_Visita_alumnat_primaria_1r_dia.jpg\" alt=\"140205_Visita_alumnat_primaria_1r_dia\" \/><br \/>\n140205 Visita alumnat prim\u00e0ria 1r dia<\/a><\/div>\n<div class=\"blocimg\"><a href=\"https:\/\/goo.gl\/photos\/1zXK2Gygw9SV1dVBA\" target=\"_blank\" rel=\"noopener\"><br \/>\n<img decoding=\"async\" class=\"size-thumbnail wp-image-1717 aligncenter img150x150\" src=\"http:\/\/institutjoanbrudieu.cat\/public\/web_centre\/html\/documents\/fotos_web\/140129_Mostra_Emprenedoria_Catalunya.jpg\" alt=\"140129_Mostra_Emprenedoria_Catalunya\" \/><br \/>\n140129 Mostra Emprenedoria Catalunya<\/a><\/div>\n<div class=\"blocimg\"><a href=\"https:\/\/goo.gl\/photos\/RaWBaD5tLPfz7HC68\" target=\"_blank\" rel=\"noopener\"><br \/>\n<img decoding=\"async\" class=\"size-thumbnail wp-image-1717 aligncenter img150x150\" src=\"http:\/\/institutjoanbrudieu.cat\/public\/web_centre\/html\/documents\/fotos_web\/140121_Intercanvi_Santanyi.jpg\" alt=\"140121_Intercanvi_Santanyi\" \/><br \/>\n140121 Intercanvi Santany\u00ed<\/a><\/div>\n<div class=\"blocimg\"><a href=\"https:\/\/goo.gl\/photos\/eWw54ZSS99kPbUoq7\" target=\"_blank\" rel=\"noopener\"><br \/>\n<img decoding=\"async\" class=\"size-thumbnail wp-image-1717 aligncenter img150x150\" src=\"http:\/\/institutjoanbrudieu.cat\/public\/web_centre\/html\/documents\/fotos_web\/140118_Bojos_per_arqueologia.jpg\" alt=\"140118_Bojos_per_arqueologia\" \/><br \/>\n140118 Bojos per l&#8217;arqueologia<\/a><\/div>\n<div class=\"blocimg\"><a href=\"https:\/\/goo.gl\/photos\/4h3UGkqgFUzWxt167\" target=\"_blank\" rel=\"noopener\"><br \/>\n<img decoding=\"async\" class=\"size-thumbnail wp-image-1717 aligncenter img150x150\" src=\"http:\/\/institutjoanbrudieu.cat\/public\/web_centre\/html\/documents\/fotos_web\/140117_Exposicio_TdR.jpg\" alt=\"140117_Exposicio_TdR\" \/><br \/>\n140117 Exposici\u00f3 TdR<\/a><\/div>\n<div class=\"blocimg\"><a href=\"https:\/\/goo.gl\/photos\/kZYnKA1EfT4ALJuy8\" target=\"_blank\" rel=\"noopener\"><br \/>\n<img decoding=\"async\" class=\"size-thumbnail wp-image-1717 aligncenter img150x150\" src=\"http:\/\/institutjoanbrudieu.cat\/public\/web_centre\/html\/documents\/fotos_web\/131219_Nadal_mitologic.jpg\" alt=\"131219_Nadal_mitologic\" \/><br \/>\n131219 Nadal mitol\u00f2gic<\/a><\/div>\n<div class=\"blocimg\"><a href=\"https:\/\/goo.gl\/photos\/yMeP8FQLFr7GDvgW6\" target=\"_blank\" rel=\"noopener\"><br \/>\n<img decoding=\"async\" class=\"size-thumbnail wp-image-1717 aligncenter img150x150\" src=\"http:\/\/institutjoanbrudieu.cat\/public\/web_centre\/html\/documents\/fotos_web\/131217_Decoracions_Nadal.jpg\" alt=\"131217_Decoracions_Nadal\" \/><br \/>\n131217 Decoracions Nadal<\/a><\/div>\n<div class=\"blocimg\"><a href=\"https:\/\/goo.gl\/photos\/Zu6MAHrEGX6ktdpy7\" target=\"_blank\" rel=\"noopener\"><br \/>\n<img decoding=\"async\" class=\"size-thumbnail wp-image-1717 aligncenter img150x150\" src=\"http:\/\/institutjoanbrudieu.cat\/public\/web_centre\/html\/documents\/fotos_web\/131215_Exposicio_EVP.jpg\" alt=\"131215_Exposicio_EVP\" \/><br \/>\n131215 Exposici\u00f3 EVP<\/a><\/div>\n<div class=\"blocimg\"><a href=\"https:\/\/goo.gl\/photos\/uShH2vsV9WtaEPaf9\" target=\"_blank\" rel=\"noopener\"><br \/>\n<img decoding=\"async\" class=\"size-thumbnail wp-image-1717 aligncenter img150x150\" src=\"http:\/\/institutjoanbrudieu.cat\/public\/web_centre\/html\/documents\/fotos_web\/131119_Experiments_allucinants.jpg\" alt=\"131119_Experiments_allucinants\" \/><br \/>\n131119 Experiments al\u00b7lucinants<\/a><\/div>\n<div class=\"blocimg\"><a href=\"https:\/\/goo.gl\/photos\/nViAAB5Gn4oUHQZb7\" target=\"_blank\" rel=\"noopener\"><br \/>\n<img decoding=\"async\" class=\"size-thumbnail wp-image-1717 aligncenter img150x150\" src=\"http:\/\/institutjoanbrudieu.cat\/public\/web_centre\/html\/documents\/fotos_web\/131113_Sortida_Barcelona.jpg\" alt=\"131113_Sortida_Barcelona\" \/><br \/>\n131113 Sortida Barcelona<\/a><\/div>\n<div class=\"blocimg\"><a href=\"https:\/\/goo.gl\/photos\/2y69BArxBfpCXYZ57\" target=\"_blank\" rel=\"noopener\"><br \/>\n<img decoding=\"async\" class=\"size-thumbnail wp-image-1717 aligncenter img150x150\" src=\"http:\/\/institutjoanbrudieu.cat\/public\/web_centre\/html\/documents\/fotos_web\/131110_Exposicio_EVP.jpg\" alt=\"131110_Exposicio_EVP\" \/><br \/>\n131110 Exposici\u00f3 EVP<\/a><\/div>\n<div class=\"blocimg\"><a href=\"https:\/\/goo.gl\/photos\/rhkyHf2NV2YBXiG96\" target=\"_blank\" rel=\"noopener\"><br \/>\n<img decoding=\"async\" class=\"size-thumbnail wp-image-1717 aligncenter img150x150\" src=\"http:\/\/institutjoanbrudieu.cat\/public\/web_centre\/html\/documents\/fotos_web\/131108_Hora_del_conte.jpg\" alt=\"131108_Hora_del_conte\" \/><br \/>\n131108 Hora del conte<\/a><\/div>\n<div class=\"blocimg\"><a href=\"https:\/\/goo.gl\/photos\/kgsyJ4ebcYveP1AV9\" target=\"_blank\" rel=\"noopener\"><br \/>\n<img decoding=\"async\" class=\"size-thumbnail wp-image-1717 aligncenter img150x150\" src=\"http:\/\/institutjoanbrudieu.cat\/public\/web_centre\/html\/documents\/fotos_web\/131029_Toulouse.jpg\" alt=\"131029_Toulouse\" \/><br \/>\n131029 Toulouse<\/a><\/div>\n<div class=\"blocimg\"><a href=\"https:\/\/goo.gl\/photos\/KwCQUQfEqBGecoB58\" target=\"_blank\" rel=\"noopener\"><br \/>\n<img decoding=\"async\" class=\"size-thumbnail wp-image-1717 aligncenter img150x150\" src=\"http:\/\/institutjoanbrudieu.cat\/public\/web_centre\/html\/documents\/fotos_web\/131016_Jornada_conscienciacio_aturada_cardiaca.jpg\" alt=\"131016_Jornada_conscienciacio_aturada_cardiaca\" \/><br \/>\n131016 Jornada de conscienciaci\u00f3 de l&#8217;aturada card\u00edaca<\/a><\/div>\n<div class=\"blocimg\"><a href=\"https:\/\/goo.gl\/photos\/Esd7cfngH2dwrLK79\" target=\"_blank\" rel=\"noopener\"><br \/>\n<img decoding=\"async\" class=\"size-thumbnail wp-image-1717 aligncenter img150x150\" src=\"http:\/\/institutjoanbrudieu.cat\/public\/web_centre\/html\/documents\/fotos_web\/131014_Reunio_a_Tori.jpg\" alt=\"131014_Reunio_a_Tori\" \/><br \/>\n131014 Reuni\u00f3 a Tor\u00ed<\/a><\/div>\n<div class=\"blocimg\"><a href=\"https:\/\/goo.gl\/photos\/yQyX48VwGU7u4Hig9\" target=\"_blank\" rel=\"noopener\"><br \/>\n<img decoding=\"async\" class=\"size-thumbnail wp-image-1717 aligncenter img150x150\" src=\"http:\/\/institutjoanbrudieu.cat\/public\/web_centre\/html\/documents\/fotos_web\/131010_Collaboracions_esportives.jpg\" alt=\"131010_Collaboracions_esportives\" \/><br \/>\n131010 Col\u00b7laboracions esportives (Consell Esportiu Municipal)<\/a><\/div>\n<div class=\"blocimg\"><a href=\"https:\/\/goo.gl\/photos\/swmrTBwYJfxW16718\" target=\"_blank\" rel=\"noopener\"><br \/>\n<img decoding=\"async\" class=\"size-thumbnail wp-image-1717 aligncenter img150x150\" src=\"http:\/\/institutjoanbrudieu.cat\/public\/web_centre\/html\/documents\/fotos_web\/131008_Perpinya.jpg\" alt=\"131008_Perpinya\" \/><br \/>\n131008 Perpiny\u00e0<\/a><\/div>\n","protected":false},"excerpt":{"rendered":"<p>CURS 2013-2014 140721 Distincions PAU 140618 Premis COAC TdR 140613 Rafting 140610 The Big Challenge 140523 Divendres a la Pla\u00e7a del Rei 140522 Concert Claustre Catedral (Congr\u00e9s La Seu) 140522 III Jornada Emprenedoria 140506 Intercanvi Santany\u00ed 140506 Sortida Foix 140423 Sant Jordi (Tarda) 140423 Sant Jordi (Mat\u00ed) 140411 Dia de l&#8217;Eleg\u00e0ncia 140409 Exposici\u00f3 BTX-ARTS 140327 [&hellip;]<\/p>\n","protected":false},"author":1,"featured_media":0,"parent":1712,"menu_order":23,"comment_status":"closed","ping_status":"closed","template":"page-templates\/side-menu.php","meta":{"_bbp_topic_count":0,"_bbp_reply_count":0,"_bbp_total_topic_count":0,"_bbp_total_reply_count":0,"_bbp_voice_count":0,"_bbp_anonymous_reply_count":0,"_bbp_topic_count_hidden":0,"_bbp_reply_count_hidden":0,"_bbp_forum_subforum_count":0,"site-sidebar-layout":"default","site-content-layout":"","ast-site-content-layout":"","site-content-style":"default","site-sidebar-style":"default","ast-global-header-display":"","ast-banner-title-visibility":"","ast-main-header-display":"","ast-hfb-above-header-display":"","ast-hfb-below-header-display":"","ast-hfb-mobile-header-display":"","site-post-title":"","ast-breadcrumbs-content":"","ast-featured-img":"","footer-sml-layout":"","theme-transparent-header-meta":"","adv-header-id-meta":"","stick-header-meta":"","header-above-stick-meta":"","header-main-stick-meta":"","header-below-stick-meta":"","astra-migrate-meta-layouts":"default","ast-page-background-enabled":"default","ast-page-background-meta":{"desktop":{"background-color":"var(--ast-global-color-4)","background-image":"","background-repeat":"repeat","background-position":"center center","background-size":"auto","background-attachment":"scroll","background-type":"","background-media":"","overlay-type":"","overlay-color":"","overlay-opacity":"","overlay-gradient":""},"tablet":{"background-color":"","background-image":"","background-repeat":"repeat","background-position":"center center","background-size":"auto","background-attachment":"scroll","background-type":"","background-media":"","overlay-type":"","overlay-color":"","overlay-opacity":"","overlay-gradient":""},"mobile":{"background-color":"","background-image":"","background-repeat":"repeat","background-position":"center center","background-size":"auto","background-attachment":"scroll","background-type":"","background-media":"","overlay-type":"","overlay-color":"","overlay-opacity":"","overlay-gradient":""}},"ast-content-background-meta":{"desktop":{"background-color":"var(--ast-global-color-5)","background-image":"","background-repeat":"repeat","background-position":"center center","background-size":"auto","background-attachment":"scroll","background-type":"","background-media":"","overlay-type":"","overlay-color":"","overlay-opacity":"","overlay-gradient":""},"tablet":{"background-color":"var(--ast-global-color-5)","background-image":"","background-repeat":"repeat","background-position":"center center","background-size":"auto","background-attachment":"scroll","background-type":"","background-media":"","overlay-type":"","overlay-color":"","overlay-opacity":"","overlay-gradient":""},"mobile":{"background-color":"var(--ast-global-color-5)","background-image":"","background-repeat":"repeat","background-position":"center center","background-size":"auto","background-attachment":"scroll","background-type":"","background-media":"","overlay-type":"","overlay-color":"","overlay-opacity":"","overlay-gradient":""}},"footnotes":""},"class_list":["post-1850","page","type-page","status-publish","hentry"],"post_mailing_queue_ids":[],"_links":{"self":[{"href":"https:\/\/agora.xtec.cat\/iesjoanbrudieu\/wp-json\/wp\/v2\/pages\/1850","targetHints":{"allow":["GET"]}}],"collection":[{"href":"https:\/\/agora.xtec.cat\/iesjoanbrudieu\/wp-json\/wp\/v2\/pages"}],"about":[{"href":"https:\/\/agora.xtec.cat\/iesjoanbrudieu\/wp-json\/wp\/v2\/types\/page"}],"author":[{"embeddable":true,"href":"https:\/\/agora.xtec.cat\/iesjoanbrudieu\/wp-json\/wp\/v2\/users\/1"}],"replies":[{"embeddable":true,"href":"https:\/\/agora.xtec.cat\/iesjoanbrudieu\/wp-json\/wp\/v2\/comments?post=1850"}],"version-history":[{"count":3,"href":"https:\/\/agora.xtec.cat\/iesjoanbrudieu\/wp-json\/wp\/v2\/pages\/1850\/revisions"}],"predecessor-version":[{"id":7720,"href":"https:\/\/agora.xtec.cat\/iesjoanbrudieu\/wp-json\/wp\/v2\/pages\/1850\/revisions\/7720"}],"up":[{"embeddable":true,"href":"https:\/\/agora.xtec.cat\/iesjoanbrudieu\/wp-json\/wp\/v2\/pages\/1712"}],"wp:attachment":[{"href":"https:\/\/agora.xtec.cat\/iesjoanbrudieu\/wp-json\/wp\/v2\/media?parent=1850"}],"curies":[{"name":"wp","href":"https:\/\/api.w.org\/{rel}","templated":true}]}}