{"id":1712,"date":"2016-09-20T17:13:21","date_gmt":"2016-09-20T15:13:21","guid":{"rendered":"http:\/\/agora.xtec.cat\/iesjoanbrudieu\/?page_id=1712"},"modified":"2026-04-23T18:39:37","modified_gmt":"2026-04-23T16:39:37","slug":"fotografies-de-linstitut","status":"publish","type":"page","link":"https:\/\/agora.xtec.cat\/iesjoanbrudieu\/fotografies-de-linstitut\/","title":{"rendered":"Fotografies de l&#8217;institut"},"content":{"rendered":"\n<h2 class=\"wp-block-heading titolh2\" id=\"geeec8f524bcb\">CURS 2025-2026<\/h2>\n\n\n\n<div class=\"wp-block-media-text is-stacked-on-mobile is-vertically-aligned-center has-background\" style=\"background-color:#a7cf6c57;grid-template-columns:23% auto\"><figure class=\"wp-block-media-text__media\"><img loading=\"lazy\" decoding=\"async\" width=\"300\" height=\"214\" src=\"https:\/\/agora.xtec.cat\/iesjoanbrudieu\/wp-content\/uploads\/usu1248\/2017\/02\/sant_jordi.jpg\" alt=\"\" class=\"wp-image-2407 size-full\"\/><\/figure><div class=\"wp-block-media-text__content\">\n<p class=\"has-text-align-left\"><a href=\"https:\/\/photos.app.goo.gl\/6KXYe5QG7y2mKh1v6\" target=\"_blank\" rel=\"noreferrer noopener\">260423 Sant Jordi<\/a><\/p>\n<\/div><\/div>\n\n\n\n<div class=\"wp-block-media-text is-stacked-on-mobile is-vertically-aligned-center\" style=\"grid-template-columns:23% auto\"><figure class=\"wp-block-media-text__media\"><img loading=\"lazy\" decoding=\"async\" width=\"1007\" height=\"755\" src=\"https:\/\/agora.xtec.cat\/iesjoanbrudieu\/wp-content\/uploads\/usu1248\/2026\/04\/Dictats_plurilngues.png\" alt=\"\" class=\"wp-image-11243 size-full\" srcset=\"https:\/\/agora.xtec.cat\/iesjoanbrudieu\/wp-content\/uploads\/usu1248\/2026\/04\/Dictats_plurilngues.png 1007w, https:\/\/agora.xtec.cat\/iesjoanbrudieu\/wp-content\/uploads\/usu1248\/2026\/04\/Dictats_plurilngues-300x225.png 300w, https:\/\/agora.xtec.cat\/iesjoanbrudieu\/wp-content\/uploads\/usu1248\/2026\/04\/Dictats_plurilngues-768x576.png 768w\" sizes=\"auto, (max-width: 1007px) 100vw, 1007px\" \/><\/figure><div class=\"wp-block-media-text__content\">\n<p><a href=\"https:\/\/photos.app.goo.gl\/QZjv5zrhFKWoWTXUA\" target=\"_blank\" rel=\"noreferrer noopener\">260420 Dictats pluriling\u00fces<\/a><\/p>\n<\/div><\/div>\n\n\n\n<div class=\"wp-block-media-text is-stacked-on-mobile is-vertically-aligned-center has-background\" style=\"background-color:#a7cf6c57;grid-template-columns:23% auto\"><figure class=\"wp-block-media-text__media\"><img loading=\"lazy\" decoding=\"async\" width=\"1024\" height=\"768\" src=\"https:\/\/agora.xtec.cat\/iesjoanbrudieu\/wp-content\/uploads\/usu1248\/2026\/04\/260418_FEM_Mates-1024x768.jpg\" alt=\"\" class=\"wp-image-11239 size-full\" srcset=\"https:\/\/agora.xtec.cat\/iesjoanbrudieu\/wp-content\/uploads\/usu1248\/2026\/04\/260418_FEM_Mates-1024x768.jpg 1024w, https:\/\/agora.xtec.cat\/iesjoanbrudieu\/wp-content\/uploads\/usu1248\/2026\/04\/260418_FEM_Mates-300x225.jpg 300w, https:\/\/agora.xtec.cat\/iesjoanbrudieu\/wp-content\/uploads\/usu1248\/2026\/04\/260418_FEM_Mates-768x576.jpg 768w, https:\/\/agora.xtec.cat\/iesjoanbrudieu\/wp-content\/uploads\/usu1248\/2026\/04\/260418_FEM_Mates-1536x1152.jpg 1536w, https:\/\/agora.xtec.cat\/iesjoanbrudieu\/wp-content\/uploads\/usu1248\/2026\/04\/260418_FEM_Mates-2048x1536.jpg 2048w\" sizes=\"auto, (max-width: 1024px) 100vw, 1024px\" \/><\/figure><div class=\"wp-block-media-text__content\">\n<p class=\"has-text-align-left\"><a href=\"https:\/\/photos.app.goo.gl\/ijAS8SdzGkPNmcvv5\" target=\"_blank\" rel=\"noreferrer noopener\">260418 FEM Matem\u00e0tiques<\/a><\/p>\n<\/div><\/div>\n\n\n\n<div class=\"wp-block-media-text is-stacked-on-mobile is-vertically-aligned-center\" style=\"grid-template-columns:23% auto\"><figure class=\"wp-block-media-text__media\"><img loading=\"lazy\" decoding=\"async\" width=\"651\" height=\"488\" src=\"https:\/\/agora.xtec.cat\/iesjoanbrudieu\/wp-content\/uploads\/usu1248\/2026\/04\/260418_Fira_Gegants.jpg\" alt=\"\" class=\"wp-image-11228 size-full\" srcset=\"https:\/\/agora.xtec.cat\/iesjoanbrudieu\/wp-content\/uploads\/usu1248\/2026\/04\/260418_Fira_Gegants.jpg 651w, https:\/\/agora.xtec.cat\/iesjoanbrudieu\/wp-content\/uploads\/usu1248\/2026\/04\/260418_Fira_Gegants-300x225.jpg 300w\" sizes=\"auto, (max-width: 651px) 100vw, 651px\" \/><\/figure><div class=\"wp-block-media-text__content\">\n<p><a href=\"https:\/\/photos.app.goo.gl\/6G85Ju9hRuD7HauW8\" target=\"_blank\" rel=\"noreferrer noopener\">260418 Fira del m\u00f3n geganter a la Seu d&#8217;Urgell<\/a><\/p>\n<\/div><\/div>\n\n\n\n<div class=\"wp-block-media-text is-stacked-on-mobile is-vertically-aligned-center has-background\" style=\"background-color:#a7cf6c57;grid-template-columns:23% auto\"><figure class=\"wp-block-media-text__media\"><img loading=\"lazy\" decoding=\"async\" width=\"800\" height=\"600\" src=\"https:\/\/agora.xtec.cat\/iesjoanbrudieu\/wp-content\/uploads\/usu1248\/2026\/04\/260408_2_Jornada_ambiental.jpg\" alt=\"\" class=\"wp-image-11216 size-full\" srcset=\"https:\/\/agora.xtec.cat\/iesjoanbrudieu\/wp-content\/uploads\/usu1248\/2026\/04\/260408_2_Jornada_ambiental.jpg 800w, https:\/\/agora.xtec.cat\/iesjoanbrudieu\/wp-content\/uploads\/usu1248\/2026\/04\/260408_2_Jornada_ambiental-300x225.jpg 300w, https:\/\/agora.xtec.cat\/iesjoanbrudieu\/wp-content\/uploads\/usu1248\/2026\/04\/260408_2_Jornada_ambiental-768x576.jpg 768w\" sizes=\"auto, (max-width: 800px) 100vw, 800px\" \/><\/figure><div class=\"wp-block-media-text__content\">\n<p class=\"has-text-align-left\"><a href=\"https:\/\/photos.app.goo.gl\/sVtKdze65BkzAy236\" target=\"_blank\" rel=\"noreferrer noopener\">260408 2a Jornada ambiental intercentres<\/a><\/p>\n<\/div><\/div>\n\n\n\n<div class=\"wp-block-media-text is-stacked-on-mobile is-vertically-aligned-center\" style=\"grid-template-columns:23% auto\"><figure class=\"wp-block-media-text__media\"><img loading=\"lazy\" decoding=\"async\" width=\"1024\" height=\"768\" src=\"https:\/\/agora.xtec.cat\/iesjoanbrudieu\/wp-content\/uploads\/usu1248\/2026\/04\/260408_nou_PFI_Web-1024x768.jpg\" alt=\"\" class=\"wp-image-11207 size-full\" srcset=\"https:\/\/agora.xtec.cat\/iesjoanbrudieu\/wp-content\/uploads\/usu1248\/2026\/04\/260408_nou_PFI_Web-1024x768.jpg 1024w, https:\/\/agora.xtec.cat\/iesjoanbrudieu\/wp-content\/uploads\/usu1248\/2026\/04\/260408_nou_PFI_Web-300x225.jpg 300w, https:\/\/agora.xtec.cat\/iesjoanbrudieu\/wp-content\/uploads\/usu1248\/2026\/04\/260408_nou_PFI_Web-768x576.jpg 768w, https:\/\/agora.xtec.cat\/iesjoanbrudieu\/wp-content\/uploads\/usu1248\/2026\/04\/260408_nou_PFI_Web.jpg 1440w\" sizes=\"auto, (max-width: 1024px) 100vw, 1024px\" \/><\/figure><div class=\"wp-block-media-text__content\">\n<p><a href=\"https:\/\/photos.app.goo.gl\/goUP5zWwdAK2DhVF9\" target=\"_blank\" rel=\"noreferrer noopener\">260408 Presentaci\u00f3 nou PFI-PTT<\/a><\/p>\n<\/div><\/div>\n\n\n\n<div class=\"wp-block-media-text is-stacked-on-mobile is-vertically-aligned-center has-background\" style=\"background-color:#a7cf6c57;grid-template-columns:23% auto\"><figure class=\"wp-block-media-text__media\"><img loading=\"lazy\" decoding=\"async\" width=\"300\" height=\"225\" src=\"https:\/\/agora.xtec.cat\/iesjoanbrudieu\/wp-content\/uploads\/usu1248\/2026\/03\/260327_Dia_Elegancia-1.jpg\" alt=\"\" class=\"wp-image-11177 size-full\"\/><\/figure><div class=\"wp-block-media-text__content\">\n<p class=\"has-text-align-left\"><a href=\"https:\/\/photos.app.goo.gl\/JvLiYeX8bZqKVFgk8\" target=\"_blank\" rel=\"noreferrer noopener\">260327 Dia de l&#8217;Eleg\u00e0ncia<\/a><\/p>\n<\/div><\/div>\n\n\n\n<div class=\"wp-block-media-text is-stacked-on-mobile is-vertically-aligned-center\" style=\"grid-template-columns:23% auto\"><figure class=\"wp-block-media-text__media\"><img loading=\"lazy\" decoding=\"async\" width=\"1024\" height=\"526\" src=\"https:\/\/agora.xtec.cat\/iesjoanbrudieu\/wp-content\/uploads\/usu1248\/2026\/03\/260325_Agermanament_Torrent-1024x526.png\" alt=\"\" class=\"wp-image-11171 size-full\" srcset=\"https:\/\/agora.xtec.cat\/iesjoanbrudieu\/wp-content\/uploads\/usu1248\/2026\/03\/260325_Agermanament_Torrent-1024x526.png 1024w, https:\/\/agora.xtec.cat\/iesjoanbrudieu\/wp-content\/uploads\/usu1248\/2026\/03\/260325_Agermanament_Torrent-300x154.png 300w, https:\/\/agora.xtec.cat\/iesjoanbrudieu\/wp-content\/uploads\/usu1248\/2026\/03\/260325_Agermanament_Torrent-768x395.png 768w, https:\/\/agora.xtec.cat\/iesjoanbrudieu\/wp-content\/uploads\/usu1248\/2026\/03\/260325_Agermanament_Torrent.png 1432w\" sizes=\"auto, (max-width: 1024px) 100vw, 1024px\" \/><\/figure><div class=\"wp-block-media-text__content\">\n<p><a href=\"https:\/\/photos.app.goo.gl\/FDJq7nKwqMce7tP79\" target=\"_blank\" rel=\"noreferrer noopener\">260326 Agermanament amb l&#8217;Institut Tirant lo Blanc, de Torrent<\/a><\/p>\n<\/div><\/div>\n\n\n\n<div class=\"wp-block-media-text is-stacked-on-mobile is-vertically-aligned-center has-background\" style=\"background-color:#a7cf6c57;grid-template-columns:23% auto\"><figure class=\"wp-block-media-text__media\"><img loading=\"lazy\" decoding=\"async\" width=\"1024\" height=\"768\" src=\"https:\/\/agora.xtec.cat\/iesjoanbrudieu\/wp-content\/uploads\/usu1248\/2026\/03\/260325_TdR_1-1024x768.jpg\" alt=\"\" class=\"wp-image-11149 size-full\" srcset=\"https:\/\/agora.xtec.cat\/iesjoanbrudieu\/wp-content\/uploads\/usu1248\/2026\/03\/260325_TdR_1-1024x768.jpg 1024w, https:\/\/agora.xtec.cat\/iesjoanbrudieu\/wp-content\/uploads\/usu1248\/2026\/03\/260325_TdR_1-300x225.jpg 300w, https:\/\/agora.xtec.cat\/iesjoanbrudieu\/wp-content\/uploads\/usu1248\/2026\/03\/260325_TdR_1-768x576.jpg 768w, https:\/\/agora.xtec.cat\/iesjoanbrudieu\/wp-content\/uploads\/usu1248\/2026\/03\/260325_TdR_1-1536x1152.jpg 1536w, https:\/\/agora.xtec.cat\/iesjoanbrudieu\/wp-content\/uploads\/usu1248\/2026\/03\/260325_TdR_1.jpg 2048w\" sizes=\"auto, (max-width: 1024px) 100vw, 1024px\" \/><\/figure><div class=\"wp-block-media-text__content\">\n<p class=\"has-text-align-left\"><a href=\"https:\/\/photos.app.goo.gl\/3oRrcMcF65GdojbM6\" target=\"_blank\" rel=\"noreferrer noopener\">260325 Premi TdR Exporecerca Jove<\/a><\/p>\n<\/div><\/div>\n\n\n\n<div class=\"wp-block-media-text is-stacked-on-mobile is-vertically-aligned-center\" style=\"grid-template-columns:23% auto\"><figure class=\"wp-block-media-text__media\"><img loading=\"lazy\" decoding=\"async\" width=\"940\" height=\"788\" src=\"https:\/\/agora.xtec.cat\/iesjoanbrudieu\/wp-content\/uploads\/usu1248\/2026\/03\/image.png\" alt=\"\" class=\"wp-image-11143 size-full\" srcset=\"https:\/\/agora.xtec.cat\/iesjoanbrudieu\/wp-content\/uploads\/usu1248\/2026\/03\/image.png 940w, https:\/\/agora.xtec.cat\/iesjoanbrudieu\/wp-content\/uploads\/usu1248\/2026\/03\/image-300x251.png 300w, https:\/\/agora.xtec.cat\/iesjoanbrudieu\/wp-content\/uploads\/usu1248\/2026\/03\/image-768x644.png 768w\" sizes=\"auto, (max-width: 940px) 100vw, 940px\" \/><\/figure><div class=\"wp-block-media-text__content\">\n<p><a href=\"https:\/\/photos.app.goo.gl\/M8eJHxkuyoGz9HuA6\" target=\"_blank\" rel=\"noreferrer noopener\">260320 Jornada de francophonie a la Seu<\/a><\/p>\n<\/div><\/div>\n\n\n\n<div class=\"wp-block-media-text is-stacked-on-mobile is-vertically-aligned-center has-background\" style=\"background-color:#a7cf6c57;grid-template-columns:23% auto\"><figure class=\"wp-block-media-text__media\"><img loading=\"lazy\" decoding=\"async\" width=\"300\" height=\"225\" src=\"https:\/\/agora.xtec.cat\/iesjoanbrudieu\/wp-content\/uploads\/usu1248\/2026\/03\/260312_Practica_BTT_al_PFI.jpg\" alt=\"\" class=\"wp-image-10877 size-full\"\/><\/figure><div class=\"wp-block-media-text__content\">\n<p class=\"has-text-align-left\"><a href=\"https:\/\/photos.app.goo.gl\/3oRrcMcF65GdojbM6\" target=\"_blank\" rel=\"noreferrer noopener\">260312 Pr\u00e0ctica de BTT per a l&#8217;alumnat de PFI)<\/a><\/p>\n<\/div><\/div>\n\n\n\n<div class=\"wp-block-media-text is-stacked-on-mobile is-vertically-aligned-center\" style=\"grid-template-columns:23% auto\"><figure class=\"wp-block-media-text__media\"><img loading=\"lazy\" decoding=\"async\" width=\"517\" height=\"396\" src=\"https:\/\/agora.xtec.cat\/iesjoanbrudieu\/wp-content\/uploads\/usu1248\/2026\/03\/logo_lectura_veu_alta.png\" alt=\"\" class=\"wp-image-10774 size-full\" srcset=\"https:\/\/agora.xtec.cat\/iesjoanbrudieu\/wp-content\/uploads\/usu1248\/2026\/03\/logo_lectura_veu_alta.png 517w, https:\/\/agora.xtec.cat\/iesjoanbrudieu\/wp-content\/uploads\/usu1248\/2026\/03\/logo_lectura_veu_alta-300x230.png 300w\" sizes=\"auto, (max-width: 517px) 100vw, 517px\" \/><\/figure><div class=\"wp-block-media-text__content\">\n<p><a href=\"https:\/\/photos.app.goo.gl\/rpDAMPuwZtU1q7oF7\" target=\"_blank\" rel=\"noreferrer noopener\">260305 Semifinal Certamen Lectura en Veu Alta (la Seu d&#8217;Urgell)<\/a><\/p>\n<\/div><\/div>\n\n\n\n<div class=\"wp-block-media-text is-stacked-on-mobile is-vertically-aligned-center has-background\" style=\"background-color:#a7cf6c57;grid-template-columns:23% auto\"><figure class=\"wp-block-media-text__media\"><img loading=\"lazy\" decoding=\"async\" width=\"300\" height=\"225\" src=\"https:\/\/agora.xtec.cat\/iesjoanbrudieu\/wp-content\/uploads\/usu1248\/2026\/03\/260220_Esqui_SIEI_i_IFE.jpg\" alt=\"\" class=\"wp-image-10764 size-full\"\/><\/figure><div class=\"wp-block-media-text__content\">\n<p class=\"has-text-align-left\"><a href=\"https:\/\/photos.app.goo.gl\/9tGw9aUM3HFHdW628\" target=\"_blank\" rel=\"noreferrer noopener\">260220 Sortida d&#8217;Esqu\u00ed a Arans (Alumnat IFE i SIEI)<\/a><\/p>\n<\/div><\/div>\n\n\n\n<div class=\"wp-block-media-text is-stacked-on-mobile is-vertically-aligned-center\" style=\"grid-template-columns:23% auto\"><figure class=\"wp-block-media-text__media\"><img loading=\"lazy\" decoding=\"async\" width=\"300\" height=\"216\" src=\"https:\/\/agora.xtec.cat\/iesjoanbrudieu\/wp-content\/uploads\/usu1248\/2026\/02\/260218_Sortida_Barcelona_S2.jpg\" alt=\"\" class=\"wp-image-10608 size-full\"\/><\/figure><div class=\"wp-block-media-text__content\">\n<p><a href=\"https:\/\/photos.app.goo.gl\/PHyotDDcnzwuJcqn9\" target=\"_blank\" rel=\"noreferrer noopener\"><\/a><a href=\"https:\/\/photos.app.goo.gl\/PHyotDDcnzwuJcqn9\" target=\"_blank\" rel=\"noreferrer noopener\">260218 Sortida d&#8217;Angl\u00e8s a Barcelona (Alumnat S2)<\/a><\/p>\n<\/div><\/div>\n\n\n\n<div class=\"wp-block-media-text is-stacked-on-mobile is-vertically-aligned-center has-background\" style=\"background-color:#a7cf6c57;grid-template-columns:23% auto\"><figure class=\"wp-block-media-text__media\"><img loading=\"lazy\" decoding=\"async\" width=\"300\" height=\"225\" src=\"https:\/\/agora.xtec.cat\/iesjoanbrudieu\/wp-content\/uploads\/usu1248\/2026\/03\/260218_Portes_Obertes_PRIM_dia_2.jpg\" alt=\"\" class=\"wp-image-10882 size-full\"\/><\/figure><div class=\"wp-block-media-text__content\">\n<p class=\"has-text-align-left\"><a href=\"https:\/\/photos.app.goo.gl\/s9Na9RmCNYAjRs659\" target=\"_blank\" rel=\"noreferrer noopener\"><\/a><a href=\"https:\/\/photos.app.goo.gl\/s9Na9RmCNYAjRs659\" target=\"_blank\" rel=\"noreferrer noopener\">260218 Portes Obertes Alumnat Prim\u00e0ria (2n dia)<\/a><\/p>\n<\/div><\/div>\n\n\n\n<div class=\"wp-block-media-text is-stacked-on-mobile is-vertically-aligned-center\" style=\"grid-template-columns:23% auto\"><figure class=\"wp-block-media-text__media\"><img loading=\"lazy\" decoding=\"async\" width=\"300\" height=\"200\" src=\"https:\/\/agora.xtec.cat\/iesjoanbrudieu\/wp-content\/uploads\/usu1248\/2026\/02\/260213_Carnaval.jpg\" alt=\"\" class=\"wp-image-10597 size-full\"\/><\/figure><div class=\"wp-block-media-text__content\">\n<p><a href=\"https:\/\/photos.app.goo.gl\/Zfp1DRxzjxRYqfJB7\" target=\"_blank\" rel=\"noreferrer noopener\"><\/a><a href=\"https:\/\/photos.app.goo.gl\/PHyotDDcnzwuJcqn9\" target=\"_blank\" rel=\"noreferrer noopener\"><\/a><a href=\"https:\/\/photos.app.goo.gl\/Zfp1DRxzjxRYqfJB7\" target=\"_blank\" rel=\"noreferrer noopener\">260213 Carnaval<\/a><\/p>\n<\/div><\/div>\n\n\n\n<div class=\"wp-block-media-text is-stacked-on-mobile is-vertically-aligned-center has-background\" style=\"background-color:#a7cf6c57;grid-template-columns:23% auto\"><figure class=\"wp-block-media-text__media\"><img loading=\"lazy\" decoding=\"async\" width=\"300\" height=\"225\" src=\"https:\/\/agora.xtec.cat\/iesjoanbrudieu\/wp-content\/uploads\/usu1248\/2026\/03\/260204_Portes_Obertes_PRIM_dia_1.jpg\" alt=\"\" class=\"wp-image-10884 size-full\"\/><\/figure><div class=\"wp-block-media-text__content\">\n<p class=\"has-text-align-left\"><a href=\"https:\/\/photos.app.goo.gl\/s9Na9RmCNYAjRs659\" target=\"_blank\" rel=\"noreferrer noopener\"><\/a><a href=\"https:\/\/photos.app.goo.gl\/yoyKoDU1QKvtjBSd9\" target=\"_blank\" rel=\"noreferrer noopener\">260204 Portes Obertes Alumnat Prim\u00e0ria (1rn dia)<\/a><\/p>\n<\/div><\/div>\n\n\n\n<div class=\"wp-block-media-text is-stacked-on-mobile is-vertically-aligned-center\" style=\"grid-template-columns:23% auto\"><figure class=\"wp-block-media-text__media\"><img loading=\"lazy\" decoding=\"async\" width=\"300\" height=\"200\" src=\"https:\/\/agora.xtec.cat\/iesjoanbrudieu\/wp-content\/uploads\/usu1248\/2026\/02\/260204_Ruta_exili.jpg\" alt=\"\" class=\"wp-image-10563 size-full\"\/><\/figure><div class=\"wp-block-media-text__content\">\n<p><a href=\"https:\/\/photos.app.goo.gl\/Zfp1DRxzjxRYqfJB7\" target=\"_blank\" rel=\"noreferrer noopener\"><\/a><a href=\"https:\/\/photos.app.goo.gl\/PHyotDDcnzwuJcqn9\" target=\"_blank\" rel=\"noreferrer noopener\"><\/a><a href=\"https:\/\/photos.app.goo.gl\/fuHQKntiTaMdEEUz7\" target=\"_blank\" rel=\"noreferrer noopener\"><\/a><a href=\"https:\/\/photos.app.goo.gl\/fuHQKntiTaMdEEUz7\" target=\"_blank\" rel=\"noreferrer noopener\">260204 Ruta de l&#8217;exili<\/a><\/p>\n<\/div><\/div>\n\n\n\n<div class=\"wp-block-media-text is-stacked-on-mobile is-vertically-aligned-center has-background\" style=\"background-color:#a7cf6c57;grid-template-columns:23% auto\"><figure class=\"wp-block-media-text__media\"><img loading=\"lazy\" decoding=\"async\" width=\"300\" height=\"225\" src=\"https:\/\/agora.xtec.cat\/iesjoanbrudieu\/wp-content\/uploads\/usu1248\/2026\/01\/251218_Concert_de_Nadal.jpg\" alt=\"\" class=\"wp-image-10522 size-full\" srcset=\"https:\/\/agora.xtec.cat\/iesjoanbrudieu\/wp-content\/uploads\/usu1248\/2026\/01\/251218_Concert_de_Nadal.jpg 300w, https:\/\/agora.xtec.cat\/iesjoanbrudieu\/wp-content\/uploads\/usu1248\/2026\/01\/251218_Concert_de_Nadal-200x150.jpg 200w\" sizes=\"auto, (max-width: 300px) 100vw, 300px\" \/><\/figure><div class=\"wp-block-media-text__content\">\n<p class=\"has-text-align-left\"><a href=\"https:\/\/photos.app.goo.gl\/WeZ9GGVyovY6Jak29\" target=\"_blank\" rel=\"noreferrer noopener\"><\/a><a href=\"https:\/\/photos.app.goo.gl\/WeZ9GGVyovY6Jak29\" target=\"_blank\" rel=\"noreferrer noopener\">251218 Concert de Nadal<\/a><\/p>\n<\/div><\/div>\n\n\n\n<div class=\"wp-block-media-text is-stacked-on-mobile is-vertically-aligned-center\" style=\"grid-template-columns:23% auto\"><figure class=\"wp-block-media-text__media\"><img loading=\"lazy\" decoding=\"async\" width=\"300\" height=\"225\" src=\"https:\/\/agora.xtec.cat\/iesjoanbrudieu\/wp-content\/uploads\/usu1248\/2025\/12\/251217_PFI_visita_agraria.jpg\" alt=\"\" class=\"wp-image-10512 size-full\" srcset=\"https:\/\/agora.xtec.cat\/iesjoanbrudieu\/wp-content\/uploads\/usu1248\/2025\/12\/251217_PFI_visita_agraria.jpg 300w, https:\/\/agora.xtec.cat\/iesjoanbrudieu\/wp-content\/uploads\/usu1248\/2025\/12\/251217_PFI_visita_agraria-200x150.jpg 200w\" sizes=\"auto, (max-width: 300px) 100vw, 300px\" \/><\/figure><div class=\"wp-block-media-text__content\">\n<p><a href=\"https:\/\/photos.app.goo.gl\/Zfp1DRxzjxRYqfJB7\" target=\"_blank\" rel=\"noreferrer noopener\"><\/a><a href=\"https:\/\/photos.app.goo.gl\/PHyotDDcnzwuJcqn9\" target=\"_blank\" rel=\"noreferrer noopener\"><\/a><a href=\"https:\/\/photos.app.goo.gl\/ZwHWz6D8LqJ3WvjMA\" target=\"_blank\" rel=\"noreferrer noopener\"><\/a><a href=\"https:\/\/photos.app.goo.gl\/fuHQKntiTaMdEEUz7\" target=\"_blank\" rel=\"noreferrer noopener\"><\/a><a href=\"https:\/\/photos.app.goo.gl\/ZwHWz6D8LqJ3WvjMA\" target=\"_blank\" rel=\"noreferrer noopener\">251217 Alumnat del PFI visita l&#8217;Escola Agr\u00e0ria<\/a><\/p>\n<\/div><\/div>\n\n\n\n<div class=\"wp-block-media-text is-stacked-on-mobile is-vertically-aligned-center has-background\" style=\"background-color:#a7cf6c57;grid-template-columns:23% auto\"><figure class=\"wp-block-media-text__media\"><img loading=\"lazy\" decoding=\"async\" width=\"300\" height=\"225\" src=\"https:\/\/agora.xtec.cat\/iesjoanbrudieu\/wp-content\/uploads\/usu1248\/2025\/12\/251203_Sortida_Pallars.jpg\" alt=\"\" class=\"wp-image-10500 size-full\" srcset=\"https:\/\/agora.xtec.cat\/iesjoanbrudieu\/wp-content\/uploads\/usu1248\/2025\/12\/251203_Sortida_Pallars.jpg 300w, https:\/\/agora.xtec.cat\/iesjoanbrudieu\/wp-content\/uploads\/usu1248\/2025\/12\/251203_Sortida_Pallars-200x150.jpg 200w\" sizes=\"auto, (max-width: 300px) 100vw, 300px\" \/><\/figure><div class=\"wp-block-media-text__content\">\n<p class=\"has-text-align-left\"><a href=\"https:\/\/photos.app.goo.gl\/q8qtt9tQfzsofTZ68\" target=\"_blank\" rel=\"noreferrer noopener\">251202 i 251203 Sortida al Pallars Sobir\u00e0 (Alumnat Geografia B2)<\/a><\/p>\n<\/div><\/div>\n\n\n\n<div class=\"wp-block-media-text is-stacked-on-mobile is-vertically-aligned-center\" style=\"grid-template-columns:23% auto\"><figure class=\"wp-block-media-text__media\"><img loading=\"lazy\" decoding=\"async\" width=\"300\" height=\"225\" src=\"https:\/\/agora.xtec.cat\/iesjoanbrudieu\/wp-content\/uploads\/usu1248\/2025\/12\/251128_Treball_cooperatiu_PFI_SIEI.jpg\" alt=\"\" class=\"wp-image-10495 size-full\" srcset=\"https:\/\/agora.xtec.cat\/iesjoanbrudieu\/wp-content\/uploads\/usu1248\/2025\/12\/251128_Treball_cooperatiu_PFI_SIEI.jpg 300w, https:\/\/agora.xtec.cat\/iesjoanbrudieu\/wp-content\/uploads\/usu1248\/2025\/12\/251128_Treball_cooperatiu_PFI_SIEI-200x150.jpg 200w\" sizes=\"auto, (max-width: 300px) 100vw, 300px\" \/><\/figure><div class=\"wp-block-media-text__content\">\n<p><a href=\"https:\/\/photos.app.goo.gl\/Zfp1DRxzjxRYqfJB7\" target=\"_blank\" rel=\"noreferrer noopener\"><\/a><a href=\"https:\/\/photos.app.goo.gl\/PHyotDDcnzwuJcqn9\" target=\"_blank\" rel=\"noreferrer noopener\"><\/a><a href=\"https:\/\/photos.app.goo.gl\/ZwHWz6D8LqJ3WvjMA\" target=\"_blank\" rel=\"noreferrer noopener\"><\/a><a href=\"https:\/\/photos.app.goo.gl\/fuHQKntiTaMdEEUz7\" target=\"_blank\" rel=\"noreferrer noopener\"><\/a><a href=\"https:\/\/photos.app.goo.gl\/ZajntkURDpyZqcHH6\" target=\"_blank\" rel=\"noreferrer noopener\">251128 Treball cooperatiu PFI i SIEI pe a ornamentacions de Nadal<\/a><\/p>\n<\/div><\/div>\n\n\n\n<figure class=\"wp-block-image aligncenter\"><img decoding=\"async\" src=\"https:\/\/institutjoanbrudieu.cat\/public\/web_centre\/html\/documents\/fotos_web\/251118_Visita_estudiants_UDL_Biomedicina.jpg\" alt=\"251118_Visita_estudiants_UDL_Biomedicina\" class=\"wp-image-1717\"\/><\/figure>\n\n\n\n<div class=\"blocimg\"><a href=\"https:\/\/photos.app.goo.gl\/SVdS1n7xWK1hxB1n9\" target=\"_blank\" rel=\"noopener noreferrer\">251118 Visita d&#8217;estudiants de la UDL &#8211; Aula Biomedicina B1<\/a><\/div>\n\n\n\n<figure class=\"wp-block-image aligncenter\"><img decoding=\"async\" src=\"https:\/\/institutjoanbrudieu.cat\/public\/web_centre\/html\/documents\/fotos_web\/251113_TdR_B2.jpg\" alt=\"251113_TdR_B2\" class=\"wp-image-1717\"\/><\/figure>\n\n\n\n<div class=\"blocimg\"><a href=\"https:\/\/photos.app.goo.gl\/ugCMQSEXMg9UnHqD6\" target=\"_blank\" rel=\"noopener noreferrer\">251113 Presentaci\u00f3 dels Treballs de Recerca (alumnat B2)<\/a><\/div>\n\n\n\n<figure class=\"wp-block-image aligncenter\"><img decoding=\"async\" src=\"https:\/\/institutjoanbrudieu.cat\/public\/web_centre\/html\/documents\/fotos_web\/251111_Concurs_Bebras.jpg\" alt=\"251111_Concurs_Bebras\" class=\"wp-image-1717\"\/><\/figure>\n\n\n\n<div class=\"blocimg\"><a href=\"https:\/\/photos.app.goo.gl\/LrcN2aEBtP2TmGgS8\" target=\"_blank\" rel=\"noopener noreferrer\">251111 Participaci\u00f3 al Concurs Bebras<\/a><\/div>\n\n\n\n<figure class=\"wp-block-image aligncenter\"><img decoding=\"async\" src=\"https:\/\/institutjoanbrudieu.cat\/public\/web_centre\/html\/documents\/fotos_web\/251110_Vilamur_PFI.jpg\" alt=\"251110_Vilamur_PFI\" class=\"wp-image-1717\"\/><\/figure>\n\n\n\n<div class=\"blocimg\"><a href=\"https:\/\/photos.app.goo.gl\/hAsunruisHTNEaJ39\" target=\"_blank\" rel=\"noopener noreferrer\">251110 Alumnat del PFI a Vilamur<\/a><\/div>\n\n\n\n<figure class=\"wp-block-image aligncenter\"><img decoding=\"async\" src=\"https:\/\/institutjoanbrudieu.cat\/public\/web_centre\/html\/documents\/fotos_web\/251104_Cursa_orientacio_SIEI_IFE.jpg\" alt=\"251104_Cursa_orientacio_SIEI_IFE\" class=\"wp-image-1717\"\/><\/figure>\n\n\n\n<div class=\"blocimg\"><a href=\"https:\/\/photos.app.goo.gl\/YGsUDvfS5UcjvyF2A\" target=\"_blank\" rel=\"noopener noreferrer\">251104 Cursa d&#8217;orientaci\u00f3 a Sant Joan de l&#8217;Erm (alumnatSIEI-IFE)<\/a><\/div>\n\n\n\n<figure class=\"wp-block-image aligncenter\"><img decoding=\"async\" src=\"https:\/\/institutjoanbrudieu.cat\/public\/web_centre\/html\/documents\/fotos_web\/251023_ERASMUS_day.jpg\" alt=\"251023_ERASMUS_day\" class=\"wp-image-1717\"\/><\/figure>\n\n\n\n<div class=\"blocimg\"><a href=\"https:\/\/photos.app.goo.gl\/4AsbrKB8xsSVx32v8\" target=\"_blank\" rel=\"noopener noreferrer\">251023 ERASMUS day<\/a><\/div>\n\n\n\n<figure class=\"wp-block-image aligncenter\"><img decoding=\"async\" src=\"https:\/\/institutjoanbrudieu.cat\/public\/web_centre\/html\/documents\/fotos_web\/251017_Hackato_Pirineu.jpg\" alt=\"251017_Hackato_Pirineu\" class=\"wp-image-1717\"\/><\/figure>\n\n\n\n<div class=\"blocimg\"><a href=\"https:\/\/photos.app.goo.gl\/MJvnkvZn7GF1SJme9\" target=\"_blank\" rel=\"noopener noreferrer\">251017 Participaci\u00f3 de l&#8217;Institut al Hackat\u00f3 Pirineu<\/a><\/div>\n\n\n\n<figure class=\"wp-block-image aligncenter\"><img decoding=\"async\" src=\"https:\/\/institutjoanbrudieu.cat\/public\/web_centre\/html\/documents\/fotos_web\/251004_Ball_Cerda_Intergeneracional.jpg\" alt=\"251004_Ball_Cerda_Intergeneracional\" class=\"wp-image-1717\"\/><\/figure>\n\n\n\n<div class=\"blocimg\"><a href=\"https:\/\/photos.app.goo.gl\/seu8bySY1Ld1hPRa9\" target=\"_blank\" rel=\"noopener noreferrer\">251004 Ball Cerd\u00e0 Intergeneracional<\/a><\/div>\n\n\n\n<figure class=\"wp-block-image aligncenter\"><img decoding=\"async\" src=\"https:\/\/institutjoanbrudieu.cat\/public\/web_centre\/html\/documents\/fotos_web\/250926_Parc_Valira_IFE.jpg\" alt=\"250926_Parc_Valira_IFE\" class=\"wp-image-1717\"\/><\/figure>\n\n\n\n<div class=\"blocimg\"><a href=\"https:\/\/photos.app.goo.gl\/zuNRjdFFFsDM7Bgb9\" target=\"_blank\" rel=\"noopener noreferrer\">250926 Alumnat de l&#8217;IFE al Parc de la Valira<\/a><\/div>\n\n\n\n<figure class=\"wp-block-image aligncenter\"><img decoding=\"async\" src=\"https:\/\/institutjoanbrudieu.cat\/public\/web_centre\/html\/documents\/fotos_web\/250917_Acollida_FP.jpg\" alt=\"250917_Acollida_FP\" class=\"wp-image-1717\"\/><\/figure>\n\n\n\n<div class=\"blocimg\"><a href=\"https:\/\/photos.app.goo.gl\/h7EUzSgAryQwb5sT9\" target=\"_blank\" rel=\"noopener noreferrer\">250917 Activitats d&#8217;Acollida per a l&#8217;alumnat d&#8217;FP (CFS EDI)<\/a><\/div>\n\n\n\n<figure class=\"wp-block-image aligncenter\"><img decoding=\"async\" src=\"https:\/\/institutjoanbrudieu.cat\/public\/web_centre\/html\/documents\/fotos_web\/250917_Acollida_FP.jpg\" alt=\"250917_Acollida_FP\" class=\"wp-image-1717\"\/><\/figure>\n\n\n\n<div class=\"blocimg\"><a href=\"https:\/\/photos.app.goo.gl\/9ABdg9ZtnWCFu3js9\" target=\"_blank\" rel=\"noopener noreferrer\">250917 Activitats d&#8217;Acollida per a l&#8217;alumnat d&#8217;FP (CFS ASIX &#8211; DAM)<\/a><\/div>\n\n\n\n<figure class=\"wp-block-image aligncenter\"><img decoding=\"async\" src=\"https:\/\/institutjoanbrudieu.cat\/public\/web_centre\/html\/documents\/fotos_web\/250917_Acollida_FP.jpg\" alt=\"250917_Acollida_FP\" class=\"wp-image-1717\"\/><\/figure>\n\n\n\n<div class=\"blocimg\"><a href=\"https:\/\/photos.app.goo.gl\/AQgMkXLNMA4Vy6kk7\" target=\"_blank\" rel=\"noopener noreferrer\">250917 Activitats d&#8217;Acollida per a l&#8217;alumnat d&#8217;FP (CFM CAI-APD 2n)<\/a><\/div>\n\n\n\n<figure class=\"wp-block-image aligncenter\"><img decoding=\"async\" src=\"https:\/\/institutjoanbrudieu.cat\/public\/web_centre\/html\/documents\/fotos_web\/250917_Acollida_FP.jpg\" alt=\"250917_Acollida_FP\" class=\"wp-image-1717\"\/><\/figure>\n\n\n\n<div class=\"blocimg\"><a href=\"https:\/\/photos.app.goo.gl\/C1r6wK8oQPZWLwMHA\" target=\"_blank\" rel=\"noopener noreferrer\">250917 Activitats d&#8217;Acollida per a l&#8217;alumnat d&#8217;FP (CFM CAI-APD 1r)<\/a><\/div>\n\n\n\n<figure class=\"wp-block-image aligncenter\"><img decoding=\"async\" src=\"https:\/\/institutjoanbrudieu.cat\/public\/web_centre\/html\/documents\/fotos_web\/250917_Acollida_FP.jpg\" alt=\"250917_Acollida_FP\" class=\"wp-image-1717\"\/><\/figure>\n\n\n\n<div class=\"blocimg\"><a href=\"https:\/\/photos.app.goo.gl\/wLS2mvRddWYDnK54A\" target=\"_blank\" rel=\"noopener noreferrer\">250917 Activitats d&#8217;Acollida per a l&#8217;alumnat d&#8217;FP (CFM GAD 2n)<\/a><\/div>\n\n\n\n<figure class=\"wp-block-image aligncenter\"><img decoding=\"async\" src=\"https:\/\/institutjoanbrudieu.cat\/public\/web_centre\/html\/documents\/fotos_web\/250917_Acollida_FP.jpg\" alt=\"250917_Acollida_FP\" class=\"wp-image-1717\"\/><\/figure>\n\n\n\n<div class=\"blocimg\"><a href=\"https:\/\/photos.app.goo.gl\/jdSCWDiNygartUgQ7\" target=\"_blank\" rel=\"noopener noreferrer\">250917 Activitats d&#8217;Acollida per a l&#8217;alumnat d&#8217;FP (CFM GAD 1r)<\/a><\/div>\n\n\n\n<figure class=\"wp-block-image aligncenter\"><img decoding=\"async\" src=\"https:\/\/institutjoanbrudieu.cat\/public\/web_centre\/html\/documents\/fotos_web\/250917_Acollida_FP.jpg\" alt=\"250917_Acollida_FP\" class=\"wp-image-1717\"\/><\/figure>\n\n\n\n<div class=\"blocimg\"><a href=\"https:\/\/photos.app.goo.gl\/eRiefbZPuQhW21mz9\" target=\"_blank\" rel=\"noopener noreferrer\">250917 Activitats d&#8217;Acollida per a l&#8217;alumnat d&#8217;FP (CFM SMX 2n)<\/a><\/div>\n\n\n\n<figure class=\"wp-block-image aligncenter\"><img decoding=\"async\" src=\"https:\/\/institutjoanbrudieu.cat\/public\/web_centre\/html\/documents\/fotos_web\/250917_Acollida_FP.jpg\" alt=\"250917_Acollida_FP\" class=\"wp-image-1717\"\/><\/figure>\n\n\n\n<div class=\"blocimg\"><a href=\"https:\/\/photos.app.goo.gl\/7ozqB9Uh1pogRimh6\" target=\"_blank\" rel=\"noopener noreferrer\">250917 Activitats d&#8217;Acollida per a l&#8217;alumnat d&#8217;FP (CFM SMX 1r)<\/a><\/div>\n\n\n\n<figure class=\"wp-block-image aligncenter\"><img decoding=\"async\" src=\"https:\/\/institutjoanbrudieu.cat\/public\/web_centre\/html\/documents\/fotos_web\/250917_Acollida_FP.jpg\" alt=\"250917_Acollida_FP\" class=\"wp-image-1717\"\/><\/figure>\n\n\n\n<div class=\"blocimg\"><a href=\"https:\/\/photos.app.goo.gl\/h75toybakwsaw67y5\" target=\"_blank\" rel=\"noopener noreferrer\">250917 Activitats d&#8217;Acollida per a l&#8217;alumnat d&#8217;FP (IFE)<\/a><\/div>\n\n\n\n<figure class=\"wp-block-image aligncenter\"><img decoding=\"async\" src=\"https:\/\/institutjoanbrudieu.cat\/public\/web_centre\/html\/documents\/fotos_web\/250912_Inici_curs_PFI_a_Ajuntament.jpg\" alt=\"250912_Inici_curs_PFI_a_Ajuntament\" class=\"wp-image-1717\"\/><\/figure>\n\n\n\n<div class=\"blocimg\"><a href=\"https:\/\/photos.app.goo.gl\/Cv6jbd9faV3pRX9B7\" target=\"_blank\" rel=\"noopener noreferrer\">250912 Inici de curs del PFI: Benvinguda a l&#8217;Ajuntament de la Seu<\/a><\/div>\n\n\n\n<figure class=\"wp-block-image aligncenter\"><img decoding=\"async\" src=\"https:\/\/institutjoanbrudieu.cat\/public\/web_centre\/html\/documents\/fotos_web\/250910_Sortida_Calvinya_S3.jpg\" alt=\"250910_Sortida_Calvinya_S3\" class=\"wp-image-1717\"\/><\/figure>\n\n\n\n<div class=\"blocimg\"><a href=\"https:\/\/photos.app.goo.gl\/yiZiQfr5Vv3JLbif9\" target=\"_blank\" rel=\"noopener noreferrer\">250910 Sortida a Calviny\u00e0 (3r ESO)<\/a><\/div>\n\n\n\n<p><\/p>\n","protected":false},"excerpt":{"rendered":"<p>CURS 2025-2026 260423 Sant Jordi 260420 Dictats pluriling\u00fces 260418 FEM Matem\u00e0tiques 260418 Fira del m\u00f3n geganter a la Seu d&#8217;Urgell 260408 2a Jornada ambiental intercentres 260408 Presentaci\u00f3 nou PFI-PTT 260327 Dia de l&#8217;Eleg\u00e0ncia 260326 Agermanament amb l&#8217;Institut Tirant lo Blanc, de Torrent 260325 Premi TdR Exporecerca Jove 260320 Jornada de francophonie a la Seu 260312 [&hellip;]<\/p>\n","protected":false},"author":1,"featured_media":0,"parent":0,"menu_order":0,"comment_status":"closed","ping_status":"closed","template":"","meta":{"_bbp_topic_count":0,"_bbp_reply_count":0,"_bbp_total_topic_count":0,"_bbp_total_reply_count":0,"_bbp_voice_count":0,"_bbp_anonymous_reply_count":0,"_bbp_topic_count_hidden":0,"_bbp_reply_count_hidden":0,"_bbp_forum_subforum_count":0,"site-sidebar-layout":"left-sidebar","site-content-layout":"","ast-site-content-layout":"default","site-content-style":"default","site-sidebar-style":"default","ast-global-header-display":"","ast-banner-title-visibility":"","ast-main-header-display":"","ast-hfb-above-header-display":"","ast-hfb-below-header-display":"","ast-hfb-mobile-header-display":"","site-post-title":"","ast-breadcrumbs-content":"","ast-featured-img":"","footer-sml-layout":"","theme-transparent-header-meta":"","adv-header-id-meta":"","stick-header-meta":"","header-above-stick-meta":"","header-main-stick-meta":"","header-below-stick-meta":"","astra-migrate-meta-layouts":"set","ast-page-background-enabled":"default","ast-page-background-meta":{"desktop":{"background-color":"var(--ast-global-color-4)","background-image":"","background-repeat":"repeat","background-position":"center center","background-size":"auto","background-attachment":"scroll","background-type":"","background-media":"","overlay-type":"","overlay-color":"","overlay-opacity":"","overlay-gradient":""},"tablet":{"background-color":"","background-image":"","background-repeat":"repeat","background-position":"center center","background-size":"auto","background-attachment":"scroll","background-type":"","background-media":"","overlay-type":"","overlay-color":"","overlay-opacity":"","overlay-gradient":""},"mobile":{"background-color":"","background-image":"","background-repeat":"repeat","background-position":"center center","background-size":"auto","background-attachment":"scroll","background-type":"","background-media":"","overlay-type":"","overlay-color":"","overlay-opacity":"","overlay-gradient":""}},"ast-content-background-meta":{"desktop":{"background-color":"var(--ast-global-color-5)","background-image":"","background-repeat":"repeat","background-position":"center center","background-size":"auto","background-attachment":"scroll","background-type":"","background-media":"","overlay-type":"","overlay-color":"","overlay-opacity":"","overlay-gradient":""},"tablet":{"background-color":"var(--ast-global-color-5)","background-image":"","background-repeat":"repeat","background-position":"center center","background-size":"auto","background-attachment":"scroll","background-type":"","background-media":"","overlay-type":"","overlay-color":"","overlay-opacity":"","overlay-gradient":""},"mobile":{"background-color":"var(--ast-global-color-5)","background-image":"","background-repeat":"repeat","background-position":"center center","background-size":"auto","background-attachment":"scroll","background-type":"","background-media":"","overlay-type":"","overlay-color":"","overlay-opacity":"","overlay-gradient":""}},"footnotes":""},"class_list":["post-1712","page","type-page","status-publish","hentry"],"post_mailing_queue_ids":[],"_links":{"self":[{"href":"https:\/\/agora.xtec.cat\/iesjoanbrudieu\/wp-json\/wp\/v2\/pages\/1712","targetHints":{"allow":["GET"]}}],"collection":[{"href":"https:\/\/agora.xtec.cat\/iesjoanbrudieu\/wp-json\/wp\/v2\/pages"}],"about":[{"href":"https:\/\/agora.xtec.cat\/iesjoanbrudieu\/wp-json\/wp\/v2\/types\/page"}],"author":[{"embeddable":true,"href":"https:\/\/agora.xtec.cat\/iesjoanbrudieu\/wp-json\/wp\/v2\/users\/1"}],"replies":[{"embeddable":true,"href":"https:\/\/agora.xtec.cat\/iesjoanbrudieu\/wp-json\/wp\/v2\/comments?post=1712"}],"version-history":[{"count":6,"href":"https:\/\/agora.xtec.cat\/iesjoanbrudieu\/wp-json\/wp\/v2\/pages\/1712\/revisions"}],"predecessor-version":[{"id":11250,"href":"https:\/\/agora.xtec.cat\/iesjoanbrudieu\/wp-json\/wp\/v2\/pages\/1712\/revisions\/11250"}],"wp:attachment":[{"href":"https:\/\/agora.xtec.cat\/iesjoanbrudieu\/wp-json\/wp\/v2\/media?parent=1712"}],"curies":[{"name":"wp","href":"https:\/\/api.w.org\/{rel}","templated":true}]}}