{"id":10312,"date":"2025-08-29T16:11:36","date_gmt":"2025-08-29T14:11:36","guid":{"rendered":"https:\/\/agora.xtec.cat\/iesjoanbrudieu\/?page_id=10312"},"modified":"2025-08-29T16:11:36","modified_gmt":"2025-08-29T14:11:36","slug":"fotografies-curs-2024-2025","status":"publish","type":"page","link":"https:\/\/agora.xtec.cat\/iesjoanbrudieu\/fotografies-de-linstitut\/fotografies-curs-2024-2025\/","title":{"rendered":"Fotografies: curs 2024-2025"},"content":{"rendered":"<h2 class=\"titolh2\">CURS 2024-2025<\/h2>\n<div class=\"blocimg\"><a href=\"https:\/\/photos.app.goo.gl\/1Kg3nwwkuWfhvaNW6\" target=\"_blank\" rel=\"noopener noreferrer\"><img decoding=\"async\" class=\"size-thumbnail wp-image-1717 aligncenter img150x150\" src=\"https:\/\/institutjoanbrudieu.cat\/public\/web_centre\/html\/documents\/fotos_web\/250619_Graduacio_S4.jpg\" alt=\"250619_Graduacio_S4\" \/>250619 Cloenda 4t ESO: fotografies<\/a><\/div>\n<div class=\"blocimg\"><a href=\"https:\/\/photos.app.goo.gl\/gfBKBKbRhCQif3ZBA\" target=\"_blank\" rel=\"noopener noreferrer\"><img decoding=\"async\" class=\"size-thumbnail wp-image-1717 aligncenter img150x150\" src=\"https:\/\/institutjoanbrudieu.cat\/public\/web_centre\/html\/documents\/fotos_web\/250613_Viatge_Italia.jpg\" alt=\"250613_Viatge_Italia\" \/>250613 Viatge a It\u00e0lia<\/a><\/div>\n<div class=\"blocimg\"><a href=\"https:\/\/photos.app.goo.gl\/Sxij7oLUA28fZDgG8\" target=\"_blank\" rel=\"noopener noreferrer\"><img decoding=\"async\" class=\"size-thumbnail wp-image-1717 aligncenter img150x150\" src=\"https:\/\/institutjoanbrudieu.cat\/public\/web_centre\/html\/documents\/fotos_web\/250604_Concurs_Whatsapp.jpg\" alt=\"250604_Concurs_Whatsapp\" \/>250604 Concurs Whatsapp (lliurament premis)<\/a><\/div>\n<div class=\"blocimg\"><a href=\"https:\/\/photos.app.goo.gl\/UEe492Yk3xjKC7Ns5\" target=\"_blank\" rel=\"noopener noreferrer\"><img decoding=\"async\" class=\"size-thumbnail wp-image-1717 aligncenter img150x150\" src=\"https:\/\/institutjoanbrudieu.cat\/public\/web_centre\/html\/documents\/fotos_web\/250604_Erasmus_FP.jpg\" alt=\"250604_Erasmus_FP\" \/>250604 Erasmus+ FP<\/a><\/div>\n<div class=\"blocimg\"><a href=\"https:\/\/photos.app.goo.gl\/cLsN7o2iVLXTUbFA6\" target=\"_blank\" rel=\"noopener noreferrer\"><img decoding=\"async\" class=\"size-thumbnail wp-image-1717 aligncenter img150x150\" src=\"https:\/\/institutjoanbrudieu.cat\/public\/web_centre\/html\/documents\/fotos_web\/250530_Graduacio_BTX_FP_IFE.jpg\" alt=\"250530_Graduacio_BTX_FP_IFE\" \/>250530 Graduaci\u00f3 BTX-FP-IFE<\/a><\/div>\n<div class=\"blocimg\"><a href=\"https:\/\/photos.app.goo.gl\/u4kSGPHJ7QTan6NdA\" target=\"_blank\" rel=\"noopener noreferrer\"><img decoding=\"async\" class=\"size-thumbnail wp-image-1717 aligncenter img150x150\" src=\"https:\/\/institutjoanbrudieu.cat\/public\/web_centre\/html\/documents\/fotos_web\/250530_Premis_COAC.jpg\" alt=\"250530_Premis_COAC\" \/>250530 Premis COAC 2025<\/a><\/div>\n<div class=\"blocimg\"><a href=\"https:\/\/photos.app.goo.gl\/HgjeDqonqtZnAzQv8\" target=\"_blank\" rel=\"noopener noreferrer\"><img decoding=\"async\" class=\"size-thumbnail wp-image-1717 aligncenter img150x150\" src=\"https:\/\/institutjoanbrudieu.cat\/public\/web_centre\/html\/documents\/fotos_web\/250528_Consell_Adolescents.jpg\" alt=\"250528_Consell_Adolescents\" \/>250528 Consell d&#8217;Adolescents de la Seu d&#8217;Urgell<\/a><\/div>\n<div class=\"blocimg\"><a href=\"https:\/\/photos.app.goo.gl\/nEk95oE4NkA8D15f8\" target=\"_blank\" rel=\"noopener noreferrer\"><img decoding=\"async\" class=\"size-thumbnail wp-image-1717 aligncenter img150x150\" src=\"https:\/\/institutjoanbrudieu.cat\/public\/web_centre\/html\/documents\/fotos_web\/250523_Gimcana_matematica.jpg\" alt=\"250523_Gimcana_matematica\" \/>250523 Gimcana matem\u00e0tica<\/a><\/div>\n<div class=\"blocimg\"><a href=\"https:\/\/photos.app.goo.gl\/ez5SgGGzJy3F9j6u7\" target=\"_blank\" rel=\"noopener noreferrer\"><img decoding=\"async\" class=\"size-thumbnail wp-image-1717 aligncenter img150x150\" src=\"https:\/\/institutjoanbrudieu.cat\/public\/web_centre\/html\/documents\/fotos_web\/250509_Dinar_B2.jpg\" alt=\"250509_Dinar_B2\" \/>250508 Dinar de 2n BTX<\/a><\/div>\n<div class=\"blocimg\"><a href=\"https:\/\/photos.app.goo.gl\/W2oAeW2KVkuBGPwG6\" target=\"_blank\" rel=\"noopener noreferrer\"><img decoding=\"async\" class=\"size-thumbnail wp-image-1717 aligncenter img150x150\" src=\"https:\/\/institutjoanbrudieu.cat\/public\/web_centre\/html\/documents\/fotos_web\/250508_Jornada_intergeneracional.jpg\" alt=\"250508_Jornada_intergeneracional\" \/>250508 Jornada intergeneracional<\/a><\/div>\n<div class=\"blocimg\"><a href=\"https:\/\/photos.app.goo.gl\/16rMphpz2UoJpnyN8\" target=\"_blank\" rel=\"noopener noreferrer\"><img decoding=\"async\" class=\"size-thumbnail wp-image-1717 aligncenter img150x150\" src=\"https:\/\/institutjoanbrudieu.cat\/public\/web_centre\/html\/documents\/fotos_web\/250508_Copa_Cangur.jpg\" alt=\"250508_Copa_Cangur\" \/>250508 Copa Cangur<\/a><\/div>\n<div class=\"blocimg\"><a href=\"https:\/\/photos.app.goo.gl\/4YG8vaLrpAQoUvY78\" target=\"_blank\" rel=\"noopener noreferrer\"><img decoding=\"async\" class=\"size-thumbnail wp-image-1717 aligncenter img150x150\" src=\"https:\/\/institutjoanbrudieu.cat\/public\/web_centre\/html\/documents\/fotos_web\/250507_SIEI_Brudieu_visita_escola_agraria.jpg\" alt=\"250507_SIEI_Brudieu_visita_escola_agraria\" \/>250507 Alumnat del SIEI visita l&#8217;Escola Agr\u00e0ria<\/a><\/div>\n<div class=\"blocimg\"><a href=\"https:\/\/photos.app.goo.gl\/Lge6HFn9VX9NqrdSA\" target=\"_blank\" rel=\"noopener noreferrer\"><img decoding=\"async\" class=\"size-thumbnail wp-image-1717 aligncenter img150x150\" src=\"https:\/\/institutjoanbrudieu.cat\/public\/web_centre\/html\/documents\/fotos_web\/250428_Exposicio_Homo_Pirinensis.jpg\" alt=\"250428_Exposicio_Homo_Pirinensis\" \/>250428 Exposici\u00f3 Homo Pirinensis<\/a><\/div>\n<div class=\"blocimg\"><a href=\"https:\/\/photos.app.goo.gl\/iM1RAnPzsPmpUGpK8\" target=\"_blank\" rel=\"noopener noreferrer\"><img decoding=\"async\" class=\"size-thumbnail wp-image-1717 aligncenter img150x150\" src=\"https:\/\/institutjoanbrudieu.cat\/public\/web_centre\/html\/documents\/fotos_web\/250425_Setmana_FP.jpg\" alt=\"250425_Setmana_FP\" \/>250425 Setmana FP<\/a><\/div>\n<div class=\"blocimg\"><a href=\"https:\/\/photos.app.goo.gl\/jkoL36nT3GfPPMHHA\" target=\"_blank\" rel=\"noopener noreferrer\"><img decoding=\"async\" class=\"size-thumbnail wp-image-1717 aligncenter img150x150\" src=\"https:\/\/institutjoanbrudieu.cat\/public\/web_centre\/html\/documents\/fotos_web\/250425_Taller_cuina_IFE_SIEI.jpg\" alt=\"250425_Taller_cuina_IFE_SIEI\" \/>250425 Taller de cuina (alumnat IFE i SIEI)<\/a><\/div>\n<div class=\"blocimg\"><a href=\"https:\/\/photos.app.goo.gl\/Hxdaj16GhZP1iwpW8\" target=\"_blank\" rel=\"noopener noreferrer\"><img decoding=\"async\" class=\"size-thumbnail wp-image-1717 aligncenter img150x150\" src=\"https:\/\/institutjoanbrudieu.cat\/public\/web_centre\/html\/documents\/fotos_web\/Sant_Jordi_rosa.jpg\" alt=\"Sant_Jordi_rosa.jpg\" \/>250423 Lliurament premis de sant Jordi<\/a><\/div>\n<div class=\"blocimg\"><a href=\"https:\/\/photos.app.goo.gl\/JFJMtSvWUYyXPj9i6\" target=\"_blank\" rel=\"noopener noreferrer\"><img decoding=\"async\" class=\"size-thumbnail wp-image-1717 aligncenter img150x150\" src=\"https:\/\/institutjoanbrudieu.cat\/public\/web_centre\/html\/documents\/fotos_web\/250411_Dia_Elegancia.jpg\" alt=\"250411_Dia_Elegancia\" \/>250411_Dia de l&#8217;Eleg\u00e0ncia<\/a><\/div>\n<div class=\"blocimg\"><a href=\"https:\/\/photos.app.goo.gl\/f72QuW9DExixJcgAA\" target=\"_blank\" rel=\"noopener noreferrer\"><img decoding=\"async\" class=\"size-thumbnail wp-image-1717 aligncenter img150x150\" src=\"https:\/\/institutjoanbrudieu.cat\/public\/web_centre\/html\/documents\/fotos_web\/250411_SIEI_visita_ajuntament_Seu.jpg\" alt=\"250411_SIEI_visita_ajuntament_Seu\" \/>250411 l&#8217;Alumnat del SIEI visita l&#8217;Ajuntament de la SEu d&#8217;Urgell<\/a><\/div>\n<div class=\"blocimg\"><a href=\"https:\/\/photos.app.goo.gl\/dxP8mD9WPG8RkReF8\" target=\"_blank\" rel=\"noopener noreferrer\"><img decoding=\"async\" class=\"size-thumbnail wp-image-1717 aligncenter img150x150\" src=\"https:\/\/institutjoanbrudieu.cat\/public\/web_centre\/html\/documents\/fotos_web\/250406_Festival_Joc_Pirineu.jpg\" alt=\"250406_Festival_Joc_Pirineu\" \/>250406 Festival del Joc al Pirineu<\/a><\/div>\n<div class=\"blocimg\"><a href=\"https:\/\/photos.app.goo.gl\/L4RSP6aYSTzuVQ157\" target=\"_blank\" rel=\"noopener noreferrer\"><img decoding=\"async\" class=\"size-thumbnail wp-image-1717 aligncenter img150x150\" src=\"https:\/\/institutjoanbrudieu.cat\/public\/web_centre\/html\/documents\/fotos_web\/250404_Jornada_Activisme_Ambiental_Intercentres.jpg\" alt=\"250404_Jornada_Activisme_Ambiental_Intercentres\" \/>250404 Jornada Activisme Ambiental Intercentres<\/a><\/div>\n<div class=\"blocimg\"><a href=\"https:\/\/photos.app.goo.gl\/22XrPaWAKaeYwxao7\" target=\"_blank\" rel=\"noopener noreferrer\"><img decoding=\"async\" class=\"size-thumbnail wp-image-1717 aligncenter img150x150\" src=\"https:\/\/institutjoanbrudieu.cat\/public\/web_centre\/html\/documents\/fotos_web\/250331_Xerrades_culturals.jpg\" alt=\"250331_Xerrades_culturals\" \/>250331 Xerrades culturals en angl\u00e8s<\/a><\/div>\n<div class=\"blocimg\"><a href=\"https:\/\/photos.app.goo.gl\/dSNA5UyVVXU9vBbP8\" target=\"_blank\" rel=\"noopener noreferrer\"><img decoding=\"async\" class=\"size-thumbnail wp-image-1717 aligncenter img150x150\" src=\"https:\/\/institutjoanbrudieu.cat\/public\/web_centre\/html\/documents\/fotos_web\/250321_Dia_poesia.jpg\" alt=\"250321_Dia_poesia\" \/>250321 Dia de la poesia<\/a><\/div>\n<div class=\"blocimg\"><a href=\"https:\/\/photos.app.goo.gl\/9Vmt133c2dryh7vA7\" target=\"_blank\" rel=\"noopener noreferrer\"><img decoding=\"async\" class=\"size-thumbnail wp-image-1717 aligncenter img150x150\" src=\"https:\/\/institutjoanbrudieu.cat\/public\/web_centre\/html\/documents\/fotos_web\/250318_IFE.jpg\" alt=\"250318_IFE\" \/>250318 L&#8217;IFE a l&#8217;ECOELI<\/a><\/div>\n<div class=\"blocimg\"><a href=\"https:\/\/photos.app.goo.gl\/xdDAcLb9jEjrZsRA8\" target=\"_blank\" rel=\"noopener noreferrer\"><img decoding=\"async\" class=\"size-thumbnail wp-image-1717 aligncenter img150x150\" src=\"https:\/\/institutjoanbrudieu.cat\/public\/web_centre\/html\/documents\/fotos_web\/250313_ProgramaME.jpg\" alt=\"250313_ProgramaME\" \/>250313 Alumnat de CFS DAM al ProgramaME 2025<\/a><\/div>\n<div class=\"blocimg\"><a href=\"https:\/\/photos.app.goo.gl\/hM81us5u5SqkeBZP7\" target=\"_blank\" rel=\"noopener noreferrer\"><img decoding=\"async\" class=\"size-thumbnail wp-image-1717 aligncenter img150x150\" src=\"https:\/\/institutjoanbrudieu.cat\/public\/web_centre\/html\/documents\/fotos_web\/250312_Taller_Josefina_Minguell.jpg\" alt=\"250312_Taller_Josefina_Minguell\" \/>250312 Taller amb Josefina Minguell<\/a><\/div>\n<div class=\"blocimg\"><a href=\"https:\/\/photos.app.goo.gl\/KWKd4KdkiWWeqCx46\" target=\"_blank\" rel=\"noopener noreferrer\"><img decoding=\"async\" class=\"size-thumbnail wp-image-1717 aligncenter img150x150\" src=\"https:\/\/institutjoanbrudieu.cat\/public\/web_centre\/html\/documents\/fotos_web\/250310_Esqui.jpg\" alt=\"250310_Esqui\" \/>250310 Esqu\u00ed )Alumnat SIEI i IFE)<\/a><\/div>\n<div class=\"blocimg\"><a href=\"https:\/\/photos.app.goo.gl\/sjZ9J7YuYB2ddtgP9\" target=\"_blank\" rel=\"noopener noreferrer\"><img decoding=\"async\" class=\"size-thumbnail wp-image-1717 aligncenter img150x150\" src=\"https:\/\/institutjoanbrudieu.cat\/public\/web_centre\/html\/documents\/fotos_web\/250307_Saldes_Geografia.jpg\" alt=\"250307_Saldes_Geografia\" \/>250307 Saldes (alumnat Geografia B2)<\/a><\/div>\n<div class=\"blocimg\"><a href=\"https:\/\/photos.app.goo.gl\/Ymn6o6pWQmBNvDYb7\" target=\"_blank\" rel=\"noopener noreferrer\"><img decoding=\"async\" class=\"size-thumbnail wp-image-1717 aligncenter img150x150\" src=\"https:\/\/institutjoanbrudieu.cat\/public\/web_centre\/html\/documents\/fotos_web\/250306_Lectura_Veu_Alta_semifinals_2025.jpg\" alt=\"250306_Lectura_Veu_Alta_semifinals_2025\" \/>250306 Lectura en Veu Alta (semifinals 2025)<\/a><\/div>\n<div class=\"blocimg\"><a href=\"https:\/\/photos.app.goo.gl\/kEUfcuXyUdzHunP38\" target=\"_blank\" rel=\"noopener noreferrer\"><img decoding=\"async\" class=\"size-thumbnail wp-image-1717 aligncenter img150x150\" src=\"https:\/\/institutjoanbrudieu.cat\/public\/web_centre\/html\/documents\/fotos_web\/250306_ACO_i_SEDIS.jpg\" alt=\"250306_ACO_i_SEDIS\" \/>250306 Trobada alumnat Aula Acollida amb jugadores del SEDIS<\/a><\/div>\n<div class=\"blocimg\"><a href=\"https:\/\/photos.app.goo.gl\/qq6yx6NCQuwak8X88\" target=\"_blank\" rel=\"noopener noreferrer\"><img decoding=\"async\" class=\"size-thumbnail wp-image-1717 aligncenter img150x150\" src=\"https:\/\/institutjoanbrudieu.cat\/public\/web_centre\/html\/documents\/fotos_web\/250306_Eduquem_amb_el_cor.jpg\" alt=\"250306_Eduquem_amb_el_cor\" \/>250306 Eduquem amb el cor<\/a><\/div>\n<div class=\"blocimg\"><a href=\"https:\/\/photos.app.goo.gl\/k1RZXQAgcqqLaWxAA\" target=\"_blank\" rel=\"noopener noreferrer\"><img decoding=\"async\" class=\"size-thumbnail wp-image-1717 aligncenter img150x150\" src=\"https:\/\/institutjoanbrudieu.cat\/public\/web_centre\/html\/documents\/fotos_web\/250228_Carnaval.jpg\" alt=\"250228_Carnaval\" \/>250228 Carnaval<\/a><\/div>\n<div class=\"blocimg\"><a href=\"https:\/\/photos.app.goo.gl\/RHNRHQ1mNUej9UKb7\" target=\"_blank\" rel=\"noopener noreferrer\"><img decoding=\"async\" class=\"size-thumbnail wp-image-1717 aligncenter img150x150\" src=\"https:\/\/institutjoanbrudieu.cat\/public\/web_centre\/html\/documents\/fotos_web\/250225_Visionat_frances.jpg\" alt=\"250225_Visionat_frances\" \/>250225 Visionat pel\u00b7l\u00edcula en franc\u00e8s<\/a><\/div>\n<div class=\"blocimg\"><a href=\"https:\/\/photos.app.goo.gl\/doDHm3nPVTxgm1Nw7\" target=\"_blank\" rel=\"noopener noreferrer\"><img decoding=\"async\" class=\"size-thumbnail wp-image-1717 aligncenter img150x150\" src=\"https:\/\/institutjoanbrudieu.cat\/public\/web_centre\/html\/documents\/fotos_web\/250219_Problemes_esprint.jpg\" alt=\"250219_Problemes_esprint\" \/>250219 Problemes a l&#8217;esprint (alumnat S1 i S2)<\/a><\/div>\n<div class=\"blocimg\"><a href=\"https:\/\/photos.app.goo.gl\/kvD1AbhpKS1kku2V9\" target=\"_blank\" rel=\"noopener noreferrer\"><img decoding=\"async\" class=\"size-thumbnail wp-image-1717 aligncenter img150x150\" src=\"https:\/\/institutjoanbrudieu.cat\/public\/web_centre\/html\/documents\/fotos_web\/250218_Taller_disfagia.jpg\" alt=\"250218_Taller_disfagia\" \/>250218 Taller de disf\u00e0gia<\/a><\/div>\n<div class=\"blocimg\"><a href=\"https:\/\/photos.app.goo.gl\/7rrNpn8FNny9xUdC9\" target=\"_blank\" rel=\"noopener noreferrer\"><img decoding=\"async\" class=\"size-thumbnail wp-image-1717 aligncenter img150x150\" src=\"https:\/\/institutjoanbrudieu.cat\/public\/web_centre\/html\/documents\/fotos_web\/250214_Saldes_i_Tuixent.jpg\" alt=\"250214_Saldes_i_Tuixent\" \/>250214 Saldes i Tuixent (alumnat B2 Ci\u00e8ncies)<\/a><\/div>\n<div class=\"blocimg\"><a href=\"https:\/\/photos.app.goo.gl\/2E6sEPoH3WhaVnJg9\" target=\"_blank\" rel=\"noopener noreferrer\"><img decoding=\"async\" class=\"size-thumbnail wp-image-1717 aligncenter img150x150\" src=\"https:\/\/institutjoanbrudieu.cat\/public\/web_centre\/html\/documents\/fotos_web\/250212_Sortida_memoria_historica.jpg\" alt=\"250212_Sortida_memoria_historica\" \/>250212 Sortida Mem\u00f2ria Hist\u00f2rica (alumnat B2)<\/a><\/div>\n<div class=\"blocimg\"><a href=\"https:\/\/photos.app.goo.gl\/Xz1FJV61MZzsonuy6\" target=\"_blank\" rel=\"noopener noreferrer\"><img decoding=\"async\" class=\"size-thumbnail wp-image-1717 aligncenter img150x150\" src=\"https:\/\/institutjoanbrudieu.cat\/public\/web_centre\/html\/documents\/fotos_web\/250212_Esquiada_Espot.jpg\" alt=\"250212_Esquiada_Espot\" \/>250212 Esquiada a Espot (alumnat B1 i S3)<\/a><\/div>\n<div class=\"blocimg\"><a href=\"https:\/\/photos.app.goo.gl\/PAQJC35Bd8GZRF5s5\" target=\"_blank\" rel=\"noopener noreferrer\"><img decoding=\"async\" class=\"size-thumbnail wp-image-1717 aligncenter img150x150\" src=\"https:\/\/institutjoanbrudieu.cat\/public\/web_centre\/html\/documents\/fotos_web\/250212_Portes_Obertes_PRIM_2n_dia.jpg\" alt=\"250212_Portes_Obertes_PRIM_2n_dia\" \/>250212 Portes Obertes Alumnat PRIM\u00c0RIA (2n dia)<\/a><\/div>\n<div class=\"blocimg\"><a href=\"https:\/\/photos.app.goo.gl\/miThsKCTzqArbzCC9\" target=\"_blank\" rel=\"noopener noreferrer\"><img decoding=\"async\" class=\"size-thumbnail wp-image-1717 aligncenter img150x150\" src=\"https:\/\/institutjoanbrudieu.cat\/public\/web_centre\/html\/documents\/fotos_web\/250211_Dia_Internacional_Dones_cientifiques.jpg\" alt=\"250211_Dia_Internacional_Dones_cientifiques\" \/>250211 Dia Internacional de la Dona i la Nena en la Ci\u00e8ncia: xerrades Maria Montero<\/a><\/div>\n<div class=\"blocimg\"><a href=\"https:\/\/photos.app.goo.gl\/meYDZUzRh4P7LntB9\" target=\"_blank\" rel=\"noopener noreferrer\"><img decoding=\"async\" class=\"size-thumbnail wp-image-1717 aligncenter img150x150\" src=\"https:\/\/institutjoanbrudieu.cat\/public\/web_centre\/html\/documents\/fotos_web\/250205_Portes_Obertes_PRIM_1r_dia.jpg\" alt=\"250205_Portes_Obertes_PRIM_1r_dia\" \/>250205 Portes Obertes Alumnat PRIM\u00c0RIA (1r dia)<\/a><\/div>\n<div class=\"blocimg\"><a href=\"https:\/\/photos.app.goo.gl\/y3tGh3bPBJf4rfUC8\" target=\"_blank\" rel=\"noopener noreferrer\"><img decoding=\"async\" class=\"size-thumbnail wp-image-1717 aligncenter img150x150\" src=\"https:\/\/institutjoanbrudieu.cat\/public\/web_centre\/html\/documents\/fotos_web\/250130_Dia_No_Violencia.jpg\" alt=\"250130_Dia_No_Violencia\" \/>250130 Dia de la No Viol\u00e8ncia i la Pau (Aula d&#8217;Acollida)<\/a><\/div>\n<div class=\"blocimg\"><a href=\"https:\/\/photos.app.goo.gl\/giNeJNtZ95nS8wc19\" target=\"_blank\" rel=\"noopener noreferrer\"><img decoding=\"async\" class=\"size-thumbnail wp-image-1717 aligncenter img150x150\" src=\"https:\/\/institutjoanbrudieu.cat\/public\/web_centre\/html\/documents\/fotos_web\/250130_Xerrada_CAI_APD.jpg\" alt=\"250130_Xerrada_CAI_APD\" \/>250130 Xerrada a CFM CAI+APD<\/a><\/div>\n<div class=\"blocimg\"><a href=\"https:\/\/photos.app.goo.gl\/ZiE7uSCRGuwVVu3k9\" target=\"_blank\" rel=\"noopener noreferrer\"><img decoding=\"async\" class=\"size-thumbnail wp-image-1717 aligncenter img150x150\" src=\"https:\/\/institutjoanbrudieu.cat\/public\/web_centre\/html\/documents\/fotos_web\/250129_Copa_Cangur.jpg\" alt=\"250129_Copa_Cangur\" \/>250129 Copa Cangur<\/a><\/div>\n<div class=\"blocimg\"><a href=\"https:\/\/photos.app.goo.gl\/STK1Q9wgPLp1oAdh6\" target=\"_blank\" rel=\"noopener noreferrer\"><img decoding=\"async\" class=\"size-thumbnail wp-image-1717 aligncenter img150x150\" src=\"https:\/\/institutjoanbrudieu.cat\/public\/web_centre\/html\/documents\/fotos_web\/250117_Danses_escoceses.jpg\" alt=\"250117_Danses_escoceses\" \/>250117 Danses escoceses<\/a><\/div>\n<div class=\"blocimg\"><a href=\"https:\/\/photos.app.goo.gl\/zvhVoF3UjQatx68K7\" target=\"_blank\" rel=\"noopener noreferrer\"><img decoding=\"async\" class=\"size-thumbnail wp-image-1717 aligncenter img150x150\" src=\"https:\/\/institutjoanbrudieu.cat\/public\/web_centre\/html\/documents\/fotos_web\/241220_cistella.jpg\" alt=\"241220_cistella\" \/>241220 Cistella de Nadal (alumnat CFM GAD)<\/a><\/div>\n<div class=\"blocimg\"><a href=\"https:\/\/photos.app.goo.gl\/6VTkGPkWajfEYoSq9\" target=\"_blank\" rel=\"noopener noreferrer\"><img decoding=\"async\" class=\"size-thumbnail wp-image-1717 aligncenter img150x150\" src=\"https:\/\/institutjoanbrudieu.cat\/public\/web_centre\/html\/documents\/fotos_web\/241212_Exposicio_TdR_B2.jpg\" alt=\"241212_Exposicio_TdR_B2\" \/>241212 Exposici\u00f3 dels Treballs de Recerca a B2<\/a><\/div>\n<div class=\"blocimg\"><a href=\"https:\/\/photos.app.goo.gl\/dF4ymt4QuqkNq95B8\" target=\"_blank\" rel=\"noopener noreferrer\"><img decoding=\"async\" class=\"size-thumbnail wp-image-1717 aligncenter img150x150\" src=\"https:\/\/institutjoanbrudieu.cat\/public\/web_centre\/html\/documents\/fotos_web\/241129_Sortida_Vilamur.jpg\" alt=\"241129_Sortida_Vilamur\" \/>241129 Sortida a Vilamur<\/a><\/div>\n<div class=\"blocimg\"><a href=\"https:\/\/photos.app.goo.gl\/wDXNK8ocmvjPtqA86\" target=\"_blank\" rel=\"noopener noreferrer\"><img decoding=\"async\" class=\"size-thumbnail wp-image-1717 aligncenter img150x150\" src=\"https:\/\/institutjoanbrudieu.cat\/public\/web_centre\/html\/documents\/fotos_web\/241125_25N_al_Brudieu.jpg\" alt=\"241125_25N_al_Brudieu\" \/>241125 Celebraci\u00f3 del 25N a l&#8217;institut<\/a><\/div>\n<div class=\"blocimg\"><a href=\"https:\/\/photos.app.goo.gl\/X2dvXV9jHLc6GHqT6\" target=\"_blank\" rel=\"noopener noreferrer\"><img decoding=\"async\" class=\"size-thumbnail wp-image-1717 aligncenter img150x150\" src=\"https:\/\/institutjoanbrudieu.cat\/public\/web_centre\/html\/documents\/fotos_web\/241122_Xerrada.jpg\" alt=\"241122_Xerrada\" \/>241122 Xerrada a CAI+APD 2n<\/a><\/div>\n<div class=\"blocimg\"><a href=\"https:\/\/photos.app.goo.gl\/ZgH6FXXQ1abDKUi6A\" target=\"_blank\" rel=\"noopener noreferrer\"><img decoding=\"async\" class=\"size-thumbnail wp-image-1717 aligncenter img150x150\" src=\"https:\/\/institutjoanbrudieu.cat\/public\/web_centre\/html\/documents\/fotos_web\/241122_Consell_Municipal_Adolescents.jpg\" alt=\"241122_Consell_Municipal_Adolescents\" \/>241122 Sessi\u00f3 plen\u00e0ria del Consell Municipal d&#8217;Adolescents<\/a><\/div>\n<div class=\"blocimg\"><a href=\"https:\/\/photos.app.goo.gl\/rXqqmMReXEFVNv8T8\" target=\"_blank\" rel=\"noopener noreferrer\"><img decoding=\"async\" class=\"size-thumbnail wp-image-1717 aligncenter img150x150\" src=\"https:\/\/institutjoanbrudieu.cat\/public\/web_centre\/html\/documents\/fotos_web\/241120_Matematiques_recreatives.jpg\" alt=\"241120_Matematiques_recreatives\" \/>241120 Matem\u00e0tiques recreatives &#8211; Optativa a 2n ESO<\/a><\/div>\n<div class=\"blocimg\"><a href=\"https:\/\/photos.app.goo.gl\/Xoj9Wz5i9bm9ZCt98\" target=\"_blank\" rel=\"noopener noreferrer\"><img decoding=\"async\" class=\"size-thumbnail wp-image-1717 aligncenter img150x150\" src=\"https:\/\/institutjoanbrudieu.cat\/public\/web_centre\/html\/documents\/fotos_web\/241115_Conte_EDI.jpg\" alt=\"241115_Conte_EDI\" \/>241115 Lectura de contes (alumnat CFS EDI)<\/a><\/div>\n<div class=\"blocimg\"><a href=\"https:\/\/photos.app.goo.gl\/zi4TvUkusXk6FKDW8\" target=\"_blank\" rel=\"noopener noreferrer\"><img decoding=\"async\" class=\"size-thumbnail wp-image-1717 aligncenter img150x150\" src=\"https:\/\/institutjoanbrudieu.cat\/public\/web_centre\/html\/documents\/fotos_web\/241017_ERASMUS_Day_al_Brudieu.jpg\" alt=\"241017_ERASMUS_Day_al_Brudieu\" \/>2241017 ERASMUS Day al Brudieu (FP)<\/a><\/div>\n<div class=\"blocimg\"><a href=\"https:\/\/photos.app.goo.gl\/JNRGkfqWeTXUr2Qu7\" target=\"_blank\" rel=\"noopener noreferrer\"><img decoding=\"async\" class=\"size-thumbnail wp-image-1717 aligncenter img150x150\" src=\"https:\/\/institutjoanbrudieu.cat\/public\/web_centre\/html\/documents\/fotos_web\/241010_Activitats_cohesio_FP_tarda.jpg\" alt=\"241010_Activitats_cohesio_FP_tarda\" \/>241010 Activitats de cohesi\u00f3 FP (torn tarda)<\/a><\/div>\n<div class=\"blocimg\"><a href=\"https:\/\/photos.app.goo.gl\/4SKzNER2xkKNfPMCA\" target=\"_blank\" rel=\"noopener noreferrer\"><img decoding=\"async\" class=\"size-thumbnail wp-image-1717 aligncenter img150x150\" src=\"https:\/\/institutjoanbrudieu.cat\/public\/web_centre\/html\/documents\/fotos_web\/241010_Activitats_cohesio_FP_mati.jpg\" alt=\"241010_Activitats_cohesio_FP_mati\" \/>241010 Activitats de cohesi\u00f3 FP (torn mat\u00ed)<\/a><\/div>\n<div class=\"blocimg\"><a href=\"https:\/\/photos.app.goo.gl\/H9xJJhKFhSrGPCGTA\" target=\"_blank\" rel=\"noopener noreferrer\"><img decoding=\"async\" class=\"size-thumbnail wp-image-1717 aligncenter img150x150\" src=\"https:\/\/institutjoanbrudieu.cat\/public\/web_centre\/html\/documents\/fotos_web\/241005_Ball_cerda_intergeneracional.jpg\" alt=\"241005_Ball_cerda_intergeneracional\" \/>241005 Ball Cerd\u00e0 Intergeneracional<\/a><\/div>\n<div class=\"blocimg\"><a href=\"https:\/\/photos.app.goo.gl\/o7NsMa7S4C6JFgKy9\" target=\"_blank\" rel=\"noopener noreferrer\"><img decoding=\"async\" class=\"size-thumbnail wp-image-1717 aligncenter img150x150\" src=\"https:\/\/institutjoanbrudieu.cat\/public\/web_centre\/html\/documents\/fotos_web\/241002_Llirt.jpg\" alt=\"241002_Llirt\" \/>241002 Sortida d&#8217;EF a LLirt (alumnat S4)<\/a><\/div>\n<div class=\"blocimg\"><a href=\"https:\/\/photos.app.goo.gl\/T6NbC6f8X8PpEwjt5\" target=\"_blank\" rel=\"noopener noreferrer\"><img decoding=\"async\" class=\"size-thumbnail wp-image-1717 aligncenter img150x150\" src=\"https:\/\/institutjoanbrudieu.cat\/public\/web_centre\/html\/documents\/fotos_web\/241001_Formatges.jpg\" alt=\"241001_Formatges\" \/>241001 Formaci\u00f3 en formatges<\/a><\/div>\n<div class=\"blocimg\"><a href=\"https:\/\/photos.app.goo.gl\/FY9wVhtjgLwTUHLs6\" target=\"_blank\" rel=\"noopener noreferrer\"><img decoding=\"async\" class=\"size-thumbnail wp-image-1717 aligncenter img150x150\" src=\"https:\/\/institutjoanbrudieu.cat\/public\/web_centre\/html\/documents\/fotos_web\/240920_Biomedicina_visita_metges.jpg\" alt=\"240920_Biomedicina_visita_metges\" \/>240920 Biomedicina (1r BTX): Visita metges<\/a><\/div>\n<div class=\"blocimg\"><a href=\"https:\/\/photos.app.goo.gl\/reJqixK6Pyc7CRsR7\" target=\"_blank\" rel=\"noopener noreferrer\"><img decoding=\"async\" class=\"size-thumbnail wp-image-1717 aligncenter img150x150\" src=\"https:\/\/institutjoanbrudieu.cat\/public\/web_centre\/html\/documents\/fotos_web\/240919_Sortida_S4.jpg\" alt=\"240919_Sortida_S4\" \/>240919 Sortida per a cohesi\u00f3 del grup a 4t ESO<\/a><\/div>\n<div class=\"blocimg\"><a href=\"https:\/\/photos.app.goo.gl\/czm2yT3ektVHTNjU7\" target=\"_blank\" rel=\"noopener noreferrer\"><img decoding=\"async\" class=\"size-thumbnail wp-image-1717 aligncenter img150x150\" src=\"https:\/\/institutjoanbrudieu.cat\/public\/web_centre\/html\/documents\/fotos_web\/240913_Acollida_FP.jpg\" alt=\"240913_Acollida_FP\" \/>240913 Activitats acollida FP (Professorat)<\/a><\/div>\n<div class=\"blocimg\"><a href=\"https:\/\/photos.app.goo.gl\/qwXbrjZoH9AyNNoK8\" target=\"_blank\" rel=\"noopener noreferrer\"><img decoding=\"async\" class=\"size-thumbnail wp-image-1717 aligncenter img150x150\" src=\"https:\/\/institutjoanbrudieu.cat\/public\/web_centre\/html\/documents\/fotos_web\/240913_Acollida_FP.jpg\" alt=\"240913_Acollida_FP\" \/>240913 Activitats acollida FP (Alumnat EDI)<\/a><\/div>\n<div class=\"blocimg\"><a href=\"https:\/\/photos.app.goo.gl\/PCsURVk2jVHEeoFP6\" target=\"_blank\" rel=\"noopener noreferrer\"><img decoding=\"async\" class=\"size-thumbnail wp-image-1717 aligncenter img150x150\" src=\"https:\/\/institutjoanbrudieu.cat\/public\/web_centre\/html\/documents\/fotos_web\/240913_Acollida_FP.jpg\" alt=\"240913_Acollida_FP\" \/>240913 Activitats acollida FP (Alumnat DAM2)<\/a><\/div>\n<div class=\"blocimg\"><a href=\"https:\/\/photos.app.goo.gl\/hRdgPRfEnNuiMdUa7\" target=\"_blank\" rel=\"noopener noreferrer\"><img decoding=\"async\" class=\"size-thumbnail wp-image-1717 aligncenter img150x150\" src=\"https:\/\/institutjoanbrudieu.cat\/public\/web_centre\/html\/documents\/fotos_web\/240913_Acollida_FP.jpg\" alt=\"240913_Acollida_FP\" \/>240913 Activitats acollida FP (Alumnat ASIX1)<\/a><\/div>\n<div class=\"blocimg\"><a href=\"https:\/\/photos.app.goo.gl\/9MqEZiTrvXQxSFxn7\" target=\"_blank\" rel=\"noopener noreferrer\"><img decoding=\"async\" class=\"size-thumbnail wp-image-1717 aligncenter img150x150\" src=\"https:\/\/institutjoanbrudieu.cat\/public\/web_centre\/html\/documents\/fotos_web\/240913_Acollida_FP.jpg\" alt=\"240913_Acollida_FP\" \/>240913 Activitats acollida FP (Alumnat IFE)<\/a><\/div>\n<div class=\"blocimg\"><a href=\"https:\/\/photos.app.goo.gl\/1scpDZq89AD4Tckw5\" target=\"_blank\" rel=\"noopener noreferrer\"><img decoding=\"async\" class=\"size-thumbnail wp-image-1717 aligncenter img150x150\" src=\"https:\/\/institutjoanbrudieu.cat\/public\/web_centre\/html\/documents\/fotos_web\/240913_Acollida_FP.jpg\" alt=\"240913_Acollida_FP\" \/>240913 Activitats acollida FP (Alumnat CAI-APD 1)<\/a><\/div>\n<div class=\"blocimg\"><a href=\"https:\/\/photos.app.goo.gl\/6zeaaUUCy8mouC1j8\" target=\"_blank\" rel=\"noopener noreferrer\"><img decoding=\"async\" class=\"size-thumbnail wp-image-1717 aligncenter img150x150\" src=\"https:\/\/institutjoanbrudieu.cat\/public\/web_centre\/html\/documents\/fotos_web\/240913_Acollida_FP.jpg\" alt=\"240913_Acollida_FP\" \/>240913 Activitats acollida FP (Alumnat SMX2)<\/a><\/div>\n<div class=\"blocimg\"><a href=\"https:\/\/photos.app.goo.gl\/Hb3HTAbAN2ZGKhpn6\" target=\"_blank\" rel=\"noopener noreferrer\"><img decoding=\"async\" class=\"size-thumbnail wp-image-1717 aligncenter img150x150\" src=\"https:\/\/institutjoanbrudieu.cat\/public\/web_centre\/html\/documents\/fotos_web\/240913_Acollida_FP.jpg\" alt=\"240913_Acollida_FP\" \/>240913 Activitats acollida FP (Alumnat SMX1)<\/a><\/div>\n","protected":false},"excerpt":{"rendered":"<p>CURS 2024-2025 250619 Cloenda 4t ESO: fotografies 250613 Viatge a It\u00e0lia 250604 Concurs Whatsapp (lliurament premis) 250604 Erasmus+ FP 250530 Graduaci\u00f3 BTX-FP-IFE 250530 Premis COAC 2025 250528 Consell d&#8217;Adolescents de la Seu d&#8217;Urgell 250523 Gimcana matem\u00e0tica 250508 Dinar de 2n BTX 250508 Jornada intergeneracional 250508 Copa Cangur 250507 Alumnat del SIEI visita l&#8217;Escola Agr\u00e0ria 250428 [&hellip;]<\/p>\n","protected":false},"author":1,"featured_media":0,"parent":1712,"menu_order":12,"comment_status":"closed","ping_status":"closed","template":"page-templates\/side-menu.php","meta":{"_bbp_topic_count":0,"_bbp_reply_count":0,"_bbp_total_topic_count":0,"_bbp_total_reply_count":0,"_bbp_voice_count":0,"_bbp_anonymous_reply_count":0,"_bbp_topic_count_hidden":0,"_bbp_reply_count_hidden":0,"_bbp_forum_subforum_count":0,"site-sidebar-layout":"default","site-content-layout":"","ast-site-content-layout":"","site-content-style":"default","site-sidebar-style":"default","ast-global-header-display":"","ast-banner-title-visibility":"","ast-main-header-display":"","ast-hfb-above-header-display":"","ast-hfb-below-header-display":"","ast-hfb-mobile-header-display":"","site-post-title":"","ast-breadcrumbs-content":"","ast-featured-img":"","footer-sml-layout":"","theme-transparent-header-meta":"","adv-header-id-meta":"","stick-header-meta":"","header-above-stick-meta":"","header-main-stick-meta":"","header-below-stick-meta":"","astra-migrate-meta-layouts":"default","ast-page-background-enabled":"default","ast-page-background-meta":{"desktop":{"background-color":"var(--ast-global-color-4)","background-image":"","background-repeat":"repeat","background-position":"center center","background-size":"auto","background-attachment":"scroll","background-type":"","background-media":"","overlay-type":"","overlay-color":"","overlay-opacity":"","overlay-gradient":""},"tablet":{"background-color":"","background-image":"","background-repeat":"repeat","background-position":"center center","background-size":"auto","background-attachment":"scroll","background-type":"","background-media":"","overlay-type":"","overlay-color":"","overlay-opacity":"","overlay-gradient":""},"mobile":{"background-color":"","background-image":"","background-repeat":"repeat","background-position":"center center","background-size":"auto","background-attachment":"scroll","background-type":"","background-media":"","overlay-type":"","overlay-color":"","overlay-opacity":"","overlay-gradient":""}},"ast-content-background-meta":{"desktop":{"background-color":"var(--ast-global-color-5)","background-image":"","background-repeat":"repeat","background-position":"center center","background-size":"auto","background-attachment":"scroll","background-type":"","background-media":"","overlay-type":"","overlay-color":"","overlay-opacity":"","overlay-gradient":""},"tablet":{"background-color":"var(--ast-global-color-5)","background-image":"","background-repeat":"repeat","background-position":"center center","background-size":"auto","background-attachment":"scroll","background-type":"","background-media":"","overlay-type":"","overlay-color":"","overlay-opacity":"","overlay-gradient":""},"mobile":{"background-color":"var(--ast-global-color-5)","background-image":"","background-repeat":"repeat","background-position":"center center","background-size":"auto","background-attachment":"scroll","background-type":"","background-media":"","overlay-type":"","overlay-color":"","overlay-opacity":"","overlay-gradient":""}},"footnotes":""},"class_list":["post-10312","page","type-page","status-publish","hentry"],"post_mailing_queue_ids":[],"_links":{"self":[{"href":"https:\/\/agora.xtec.cat\/iesjoanbrudieu\/wp-json\/wp\/v2\/pages\/10312","targetHints":{"allow":["GET"]}}],"collection":[{"href":"https:\/\/agora.xtec.cat\/iesjoanbrudieu\/wp-json\/wp\/v2\/pages"}],"about":[{"href":"https:\/\/agora.xtec.cat\/iesjoanbrudieu\/wp-json\/wp\/v2\/types\/page"}],"author":[{"embeddable":true,"href":"https:\/\/agora.xtec.cat\/iesjoanbrudieu\/wp-json\/wp\/v2\/users\/1"}],"replies":[{"embeddable":true,"href":"https:\/\/agora.xtec.cat\/iesjoanbrudieu\/wp-json\/wp\/v2\/comments?post=10312"}],"version-history":[{"count":1,"href":"https:\/\/agora.xtec.cat\/iesjoanbrudieu\/wp-json\/wp\/v2\/pages\/10312\/revisions"}],"predecessor-version":[{"id":10313,"href":"https:\/\/agora.xtec.cat\/iesjoanbrudieu\/wp-json\/wp\/v2\/pages\/10312\/revisions\/10313"}],"up":[{"embeddable":true,"href":"https:\/\/agora.xtec.cat\/iesjoanbrudieu\/wp-json\/wp\/v2\/pages\/1712"}],"wp:attachment":[{"href":"https:\/\/agora.xtec.cat\/iesjoanbrudieu\/wp-json\/wp\/v2\/media?parent=10312"}],"curies":[{"name":"wp","href":"https:\/\/api.w.org\/{rel}","templated":true}]}}