{"id":3964,"date":"2021-04-14T11:10:16","date_gmt":"2021-04-14T09:10:16","guid":{"rendered":"http:\/\/agora.xtec.cat\/iesjoanamigo\/?page_id=3964"},"modified":"2025-09-18T12:13:34","modified_gmt":"2025-09-18T10:13:34","slug":"matricula-smx","status":"publish","type":"page","link":"https:\/\/agora.xtec.cat\/iesjoanamigo\/secretaria\/matricula-smx\/","title":{"rendered":"Matr\u00edcula Cicle Formatiu SMX"},"content":{"rendered":"<p><strong>DATES<\/strong>:<\/p>\n<ul>\n<li><em>1a tanda<\/em>. Confirmaci\u00f3 matr\u00edcula: de l&#8217;11 al 14 de juliol. Matr\u00edcula: de l&#8217;11 al 23 de juliol.<\/li>\n<li><em>2a tanda<\/em>. Confirmaci\u00f3 matr\u00edcula: del 21 al 22 de juliol. Matr\u00edcula: del 21 al 23 de juliol.<\/li>\n<li><em>3a tanda<\/em>.\u00a0 Confirmaci\u00f3 matr\u00edcula: del 30 al 31 de juliol. Matr\u00edcula: de l&#8217;1 al 4 de setembre.<\/li>\n<\/ul>\n<p><strong>Format<\/strong>: Telem\u00e0tic (no presencial)<\/p>\n<p>Aquest curs la documentaci\u00f3 s&#8217;haur\u00e0 d&#8217;enviar en format digital de la seg\u00fcent manera:<\/p>\n<ul>\n<li><em>Correu electr\u00f2nic<\/em>: matricula+smx<span class=\"\">@insjoanamigo.cat<\/span><\/li>\n<li><em>Assumpte correu<\/em>: Nom i cognoms de l&#8217;alumne\/a<\/li>\n<li><em>Documentaci\u00f3<\/em>: escanejar-la i adjuntar-la en format pdf. Per escanejar la documentaci\u00f3 es pot fer servir l&#8217;app CamScanner.<\/li>\n<li>MOLT IMPORTANT, per formalitzar la matr\u00edcula s&#8217;ha d&#8217;enviar en el mateix correu tota la documentaci\u00f3 adjunta sense que falti cap document dels que hi ha m\u00e9s avall.<\/li>\n<\/ul>\n<p><strong>DOCUMENTACI\u00d3 OFICIAL NECESS\u00c0RIA<\/strong><\/p>\n<ul>\n<li>DNI alumne\/a (davant i darrera en un sol document). <em>Nom document: dni_alumne.pdf<\/em><\/li>\n<li>Targeta sanit\u00e0ria alumne\/a.\u00a0<em>Nom document: tsi.pdf<\/em><\/li>\n<li>Carnet fam\u00edlia nombrosa o monoparental, si \u00e9s el cas.\u00a0<em>Nom document: familianombrosa.pdf \/ familiamonoparental.pdf<\/em><\/li>\n<li>Resguard del t\u00edtol d\u2019ESO o equivalent amb nota mitjana. <em>Nom document: titulacio_ESO.pdf<\/em><\/li>\n<\/ul>\n<p><strong>NOM\u00c9S ALUMNAT MENOR D\u2019EDAT<\/strong><\/p>\n<ul>\n<li>DNI pare i mare o tutor\/a legal (davant i darrera en un sol document). <em>Nom document: dni_pare.pdf \/ dni_mare.pdf<\/em><\/li>\n<li>Llibre de fam\u00edlia (2 p\u00e0gines, on hi consten els pares i l\u2019alumne\/a).\u00a0<em>Nom document: llibrefamilia.pdf<\/em><\/li>\n<li>En cas de divorci, documentaci\u00f3 cust\u00f2dia.\u00a0<em>Nom document: custodia.pdf<\/em><\/li>\n<\/ul>\n<p><strong>DOCUMENTACI\u00d3 DE CENTRE PER EMPLENAR OBLIGAT\u00d2RIAMENT<\/strong><\/p>\n<ul>\n<li><a href=\"https:\/\/agora.xtec.cat\/iesjoanamigo\/wp-content\/uploads\/usu506\/2024\/07\/Dades-personals-2024-2025.docx\">Full de dades personals<\/a><\/li>\n<li><a href=\"https:\/\/agora.xtec.cat\/iesjoanamigo\/wp-content\/uploads\/usu506\/2024\/07\/Autoritzacio-drets-dimatge-2024.docx\">Autoritzaci\u00f3 drets imatge majors 14 anys<\/a><\/li>\n<li><a href=\"https:\/\/agora.xtec.cat\/iesjoanamigo\/wp-content\/uploads\/usu506\/2024\/07\/04.-Autoritzacio-serveis-digitals-major-14-anys-menor-dedat.pdf\">Autoritzaci\u00f3 serveis digitals major 14 anys (menor d&#8217;edat)<\/a> o <a href=\"https:\/\/agora.xtec.cat\/iesjoanamigo\/wp-content\/uploads\/usu506\/2024\/07\/04.-Autoritzacio-serveis-digitals-major-dedat.pdf\">Autoritzaci\u00f3 serveis digitals major d&#8217;edat<\/a><\/li>\n<li><a href=\"https:\/\/agora.xtec.cat\/iesjoanamigo\/wp-content\/uploads\/usu506\/2021\/06\/autoritzaci\u00f3-paracetamol.pdf\">Autoritzaci\u00f3 per a l\u2019administraci\u00f3 de paracetamol<\/a>, nom\u00e9s menors d&#8217;edat.<\/li>\n<li><a href=\"https:\/\/agora.xtec.cat\/iesjoanamigo\/wp-content\/uploads\/usu506\/2021\/07\/autoritzaci\u00f3-general.docx\">Autoritzaci\u00f3 generals diverses<\/a>, nom\u00e9s menors d&#8217;edat.<\/li>\n<\/ul>\n<p>Per qualsevol dubte poseu-vos en contacte trucant al tel\u00e8fon 977870154 i demanant per secretaria.<\/p>\n","protected":false},"excerpt":{"rendered":"<p>DATES: 1a tanda. Confirmaci\u00f3 matr\u00edcula: de l&#8217;11 al 14 de juliol. Matr\u00edcula: de l&#8217;11 al 23 de juliol. 2a tanda. Confirmaci\u00f3 matr\u00edcula: del 21 al 22 de juliol. Matr\u00edcula: del 21 al 23 de juliol. 3a tanda.\u00a0 Confirmaci\u00f3 matr\u00edcula: del 30 al 31 de juliol. Matr\u00edcula: de l&#8217;1 al 4 de setembre. Format: Telem\u00e0tic (no [&hellip;]<\/p>\n","protected":false},"author":1,"featured_media":0,"parent":81,"menu_order":0,"comment_status":"closed","ping_status":"closed","template":"","meta":{"_bbp_topic_count":0,"_bbp_reply_count":0,"_bbp_total_topic_count":0,"_bbp_total_reply_count":0,"_bbp_voice_count":0,"_bbp_anonymous_reply_count":0,"_bbp_topic_count_hidden":0,"_bbp_reply_count_hidden":0,"_bbp_forum_subforum_count":0,"site-sidebar-layout":"default","site-content-layout":"","ast-site-content-layout":"default","site-content-style":"default","site-sidebar-style":"default","ast-global-header-display":"","ast-banner-title-visibility":"","ast-main-header-display":"","ast-hfb-above-header-display":"","ast-hfb-below-header-display":"","ast-hfb-mobile-header-display":"","site-post-title":"","ast-breadcrumbs-content":"","ast-featured-img":"","footer-sml-layout":"","theme-transparent-header-meta":"default","adv-header-id-meta":"","stick-header-meta":"","header-above-stick-meta":"","header-main-stick-meta":"","header-below-stick-meta":"","astra-migrate-meta-layouts":"set","ast-page-background-enabled":"default","ast-page-background-meta":{"desktop":{"background-color":"var(--ast-global-color-4)","background-image":"","background-repeat":"repeat","background-position":"center center","background-size":"auto","background-attachment":"scroll","background-type":"","background-media":"","overlay-type":"","overlay-color":"","overlay-opacity":"","overlay-gradient":""},"tablet":{"background-color":"","background-image":"","background-repeat":"repeat","background-position":"center center","background-size":"auto","background-attachment":"scroll","background-type":"","background-media":"","overlay-type":"","overlay-color":"","overlay-opacity":"","overlay-gradient":""},"mobile":{"background-color":"","background-image":"","background-repeat":"repeat","background-position":"center center","background-size":"auto","background-attachment":"scroll","background-type":"","background-media":"","overlay-type":"","overlay-color":"","overlay-opacity":"","overlay-gradient":""}},"ast-content-background-meta":{"desktop":{"background-color":"var(--ast-global-color-5)","background-image":"","background-repeat":"repeat","background-position":"center center","background-size":"auto","background-attachment":"scroll","background-type":"","background-media":"","overlay-type":"","overlay-color":"","overlay-opacity":"","overlay-gradient":""},"tablet":{"background-color":"var(--ast-global-color-5)","background-image":"","background-repeat":"repeat","background-position":"center center","background-size":"auto","background-attachment":"scroll","background-type":"","background-media":"","overlay-type":"","overlay-color":"","overlay-opacity":"","overlay-gradient":""},"mobile":{"background-color":"var(--ast-global-color-5)","background-image":"","background-repeat":"repeat","background-position":"center center","background-size":"auto","background-attachment":"scroll","background-type":"","background-media":"","overlay-type":"","overlay-color":"","overlay-opacity":"","overlay-gradient":""}},"footnotes":""},"class_list":["post-3964","page","type-page","status-publish","hentry"],"post_mailing_queue_ids":[],"_links":{"self":[{"href":"https:\/\/agora.xtec.cat\/iesjoanamigo\/wp-json\/wp\/v2\/pages\/3964","targetHints":{"allow":["GET"]}}],"collection":[{"href":"https:\/\/agora.xtec.cat\/iesjoanamigo\/wp-json\/wp\/v2\/pages"}],"about":[{"href":"https:\/\/agora.xtec.cat\/iesjoanamigo\/wp-json\/wp\/v2\/types\/page"}],"author":[{"embeddable":true,"href":"https:\/\/agora.xtec.cat\/iesjoanamigo\/wp-json\/wp\/v2\/users\/1"}],"replies":[{"embeddable":true,"href":"https:\/\/agora.xtec.cat\/iesjoanamigo\/wp-json\/wp\/v2\/comments?post=3964"}],"version-history":[{"count":6,"href":"https:\/\/agora.xtec.cat\/iesjoanamigo\/wp-json\/wp\/v2\/pages\/3964\/revisions"}],"predecessor-version":[{"id":7556,"href":"https:\/\/agora.xtec.cat\/iesjoanamigo\/wp-json\/wp\/v2\/pages\/3964\/revisions\/7556"}],"up":[{"embeddable":true,"href":"https:\/\/agora.xtec.cat\/iesjoanamigo\/wp-json\/wp\/v2\/pages\/81"}],"wp:attachment":[{"href":"https:\/\/agora.xtec.cat\/iesjoanamigo\/wp-json\/wp\/v2\/media?parent=3964"}],"curies":[{"name":"wp","href":"https:\/\/api.w.org\/{rel}","templated":true}]}}