{"id":917,"date":"2024-10-12T18:38:48","date_gmt":"2024-10-12T16:38:48","guid":{"rendered":"https:\/\/agora.xtec.cat\/iesilladerodes\/?page_id=917"},"modified":"2025-09-25T22:31:15","modified_gmt":"2025-09-25T20:31:15","slug":"calendari-del-treball-de-recerca","status":"publish","type":"page","link":"https:\/\/agora.xtec.cat\/iesilladerodes\/treball-de-recerca\/calendari-del-treball-de-recerca\/","title":{"rendered":"Calendari"},"content":{"rendered":"\n<p><strong>Dates previstes a destacar<\/strong><\/p>\n\n\n\n<p><strong>Alumnes de 2n de batxillerat<\/strong><\/p>\n\n\n\n<p class=\"has-small-font-size\"><strong>CURS 25-26<\/strong><\/p>\n\n\n\n<ul class=\"wp-block-list\">\n<li>12\/09\/25: entrega de l&#8217;arxiu i \u00faltima nota de seguiment<\/li>\n\n\n\n<li>19\/09\/25: reuni\u00f3 amb tutors<\/li>\n\n\n\n<li>03\/10\/25: lliurament del treball impr\u00e8s (convocat\u00f2ria ordin\u00e0ria) *<\/li>\n\n\n\n<li>27\/10\/25: exposicions orals<\/li>\n\n\n\n<li>28\/10\/25: exposicions orals<\/li>\n\n\n\n<li>29\/10\/25: exposicions orals<\/li>\n\n\n\n<li>16\/01\/26: lliurament del treball (convocat\u00f2ria de recuperaci\u00f3)<\/li>\n\n\n\n<li>26\/01\/26: exposici\u00f3 oral (convocat\u00f2ria de recuperaci\u00f3)<\/li>\n\n\n\n<li>08\/06\/26: lliurament del treball (convocat\u00f2ria extraordin\u00e0ria)<\/li>\n<\/ul>\n\n\n\n<p>* Si un alumne no presenta el treball a la convocat\u00f2ria ordin\u00e0ria, no el podr\u00e0 recuperar i haur\u00e0 de presentar el treball a la convocat\u00f2ria extraordin\u00e0ria del juny.<\/p>\n\n\n\n<p><strong>Alumnes de 1r de batxillerat<\/strong><\/p>\n\n\n\n<p class=\"has-small-font-size\"><strong>CURS 25-26<\/strong><\/p>\n\n\n\n<ul class=\"wp-block-list\">\n<li>26\/09\/25: presentaci\u00f3 del treball de recerca<\/li>\n\n\n\n<li>10\/10\/25: darrer dia per triar tema<\/li>\n\n\n\n<li>24\/10\/25: comunicaci\u00f3 dels tutors a l&#8217;alumnat i primera reuni\u00f3 amb els tutors**<\/li>\n\n\n\n<li>07\/11\/25: lliurament als tutors del gui\u00f3 del treball<\/li>\n\n\n\n<li>12\/12\/25: primera nota de seguiment<\/li>\n\n\n\n<li>20\/03\/26: segona nota de seguiment<\/li>\n\n\n\n<li>Tutoritzaci\u00f3 del TdR: del 8 al 19 de juny<\/li>\n\n\n\n<li>08\/06\/26: tercera nota de seguiment<\/li>\n<\/ul>\n\n\n\n<p>** A partir d&#8217;aquesta data, hi ha un mes per canviar el tema.<\/p>\n\n\n\n<p class=\"has-small-font-size\"><strong>CURS 26-27<\/strong><\/p>\n\n\n\n<ul class=\"wp-block-list\">\n<li>14\/09\/26: entrega de l&#8217;arxiu i \u00faltima nota de seguiment<\/li>\n\n\n\n<li>02\/10\/26: lliurament del treball impr\u00e8s (convocat\u00f2ria ordin\u00e0ria) *<\/li>\n\n\n\n<li>26\/10\/26: exposicions orals<\/li>\n\n\n\n<li>27\/10\/26: exposicions orals<\/li>\n\n\n\n<li>28\/10\/26: exposicions orals<\/li>\n\n\n\n<li>15\/01\/27: lliurament del treball (convocat\u00f2ria de recuperaci\u00f3)<\/li>\n\n\n\n<li>25\/01\/27: exposici\u00f3 oral (convocat\u00f2ria de recuperaci\u00f3)<\/li>\n\n\n\n<li>07\/06\/27: lliurament del treball (convocat\u00f2ria extraordin\u00e0ria)<\/li>\n<\/ul>\n\n\n\n<p>* Si un alumne no presenta el treball a la convocat\u00f2ria ordin\u00e0ria, no el podr\u00e0 recuperar i haur\u00e0 de presentar el treball a la convocat\u00f2ria extraordin\u00e0ria del juny.<\/p>\n\n\n\n<p><\/p>\n","protected":false},"excerpt":{"rendered":"<p>Dates previstes a destacar Alumnes de 2n de batxillerat CURS 25-26 * Si un alumne no presenta el treball a [&hellip;]<\/p>\n","protected":false},"author":3,"featured_media":0,"parent":914,"menu_order":0,"comment_status":"closed","ping_status":"closed","template":"","meta":{"site-sidebar-layout":"default","site-content-layout":"","ast-site-content-layout":"default","site-content-style":"default","site-sidebar-style":"default","ast-global-header-display":"","ast-banner-title-visibility":"","ast-main-header-display":"","ast-hfb-above-header-display":"","ast-hfb-below-header-display":"","ast-hfb-mobile-header-display":"","site-post-title":"","ast-breadcrumbs-content":"","ast-featured-img":"","footer-sml-layout":"","theme-transparent-header-meta":"","adv-header-id-meta":"","stick-header-meta":"","header-above-stick-meta":"","header-main-stick-meta":"","header-below-stick-meta":"","astra-migrate-meta-layouts":"set","ast-page-background-enabled":"default","ast-page-background-meta":{"desktop":{"background-color":"var(--ast-global-color-4)","background-image":"","background-repeat":"repeat","background-position":"center center","background-size":"auto","background-attachment":"scroll","background-type":"","background-media":"","overlay-type":"","overlay-color":"","overlay-opacity":"","overlay-gradient":""},"tablet":{"background-color":"","background-image":"","background-repeat":"repeat","background-position":"center center","background-size":"auto","background-attachment":"scroll","background-type":"","background-media":"","overlay-type":"","overlay-color":"","overlay-opacity":"","overlay-gradient":""},"mobile":{"background-color":"","background-image":"","background-repeat":"repeat","background-position":"center center","background-size":"auto","background-attachment":"scroll","background-type":"","background-media":"","overlay-type":"","overlay-color":"","overlay-opacity":"","overlay-gradient":""}},"ast-content-background-meta":{"desktop":{"background-color":"var(--ast-global-color-5)","background-image":"","background-repeat":"repeat","background-position":"center center","background-size":"auto","background-attachment":"scroll","background-type":"","background-media":"","overlay-type":"","overlay-color":"","overlay-opacity":"","overlay-gradient":""},"tablet":{"background-color":"var(--ast-global-color-5)","background-image":"","background-repeat":"repeat","background-position":"center center","background-size":"auto","background-attachment":"scroll","background-type":"","background-media":"","overlay-type":"","overlay-color":"","overlay-opacity":"","overlay-gradient":""},"mobile":{"background-color":"var(--ast-global-color-5)","background-image":"","background-repeat":"repeat","background-position":"center center","background-size":"auto","background-attachment":"scroll","background-type":"","background-media":"","overlay-type":"","overlay-color":"","overlay-opacity":"","overlay-gradient":""}},"footnotes":""},"class_list":["post-917","page","type-page","status-publish","hentry"],"post_mailing_queue_ids":[],"_links":{"self":[{"href":"https:\/\/agora.xtec.cat\/iesilladerodes\/wp-json\/wp\/v2\/pages\/917","targetHints":{"allow":["GET"]}}],"collection":[{"href":"https:\/\/agora.xtec.cat\/iesilladerodes\/wp-json\/wp\/v2\/pages"}],"about":[{"href":"https:\/\/agora.xtec.cat\/iesilladerodes\/wp-json\/wp\/v2\/types\/page"}],"author":[{"embeddable":true,"href":"https:\/\/agora.xtec.cat\/iesilladerodes\/wp-json\/wp\/v2\/users\/3"}],"replies":[{"embeddable":true,"href":"https:\/\/agora.xtec.cat\/iesilladerodes\/wp-json\/wp\/v2\/comments?post=917"}],"version-history":[{"count":3,"href":"https:\/\/agora.xtec.cat\/iesilladerodes\/wp-json\/wp\/v2\/pages\/917\/revisions"}],"predecessor-version":[{"id":2145,"href":"https:\/\/agora.xtec.cat\/iesilladerodes\/wp-json\/wp\/v2\/pages\/917\/revisions\/2145"}],"up":[{"embeddable":true,"href":"https:\/\/agora.xtec.cat\/iesilladerodes\/wp-json\/wp\/v2\/pages\/914"}],"wp:attachment":[{"href":"https:\/\/agora.xtec.cat\/iesilladerodes\/wp-json\/wp\/v2\/media?parent=917"}],"curies":[{"name":"wp","href":"https:\/\/api.w.org\/{rel}","templated":true}]}}