{"id":1580,"date":"2025-03-21T16:56:58","date_gmt":"2025-03-21T15:56:58","guid":{"rendered":"https:\/\/agora.xtec.cat\/iesilladerodes\/?page_id=1580"},"modified":"2026-04-26T20:10:08","modified_gmt":"2026-04-26T18:10:08","slug":"preinscripcio-2025-2026-eso-batxillerat-cicles-formatius-i-eere","status":"publish","type":"page","link":"https:\/\/agora.xtec.cat\/iesilladerodes\/preinscripcio-2025-2026-eso-batxillerat-cicles-formatius-i-eere\/","title":{"rendered":"PREINSCRIPCI\u00d3 2026-2027: ESO, BATXILLERAT, CICLES FORMATIUS I EERE"},"content":{"rendered":"\n<figure class=\"wp-block-image alignfull size-large\"><a href=\"https:\/\/agora.xtec.cat\/iesilladerodes\/wp-content\/uploads\/usu2146\/2026\/02\/imatge-impacte.jpg\"><img loading=\"lazy\" decoding=\"async\" width=\"1024\" height=\"200\" src=\"https:\/\/agora.xtec.cat\/iesilladerodes\/wp-content\/uploads\/usu2146\/2026\/02\/imatge-impacte-1024x200.jpg\" alt=\"\" class=\"wp-image-2594\" srcset=\"https:\/\/agora.xtec.cat\/iesilladerodes\/wp-content\/uploads\/usu2146\/2026\/02\/imatge-impacte-1024x200.jpg 1024w, https:\/\/agora.xtec.cat\/iesilladerodes\/wp-content\/uploads\/usu2146\/2026\/02\/imatge-impacte-300x59.jpg 300w, https:\/\/agora.xtec.cat\/iesilladerodes\/wp-content\/uploads\/usu2146\/2026\/02\/imatge-impacte-768x150.jpg 768w, https:\/\/agora.xtec.cat\/iesilladerodes\/wp-content\/uploads\/usu2146\/2026\/02\/imatge-impacte-1536x301.jpg 1536w, https:\/\/agora.xtec.cat\/iesilladerodes\/wp-content\/uploads\/usu2146\/2026\/02\/imatge-impacte.jpg 1900w\" sizes=\"auto, (max-width: 1024px) 100vw, 1024px\" \/><\/a><\/figure>\n\n\n\n<div class=\"wp-block-getwid-accordion has-icon-left\" data-active-element=\"none\">\n<div class=\"wp-block-getwid-accordion__header-wrapper\"><h5 class=\"wp-block-getwid-accordion__header\"><a href=\"#\"><span class=\"wp-block-getwid-accordion__header-title\">Informaci\u00f3 general preinscripci\u00f3 2026-2027<\/span><span class=\"wp-block-getwid-accordion__icon is-active\"><i class=\"fas fa-caret-square-down\"><\/i><\/span><span class=\"wp-block-getwid-accordion__icon is-passive\"><i class=\"fas fa-minus\"><\/i><\/span><\/a><\/h5><\/div><div class=\"wp-block-getwid-accordion__content-wrapper\"><div class=\"wp-block-getwid-accordion__content\">\n<p>Ja podeu consultar la informaci\u00f3 completa de TOT el procediment de preinscripci\u00f3 i matr\u00edcula dels diversos estudis del centre a l&#8217;enlla\u00e7.<\/p>\n\n\n\n<p><strong><a href=\"https:\/\/preinscripcio.gencat.cat\/ca\/estudis\/eso\/inici\/\" target=\"_blank\" rel=\"noreferrer noopener\">Preinscripci\u00f3<\/a><\/strong><\/p>\n<\/div><\/div>\n\n\n\n<div class=\"wp-block-getwid-accordion__header-wrapper\"><h5 class=\"wp-block-getwid-accordion__header\"><a href=\"#\"><span class=\"wp-block-getwid-accordion__header-title\">Dates de JPO, preinscripci\u00f3 i matr\u00edcula<\/span><span class=\"wp-block-getwid-accordion__icon is-active\"><i class=\"fas fa-caret-square-down\"><\/i><\/span><span class=\"wp-block-getwid-accordion__icon is-passive\"><i class=\"fas fa-minus\"><\/i><\/span><\/a><\/h5><\/div><div class=\"wp-block-getwid-accordion__content-wrapper\"><div class=\"wp-block-getwid-accordion__content\">\n<p>Tamb\u00e9 podreu consultar<a href=\"https:\/\/preinscripcio.gencat.cat\/ca\/inici\/index.html\"><strong>&nbsp;AQU\u00cd<\/strong><\/a>&nbsp; la informaci\u00f3 relativa a preinscripci\u00f3 publicada al web del departament d&#8217;Educaci\u00f3.<\/p>\n\n\n\n<p>En aquest bloc tamb\u00e9 trobareu  les dates de preinscripci\u00f3 i matr\u00edcula  dels diversos estudis de l&#8217;institut actualitzades a mesura que el departament d&#8217;Educaci\u00f3 i FP les publiqui.<\/p>\n\n\n\n<div style=\"height:40px\" aria-hidden=\"true\" class=\"wp-block-spacer\"><\/div>\n\n\n\n<p class=\"has-luminous-vivid-orange-color has-text-color has-link-color has-medium-font-size wp-elements-a135c682da202c85643fbd49023251d0\" style=\"padding-top:0;padding-right:0;padding-bottom:0;padding-left:0;text-decoration:underline\"><strong>Educaci\u00f3 secund\u00e0ria obligat\u00f2ria (ESO)&nbsp;<\/strong><\/p>\n\n\n\n<p class=\"has-vivid-red-color has-text-color has-link-color has-medium-font-size wp-elements-50bcd7390f37476d7c9ab89578fceff1\"><strong>Jornada de Portes Obertes:  dimecres, 4 de mar\u00e7 de 2026, a les 19:00<\/strong><\/p>\n\n\n\n<p>Presentaci\u00f3 de sol\u00b7licituds: del 6 al 18 de mar\u00e7, inclosos&nbsp;(en l\u00ednia: electr\u00f2niques o de suport digital)<\/p>\n\n\n\n<p>Matr\u00edcula: del 22 al 30  de juny, inclosos<\/p>\n\n\n\n<div style=\"height:40px\" aria-hidden=\"true\" class=\"wp-block-spacer\"><\/div>\n\n\n\n<p class=\"has-luminous-vivid-orange-color has-text-color has-link-color has-medium-font-size wp-elements-87f75627b52d4673a7fd8b4bcbf57adb\" style=\"text-decoration:underline\"><strong>Batxillerat \/Batxibac<\/strong><\/p>\n\n\n\n<p class=\"has-vivid-red-color has-text-color has-link-color has-medium-font-size wp-elements-a5ee12a2a46246d0795bd3ac86350689\" style=\"padding-top:0;padding-right:0;padding-bottom:0;padding-left:0\"><strong>Sessi\u00f3 informativa BATXILLERAT\/BATXIBAC:  dimarts, 17 de mar\u00e7 a  les 19:00<\/strong><\/p>\n\n\n\n<p class=\"has-vivid-red-color has-text-color has-link-color has-medium-font-size wp-elements-d52f8f54d27c1acd33de36b44d68f6bc\" style=\"padding-top:0;padding-right:0;padding-bottom:0;padding-left:0\"><strong>Sessi\u00f3 informativa BATXILLERAT\/BATXIBAC:  dijous 9 d&#8217;abril a  les 19:00<\/strong> (adre\u00e7ada a les fam\u00edlies del centre amb alumnat a 4t d&#8217;ESO)<\/p>\n\n\n\n<p class=\"has-vivid-cyan-blue-color has-text-color has-link-color has-medium-font-size wp-elements-e3635d422193ecad175e2ad755c55be6\" style=\"padding-top:0;padding-right:0;padding-bottom:0;padding-left:0\"><strong>Batxibac<\/strong><\/p>\n\n\n\n<p class=\"has-link-color wp-elements-a98e48bb4828fd7706a95c8c2bb1c1e8\" style=\"padding-top:0;padding-right:0;padding-bottom:0;padding-left:0\">Presentaci\u00f3 de sol\u00b7licituds:&nbsp;del 20  al 27 de mar\u00e7, inclosos<strong>&nbsp;(presencial al centre)<\/strong><\/p>\n\n\n\n<p class=\"has-vivid-cyan-blue-color has-text-color has-link-color has-medium-font-size wp-elements-ca89fec31f488f55a52c39ff939852ce\" style=\"padding-top:0;padding-right:0;padding-bottom:0;padding-left:0\"><strong>Batxillerat<\/strong><\/p>\n\n\n\n<p class=\"has-link-color wp-elements-f5546e2761d9a591620b4ee09e6052d3\" style=\"padding-top:0;padding-right:0;padding-bottom:0;padding-left:0\">Presentaci\u00f3 de sol\u00b7licituds:&nbsp;del 9 al 16 d&#8217;abril, inclosos&nbsp;(en l\u00ednia: electr\u00f2niques o de suport inform\u00e0tic)<\/p>\n\n\n\n<p class=\"has-link-color wp-elements-ccc3bc434fb9549fbd38762d07761f26\" style=\"padding-top:0;padding-right:0;padding-bottom:0;padding-left:0\">Matr\u00edcula dels dos estudis:&nbsp;del 18 al 30 de juny, inclosos<\/p>\n\n\n\n<div style=\"height:40px\" aria-hidden=\"true\" class=\"wp-block-spacer\"><\/div>\n\n\n\n<p class=\"has-luminous-vivid-orange-color has-text-color has-link-color has-medium-font-size wp-elements-0d817904f08aaba2c041af14830b0684\" style=\"padding-right:0;padding-left:0;text-decoration:underline\"><strong>Ensenyaments esportius (EERE)<\/strong><\/p>\n\n\n\n<p class=\"has-vivid-red-color has-text-color has-link-color wp-elements-57c08093d3473618472724873dfcaa82\"><strong>Jornada de Portes Obertes: dimecres, 22 d&#8217;abril a les 19:00h<\/strong><\/p>\n\n\n\n<div style=\"height:40px\" aria-hidden=\"true\" class=\"wp-block-spacer\"><\/div>\n\n\n\n<p>Pendents de la publicaci\u00f3 de les dates de preinscripci\u00f3 i matr\u00edcula dels cicles formatius.<\/p>\n\n\n\n<p class=\"has-luminous-vivid-orange-color has-text-color has-link-color has-medium-font-size wp-elements-34335b26e77f7006044d5e3c14501af1\" style=\"padding-right:0;padding-left:0;text-decoration:underline\"><strong>Cicle de formaci\u00f3 professional de grau mitj\u00e0 (GUIAM)&nbsp;<\/strong><\/p>\n\n\n\n<p class=\"has-vivid-red-color has-text-color has-link-color wp-elements-57c08093d3473618472724873dfcaa82\"><strong>Jornada de Portes Obertes: dimecres, 22 d&#8217;abril a les 19:00h<\/strong><\/p>\n\n\n\n<p>Presentaci\u00f3 de sol\u00b7licituds: pendent<\/p>\n\n\n\n<div style=\"height:40px\" aria-hidden=\"true\" class=\"wp-block-spacer\"><\/div>\n\n\n\n<p class=\"has-luminous-vivid-orange-color has-text-color has-link-color has-medium-font-size wp-elements-c595065f4381d68be28d13f846064074\" style=\"padding-right:0;padding-left:0;text-decoration:underline\"><strong>Cicle de formaci\u00f3 professional de grau superior (TSEAS)<\/strong><\/p>\n\n\n\n<p class=\"has-vivid-red-color has-text-color has-link-color wp-elements-57c08093d3473618472724873dfcaa82\"><strong>Jornada de Portes Obertes: dimecres, 22 d&#8217;abril a les 19:00h<\/strong><\/p>\n\n\n\n<p>Presentaci\u00f3 de sol\u00b7licituds: pendent<\/p>\n\n\n\n<p>[Dades actualitzades&nbsp; 08\/04\/2026]<\/p>\n<\/div><\/div>\n\n\n\n<div class=\"wp-block-getwid-accordion__header-wrapper\"><h5 class=\"wp-block-getwid-accordion__header\"><a href=\"#\"><span class=\"wp-block-getwid-accordion__header-title\">Necessiteu con\u00e8ixer el centre?<\/span><span class=\"wp-block-getwid-accordion__icon is-active\"><i class=\"fas fa-caret-square-down\"><\/i><\/span><span class=\"wp-block-getwid-accordion__icon is-passive\"><i class=\"fas fa-minus\"><\/i><\/span><\/a><\/h5><\/div><div class=\"wp-block-getwid-accordion__content-wrapper\"><div class=\"wp-block-getwid-accordion__content\">\n<p>Si no podeu assistir a la nostra Jornada de Portes obertes d&#8217;ESO&nbsp; que celebrarem el dimarts 4 de mar\u00e7 i voleu con\u00e8ixer el centre poseu-vos en contacte amb nosaltres<strong>&nbsp;per concertar una cita&nbsp; al correu&nbsp;<a href=\"mailto:iesilladerodes@xtec.cat\">b7006851@xtec.cat<\/a>&nbsp;o b\u00e9 trucant al centre, al tel\u00e8fon 972 15 43 83.<\/strong><\/p>\n\n\n\n<p>En el cas dels estudis postobligatoris, cal que tamb\u00e9 feu \u00fas d&#8217;aquests mateixos canals.<\/p>\n\n\n\n<figure class=\"wp-block-image aligncenter size-full is-resized\"><a href=\"https:\/\/agora.xtec.cat\/iesilladerodes\/wp-content\/uploads\/usu2146\/2025\/03\/benvinguts.png\"><img loading=\"lazy\" decoding=\"async\" width=\"750\" height=\"449\" src=\"https:\/\/agora.xtec.cat\/iesilladerodes\/wp-content\/uploads\/usu2146\/2025\/03\/benvinguts.png\" alt=\"\" class=\"wp-image-1622\" style=\"width:357px;height:auto\" srcset=\"https:\/\/agora.xtec.cat\/iesilladerodes\/wp-content\/uploads\/usu2146\/2025\/03\/benvinguts.png 750w, https:\/\/agora.xtec.cat\/iesilladerodes\/wp-content\/uploads\/usu2146\/2025\/03\/benvinguts-300x180.png 300w\" sizes=\"auto, (max-width: 750px) 100vw, 750px\" \/><\/a><\/figure>\n<\/div><\/div>\n\n\n\n<div class=\"wp-block-getwid-accordion__header-wrapper\"><h5 class=\"wp-block-getwid-accordion__header\"><a href=\"#\"><span class=\"wp-block-getwid-accordion__header-title\">Enlla\u00e7os per la preinscripci\u00f3 a ESO<\/span><span class=\"wp-block-getwid-accordion__icon is-active\"><i class=\"fas fa-caret-square-down\"><\/i><\/span><span class=\"wp-block-getwid-accordion__icon is-passive\"><i class=\"fas fa-minus\"><\/i><\/span><\/a><\/h5><\/div><div class=\"wp-block-getwid-accordion__content-wrapper\"><div class=\"wp-block-getwid-accordion__content\">\n<p>Cliqueu&nbsp;<a href=\"http:\/\/educacio.gencat.cat\/ca\/tramits\/tramits-temes\/20483-obligatoris?moda=3\" target=\"_blank\" rel=\"noreferrer noopener\"><strong>AQU\u00cd<\/strong><\/a>&nbsp;per a realitzar la preinscripci\u00f3 i seguiu aquests passos:<\/p>\n\n\n\n<p><strong>El codi del nostre centre \u00e9s 17006851<\/strong>.<\/p>\n\n\n\n<p>IMPORTANT! \u00c9s important que entreu el&nbsp;<strong>N\u00daMERO IDENTIFICADOR DE L&#8217;ALUMNE\/A per a la vostra comoditat<\/strong>. Aquest identificador us ha estat&nbsp;<strong>facilitat des de l&#8217;escola de prim\u00e0ria.<\/strong><\/p>\n\n\n\n<p>Si teniu dubtes podeu trucar-nos al 972 15 43 83<\/p>\n<\/div><\/div>\n\n\n\n<div class=\"wp-block-getwid-accordion__header-wrapper\"><h5 class=\"wp-block-getwid-accordion__header\"><a href=\"#\"><span class=\"wp-block-getwid-accordion__header-title\">Guia Pas a Pas per a la preinscripci\u00f3<\/span><span class=\"wp-block-getwid-accordion__icon is-active\"><i class=\"fas fa-caret-square-down\"><\/i><\/span><span class=\"wp-block-getwid-accordion__icon is-passive\"><i class=\"fas fa-minus\"><\/i><\/span><\/a><\/h5><\/div><div class=\"wp-block-getwid-accordion__content-wrapper\"><div class=\"wp-block-getwid-accordion__content\">\n<p><strong>Seguiu les indicacions a la web de preinscripci\u00f3 del&nbsp;<\/strong><strong>Departament d&#8217;Educaci\u00f3 en aquests enlla\u00e7:<\/strong><\/p>\n\n\n\n<p><a href=\"https:\/\/preinscripcio.gencat.cat\/ca\/estudis\/eso\/preinscriute\/sollicitud\/\" target=\"_blank\" rel=\"noreferrer noopener\">Guia de preinscripci\u00f3<\/a><\/p>\n\n\n\n<p>A mesura que es coneguin les dates de preinscripci\u00f3 dels diversos estudis, aquest enlla\u00e7 tamb\u00e9 us hi portar\u00e0.<\/p>\n\n\n\n<figure class=\"wp-block-image aligncenter size-full is-resized\"><a href=\"https:\/\/agora.xtec.cat\/iesilladerodes\/wp-content\/uploads\/usu2146\/2025\/03\/0_1_info.jpg\"><img loading=\"lazy\" decoding=\"async\" width=\"350\" height=\"350\" src=\"https:\/\/agora.xtec.cat\/iesilladerodes\/wp-content\/uploads\/usu2146\/2025\/03\/0_1_info.jpg\" alt=\"\" class=\"wp-image-1623\" style=\"width:100px;height:auto\" srcset=\"https:\/\/agora.xtec.cat\/iesilladerodes\/wp-content\/uploads\/usu2146\/2025\/03\/0_1_info.jpg 350w, https:\/\/agora.xtec.cat\/iesilladerodes\/wp-content\/uploads\/usu2146\/2025\/03\/0_1_info-300x300.jpg 300w, https:\/\/agora.xtec.cat\/iesilladerodes\/wp-content\/uploads\/usu2146\/2025\/03\/0_1_info-150x150.jpg 150w\" sizes=\"auto, (max-width: 350px) 100vw, 350px\" \/><\/a><\/figure>\n<\/div><\/div>\n\n\n\n<div class=\"wp-block-getwid-accordion__header-wrapper\"><h5 class=\"wp-block-getwid-accordion__header\"><a href=\"#\"><span class=\"wp-block-getwid-accordion__header-title\">Publicaci\u00f3 de l&#8217;oferta inicial d&#8217;ESO<\/span><span class=\"wp-block-getwid-accordion__icon is-active\"><i class=\"fas fa-caret-square-down\"><\/i><\/span><span class=\"wp-block-getwid-accordion__icon is-passive\"><i class=\"fas fa-minus\"><\/i><\/span><\/a><\/h5><\/div><div class=\"wp-block-getwid-accordion__content-wrapper\"><div class=\"wp-block-getwid-accordion__content\">\n<p>Avui, 3 de mar\u00e7, s&#8217;ha publicat <strong><a href=\"https:\/\/drive.google.com\/file\/d\/123jJanKj8cbJDVXc7UOfehPcAGFPhRf9\/view?usp=sharing\">l&#8217;oferta inicial d&#8217;ESO per al curs 2026-2027<\/a> <\/strong>que podeu consultar a l&#8217;enlla\u00e7 en blau.<\/p>\n<\/div><\/div>\n\n\n\n<div class=\"wp-block-getwid-accordion__header-wrapper\"><h5 class=\"wp-block-getwid-accordion__header\"><a href=\"#\"><span class=\"wp-block-getwid-accordion__header-title\">Publicaci\u00f3 llista amb puntuaci\u00f3 provisional ESO<\/span><span class=\"wp-block-getwid-accordion__icon is-active\"><i class=\"fas fa-caret-square-down\"><\/i><\/span><span class=\"wp-block-getwid-accordion__icon is-passive\"><i class=\"fas fa-minus\"><\/i><\/span><\/a><\/h5><\/div><div class=\"wp-block-getwid-accordion__content-wrapper\"><div class=\"wp-block-getwid-accordion__content\">\n<p>Avui, 15 de mar\u00e7, s&#8217;ha publicat<a href=\"https:\/\/drive.google.com\/file\/d\/1TzkflXisiuj1BQ2qOdsIZx4RAsG1qMzf\/view?usp=drive_link\"> <strong>la llista de sol\u00b7licituds que han demanat el centre en primera petici\u00f3 amb la puntuaci\u00f3 provisional<\/strong><\/a><strong> <\/strong>que podeu consultar a l&#8217;enlla\u00e7 en blau.<\/p>\n<\/div><\/div>\n\n\n\n<div class=\"wp-block-getwid-accordion__header-wrapper\"><h5 class=\"wp-block-getwid-accordion__header\"><a href=\"#\"><span class=\"wp-block-getwid-accordion__header-title\">Publicaci\u00f3 llista amb puntuaci\u00f3 ESO resoltes les reclamacions<\/span><span class=\"wp-block-getwid-accordion__icon is-active\"><i class=\"fas fa-caret-square-down\"><\/i><\/span><span class=\"wp-block-getwid-accordion__icon is-passive\"><i class=\"fas fa-minus\"><\/i><\/span><\/a><\/h5><\/div><div class=\"wp-block-getwid-accordion__content-wrapper\"><div class=\"wp-block-getwid-accordion__content\">\n<p>Avui, 23 d&#8217;abril, s&#8217;ha publicat <strong><a href=\"https:\/\/drive.google.com\/file\/d\/1FfPJ5JD7aLLPMe6FK4s4qnLN2QLN3BBS\/view?usp=sharing\">la llista de sol\u00b7licituds que han demanat el centre en primera petici\u00f3 amb la puntuaci\u00f3 un cop resoltes les reclamacions<\/a><\/strong> que podeu consultar a l&#8217;enlla\u00e7 en blau.<\/p>\n<\/div><\/div>\n\n\n\n<div class=\"wp-block-getwid-accordion__header-wrapper\"><h5 class=\"wp-block-getwid-accordion__header\"><a href=\"#\"><span class=\"wp-block-getwid-accordion__header-title\">Publicaci\u00f3 de l&#8217;oferta inicial de Batxillerat<\/span><span class=\"wp-block-getwid-accordion__icon is-active\"><i class=\"fas fa-caret-square-down\"><\/i><\/span><span class=\"wp-block-getwid-accordion__icon is-passive\"><i class=\"fas fa-minus\"><\/i><\/span><\/a><\/h5><\/div><div class=\"wp-block-getwid-accordion__content-wrapper\"><div class=\"wp-block-getwid-accordion__content\">\n<p>Avui, 8 d&#8217;abril, s&#8217;ha publicat <strong><a href=\"https:\/\/drive.google.com\/file\/d\/1XJraux5Q3BcQ87qXEcsixjYbiKL2DhRt\/view?usp=sharing\">l&#8217;oferta inicial de Batxillerat per al curs 2026-2027<\/a> <\/strong>que podeu consultar a l&#8217;enlla\u00e7 en blau.<\/p>\n<\/div><\/div>\n\n\n\n<div class=\"wp-block-getwid-accordion__header-wrapper\"><h5 class=\"wp-block-getwid-accordion__header\"><a href=\"#\"><span class=\"wp-block-getwid-accordion__header-title\">Enlla\u00e7os per a la preincripci\u00f3 dels estudis postobligatoris: Batxibac, Batxillerat i Cicles formatius<\/span><span class=\"wp-block-getwid-accordion__icon is-active\"><i class=\"fas fa-caret-square-down\"><\/i><\/span><span class=\"wp-block-getwid-accordion__icon is-passive\"><i class=\"fas fa-minus\"><\/i><\/span><\/a><\/h5><\/div><div class=\"wp-block-getwid-accordion__content-wrapper\"><div class=\"wp-block-getwid-accordion__content\">\n<p><strong>Aquests enlla\u00e7os s&#8217;activaran en el moment en qu\u00e8 el departament d&#8217;Educaci\u00f3 publiqui la informaci\u00f3 del proc\u00e9s de preinscripci\u00f3.<\/strong> (<strong>Aqu\u00ed teniu els enlla\u00e7os per accedir a la preinscripci\u00f3 dels ensenyaments postobligatoris:<\/strong><\/p>\n\n\n\n<p><strong>BATXIBAC (DOBLE TITULACI\u00d3): <a href=\"https:\/\/tramits.gencat.cat\/ca\/tramits\/tramits-temes\/preinscripcio-batxillerat?moda=2\">https:\/\/tramits.gencat.cat\/ca\/tramits\/tramits-temes\/preinscripcio-batxillerat?moda=2<\/a><\/strong><\/p>\n\n\n\n<p>La sol\u00b7licitud en pdf es pot descarregar<strong> <a href=\"https:\/\/drive.google.com\/file\/d\/17HCzrYYEpVvjfdif4Q2-6AfufRpzDP4S\/view?usp=sharing\">AQU\u00cd<\/a><\/strong><\/p>\n\n\n\n<p>Requereix presentar la sol\u00b7licitud al centre, presencialment, del 20 al 27 de mar\u00e7)<\/p>\n\n\n\n<p><strong>BATXILLERAT:&nbsp;<a href=\"https:\/\/preinscripcio.gencat.cat\/ca\/estudis\/batxillerat\/inici\/\">https:\/\/preinscripcio.gencat.cat\/ca\/estudis\/batxillerat\/inici\/<\/a><\/strong><\/p>\n\n\n\n<p><strong>GUIAM:&nbsp;<a href=\"https:\/\/preinscripcio.gencat.cat\/ca\/estudis\/fp-grau-mitja\/inici\/\" target=\"_blank\" rel=\"noreferrer noopener\">https:\/\/preinscripcio.gencat.cat\/ca\/estudis\/fp-grau-mitja\/inici\/<\/a><\/strong><\/p>\n\n\n\n<p><strong>TSEAS:&nbsp;<a href=\"https:\/\/preinscripcio.gencat.cat\/ca\/estudis\/fp-grau-superior\/inici\/\" target=\"_blank\" rel=\"noreferrer noopener\">https:\/\/preinscripcio.gencat.cat\/ca\/estudis\/fp-grau-superior\/inici\/<\/a><\/strong><\/p>\n\n\n\n<p><strong>EERE:&nbsp;<a href=\"https:\/\/preinscripcio.gencat.cat\/ca\/estudis\/esportius\/inici\/\">https:\/\/preinscripcio.gencat.cat\/ca\/estudis\/esportius\/inici\/<\/a><\/strong><\/p>\n<\/div><\/div>\n\n\n\n<div class=\"wp-block-getwid-accordion__header-wrapper\"><h5 class=\"wp-block-getwid-accordion__header\"><a href=\"#\"><span class=\"wp-block-getwid-accordion__header-title\">Q\u00fcestionari de satisfacci\u00f3: JPO ESO 2026-2027<\/span><span class=\"wp-block-getwid-accordion__icon is-active\"><i class=\"fas fa-caret-square-down\"><\/i><\/span><span class=\"wp-block-getwid-accordion__icon is-passive\"><i class=\"fas fa-minus\"><\/i><\/span><\/a><\/h5><\/div><div class=\"wp-block-getwid-accordion__content-wrapper\"><div class=\"wp-block-getwid-accordion__content\">\n<p>Per respondre el formulari, cliqueu aquest enlla\u00e7:<\/p>\n\n\n\n<p><strong><a href=\"https:\/\/forms.gle\/m6o5bbwTyyhneX9MA\">Formulari de satisfacci\u00f3<\/a><\/strong><\/p>\n\n\n\n<p>Gr\u00e0cies per respondre i ajudar-nos a millorar!<\/p>\n\n\n\n<figure class=\"wp-block-image aligncenter size-full is-resized\"><a href=\"https:\/\/agora.xtec.cat\/iesilladerodes\/wp-content\/uploads\/usu2146\/2025\/03\/0_1_baixa_2.png\"><img loading=\"lazy\" decoding=\"async\" width=\"300\" height=\"168\" src=\"https:\/\/agora.xtec.cat\/iesilladerodes\/wp-content\/uploads\/usu2146\/2025\/03\/0_1_baixa_2.png\" alt=\"\" class=\"wp-image-1624\" style=\"width:159px;height:auto\"\/><\/a><\/figure>\n<\/div><\/div>\n<\/div>\n\n\n\n<p><\/p>\n","protected":false},"excerpt":{"rendered":"","protected":false},"author":3,"featured_media":0,"parent":0,"menu_order":0,"comment_status":"closed","ping_status":"close","template":"","meta":{"site-sidebar-layout":"no-sidebar","site-content-layout":"","ast-site-content-layout":"default","site-content-style":"default","site-sidebar-style":"default","ast-global-header-display":"","ast-banner-title-visibility":"","ast-main-header-display":"","ast-hfb-above-header-display":"","ast-hfb-below-header-display":"","ast-hfb-mobile-header-display":"","site-post-title":"","ast-breadcrumbs-content":"","ast-featured-img":"","footer-sml-layout":"","theme-transparent-header-meta":"","adv-header-id-meta":"","stick-header-meta":"","header-above-stick-meta":"","header-main-stick-meta":"","header-below-stick-meta":"","astra-migrate-meta-layouts":"set","ast-page-background-enabled":"default","ast-page-background-meta":{"desktop":{"background-color":"var(--ast-global-color-4)","background-image":"","background-repeat":"repeat","background-position":"center center","background-size":"auto","background-attachment":"scroll","background-type":"","background-media":"","overlay-type":"","overlay-color":"","overlay-opacity":"","overlay-gradient":""},"tablet":{"background-color":"","background-image":"","background-repeat":"repeat","background-position":"center center","background-size":"auto","background-attachment":"scroll","background-type":"","background-media":"","overlay-type":"","overlay-color":"","overlay-opacity":"","overlay-gradient":""},"mobile":{"background-color":"","background-image":"","background-repeat":"repeat","background-position":"center center","background-size":"auto","background-attachment":"scroll","background-type":"","background-media":"","overlay-type":"","overlay-color":"","overlay-opacity":"","overlay-gradient":""}},"ast-content-background-meta":{"desktop":{"background-color":"var(--ast-global-color-5)","background-image":"","background-repeat":"repeat","background-position":"center center","background-size":"auto","background-attachment":"scroll","background-type":"","background-media":"","overlay-type":"","overlay-color":"","overlay-opacity":"","overlay-gradient":""},"tablet":{"background-color":"var(--ast-global-color-5)","background-image":"","background-repeat":"repeat","background-position":"center center","background-size":"auto","background-attachment":"scroll","background-type":"","background-media":"","overlay-type":"","overlay-color":"","overlay-opacity":"","overlay-gradient":""},"mobile":{"background-color":"var(--ast-global-color-5)","background-image":"","background-repeat":"repeat","background-position":"center center","background-size":"auto","background-attachment":"scroll","background-type":"","background-media":"","overlay-type":"","overlay-color":"","overlay-opacity":"","overlay-gradient":""}},"footnotes":""},"class_list":["post-1580","page","type-page","status-publish","hentry"],"post_mailing_queue_ids":[],"_links":{"self":[{"href":"https:\/\/agora.xtec.cat\/iesilladerodes\/wp-json\/wp\/v2\/pages\/1580","targetHints":{"allow":["GET"]}}],"collection":[{"href":"https:\/\/agora.xtec.cat\/iesilladerodes\/wp-json\/wp\/v2\/pages"}],"about":[{"href":"https:\/\/agora.xtec.cat\/iesilladerodes\/wp-json\/wp\/v2\/types\/page"}],"author":[{"embeddable":true,"href":"https:\/\/agora.xtec.cat\/iesilladerodes\/wp-json\/wp\/v2\/users\/3"}],"replies":[{"embeddable":true,"href":"https:\/\/agora.xtec.cat\/iesilladerodes\/wp-json\/wp\/v2\/comments?post=1580"}],"version-history":[{"count":5,"href":"https:\/\/agora.xtec.cat\/iesilladerodes\/wp-json\/wp\/v2\/pages\/1580\/revisions"}],"predecessor-version":[{"id":2858,"href":"https:\/\/agora.xtec.cat\/iesilladerodes\/wp-json\/wp\/v2\/pages\/1580\/revisions\/2858"}],"wp:attachment":[{"href":"https:\/\/agora.xtec.cat\/iesilladerodes\/wp-json\/wp\/v2\/media?parent=1580"}],"curies":[{"name":"wp","href":"https:\/\/api.w.org\/{rel}","templated":true}]}}