{"id":1045,"date":"2022-02-06T17:29:02","date_gmt":"2022-02-06T16:29:02","guid":{"rendered":"https:\/\/agora.xtec.cat\/iesicilia\/?page_id=1045"},"modified":"2026-04-29T14:45:50","modified_gmt":"2026-04-29T12:45:50","slug":"preinscripcio","status":"publish","type":"page","link":"https:\/\/agora.xtec.cat\/iesicilia\/secretaria\/preinscripcio\/","title":{"rendered":"Preinscripci\u00f3 i matr\u00edcula"},"content":{"rendered":"<h3><span style=\"font-family: arial, helvetica, sans-serif;\"><strong>EDUCACI\u00d3 INFANTIL (3-6 ANYS), EDUCACI\u00d3 PRIM\u00c0RIA I ESO<\/strong><\/span><\/h3>\n<p><em><strong>INFANTIL I PRIM\u00c0RIA: DEL 4 AL 18 DE MAR\u00c7 DE 2026<\/strong><\/em><\/p>\n<p><strong><img loading=\"lazy\" decoding=\"async\" class=\"alignright wp-image-2298\" style=\"font-weight: 400;\" src=\"https:\/\/agora.xtec.cat\/iesicilia\/wp-content\/uploads\/usu2573\/2026\/03\/Preinscripcio_baners_Web_educacio__Preinscripcio_web_educacio_555x431_PRIMARIA-300x235.jpg\" alt=\"\" width=\"483\" height=\"379\" srcset=\"https:\/\/agora.xtec.cat\/iesicilia\/wp-content\/uploads\/usu2573\/2026\/03\/Preinscripcio_baners_Web_educacio__Preinscripcio_web_educacio_555x431_PRIMARIA-300x235.jpg 300w, https:\/\/agora.xtec.cat\/iesicilia\/wp-content\/uploads\/usu2573\/2026\/03\/Preinscripcio_baners_Web_educacio__Preinscripcio_web_educacio_555x431_PRIMARIA.jpg 572w\" sizes=\"auto, (max-width: 483px) 100vw, 483px\" \/><\/strong><\/p>\n<p><em><strong>ESO: DEL 6 AL 18 DE MAR\u00c7 DE 2026<\/strong><\/em><\/p>\n<p><span style=\"font-size: 12pt; font-family: arial, helvetica, sans-serif;\">Anirem actualitzant la informaci\u00f3 a mesura que avanci el proc\u00e9s de preinscripci\u00f3.<\/span><\/p>\n<p><span style=\"font-family: arial, helvetica, sans-serif;\">Fulls informatius del CEB per a les fam\u00edlies:\u00a0 <\/span><span style=\"font-family: arial, helvetica, sans-serif;\"><a href=\"https:\/\/www.edubcn.cat\/rcs_gene\/extra\/02_preinscripcio_2026_2027\/materials-obligatoris\/CEB-fullet-I3-2026-27-cat-digital.pdf\" target=\"_blank\" rel=\"noopener\">Infantil-Prim\u00e0ria<\/a>&#8211;\u00a0 \u00a0<a href=\"https:\/\/www.edubcn.cat\/rcs_gene\/extra\/02_preinscripcio_2026_2027\/materials-obligatoris\/CEB-fullet-ESO-2026-27-cat-digital.pdf\">ESO<\/a>&#8211;\u00a0 \u00a0<a href=\"https:\/\/www.edubcn.cat\/rcs_gene\/extra\/02_preinscripcio_2026_2027\/materials-obligatoris\/CEB-fullet-NESEB-2026-digital-cat.pdf\">NESE B<\/a>&#8211;\u00a0 \u00a0<a href=\"https:\/\/www.edubcn.cat\/rcs_gene\/extra\/02_preinscripcio_2026_2027\/materials-obligatoris\/CEB-fullet-NESEA-2026-digital-cat.pdf\">NESE A<\/a><\/span><\/p>\n<ul>\n<li><a href=\"https:\/\/drive.google.com\/file\/d\/1ktKmLjWc9UvAjz4Sp-7L_mv2vd-DHWV7\/view?usp=sharing\"><span style=\"font-family: arial, helvetica, sans-serif;\">Dates de tot el proc\u00e9s preinscripci\u00f3 26-27<\/span><\/a><\/li>\n<li><a href=\"https:\/\/drive.google.com\/file\/d\/1BEBf1fVqF1EGUJgobzePwju0ZSBhwFTp\/view?usp=sharing\" target=\"_blank\" rel=\"noopener\"><span style=\"font-family: arial, helvetica, sans-serif;\">Oferta inicial<\/span><\/a><\/li>\n<li><a href=\"https:\/\/drive.google.com\/file\/d\/1gjyYTfUfsd-8EyU0BN_ZpkJ0JyIeAqU5\/view?usp=sharing\"><span style=\"font-family: arial, helvetica, sans-serif;\">Llistat barem provisional<\/span><\/a><\/li>\n<li><a href=\"https:\/\/drive.google.com\/file\/d\/1WxSUswF4_8lNuLyK3Wj7SP9lSxFuXhFe\/view?usp=sharing\"><span style=\"font-family: arial, helvetica, sans-serif;\">Llistat barem resoltes les reclamacions<\/span><\/a><\/li>\n<li><strong>N\u00fam. desempat de les sol\u00b7licituds:\u00a0 <span style=\"font-family: arial, helvetica, sans-serif;\">42129<\/span><\/strong>\n<div class=\"wDYxhc NFQFxe viOShc LKPcQc\" lang=\"es-ES\" data-md=\"25\">\n<div class=\"HwtpBd gsrt PZPZlf kTOYnf\" role=\"heading\" aria-level=\"2\" data-hveid=\"CBsQAA\" data-ved=\"2ahUKEwjSt9nX3ZONAxVBU6QEHVdNDqUQtwcoAHoECBsQAA\"><\/div>\n<\/div>\n<\/li>\n<li><a href=\"https:\/\/drive.google.com\/file\/d\/1GZHBXd3Ks1IZwNwoFGiTUydKOWLvZZ2M\/view?usp=sharing\" target=\"_blank\" rel=\"noopener\"><span style=\"font-family: arial, helvetica, sans-serif;\">Llista ordenada 1a petici\u00f3<\/span><\/a><\/li>\n<li><span style=\"font-family: arial, helvetica, sans-serif;\">Oferta final<\/span><\/li>\n<li><span style=\"font-family: arial, helvetica, sans-serif;\">Llista assignat<\/span><\/li>\n<li><span style=\"font-family: arial, helvetica, sans-serif;\">Llistat d&#8217;espera\u00a0<\/span><\/li>\n<li>Llistat preinscrits amb assignacions<\/li>\n<\/ul>\n<p style=\"text-align: justify;\"><span style=\"font-family: arial, helvetica, sans-serif;\">Per participar en el proc\u00e9s de preinscripci\u00f3 amb totes les garanties, teniu tamb\u00e9 al vostre abast diversos<strong>\u00a0canals informatius i de suport<\/strong>:<\/span><\/p>\n<ul>\n<li><a href=\"https:\/\/www.edubcn.cat\/ca\/alumnat_i_familia\/informacio_general_matriculacio\/preinscripcio_info\"><span style=\"font-family: arial, helvetica, sans-serif;\">edubcn.cat<\/span><\/a><\/li>\n<li><span style=\"font-family: arial, helvetica, sans-serif;\"><a href=\"https:\/\/www.edubcn.cat\/ca\/alumnat_i_familia\/informacio_general_matriculacio\/consulta_de_centres_educatius#\/cerca\">Guia de centres educatius de la ciutat\u00a0 \u00a0<\/a><\/span><\/li>\n<li><span style=\"font-family: arial, helvetica, sans-serif;\"><a href=\"https:\/\/www.edubcn.cat\/ca\/alumnat_i_familia\/informacio_general_matriculacio\/arees_influencia\/que_son\" target=\"_blank\" rel=\"noopener\">Consulta la proximitat al domicili<\/a><\/span><\/li>\n<li><span style=\"font-family: arial, helvetica, sans-serif;\"><a style=\"font-size: 1em;\" href=\"https:\/\/www.edubcn.cat\/ca\/alumnat_i_familia\/informacio_general_matriculacio\/adscripcions\">Consulta d&#8217;adscripcions<\/a><\/span><\/li>\n<\/ul>\n<p><span style=\"font-family: arial, helvetica, sans-serif;\"><strong>Matr\u00edcula pel curs 26-27:<\/strong><\/span><\/p>\n<ul>\n<li><span style=\"font-family: arial, helvetica, sans-serif;\"><span style=\"font-family: arial, helvetica, sans-serif;\">Educaci\u00f3 Infantil, Prim\u00e0ria i ESO:\u00a0 <\/span><\/span><b style=\"font-family: inherit; font-size: 1em;\">Del 22 de juny\u00a0 <\/b><b style=\"font-family: inherit; font-size: 1em;\">al 30 de juny<\/b><\/li>\n<\/ul>\n<p>Per tal de formalitzar la matr\u00edcula,\u00a0<b>cal que entre el dia\u00a0 \u00a0i el\u00a0 \u00a0de juny passeu pel centre a recollir la documentaci\u00f3 i us donarem cita per fer la matr\u00edcula.\u00a0<\/b><\/p>\n<p><strong>Si ho preferiu podeu descarregar-vos vosaltres els documents i demanar cita pr\u00e8via per fer la matr\u00edcula:<\/strong><\/p>\n<ul>\n<li aria-level=\"1\">Per tel\u00e8fon: 934578848<\/li>\n<li aria-level=\"1\">Per mail:\u00a0<a href=\"mailto:consergeria@iesicilia.cat\">consergeria@iesicilia.cat<\/a><\/li>\n<\/ul>\n<p>Si demaneu cita per mail, deixeu-nos les dades de l\u2019alumne i un tel\u00e8fon de contacte.<\/p>\n<p>&nbsp;<\/p>\n","protected":false},"excerpt":{"rendered":"<p>EDUCACI\u00d3 INFANTIL (3-6 ANYS), EDUCACI\u00d3 PRIM\u00c0RIA I ESO INFANTIL I PRIM\u00c0RIA: DEL 4 AL 18 DE MAR\u00c7 DE 2026 ESO: DEL 6 AL 18 DE MAR\u00c7 DE 2026 Anirem actualitzant la informaci\u00f3 a mesura que avanci el proc\u00e9s de preinscripci\u00f3. Fulls informatius del CEB per a les fam\u00edlies:\u00a0 Infantil-Prim\u00e0ria&#8211;\u00a0 \u00a0ESO&#8211;\u00a0 \u00a0NESE B&#8211;\u00a0 \u00a0NESE A Dates [&hellip;]<\/p>\n","protected":false},"author":1,"featured_media":0,"parent":81,"menu_order":1,"comment_status":"closed","ping_status":"closed","template":"","meta":{"_bbp_topic_count":0,"_bbp_reply_count":0,"_bbp_total_topic_count":0,"_bbp_total_reply_count":0,"_bbp_voice_count":0,"_bbp_anonymous_reply_count":0,"_bbp_topic_count_hidden":0,"_bbp_reply_count_hidden":0,"_bbp_forum_subforum_count":0,"site-sidebar-layout":"default","site-content-layout":"","ast-site-content-layout":"default","site-content-style":"default","site-sidebar-style":"default","ast-global-header-display":"","ast-banner-title-visibility":"","ast-main-header-display":"","ast-hfb-above-header-display":"","ast-hfb-below-header-display":"","ast-hfb-mobile-header-display":"","site-post-title":"","ast-breadcrumbs-content":"","ast-featured-img":"","footer-sml-layout":"","theme-transparent-header-meta":"default","adv-header-id-meta":"","stick-header-meta":"","header-above-stick-meta":"","header-main-stick-meta":"","header-below-stick-meta":"","astra-migrate-meta-layouts":"set","ast-page-background-enabled":"default","ast-page-background-meta":{"desktop":{"background-color":"var(--ast-global-color-4)","background-image":"","background-repeat":"repeat","background-position":"center center","background-size":"auto","background-attachment":"scroll","background-type":"","background-media":"","overlay-type":"","overlay-color":"","overlay-opacity":"","overlay-gradient":""},"tablet":{"background-color":"","background-image":"","background-repeat":"repeat","background-position":"center center","background-size":"auto","background-attachment":"scroll","background-type":"","background-media":"","overlay-type":"","overlay-color":"","overlay-opacity":"","overlay-gradient":""},"mobile":{"background-color":"","background-image":"","background-repeat":"repeat","background-position":"center center","background-size":"auto","background-attachment":"scroll","background-type":"","background-media":"","overlay-type":"","overlay-color":"","overlay-opacity":"","overlay-gradient":""}},"ast-content-background-meta":{"desktop":{"background-color":"var(--ast-global-color-5)","background-image":"","background-repeat":"repeat","background-position":"center center","background-size":"auto","background-attachment":"scroll","background-type":"","background-media":"","overlay-type":"","overlay-color":"","overlay-opacity":"","overlay-gradient":""},"tablet":{"background-color":"var(--ast-global-color-5)","background-image":"","background-repeat":"repeat","background-position":"center center","background-size":"auto","background-attachment":"scroll","background-type":"","background-media":"","overlay-type":"","overlay-color":"","overlay-opacity":"","overlay-gradient":""},"mobile":{"background-color":"var(--ast-global-color-5)","background-image":"","background-repeat":"repeat","background-position":"center center","background-size":"auto","background-attachment":"scroll","background-type":"","background-media":"","overlay-type":"","overlay-color":"","overlay-opacity":"","overlay-gradient":""}},"footnotes":""},"class_list":["post-1045","page","type-page","status-publish","hentry"],"post_mailing_queue_ids":[],"_links":{"self":[{"href":"https:\/\/agora.xtec.cat\/iesicilia\/wp-json\/wp\/v2\/pages\/1045","targetHints":{"allow":["GET"]}}],"collection":[{"href":"https:\/\/agora.xtec.cat\/iesicilia\/wp-json\/wp\/v2\/pages"}],"about":[{"href":"https:\/\/agora.xtec.cat\/iesicilia\/wp-json\/wp\/v2\/types\/page"}],"author":[{"embeddable":true,"href":"https:\/\/agora.xtec.cat\/iesicilia\/wp-json\/wp\/v2\/users\/1"}],"replies":[{"embeddable":true,"href":"https:\/\/agora.xtec.cat\/iesicilia\/wp-json\/wp\/v2\/comments?post=1045"}],"version-history":[{"count":6,"href":"https:\/\/agora.xtec.cat\/iesicilia\/wp-json\/wp\/v2\/pages\/1045\/revisions"}],"predecessor-version":[{"id":2431,"href":"https:\/\/agora.xtec.cat\/iesicilia\/wp-json\/wp\/v2\/pages\/1045\/revisions\/2431"}],"up":[{"embeddable":true,"href":"https:\/\/agora.xtec.cat\/iesicilia\/wp-json\/wp\/v2\/pages\/81"}],"wp:attachment":[{"href":"https:\/\/agora.xtec.cat\/iesicilia\/wp-json\/wp\/v2\/media?parent=1045"}],"curies":[{"name":"wp","href":"https:\/\/api.w.org\/{rel}","templated":true}]}}