{"id":649,"date":"2019-06-20T11:31:10","date_gmt":"2019-06-20T09:31:10","guid":{"rendered":"https:\/\/agora.xtec.cat\/iesguinovarda\/?page_id=649"},"modified":"2026-04-14T13:44:23","modified_gmt":"2026-04-14T11:44:23","slug":"preinscripcio-cicles-formatius","status":"publish","type":"page","link":"https:\/\/agora.xtec.cat\/iesguinovarda\/categoria-secretaria\/preinscripcio-cicles-formatius\/","title":{"rendered":"Preinscripci\u00f3 Cicles Formatius 2026-2027"},"content":{"rendered":"<p><strong>\u00a0<\/strong><\/p>\n<h4><strong>ALUMNES DEL CENTRE:<\/strong><\/h4>\n<p>Els alumnes que estan matriculats al nostre centre i que volen fer un cicle formatiu, al mateix centre o en qualsevol altre centre, han de fer preinscripci\u00f3. Trobareu tota la informaci\u00f3 al web de <a href=\"https:\/\/preinscripcio.gencat.cat\/ca\/estudis\/fp-grau-mitja\/inici\/\" target=\"_blank\" rel=\"noopener\">Preinscripci\u00f3<\/a>.<\/p>\n<p>Els alumnes que ja estan cursant un Cicle formatiu al centre i que vulguin continuar al mateix Cicle formatiu al nostre Institut, no han de fer preinscripci\u00f3. A principis del mes de maig enviarem un correu electr\u00f2nic amb les instruccions per confirmar la pla\u00e7a per al curs vinent.<\/p>\n<p>&nbsp;<\/p>\n<h4><strong>ALUMNES NOUS: Presentaci\u00f3 de sol\u00b7licituds: del 26 de maig a l&#8217;1 de juny, ambd\u00f3s inclosos.<\/strong><\/h4>\n<p><strong>Totes les sol\u00b7licituds es faran telem\u00e0ticament, per tant no es podr\u00e0 fer cap preinscripci\u00f3 presencial ni es podr\u00e0 presentar cap documentaci\u00f3 en paper.<\/strong><\/p>\n<p>Per fer la sol\u00b7licitud, heu d\u2019accedir al web de preinscripci\u00f3: <a href=\"https:\/\/preinscripcio.gencat.cat\/ca\/estudis\/fp-grau-mitja\/inici\/\" target=\"_blank\" rel=\"noopener\"><strong>https:\/\/preinscripcio.gencat.cat\/ca\/<\/strong><strong>inici<\/strong><\/a><\/p>\n<p><span style=\"font-family: Arial, sans-serif;\"><span style=\"font-size: medium;\">Nom\u00e9s es pot presentar una sol\u00b7licitud de preinscripci\u00f3 per persona. <\/span><\/span><span style=\"font-family: Arial, sans-serif;\"><span style=\"font-size: medium;\">En la sol\u00b7licitud s&#8217;hi poden indicar peticions d&#8217;admissi\u00f3 en diversos centres, cicles i torns, sempre ordenades per ordre de prefer\u00e8ncia. La presentaci\u00f3 de m\u00e9s d&#8217;una sol\u00b7licitud, excepte en els casos que es prevegin espec\u00edficament, comporta la invalidaci\u00f3 dels drets de prioritat.<\/span><\/span><\/p>\n<p>&nbsp;<\/p>\n<p><strong>TIPUS DE SOL\u00b7LICITUDS:<\/strong><\/p>\n<p>La preinscripci\u00f3 de formaci\u00f3 professional de grau mitj\u00e0 es pot fer en\u00a0<strong>format electr\u00f2nic\u00a0amb certificat digital<\/strong>\u00a0si la persona que fa el tr\u00e0mit t\u00e9 una eina d&#8217;identificaci\u00f3 digital, o en\u00a0<strong>format electr\u00f2nic\u00a0sense certificat digital<\/strong>\u00a0si no en disposa. Les dues opcions es poden fer des el mateix web de preinscripci\u00f3.<\/p>\n<p>En ambd\u00f3s casos, necessitareu el <strong>n\u00famero d\u2019identificaci\u00f3 de l\u2019alumne\/a. <\/strong>El podeu trobar als butlletins de notes o demanar-lo al centre actual. Tamb\u00e9 el podeu consultar en el seg\u00fcent enlla\u00e7: <a href=\"http:\/\/ensenyament.gencat.cat\/ca\/tramits\/tramits-temes\/identificador-alumne?category=bd1b6d64-ca6f-11e5-8c48-005056924a59\" target=\"_blank\" rel=\"noopener noreferrer\">http:\/\/Tr\u00e0mits, Tr\u00e0mits per temes, Suport a la comunitat educativa.<\/a><\/p>\n<p>__________________________________________________________________________________________________________________________________________________________<\/p>\n<p><strong>Criteris de prioritat<\/strong>: les sol\u00b7licituds s&#8217;ordenen segons la via d&#8217;acc\u00e9s i dins de cada via segons el criteri de prioritat. M\u00e9s informaci\u00f3 clicant <a href=\"https:\/\/preinscripcio.gencat.cat\/ca\/estudis\/fp-grau-mitja\/informat\/criteris-assignacio\/\" target=\"_blank\" rel=\"noopener\">aquest enlla\u00e7<\/a>.<\/p>\n<p><strong>Notes de tall del curs 2025-2026<\/strong>: <a href=\"https:\/\/preinscripcio.gencat.cat\/ca\/estudis\/fp-grau-mitja\/informat\/consulta-notes-tall\/\" target=\"_blank\" rel=\"noopener\">https:\/\/preinscripcio.gencat.cat\/ca\/estudis\/fp-grau-mitja\/informat\/consulta-notes-tall\/<\/a><\/p>\n<p>________________________________________________________________________________________________________________<\/p>\n<p>&nbsp;<\/p>\n<p><strong>PUBLICACI\u00d3 DE LLISTES<\/strong><\/p>\n<table style=\"border-collapse: collapse; width: 100%;\">\n<tbody>\n<tr style=\"height: 32px;\">\n<td style=\"width: 64.6293%; height: 32px;\">Oferta inicial de places<\/td>\n<td style=\"width: 35.3707%; height: 32px;\">22 de maig<\/td>\n<\/tr>\n<tr style=\"height: 32px;\">\n<td style=\"width: 64.6293%; height: 32px;\">Llista amb la puntuaci\u00f3 provisional (cal comprovar que el sistema ha recuperat la nota mitjana)<\/td>\n<td style=\"width: 35.3707%; height: 32px;\">29 de juny<\/td>\n<\/tr>\n<tr style=\"height: 32px;\">\n<td style=\"width: 64.6293%; height: 32px;\">Reclamacions a la puntuaci\u00f3 provisional<\/td>\n<td style=\"width: 35.3707%; height: 32px;\">del 29 de juny al 2 de juliol<\/td>\n<\/tr>\n<tr style=\"height: 32px;\">\n<td style=\"width: 64.6293%; height: 32px;\">Llista amb puntuaci\u00f3 definitiva<\/td>\n<td style=\"width: 35.3707%; height: 32px;\">7 de juliol<\/td>\n<\/tr>\n<tr style=\"height: 32px;\">\n<td style=\"width: 64.6293%; height: 32px;\">Oferta final de places<\/td>\n<td style=\"width: 35.3707%; height: 32px;\">10 de juliol<\/td>\n<\/tr>\n<\/tbody>\n<\/table>\n<h5><\/h5>\n<p>&nbsp;<\/p>\n<p><strong>IMPORTANT:<\/strong><\/p>\n<p>La matr\u00edcula es far\u00e0 en dues fases: confirmaci\u00f3 de matr\u00edcula en l\u00ednia i matr\u00edcula al centre, tamb\u00e9 en l\u00ednia.<\/p>\n<p>Consulta la informaci\u00f3 en aquest enlla\u00e7: <a href=\"https:\/\/preinscripcio.gencat.cat\/ca\/estudis\/fp-grau-mitja\/matriculat\/formalitzacio\/\" target=\"_blank\" rel=\"noopener\">https:\/\/preinscripcio.gencat.cat\/ca\/estudis\/fp-grau-mitja\/matriculat\/formalitzacio\/<\/a><\/p>\n<p>&nbsp;<\/p>\n<p><strong>PRIMER PROC\u00c9S D&#8217;ASSIGNACIONS<\/strong><\/p>\n<table style=\"border-collapse: collapse; width: 97.1754%; height: 129px;\">\n<tbody>\n<tr style=\"height: 37px;\">\n<td style=\"width: 81.9668%; height: 37px;\">Llista d&#8217;alumnes assignats al centre al primer proc\u00e9s d&#8217;assignacions<\/p>\n<p>Llista d&#8217;alumnes preinscrits amb indicaci\u00f3 de l&#8217;assignaci\u00f3<\/td>\n<td style=\"width: 43.1945%; height: 37px;\">10 de juliol<\/td>\n<\/tr>\n<tr>\n<td style=\"width: 81.9668%;\">Reclamacions a la llista<\/td>\n<td style=\"width: 43.1945%;\">del 13 al 15 de juliol, ambd\u00f3s inclosos<\/td>\n<\/tr>\n<tr style=\"height: 41px;\">\n<td style=\"width: 125.161%; height: 41px;\" colspan=\"2\">\n<h6>MATR\u00cdCULA PRIMER PROC\u00c9S (si no confirmes la matr\u00edcula perdr\u00e0s la pla\u00e7a assignada i quedar\u00e0s fora del proc\u00e9s)<\/h6>\n<\/td>\n<\/tr>\n<tr style=\"height: 32px;\">\n<td style=\"width: 81.9668%; height: 19px; padding-left: 40px;\"><strong>Confirmaci\u00f3 de matr\u00edcula (en l\u00ednia)<\/strong><\/p>\n<p>Pots confirmar la pla\u00e7a assignada o b\u00e9 indicar que vols participar al segon proc\u00e9s per millorar l&#8217;assignaci\u00f3 obtinguda (si no obtens una millor assignaci\u00f3 tindr\u00e0s garantida la pla\u00e7a assignada al primer proc\u00e9s).<\/p>\n<p>Si confirmes la pla\u00e7a, t&#8217;haur\u00e0s de matricular al centre assignat.<\/p>\n<p>Si renuncies a la pla\u00e7a quedar\u00e0s excl\u00f2s de tot el proc\u00e9s.<\/td>\n<td style=\"width: 43.1945%; height: 19px;\">del 10 al 14 de juliol, ambd\u00f3s inclosos<\/td>\n<\/tr>\n<tr style=\"height: 32px;\">\n<td style=\"width: 81.9668%; height: 32px; padding-left: 40px;\"><strong>Matr\u00edcula al centre assignat (en l\u00ednia)<\/strong><\/p>\n<p>Si has confirmat la pla\u00e7a, rebr\u00e0s un correu de l&#8217;Institut amb les instruccions per formalitzar la matr\u00edcula.<\/td>\n<td style=\"width: 43.1945%; height: 32px;\">del 10 al 16 de juliol<\/td>\n<\/tr>\n<\/tbody>\n<\/table>\n<p>&nbsp;<\/p>\n<p><strong>SEGON PROC\u00c9S D&#8217;ASSIGNACIONS<\/strong><\/p>\n<table style=\"border-collapse: collapse; width: 97.7838%; height: 164px;\">\n<tbody>\n<tr style=\"height: 37px;\">\n<td style=\"width: 81.7139%; height: 37px;\">Llista d&#8217;alumnes assignats al centre al segon proc\u00e9s d&#8217;assignacions<\/p>\n<p>Llista d&#8217;alumnes preinscrits amb indicaci\u00f3 de l&#8217;assignaci\u00f3<\/td>\n<td style=\"width: 42.3848%; height: 37px;\">24 de juliol<\/td>\n<\/tr>\n<tr style=\"height: 44px;\">\n<td style=\"width: 81.7139%; height: 44px;\">Reclamacions a la llista<\/td>\n<td style=\"width: 42.3848%; height: 44px;\">del 27 al 29 de juliol, ambd\u00f3s inclosos<\/td>\n<\/tr>\n<tr style=\"height: 41px;\">\n<td style=\"width: 124.099%; height: 41px;\" colspan=\"2\">\n<h6>MATR\u00cdCULA SEGON PROC\u00c9S (si no confirmes la matr\u00edcula perdr\u00e0s la pla\u00e7a assignada i quedar\u00e0s fora del proc\u00e9s)<\/h6>\n<\/td>\n<\/tr>\n<tr style=\"height: 32px;\">\n<td style=\"width: 81.7139%; height: 32px; padding-left: 40px;\"><strong>Confirmaci\u00f3 de matr\u00edcula (en l\u00ednia)<\/strong><\/p>\n<p>Pots confirmar la pla\u00e7a assignada o renunciar a la pla\u00e7a.<\/p>\n<p>Si confirmes la pla\u00e7a, t&#8217;haur\u00e0s de matricular al centre assignat.<\/p>\n<p>Si renuncies a la pla\u00e7a quedar\u00e0s excl\u00f2s de tot el proc\u00e9s.<\/td>\n<td style=\"width: 42.3848%; height: 32px;\">del 24 al 28 de juliol<\/p>\n<p>(presentaci\u00f3 de documentaci\u00f3 fins al 29 de juliol, i excepcionalment entre l&#8217;1 i el 3 de setembre)<\/td>\n<\/tr>\n<tr style=\"height: 32px;\">\n<td style=\"width: 81.7139%; height: 10px; padding-left: 40px;\"><strong>Matr\u00edcula al centre assignat (en l\u00ednia)<\/strong><\/p>\n<p>Si has confirmat la pla\u00e7a, rebr\u00e0s un correu de l&#8217;Institut amb les instruccions per formalitzar la matr\u00edcula.<\/td>\n<td style=\"width: 42.3848%; height: 10px;\">del 24 al 28 de juliol, i de l&#8217;1 al 3 de setembre<\/td>\n<\/tr>\n<\/tbody>\n<\/table>\n<p>&nbsp;<\/p>\n","protected":false},"excerpt":{"rendered":"<p>\u00a0<br \/>\nALUMNES DEL CENTRE:<br \/>\nEls alumnes que estan matriculats al nostre centre i que volen fer un cicle formatiu, al mateix centre o en qualsevol altre centre, han de fer preinscripci\u00f3. Trobareu tota la informaci\u00f3 al web de <a href=\"https:\/\/preinscripcio.gencat.cat\/ca\/estudis\/fp-grau-mitja\/inici\/\" target=\"_blank\" rel=\"noopener\">Preinscripci\u00f3<\/a>.<br \/>\nEls alumnes que ja estan cursant&hellip;  <a href=\"https:\/\/agora.xtec.cat\/iesguinovarda\/categoria-secretaria\/preinscripcio-cicles-formatius\/\" title=\"Read Preinscripci\u00f3 Cicles Formatius 2026-2027\">Llegeix m\u00e9s\u00bb<\/a><\/p>\n","protected":false},"author":1,"featured_media":0,"parent":81,"menu_order":0,"comment_status":"closed","ping_status":"closed","template":"page-templates\/side-menu.php","meta":{"_bbp_topic_count":0,"_bbp_reply_count":0,"_bbp_total_topic_count":0,"_bbp_total_reply_count":0,"_bbp_voice_count":0,"_bbp_anonymous_reply_count":0,"_bbp_topic_count_hidden":0,"_bbp_reply_count_hidden":0,"_bbp_forum_subforum_count":0,"footnotes":""},"class_list":["post-649","page","type-page","status-publish","hentry"],"post_mailing_queue_ids":[],"_links":{"self":[{"href":"https:\/\/agora.xtec.cat\/iesguinovarda\/wp-json\/wp\/v2\/pages\/649","targetHints":{"allow":["GET"]}}],"collection":[{"href":"https:\/\/agora.xtec.cat\/iesguinovarda\/wp-json\/wp\/v2\/pages"}],"about":[{"href":"https:\/\/agora.xtec.cat\/iesguinovarda\/wp-json\/wp\/v2\/types\/page"}],"author":[{"embeddable":true,"href":"https:\/\/agora.xtec.cat\/iesguinovarda\/wp-json\/wp\/v2\/users\/1"}],"replies":[{"embeddable":true,"href":"https:\/\/agora.xtec.cat\/iesguinovarda\/wp-json\/wp\/v2\/comments?post=649"}],"version-history":[{"count":7,"href":"https:\/\/agora.xtec.cat\/iesguinovarda\/wp-json\/wp\/v2\/pages\/649\/revisions"}],"predecessor-version":[{"id":6324,"href":"https:\/\/agora.xtec.cat\/iesguinovarda\/wp-json\/wp\/v2\/pages\/649\/revisions\/6324"}],"up":[{"embeddable":true,"href":"https:\/\/agora.xtec.cat\/iesguinovarda\/wp-json\/wp\/v2\/pages\/81"}],"wp:attachment":[{"href":"https:\/\/agora.xtec.cat\/iesguinovarda\/wp-json\/wp\/v2\/media?parent=649"}],"curies":[{"name":"wp","href":"https:\/\/api.w.org\/{rel}","templated":true}]}}