{"id":648,"date":"2019-06-20T11:31:10","date_gmt":"2019-06-20T09:31:10","guid":{"rendered":"https:\/\/agora.xtec.cat\/iesguinovarda\/?page_id=648"},"modified":"2026-04-08T10:37:51","modified_gmt":"2026-04-08T08:37:51","slug":"preinscripcio-batxillerat","status":"publish","type":"page","link":"https:\/\/agora.xtec.cat\/iesguinovarda\/categoria-secretaria\/preinscripcio-batxillerat\/","title":{"rendered":"Preinscripci\u00f3 Batxillerat 2026-2027"},"content":{"rendered":"<h6><\/h6>\n<pre><\/pre>\n<h4><\/h4>\n<p>&nbsp;<\/p>\n<h4><strong>Alumnes que estan fent l&#8217;ESO a l&#8217;Institut:<\/strong><\/h4>\n<p>Els alumnes de 4t d\u2019ESO del nostre institut que vulguin fer Batxillerat al nostre centre <strong>no han de fer preinscripci\u00f3<\/strong>. A principis d&#8217;abril enviarem un correu electr\u00f2nic amb les instruccions per reservar la pla\u00e7a per al proper curs i tamb\u00e9 per indicar la modalitat i les mat\u00e8ries optatives que vulgui cursar cada alumne. <strong>Els alumnes que no responguin el formulari de matr\u00edcula i no segueixen les instruccions poden quedar sense pla\u00e7a.<\/strong><\/p>\n<p>&nbsp;<\/p>\n<h4><strong>Alumnes nous que venen d\u2019altres centres per fer el Batxillerat:<\/strong><\/h4>\n<h5><\/h5>\n<h4><span style=\"color: #3366ff;\"><strong>Presentaci\u00f3 de sol\u00b7licituds: del 9 al 16 d&#8217;abril ambd\u00f3s inclosos.<\/strong><\/span><\/h4>\n<p><span style=\"color: #3366ff;\">Presentaci\u00f3 de documentaci\u00f3 fins al 17 d&#8217;abril.<\/span><\/p>\n<p>Totes les sol\u00b7licituds es faran telem\u00e0ticament, per tant <strong>no es podr\u00e0 fer cap preinscripci\u00f3 presencial ni es podr\u00e0 presentar cap documentaci\u00f3 en paper.<\/strong><\/p>\n<p>Per fer la sol\u00b7licitud, heu d\u2019accedir al web de preinscripci\u00f3: <a href=\"https:\/\/preinscripcio.gencat.cat\/ca\/estudis\/batxillerat\/inici\/\" target=\"_blank\" rel=\"noopener noreferrer\"><strong>https:\/\/preinscripcio.gencat.cat\/ca\/inici<\/strong><\/a><\/p>\n<p>&nbsp;<\/p>\n<p><strong>TIPUS DE SOL\u00b7LICITUDS:<\/strong><\/p>\n<p>La preinscripci\u00f3 de Batxillerat es pot fer en <strong>format electr\u00f2nic\u00a0amb certificat digital<\/strong>\u00a0si la persona que fa el tr\u00e0mit t\u00e9 una eina d\u2019identificaci\u00f3 digital, o en\u00a0<strong>format electr\u00f2nic\u00a0sense certificat digital<\/strong>\u00a0si no en disposa. Les dues opcions es poden fer des el mateix web de preinscripci\u00f3.<\/p>\n<p>En ambd\u00f3s casos, necessitareu el <strong>n\u00famero d\u2019identificaci\u00f3 de l\u2019alumne\/a. <\/strong>El podeu trobar als butlletins de notes o demanar-lo al centre actual. Tamb\u00e9 el podeu consultar en el seg\u00fcent enlla\u00e7: <a href=\"http:\/\/ensenyament.gencat.cat\/ca\/tramits\/tramits-temes\/identificador-alumne?category=bd1b6d64-ca6f-11e5-8c48-005056924a59\" target=\"_blank\" rel=\"noopener noreferrer\">http:\/\/Tr\u00e0mits, Tr\u00e0mits per temes, Suport a la comunitat educativa.<\/a><\/p>\n<p>&nbsp;<\/p>\n<h6><\/h6>\n<h6><\/h6>\n<h6 class=\"western\"><strong>CRITERIS DE PRIORITAT<br \/>\n<\/strong><\/h6>\n<p>&nbsp;<\/p>\n<p class=\"western\"><strong>Criteris espec\u00edfics<\/strong><\/p>\n<p>T\u00e9 prefer\u00e8ncia l\u2019alumnat que procedeixi dels centres adscrits:<\/p>\n<ul>\n<li>Institut Escola Piera<\/li>\n<li>Institut Escola Renaixen\u00e7a<\/li>\n<\/ul>\n<p>&nbsp;<\/p>\n<p class=\"western\"><strong>Criteris prioritaris<\/strong><\/p>\n<table style=\"width: 784px;\" width=\"792\">\n<tbody>\n<tr>\n<td style=\"width: 697px;\">Germans o germanes que ja estudi\u00efn en el mateix centre<\/td>\n<td style=\"width: 87px;\">50 punts<\/td>\n<\/tr>\n<tr>\n<td style=\"width: 697px;\">Proximitat del domicili (Piera i barris de Piera)<\/td>\n<td style=\"width: 87px;\">30 punts<\/td>\n<\/tr>\n<tr>\n<td style=\"width: 697px;\">En comptes del domicili, es pot tenir en compte el lloc de treball dins la zona educativa<\/td>\n<td style=\"width: 87px;\">20 punts<\/td>\n<\/tr>\n<tr>\n<td style=\"width: 697px;\">Si el pare, la mare o tutors legals perceben l&#8217;ajut de la renda garantida de ciutadania<\/td>\n<td style=\"width: 87px;\">15 punts<\/td>\n<\/tr>\n<tr>\n<td style=\"width: 697px;\">Nota mitjana de l&#8217;expedient acad\u00e8mic<\/td>\n<td style=\"width: 87px;\"><\/td>\n<\/tr>\n<\/tbody>\n<\/table>\n<p>&nbsp;<\/p>\n<p class=\"western\"><strong>Criteris complementaris<\/strong><\/p>\n<table style=\"height: 38px; width: 785px;\" width=\"793\">\n<tbody>\n<tr>\n<td style=\"width: 688.883px;\">Discapacitat de l&#8217;alumne\/a, pare o mare, tutor\/a legal o germans igual o superior al 33%<\/td>\n<td style=\"width: 88.1167px;\">15 punts<\/td>\n<\/tr>\n<tr style=\"height: 38px;\">\n<td style=\"width: 688.883px; height: 38px;\">Si el pare o la mare treballen al centre triat en primera opci\u00f3<\/td>\n<td style=\"width: 88.1167px; height: 38px;\">10 punts<\/td>\n<\/tr>\n<tr>\n<td style=\"width: 688.883px;\">Fam\u00edlia nombrosa<\/td>\n<td style=\"width: 88.1167px;\">10 punts<\/td>\n<\/tr>\n<tr>\n<td style=\"width: 688.883px;\">Fam\u00edlia monoparental<\/td>\n<td style=\"width: 88.1167px;\">10 punts<\/td>\n<\/tr>\n<tr>\n<td style=\"width: 688.883px;\">Germans bessons<\/td>\n<td style=\"width: 88.1167px;\">10 punts<\/td>\n<\/tr>\n<tr>\n<td style=\"width: 688.883px;\">Alumnes que es troben en situaci\u00f3 d&#8217;acolliment familiar<\/td>\n<td style=\"width: 88.1167px;\">10 punts<\/td>\n<\/tr>\n<tr>\n<td style=\"width: 688.883px;\">Si es t\u00e9 la condici\u00f3 de v\u00edctima de viol\u00e8ncia de g\u00e8nere o terrorisme<\/td>\n<td style=\"width: 88.1167px;\">10 punts<\/td>\n<\/tr>\n<\/tbody>\n<\/table>\n<h5><\/h5>\n<h5><\/h5>\n<p>&nbsp;<\/p>\n<p>&nbsp;<\/p>\n<p><strong>PUBLICACI\u00d3 DE LLISTES<\/strong><\/p>\n<table style=\"height: 401px; width: 66.931%;\" width=\"668\">\n<tbody>\n<tr style=\"height: 33px;\">\n<td style=\"width: 72.8061%; height: 33px;\"><a href=\"https:\/\/drive.google.com\/file\/d\/1rO2jvhtsQnssckMxV-0R22NjdhESbBpw\/view?usp=drive_link\" target=\"_blank\" rel=\"noopener\">Oferta inicial de places<\/a><\/td>\n<td style=\"width: 26.3272%; height: 33px;\">8 d&#8217;abril<\/td>\n<\/tr>\n<tr style=\"height: 33px;\">\n<td style=\"width: 72.8061%; height: 33px;\">Llista amb la puntuaci\u00f3 provisional (<strong>cal comprovar si el sistema ha recuperat b\u00e9 la nota mitjana<\/strong>)<\/td>\n<td style=\"width: 26.3272%; height: 33px;\">14 de maig<\/td>\n<\/tr>\n<tr style=\"height: 33px;\">\n<td style=\"width: 72.8061%; height: 33px;\">Reclamacions a la puntuaci\u00f3 provisional<br \/>\n(s&#8217;han de fer des del mateix web on es va fer la preinscripci\u00f3)<\/td>\n<td style=\"width: 26.3272%; height: 33px;\">del 14 al 20 de maig<\/td>\n<\/tr>\n<tr style=\"height: 33px;\">\n<td style=\"width: 72.8061%; height: 33px;\">Llista amb la puntuaci\u00f3 definitiva<\/td>\n<td style=\"width: 26.3272%; height: 33px;\">26 de maig<\/td>\n<\/tr>\n<tr style=\"height: 33px;\">\n<td style=\"width: 72.8061%; height: 33px;\">Llista ordenada definitiva<\/td>\n<td style=\"width: 26.3272%; height: 33px;\">29 de maig<\/td>\n<\/tr>\n<tr style=\"height: 33px;\">\n<td style=\"width: 72.8061%; height: 33px;\">Oferta final de places<\/td>\n<td style=\"width: 26.3272%; height: 33px;\">17 de juny<\/td>\n<\/tr>\n<tr style=\"height: 137px;\">\n<td style=\"width: 72.8061%; height: 137px;\">Llista d&#8217;alumnat adm\u00e8s<\/p>\n<p>Llista d&#8217;espera<\/td>\n<td style=\"width: 26.3272%; height: 137px;\">17 de juny<\/td>\n<\/tr>\n<tr>\n<td style=\"width: 72.8061%;\">Reclamacions a la llista amb pla\u00e7a assignada davant la Comissi\u00f3 de Garanties d\u2019Admissi\u00f3<\/td>\n<td style=\"width: 26.3272%;\">del 18 al 22 de juny<\/td>\n<\/tr>\n<tr style=\"height: 33px;\">\n<td style=\"width: 72.8061%; height: 33px;\">Matr\u00edcula ordin\u00e0ria<\/td>\n<td style=\"width: 26.3272%; height: 33px;\">del 18 al 30 de juny<\/td>\n<\/tr>\n<\/tbody>\n<\/table>\n<p>&nbsp;<\/p>\n","protected":false},"excerpt":{"rendered":"<p>&nbsp;<br \/>\nAlumnes que estan fent l&#8217;ESO a l&#8217;Institut:<br \/>\nEls alumnes de 4t d\u2019ESO del nostre institut que vulguin fer Batxillerat al nostre centre no han de fer preinscripci\u00f3. A principis d&#8217;abril enviarem un correu electr\u00f2nic amb les instruccions per reservar la pla\u00e7a per al proper curs i&hellip;  <a href=\"https:\/\/agora.xtec.cat\/iesguinovarda\/categoria-secretaria\/preinscripcio-batxillerat\/\" title=\"Read Preinscripci\u00f3 Batxillerat 2026-2027\">Llegeix m\u00e9s\u00bb<\/a><\/p>\n","protected":false},"author":1,"featured_media":0,"parent":81,"menu_order":0,"comment_status":"closed","ping_status":"closed","template":"page-templates\/side-menu.php","meta":{"_bbp_topic_count":0,"_bbp_reply_count":0,"_bbp_total_topic_count":0,"_bbp_total_reply_count":0,"_bbp_voice_count":0,"_bbp_anonymous_reply_count":0,"_bbp_topic_count_hidden":0,"_bbp_reply_count_hidden":0,"_bbp_forum_subforum_count":0,"footnotes":""},"class_list":["post-648","page","type-page","status-publish","hentry"],"post_mailing_queue_ids":[],"_links":{"self":[{"href":"https:\/\/agora.xtec.cat\/iesguinovarda\/wp-json\/wp\/v2\/pages\/648","targetHints":{"allow":["GET"]}}],"collection":[{"href":"https:\/\/agora.xtec.cat\/iesguinovarda\/wp-json\/wp\/v2\/pages"}],"about":[{"href":"https:\/\/agora.xtec.cat\/iesguinovarda\/wp-json\/wp\/v2\/types\/page"}],"author":[{"embeddable":true,"href":"https:\/\/agora.xtec.cat\/iesguinovarda\/wp-json\/wp\/v2\/users\/1"}],"replies":[{"embeddable":true,"href":"https:\/\/agora.xtec.cat\/iesguinovarda\/wp-json\/wp\/v2\/comments?post=648"}],"version-history":[{"count":7,"href":"https:\/\/agora.xtec.cat\/iesguinovarda\/wp-json\/wp\/v2\/pages\/648\/revisions"}],"predecessor-version":[{"id":6315,"href":"https:\/\/agora.xtec.cat\/iesguinovarda\/wp-json\/wp\/v2\/pages\/648\/revisions\/6315"}],"up":[{"embeddable":true,"href":"https:\/\/agora.xtec.cat\/iesguinovarda\/wp-json\/wp\/v2\/pages\/81"}],"wp:attachment":[{"href":"https:\/\/agora.xtec.cat\/iesguinovarda\/wp-json\/wp\/v2\/media?parent=648"}],"curies":[{"name":"wp","href":"https:\/\/api.w.org\/{rel}","templated":true}]}}