{"id":643,"date":"2019-06-20T11:25:30","date_gmt":"2019-06-20T09:25:30","guid":{"rendered":"https:\/\/agora.xtec.cat\/iesguinovarda\/?page_id=643"},"modified":"2026-04-29T11:11:37","modified_gmt":"2026-04-29T09:11:37","slug":"preinscripcio-eso","status":"publish","type":"page","link":"https:\/\/agora.xtec.cat\/iesguinovarda\/categoria-secretaria\/preinscripcio-eso\/","title":{"rendered":"Preinscripci\u00f3 ESO 2026-2027"},"content":{"rendered":"<h2><\/h2>\n<h4><strong>Alumnes que estan fent l&#8217;ESO a l&#8217;Institut:<\/strong><\/h4>\n<p>Els alumnes que estan fent al nostre Institut 1r, 2n o 3r d\u2019ESO i volen continuar fent l\u2019ESO al nostre centre no han de fer preinscripci\u00f3. Enviarem un correu electr\u00f2nic durant el mes de maig amb les instruccions per confirmar la pla\u00e7a per al curs vinent.<\/p>\n<p>&nbsp;<\/p>\n<h3><strong>Alumnes nous que venen d\u2019altres centres per fer l\u2019ESO:<\/strong><\/h3>\n<h4><\/h4>\n<h4><\/h4>\n<h4><span style=\"color: #3366ff;\"><strong>Presentaci\u00f3 de sol\u00b7licituds: del 6 al 18 de mar\u00e7 ambd\u00f3s inclosos.<\/strong><\/span><\/h4>\n<p><span style=\"color: #3366ff;\">Del 23 de mar\u00e7 al 9 d&#8217;abril les fam\u00edlies podran presentar sol\u00b7licituds fora de termini, la qual cosa es marcar\u00e0 autom\u00e0ticament als efectes de l&#8217;aplicaci\u00f3 de la prioritat en l&#8217;assignaci\u00f3. Les sol\u00b7licituds que es presenten dins de termini tenen prioritat en l&#8217;assignaci\u00f3 de places respecte de les sol\u00b7licituds que es presenten fora de termini.<\/span><\/p>\n<p>Totes les sol\u00b7licituds es faran telem\u00e0ticament, per tant <strong>no es podr\u00e0 fer cap preinscripci\u00f3 presencial ni es podr\u00e0 presentar cap documentaci\u00f3 en paper.<\/strong><\/p>\n<p>Per fer la sol\u00b7licitud, heu d&#8217;accedir al web de preinscripci\u00f3: <a href=\"https:\/\/educacio.gencat.cat\/ca\/tramits\/tramits-temes\/20483-obligatoris?moda=3\" target=\"_blank\" rel=\"noopener noreferrer\"><strong>https:\/\/preinscripcio.gencat.cat\/ca\/inici.<\/strong><\/a> En aquesta mateixa p\u00e0gina web podeu consultar tota la informaci\u00f3 referent a la preinscripci\u00f3.<\/p>\n<p>Hi ha dos tipus de sol\u00b7licitud:<\/p>\n<ul>\n<li><strong>ELECTR\u00d2NICA<\/strong>: cal identificaci\u00f3 digital (idCat m\u00f2bil, certificat digital&#8230;). Us podeu donar d&#8217;alta a l&#8217;idCat M\u00f2bil en <a href=\"https:\/\/idcatmobil.seu.cat\/\" target=\"_blank\" rel=\"noopener noreferrer\">aquest enlla\u00e7<\/a>. Amb aquest tipus de sol\u00b7licitud \u00fanicament cal omplir el formulari, no cal adjuntar cap document a la sol\u00b7licitud ja que les dades es validaran de forma autom\u00e0tica.<\/li>\n<li><strong>EN SUPORT INFORM\u00c0TIC<\/strong>: (nom\u00e9s en el cas que no sigui possible fer la preinscripci\u00f3 electr\u00f2nica). Cal omplir el formulari i adjuntar la documentaci\u00f3 corresponent.<\/li>\n<\/ul>\n<p>En ambd\u00f3s casos, necessitareu el <strong>n\u00famero d&#8217;identificaci\u00f3 de l&#8217;alumne\/a. <\/strong>El podeu trobar als butlletins de notes o demanar-lo al centre actual. Tamb\u00e9 el podeu consultar en el seg\u00fcent enlla\u00e7: <a href=\"http:\/\/ensenyament.gencat.cat\/ca\/tramits\/tramits-temes\/identificador-alumne?category=bd1b6d64-ca6f-11e5-8c48-005056924a59\" target=\"_blank\" rel=\"noopener noreferrer\">http:\/\/Tr\u00e0mits, Tr\u00e0mits per temes, Suport a la comunitat educativa.<\/a><\/p>\n<pre><\/pre>\n<h6><\/h6>\n<p>&nbsp;<\/p>\n<h6 class=\"western\"><strong>CRITERIS DE PRIORITAT<\/strong><\/h6>\n<p>&nbsp;<\/p>\n<p class=\"western\"><strong>Criteris espec\u00edfics<\/strong><\/p>\n<p>T\u00e9 prefer\u00e8ncia l&#8217;alumnat que procedeixi dels centres adscrits:<\/p>\n<ul>\n<li>Escola Herois del Bruc<\/li>\n<li>Escola Creix\u00e0<\/li>\n<\/ul>\n<p>&nbsp;<\/p>\n<p class=\"western\"><strong>Criteris prioritaris<\/strong><\/p>\n<table style=\"width: 784px;\" width=\"792\">\n<tbody>\n<tr>\n<td style=\"width: 697px;\">Germans o germanes que ja estudi\u00efn en el mateix centre<\/td>\n<td style=\"width: 87px;\">50 punts<\/td>\n<\/tr>\n<tr>\n<td style=\"width: 697px;\">Proximitat del domicili (Piera i barris de Piera)<\/td>\n<td style=\"width: 87px;\">30 punts<\/td>\n<\/tr>\n<tr>\n<td style=\"width: 697px;\">En comptes del domicili, es pot tenir en compte el lloc de treball dins la zona educativa<\/td>\n<td style=\"width: 87px;\">20 punts<\/td>\n<\/tr>\n<tr>\n<td style=\"width: 697px;\">Si el pare, la mare o tutors legals perceben l&#8217;ajut de la renda garantida de ciutadania<\/td>\n<td style=\"width: 87px;\">15 punts<\/td>\n<\/tr>\n<\/tbody>\n<\/table>\n<p>&nbsp;<\/p>\n<p class=\"western\"><strong>Criteris complementaris<\/strong><\/p>\n<table style=\"height: 38px; width: 785px;\" width=\"793\">\n<tbody>\n<tr>\n<td style=\"width: 688.883px;\">Discapacitat de l&#8217;alumne\/a, pare o mare, tutor\/a legal o germans igual o superior al 33%<\/td>\n<td style=\"width: 88.1167px;\">15 punts<\/td>\n<\/tr>\n<tr style=\"height: 38px;\">\n<td style=\"width: 688.883px; height: 38px;\">Si el pare o mare o tutor\/a legal treballen al centre triat en primera opci\u00f3<\/td>\n<td style=\"width: 88.1167px; height: 38px;\">10 punts<\/td>\n<\/tr>\n<tr>\n<td style=\"width: 688.883px;\">Fam\u00edlia nombrosa<\/td>\n<td style=\"width: 88.1167px;\">10 punts<\/td>\n<\/tr>\n<tr>\n<td style=\"width: 688.883px;\">Fam\u00edlia monoparental<\/td>\n<td style=\"width: 88.1167px;\">10 punts<\/td>\n<\/tr>\n<tr>\n<td style=\"width: 688.883px;\">Germans bessons<\/td>\n<td style=\"width: 88.1167px;\">10 punts<\/td>\n<\/tr>\n<tr>\n<td style=\"width: 688.883px;\">Alumnes que es troben en situaci\u00f3 d&#8217;acolliment familiar<\/td>\n<td style=\"width: 88.1167px;\">10 punts<\/td>\n<\/tr>\n<tr>\n<td style=\"width: 688.883px;\">Si es t\u00e9 la condici\u00f3 de v\u00edctima de viol\u00e8ncia de g\u00e8nere o terrorisme<\/td>\n<td style=\"width: 88.1167px;\">10 punts<\/td>\n<\/tr>\n<\/tbody>\n<\/table>\n<h5><\/h5>\n<p>&nbsp;<\/p>\n<pre><\/pre>\n<p><strong>PUBLICACI\u00d3 DE LLISTES<br \/>\n<\/strong><\/p>\n<table style=\"height: 328px; width: 75.4447%;\" width=\"659\">\n<tbody>\n<tr style=\"height: 31px;\">\n<td style=\"width: 543px; height: 31px;\"><a href=\"https:\/\/drive.google.com\/file\/d\/1Ma64lUFkj7Zl8kJUYOsfsXkcyklS3xZx\/view?usp=drive_link\" target=\"_blank\" rel=\"noopener\">Oferta inicial de places<\/a><\/td>\n<td style=\"width: 199px; height: 31px;\">3 de mar\u00e7<\/td>\n<\/tr>\n<tr style=\"height: 31px;\">\n<td style=\"width: 543px; height: 31px;\"><a href=\"https:\/\/drive.google.com\/file\/d\/1an9eUeXEGkc7kjzDGRucNVNmoJjS8FiB\/view?usp=drive_link\" target=\"_blank\" rel=\"noopener\">Llista amb la puntuaci\u00f3 provisional<\/a><\/td>\n<td style=\"width: 199px; height: 31px;\">15 d&#8217;abril<\/td>\n<\/tr>\n<tr style=\"height: 49px;\">\n<td style=\"width: 543px; height: 49px;\">Reclamacions a la puntuaci\u00f3 provisional<br \/>\n(s&#8217;han de fer des del mateix web on es va fer la preinscripci\u00f3)<\/td>\n<td style=\"width: 199px; height: 49px;\">del 15 al 20 d&#8217;abril<\/td>\n<\/tr>\n<tr style=\"height: 31px;\">\n<td style=\"width: 543px; height: 31px;\"><a href=\"https:\/\/drive.google.com\/file\/d\/1I4f5BmbgYbRzfSMdMDA7_BxsW3DotrGj\/view?usp=drive_link\" target=\"_blank\" rel=\"noopener\">Llista amb la puntuaci\u00f3 un cop resoltes les reclamacions<\/a><\/td>\n<td style=\"width: 199px; height: 31px;\">23 d&#8217;abril<\/td>\n<\/tr>\n<tr style=\"height: 31px;\">\n<td style=\"width: 543px; height: 31px;\">Sorteig (n\u00famero per determinar l&#8217;ordre de les sol\u00b7licituds en cas d&#8217;empat)<\/td>\n<td style=\"width: 199px; height: 31px;\">28 d&#8217;abril<\/td>\n<\/tr>\n<tr style=\"height: 31px;\">\n<td style=\"width: 543px; height: 31px;\"><a href=\"https:\/\/drive.google.com\/file\/d\/1P-w1OONmtoPL0VdeEK-PV8tUO99iZryl\/view?usp=drive_link\" target=\"_blank\" rel=\"noopener\">Llista ordenada definitiva<\/a><\/td>\n<td style=\"width: 199px; height: 31px;\">29 d&#8217;abril<\/td>\n<\/tr>\n<tr style=\"height: 31px;\">\n<td style=\"width: 543px; height: 31px;\">Oferta final<\/td>\n<td style=\"width: 199px; height: 31px;\">10 de juny<\/td>\n<\/tr>\n<tr style=\"height: 31px;\">\n<td style=\"width: 543px; height: 31px;\"><strong>Llistes d&#8217;assignaci\u00f3 i llista d&#8217;espera:<\/strong><\/p>\n<p>Llista d&#8217;alumnat adm\u00e8s<\/p>\n<p>Llista d&#8217;espera<\/td>\n<td style=\"width: 199px; height: 31px;\">10 de juny<\/td>\n<\/tr>\n<tr>\n<td style=\"width: 543px;\">Reclamacions a la llista amb pla\u00e7a assignada davant la Comissi\u00f3 de Garanties d&#8217;Admissi\u00f3<\/td>\n<td style=\"width: 199px;\">de l&#8217;11 al 15 de juny<\/td>\n<\/tr>\n<tr style=\"height: 31px;\">\n<td style=\"width: 543px; height: 31px;\">Matr\u00edcula<\/td>\n<td style=\"width: 199px; height: 31px;\">del 22 al 30 de juny<\/td>\n<\/tr>\n<\/tbody>\n<\/table>\n","protected":false},"excerpt":{"rendered":"<p>Alumnes que estan fent l&#8217;ESO a l&#8217;Institut:<br \/>\nEls alumnes que estan fent al nostre Institut 1r, 2n o 3r d\u2019ESO i volen continuar fent l\u2019ESO al nostre centre no han de fer preinscripci\u00f3. Enviarem un correu electr\u00f2nic durant el mes de maig amb les instruccions per&hellip;  <a href=\"https:\/\/agora.xtec.cat\/iesguinovarda\/categoria-secretaria\/preinscripcio-eso\/\" title=\"Read Preinscripci\u00f3 ESO 2026-2027\">Llegeix m\u00e9s\u00bb<\/a><\/p>\n","protected":false},"author":1,"featured_media":0,"parent":81,"menu_order":0,"comment_status":"closed","ping_status":"closed","template":"page-templates\/side-menu.php","meta":{"_bbp_topic_count":0,"_bbp_reply_count":0,"_bbp_total_topic_count":0,"_bbp_total_reply_count":0,"_bbp_voice_count":0,"_bbp_anonymous_reply_count":0,"_bbp_topic_count_hidden":0,"_bbp_reply_count_hidden":0,"_bbp_forum_subforum_count":0,"footnotes":""},"class_list":["post-643","page","type-page","status-publish","hentry"],"post_mailing_queue_ids":[],"_links":{"self":[{"href":"https:\/\/agora.xtec.cat\/iesguinovarda\/wp-json\/wp\/v2\/pages\/643","targetHints":{"allow":["GET"]}}],"collection":[{"href":"https:\/\/agora.xtec.cat\/iesguinovarda\/wp-json\/wp\/v2\/pages"}],"about":[{"href":"https:\/\/agora.xtec.cat\/iesguinovarda\/wp-json\/wp\/v2\/types\/page"}],"author":[{"embeddable":true,"href":"https:\/\/agora.xtec.cat\/iesguinovarda\/wp-json\/wp\/v2\/users\/1"}],"replies":[{"embeddable":true,"href":"https:\/\/agora.xtec.cat\/iesguinovarda\/wp-json\/wp\/v2\/comments?post=643"}],"version-history":[{"count":8,"href":"https:\/\/agora.xtec.cat\/iesguinovarda\/wp-json\/wp\/v2\/pages\/643\/revisions"}],"predecessor-version":[{"id":6349,"href":"https:\/\/agora.xtec.cat\/iesguinovarda\/wp-json\/wp\/v2\/pages\/643\/revisions\/6349"}],"up":[{"embeddable":true,"href":"https:\/\/agora.xtec.cat\/iesguinovarda\/wp-json\/wp\/v2\/pages\/81"}],"wp:attachment":[{"href":"https:\/\/agora.xtec.cat\/iesguinovarda\/wp-json\/wp\/v2\/media?parent=643"}],"curies":[{"name":"wp","href":"https:\/\/api.w.org\/{rel}","templated":true}]}}