{"id":46,"date":"2014-09-17T16:53:45","date_gmt":"2014-09-17T16:53:45","guid":{"rendered":"http:\/\/agora.xtec.cat\/iesguinovarda\/?page_id=46"},"modified":"2025-09-06T13:10:16","modified_gmt":"2025-09-06T11:10:16","slug":"organigrama","status":"publish","type":"page","link":"https:\/\/agora.xtec.cat\/iesguinovarda\/linstitut\/organigrama\/","title":{"rendered":"Organigrama"},"content":{"rendered":"<p>&nbsp;<\/p>\n<table style=\"border-collapse: collapse; width: 100%; height: 1408px;\">\n<tbody>\n<tr style=\"height: 32px;\">\n<td style=\"width: 100%; height: 32px;\"><strong>EQUIP DIRECTIU<\/strong><\/td>\n<\/tr>\n<tr style=\"height: 32px;\">\n<td style=\"width: 100%; height: 32px; padding-left: 40px;\">Directora: Yolanda Duart Nadal<\/td>\n<\/tr>\n<tr style=\"height: 32px;\">\n<td style=\"width: 100%; height: 32px; padding-left: 40px;\">Secret\u00e0ria: M. Teresa Monta\u00f1\u00e9s Vidal<\/td>\n<\/tr>\n<tr style=\"height: 32px;\">\n<td style=\"width: 100%; height: 32px; padding-left: 40px;\">Cap d&#8217;estudis: S\u00edlvia Guerrero Gasca<\/td>\n<\/tr>\n<tr style=\"height: 32px;\">\n<td style=\"width: 100%; height: 32px; padding-left: 40px;\">Cap d&#8217;estudis de Cicles formatius: Anna Trullols F\u00e0brega<\/td>\n<\/tr>\n<tr style=\"height: 32px;\">\n<td style=\"width: 100%; height: 32px; padding-left: 40px;\">Coordinadora pedag\u00f2gica: Anna Just Busqu\u00e9<\/td>\n<\/tr>\n<tr style=\"height: 32px;\">\n<td style=\"width: 100%; height: 32px;\"><strong>Coordinacions de cicle<\/strong><\/td>\n<\/tr>\n<tr style=\"height: 32px;\">\n<td style=\"width: 100%; height: 32px;\"><strong>Departaments\u00a0<\/strong><\/td>\n<\/tr>\n<tr style=\"height: 32px;\">\n<td style=\"width: 100%; padding-left: 40px; height: 32px;\">Ci\u00e8ncies i tecnologia<\/td>\n<\/tr>\n<tr style=\"height: 32px;\">\n<td style=\"width: 100%; padding-left: 40px; height: 32px;\">Comer\u00e7<\/td>\n<\/tr>\n<tr style=\"height: 32px;\">\n<td style=\"width: 100%; padding-left: 40px; height: 32px;\">Expressi\u00f3<\/td>\n<\/tr>\n<tr style=\"height: 32px;\">\n<td style=\"width: 100%; padding-left: 40px; height: 32px;\">Humanitats<\/td>\n<\/tr>\n<tr style=\"height: 32px;\">\n<td style=\"width: 100%; padding-left: 40px; height: 32px;\">Lleng\u00fces<\/td>\n<\/tr>\n<tr style=\"height: 32px;\">\n<td style=\"width: 100%; padding-left: 40px; height: 32px;\">Lleng\u00fces estrangeres<\/td>\n<\/tr>\n<tr style=\"height: 32px;\">\n<td style=\"width: 100%; padding-left: 40px; height: 32px;\">Matem\u00e0tiques i Economia<\/td>\n<\/tr>\n<tr>\n<td style=\"width: 100%; padding-left: 40px;\">Orientaci\u00f3<\/td>\n<\/tr>\n<tr>\n<td style=\"width: 100%; padding-left: 40px;\">Programes de formaci\u00f3 i inserci\u00f3 (PFI)<\/td>\n<\/tr>\n<tr>\n<td style=\"width: 100%; padding-left: 40px;\">Sistemes microinform\u00e0tics i xarxes (SMX)<\/td>\n<\/tr>\n<tr style=\"height: 32px;\">\n<td style=\"width: 100%; padding-left: 40px; height: 32px;\">Atenci\u00f3 a persones en situaci\u00f3 de depend\u00e8ncia (TAPSD)<\/td>\n<\/tr>\n<tr style=\"height: 32px;\">\n<td style=\"width: 100%; padding-left: 40px; height: 32px;\">Activitats comercials<\/td>\n<\/tr>\n<tr style=\"height: 32px;\">\n<td style=\"width: 100%; height: 32px;\"><strong>TUTORIES CURS 2025-2026<\/strong><\/td>\n<\/tr>\n<tr style=\"height: 32px;\">\n<td style=\"width: 100%; height: 32px; padding-left: 40px;\">1r ESO A: Carles Borrell<\/td>\n<\/tr>\n<tr style=\"height: 32px;\">\n<td style=\"width: 100%; height: 32px; padding-left: 40px;\">1r ESO B: Loli Quintana<\/td>\n<\/tr>\n<tr style=\"height: 32px;\">\n<td style=\"width: 100%; height: 32px; padding-left: 40px;\">1r ESO C: Miquel Vallmitjana<\/td>\n<\/tr>\n<tr style=\"height: 32px;\">\n<td style=\"width: 100%; height: 32px; padding-left: 40px;\">2n ESO A: Imma Gili<\/td>\n<\/tr>\n<tr style=\"height: 32px;\">\n<td style=\"width: 100%; height: 32px; padding-left: 40px;\">2n ESO B: Vanessa Ferrera<\/td>\n<\/tr>\n<tr style=\"height: 32px;\">\n<td style=\"width: 100%; height: 32px; padding-left: 40px;\">2n ESO C: Sergio Cu\u00e9llar<\/td>\n<\/tr>\n<tr style=\"height: 32px;\">\n<td style=\"width: 100%; height: 32px; padding-left: 40px;\">3r ESO A: Anna Bou<\/td>\n<\/tr>\n<tr style=\"height: 32px;\">\n<td style=\"width: 100%; height: 32px; padding-left: 40px;\">3r ESO B: Bernat Rodr\u00edguez<\/td>\n<\/tr>\n<tr style=\"height: 32px;\">\n<td style=\"width: 100%; height: 32px; padding-left: 40px;\">3r ESO C: Joan Planella<\/td>\n<\/tr>\n<tr style=\"height: 32px;\">\n<td style=\"width: 100%; height: 32px; padding-left: 40px;\">3r ESO D: Montserrat Garcia<\/td>\n<\/tr>\n<tr style=\"height: 32px;\">\n<td style=\"width: 100%; height: 32px; padding-left: 40px;\">4t ESO A: Marc Gran\u00e9<\/td>\n<\/tr>\n<tr style=\"height: 32px;\">\n<td style=\"width: 100%; height: 32px; padding-left: 40px;\">4t ESO B: Elisabet Carreras<\/td>\n<\/tr>\n<tr style=\"height: 32px;\">\n<td style=\"width: 100%; height: 32px; padding-left: 40px;\">4t ESO C: Gema Mart\u00ednez<\/td>\n<\/tr>\n<tr style=\"height: 32px;\">\n<td style=\"width: 100%; height: 32px; padding-left: 40px;\">4t ESO D: Adri\u00e1n Mart\u00edn<\/td>\n<\/tr>\n<tr style=\"height: 32px;\">\n<td style=\"width: 100%; height: 32px; padding-left: 40px;\">1r Batxillerat A: Francesc Valdivia<\/td>\n<\/tr>\n<tr style=\"height: 32px;\">\n<td style=\"width: 100%; height: 32px; padding-left: 40px;\">1r Batxillerat B: Ana L\u00f3pez Guill\u00e9n<\/td>\n<\/tr>\n<tr style=\"height: 32px;\">\n<td style=\"width: 100%; height: 32px; padding-left: 40px;\">1r Batxillerat C: Esther Sanahuja<\/td>\n<\/tr>\n<tr style=\"height: 32px;\">\n<td style=\"width: 100%; height: 32px; padding-left: 40px;\">2n Batxillerat A: No\u00e8lia Sanv\u00edctor<\/td>\n<\/tr>\n<tr style=\"height: 32px;\">\n<td style=\"width: 100%; height: 32px; padding-left: 40px;\">2n Batxillerat B: Conxita Quirante<\/td>\n<\/tr>\n<tr style=\"height: 32px;\">\n<td style=\"width: 100%; height: 32px; padding-left: 40px;\">1r Atenci\u00f3 a persones en situaci\u00f3 de depend\u00e8ncia (TAPSD): Carme Rovirosa<\/td>\n<\/tr>\n<tr style=\"height: 32px;\">\n<td style=\"width: 100%; height: 32px; padding-left: 40px;\">2n Atenci\u00f3 a persones en situaci\u00f3 de depend\u00e8ncia (TAPSD): Adri\u00e1n Aroca<\/td>\n<\/tr>\n<tr style=\"height: 32px;\">\n<td style=\"width: 100%; height: 32px; padding-left: 40px;\">1r Sistemes microinform\u00e0tics i xarxes (SMX): Maria del Mar Valenzuela<\/td>\n<\/tr>\n<tr style=\"height: 32px;\">\n<td style=\"width: 100%; height: 32px; padding-left: 40px;\">2n Sistemes microinform\u00e0tics i xarxes (SMX): Xavier Sanmart\u00ed<\/td>\n<\/tr>\n<tr>\n<td style=\"width: 100%; padding-left: 40px;\">1r Activitats comercials (log\u00edstica) (ACL): Daniel Salvador<\/td>\n<\/tr>\n<tr>\n<td style=\"width: 100%; padding-left: 40px;\">2n Activitats comercials (log\u00edstica) (ACL): Gemma Argelich<\/td>\n<\/tr>\n<tr>\n<td style=\"width: 100%; padding-left: 40px;\">1r Serveis comercials (cicle formatiu de grau b\u00e0sic) (SCOM): Rosa Mahiques<\/td>\n<\/tr>\n<tr>\n<td style=\"width: 100%; padding-left: 40px;\">2n Serveis comercials (cicle formatiu de grau b\u00e0sic) (SCOM): Gemma Afonso<\/td>\n<\/tr>\n<tr>\n<td style=\"width: 100%; padding-left: 40px;\">PFI Auxiliar en vivers i jardins: Alba Mart\u00ednez<\/td>\n<\/tr>\n<tr>\n<td style=\"width: 100%; padding-left: 40px;\">PFI Auxiliar en comercialitzaci\u00f3 de productes i log\u00edstica: Sandra Rubal<\/td>\n<\/tr>\n<tr>\n<td style=\"width: 100%;\"><strong>PERSONAL D&#8217;ADMINISTRACI\u00d3 I SERVEIS<\/strong><\/td>\n<\/tr>\n<tr>\n<td style=\"width: 100%; padding-left: 40px;\">Consergeria<\/td>\n<\/tr>\n<tr>\n<td style=\"width: 100%; padding-left: 40px;\">Secretaria<\/td>\n<\/tr>\n<tr>\n<td style=\"width: 100%;\"><strong>CONSELL ESCOLAR<\/strong><\/td>\n<\/tr>\n<\/tbody>\n<\/table>\n<p>&nbsp;<\/p>\n","protected":false},"excerpt":{"rendered":"<p>&nbsp;<\/p>\n<p>EQUIP DIRECTIU<\/p>\n<p>Directora: Yolanda Duart Nadal<\/p>\n<p>Secret\u00e0ria: M. Teresa Monta\u00f1\u00e9s Vidal<\/p>\n<p>Cap d&#8217;estudis: S\u00edlvia Guerrero Gasca<\/p>\n<p>Cap d&#8217;estudis de Cicles formatius: Anna Trullols F\u00e0brega<\/p>\n<p>Coordinadora pedag\u00f2gica: Anna Just Busqu\u00e9<\/p>\n<p>Coordinacions de cicle<\/p>\n<p>Departaments\u00a0<\/p>\n<p>Ci\u00e8ncies i tecnologia<\/p>\n<p>Comer\u00e7<\/p>\n<p>Expressi\u00f3<\/p>\n<p>Humanitats<\/p>\n<p>Lleng\u00fces<\/p>\n<p>Lleng\u00fces estrangeres<\/p>\n<p>Matem\u00e0tiques i Economia<\/p>\n<p>Orientaci\u00f3<\/p>\n<p>Programes de formaci\u00f3 i inserci\u00f3 (PFI)<\/p>\n<p>Sistemes microinform\u00e0tics i xarxes (SMX)<\/p>\n<p>Atenci\u00f3 a persones en situaci\u00f3 de&hellip;  <a href=\"https:\/\/agora.xtec.cat\/iesguinovarda\/linstitut\/organigrama\/\" title=\"Read Organigrama\">Llegeix m\u00e9s\u00bb<\/a><\/p>\n","protected":false},"author":1,"featured_media":0,"parent":19,"menu_order":50,"comment_status":"closed","ping_status":"closed","template":"page-templates\/side-menu.php","meta":{"_bbp_topic_count":0,"_bbp_reply_count":0,"_bbp_total_topic_count":0,"_bbp_total_reply_count":0,"_bbp_voice_count":0,"_bbp_anonymous_reply_count":0,"_bbp_topic_count_hidden":0,"_bbp_reply_count_hidden":0,"_bbp_forum_subforum_count":0,"footnotes":""},"class_list":["post-46","page","type-page","status-publish","hentry"],"post_mailing_queue_ids":[],"_links":{"self":[{"href":"https:\/\/agora.xtec.cat\/iesguinovarda\/wp-json\/wp\/v2\/pages\/46","targetHints":{"allow":["GET"]}}],"collection":[{"href":"https:\/\/agora.xtec.cat\/iesguinovarda\/wp-json\/wp\/v2\/pages"}],"about":[{"href":"https:\/\/agora.xtec.cat\/iesguinovarda\/wp-json\/wp\/v2\/types\/page"}],"author":[{"embeddable":true,"href":"https:\/\/agora.xtec.cat\/iesguinovarda\/wp-json\/wp\/v2\/users\/1"}],"replies":[{"embeddable":true,"href":"https:\/\/agora.xtec.cat\/iesguinovarda\/wp-json\/wp\/v2\/comments?post=46"}],"version-history":[{"count":6,"href":"https:\/\/agora.xtec.cat\/iesguinovarda\/wp-json\/wp\/v2\/pages\/46\/revisions"}],"predecessor-version":[{"id":5977,"href":"https:\/\/agora.xtec.cat\/iesguinovarda\/wp-json\/wp\/v2\/pages\/46\/revisions\/5977"}],"up":[{"embeddable":true,"href":"https:\/\/agora.xtec.cat\/iesguinovarda\/wp-json\/wp\/v2\/pages\/19"}],"wp:attachment":[{"href":"https:\/\/agora.xtec.cat\/iesguinovarda\/wp-json\/wp\/v2\/media?parent=46"}],"curies":[{"name":"wp","href":"https:\/\/api.w.org\/{rel}","templated":true}]}}