{"id":2264,"date":"2021-04-21T12:45:38","date_gmt":"2021-04-21T10:45:38","guid":{"rendered":"https:\/\/agora.xtec.cat\/iesguinovarda\/?page_id=2264"},"modified":"2026-03-26T14:07:36","modified_gmt":"2026-03-26T13:07:36","slug":"preinscripcio-cicle-formatiu-de-grau-basic","status":"publish","type":"page","link":"https:\/\/agora.xtec.cat\/iesguinovarda\/categoria-secretaria\/preinscripcio-cicle-formatiu-de-grau-basic\/","title":{"rendered":"Preinscripci\u00f3 Cicle formatiu de grau b\u00e0sic de Serveis Comercials 2026-2027"},"content":{"rendered":"<blockquote><p><span style=\"color: #3366ff;\"><strong style=\"font-size: 1.6875em;\">Presentaci\u00f3 de sol\u00b7licituds: del 4 al 13 de maig, ambd\u00f3s inclosos.<\/strong><\/span><\/p><\/blockquote>\n<blockquote><p>Totes les sol\u00b7licituds es faran telem\u00e0ticament, per tant\u00a0<strong>no es podr\u00e0 fer cap preinscripci\u00f3 presencial ni es podr\u00e0 presentar cap documentaci\u00f3 en paper.<\/strong><\/p>\n<p>Nom\u00e9s es pot presentar una sol\u00b7licitud de preinscripci\u00f3 per persona, en la qual s&#8217;ha de demanar en la primera petici\u00f3 un cicle que pertanyi a una de les tres fam\u00edlies a les quals s&#8217;ha orientat a l&#8217;alumne mitjan\u00e7ant el Consell orientador.<\/p>\n<p>Si es demana en primer lloc un cicle que no pertanyi a cap de les fam\u00edlies professionals indicades al Consell orientador, la sol\u00b7licitud quedar\u00e0 exclosa del proc\u00e9s de preinscripci\u00f3 per aquest motiu.<\/p>\n<p>Es poden indicar altres peticions en diversos centres i cicles, sempre ordenades per ordre de prefer\u00e8ncia.<\/p>\n<p>La presentaci\u00f3 de m\u00e9s d&#8217;una sol\u00b7licitud per tipus d&#8217;ensenyament comporta la invalidaci\u00f3 dels drets de prioritat que puguin correspondre.<\/p>\n<p>&nbsp;<\/p>\n<p>La sol\u00b7licitud s&#8217;ha de presentar al registre electr\u00f2nic de la Generalitat:<a href=\"https:\/\/tramits.gencat.cat\/ca\/tramits\/tramits-temes\/preinscripcio-fp-gb\" target=\"_blank\" rel=\"noopener noreferrer\"><strong> https:\/\/preinscripcio.gencat.cat\/ca\/inici.<\/strong><\/a>\u00a0En aquesta mateixa p\u00e0gina web podeu consultar tota la informaci\u00f3 referent a la preinscripci\u00f3.<\/p>\n<p>Hi ha dos tipus de sol\u00b7licitud:<\/p>\n<ul>\n<li><strong>ELECTR\u00d2NICA<\/strong>: cal identificaci\u00f3 digital (idCat m\u00f2bil, certificat digital\u2026). Us podeu donar d\u2019alta a l\u2019idCat M\u00f2bil en\u00a0<a href=\"https:\/\/idcatmobil.seu.cat\/\" target=\"_blank\" rel=\"noopener noreferrer\">aquest enlla\u00e7<\/a>. Amb aquest tipus de sol\u00b7licitud \u00fanicament cal omplir el formulari, no cal adjuntar cap documentaci\u00f3 identificativa.<\/li>\n<li><strong>EN SUPORT INFORM\u00c0TIC<\/strong>: (nom\u00e9s en el cas que no sigui possible fer la preinscripci\u00f3 electr\u00f2nica). Cal omplir el formulari i adjuntar la documentaci\u00f3 corresponent.<\/li>\n<\/ul>\n<p>En ambd\u00f3s casos, necessitareu el\u00a0<strong>n\u00famero d\u2019identificaci\u00f3 de l\u2019alumne\/a.\u00a0<\/strong>El podeu trobar als butlletins de notes o demanar-lo al centre actual. Tamb\u00e9 el podeu consultar en el seg\u00fcent enlla\u00e7:\u00a0<a href=\"http:\/\/ensenyament.gencat.cat\/ca\/tramits\/tramits-temes\/identificador-alumne?category=bd1b6d64-ca6f-11e5-8c48-005056924a59\" target=\"_blank\" rel=\"noopener noreferrer\">http:\/\/Tr\u00e0mits, Tr\u00e0mits per temes, Suport a la comunitat educativa.<\/a><\/p>\n<p>&nbsp;<\/p>\n<p class=\"western\"><strong>Criteris prioritaris<\/strong><\/p>\n<table style=\"width: 81.7172%; height: 158px;\" width=\"792\">\n<tbody>\n<tr>\n<td>Domicili de la fam\u00edlia dins dels Serveis Territorials del Pened\u00e8s<\/td>\n<td>30 punts<\/td>\n<\/tr>\n<tr>\n<td>En comptes del domicili, es pot tenir en compte el lloc de treball dins els Serveis Territorials del Pened\u00e8s<\/td>\n<td>20 punts<\/td>\n<\/tr>\n<tr>\n<td>Beneficiari de la renda garantida de ciutadania o ingr\u00e9s m\u00ednim vital<\/td>\n<td>15 punts<\/td>\n<\/tr>\n<\/tbody>\n<\/table>\n<p>&nbsp;<\/p>\n<p class=\"western\"><strong>Criteris complementaris<\/strong><\/p>\n<table style=\"height: 38px; width: 785px;\" width=\"793\">\n<tbody>\n<tr>\n<td style=\"width: 688.883px;\">Discapacitat de l&#8217;alumne\/a, pare o mare, tutor\/a legal o germans igual o superior al 33%<\/td>\n<td style=\"width: 88.1167px;\">15 punts<\/td>\n<\/tr>\n<tr style=\"height: 38px;\">\n<td style=\"width: 688.883px; height: 38px;\">Si el pare o la mare treballen al centre triat en primera opci\u00f3<\/td>\n<td style=\"width: 88.1167px; height: 38px;\">10 punts<\/td>\n<\/tr>\n<tr>\n<td style=\"width: 688.883px;\">Fam\u00edlia nombrosa<\/td>\n<td style=\"width: 88.1167px;\">10 punts<\/td>\n<\/tr>\n<tr>\n<td style=\"width: 688.883px;\">Fam\u00edlia monoparental<\/td>\n<td style=\"width: 88.1167px;\">10 punts<\/td>\n<\/tr>\n<tr>\n<td style=\"width: 688.883px;\">Germans bessons<\/td>\n<td style=\"width: 88.1167px;\">10 punts<\/td>\n<\/tr>\n<tr>\n<td style=\"width: 688.883px;\">Alumnes que es troben en situaci\u00f3 d&#8217;acolliment familiar<\/td>\n<td style=\"width: 88.1167px;\">10 punts<\/td>\n<\/tr>\n<tr>\n<td style=\"width: 688.883px;\">Si es t\u00e9 la condici\u00f3 de v\u00edctima de viol\u00e8ncia de g\u00e8nere o terrorisme<\/td>\n<td style=\"width: 88.1167px;\">10 punts<\/td>\n<\/tr>\n<\/tbody>\n<\/table>\n<h5><\/h5>\n<p>&nbsp;<\/p>\n<pre><\/pre>\n<p><strong>PUBLICACI\u00d3 DE LLISTES<br \/>\n<\/strong><\/p>\n<table style=\"height: 385px; width: 84.9368%;\" width=\"659\">\n<tbody>\n<tr style=\"height: 31px;\">\n<td style=\"height: 31px; width: 70.6577%;\">Oferta inicial de places<\/td>\n<td style=\"height: 31px; width: 62.1787%;\">30 d&#8217;abril<\/td>\n<\/tr>\n<tr style=\"height: 31px;\">\n<td style=\"height: 31px; width: 70.6577%;\">Llista amb la puntuaci\u00f3 provisional<\/td>\n<td style=\"height: 31px; width: 62.1787%;\">28 de maig<\/td>\n<\/tr>\n<tr style=\"height: 31px;\">\n<td style=\"height: 31px; width: 70.6577%;\">Reclamacions a la puntuaci\u00f3 provisional<\/td>\n<td style=\"height: 31px; width: 62.1787%;\">del 28 de maig al 2 de juny<\/td>\n<\/tr>\n<tr style=\"height: 46px;\">\n<td style=\"height: 46px; width: 70.6577%;\">Sorteig (n\u00famero per determinar l\u2019ordre de les sol\u00b7licituds en cas d\u2019empat)<\/td>\n<td style=\"height: 46px; width: 62.1787%;\">8 de juny, a les 11 h. als Serveis Centrals del Departament (Via Augusta, 202, Barcelona)<\/td>\n<\/tr>\n<tr>\n<td style=\"width: 70.6577%;\">Llista ordenada amb la puntuaci\u00f3 definitiva<\/td>\n<td style=\"width: 62.1787%;\">12 de juny<\/td>\n<\/tr>\n<tr style=\"height: 33px;\">\n<td style=\"width: 70.6577%; height: 33px;\">Oferta final de places<\/td>\n<td style=\"width: 62.1787%; height: 33px;\">26 de juny<\/td>\n<\/tr>\n<tr style=\"height: 151px;\">\n<td style=\"height: 151px; width: 70.6577%;\"><strong>Llistes d&#8217;alumnes admesos i, si escau, llista d\u2019espera:<\/strong><\/p>\n<p>Llista alumnat adm\u00e8s<\/p>\n<p>Llista d\u2019espera (si escau)<\/td>\n<td style=\"height: 151px; width: 62.1787%;\">26 de juny<\/td>\n<\/tr>\n<tr style=\"height: 31px;\">\n<td style=\"height: 31px; width: 70.6577%;\">Matr\u00edcula<\/td>\n<td style=\"height: 31px; width: 62.1787%;\">del 29 de juny al 3 de juliol<\/td>\n<\/tr>\n<tr>\n<td style=\"width: 70.6577%;\">Reclamacions a la llista amb pla\u00e7a assignada davant la Comissi\u00f3 de Garanties d\u2019Admissi\u00f3<\/td>\n<td style=\"width: 62.1787%;\">del 29 de juny a l&#8217;1 de juliol<\/td>\n<\/tr>\n<\/tbody>\n<\/table>\n<\/blockquote>\n","protected":false},"excerpt":{"rendered":"<p>Presentaci\u00f3 de sol\u00b7licituds: del 4 al 13 de maig, ambd\u00f3s inclosos.<br \/>\nTotes les sol\u00b7licituds es faran telem\u00e0ticament, per tant\u00a0no es podr\u00e0 fer cap preinscripci\u00f3 presencial ni es podr\u00e0 presentar cap documentaci\u00f3 en paper.<br \/>\nNom\u00e9s es pot presentar una sol\u00b7licitud de preinscripci\u00f3 per persona, en la qual s&#8217;ha&hellip;  <a href=\"https:\/\/agora.xtec.cat\/iesguinovarda\/categoria-secretaria\/preinscripcio-cicle-formatiu-de-grau-basic\/\" title=\"Read Preinscripci\u00f3 Cicle formatiu de grau b\u00e0sic de Serveis Comercials 2026-2027\">Llegeix m\u00e9s\u00bb<\/a><\/p>\n","protected":false},"author":1,"featured_media":0,"parent":81,"menu_order":0,"comment_status":"closed","ping_status":"closed","template":"page-templates\/side-menu.php","meta":{"_bbp_topic_count":0,"_bbp_reply_count":0,"_bbp_total_topic_count":0,"_bbp_total_reply_count":0,"_bbp_voice_count":0,"_bbp_anonymous_reply_count":0,"_bbp_topic_count_hidden":0,"_bbp_reply_count_hidden":0,"_bbp_forum_subforum_count":0,"footnotes":""},"class_list":["post-2264","page","type-page","status-publish","hentry"],"post_mailing_queue_ids":[],"_links":{"self":[{"href":"https:\/\/agora.xtec.cat\/iesguinovarda\/wp-json\/wp\/v2\/pages\/2264","targetHints":{"allow":["GET"]}}],"collection":[{"href":"https:\/\/agora.xtec.cat\/iesguinovarda\/wp-json\/wp\/v2\/pages"}],"about":[{"href":"https:\/\/agora.xtec.cat\/iesguinovarda\/wp-json\/wp\/v2\/types\/page"}],"author":[{"embeddable":true,"href":"https:\/\/agora.xtec.cat\/iesguinovarda\/wp-json\/wp\/v2\/users\/1"}],"replies":[{"embeddable":true,"href":"https:\/\/agora.xtec.cat\/iesguinovarda\/wp-json\/wp\/v2\/comments?post=2264"}],"version-history":[{"count":6,"href":"https:\/\/agora.xtec.cat\/iesguinovarda\/wp-json\/wp\/v2\/pages\/2264\/revisions"}],"predecessor-version":[{"id":6285,"href":"https:\/\/agora.xtec.cat\/iesguinovarda\/wp-json\/wp\/v2\/pages\/2264\/revisions\/6285"}],"up":[{"embeddable":true,"href":"https:\/\/agora.xtec.cat\/iesguinovarda\/wp-json\/wp\/v2\/pages\/81"}],"wp:attachment":[{"href":"https:\/\/agora.xtec.cat\/iesguinovarda\/wp-json\/wp\/v2\/media?parent=2264"}],"curies":[{"name":"wp","href":"https:\/\/api.w.org\/{rel}","templated":true}]}}