{"id":2029,"date":"2021-02-22T09:40:52","date_gmt":"2021-02-22T08:40:52","guid":{"rendered":"https:\/\/agora.xtec.cat\/iesguinovarda\/?page_id=2029"},"modified":"2021-02-22T09:41:54","modified_gmt":"2021-02-22T08:41:54","slug":"poefa","status":"publish","type":"page","link":"https:\/\/agora.xtec.cat\/iesguinovarda\/serveis\/poefa\/","title":{"rendered":"POEFA"},"content":{"rendered":"<h2 lang=\"ca-ES\" align=\"center\"><a href=\"https:\/\/agora.xtec.cat\/iesguinovarda\/wp-content\/uploads\/usu579\/2021\/02\/CARTELL-POEFA-DEFINITIU1.jpg\"><img loading=\"lazy\" decoding=\"async\" class=\"alignnone wp-image-2030 size-medium\" src=\"https:\/\/agora.xtec.cat\/iesguinovarda\/wp-content\/uploads\/usu579\/2021\/02\/CARTELL-POEFA-DEFINITIU1-300x212.jpg\" alt=\"\" width=\"300\" height=\"212\" srcset=\"https:\/\/agora.xtec.cat\/iesguinovarda\/wp-content\/uploads\/usu579\/2021\/02\/CARTELL-POEFA-DEFINITIU1-300x212.jpg 300w, https:\/\/agora.xtec.cat\/iesguinovarda\/wp-content\/uploads\/usu579\/2021\/02\/CARTELL-POEFA-DEFINITIU1-768x543.jpg 768w, https:\/\/agora.xtec.cat\/iesguinovarda\/wp-content\/uploads\/usu579\/2021\/02\/CARTELL-POEFA-DEFINITIU1-1024x724.jpg 1024w, https:\/\/agora.xtec.cat\/iesguinovarda\/wp-content\/uploads\/usu579\/2021\/02\/CARTELL-POEFA-DEFINITIU1.jpg 1169w\" sizes=\"auto, (max-width: 300px) 100vw, 300px\" \/><\/a><\/h2>\n<h2 lang=\"ca-ES\" align=\"center\"><span style=\"font-size: xx-large;\"><b>Projecte POEFA: en educaci\u00f3, oportunitats per a tothom!<\/b><\/span><\/h2>\n<p lang=\"ca-ES\"><span style=\"color: #000000;\">El projecte \u00abATENEM EL LLENGUATGE A L&#8217;INSTITUT GUINOVARDA<\/span><span style=\"color: #000000;\">\u00bb<\/span><span style=\"color: #000000;\"> emmarcat dins dels <\/span><strong><span style=\"color: #000000;\">Projectes amb Oportunitats d\u2019\u00c8xit educatiu a Favor de l\u2019Alumnat (POEFA)<\/span><\/strong><span style=\"color: #000000;\"> \u00e9s un projecte escolar amb accions innovadores de suport i refor\u00e7 per a la reducci\u00f3 i la prevenci\u00f3 de l\u2019abandonament escolar prematur i el foment de la igualtat d\u2019acc\u00e9s a una educaci\u00f3 de bona qualitat <\/span><span style=\"color: #000000;\">a l\u2019educaci\u00f3 <\/span><span style=\"color: #000000;\">secund\u00e0ria obligat\u00f2ria.<\/span><\/p>\n<p lang=\"ca-ES\"><span style=\"color: #000000;\">Aquest projecte escolar d<\/span><span style=\"color: #000000;\">o<\/span><span style=\"color: #000000;\">na suport a diverses necessitats educatives de l\u2019alumnat d\u2019<\/span><span style=\"color: #000000;\">ESO. <\/span><span style=\"color: #000000;\"> El que es pret\u00e9n aconseguir \u00e9s augmentar el seu grau d\u2019implicaci\u00f3 davant l\u2019aprenentatge i el treball de diferents continguts, per tal de millorar tamb\u00e9 la seva predisposici\u00f3 a participar en activitats de caire cooperatiu, de conviv\u00e8ncia, d\u2019expressi\u00f3, oferint-los una educaci\u00f3 de qualitat. Es fa molt necessari adoptar una perspectiva d\u2019equitat on hi hagi igualtat d\u2019oportunitats en la distribuci\u00f3 de les diferents accions de suport. Les activitats programades <\/span><span style=\"color: #000000;\">estan pensades per a<\/span><span style=\"color: #000000;\">judar <\/span><span style=\"color: #000000;\">e<\/span><span style=\"color: #000000;\">ls alumnes que presenten dificultats <\/span><span style=\"color: #000000;\">d\u2019aprenentatge.<\/span><\/p>\n<p lang=\"ca-ES\"><span style=\"color: #000000;\">Es faran 7 hores a la setmana de<\/span> tallers en horari lectiu que proporcionen suport a les compet\u00e8ncies b\u00e0siques amb docents externs i professionals o assessors de refor\u00e7 pels alumnes m\u00e9s vulnerables.<\/p>\n<p lang=\"ca-ES\">El projecte est\u00e0 finan\u00e7at per la Uni\u00f3 Europea.<\/p>\n","protected":false},"excerpt":{"rendered":"<p><a href=\"https:\/\/agora.xtec.cat\/iesguinovarda\/wp-content\/uploads\/usu579\/2021\/02\/CARTELL-POEFA-DEFINITIU1.jpg\"><\/a><br \/>\nProjecte POEFA: en educaci\u00f3, oportunitats per a tothom!<br \/>\nEl projecte \u00abATENEM EL LLENGUATGE A L&#8217;INSTITUT GUINOVARDA\u00bb emmarcat dins dels Projectes amb Oportunitats d\u2019\u00c8xit educatiu a Favor de l\u2019Alumnat (POEFA) \u00e9s un projecte escolar amb accions innovadores de suport i refor\u00e7 per a la reducci\u00f3 i&hellip;  <a href=\"https:\/\/agora.xtec.cat\/iesguinovarda\/serveis\/poefa\/\" title=\"Read POEFA\">Llegeix m\u00e9s\u00bb<\/a><\/p>\n","protected":false},"author":1,"featured_media":0,"parent":63,"menu_order":0,"comment_status":"closed","ping_status":"closed","template":"","meta":{"_bbp_topic_count":0,"_bbp_reply_count":0,"_bbp_total_topic_count":0,"_bbp_total_reply_count":0,"_bbp_voice_count":0,"_bbp_anonymous_reply_count":0,"_bbp_topic_count_hidden":0,"_bbp_reply_count_hidden":0,"_bbp_forum_subforum_count":0,"footnotes":""},"class_list":["post-2029","page","type-page","status-publish","hentry"],"post_mailing_queue_ids":[],"_links":{"self":[{"href":"https:\/\/agora.xtec.cat\/iesguinovarda\/wp-json\/wp\/v2\/pages\/2029","targetHints":{"allow":["GET"]}}],"collection":[{"href":"https:\/\/agora.xtec.cat\/iesguinovarda\/wp-json\/wp\/v2\/pages"}],"about":[{"href":"https:\/\/agora.xtec.cat\/iesguinovarda\/wp-json\/wp\/v2\/types\/page"}],"author":[{"embeddable":true,"href":"https:\/\/agora.xtec.cat\/iesguinovarda\/wp-json\/wp\/v2\/users\/1"}],"replies":[{"embeddable":true,"href":"https:\/\/agora.xtec.cat\/iesguinovarda\/wp-json\/wp\/v2\/comments?post=2029"}],"version-history":[{"count":3,"href":"https:\/\/agora.xtec.cat\/iesguinovarda\/wp-json\/wp\/v2\/pages\/2029\/revisions"}],"predecessor-version":[{"id":2033,"href":"https:\/\/agora.xtec.cat\/iesguinovarda\/wp-json\/wp\/v2\/pages\/2029\/revisions\/2033"}],"up":[{"embeddable":true,"href":"https:\/\/agora.xtec.cat\/iesguinovarda\/wp-json\/wp\/v2\/pages\/63"}],"wp:attachment":[{"href":"https:\/\/agora.xtec.cat\/iesguinovarda\/wp-json\/wp\/v2\/media?parent=2029"}],"curies":[{"name":"wp","href":"https:\/\/api.w.org\/{rel}","templated":true}]}}