{"id":1226,"date":"2020-03-26T15:44:41","date_gmt":"2020-03-26T14:44:41","guid":{"rendered":"https:\/\/agora.xtec.cat\/iesguinovarda\/?page_id=1226"},"modified":"2020-03-26T15:55:02","modified_gmt":"2020-03-26T14:55:02","slug":"oferta-de-treball-1","status":"publish","type":"page","link":"https:\/\/agora.xtec.cat\/iesguinovarda\/serveis\/borsa-de-treball\/oferta-de-treball-1\/","title":{"rendered":"Oferta de treball TAPSD &#8211; 26\/03\/2020"},"content":{"rendered":"<p>Benvolguda, benvolgut:<\/p>\n<p>Ens adrecem a vosaltres en aquest moments d\u2019incertesa per fer-vos arribar una proposta de col\u00b7laboraci\u00f3 amb el Departament de Treball, Afers socials i Fam\u00edlies.<\/p>\n<p>Per aquesta ra\u00f3, us informem de la necessitat urgent de contractaci\u00f3 de persones per a cobrir substitucions de professionals d\u2019atenci\u00f3 personal en centres residencials i centres di\u00fcrns per a la gent gran, a les persones amb discapacitat i a les persones amb malaltia mental.<\/p>\n<p>Aquesta demanda va adre\u00e7ada a l\u2019alumnat major d\u2019edat per ocupar llocs de treball on no estaran en contacte directe amb persones malaltes de COVID-19.<\/p>\n<p>En concret, la necessitat de contractaci\u00f3 va dirigida a l\u2019alumnat dels cicles formatius seg\u00fcents:<\/p>\n<p>CFGM Atenci\u00f3 a persones en situaci\u00f3 de depend\u00e8ncia<\/p>\n<p>CFGM Cures auxiliars d\u2019infermeria<\/p>\n<p>CFGS Integraci\u00f3 social<\/p>\n<p>La possibilitat de contractaci\u00f3 est\u00e0 oberta tant a l\u2019alumnat titulat en alguna de les titulacions esmentades com alumnat en proc\u00e9s de formaci\u00f3 atenent la Resoluci\u00f3 TSF\/758\/2020, de 20 de mar\u00e7, per la qual es concreten les mesures organitzatives i de recursos humans excepcionals en l&#8217;\u00e0mbit de les resid\u00e8ncies i centres di\u00fcrns d&#8217;atenci\u00f3 a gent gran, persones amb discapacitat i persones amb malaltia mental, aix\u00ed com en els serveis d&#8217;ajuda a domicili, en aplicaci\u00f3 de la Resoluci\u00f3 SLT\/737\/2020, de 13 de mar\u00e7, per la qual s&#8217;adopten mesures complement\u00e0ries per a la prevenci\u00f3 i el control de la infecci\u00f3 pel SARS-CoV-2.<\/p>\n<p>Us preguem que adreceu aquesta informaci\u00f3 a l\u2019alumnat del vostre centre educatiu amb l\u2019enlla\u00e7 seg\u00fcent <a href=\"https:\/\/forms.gle\/RSD4BwxBPfkcWSqi8\" data-saferedirecturl=\"https:\/\/www.google.com\/url?q=https:\/\/forms.gle\/RSD4BwxBPfkcWSqi8&amp;source=gmail&amp;ust=1585319957462000&amp;usg=AFQjCNHCzi3Ug7H1Rirhq8IHj4Y565ufgg\">https:\/\/forms.gle\/RSD4BwxBPfkcWSqi8<\/a> .\u00a0 Les persones que estiuin interessades caldr\u00e0 que omplin el formulari seg\u00fcent i es posaran en contacte via tel\u00e8fon o correu electr\u00f2nic.<\/p>\n<p>Tot agraint la vostra col\u00b7laboraci\u00f3, rebeu una cordial salutaci\u00f3<\/p>\n<p>&nbsp;<\/p>\n<p><strong>Pilar Nus<\/strong><\/p>\n","protected":false},"excerpt":{"rendered":"<p>Benvolguda, benvolgut:<br \/>\nEns adrecem a vosaltres en aquest moments d\u2019incertesa per fer-vos arribar una proposta de col\u00b7laboraci\u00f3 amb el Departament de Treball, Afers socials i Fam\u00edlies.<br \/>\nPer aquesta ra\u00f3, us informem de la necessitat urgent de contractaci\u00f3 de persones per a cobrir substitucions de professionals d\u2019atenci\u00f3 personal&hellip;  <a href=\"https:\/\/agora.xtec.cat\/iesguinovarda\/serveis\/borsa-de-treball\/oferta-de-treball-1\/\" title=\"Read Oferta de treball TAPSD &#8211; 26\/03\/2020\">Llegeix m\u00e9s\u00bb<\/a><\/p>\n","protected":false},"author":1,"featured_media":0,"parent":1209,"menu_order":10,"comment_status":"closed","ping_status":"closed","template":"","meta":{"_bbp_topic_count":0,"_bbp_reply_count":0,"_bbp_total_topic_count":0,"_bbp_total_reply_count":0,"_bbp_voice_count":0,"_bbp_anonymous_reply_count":0,"_bbp_topic_count_hidden":0,"_bbp_reply_count_hidden":0,"_bbp_forum_subforum_count":0,"footnotes":""},"class_list":["post-1226","page","type-page","status-publish","hentry"],"post_mailing_queue_ids":[],"_links":{"self":[{"href":"https:\/\/agora.xtec.cat\/iesguinovarda\/wp-json\/wp\/v2\/pages\/1226","targetHints":{"allow":["GET"]}}],"collection":[{"href":"https:\/\/agora.xtec.cat\/iesguinovarda\/wp-json\/wp\/v2\/pages"}],"about":[{"href":"https:\/\/agora.xtec.cat\/iesguinovarda\/wp-json\/wp\/v2\/types\/page"}],"author":[{"embeddable":true,"href":"https:\/\/agora.xtec.cat\/iesguinovarda\/wp-json\/wp\/v2\/users\/1"}],"replies":[{"embeddable":true,"href":"https:\/\/agora.xtec.cat\/iesguinovarda\/wp-json\/wp\/v2\/comments?post=1226"}],"version-history":[{"count":2,"href":"https:\/\/agora.xtec.cat\/iesguinovarda\/wp-json\/wp\/v2\/pages\/1226\/revisions"}],"predecessor-version":[{"id":1229,"href":"https:\/\/agora.xtec.cat\/iesguinovarda\/wp-json\/wp\/v2\/pages\/1226\/revisions\/1229"}],"up":[{"embeddable":true,"href":"https:\/\/agora.xtec.cat\/iesguinovarda\/wp-json\/wp\/v2\/pages\/1209"}],"wp:attachment":[{"href":"https:\/\/agora.xtec.cat\/iesguinovarda\/wp-json\/wp\/v2\/media?parent=1226"}],"curies":[{"name":"wp","href":"https:\/\/api.w.org\/{rel}","templated":true}]}}