{"id":70643,"date":"2025-02-06T18:29:57","date_gmt":"2025-02-06T17:29:57","guid":{"rendered":"https:\/\/agora.xtec.cat\/iesguindavols\/?page_id=70643"},"modified":"2026-03-05T14:23:23","modified_gmt":"2026-03-05T13:23:23","slug":"projectes-2eso","status":"publish","type":"page","link":"https:\/\/agora.xtec.cat\/iesguindavols\/projectes-2eso\/","title":{"rendered":"PROJECTES 2ESO"},"content":{"rendered":"\n<div class=\"wp-block-getwid-section alignfull alignfull getwid-section-content-custom-width\"><div class=\"wp-block-getwid-section__wrapper getwid-padding-top-large getwid-padding-bottom-large getwid-padding-left-medium getwid-padding-right-medium\" style=\"min-height:70vh\"><div class=\"wp-block-getwid-section__inner-wrapper\" style=\"max-width:987px\"><div class=\"wp-block-getwid-section__background-holder\"><div class=\"wp-block-getwid-section__background has-background has-white-background-color\" style=\"background-image:url('https:\/\/agora.xtec.cat\/iesguindavols\/wp-content\/uploads\/usu2923\/2025\/01\/Copy-of-REVISTA-2n-DESO-DISSENY-1-1-e1737968107669.jpg')\"><div class=\"wp-block-getwid-section__background-image-wrapper\"><img decoding=\"async\" class=\"wp-block-getwid-section__background-image\" src=\"https:\/\/agora.xtec.cat\/iesguindavols\/wp-content\/uploads\/usu2923\/2025\/01\/Copy-of-REVISTA-2n-DESO-DISSENY-1-1-e1737968107669.jpg\" alt=\"\"\/><\/div><\/div><div class=\"wp-block-getwid-section__foreground\" style=\"opacity:0.5;background-color:#000000\"><\/div><\/div><div class=\"wp-block-getwid-section__content\"><div class=\"wp-block-getwid-section__inner-content\">\n<div class=\"wp-block-getwid-advanced-heading has-custom-font-size\" style=\"font-size:50px;margin-bottom:30px;margin-top:10px\"><h2 class=\"wp-block-getwid-advanced-heading__content has-text-color has-white-color\" style=\"font-family:&quot;Poiret One&quot;;font-weight:normal\">PROJECTES A 2n ESO &#8211; GUIND\u00c0VOLS M\u00c8DIA<\/h2><\/div>\n\n\n\n<div class=\"wp-block-columns has-2-columns is-layout-flex wp-container-core-columns-is-layout-1 wp-block-columns-is-layout-flex\">\n<div class=\"wp-block-column is-layout-flow wp-block-column-is-layout-flow\">\n<p class=\"has-text-color\" style=\"color:#ffffff;font-size:28px;font-style:normal;font-weight:200\"><em>Guind\u00e0vols M\u00e8dia<\/em> \u00e9s un projecte de revista digital escolar competencialment ling\u00fc\u00edstic ubicat dins del curr\u00edculum de 2n ESO amb una c\u00e0rrega lectiva de tres hores setmanals.&nbsp; En aquest projecte period\u00edstic es pret\u00e9n que l\u2019alumnat consolidi l\u2019expressi\u00f3 escrita i oral en catal\u00e0 a trav\u00e9s del redactat period\u00edstic i la producci\u00f3 radiof\u00f2nica, a m\u00e9s a m\u00e9s de con\u00e8ixer i valorar la rigorositat i el treball en l\u2019emissi\u00f3 d\u2019un programa de r\u00e0dio en directe i l\u2019enregistrament d\u2019un telenot\u00edcies.&nbsp;<\/p>\n<\/div>\n\n\n\n<div class=\"wp-block-column is-layout-flow wp-block-column-is-layout-flow\">\n<p class=\"has-white-color has-text-color has-link-color wp-elements-ef972a6723a3102e42f057f070b23b57\" style=\"font-size:28px;font-style:normal;font-weight:200\">L\u2019alumnat es transforma en periodista i surt al carrer a buscar not\u00edcies i documentar-se amb l\u2019objectiu de crear un reportatge de l\u2019\u00e0mbit cultural de Lleida des de tres vessants, art\u00edstic, literari i musical. En aquest proc\u00e9s l\u2019alumnat coneix de primera m\u00e0 espais com galeries d\u2019art, escoles de m\u00fasica, mitjans de comunicaci\u00f3, editorials, etc. En aquest viatge l\u2019alumnat t\u00e9 l\u2019oportunitat de con\u00e8ixer i entrevistar personatges del m\u00f3n cultural de Lleida.&nbsp;<br>Tot aquest treball queda reflectit en la nostra revista <em>Guind\u00e0vols M\u00e8dia <\/em>que s\u2019actualitza cada trimestre.<\/p>\n<\/div>\n<\/div>\n<\/div><\/div><\/div><\/div><\/div>\n\n\n\n<div style=\"text-align:center;\"><div style=\"margin:8px 0px 4px;\"><a href=\"https:\/\/www.calameo.com\/books\/00786666898fb3b3d4020\" target=\"_blank\">Guindavolsmedia 2026 2<\/a><\/div><iframe loading=\"lazy\" src=\"\/\/v.calameo.com\/?bkcode=00786666898fb3b3d4020&#038;mode=mini&#038;clickto=embed\" width=\"560\" height=\"350\" frameborder=\"0\" scrolling=\"no\" allowtransparency allowfullscreen style=\"margin:0 auto;\"><\/iframe><div style=\"margin:4px 0px 8px;\"><a href=\"http:\/\/www.calameo.com\/\" target=\"_blank\">Read more publications on Calam\u00e9o<\/a><\/div><\/div>\n","protected":false},"excerpt":{"rendered":"<p>PROJECTES A 2n ESO &#8211; GUIND\u00c0VOLS M\u00c8DIA<\/p>\n<p>Guind\u00e0vols M\u00e8dia \u00e9s un projecte de revista digital escolar competencialment ling\u00fc\u00edstic ubicat dins del curr\u00edculum de 2n ESO amb una c\u00e0rrega lectiva de tres hores setmanals.&nbsp; En aquest projecte period\u00edstic es pret\u00e9n que l\u2019alumnat consolidi l\u2019expressi\u00f3 escrita i oral&hellip;  <a href=\"https:\/\/agora.xtec.cat\/iesguindavols\/projectes-2eso\/\" title=\"Read PROJECTES 2ESO\">Llegeix m\u00e9s\u00bb<\/a><\/p>\n","protected":false},"author":50,"featured_media":0,"parent":0,"menu_order":0,"comment_status":"closed","ping_status":"close","template":"","meta":{"_bbp_topic_count":0,"_bbp_reply_count":0,"_bbp_total_topic_count":0,"_bbp_total_reply_count":0,"_bbp_voice_count":0,"_bbp_anonymous_reply_count":0,"_bbp_topic_count_hidden":0,"_bbp_reply_count_hidden":0,"_bbp_forum_subforum_count":0,"footnotes":""},"class_list":["post-70643","page","type-page","status-publish","hentry"],"post_mailing_queue_ids":[],"_links":{"self":[{"href":"https:\/\/agora.xtec.cat\/iesguindavols\/wp-json\/wp\/v2\/pages\/70643","targetHints":{"allow":["GET"]}}],"collection":[{"href":"https:\/\/agora.xtec.cat\/iesguindavols\/wp-json\/wp\/v2\/pages"}],"about":[{"href":"https:\/\/agora.xtec.cat\/iesguindavols\/wp-json\/wp\/v2\/types\/page"}],"author":[{"embeddable":true,"href":"https:\/\/agora.xtec.cat\/iesguindavols\/wp-json\/wp\/v2\/users\/50"}],"replies":[{"embeddable":true,"href":"https:\/\/agora.xtec.cat\/iesguindavols\/wp-json\/wp\/v2\/comments?post=70643"}],"version-history":[{"count":6,"href":"https:\/\/agora.xtec.cat\/iesguindavols\/wp-json\/wp\/v2\/pages\/70643\/revisions"}],"predecessor-version":[{"id":72941,"href":"https:\/\/agora.xtec.cat\/iesguindavols\/wp-json\/wp\/v2\/pages\/70643\/revisions\/72941"}],"wp:attachment":[{"href":"https:\/\/agora.xtec.cat\/iesguindavols\/wp-json\/wp\/v2\/media?parent=70643"}],"curies":[{"name":"wp","href":"https:\/\/api.w.org\/{rel}","templated":true}]}}