{"id":69866,"date":"2024-06-09T13:51:00","date_gmt":"2024-06-09T11:51:00","guid":{"rendered":"https:\/\/agora.xtec.cat\/iesguindavols\/?page_id=69866"},"modified":"2025-06-12T00:22:54","modified_gmt":"2025-06-11T22:22:54","slug":"condicions-de-matricula","status":"publish","type":"page","link":"https:\/\/agora.xtec.cat\/iesguindavols\/condicions-de-matricula\/","title":{"rendered":"Condicions de matr\u00edcula"},"content":{"rendered":"<p><a href=\"#apartat1\">1. Condicions generals per a la matr\u00edcula<\/a><br \/>\n<a href=\"#apartat2\">2. Preus i impostos<\/a><br \/>\n<a href=\"#apartat3\">3. Convalidacions i exempcions<\/a><br \/>\n<a href=\"#apartat4\">4. Procediment de matr\u00edcula<\/a><br \/>\n<a href=\"#apartat5\">5. Devolucions<\/a><br \/>\n<a href=\"#apartat6\">6. Comunicacions<\/a><br \/>\n<a href=\"#apartat7\">7. Informaci\u00f3 b\u00e0sica sobre protecci\u00f3 de dades<\/a><\/p>\n<h2><a id=\"apartat1\"><\/a>1. Condicions generals<\/h2>\n<hr class=\"a\" \/>\n<p>Les presents condicions generals regulen el proc\u00e9s de matr\u00edcula de l\u2019alumnat a l\u2019<strong>Institut Guind\u00e0vols de Lleida (carrer Eugeni d\u2019Ors s\/n de Lleida, 25196 \u2013 Espanya \u2013 NIF Q7555001B)<\/strong>.<\/p>\n<p><strong><br \/>\nInstitut Guind\u00e0vols<br \/>\nCarrer Eugeni d\u2019Ors s\/n<br \/>\nLleida &#8211; 25196<br \/>\nEspanya<br \/>\nNIF Q7555001B<br \/>\n<\/strong><\/p>\n<p>La matr\u00edcula al centre d\u2019un alumne\/a es troba condicionada a l\u2019obtenci\u00f3 d\u2019una pla\u00e7a per algun dels estudis oferts com a resultat de l\u2019estricte seguiment dels processos de preinscripci\u00f3 i admissi\u00f3 que fixa, pels centres p\u00fablics, el Departament d\u2019Educaci\u00f3 mitjan\u00e7ant diferents decrets i resolucions per a cada curs:<\/p>\n<ul>\n<li style=\"list-style-type: none;\">\n<ul>\n<li>Resoluci\u00f3 en qu\u00e8 s&#8217;aproven les normes de preinscripci\u00f3 i matr\u00edcula d&#8217;alumnes als centres del Servei d&#8217;Educaci\u00f3 de Catalunya i altres centres educatius, en els diversos ensenyaments sostinguts amb fons p\u00fablics, per al curs pertinent<\/li>\n<li>El decret en qu\u00e8 es fixa la programaci\u00f3 de l&#8217;oferta educativa i del procediment d&#8217;admissi\u00f3 en els centres del Servei d&#8217;Educaci\u00f3 de Catalunya, per al curs pertinent<\/li>\n<li>El decret pel qual s&#8217;estableix el procediment d&#8217;admissi\u00f3 de l&#8217;alumnat als centres en els ensenyaments sufragats amb fons p\u00fablics.<\/li>\n<li>El decret pel qual s&#8217;estableix el procediment d&#8217;admissi\u00f3 de l&#8217;alumnat als centres en els ensenyaments sufragats amb fons p\u00fablics.<\/li>\n<\/ul>\n<\/li>\n<\/ul>\n<p>Els estudis oferts a l\u2019Institut Guind\u00e0vols s\u00f3n presencials.<\/p>\n<p>L\u2019alumne\/a, i el seu tutor\/a legal si \u00e9s menor d\u2019edat, s\u00f3n coneixedors de qu\u00e8 \u00e9s imprescindible acreditar el compliment del requisit d\u2019acc\u00e9s als estudis en qu\u00e8 l\u2019alumne\/a es vol matr\u00edcula. Aquesta acreditaci\u00f3 ha de ser pr\u00e8via a la matr\u00edcula. En cas contrari, la matr\u00edcula deixar\u00e0 de tenir validesa i l\u2019alumne\/a ser\u00e0 donat de baixa d\u2019ofici. Els requisits d\u2019acc\u00e9s es poden consultar a https:\/\/triaeducativa.gencat.cat\/ per cadascun dels estudis.<\/p>\n<p>No \u00e9s possible matricular-se de m\u00f2duls o mat\u00e8ries ja aprovats o en qu\u00e8 s\u2019hagi esgotat el nombre m\u00e0xim de convocat\u00f2ries.<\/p>\n<p>L\u2019alumnat que no es matriculi en els per\u00edodes estipulats perdr\u00e0 la reserva de pla\u00e7a.<\/p>\n<p>Les presents condicions es troben accessibles en els avisos legals de la p\u00e0gina web del centre, i es troben permanentment accessibles.<\/p>\n<h2><a id=\"apartat2\"><\/a>2. Preus i impostos<\/h2>\n<hr class=\"a\" \/>\n<p>Per tal que la matr\u00edcula es faci efectiva l\u2019alumne\/a haur\u00e0 de satisfer els imports que s\u2019indiquen per cadascun dels estudis que ofereix el centre:<\/p>\n<ul>\n<li style=\"list-style-type: none;\">\n<ul>\n<li><strong>Educaci\u00f3 Secund\u00e0ria Obligat\u00f2ria:<\/strong> Aportaci\u00f3 per material i asseguran\u00e7a: <strong>80 euros\/curs<\/strong><\/li>\n<li><strong>Batxillerat:<\/strong> Aportaci\u00f3 per material i asseguran\u00e7a: <strong>95 euros\/curs, o b\u00e9, 11 euros\/mat\u00e8ria.<\/strong><\/li>\n<\/ul>\n<\/li>\n<\/ul>\n<div style=\"margin-left: 80px; padding-left: 40px;\">L\u2019alumnat de batxillerat que es matricula del curs sencer ha de satisfer l\u2019import del curs sencer (95 euros). L\u2019alumnat que fa una matr\u00edcula parcial, pot optar a satisfer l\u2019import del curs sencer, o b\u00e9, l\u2019import resultant de multiplicar el nombre de mat\u00e8ries matriculades pel preu unitari per mat\u00e8ria.<\/div>\n<ul>\n<li style=\"list-style-type: none;\">\n<ul>\n<li><strong>Cicles formatius de grau mitj\u00e0:<\/strong> Aportaci\u00f3 per material i asseguran\u00e7a: <strong>95 euros\/curs, o b\u00e9, 19 euros\/m\u00f2dul <\/strong>(o b\u00e9, 5 euros\/UF en els plans antics).<\/li>\n<\/ul>\n<\/li>\n<\/ul>\n<div style=\"margin-left: 80px; padding-left: 40px;\">L\u2019alumnat de cicles formatius de grau mitj\u00e0 que es matricula del curs sencer ha de satisfer l\u2019import del curs sencer (95 euros). L\u2019alumnat que fa una matr\u00edcula parcial, pot optar a satisfer l\u2019import del curs sencer, o b\u00e9, l\u2019import resultant de multiplicar el nombre de m\u00f2duls pel preu unitari.<\/div>\n<div style=\"margin-left: 80px; padding-left: 40px;\">Els cicles formatius de grau mitj\u00e0 oferts es relacionen a continuaci\u00f3. Podeu consultar-ne els continguts, duraci\u00f3 i horari marc en els enlla\u00e7os.<\/div>\n<ul>\n<li style=\"list-style-type: none;\">\n<ul>\n<li style=\"list-style-type: none;\">\n<ul>\n<li style=\"list-style-type: none;\">\n<ul>\n<li>CFGM Instal\u00b7lacions frigor\u00edfiques i de climatitzaci\u00f3 (<a href=\"https:\/\/portal.institutguindavols.cat\/index.php\/fp-formacio-professional-al-guindavols\/fred-climatitzacio\/\">+info<\/a>)<\/li>\n<li>CFGM Instal\u00b7lacions de producci\u00f3 de calor (<a href=\"https:\/\/portal.institutguindavols.cat\/index.php\/fp-formacio-professional-al-guindavols\/calefaccio_aigua_gas\/\">+info<\/a>)<\/li>\n<li>CFGM Manteniment electromec\u00e0nic (<a href=\"https:\/\/portal.institutguindavols.cat\/index.php\/fp-formacio-professional-al-guindavols\/manteniment-electromecanic\/\">+info<\/a>)<\/li>\n<li>CFGM Mecanitzaci\u00f3 (<a href=\"https:\/\/portal.institutguindavols.cat\/index.php\/fp-formacio-professional-al-guindavols\/mecanitzacio\/\">+info<\/a>)<\/li>\n<li>CFGM Confecci\u00f3 i moda (<a href=\"https:\/\/portal.institutguindavols.cat\/index.php\/fp-formacio-professional-al-guindavols\/confeccio-moda\/\">+info<\/a>)<\/li>\n<\/ul>\n<\/li>\n<\/ul>\n<\/li>\n<li><strong>Cicles formatius de grau superior:<\/strong> Cal satisfer l\u2019import de l&#8217;aportaci\u00f3 per material, l&#8217;asseguran\u00e7a i el preu p\u00fablic. El preu p\u00fablic es pot fraccionar en dos pagaments del 50% de l\u2019import total.<\/li>\n<\/ul>\n<\/li>\n<\/ul>\n<div style=\"margin-left: 80px; padding-left: 40px;\">Els cicles formatius de grau superior oferts es relacionen a continuaci\u00f3. Podeu consultar-ne els continguts, duraci\u00f3 i horari marc en els enlla\u00e7os.<\/div>\n<ul>\n<li style=\"list-style-type: none;\">\n<ul>\n<li style=\"list-style-type: none;\">\n<ul>\n<li style=\"list-style-type: none;\">\n<ul>\n<li>CFGS Manteniment d&#8217;instal\u00b7lacions t\u00e8rmiques i de fluids (<a href=\"https:\/\/agora.xtec.cat\/iesguindavols\/cicles-formatius\/cfgs-ima0\/\">+info<\/a>)<\/li>\n<li>CFGS Programaci\u00f3 de la producci\u00f3 en fabricaci\u00f3 mec\u00e0nica (<a href=\"https:\/\/agora.xtec.cat\/iesguindavols\/cicles-formatius\/cfgs-fmb0\/\">+info<\/a>)<\/li>\n<li>CFGS Patronatge i moda (<a href=\"https:\/\/agora.xtec.cat\/iesguindavols\/cicles-formatius\/cfgs-txe0\/\">+info<\/a>)<\/li>\n<li>CFGS Vestuari a mida i d&#8217;espectacles (<a href=\"https:\/\/agora.xtec.cat\/iesguindavols\/cicles-formatius\/cfgs-txb0\/\">+info<\/a>)<\/li>\n<\/ul>\n<\/li>\n<\/ul>\n<\/li>\n<\/ul>\n<\/li>\n<\/ul>\n<div style=\"margin-left: 80px; padding-left: 40px;\">\u00a0Imports:<\/div>\n<ul>\n<li style=\"list-style-type: none;\">\n<ul>\n<li style=\"list-style-type: none;\">\n<ul>\n<li style=\"list-style-type: none;\">\n<ul>\n<li><strong>Aportaci\u00f3 per material i asseguran\u00e7a:<\/strong> <strong>95 euros\/curs, o b\u00e9, 19 euros\/m\u00f2dul <\/strong>(o b\u00e9, 5 euros\/UF en els plans antics).\u00a0Aquest import no es fracciona. S\u2019ha de satisfer en el primer termini de pagament.<\/li>\n<\/ul>\n<\/li>\n<\/ul>\n<\/li>\n<\/ul>\n<\/li>\n<\/ul>\n<div style=\"margin-left: 160px;\">L\u2019alumnat de cicles formatius de grau superior que es matricula del curs sencer ha de satisfer l\u2019import per material i asseguran\u00e7a del curs sencer (95 euros). L\u2019alumnat que fa una matr\u00edcula parcial, pot optar a satisfer l\u2019import del curs sencer, o b\u00e9, l\u2019import resultant de multiplicar el nombre de m\u00f2duls pel preu unitari per m\u00f2dul.<\/div>\n<ul>\n<li style=\"list-style-type: none;\">\n<ul>\n<li style=\"list-style-type: none;\">\n<ul>\n<li style=\"list-style-type: none;\">\n<ul>\n<li><strong>L&#8217;alumnat major de 28 anys<\/strong> ha de subscriure una p\u00f2lissa d&#8217;asseguran\u00e7a addicional: <strong>21 euros\/curs<\/strong>. Aquest import no es fracciona. S\u2019ha de satisfer en el primer termini de pagament.<\/li>\n<li><strong>Preu p\u00fablic:<\/strong> <strong>360 euros\/curs, o b\u00e9, 25 euros\/UF i 25 euros\/FCT.<\/strong>\n<ul>\n<li>El preu p\u00fablic es pot fraccionar en dues meitats, 50% en el moment de la matr\u00edcula, al juliol, i el 50% restant en els tres primers dies h\u00e0bils del setembre. Per exemple: 1r termini de 180 \u20ac al juliol i 2n termini de 180 \u20ac al setembre. L\u2019alumnat que es matriculi al setembre no podr\u00e0 optar al fraccionament.<\/li>\n<li>Es poden aplicar bonificacions i exempcions del preu p\u00fablic en els casos que s\u2019indica a continuaci\u00f3 (s\u2019han d\u2019acreditar documentalment):\n<ul>\n<li><strong>Bonificaci\u00f3 del 50%<\/strong> de l&#8217;import per a:\n<ul>\n<li>membres de fam\u00edlia nombrosa de categoria general,<\/li>\n<li>membres de fam\u00edlies monoparentals,<\/li>\n<li>persones que en el curs acad\u00e8mic actual o en l&#8217;anterior han obtingut una beca o un ajut a l&#8217;estudi del Ministeri d&#8217;Educaci\u00f3, Cultura i Esport,<\/li>\n<li>persones benefici\u00e0ries d&#8217;accions positives d\u2019acord amb l\u2019Ordre EDU\/185\/2019, de 9 d&#8217;octubre, per accions de promoci\u00f3 de la demanda o per accions de g\u00e8nere.<\/li>\n<\/ul>\n<\/li>\n<li><strong>Exempci\u00f3 del 100%<\/strong> del pagament per a:\n<ul>\n<li>membres de fam\u00edlia nombrosa de categoria especial,<\/li>\n<li>v\u00edctimes del terrorisme (i els seus c\u00f2njuges i els seus fills i filles),<\/li>\n<li>persones amb discapacitat igual o superior al 33%,<\/li>\n<li>infants o adolescents en acolliment familiar,<\/li>\n<li>persones subjectes a mesures privatives de llibertat,<\/li>\n<li>membres d&#8217;unitats familiars que percebin la renda m\u00ednima d&#8217;inserci\u00f3,<\/li>\n<li>v\u00edctimes de viol\u00e8ncia de g\u00e8nere,<\/li>\n<li>persones que en el curs acad\u00e8mic immediatament anterior han obtingut matr\u00edcula d\u2019honor al batxillerat o el premi extraordinari de batxillerat (exempci\u00f3 a 1r curs),<\/li>\n<li>alumnat guanyador dels Premis Extraordinaris dels Ensenyaments Art\u00edstics Professionals, de formaci\u00f3 professional, dels ensenyaments professionals d&#8217;arts pl\u00e0stiques i disseny, o dels ensenyaments professionals de m\u00fasica o professionals de dansa, en els termes establerts per la normativa i<\/li>\n<li>persones menors tutelades o persones extutelades menors de 21 anys.<\/li>\n<\/ul>\n<\/li>\n<\/ul>\n<\/li>\n<\/ul>\n<\/li>\n<\/ul>\n<\/li>\n<\/ul>\n<\/li>\n<\/ul>\n<\/li>\n<\/ul>\n<p>En cas de no aportar el justificant d\u2019abonament al compte del centre, l\u2019alumne o l&#8217;alumna no podr\u00e0 formalitzar la matr\u00edcula i, un cop expirat el termini oficial de matriculaci\u00f3, haur\u00e0 perdut el dret a la seva pla\u00e7a.<\/p>\n<p>En cas de fraccionament, si no s\u2019acredita l\u2019ingr\u00e9s del segon termini, el centre tramitar\u00e0 la baixa\u00a0 d\u2019ofici, i no retornar\u00e0 l\u2019import ingressat en el primer termini.<\/p>\n<p><strong>Informaci\u00f3 relacionada;<\/strong><\/p>\n<ul>\n<li style=\"list-style-type: none;\">\n<ul>\n<li>Ordre ENS\/181\/2012, de 22 de juny, per la qual es creen diversos preus p\u00fablics per a la matr\u00edcula dels cicles formatius de grau superior impartits en els centres dependents del Departament d&#8217;Ensenyament (DOGC n\u00fam. 6159, de 28.06.2012)<\/li>\n<li>Decret legislatiu 3\/2008, de 25 de juny, pel qual s&#8217;aprova el text ref\u00f3s de la llei de taxes i preus p\u00fablics de la Generalitat de Catalunya<\/li>\n<\/ul>\n<\/li>\n<\/ul>\n<p>Els cursos oferts no estan subjectes a l\u2019impost del valor afegit.<\/p>\n<h2><a id=\"apartat3\"><\/a>3. Convalidacions i exempcions<\/h2>\n<hr class=\"a\" \/>\n<p><strong>Als cicles formatius:<\/strong><\/p>\n<p>L\u2019alumnat que vulgui demanar convalidacions o exempcions ha d\u2019estar matriculat en el cicle formatiu d\u2019algun contingut i ha de presentar una sol\u00b7licitud de convalidaci\u00f3 i\/o exempci\u00f3 dels m\u00f2duls que cregui oport\u00fa (\u00e9s convenient sol\u00b7licitar-les amb prou antelaci\u00f3 perqu\u00e8 es puguin resoldre).<\/p>\n<p>Si abans de la finalitzaci\u00f3 del per\u00edode de matr\u00edcula no s\u2019han resolt les convalidacions o exempcions, correspon a l\u2019alumne o l&#8217;alumna decidir entre:<\/p>\n<ul>\n<li style=\"list-style-type: none;\">\n<ul>\n<li>Matricular-se nom\u00e9s dels continguts que personalment preveu que no li convalidaran i, per tant, pagar nom\u00e9s per aquests continguts. Aquesta opci\u00f3 implica que en cas que no li convalidin no es podr\u00e0 matricular d\u2019aquests continguts al curs actual. Al llarg del curs pot sol\u00b7licitar les convalidacions o exempcions dels cr\u00e8dits o UF del mateix cicle formatiu de qu\u00e8 no est\u00e0 matriculat.<\/li>\n<li>Matricular-se tant dels continguts que no ha demanat convalidar com dels continguts dels quals no s\u2019ha resolt la convalidaci\u00f3 o exempci\u00f3, i per tant pagar per aquests continguts. Aquesta opci\u00f3 implica que no es retorna l\u2019import si, despr\u00e9s d\u2019haver ingressat l\u2019import de la matr\u00edcula, s\u2019obt\u00e9 la convalidaci\u00f3 o l&#8217;exempci\u00f3.<\/li>\n<\/ul>\n<\/li>\n<\/ul>\n<p>La tramitaci\u00f3 de convalidacions o exempcions no est\u00e0 subjecta a preu p\u00fablic.<\/p>\n<p><strong>A l\u2019ESO i Batxillerat:<\/strong><\/p>\n<p>Els imports de l\u2019aportaci\u00f3 per a material i l\u2019asseguran\u00e7a no es veuran redu\u00efts per la convalidaci\u00f3 de mat\u00e8ries.<\/p>\n<h2><a id=\"apartat4\"><\/a>4. Procediment de matr\u00edcula<\/h2>\n<hr class=\"a\" \/>\n<p>L&#8217;alumne\/a, o en el tutor\/a legal si \u00e9s menor d\u2019edat, podr\u00e0 formalitzar la matr\u00edcula al centre despr\u00e9s que se li hagi assignat una pla\u00e7a a trav\u00e9s dels processos de preinscripci\u00f3 i admissi\u00f3 que estableix el Departament d\u2019Educaci\u00f3.<\/p>\n<p>Un cop l\u2019alumne\/a sigui adm\u00e8s, rebr\u00e0 un correu electr\u00f2nic amb les instruccions per a efectuar la sol\u00b7licitud i pagament de la matr\u00edcula.<\/p>\n<p>Despr\u00e9s d&#8217;omplir el formulari de matr\u00edcula rebr\u00e0 un correu electr\u00f2nic amb la sol\u00b7licitud de matr\u00edcula en PDF, la qual inclour\u00e0 l&#8217;import a satisfer aix\u00ed com l&#8217;enlla\u00e7 per al pagament a trav\u00e9s d&#8217;un TPV virtual.<\/p>\n<p>Un cop efectuat el pagament, l&#8217;alumne\/a o pare\/mare si \u00e9s menor d&#8217;edat portar\u00e0 presencialment la documentaci\u00f3 requerida a la secretaria del centre, segons el cas:<\/p>\n<ul>\n<li style=\"list-style-type: none;\">\n<ul>\n<li>documents d\u2019identificaci\u00f3<\/li>\n<li>documents de filiaci\u00f3<\/li>\n<li>documents d\u2019acreditaci\u00f3 del requisit de titulaci\u00f3 d&#8217;acc\u00e9s als estudis<\/li>\n<li>documents de justificaci\u00f3 de bonificacions i exempcions<\/li>\n<\/ul>\n<\/li>\n<\/ul>\n<p>La matr\u00edcula per error d\u2019un alumne\/a que no disposi dels requisits d\u2019acc\u00e9s ser\u00e0 invalidada i no donar\u00e0 lloc a la consolidaci\u00f3 d\u2019aquesta.<\/p>\n<h2><a id=\"apartat5\"><\/a>5. Devolucions<\/h2>\n<hr class=\"a\" \/>\n<p>Seguint les instruccions de l\u2019article 1.3-9 del Decret legislatiu 3\/2008, de 25 de juny, que aprova el text ref\u00f3s de la Llei de taxes i preus p\u00fablics, en cas que no es presti el servei, \u00e9s a dir, que l\u2019institut no imparteixi el cicle formatiu en qu\u00e8 est\u00e0 matriculat l\u2019alumne o l&#8217;alumna, se li retornar\u00e0 l\u2019import.<\/p>\n<p><strong>Devoluci\u00f3 de l\u2019aportaci\u00f3 de material i asseguran\u00e7a:<\/strong><\/p>\n<ul>\n<li style=\"list-style-type: none;\">\n<ul>\n<li>Fins al 31 d\u2019octubre es retornar\u00e0 el 75% de l\u2019import.<\/li>\n<li>Entre l\u20191 de novembre i el 31 de desembre es retornar\u00e0 el 50% de l\u2019import.<\/li>\n<li>A partir del 31 de desembre no es retornar\u00e0 l\u2019import.<\/li>\n<\/ul>\n<\/li>\n<\/ul>\n<p><strong>Devoluci\u00f3 del preu p\u00fablic:<\/strong><\/p>\n<p>Es procedir\u00e0 a la devoluci\u00f3 general del preu p\u00fablic en els seg\u00fcents casos i terminis:<\/p>\n<ul>\n<li style=\"list-style-type: none;\">\n<ul>\n<li>Fins a l\u2019\u00faltim dia del segon termini per fer el pagament fraccionat al mes de setembre si l\u2019alumne\/a obt\u00e9 pla\u00e7a en un altre centre dependent del Departament d\u2019Educaci\u00f3<\/li>\n<li>Fins al 31 d\u2019octubre, si l\u2019alumne o l&#8217;alumna obt\u00e9 pla\u00e7a p\u00fablica b\u00e9 en l\u2019ensenyament universitari, o b\u00e9 en els ensenyaments art\u00edstics superiors, o si la direcci\u00f3 del centre educatiu aprecia la concurr\u00e8ncia de causes que considera justificades (per exemple malaltia o hospitalitzaci\u00f3 perllongada de l\u2019alumne, mort de familiar fins al primer grau, o b\u00e9 per embar\u00e0s de l\u2019alumna). En aquest \u00faltim cas l\u2019alumne\/a pot optar per acceptar la ren\u00fancia de la pla\u00e7a i retornar l\u2019import ingressat, o reservar la pla\u00e7a per al curs seg\u00fcent, sense retornar l\u2019import ingressat, el qual serveix com a pagament del curs seg\u00fcent, en aquest cas no computen les convocat\u00f2ries.<\/li>\n<\/ul>\n<\/li>\n<\/ul>\n<h2><a id=\"apartat6\"><\/a>6. Comunicacions<\/h2>\n<hr class=\"a\" \/>\n<p>Totes les notificacions en relaci\u00f3 amb el proc\u00e9s d\u2019admissi\u00f3 de l\u2019alumne\/a es realitzaran preferentment a trav\u00e9s del correu electr\u00f2nic. L\u2019alumne\/a \u00e9s responsable de la confirmaci\u00f3 de la recepci\u00f3 de les notificacions i de posar en coneixement de l\u2019Institut Guind\u00e0vols qualsevol modificaci\u00f3 de les seves dades exonerant-lo de qualsevol responsabilitat derivada d\u2019aquesta circumst\u00e0ncia.<\/p>\n<p>L\u2019alumne\/a comunicar\u00e0 qualsevol modificaci\u00f3 del correu electr\u00f2nic i tel\u00e8fons de contacte a trav\u00e9s del correu electr\u00f2nic secretaria@institutguinsavols.cat.<\/p>\n<h2><a id=\"apartat7\"><\/a>7. Informaci\u00f3 b\u00e0sica sobre protecci\u00f3 de dades<\/h2>\n<hr class=\"a\" \/>\n<p>L\u2019Institut Guind\u00e0vols recollir\u00e0 dades de l\u2019alumnat i dels seus tutors durant el proc\u00e9s de matr\u00edcula a trav\u00e9s de la documentaci\u00f3 rebuda per correu electr\u00f2nic i a trav\u00e9s de formularis. A continuaci\u00f3 d\u2019adjunta la informaci\u00f3 b\u00e0sica sobre la protecci\u00f3 de dades:<\/p>\n<p>\ud835\udc03\ud835\udc1e\ud835\udc27\ud835\udc28\ud835\udc26\ud835\udc22\ud835\udc27\ud835\udc1a\ud835\udc1c\ud835\udc22\u00f3 \ud835\udc1d\ud835\udc1e\ud835\udc25 \ud835\udc2d\ud835\udc2b\ud835\udc1a\ud835\udc1c\ud835\udc2d\ud835\udc1a\ud835\udc26\ud835\udc1e\ud835\udc27\ud835\udc2d: Alumnat<\/p>\n<p>\ud835\udc11\ud835\udc1e\ud835\udc2c\ud835\udc29\ud835\udc28\ud835\udc27\ud835\udc2c\ud835\udc1a\ud835\udc1b\ud835\udc25\ud835\udc1e \ud835\udc1d\ud835\udc1e\ud835\udc25 \ud835\udc2d\ud835\udc2b\ud835\udc1a\ud835\udc1c\ud835\udc2d\ud835\udc1a\ud835\udc26\ud835\udc1e\ud835\udc27\ud835\udc2d: Direcci\u00f3 de l&#8217;Institut Guind\u00e0vols (C\\ Eugeni d&#8217;Ors, s\/n &#8211; 25196 &#8211; Lleida &#8211;\u00a0 Tel. 973238047)<\/p>\n<p>\ud835\udc05\ud835\udc22\ud835\udc27\ud835\udc1a\ud835\udc25\ud835\udc22\ud835\udc2d\ud835\udc1a\ud835\udc2d: Matr\u00edcula i gesti\u00f3 de l&#8217;acci\u00f3 educativa i orientadora de l&#8217;alumnat al centre. Autoritzaci\u00f3 a la difusi\u00f3 d\u2019imatge\/veu i material elaborat als espais de comunicaci\u00f3 i difusi\u00f3 del centre.<\/p>\n<p>\ud835\udc0b\ud835\udc1e\ud835\udc20\ud835\udc22\ud835\udc2d\ud835\udc22\ud835\udc26\ud835\udc1a\ud835\udc1c\ud835\udc22\u00f3: Missi\u00f3 d&#8217;inter\u00e8s p\u00fablic. Consentiment de l\u2019interessat\/da o de la persona que ostenta la tutoria legal en cas de menors d\u2019edat.<\/p>\n<p>\ud835\udc03\ud835\udc1e\ud835\udc2c\ud835\udc2d\ud835\udc22\ud835\udc27\ud835\udc1a\ud835\udc2d\ud835\udc1a\ud835\udc2b\ud835\udc22\ud835\udc2c: A les administracions i entitats p\u00fabliques que tinguin compet\u00e8ncies en mat\u00e8ria de protecci\u00f3 de menors i adolescents, serveis socials i protecci\u00f3 de la salut. Als ajuntaments per a l\u2019exercici de les seves compet\u00e8ncies en mat\u00e8ria de vigil\u00e0ncia del compliment de l\u2019escolaritzaci\u00f3 obligat\u00f2ria. Als responsables dels aplicatius inform\u00e0tics emprats per a la gesti\u00f3 de l\u2019assist\u00e8ncia i comunicaci\u00f3 amb les fam\u00edlies. No cedirem les vostres dades personals a tercers, llevat estiguem obligats per una llei o vost\u00e8 ens doni el consentiment.<\/p>\n<p>\ud835\udc03\ud835\udc2b\ud835\udc1e\ud835\udc2d\ud835\udc2c: Accedir a les dades, rectificar-les, suprimir-les, oposar-se&#8217;n al tractament i sol\u00b7licitar-ne la limitaci\u00f3.<\/p>\n<p>http:\/\/ensenyament.gencat.cat\/ca\/Detall\/alumnes-centres-departament<\/p>\n<p>\ud835\udc08\ud835\udc27\ud835\udc1f\ud835\udc28\ud835\udc2b\ud835\udc26\ud835\udc1a\ud835\udc1c\ud835\udc22\u00f3 \ud835\udc1a\ud835\udc1d\ud835\udc1d\ud835\udc22\ud835\udc1c\ud835\udc22\ud835\udc28\ud835\udc27\ud835\udc1a\ud835\udc25: Podeu consultar la informaci\u00f3 addicional sobre protecci\u00f3 de dades a la p\u00e0gina web<\/p>\n<p>http:\/\/ensenyament.gencat.cat\/ca\/departament\/proteccio\u2010dades\/informacio\u2010addicional\u2010tractament\/alumnescentresdepartament.html<\/p>\n<p>Les presents condicions generals per a l\u2019admissi\u00f3 de l\u2019alumnat poden ser modificades en qualsevol moment. Cal que siguin comprovades cada cop que s\u2019inicia un proc\u00e9s de matr\u00edcula al centre.<\/p>\n","protected":false},"excerpt":{"rendered":"<p><a href=\"#apartat1\">1. Condicions generals per a la matr\u00edcula<\/a><br \/>\n<a href=\"#apartat2\">2. Preus i impostos<\/a><br \/>\n<a href=\"#apartat3\">3. Convalidacions i exempcions<\/a><br \/>\n<a href=\"#apartat4\">4. Procediment de matr\u00edcula<\/a><br \/>\n<a href=\"#apartat5\">5. Devolucions<\/a><br \/>\n<a href=\"#apartat6\">6. Comunicacions<\/a><br \/>\n<a href=\"#apartat7\">7. Informaci\u00f3 b\u00e0sica sobre protecci\u00f3 de dades<\/a><br \/>\n<a id=\"apartat1\"><\/a>1. Condicions generals<\/p>\n<p>Les presents condicions generals regulen el proc\u00e9s de matr\u00edcula de l\u2019alumnat a&hellip;  <a href=\"https:\/\/agora.xtec.cat\/iesguindavols\/condicions-de-matricula\/\" title=\"Read Condicions de matr\u00edcula\">Llegeix m\u00e9s\u00bb<\/a><\/p>\n","protected":false},"author":1,"featured_media":0,"parent":0,"menu_order":0,"comment_status":"closed","ping_status":"close","template":"","meta":{"_bbp_topic_count":0,"_bbp_reply_count":0,"_bbp_total_topic_count":0,"_bbp_total_reply_count":0,"_bbp_voice_count":0,"_bbp_anonymous_reply_count":0,"_bbp_topic_count_hidden":0,"_bbp_reply_count_hidden":0,"_bbp_forum_subforum_count":0,"footnotes":""},"class_list":["post-69866","page","type-page","status-publish","hentry"],"post_mailing_queue_ids":[],"_links":{"self":[{"href":"https:\/\/agora.xtec.cat\/iesguindavols\/wp-json\/wp\/v2\/pages\/69866","targetHints":{"allow":["GET"]}}],"collection":[{"href":"https:\/\/agora.xtec.cat\/iesguindavols\/wp-json\/wp\/v2\/pages"}],"about":[{"href":"https:\/\/agora.xtec.cat\/iesguindavols\/wp-json\/wp\/v2\/types\/page"}],"author":[{"embeddable":true,"href":"https:\/\/agora.xtec.cat\/iesguindavols\/wp-json\/wp\/v2\/users\/1"}],"replies":[{"embeddable":true,"href":"https:\/\/agora.xtec.cat\/iesguindavols\/wp-json\/wp\/v2\/comments?post=69866"}],"version-history":[{"count":4,"href":"https:\/\/agora.xtec.cat\/iesguindavols\/wp-json\/wp\/v2\/pages\/69866\/revisions"}],"predecessor-version":[{"id":72329,"href":"https:\/\/agora.xtec.cat\/iesguindavols\/wp-json\/wp\/v2\/pages\/69866\/revisions\/72329"}],"wp:attachment":[{"href":"https:\/\/agora.xtec.cat\/iesguindavols\/wp-json\/wp\/v2\/media?parent=69866"}],"curies":[{"name":"wp","href":"https:\/\/api.w.org\/{rel}","templated":true}]}}