{"id":69396,"date":"2024-02-13T02:23:09","date_gmt":"2024-02-13T01:23:09","guid":{"rendered":"https:\/\/agora.xtec.cat\/iesguindavols\/?page_id=69396"},"modified":"2025-10-16T11:35:10","modified_gmt":"2025-10-16T09:35:10","slug":"convalidacions-fp-2025-26","status":"publish","type":"page","link":"https:\/\/agora.xtec.cat\/iesguindavols\/secretaria\/convalidacions\/convalidacions-fp-2025-26\/","title":{"rendered":"Convalidacions FP 2025-26"},"content":{"rendered":"<p style=\"text-align: justify;\"><span style=\"color: #0000ff; font-size: 16pt;\"><strong>\u200b\u200b\u200b\u200b\u200b\u200b\u200b\u200b\u200b\u200b\u200b\u200b\u200b\u200b\u200b\u200b\u200b\u200bA. <\/strong><strong>Informaci\u00f3 general <\/strong><\/span><\/p>\n<p style=\"text-align: justify;\">\u200bLa convalidaci\u00f3 \u00e9s el procediment pel qual es reconeix i dona valor acad\u00e8mic als estudis oficials certificats per l\u2019entitat competent que ho resolgui (centre o DGFP)<\/p>\n<p style=\"text-align: justify;\">Els processos de convalidacions es classifiquen\u00a0segons qui ha de resoldre:<\/p>\n<ul style=\"text-align: justify;\">\n<li><strong>Convalidacions que aplica el centre educatiu<\/strong>: s\u00f3n la majoria, estan establertes en els decrets dels curr\u00edculums i normativa de convalidacions.<\/li>\n<li><strong>Convalidacions<\/strong> <strong>singulars<\/strong>: s\u00f3n totes les que no pugui resoldre el centre (estudis d\u2019FP no previstos en els decrets oficials i les derivades d\u2019estudis universitaris), cal trametre-les a la Direcci\u00f3 General de Formaci\u00f3 Professional\u200b (\u200bDGFP).<\/li>\n<\/ul>\n<p style=\"text-align: justify;\"><span style=\"color: #0000ff; font-size: 16pt;\"><strong>B. Destinataris\u00a0\u00a0<\/strong><\/span><\/p>\n<p style=\"text-align: justify;\">Per poder sol\u00b7licitar una convalidaci\u00f3 singular\u00a0\u00e9s requisit imprescindible estar matriculat\/ada en el cicle formatiu pel qual es demana la convalidaci\u00f3.<\/p>\n<p style=\"text-align: justify;\"><span style=\"color: #0000ff; font-size: 16pt;\"><strong>C. Terminis<\/strong><\/span><\/p>\n<p style=\"text-align: justify;\">\u200bEs pot fer durant el curs, tanmateix, recomanem fer la sol\u00b7licitud abans del mes de novembre per tal que les convalidacions, si s&#8217;accepten, quedin recollides en la 1a avaluaci\u00f3.<\/p>\n<p style=\"text-align: justify;\">Les peticions que es facin a les acaballes del curs no arribaran a temps de resoldre&#8217;s i no es convalidaran en les avaluacions finals del present curs.<\/p>\n<p style=\"text-align: justify;\"><span style=\"color: #0000ff; font-size: 16pt;\"><strong>\u200bD. Q\u00fcestions per\u200b tenir en compte<\/strong><\/span><\/p>\n<p style=\"text-align: justify;\">Els m\u00f2duls professionals i les mat\u00e8ries d&#8217;estudis universitaris oficials que hagin estat pr\u00e8viament convalidats, reconeguts\u00a0o superats per compensaci\u00f3, no podran ser aportats per sol\u00b7licitar la convalidaci\u00f3 d&#8217;altres m\u00f2duls professionals.<\/p>\n<p style=\"text-align: justify;\">El m\u00f2dul professional de <strong>Projecte<\/strong>, en t\u00edtols de grau superior, no \u00e9s objecte de convalidaci\u00f3.<\/p>\n<p>El certificat de qualificacions que aporti l\u2019alumne o alumna\u00a0per acreditar els seus estudis\u00a0ha de ser un certificat de qualificacions oficial expedit pel centre educatiu on s\u2019han cursat els cr\u00e8dits o m\u00f2duls superats corresponents (si es\u00a0presenta\u00a0un cicle LOE \u00e9s imprescindible aportar\u00a0el detall de les unitats formatives aprovades). Tingueu en compte que <strong>els butlletins de notes o informes d\u2019avaluaci\u00f3 no s\u00f3n v\u00e0lids<\/strong>.<\/p>\n<p style=\"text-align: justify;\"><span style=\"font-size: 18pt; color: #0000ff;\"><strong>E. Convalidacions que resol el centre educatiu<\/strong><\/span><\/p>\n<p style=\"text-align: justify;\">\u200bEl centre educatiu pot resoldre les sol\u00b7licituds de convalidacions que ja estan establertes en els decrets que estableixen els curr\u00edculums i normativa de convalidacions.<\/p>\n<p style=\"text-align: justify;\"><u>Les situacions de convalidacions d\u2019aplicaci\u00f3 directa per part del centre s\u00f3n:\u00a0<\/u><\/p>\n<p><strong>1. Convalidacions a partir d\u2019estudis de formaci\u00f3 professional finalitzats o parcialment superats<\/strong><\/p>\n<p style=\"text-align: justify;\">\u200bEn general, es poden convalidar m\u00f2duls professionals i unitats formatives a partir de la normativa publicada (<a href=\"https:\/\/boe.es\/buscar\/doc.php?id=BOE-A-2020-17274\">Reial decret 1085\/2020<\/a>).<\/p>\n<p><strong>2. Convalidacions a partir del programa &#8220;Qualifica&#8217;t&#8221;\u00a0 o del reconeixement acad\u00e8mic dels aprenentatges assolits mitjan\u00e7ant l&#8217;experi\u00e8ncia laboral o en activitats socials.<\/strong><\/p>\n<p><strong>3. Convalidacions de m\u00f2duls professionals pel fet de tenir unitats de compet\u00e8ncia acreditades<\/strong><\/p>\n<p style=\"text-align: justify;\">La unitat de compet\u00e8ncia \u00e9s l\u2019element de transfer\u00e8ncia i reconeixement entre les diferents formacions de la formaci\u00f3 professional.<\/p>\n<p style=\"text-align: justify;\">En els reials decrets i en els decrets o ordres de curr\u00edculum hi ha establerta la relaci\u00f3 de les unitats de compet\u00e8ncia amb els m\u00f2duls professionals\u00a0\u200bde cadascun dels t\u00edtols.<\/p>\n<p style=\"text-align: justify;\">Cal aportar algun dels documents seg\u00fcents:<\/p>\n<ul style=\"text-align: justify;\">\n<li>Certificaci\u00f3 oficial de l&#8217;Administraci\u00f3 competent, si les unitats de compet\u00e8ncia han estat adquirides mitjan\u00e7ant un procediment d&#8217;avaluaci\u00f3 i acreditaci\u00f3 de les compet\u00e8ncies professionals que estableix el <a href=\"https:\/\/boe.es\/buscar\/doc.php?id=BOE-A-2009-13781\">Reial decret 1224\/2009\u200b<\/a>, de 17 de juliol, de reconeixement de les compet\u00e8ncies professionals adquirides per experi\u00e8ncia laboral.<\/li>\n<li>Certificat de professionalitat expedit per l&#8217;Administraci\u00f3 laboral competent, obtingut d&#8217;acord amb el que estableix el <a href=\"https:\/\/boe.es\/buscar\/doc.php?id=BOE-A-2008-1628\">Reial\u00a0decret 34\/2008\u200b<\/a>, de 18 de gener, pel qual es regulen els certificats de professionalitat.<\/li>\n<\/ul>\n<p><strong>4. Convalidacions de les unitats formatives en llengua estrangera<\/strong><\/p>\n<p style=\"text-align: justify;\">El m\u00f2dul professional d&#8217;Angl\u00e8s o Llengua Estrangera, sempre que es tracti de la mateixa llengua, \u00e9s\u00a0objecte de convalidaci\u00f3 amb m\u00f2duls professionals o certificacions acad\u00e8miques oficials de nivell avan\u00e7at B2, per a cicles formatius de grau superior, de nivell intermedi B1 o superior, per a cicles formatius de grau mitj\u00e0, i titulacions universit\u00e0ries oficials en Filologia o Traducci\u00f3 i Interpretaci\u00f3, de la mateixa especialitat que la llengua estrangera que es desitja convalidar.<\/p>\n<p style=\"text-align: justify;\">S\u2019aplica la <a href=\"https:\/\/dogc.gencat.cat\/ca\/document-del-dogc\/?documentId=903200\">Resoluci\u00f3\u00a0EDU\/1714\/2021\u200b<\/a>, de 3 de juny, d&#8217;actualitzaci\u00f3 de t\u00edtols, diplomes i certificats d&#8217;acreditaci\u00f3 de la compet\u00e8ncia en lleng\u00fces estrangeres en l&#8217;\u00e0mbit del Departament d&#8217;Educaci\u00f3, que estableix les equival\u00e8ncies de t\u00edtols.<\/p>\n<p style=\"text-align: justify;\"><strong style=\"color: initial;\">5. Convalidacions relacionades amb els m\u00f2duls d\u2019<\/strong><strong style=\"color: initial;\">Itinerari personal per a l&#8217;ocupabilitat<\/strong><\/p>\n<p>Els\u00a0m\u00f2duls professionals d&#8217;<strong>Itinerari personal per a l&#8217;ocupabilitat I i II<\/strong>\u00a0 es convalidaran amb FOL i EIE provinents de cicles formatius LOE.<\/p>\n<p>Els m\u00f2duls professionals d&#8217;<strong>Itinerari personal per a l&#8217;ocupabilitat I i II<\/strong>, inclosos en els reials decrets que regulen els t\u00edtols de formaci\u00f3 professional LOE, es convalidaran amb independ\u00e8ncia del cicle formatiu de grau mitj\u00e0 o superior a qu\u00e8 pertanyen.<\/p>\n<p><strong style=\"color: initial;\">6. Convalidacions relacionades amb digitalitzaci\u00f3 i sostenibilitat<\/strong><\/p>\n<p><strong>Digitalitzaci\u00f3<\/strong>. A <span style=\"font-size: revert; color: initial;\">GM es pot convalidar el MP 1664 fet a cicles de GM de la mateixa fam\u00edlia.\u00a0 \u00a0A GS el mateix, sols es pot convalidar el MP 1665 fet a cicles de GS de la mateixa fam\u00edlia.<\/span><\/p>\n<p><strong>Sostenibilitat.<\/strong> A GM i GS es pot convalidar el MP 1708 fet a cicles de la mateixa fam\u00edlia (tant GM com GS)<\/p>\n<p><span style=\"font-size: 18pt; color: #0000ff;\"><strong>F. Convalidacions singulars que resol el Departament o el Ministeri<\/strong><\/span><\/p>\n<p>Les sol\u00b7licituds de convalidacions singulars que\u00a0resol\u00a0la Direcci\u00f3 General de Formaci\u00f3 Professional (DGFP) o el Ministeri d\u2019Educaci\u00f3 s\u00f3n:<\/p>\n<ol style=\"text-align: justify;\">\n<li><strong> Convalidacions a partir d\u2019estudis de formaci\u00f3 professional finalitzats o parcialment superats<\/strong><\/li>\n<\/ol>\n<p style=\"text-align: justify;\">Les\u00a0que no estan establertes en els decrets que estableixen els curr\u00edculums i normativa de convalidacions.<\/p>\n<ol style=\"text-align: justify;\" start=\"2\">\n<li><strong> Convalidacions a partir d\u2019estudis universitaris<\/strong><\/li>\n<\/ol>\n<p>Les convalidacions entre estudis universitaris i de formaci\u00f3 professional es podran sol\u00b7licitar quan aquests \u00faltims pertanyin a l&#8217;<strong>espai eur\u200bopeu\u00a0de l&#8217;educaci\u00f3 superior<\/strong>. A m\u00e9s, el nombre de m\u00f2duls professionals dels cicles de grau superior convalidats no podr\u00e0 superar el 60% de la totalitat de cr\u00e8dits ECTS que estableix el Reial decret pel qual s&#8217;estableix el t\u00edtol de t\u00e8cnic o t\u00e8cnica superior i es fixen els aspectes b\u00e0sics del curr\u00edculum, sempre que s&#8217;aportin ensenyaments universitaris que estiguin relacionats amb el camp de coneixement i hi hagi similitud entre les compet\u00e8ncies, coneixements i resultats d&#8217;aprenentatge.<\/p>\n<p>Els reconeixements d&#8217;ECTS a partir d&#8217;estudis universitaris nom\u00e9s es poden aplicar a\u00a0 cr\u00e8dits, unitats formatives i m\u00f2duls professionals de cicles formatius de grau superior.<\/p>\n<p>Les assignatures d&#8217;estudis universitaris oficials que hagin estat pr\u00e8viament convalidades o reconegudes no es poden tornar a convalidar per m\u00f2duls professionals de\u00a0cicles formatius de grau superior.<\/p>\n<p><strong>Per alumnat de FP Inicial matriculat al nou pla d&#8217;estudis\u00a0 o alumnat matriculat a cicles formatius d\u2019Arts pl\u00e0stiques i disseny<\/strong><\/p>\n<ul>\n<li>Cas que es sol\u00b7liciti un m\u00f2dul professional a partir d&#8217;estudis universitaris finalitzats i amb afinitat, d&#8217;acord amb la taula de\u00a0<a href=\"https:\/\/www.boe.es\/diario_boe\/txt.php?id=BOE-A-2023-16889\">l&#8217;annex XI del RD 659\/2023 de 18 de juliol<\/a>, cal indicar, en un informe, en qu\u00e8 es fonamenta la petici\u00f3 de convalidaci\u00f3, \u00e9s a dir, amb quines mat\u00e8ries superades a la universitat es relacionen els m\u00f2duls professionals pels les quals es demana la convalidaci\u00f3. Aquesta sol\u00b7licitud anir\u00e0 dirigida a la DGFP a trav\u00e9s del formulari de sol\u00b7licitud que trobareu a:\u00a0<a href=\"https:\/\/agora.xtec.cat\/iesguindavols\/wp-content\/uploads\/usu2923\/2024\/10\/Sollicitud-de-convalidacio-a-DGFP.pdf\">Convalidacions de cicles de formaci\u00f3 professional inicial i arts pl\u00e0stiques i disseny.\u200b<\/a>\u200b<\/li>\n<li>Cas que es sol\u00b7liciti un m\u00f2dul professional a partir d&#8217;estudis universitaris parcials, no finalitzats, i amb afinitat, d&#8217;acord amb la taula de\u00a0<a href=\"https:\/\/www.boe.es\/diario_boe\/txt.php?id=BOE-A-2023-16889\">l&#8217;annex XI del RD 659\/2023 de 18 de juliol<\/a>, el centre educatiu ha de trametre la sol\u00b7licitud a la Seu electr\u00f2nica del Ministeri d&#8217;Educaci\u00f3, Formaci\u00f3 Professional i Esports.<\/li>\n<\/ul>\n<p><strong>Per alumnat de cicles formatius de FP Inicial matriculat per unitats formatives (antic pla en extinci\u00f3):<\/strong><\/p>\n<p>La sol\u00b7licitud de m\u00f2duls professionals \u200ba partir d&#8217;estudis universitaris, estiguin o no \u00a0finalitzats, es dirigir\u00e0 a la DGFP. Cal tenir en compte que els estudis han de tenir afinitat, d&#8217;acord amb la taula de\u00a0<a href=\"https:\/\/www.boe.es\/diario_boe\/txt.php?id=BOE-A-2023-16889\">l&#8217;annex XI del RD 659\/2023 de 18 de juliol<\/a>, i cal indicar, en un informe, en qu\u00e8 es fonamenta la petici\u00f3 de convalidaci\u00f3, \u00e9s a dir, amb quines mat\u00e8ries superades a la universitat es relacionen els m\u00f2duls professionals pels les quals es demana la convalidaci\u00f3. Aquesta sol\u00b7licitud anir\u00e0 dirigida a la DGFP a trav\u00e9s del seg\u00fcent formulari de sol\u00b7licitud:\u00a0<a href=\"https:\/\/espai.educacio.gencat.cat\/Centres\/Tramits\/Pagines\/Convalidacio-FP.aspx\">Convalidacions d&#8217;unitats formatives de cicles d&#8217;FP en pla d&#8217;extinci\u00f3\u00a0\u200b<\/a><\/p>\n<p style=\"text-align: justify;\"><span style=\"color: #0000ff; font-size: 18pt;\"><strong>G. Documentaci\u00f3 que ha \u200bd&#8217;aportar l\u2019alumnat al centre<\/strong>\u200b<\/span><\/p>\n<h3 style=\"text-align: justify;\"><strong><span style=\"font-size: 14pt; color: #0000ff;\">Sol\u00b7licitud<\/span><\/strong><\/h3>\n<p style=\"text-align: justify;\"><span style=\"font-size: 12pt;\">Heu de descarregar la sol\u00b7licitud que pertoqui, omplir-la i lliurar-la a secretaria adjuntant tota la documentaci\u00f3 justificativa. Si els estudis que voleu justificar s\u2019han cursat al nostre centre no cal adjuntar cap certificat; aix\u00f2 s\u00ed, ho heu d\u2019especificar a la sol\u00b7licitud.<\/span><\/p>\n<p><a href=\"https:\/\/agora.xtec.cat\/iesguindavols\/wp-content\/uploads\/usu2923\/2024\/10\/Sollicitud-de-convalidacio-resol-el-centre-Pla-nou.pdf\">Sol\u00b7licitud de convalidaci\u00f3 resol el centre &#8211; Pla nou<\/a><\/p>\n<p><a style=\"font-size: revert;\" href=\"https:\/\/agora.xtec.cat\/iesguindavols\/wp-content\/uploads\/usu2923\/2024\/10\/Sollicitud-de-convalidacio-a-DGFP.pdf\">Sol\u00b7licitud de convalidaci\u00f3 a DGFP o Ministeri\u00a0<\/a><\/p>\n<h3 style=\"text-align: justify;\"><strong><span style=\"font-size: 14pt; color: #0000ff;\">Documentaci\u00f3 que cal adjuntar<\/span><\/strong><\/h3>\n<p><span style=\"text-decoration: underline;\"><strong>1. Convalidacions per estudis d\u2019FP, programa \u201cQualifica\u2019t\u201d, estudis de llengua estrangera, reconeixement acad\u00e8mic per experi\u00e8ncia laboral o acreditaci\u00f3 d\u2019unitats de compet\u00e8ncia.<\/strong><\/span><\/p>\n<p><strong>Certificat de qualificacions per unitats formatives, cr\u00e8dits o assignatures segons el sup\u00f2sit.<\/strong> El certificat de qualificacions que aporti l\u2019alumne o alumna\u00a0per acreditar els seus estudis\u00a0ha de ser un certificat de qualificacions oficial expedit pel centre educatiu on s\u2019han cursat els cr\u00e8dits o m\u00f2duls superats corresponents (si es\u00a0presenta\u00a0un cicle LOE \u00e9s imprescindible el detall de les unitats formatives aprovades). Tingueu en compte que els butlletins de notes o informes d\u2019avaluaci\u00f3 no s\u00f3n v\u00e0lids.<\/p>\n<p><span style=\"text-decoration: underline;\"><strong>2. Convalidacions a partir d\u2019estudis universitaris<\/strong><\/span><\/p>\n<p style=\"text-align: justify;\">&#8211; \u200bOriginal o c\u00f2pia simple dels programes oficials de les mat\u00e8ries o assignatures cursades, degudament segellats pel centre universitari corresponent (pla d\u2019estudis universitari).<\/p>\n<p style=\"text-align: justify;\">&#8211; Certificat acad\u00e8mic de qualificacions oficial expedit per la universitat on constin les mat\u00e8ries cursades i superades per l&#8217;alumne o alumna.\u00a0\u200b\u200b<\/p>\n<p><u>Per alumnat matriculat al nou pla d&#8217;estudis:<\/u><\/p>\n<ul>\n<li>Cas que es sol\u00b7liciti un m\u00f2dul professional a partir d&#8217;estudis universitaris finalitzats i amb afinitat, d&#8217;acord amb la taula de\u00a0<a href=\"https:\/\/www.boe.es\/diario_boe\/txt.php?id=BOE-A-2023-16889\">l&#8217;annex XI del RD 659\/2023 de 18 de juliol<\/a>, cal indicar, en un informe, en qu\u00e8 es fonamenta la petici\u00f3 de convalidaci\u00f3, \u00e9s a dir, amb quines mat\u00e8ries superades a la universitat es relacionen els m\u00f2duls professionals pels les quals es demana la convalidaci\u00f3.<\/li>\n<li>Cas que es sol\u00b7liciti un m\u00f2dul professional a partir d&#8217;estudis universitaris parcials, no finalitzats, i amb afinitat, d&#8217;acord amb la taula de\u00a0<a href=\"https:\/\/www.boe.es\/diario_boe\/txt.php?id=BOE-A-2023-16889\">l&#8217;annex XI del RD 659\/2023 de 18 de juliol<\/a>, el centre educatiu ha de trametre la sol\u00b7licitud a la Seu electr\u00f2nica del Ministeri d&#8217;Educaci\u00f3, Formaci\u00f3 Professional i Esports:\u00a0<a href=\"https:\/\/www.educacionfpydeportes.gob.es\/servicios-al-ciudadano\/catalogo\/general\/05\/050210\/ficha\/050210-centros.html\">Convalidaciones de estudios nacionales con estudios de Formaci\u00f3n Profesional del Sistema Educativo (Exclusivo para centros educativos p\u00fablicos y para centros privados autorizados. Convocatoria Permanente)<\/a>.<\/li>\n<\/ul>\n<p style=\"text-align: justify;\"><span style=\"font-size: 18pt; color: #0000ff;\"><strong>H. Taules per saber les convalidacions que es poden sol\u00b7licitar\u00a0<\/strong><\/span><\/p>\n<p style=\"text-align: justify;\">Es presenten per als diferents cicles que fem al centre. S\u2019hi indiquen quines unitats formatives o cr\u00e8dits es poden convalidar a partir d\u2019un cicle formatiu finalitzat i qui resol la convalidaci\u00f3\u00a0segons el que hi consti:<\/p>\n<ul style=\"text-align: justify;\">\n<li><strong>C<\/strong>: el centre resol la convalidaci\u00f3.<\/li>\n<li><strong>D<\/strong>: \u00e9s una convalidaci\u00f3 singular i la resol la DGFP.<\/li>\n<li><strong>ND<\/strong>: denegada per la DGPF .<\/li>\n<li><strong>R<\/strong>: indica\u00a0que \u00e9s un reconeixement de la mateixa qualificaci\u00f3 obtinguda perqu\u00e8 es tracta de m\u00f2duls professionals o unitats formatives comunes a diferents cicles formatius.<\/li>\n<li>En <strong>blanc o estudis que no apareixen<\/strong> a la taula: no existeix normativa ni precedent.\u00a0Per tant, cal tractar-la com una convalidaci\u00f3 singular:\u00a0cal aportar estudis reglats (com per exemple, estudis universitaris).<\/li>\n<\/ul>\n<p>L&#8217;alumnat que tingui acreditada oficialment\u00a0algun est\u00e0ndard de compet\u00e8ncia que formi part del Cat\u00e0leg nacional de qualificacions\u00a0professionals podr\u00e0 sol\u00b7licitar la convalidaci\u00f3 dels m\u00f2duls professionals corresponents que s&#8217;estableixen\u00a0en la norma que regula cada t\u00edtol.\u00a0Es poden consultar els certificats de professionalitat, els est\u00e0ndards de compet\u00e8ncia\u00a0que el componen i el nivell de qualificaci\u00f3 professional al web del Servei P\u00fablic\u00a0d&#8217;Ocupaci\u00f3 Estatal.<\/p>\n<p>La convalidaci\u00f3 a partir <strong>d&#8217;unitats de compet\u00e8ncia <\/strong>quedar\u00e0 registrada en tots els documents d&#8217;avaluaci\u00f3 com a\u00a0<strong>\u201cConvalidat\u201d i computar\u00e0 com un 5,\u00a0 a efectes de nota mitjana <\/strong>de la nova formaci\u00f3.<\/p>\n<p>La <strong>resta de &#8220;CV&#8221;<\/strong> que trobareu a les taules orientatives, es registren en tots els documents d&#8217;avaluaci\u00f3 com a <strong>&#8220;Convalidat&#8221; i no computaran a efectes de la nota mitjana<\/strong> de la nova formaci\u00f3.<\/p>\n<p><a href=\"https:\/\/agora.xtec.cat\/iesguindavols\/wp-content\/uploads\/usu2923\/2025\/10\/Digitalitzacio_i_sostenibilitat_plau_nou.pdf\"><span style=\"background-color: #ffff00;\"><strong>IPO1\/IPO2 &#8211; Digitalitzaci\u00f3 &#8211; Sostenibilitat (nou pla d&#8217;estudis LOE)<\/strong><\/span><\/a><\/p>\n<p><span style=\"color: #800000; font-size: 14pt;\"><strong>Fabricaci\u00f3 mec\u00e0nica<\/strong><\/span><\/p>\n<p><a href=\"https:\/\/agora.xtec.cat\/iesguindavols\/wp-content\/uploads\/usu2923\/2025\/10\/FM20-CFGM-Mecanitzacio_2425_noupla.pdf\">FM20 &#8211; CFGM Mecanitzaci\u00f3_24_25 -Pla nou<\/a><\/p>\n<p><a href=\"https:\/\/agora.xtec.cat\/iesguindavols\/wp-content\/uploads\/usu2923\/2024\/10\/FMB0-CFGS-Programacio-de-la-produccio-en-fabricacio-mecanica_2425_noupla.pdf\">FMB0 &#8211; CFGS Programaci\u00f3 de la producci\u00f3 en fabricaci\u00f3 mec\u00e0nica_24_25 -Pla nou<\/a><\/p>\n<p><span style=\"color: #800000; font-size: 14pt;\"><strong>Instal\u00b7laci\u00f3 i Manteniment<\/strong><\/span><\/p>\n<p><a href=\"https:\/\/agora.xtec.cat\/iesguindavols\/wp-content\/uploads\/usu2923\/2024\/10\/IM10-CFGM-Manteniment-electromecanic_2425_noupla.pdf\">IM10 &#8211; CFGM Manteniment electromec\u00e0nic_24_25 -Pla nou<\/a><\/p>\n<p><a href=\"https:\/\/agora.xtec.cat\/iesguindavols\/wp-content\/uploads\/usu2923\/2024\/10\/IM20-CFGM-Installacions-de-produccio-de-calor_2425_noupla.pdf\">IM20 &#8211; CFGM Instal\u00b7lacions de producci\u00f3 de calor_24_25 -Pla nou<\/a><\/p>\n<p><a href=\"https:\/\/agora.xtec.cat\/iesguindavols\/wp-content\/uploads\/usu2923\/2024\/10\/IM30-CFGM-Installacions-frigorifiques-i-de-climatitzacio_2425_noupla.pdf\">IM30 &#8211; CFGM Instal\u00b7lacions frigor\u00edfiques i de climatitzaci\u00f3_24_25 -Pla nou<\/a><\/p>\n<p><a href=\"https:\/\/agora.xtec.cat\/iesguindavols\/wp-content\/uploads\/usu2923\/2024\/10\/IMA0-CFGS-Manteniment-dinstallacions-termiques-i-de-fluids_2425_noupla.pdf\">IMA0 &#8211; CFGS Manteniment d\u2019instal\u00b7lacions t\u00e8rmiques i de fluids_24_25 -Pla nou<\/a><\/p>\n<p><span style=\"color: #800000; font-size: 14pt;\"><strong>T\u00e8xtil, confecci\u00f3 i pell<\/strong><\/span><\/p>\n<p><a href=\"https:\/\/agora.xtec.cat\/iesguindavols\/wp-content\/uploads\/usu2923\/2024\/10\/TX50-CFGM-Confeccio-i-moda_2425_noupla.pdf\">TX50 &#8211; CFGM Confecci\u00f3 i moda_24_25 -Pla nou<\/a><\/p>\n<p><a href=\"https:\/\/agora.xtec.cat\/iesguindavols\/wp-content\/uploads\/usu2923\/2024\/10\/TXE0-CFGS-Patronatge-i-moda_2425_noupla.pdf\">TXE0 &#8211; CFGS Patronatge i moda_24_25 -Pla nou<\/a><\/p>\n<p><a href=\"https:\/\/agora.xtec.cat\/iesguindavols\/wp-content\/uploads\/usu2923\/2024\/10\/TXB0-CFGS-Vestuari-a-mida-i-despectacles_2425_noupla.pdf\">TXB0 &#8211; CFGS Vestuari a mida i despectacles_24_25 -Pla nou<\/a><\/p>\n","protected":false},"excerpt":{"rendered":"<p>\u200b\u200b\u200b\u200b\u200b\u200b\u200b\u200b\u200b\u200b\u200b\u200b\u200b\u200b\u200b\u200b\u200b\u200bA. Informaci\u00f3 general<br \/>\n\u200bLa convalidaci\u00f3 \u00e9s el procediment pel qual es reconeix i dona valor acad\u00e8mic als estudis oficials certificats per l\u2019entitat competent que ho resolgui (centre o DGFP)<br \/>\nEls processos de convalidacions es classifiquen\u00a0segons qui ha de resoldre:<\/p>\n<ul style=\"text-align: justify;\">\n<li>Convalidacions que aplica el centre educatiu:&hellip;  <a href=\"https:\/\/agora.xtec.cat\/iesguindavols\/secretaria\/convalidacions\/convalidacions-fp-2025-26\/\" title=\"Read Convalidacions FP 2025-26\">Llegeix m\u00e9s\u00bb<\/a><br \/>\n","protected":false},"author":8,"featured_media":0,"parent":69398,"menu_order":0,"comment_status":"closed","ping_status":"closed","template":"","meta":{"_bbp_topic_count":0,"_bbp_reply_count":0,"_bbp_total_topic_count":0,"_bbp_total_reply_count":0,"_bbp_voice_count":0,"_bbp_anonymous_reply_count":0,"_bbp_topic_count_hidden":0,"_bbp_reply_count_hidden":0,"_bbp_forum_subforum_count":0,"footnotes":""},"class_list":["post-69396","page","type-page","status-publish","hentry"],"post_mailing_queue_ids":[],"_links":{"self":[{"href":"https:\/\/agora.xtec.cat\/iesguindavols\/wp-json\/wp\/v2\/pages\/69396","targetHints":{"allow":["GET"]}}],"collection":[{"href":"https:\/\/agora.xtec.cat\/iesguindavols\/wp-json\/wp\/v2\/pages"}],"about":[{"href":"https:\/\/agora.xtec.cat\/iesguindavols\/wp-json\/wp\/v2\/types\/page"}],"author":[{"embeddable":true,"href":"https:\/\/agora.xtec.cat\/iesguindavols\/wp-json\/wp\/v2\/users\/8"}],"replies":[{"embeddable":true,"href":"https:\/\/agora.xtec.cat\/iesguindavols\/wp-json\/wp\/v2\/comments?post=69396"}],"version-history":[{"count":6,"href":"https:\/\/agora.xtec.cat\/iesguindavols\/wp-json\/wp\/v2\/pages\/69396\/revisions"}],"predecessor-version":[{"id":72662,"href":"https:\/\/agora.xtec.cat\/iesguindavols\/wp-json\/wp\/v2\/pages\/69396\/revisions\/72662"}],"up":[{"embeddable":true,"href":"https:\/\/agora.xtec.cat\/iesguindavols\/wp-json\/wp\/v2\/pages\/69398"}],"wp:attachment":[{"href":"https:\/\/agora.xtec.cat\/iesguindavols\/wp-json\/wp\/v2\/media?parent=69396"}],"curies":[{"name":"wp","href":"https:\/\/api.w.org\/{rel}","templated":true}]}}