{"id":67271,"date":"2023-05-10T14:31:04","date_gmt":"2023-05-10T12:31:04","guid":{"rendered":"https:\/\/agora.xtec.cat\/iesguindavols\/?page_id=67271"},"modified":"2024-01-24T20:25:22","modified_gmt":"2024-01-24T19:25:22","slug":"continguts","status":"publish","type":"page","link":"https:\/\/agora.xtec.cat\/iesguindavols\/continguts\/","title":{"rendered":"Continguts"},"content":{"rendered":"<h5>EL NOSTRE CURR\u00cdCULUM<\/h5>\n<table class=\" aligncenter\" style=\"width: 100%; border-collapse: collapse;\">\n<tbody>\n<tr>\n<td style=\"width: 25%;\"><img decoding=\"async\" src=\"https:\/\/agora.xtec.cat\/iesguindavols\/wp-content\/uploads\/usu2923\/2023\/05\/Captura-de-pantalla-2023-05-10-142800.png\" \/><\/td>\n<td style=\"width: 25%;\"><img decoding=\"async\" src=\"https:\/\/agora.xtec.cat\/iesguindavols\/wp-content\/uploads\/usu2923\/2023\/05\/Captura-de-pantalla-2023-05-10-142907.png\" \/><\/td>\n<td style=\"width: 25%;\"><img decoding=\"async\" src=\"https:\/\/agora.xtec.cat\/iesguindavols\/wp-content\/uploads\/usu2923\/2023\/05\/Captura-de-pantalla-2023-05-10-142925.png\" \/><\/td>\n<td style=\"width: 25%;\"><img decoding=\"async\" src=\"https:\/\/agora.xtec.cat\/iesguindavols\/wp-content\/uploads\/usu2923\/2023\/05\/Captura-de-pantalla-2023-05-10-142956.png\" \/><\/td>\n<\/tr>\n<tr>\n<td style=\"width: 25%; vertical-align: top;\">\n<h6>ASSOLIMENT COMPET\u00c8NCIES<\/h6>\n<p>En l\u2019aplicaci\u00f3 del nou Decret dels ensenyaments de l\u2019educaci\u00f3 b\u00e0sica. L\u2019institut Guind\u00e0vols est\u00e0 comprom\u00e8s en que tot l\u2019alumnat pugui assolir les compet\u00e8ncies clau:<\/p>\n<p>Compet\u00e8ncia en comunicaci\u00f3 ling\u00fc\u00edstica.<\/p>\n<p>Compet\u00e8ncia pluriling\u00fce.<\/p>\n<p>Compet\u00e8ncia matem\u00e0tica i compet\u00e8ncia en ci\u00e8ncia, tecnologia i enginyeria.<\/p>\n<p>Compet\u00e8ncia digital.<\/p>\n<p>Compet\u00e8ncia personal, social i d\u2019aprendre a aprendre.<\/p>\n<p>Compet\u00e8ncia ciutadana.<\/p>\n<p>Compet\u00e8ncia emprenedora.<\/p>\n<p>Compet\u00e8ncia en consci\u00e8ncia i expressi\u00f3 culturals.<\/td>\n<td style=\"width: 25%;\">\n<h6>PROJECTES INTERDISCIPLINARIS<\/h6>\n<p>L\u2019equip de l\u2019institut\u00a0<span class=\"hiddenSpellError\">Guind\u00e0vols<\/span>, veu una oportunitat el fet que amb el nou curr\u00edculum, es pugui disposar d\u2019una franja hor\u00e0ria de quatre hores, per a desenvolupar projectes propis de centre. Abastint totes les compet\u00e8ncies.<\/p>\n<p>La l\u00ednia pedag\u00f2gica d\u2019aquestes quatre hores per cada curs es basa en els seg\u00fcents punts:<\/p>\n<p>A primer d\u2019ESO es fan un seguit de projectes que abasten les mat\u00e8ries de, ci\u00e8ncia, tecnologia, arts i ci\u00e8ncies socials.<\/p>\n<p>A segon d\u2019ESO el curs vinent durem a terme projectes relacionats amb les lleng\u00fces i la comunicaci\u00f3.<\/p>\n<p>A tercer d\u2019ESO, es duen a terme projectes STEAM, on se cerca l\u2019inter\u00e8s de l\u2019alumnat en matem\u00e0tiques, ci\u00e8ncia, tecnologia i enginyeria.<\/p>\n<p>A quart d\u2019ESO, l\u2019institut est\u00e0 dins del programa Recerca, Creaci\u00f3 i Servei del Departament d\u2019Educaci\u00f3. On tot l\u2019alumnat durant el curs passa per diferents projectes relacionats amb els \u00e0mbits art\u00edstic-social, comunicatiu i STEAM.\u00a0Aquests\u00a0projectes estan basats en reptes que plantegen diferents entitats i en acabar, es fa un retiment de comptes amb les entitats que ho han plantejat.<\/td>\n<td style=\"width: 25%; vertical-align: top;\">\n<h6>DIVERSIFICACI\u00d3<\/h6>\n<p>La potenciaci\u00f3 de les intel\u00b7lig\u00e8ncies m\u00faltiples es consolida amb el ventall de mat\u00e8ries optatives i activitats lligades al curr\u00edculum.<\/p>\n<p>Des de les mat\u00e8ries optatives s\u2019aprofundeix en una \u00e0rea d\u2019interessos de l\u2019alumnat d\u2019una forma pr\u00e0ctica i din\u00e0mica: teatre, rob\u00f2tica, emprenedoria, inform\u00e0tica, franc\u00e8s.<\/p>\n<p>L\u2019oferta de sortides aprofita totes les oportunitats del nostre entorn per enlla\u00e7ar la viv\u00e8ncia de l\u2019aula amb el m\u00f3n real i actual.<\/td>\n<td style=\"width: 25%; vertical-align: top;\">\n<h6>PROGRAMES EUROPEUS<\/h6>\n<p>Intercanvis amb Hellenstein-Gymnasium\u00a0\u00a0\u00a0\u00a0 Heidenmheim (Alemanya)\u00a0 i III Liceum Ogolnoksztal\u00e7ace , Krakovie (Pol\u00f2nia).<\/p>\n<p>Projectes Europeus Erasmus+ SMART MOBLITY<\/p>\n<p>Ex\u00e0mens DELF, Concurs THE FONIX i BIG CHALLENGE.<\/td>\n<\/tr>\n<\/tbody>\n<\/table>\n","protected":false},"excerpt":{"rendered":"<p>EL NOSTRE CURR\u00cdCULUM<\/p>\n<p>ASSOLIMENT COMPET\u00c8NCIES<br \/>\nEn l\u2019aplicaci\u00f3 del nou Decret dels ensenyaments de l\u2019educaci\u00f3 b\u00e0sica. L\u2019institut Guind\u00e0vols est\u00e0 comprom\u00e8s en que tot l\u2019alumnat pugui assolir les compet\u00e8ncies clau:<br \/>\nCompet\u00e8ncia en comunicaci\u00f3 ling\u00fc\u00edstica.<br \/>\nCompet\u00e8ncia pluriling\u00fce.<br \/>\nCompet\u00e8ncia matem\u00e0tica i compet\u00e8ncia en ci\u00e8ncia, tecnologia i enginyeria.<br \/>\nCompet\u00e8ncia digital.<br \/>\nCompet\u00e8ncia personal, social i d\u2019aprendre a aprendre.<br \/>\nCompet\u00e8ncia&hellip;  <a href=\"https:\/\/agora.xtec.cat\/iesguindavols\/continguts\/\" title=\"Read Continguts\">Llegeix m\u00e9s\u00bb<\/a><\/p>\n","protected":false},"author":6,"featured_media":0,"parent":0,"menu_order":0,"comment_status":"closed","ping_status":"closed","template":"","meta":{"_bbp_topic_count":0,"_bbp_reply_count":0,"_bbp_total_topic_count":0,"_bbp_total_reply_count":0,"_bbp_voice_count":0,"_bbp_anonymous_reply_count":0,"_bbp_topic_count_hidden":0,"_bbp_reply_count_hidden":0,"_bbp_forum_subforum_count":0,"footnotes":""},"class_list":["post-67271","page","type-page","status-publish","hentry"],"post_mailing_queue_ids":[],"_links":{"self":[{"href":"https:\/\/agora.xtec.cat\/iesguindavols\/wp-json\/wp\/v2\/pages\/67271","targetHints":{"allow":["GET"]}}],"collection":[{"href":"https:\/\/agora.xtec.cat\/iesguindavols\/wp-json\/wp\/v2\/pages"}],"about":[{"href":"https:\/\/agora.xtec.cat\/iesguindavols\/wp-json\/wp\/v2\/types\/page"}],"author":[{"embeddable":true,"href":"https:\/\/agora.xtec.cat\/iesguindavols\/wp-json\/wp\/v2\/users\/6"}],"replies":[{"embeddable":true,"href":"https:\/\/agora.xtec.cat\/iesguindavols\/wp-json\/wp\/v2\/comments?post=67271"}],"version-history":[{"count":4,"href":"https:\/\/agora.xtec.cat\/iesguindavols\/wp-json\/wp\/v2\/pages\/67271\/revisions"}],"predecessor-version":[{"id":69127,"href":"https:\/\/agora.xtec.cat\/iesguindavols\/wp-json\/wp\/v2\/pages\/67271\/revisions\/69127"}],"wp:attachment":[{"href":"https:\/\/agora.xtec.cat\/iesguindavols\/wp-json\/wp\/v2\/media?parent=67271"}],"curies":[{"name":"wp","href":"https:\/\/api.w.org\/{rel}","templated":true}]}}