{"id":65818,"date":"2023-03-01T13:07:07","date_gmt":"2023-03-01T12:07:07","guid":{"rendered":"https:\/\/agora.xtec.cat\/iesguindavols\/?page_id=65818"},"modified":"2023-03-31T12:33:59","modified_gmt":"2023-03-31T10:33:59","slug":"pc-esport-a-lescola","status":"publish","type":"page","link":"https:\/\/agora.xtec.cat\/iesguindavols\/pc-esport-a-lescola\/","title":{"rendered":"PC Esport a l&#8217;Escola"},"content":{"rendered":"<p>El nostre centre participa activament en aquest pla d&#8217;\u00e0mbit catal\u00e0 de promoci\u00f3 de l&#8217;esport escolar.<\/p>\n<table style=\"border-collapse: collapse; width: 100%;\">\n<tbody>\n<tr>\n<td style=\"width: 35.76%; border-color: #ffffff; text-align: left; vertical-align: top;\"><a href=\"https:\/\/xtec.gencat.cat\/ca\/comunitat\/esportescola\"><img loading=\"lazy\" decoding=\"async\" class=\"alignnone wp-image-66196\" src=\"https:\/\/agora.xtec.cat\/iesguindavols\/wp-content\/uploads\/usu2923\/2023\/03\/Captura-de-pantalla-2023-03-31-121828.png\" alt=\"\" width=\"210\" height=\"144\" srcset=\"https:\/\/agora.xtec.cat\/iesguindavols\/wp-content\/uploads\/usu2923\/2023\/03\/Captura-de-pantalla-2023-03-31-121828.png 321w, https:\/\/agora.xtec.cat\/iesguindavols\/wp-content\/uploads\/usu2923\/2023\/03\/Captura-de-pantalla-2023-03-31-121828-300x206.png 300w\" sizes=\"auto, (max-width: 210px) 100vw, 210px\" \/><\/a><\/td>\n<td style=\"width: 64.24%; border-color: #ffffff; text-align: left; vertical-align: top;\"><a href=\"https:\/\/esport.gencat.cat\/ca\/inici\/\"><img loading=\"lazy\" decoding=\"async\" class=\"alignnone wp-image-66197\" src=\"https:\/\/agora.xtec.cat\/iesguindavols\/wp-content\/uploads\/usu2923\/2023\/03\/Captura-de-pantalla-2023-03-31-121904.png\" alt=\"\" width=\"200\" height=\"128\" srcset=\"https:\/\/agora.xtec.cat\/iesguindavols\/wp-content\/uploads\/usu2923\/2023\/03\/Captura-de-pantalla-2023-03-31-121904.png 325w, https:\/\/agora.xtec.cat\/iesguindavols\/wp-content\/uploads\/usu2923\/2023\/03\/Captura-de-pantalla-2023-03-31-121904-300x192.png 300w\" sizes=\"auto, (max-width: 200px) 100vw, 200px\" \/><\/a><\/td>\n<\/tr>\n<\/tbody>\n<\/table>\n<p>&nbsp;<\/p>\n<h5><strong>1-La necessitat del Pla en els centres educatius.<\/strong><\/h5>\n<p>El Govern de la Generalitat de Catalunya va creure necess\u00e0ria la impulsi\u00f3 d&#8217;aquest Pla en base a l&#8217;an\u00e0lisi d&#8217;una s\u00e8rie de circumst\u00e0ncies entre les quals podem destacar les seg\u00fcents:<\/p>\n<ul>\n<li>\u00cdndex molt redu\u00eft de participaci\u00f3 de l&#8217;alumnat en l&#8217;esport escolar<\/li>\n<li>Increment dels h\u00e0bits sedentaris i de l&#8217;obesitat, amb una incid\u00e8ncia preocupant en la poblaci\u00f3 infantil i juvenil<\/li>\n<li>Demanda social creixent en mat\u00e8ria de salut i benestar<\/li>\n<\/ul>\n<p><strong>\u00a0<\/strong><\/p>\n<h5><strong>2-Els objectius del Pla<\/strong><\/h5>\n<p>El Pla pret\u00e9n posar a l&#8217;abast de tots els alumnes de prim\u00e0ria i secund\u00e0ria la pr\u00e0ctica d&#8217;activitats f\u00edsiques i esportives, i aprofitar el gran potencial d&#8217;aquestes activitats per contribuir a la formaci\u00f3 personal i c\u00edvica dels nostres infants i joves.<br \/>\nM\u00e9s concretament, podem destacar els objectius seg\u00fcents:<\/p>\n<ul>\n<li>Incrementar la participaci\u00f3 en activitats f\u00edsiques i esportives en horari no lectiu de l&#8217;alumnat dels centres educatius de prim\u00e0ria i de secund\u00e0ria, amb una incid\u00e8ncia especial en el col\u00b7lectiu de noies.<\/li>\n<li>Aprofitar el gran potencial educatiu i formatiu de les activitats f\u00edsiques i esportives, cercant la participaci\u00f3 per damunt de la competitivitat.<\/li>\n<li>Potenciar la funci\u00f3 integradora i de cohesi\u00f3 social de l&#8217;esport escolar, facilitant l&#8217;acc\u00e9s de tots els nens i nenes a la pr\u00e0ctica esportiva escolar, i en especial dels nouvinguts.<\/li>\n<li>Contribuir mitjan\u00e7ant la pr\u00e0ctica esportiva a la formaci\u00f3 en valors com la toler\u00e0ncia, el respecte als altres i a les regles, la confian\u00e7a en un mateix, l&#8217;esfor\u00e7 de superaci\u00f3, l&#8217;autocr\u00edtica, l&#8217;autonomia, la capacitat de decisi\u00f3, l&#8217;autogesti\u00f3, la cooperaci\u00f3, el treball en equip, entre d&#8217;altres.<\/li>\n<li>Fomentar la pr\u00e0ctica regular d&#8217;activitats f\u00edsiques i esportives i l&#8217;adquisici\u00f3 d&#8217;h\u00e0bits saludables que contribueixin a un millor benestar.<\/li>\n<li>Formar joves en els valors ciutadans mitjan\u00e7ant la seva participaci\u00f3 activa en la gesti\u00f3 de les associacions esportives escolars de nova creaci\u00f3.<\/li>\n<\/ul>\n<h2><\/h2>\n<h5><strong>3-Els agents del Pla<\/strong><\/h5>\n<ul>\n<li>El desenvolupament d&#8217;aquest Pla en el territori fa que sigui necess\u00e0ria la intervenci\u00f3 coordinada de diversos agents, entre els quals podem destacar els seg\u00fcents:<\/li>\n<li>Generalitat de Catalunya, mitjan\u00e7ant els Departaments d&#8217;Ensenyament i de la Presid\u00e8ncia (Secretaria General de l&#8217;Esport)<\/li>\n<li>Centres educatius p\u00fablics i concertats<\/li>\n<li>Consells Esportius<\/li>\n<\/ul>\n<h2><\/h2>\n<h5><strong>4-Els punts claus del Pla<\/strong><\/h5>\n<p>El Pla es basa en una s\u00e8rie d&#8217;actuacions entre les quals podem destacar les seg\u00fcents:<\/p>\n<ul>\n<li>Creaci\u00f3 de les Associacions Esportives Escolars i Seccions Esportives Escolars als centres educatius, amb la participaci\u00f3 activa dels alumnes de secund\u00e0ria i de la resta de la comunitat educativa (equip directiu i AMPA), aix\u00ed com d&#8217;exalumnes o d&#8217;altres persones o entitats del barri.<\/li>\n<li>Coordinaci\u00f3 de les activitats, per mitj\u00e0 d&#8217;un professor\/a del centre educatiu, principalment d&#8217;Educaci\u00f3 F\u00edsica (amb incentius com la reducci\u00f3 hor\u00e0ria).<\/li>\n<li>Col\u00b7laboraci\u00f3 entre el centre educatiu, el consell esportiu i l\u2019ajuntament corresponent.<\/li>\n<li>Dinamitzaci\u00f3 per part dels l\u00edders del centre educatiu o del barri.<br \/>\nOferta d&#8217;activitats f\u00edsiques i esportives que responguin als interessos i demandes canviants dels nois i de les noies.<\/li>\n<\/ul>\n<h2><\/h2>\n<h5><strong>5-Inici\/naixement del Pla<\/strong><\/h5>\n<p>Durant el curs 2005-2006 es va portar a terme la fase pilot del Pla en un centenar de centres educatius, incl\u00f2s l\u2019 Institut Guind\u00e0vols , amb el calendari seg\u00fcent:<\/p>\n<ul>\n<li>Selecci\u00f3 dels centres pilot (gener-abril 2005).<\/li>\n<li>Presentaci\u00f3 del Pla Experimental a la premsa, a les diferents entitats implicades i als directors\/es dels centres pilot (maig-juny 2005).<\/li>\n<li>Jornada formativa amb els coordinadors\/es d&#8217;Esport a l&#8217;Escola designats\/des pels directors\/es dels centres pilot (juny 2005).<\/li>\n<li>Enquesta-recopilaci\u00f3 de dades dels centres pilot (juny 2005).<\/li>\n<li>Constituci\u00f3 de les Associacions Esportives Escolars (AEE) als centres pilot (juny-setembre 2005).<br \/>\nFormaci\u00f3 dels dinamitzadors d&#8217;esport a l&#8217;escola (l\u00edders) dels centres pilot (estada del 5 al 9 de setembre).<\/li>\n<li>Realitzaci\u00f3 de les activitats f\u00edsiques i esportives en horari no lectiu, per part de l&#8217;AEE, l&#8217;AMPA o del consell esportiu corresponent (curs escolar 2005\/2006).<\/li>\n<li>Valoraci\u00f3 de la fase pilot (juny-juliol 2006).<\/li>\n<\/ul>\n<h2><\/h2>\n<h5><strong>6-Evoluci\u00f3 del Pla<\/strong><\/h5>\n<p><a href=\"https:\/\/agora.xtec.cat\/iesguindavols\/wp-content\/uploads\/usu2923\/2023\/03\/Captura-de-pantalla-2023-03-31-122412.png\"><img loading=\"lazy\" decoding=\"async\" class=\"alignnone wp-image-66200\" src=\"https:\/\/agora.xtec.cat\/iesguindavols\/wp-content\/uploads\/usu2923\/2023\/03\/Captura-de-pantalla-2023-03-31-122412-1024x592.png\" alt=\"\" width=\"682\" height=\"394\" srcset=\"https:\/\/agora.xtec.cat\/iesguindavols\/wp-content\/uploads\/usu2923\/2023\/03\/Captura-de-pantalla-2023-03-31-122412-1024x592.png 1024w, https:\/\/agora.xtec.cat\/iesguindavols\/wp-content\/uploads\/usu2923\/2023\/03\/Captura-de-pantalla-2023-03-31-122412-300x173.png 300w, https:\/\/agora.xtec.cat\/iesguindavols\/wp-content\/uploads\/usu2923\/2023\/03\/Captura-de-pantalla-2023-03-31-122412-768x444.png 768w, https:\/\/agora.xtec.cat\/iesguindavols\/wp-content\/uploads\/usu2923\/2023\/03\/Captura-de-pantalla-2023-03-31-122412.png 1299w\" sizes=\"auto, (max-width: 682px) 100vw, 682px\" \/><\/a><\/p>\n<h5><strong>7-Requisits per formar part del PCEE<\/strong><\/h5>\n<ul>\n<li>La direcci\u00f3 del centre nomenar\u00e0 un coordinador\/a del PCEE entre el professorat del centre educatiu (preferentment de l\u2019\u00c0rea d\u2019Educaci\u00f3 F\u00edsica).<\/li>\n<li>Disposar d\u2019un Projecte Esportiu de Centre lligat al Projecte Educatiu de Centre i aprovat pel Consell Escolar del Centre. (cal adjuntar-lo a aquesta sol\u00b7licitud).<\/li>\n<li>Tenir constitu\u00efda i inscrita al Registre d\u2019Entitats Esportives de la Generalitat de Catalunya una Associaci\u00f3 Esportiva Escolar (AEE) o b\u00e9 una Secci\u00f3 Esportiva Escolar del AMPA (SEE), nom\u00e9s en el cas d\u2019escoles p\u00fabliques de prim\u00e0ria.<\/li>\n<\/ul>\n<h2><\/h2>\n<h5><strong>8-Drets<\/strong><\/h5>\n<ul>\n<li>Assessorament per part de personal de la Secretaria General de l\u2019Esport i del Departament d\u2019Ensenyament, i de les seves respectives Representacions i Serveis Territorials.<\/li>\n<li>Integraci\u00f3 en el Sistema d\u2019Indicadors de Qualitat de l\u2019Esport Escolar, que s\u2019actualitza peri\u00f2dicament, sempre que es proporcionin les dades requerides a tal efecte mitjan\u00e7ant els informes \u2013 mem\u00f2ria.<\/li>\n<li>Participaci\u00f3 del coordinador\/a del PCEE en els cursos i seminaris de formaci\u00f3 que organitzin el Consell catal\u00e0 de l\u2019esport, el Departament d\u2019Ensenyament i el consell esportiu corresponent, cursos que podran ser subvencionats parcialment en funci\u00f3 de les disponibilitats pressupost\u00e0ries, i reconeguts pel Departament d\u2019Ensenyament.<\/li>\n<li>Participaci\u00f3 dels dinamitzadors\/es, t\u00e8cnics\/ques, entrenadors\/es, monitors\/es, \u00e0rbitres, etc., en els cursos de formaci\u00f3 que organitzin el Consell Catal\u00e0 de l\u2019Esport i\/o pel consell esportiu corresponent, cursos que podran ser subvencionats parcialment en funci\u00f3 de les disponibilitats pressupost\u00e0ries.<\/li>\n<li>Participaci\u00f3 de l\u2019alumnat en les activitats f\u00edsico-esportives que organitzin el Consell catal\u00e0 de l\u2019esport i\/o el consell esportiu corresponent, que podran ser subvencionades parcialment en funci\u00f3 de les disponibilitats pressupost\u00e0ries.<\/li>\n<li>Rebre informaci\u00f3 directa dels programes de promoci\u00f3 de l\u2019activitat f\u00edsica en edat escolar i dels h\u00e0bits saludables que es portin a terme des del Consell Catal\u00e0 de l\u2019Esport o des d\u2019altres departaments de la Generalitat de Catalunya.<\/li>\n<li>Rebre informaci\u00f3 sobre les ajudes p\u00fabliques en l\u2019\u00e0mbit de l\u2019esport escolar, per facilitar el desenvolupament de les activitats esportives extraescolars als centres educatius tant de prim\u00e0ria com de secund\u00e0ria, i assessorament per part de les Representacions Territorials de l\u2019Esport, dels Consells Esportius i dels comissionats\/es del Departament d\u2019Ensenyament a l\u2019hora de fer els tr\u00e0mits necessaris.<\/li>\n<\/ul>\n<h2><\/h2>\n<h5><strong>9-Enlla\u00e7os a les entitats del PCEE.<\/strong><\/h5>\n<p>&nbsp;<\/p>\n<table style=\"border-collapse: collapse; width: 100%;\">\n<tbody>\n<tr>\n<td style=\"width: 33.3333%; background-color: #ffffff; border-color: #ffffff; text-align: center;\"><a href=\"https:\/\/cesegria.cat\/\"><img loading=\"lazy\" decoding=\"async\" class=\"alignnone  wp-image-66202\" src=\"https:\/\/agora.xtec.cat\/iesguindavols\/wp-content\/uploads\/usu2923\/2023\/03\/Captura-de-pantalla-2023-03-31-122657.png\" alt=\"\" width=\"117\" height=\"91\" srcset=\"https:\/\/agora.xtec.cat\/iesguindavols\/wp-content\/uploads\/usu2923\/2023\/03\/Captura-de-pantalla-2023-03-31-122657.png 307w, https:\/\/agora.xtec.cat\/iesguindavols\/wp-content\/uploads\/usu2923\/2023\/03\/Captura-de-pantalla-2023-03-31-122657-300x233.png 300w\" sizes=\"auto, (max-width: 117px) 100vw, 117px\" \/><\/a><\/td>\n<td style=\"width: 33.3333%; background-color: #ffffff; border-color: #ffffff; text-align: center;\"><a href=\"https:\/\/esport.gencat.cat\/ca\/inici\/\"><img loading=\"lazy\" decoding=\"async\" class=\"alignnone  wp-image-66197\" src=\"https:\/\/agora.xtec.cat\/iesguindavols\/wp-content\/uploads\/usu2923\/2023\/03\/Captura-de-pantalla-2023-03-31-121904.png\" alt=\"\" width=\"123\" height=\"78\" srcset=\"https:\/\/agora.xtec.cat\/iesguindavols\/wp-content\/uploads\/usu2923\/2023\/03\/Captura-de-pantalla-2023-03-31-121904.png 325w, https:\/\/agora.xtec.cat\/iesguindavols\/wp-content\/uploads\/usu2923\/2023\/03\/Captura-de-pantalla-2023-03-31-121904-300x192.png 300w\" sizes=\"auto, (max-width: 123px) 100vw, 123px\" \/><\/a><\/td>\n<td style=\"width: 33.3333%; background-color: #ffffff; border-color: #ffffff; text-align: center;\"><a href=\"https:\/\/blocs.xtec.cat\/seminarieflleida\/activitats-pcee\/\"><img loading=\"lazy\" decoding=\"async\" class=\"alignnone  wp-image-66203\" src=\"https:\/\/agora.xtec.cat\/iesguindavols\/wp-content\/uploads\/usu2923\/2023\/03\/Captura-de-pantalla-2023-03-31-122721.png\" alt=\"\" width=\"100\" height=\"96\" \/><\/a><\/td>\n<\/tr>\n<tr>\n<td style=\"width: 33.3333%; background-color: #ffffff; border-color: #ffffff; text-align: center;\"><strong>Consell Esportiu del Segri\u00e0<\/strong><\/td>\n<td style=\"width: 33.3333%; background-color: #ffffff; border-color: #ffffff; text-align: center;\"><strong>Secretaria General de l&#8217;Esport<\/strong><\/td>\n<td style=\"width: 33.3333%; background-color: #ffffff; border-color: #ffffff; text-align: center;\"><strong>Blog del PCEE de Guind\u00e0vols<\/strong><\/td>\n<\/tr>\n<\/tbody>\n<\/table>\n","protected":false},"excerpt":{"rendered":"<p>El nostre centre participa activament en aquest pla d&#8217;\u00e0mbit catal\u00e0 de promoci\u00f3 de l&#8217;esport escolar.<\/p>\n<p><a href=\"https:\/\/xtec.gencat.cat\/ca\/comunitat\/esportescola\"><\/a><br \/>\n<a href=\"https:\/\/esport.gencat.cat\/ca\/inici\/\"><\/a><\/p>\n<p>&nbsp;<br \/>\n1-La necessitat del Pla en els centres educatius.<br \/>\nEl Govern de la Generalitat de Catalunya va creure necess\u00e0ria la impulsi\u00f3 d&#8217;aquest Pla en base a l&#8217;an\u00e0lisi d&#8217;una s\u00e8rie de circumst\u00e0ncies&hellip;  <a href=\"https:\/\/agora.xtec.cat\/iesguindavols\/pc-esport-a-lescola\/\" title=\"Read PC Esport a l&#8217;Escola\">Llegeix m\u00e9s\u00bb<\/a><\/p>\n","protected":false},"author":6,"featured_media":0,"parent":0,"menu_order":0,"comment_status":"closed","ping_status":"closed","template":"","meta":{"_bbp_topic_count":0,"_bbp_reply_count":0,"_bbp_total_topic_count":0,"_bbp_total_reply_count":0,"_bbp_voice_count":0,"_bbp_anonymous_reply_count":0,"_bbp_topic_count_hidden":0,"_bbp_reply_count_hidden":0,"_bbp_forum_subforum_count":0,"footnotes":""},"class_list":["post-65818","page","type-page","status-publish","hentry"],"post_mailing_queue_ids":[],"_links":{"self":[{"href":"https:\/\/agora.xtec.cat\/iesguindavols\/wp-json\/wp\/v2\/pages\/65818","targetHints":{"allow":["GET"]}}],"collection":[{"href":"https:\/\/agora.xtec.cat\/iesguindavols\/wp-json\/wp\/v2\/pages"}],"about":[{"href":"https:\/\/agora.xtec.cat\/iesguindavols\/wp-json\/wp\/v2\/types\/page"}],"author":[{"embeddable":true,"href":"https:\/\/agora.xtec.cat\/iesguindavols\/wp-json\/wp\/v2\/users\/6"}],"replies":[{"embeddable":true,"href":"https:\/\/agora.xtec.cat\/iesguindavols\/wp-json\/wp\/v2\/comments?post=65818"}],"version-history":[{"count":3,"href":"https:\/\/agora.xtec.cat\/iesguindavols\/wp-json\/wp\/v2\/pages\/65818\/revisions"}],"predecessor-version":[{"id":66204,"href":"https:\/\/agora.xtec.cat\/iesguindavols\/wp-json\/wp\/v2\/pages\/65818\/revisions\/66204"}],"wp:attachment":[{"href":"https:\/\/agora.xtec.cat\/iesguindavols\/wp-json\/wp\/v2\/media?parent=65818"}],"curies":[{"name":"wp","href":"https:\/\/api.w.org\/{rel}","templated":true}]}}