{"id":65816,"date":"2023-03-01T13:07:07","date_gmt":"2023-03-01T12:07:07","guid":{"rendered":"https:\/\/agora.xtec.cat\/iesguindavols\/?page_id=65816"},"modified":"2023-04-12T13:15:48","modified_gmt":"2023-04-12T11:15:48","slug":"learn-aprendre-learnen","status":"publish","type":"page","link":"https:\/\/agora.xtec.cat\/iesguindavols\/learn-aprendre-learnen\/","title":{"rendered":"Learn-Aprendre-Learnen"},"content":{"rendered":"<p>Coneix el nostre Pla Integral per al foment de les Lleng\u00fces Estrangeres.<\/p>\n<table style=\"border-collapse: collapse; width: 100%;\">\n<tbody>\n<tr>\n<td style=\"width: 48.5333%; border-color: #ffffff;\"><a href=\"https:\/\/agora.xtec.cat\/iesguindavols\/wp-content\/uploads\/usu2923\/2023\/03\/Captura-de-pantalla-2023-03-24-094103.png\"><img loading=\"lazy\" decoding=\"async\" class=\"alignnone size-large wp-image-66039\" src=\"https:\/\/agora.xtec.cat\/iesguindavols\/wp-content\/uploads\/usu2923\/2023\/03\/Captura-de-pantalla-2023-03-24-094103.png\" alt=\"\" width=\"606\" height=\"165\" srcset=\"https:\/\/agora.xtec.cat\/iesguindavols\/wp-content\/uploads\/usu2923\/2023\/03\/Captura-de-pantalla-2023-03-24-094103.png 606w, https:\/\/agora.xtec.cat\/iesguindavols\/wp-content\/uploads\/usu2923\/2023\/03\/Captura-de-pantalla-2023-03-24-094103-300x82.png 300w\" sizes=\"auto, (max-width: 606px) 100vw, 606px\" \/><\/a><\/td>\n<td style=\"width: 24.6933%; border-color: #ffffff;\"><a href=\"https:\/\/agora.xtec.cat\/iesguindavols\/wp-content\/uploads\/usu2923\/2023\/03\/ECHE-2014-2020.pdf\"><img loading=\"lazy\" decoding=\"async\" class=\" wp-image-66037 alignright\" src=\"https:\/\/agora.xtec.cat\/iesguindavols\/wp-content\/uploads\/usu2923\/2023\/03\/Captura-de-pantalla-2023-03-24-093939.png\" alt=\"\" width=\"130\" height=\"133\" \/><\/a><\/td>\n<td style=\"width: 26.7733%; border-color: #ffffff;\"><a href=\"https:\/\/erasmus-plus.ec.europa.eu\/es\"><img loading=\"lazy\" decoding=\"async\" class=\"wp-image-66038 alignleft\" src=\"https:\/\/agora.xtec.cat\/iesguindavols\/wp-content\/uploads\/usu2923\/2023\/03\/Captura-de-pantalla-2023-03-24-094041.png\" alt=\"\" width=\"140\" height=\"139\" srcset=\"https:\/\/agora.xtec.cat\/iesguindavols\/wp-content\/uploads\/usu2923\/2023\/03\/Captura-de-pantalla-2023-03-24-094041.png 156w, https:\/\/agora.xtec.cat\/iesguindavols\/wp-content\/uploads\/usu2923\/2023\/03\/Captura-de-pantalla-2023-03-24-094041-150x150.png 150w\" sizes=\"auto, (max-width: 140px) 100vw, 140px\" \/><\/a><\/td>\n<\/tr>\n<\/tbody>\n<\/table>\n<p>&nbsp;<\/p>\n<h3>PLA INTEGRAL PER AL FOMENT DE LES LLENG\u00dcES ESTRANGERES<\/h3>\n<h6><\/h6>\n<p>Departament de Lleng\u00fces Estrangeres<\/p>\n<table style=\"border-collapse: collapse; width: 100%;\">\n<tbody>\n<tr>\n<td style=\"width: 50%; border-color: #ffffff;\">El\u00a0 Consell d\u2019Europa en el document \u201cMarc Europeu Com\u00fa de refer\u00e8ncia per a les lleng\u00fces: aprendre, ensenyar i avaluar\u201d descriu d\u2019una manera clara les compet\u00e8ncies que els usuaris d\u2019una llengua desenvolupen en unci\u00f3 dels seus prop\u00f2sits.<\/p>\n<p>En el curr\u00edculum de\u00a0<strong>lleng\u00fces estrangeres<\/strong>\u00a0a l\u2019Educaci\u00f3 Secund\u00e0ria Obligat\u00f2ria i al Batxillerat s\u2019ha organitzat tenint en compte les recomanacions del document del Consell d\u2019Europa que parteix d\u2019un enfocament orientat en l\u2019\u00fas de la llengua, que n\u2019inclou l\u2019aprenentatge, mitjan\u00e7ant accions- \u00e9s a dir- activitats ling\u00fc\u00edstiques com la producci\u00f3, recepci\u00f3 i interacci\u00f3 oral i escrita amb temes i en \u00e0mbits que s\u00f3n propers a l\u2019entorn dels nostre alumnat i amb l\u2019objectiu que l\u2019alumnat assoleixi la compet\u00e8ncia ling\u00fc\u00edstica b\u00e0sica indispensable per a continuar i ampliar els aprenentatges en el seu\u00a0 futur acad\u00e8mic o professional.<\/p>\n<p>A l\u2019Institut<strong>\u00a0Guind\u00e0vols\u00a0 la primera llengua estrangera \u00e9s l\u2019angl\u00e8s.\u00a0<\/strong>Per\u00f2 s\u2019ofereix la possibilitat de cursar una segona llengua-<strong>\u00a0alemany o franc\u00e8s durant tota l\u2019etapa de l\u2019ESO i Batxillerat.<\/strong><\/p>\n<p>En les diferents etapes s\u2019organitzen activitats d\u2019ampliaci\u00f3 i refor\u00e7 de l\u2019 aprenentatge per tal d\u2019atendre les diferents necessitats educatives del nostre alumnat aix\u00ed com diversos \u00a0projectes.<\/td>\n<td style=\"width: 50%; border-color: #ffffff;\">Participem en:<\/p>\n<ol>\n<li style=\"list-style-type: none;\">\n<ol>\n<li>Programes Europeus\u00a0<u>Erasmus +<\/u><\/li>\n<li>Programes d\u2019Intercanvi \u00a0en llengua anglesa<\/li>\n<li>Exposicions gr\u00e0fiques amb temes relacionats amb la cultura i geografia dels pa\u00efsos<\/li>\n<li>Concurs Big Challenge<\/li>\n<li>Concurs Fonix<\/li>\n<li>Concurs Literari \u00a0en llengua estrangera<\/li>\n<li>Celebracions de les festes tradicionals<\/li>\n<li>Projectes col.laboratiu iearn<\/li>\n<li>Projectes amb edici\u00f3 de v\u00eddeo<\/li>\n<li>Activitats\u00a0 complement\u00e0ries per a millorar les destreses ling\u00fc\u00edstiques de l\u2019 alumnat\u00a0 com l\u2019\u00fas de\u00a0 les TIC, pel\u00b7l\u00edcules, representacions teatrals, confer\u00e8ncies amb la llengua estrangera com a llengua vehicular<\/li>\n<li>Seguim el Programa de Beques del Departament d\u2019Ensenyament.<\/li>\n<\/ol>\n<\/li>\n<\/ol>\n<\/td>\n<\/tr>\n<\/tbody>\n<\/table>\n<h6>Participa en:<\/h6>\n<table style=\"border-collapse: collapse; width: 100%;\">\n<tbody>\n<tr>\n<td style=\"width: 33.3333%; border-color: #ffffff;\"><a href=\"https:\/\/www.thebigchallenge.com\/es\/\"><img loading=\"lazy\" decoding=\"async\" class=\"alignnone size-large wp-image-66041\" src=\"https:\/\/agora.xtec.cat\/iesguindavols\/wp-content\/uploads\/usu2923\/2023\/03\/Captura-de-pantalla-2023-03-24-095152.png\" alt=\"\" width=\"241\" height=\"67\" \/><\/a><\/td>\n<td style=\"width: 33.3333%; border-color: #ffffff;\"><a href=\"https:\/\/projectes.xtec.cat\/xarxadults\/the-new-fonix\/\"><img loading=\"lazy\" decoding=\"async\" class=\"alignnone size-large wp-image-66042\" src=\"https:\/\/agora.xtec.cat\/iesguindavols\/wp-content\/uploads\/usu2923\/2023\/03\/Captura-de-pantalla-2023-03-24-095205.png\" alt=\"\" width=\"244\" height=\"73\" \/><\/a><\/td>\n<td style=\"width: 33.3333%; border-color: #ffffff;\"><a href=\"https:\/\/iearn.org\/\"><img loading=\"lazy\" decoding=\"async\" class=\"alignnone size-full wp-image-66043\" src=\"https:\/\/agora.xtec.cat\/iesguindavols\/wp-content\/uploads\/usu2923\/2023\/03\/Captura-de-pantalla-2023-03-24-095227.png\" alt=\"\" width=\"247\" height=\"82\" \/><\/a><\/td>\n<\/tr>\n<\/tbody>\n<\/table>\n<table style=\"border-collapse: collapse; width: 100%;\">\n<tbody>\n<tr>\n<td style=\"width: 20%; border-color: #ffffff;\"><a href=\"https:\/\/agora.xtec.cat\/iesguindavols\/wp-content\/uploads\/usu2923\/2023\/03\/Captura-de-pantalla-2023-03-24-100927.png\"><img loading=\"lazy\" decoding=\"async\" class=\"alignnone size-large wp-image-66047\" src=\"https:\/\/agora.xtec.cat\/iesguindavols\/wp-content\/uploads\/usu2923\/2023\/03\/Captura-de-pantalla-2023-03-24-100927-1024x476.png\" alt=\"\" width=\"1024\" height=\"476\" srcset=\"https:\/\/agora.xtec.cat\/iesguindavols\/wp-content\/uploads\/usu2923\/2023\/03\/Captura-de-pantalla-2023-03-24-100927-1024x476.png 1024w, https:\/\/agora.xtec.cat\/iesguindavols\/wp-content\/uploads\/usu2923\/2023\/03\/Captura-de-pantalla-2023-03-24-100927-300x139.png 300w, https:\/\/agora.xtec.cat\/iesguindavols\/wp-content\/uploads\/usu2923\/2023\/03\/Captura-de-pantalla-2023-03-24-100927-768x357.png 768w, https:\/\/agora.xtec.cat\/iesguindavols\/wp-content\/uploads\/usu2923\/2023\/03\/Captura-de-pantalla-2023-03-24-100927.png 1093w\" sizes=\"auto, (max-width: 1024px) 100vw, 1024px\" \/><\/a><\/td>\n<td style=\"width: 20%; border-color: #ffffff;\"><a href=\"https:\/\/agora.xtec.cat\/iesguindavols\/wp-content\/uploads\/usu2923\/2023\/03\/Captura-de-pantalla-2023-03-24-101017-1.png\"><img loading=\"lazy\" decoding=\"async\" class=\"alignnone size-large wp-image-66056\" src=\"https:\/\/agora.xtec.cat\/iesguindavols\/wp-content\/uploads\/usu2923\/2023\/03\/Captura-de-pantalla-2023-03-24-101017-1-1024x417.png\" alt=\"\" width=\"1024\" height=\"417\" srcset=\"https:\/\/agora.xtec.cat\/iesguindavols\/wp-content\/uploads\/usu2923\/2023\/03\/Captura-de-pantalla-2023-03-24-101017-1-1024x417.png 1024w, https:\/\/agora.xtec.cat\/iesguindavols\/wp-content\/uploads\/usu2923\/2023\/03\/Captura-de-pantalla-2023-03-24-101017-1-300x122.png 300w, https:\/\/agora.xtec.cat\/iesguindavols\/wp-content\/uploads\/usu2923\/2023\/03\/Captura-de-pantalla-2023-03-24-101017-1-768x313.png 768w, https:\/\/agora.xtec.cat\/iesguindavols\/wp-content\/uploads\/usu2923\/2023\/03\/Captura-de-pantalla-2023-03-24-101017-1.png 1065w\" sizes=\"auto, (max-width: 1024px) 100vw, 1024px\" \/><\/a><\/td>\n<td style=\"width: 20%; border-color: #ffffff;\"><a href=\"https:\/\/agora.xtec.cat\/iesguindavols\/wp-content\/uploads\/usu2923\/2023\/03\/11.png\"><img loading=\"lazy\" decoding=\"async\" class=\"alignnone size-large wp-image-66045\" src=\"https:\/\/agora.xtec.cat\/iesguindavols\/wp-content\/uploads\/usu2923\/2023\/03\/11-1024x425.png\" alt=\"\" width=\"1024\" height=\"425\" srcset=\"https:\/\/agora.xtec.cat\/iesguindavols\/wp-content\/uploads\/usu2923\/2023\/03\/11-1024x425.png 1024w, https:\/\/agora.xtec.cat\/iesguindavols\/wp-content\/uploads\/usu2923\/2023\/03\/11-300x125.png 300w, https:\/\/agora.xtec.cat\/iesguindavols\/wp-content\/uploads\/usu2923\/2023\/03\/11-768x319.png 768w, https:\/\/agora.xtec.cat\/iesguindavols\/wp-content\/uploads\/usu2923\/2023\/03\/11.png 1065w\" sizes=\"auto, (max-width: 1024px) 100vw, 1024px\" \/><\/a><\/td>\n<td style=\"width: 20%; border-color: #ffffff;\"><a href=\"https:\/\/agora.xtec.cat\/iesguindavols\/wp-content\/uploads\/usu2923\/2023\/03\/Congres-llati.png\"><img loading=\"lazy\" decoding=\"async\" class=\"alignnone size-large wp-image-66049\" src=\"https:\/\/agora.xtec.cat\/iesguindavols\/wp-content\/uploads\/usu2923\/2023\/03\/Congres-llati-1024x427.png\" alt=\"\" width=\"1024\" height=\"427\" srcset=\"https:\/\/agora.xtec.cat\/iesguindavols\/wp-content\/uploads\/usu2923\/2023\/03\/Congres-llati-1024x427.png 1024w, https:\/\/agora.xtec.cat\/iesguindavols\/wp-content\/uploads\/usu2923\/2023\/03\/Congres-llati-300x125.png 300w, https:\/\/agora.xtec.cat\/iesguindavols\/wp-content\/uploads\/usu2923\/2023\/03\/Congres-llati-768x320.png 768w, https:\/\/agora.xtec.cat\/iesguindavols\/wp-content\/uploads\/usu2923\/2023\/03\/Congres-llati.png 1068w\" sizes=\"auto, (max-width: 1024px) 100vw, 1024px\" \/><\/a><\/td>\n<td style=\"width: 20%; border-color: #ffffff;\"><a href=\"https:\/\/agora.xtec.cat\/iesguindavols\/wp-content\/uploads\/usu2923\/2023\/03\/Cadavers-exquisits.png\"><img loading=\"lazy\" decoding=\"async\" class=\"alignnone size-large wp-image-66046\" src=\"https:\/\/agora.xtec.cat\/iesguindavols\/wp-content\/uploads\/usu2923\/2023\/03\/Cadavers-exquisits-1024x425.png\" alt=\"\" width=\"1024\" height=\"425\" srcset=\"https:\/\/agora.xtec.cat\/iesguindavols\/wp-content\/uploads\/usu2923\/2023\/03\/Cadavers-exquisits-1024x425.png 1024w, https:\/\/agora.xtec.cat\/iesguindavols\/wp-content\/uploads\/usu2923\/2023\/03\/Cadavers-exquisits-300x124.png 300w, https:\/\/agora.xtec.cat\/iesguindavols\/wp-content\/uploads\/usu2923\/2023\/03\/Cadavers-exquisits-768x318.png 768w, https:\/\/agora.xtec.cat\/iesguindavols\/wp-content\/uploads\/usu2923\/2023\/03\/Cadavers-exquisits.png 1066w\" sizes=\"auto, (max-width: 1024px) 100vw, 1024px\" \/><\/a><\/td>\n<\/tr>\n<tr>\n<td style=\"width: 20%; background-color: #ffffff; text-align: center; border-color: #ffffff;\"><a href=\"https:\/\/agora.xtec.cat\/iesguindavols\/erasmus\/metrominute-eramus-smart-mobiliy-2-0\/\">Metrominute Erasmus+ Smart Mobility 2.0<\/a><\/td>\n<td style=\"width: 20%; background-color: #ffffff; text-align: center; border-color: #ffffff;\"><a href=\"https:\/\/agora.xtec.cat\/iesguindavols\/eso\/lalumnat-dintercanvi-visita-tarraco\/\">L&#8217;alumnat d&#8217;intercanvi visita T\u00e0rraco<\/a><\/td>\n<td style=\"width: 20%; background-color: #ffffff; text-align: center; border-color: #ffffff;\"><a href=\"https:\/\/agora.xtec.cat\/iesguindavols\/general\/12e-concurs-dangles-interescolar-de-catalunya-fonix-2019-2\/?preview_id=66086&amp;preview_nonce=95f3ae665c&amp;_thumbnail_id=66045&amp;preview=true\">12\u00e8 Concurs d&#8217;angl\u00e8s interescolar de Catalunya FONIX 2019<\/a><\/td>\n<td style=\"width: 20%; background-color: #ffffff; text-align: center; border-color: #ffffff;\"><a href=\"https:\/\/agora.xtec.cat\/iesguindavols\/general\/el-nostre-alumnat-al-v-congressvs-discipvlorvm-lingvae-latinae-2\/?preview_id=66093&amp;preview_nonce=66facdfaad&amp;_thumbnail_id=66162&amp;preview=true\">El nostre alumnat al V CONGRESSVS DISCIPVLORVM LINGVAE LATINAE<\/a><\/td>\n<td style=\"width: 20%; background-color: #ffffff; text-align: center; border-color: #ffffff;\"><a href=\"https:\/\/agora.xtec.cat\/iesguindavols\/general\/cadavers-exquisits-part-2-2\/\">Cad\u00e0vers exquisits, Part 2<\/a><\/td>\n<\/tr>\n<\/tbody>\n<\/table>\n","protected":false},"excerpt":{"rendered":"<p>Coneix el nostre Pla Integral per al foment de les Lleng\u00fces Estrangeres.<\/p>\n<p><a href=\"https:\/\/agora.xtec.cat\/iesguindavols\/wp-content\/uploads\/usu2923\/2023\/03\/Captura-de-pantalla-2023-03-24-094103.png\"><\/a><br \/>\n<a href=\"https:\/\/agora.xtec.cat\/iesguindavols\/wp-content\/uploads\/usu2923\/2023\/03\/ECHE-2014-2020.pdf\"><\/a><br \/>\n<a href=\"https:\/\/erasmus-plus.ec.europa.eu\/es\"><\/a><\/p>\n<p>&nbsp;<br \/>\nPLA INTEGRAL PER AL FOMENT DE LES LLENG\u00dcES ESTRANGERES<\/p>\n<p>Departament de Lleng\u00fces Estrangeres<\/p>\n<p>El\u00a0 Consell d\u2019Europa en el document \u201cMarc Europeu Com\u00fa de refer\u00e8ncia per a les lleng\u00fces: aprendre, ensenyar i avaluar\u201d descriu&hellip;  <a href=\"https:\/\/agora.xtec.cat\/iesguindavols\/learn-aprendre-learnen\/\" title=\"Read Learn-Aprendre-Learnen\">Llegeix m\u00e9s\u00bb<\/a><\/p>\n","protected":false},"author":6,"featured_media":0,"parent":0,"menu_order":0,"comment_status":"closed","ping_status":"closed","template":"","meta":{"_bbp_topic_count":0,"_bbp_reply_count":0,"_bbp_total_topic_count":0,"_bbp_total_reply_count":0,"_bbp_voice_count":0,"_bbp_anonymous_reply_count":0,"_bbp_topic_count_hidden":0,"_bbp_reply_count_hidden":0,"_bbp_forum_subforum_count":0,"footnotes":""},"class_list":["post-65816","page","type-page","status-publish","hentry"],"post_mailing_queue_ids":[],"_links":{"self":[{"href":"https:\/\/agora.xtec.cat\/iesguindavols\/wp-json\/wp\/v2\/pages\/65816","targetHints":{"allow":["GET"]}}],"collection":[{"href":"https:\/\/agora.xtec.cat\/iesguindavols\/wp-json\/wp\/v2\/pages"}],"about":[{"href":"https:\/\/agora.xtec.cat\/iesguindavols\/wp-json\/wp\/v2\/types\/page"}],"author":[{"embeddable":true,"href":"https:\/\/agora.xtec.cat\/iesguindavols\/wp-json\/wp\/v2\/users\/6"}],"replies":[{"embeddable":true,"href":"https:\/\/agora.xtec.cat\/iesguindavols\/wp-json\/wp\/v2\/comments?post=65816"}],"version-history":[{"count":3,"href":"https:\/\/agora.xtec.cat\/iesguindavols\/wp-json\/wp\/v2\/pages\/65816\/revisions"}],"predecessor-version":[{"id":66222,"href":"https:\/\/agora.xtec.cat\/iesguindavols\/wp-json\/wp\/v2\/pages\/65816\/revisions\/66222"}],"wp:attachment":[{"href":"https:\/\/agora.xtec.cat\/iesguindavols\/wp-json\/wp\/v2\/media?parent=65816"}],"curies":[{"name":"wp","href":"https:\/\/api.w.org\/{rel}","templated":true}]}}