{"id":65812,"date":"2023-03-01T13:07:07","date_gmt":"2023-03-01T12:07:07","guid":{"rendered":"https:\/\/agora.xtec.cat\/iesguindavols\/?page_id=65812"},"modified":"2024-10-03T13:42:27","modified_gmt":"2024-10-03T11:42:27","slug":"educacio-per-la-salut","status":"publish","type":"page","link":"https:\/\/agora.xtec.cat\/iesguindavols\/educacio-per-la-salut\/","title":{"rendered":"Educaci\u00f3 per a la Salut"},"content":{"rendered":"<p><span style=\"font-weight: 400;\">L\u2019objectiu principal del programa d\u2019<\/span><b>Educaci\u00f3 per a la Salut<\/b><span style=\"font-weight: 400;\"> \u00e9s promoure activitats per tal d\u2019aconseguir que l\u2019alumnat adquireixi les compet\u00e8ncies i els coneixements necessaris que els permetin viure d\u2019acord amb els valors fonamentals d\u2019una vida saludable.\u00a0<\/span><\/p>\n<p><span style=\"font-weight: 400;\">Per tal d\u2019assolir aquest objectiu, des del centre es compta amb la implicaci\u00f3 de diferents agents.\u00a0<\/span><\/p>\n<p><a href=\"https:\/\/agora.xtec.cat\/iesguindavols\/wp-content\/uploads\/usu2923\/2023\/03\/Captura-de-pantalla-2023-03-22-125805.png\"><img loading=\"lazy\" decoding=\"async\" class=\"wp-image-65997 aligncenter\" src=\"https:\/\/agora.xtec.cat\/iesguindavols\/wp-content\/uploads\/usu2923\/2023\/03\/Captura-de-pantalla-2023-03-22-125805-1024x519.png\" alt=\"\" width=\"515\" height=\"261\" data-first-enter-image=\"true\" srcset=\"https:\/\/agora.xtec.cat\/iesguindavols\/wp-content\/uploads\/usu2923\/2023\/03\/Captura-de-pantalla-2023-03-22-125805-1024x519.png 1024w, https:\/\/agora.xtec.cat\/iesguindavols\/wp-content\/uploads\/usu2923\/2023\/03\/Captura-de-pantalla-2023-03-22-125805-300x152.png 300w, https:\/\/agora.xtec.cat\/iesguindavols\/wp-content\/uploads\/usu2923\/2023\/03\/Captura-de-pantalla-2023-03-22-125805-768x389.png 768w, https:\/\/agora.xtec.cat\/iesguindavols\/wp-content\/uploads\/usu2923\/2023\/03\/Captura-de-pantalla-2023-03-22-125805.png 1204w\" sizes=\"auto, (max-width: 515px) 100vw, 515px\" \/><\/a><\/p>\n<h2><strong>Salut i escola<\/strong><\/h2>\n<p><span style=\"font-weight: 400;\">El programa <\/span><a href=\"https:\/\/youtu.be\/Kq5PTfVow7g\" target=\"_blank\" rel=\"noopener\"><b>Salut i escola <\/b><\/a><span style=\"font-weight: 400;\">impulsat pel Departament d&#8217;Educaci\u00f3 i Formaci\u00f3 Professional i pel Departament de Salut, t\u00e9 la finalitat de millorar la salut dels adolescents mitjan\u00e7ant accions que promocionen h\u00e0bits saludables, prevenen situacions de risc, i ajuden a detectar preco\u00e7ment problemes relacionats amb la salut.<\/span><\/p>\n<p><span style=\"font-weight: 400;\">La petici\u00f3 d\u2019atenci\u00f3 a la <\/span><b>consulta oberta<\/b><span style=\"font-weight: 400;\"> es pot fer:\u00a0<\/span><\/p>\n<ul>\n<li style=\"font-weight: 400;\" aria-level=\"1\"><span style=\"font-weight: 400;\">A trav\u00e9s de l\u2019acci\u00f3 tutorial o l\u2019equip docent.<\/span><\/li>\n<li style=\"font-weight: 400;\" aria-level=\"1\"><span style=\"font-weight: 400;\">Directament al registre de demanda de consergeria.<\/span><\/li>\n<li style=\"font-weight: 400;\" aria-level=\"1\"><span style=\"font-weight: 400;\">\u00a0Omplint el formulari d\u2019aquest QR.\u00a0<\/span><\/li>\n<\/ul>\n<p><a href=\"https:\/\/forms.office.com\/pages\/responsepage.aspx?id=3CeUOw7TvEOMBv9yU2dv7N1R9pBFHcVIkHK5wns5lCxUNUxYU0dBM0tBQ1lENkJZS1I2TDlJMEFVUy4u&amp;origin=QRCode&amp;route=shorturl\" target=\"_blank\" rel=\"noopener\"><img loading=\"lazy\" decoding=\"async\" class=\"aligncenter wp-image-70169 size-full\" src=\"https:\/\/agora.xtec.cat\/iesguindavols\/wp-content\/uploads\/usu2923\/2024\/10\/qr-salut-i-escola.png\" alt=\"\" width=\"135\" height=\"132\" \/><\/a><\/p>\n<p><b>Horari d\u2019atenci\u00f3:<\/b><span style=\"font-weight: 400;\"> els <\/span><b>dijous<\/b> <span style=\"font-weight: 400;\">de <\/span><b>9:30 a 14:30 h<\/b><\/p>\n<h2><b>Atenci\u00f3 psicol\u00f2gica<\/b><\/h2>\n<p><span style=\"font-weight: 400;\">El centre disposa d\u2019un servei d\u2019atenci\u00f3 psicol\u00f2gica que ofereix la pscic\u00f2loga cl\u00ednica <\/span><b>Rosa Blasco<\/b><span style=\"font-weight: 400;\">. L\u2019objectiu principal \u00e9s poder atendre l\u2019alumnat que tingui una necessitat afectivoemocional o qualsevol consulta relacionada amb el seu proc\u00e9s de desenvolupament personal com a adolescent.\u00a0<\/span><\/p>\n<p><span style=\"font-weight: 400;\">El servei tamb\u00e9 inclou atenci\u00f3 a les fam\u00edlies, si ho consideren necessari.\u00a0<\/span><\/p>\n<p><span style=\"font-weight: 400;\">La petici\u00f3 d\u2019atenci\u00f3 psciol\u00f2gica es pot fer:\u00a0<\/span><\/p>\n<ul>\n<li style=\"font-weight: 400;\" aria-level=\"1\"><b>Alumnat:<\/b><span style=\"font-weight: 400;\"> a trav\u00e9s del full de demanada que gestiona el\/la tutor\/a.\u00a0<\/span><\/li>\n<li style=\"font-weight: 400;\" aria-level=\"1\"><b>Fam\u00edlia:<\/b><span style=\"font-weight: 400;\"> a trav\u00e9s del\/de la tutor\/a o directament al correu de contacte amb la psic\u00f2loga:\u00a0\u00a0<\/span><\/li>\n<\/ul>\n<p><span style=\"font-weight: 400;\">\u00a0\u00a0\u00a0\u00a0\u00a0\u00a0\u00a0\u00a0\u00a0\u00a0\u00a0\u00a0\u00a0\u00a0\u00a0\u00a0\u00a0\u00a0\u00a0\u00a0\u00a0\u00a0\u00a0\u00a0\u00a0\u00a0<\/span><a href=\"mailto:rosablascopsicologa@gmail.com\"><span style=\"font-weight: 400;\">rosablascopsicologa@gmail.com<\/span><\/a><\/p>\n<p><span style=\"font-weight: 400;\">\u00a0\u00a0\u00a0\u00a0\u00a0\u00a0\u00a0\u00a0\u00a0\u00a0\u00a0\u00a0\u00a0\u00a0\u00a0\u00a0\u00a0\u00a0\u00a0\u00a0\u00a0\u00a0\u00a0\u00a0\u00a0\u00a0<\/span><a href=\"mailto:rblasco18@institutguindavols.cat\"><span style=\"font-weight: 400;\">rblasco18@institutguindavols.cat<\/span><\/a><span style=\"font-weight: 400;\">\u00a0<\/span><\/p>\n<p><b>Horari d\u2019atenci\u00f3:<\/b><span style=\"font-weight: 400;\"> els <\/span><b>divendres<\/b> <span style=\"font-weight: 400;\">de <\/span><b>9:00 a 12:30 h<\/b><\/p>\n","protected":false},"excerpt":{"rendered":"<p>L\u2019objectiu principal del programa d\u2019Educaci\u00f3 per a la Salut \u00e9s promoure activitats per tal d\u2019aconseguir que l\u2019alumnat adquireixi les compet\u00e8ncies i els coneixements necessaris que els permetin viure d\u2019acord amb els valors fonamentals d\u2019una vida saludable.\u00a0<br \/>\nPer tal d\u2019assolir aquest objectiu, des del centre es compta&hellip;  <a href=\"https:\/\/agora.xtec.cat\/iesguindavols\/educacio-per-la-salut\/\" title=\"Read Educaci\u00f3 per a la Salut\">Llegeix m\u00e9s\u00bb<\/a><\/p>\n","protected":false},"author":6,"featured_media":0,"parent":0,"menu_order":0,"comment_status":"closed","ping_status":"closed","template":"","meta":{"_bbp_topic_count":0,"_bbp_reply_count":0,"_bbp_total_topic_count":0,"_bbp_total_reply_count":0,"_bbp_voice_count":0,"_bbp_anonymous_reply_count":0,"_bbp_topic_count_hidden":0,"_bbp_reply_count_hidden":0,"_bbp_forum_subforum_count":0,"footnotes":""},"class_list":["post-65812","page","type-page","status-publish","hentry"],"post_mailing_queue_ids":[],"_links":{"self":[{"href":"https:\/\/agora.xtec.cat\/iesguindavols\/wp-json\/wp\/v2\/pages\/65812","targetHints":{"allow":["GET"]}}],"collection":[{"href":"https:\/\/agora.xtec.cat\/iesguindavols\/wp-json\/wp\/v2\/pages"}],"about":[{"href":"https:\/\/agora.xtec.cat\/iesguindavols\/wp-json\/wp\/v2\/types\/page"}],"author":[{"embeddable":true,"href":"https:\/\/agora.xtec.cat\/iesguindavols\/wp-json\/wp\/v2\/users\/6"}],"replies":[{"embeddable":true,"href":"https:\/\/agora.xtec.cat\/iesguindavols\/wp-json\/wp\/v2\/comments?post=65812"}],"version-history":[{"count":7,"href":"https:\/\/agora.xtec.cat\/iesguindavols\/wp-json\/wp\/v2\/pages\/65812\/revisions"}],"predecessor-version":[{"id":70176,"href":"https:\/\/agora.xtec.cat\/iesguindavols\/wp-json\/wp\/v2\/pages\/65812\/revisions\/70176"}],"wp:attachment":[{"href":"https:\/\/agora.xtec.cat\/iesguindavols\/wp-json\/wp\/v2\/media?parent=65812"}],"curies":[{"name":"wp","href":"https:\/\/api.w.org\/{rel}","templated":true}]}}