{"id":65811,"date":"2023-03-01T13:07:07","date_gmt":"2023-03-01T12:07:07","guid":{"rendered":"https:\/\/agora.xtec.cat\/iesguindavols\/?page_id=65811"},"modified":"2025-07-29T07:43:18","modified_gmt":"2025-07-29T05:43:18","slug":"coeducacio","status":"publish","type":"page","link":"https:\/\/agora.xtec.cat\/iesguindavols\/coeducacio\/","title":{"rendered":"Coeducaci\u00f3"},"content":{"rendered":"<p>Projecte d\u2019innovaci\u00f3 educativa centrat en la coeducaci\u00f3, \u00e9s a dir, en l\u2019aplicaci\u00f3 de mesures educatives per garantir la igualtat d\u2019oportunitats per a nois i noies<\/p>\n<h5>En qu\u00e8 consisteix?<\/h5>\n<p>Es tracta d&#8217;un projecte d&#8217;innovaci\u00f3 educativa centrat en la coeducaci\u00f3, \u00e9s a dir, en l&#8217;aplicaci\u00f3 de mesures educatives per garantir la igualtat d&#8217;oportunitats per a nois i noies.<\/p>\n<p>El projecte, que funciona des del curs 2008-2009, est\u00e0 gestionat per un equip de millora format per un total de 17 membres del professorat, representants dels diferents departaments did\u00e0ctics i \u00e0rees de coneixement presents al centre.<\/p>\n<h5>Objectius<\/h5>\n<p>Es dissenyen accions educatives concretes i a llarg termini per tal d&#8217;aconseguir un seguit d&#8217;objectius, com ara:<\/p>\n<ol>\n<li><strong>Prevenir<\/strong> entre l&#8217;alumnat situacions i conductes que poden esdevenir l&#8217;origen de<a href=\"https:\/\/agora.xtec.cat\/iesguindavols\/wp-content\/uploads\/usu2923\/2023\/03\/1-2.png\"><img loading=\"lazy\" decoding=\"async\" class=\" wp-image-65980 alignright\" src=\"https:\/\/agora.xtec.cat\/iesguindavols\/wp-content\/uploads\/usu2923\/2023\/03\/1-2.png\" alt=\"\" width=\"321\" height=\"214\" srcset=\"https:\/\/agora.xtec.cat\/iesguindavols\/wp-content\/uploads\/usu2923\/2023\/03\/1-2.png 478w, https:\/\/agora.xtec.cat\/iesguindavols\/wp-content\/uploads\/usu2923\/2023\/03\/1-2-300x200.png 300w\" sizes=\"auto, (max-width: 321px) 100vw, 321px\" \/><\/a> viol\u00e8ncies sexistes.<\/li>\n<li><strong>Ajudar<\/strong> l&#8217;alumnat a triar el seu <em>curr\u00edcula<\/em>, vetllant per garantir la igualtat d&#8217;oportunitats entre nois i noies.<\/li>\n<li><strong>Despertar<\/strong> l&#8217;inter\u00e8s de l&#8217;alumnat pel tema de la igualtat d&#8217;oportunitats mitjan\u00e7ant activitats que els ajudin a reflexionar.<\/li>\n<li><strong>Implicar<\/strong> tots els agents educatius (alumnat, fam\u00edlia, professorat, direcci\u00f3, PAS) per corregir totes les situacions discriminat\u00f2ries.<\/li>\n<li><strong>Fomentar<\/strong> l&#8217;\u00fas d&#8217;un llenguatge inclusiu, sense rastres\u00a0androc\u00e8ntrics ni sexistes.<a href=\"https:\/\/agora.xtec.cat\/iesguindavols\/wp-content\/uploads\/usu2923\/2023\/03\/2-2-e1679051244599.png\"><img loading=\"lazy\" decoding=\"async\" class=\" wp-image-65981 alignright\" src=\"https:\/\/agora.xtec.cat\/iesguindavols\/wp-content\/uploads\/usu2923\/2023\/03\/2-2-e1679051244599.png\" alt=\"\" width=\"145\" height=\"186\" srcset=\"https:\/\/agora.xtec.cat\/iesguindavols\/wp-content\/uploads\/usu2923\/2023\/03\/2-2-e1679051244599.png 243w, https:\/\/agora.xtec.cat\/iesguindavols\/wp-content\/uploads\/usu2923\/2023\/03\/2-2-e1679051244599-234x300.png 234w\" sizes=\"auto, (max-width: 145px) 100vw, 145px\" \/><\/a><\/li>\n<li><strong>Potenciar<\/strong> la pres\u00e8ncia i visibilitat de les dones en els curr\u00edculums.<\/li>\n<\/ol>\n<h5>\u00a0<\/h5>\n<h5>Activitats<\/h5>\n<p>Les actuacions es fan a trav\u00e9s de <strong>l&#8217;acci\u00f3 tutorial<\/strong>:<\/p>\n<ol>\n<li style=\"list-style-type: none;\">\n<ol>\n<li>\u00a0Taller de superaci\u00f3 dels estereotips i prejudicis de g\u00e8nere<\/li>\n<li>Taller de prevenci\u00f3 de microviol\u00e8ncies de g\u00e8nere<\/li>\n<li>Orientaci\u00f3 acad\u00e8mica i professional en igualtat<\/li>\n<\/ol>\n<\/li>\n<\/ol>\n<p>I tamb\u00e9 en diferents \u00e0rees curriculars, especialment a partir de dates destacades, com ara:<\/p>\n<ol>\n<li style=\"list-style-type: none;\">\n<ol>\n<li>\u00a0Campanya contra la viol\u00e8ncia de g\u00e8nere (25 novembre)<\/li>\n<li>La Setmana de la ci\u00e8ncia (desembre): visibilitzaci\u00f3 de la figura i aportacions de dones cient\u00edfiques<\/li>\n<li>Dia internacional de la nena i la dona a la ci\u00e8ncia (11 febrer)<\/li>\n<li>Dia de la dona (8 mar\u00e7)<\/li>\n<li>Sant Jordi des de la mirada coeducativa (23 abril)<\/li>\n<\/ol>\n<\/li>\n<\/ol>\n<p>Les accions i activitats dutes a terme dins del projecte fins ara estan accessibles a tres espais:<\/p>\n<ul>\n<li style=\"list-style-type: none;\">\n<ul>\n<li>L&#8217;espai moodle &#8220;Eduquem per a la igualtat&#8221;, a la intranet del centre (accessible a tothom com a visitant): <a style=\"font-family: inherit; font-size: 1em; text-align: center;\" href=\"https:\/\/moodle.institutguindavols.cat\/course\/view.php?id=32\">https:\/\/moodle.institutguindavols.cat\/course\/view.php?id=32<\/a><\/li>\n<\/ul>\n<\/li>\n<\/ul>\n<ul>\n<li style=\"list-style-type: none;\">\n<ul>\n<li>El bloc &#8220;Eduquem per a la igualtat&#8221; de l&#8217;INS Guind\u00e0vols: <a style=\"font-family: inherit; font-size: 1em; text-align: center;\" href=\"http:\/\/blocs.xtec.cat\/eduquemperalaigualtat\/\">http:\/\/blocs.xtec.cat\/eduquemperalaigualtat\/<\/a><\/li>\n<\/ul>\n<\/li>\n<\/ul>\n<ul>\n<li style=\"list-style-type: none;\">\n<ul>\n<li>Al facebook: <a style=\"font-family: inherit; font-size: 1em; text-align: center;\" href=\"https:\/\/www.facebook.com\/coeducacio.institutguindavols?fref=ts\">https:\/\/www.facebook.com\/coeducacio.institutguindavols?fref=ts<\/a><\/li>\n<\/ul>\n<\/li>\n<\/ul>\n<table class=\" aligncenter\" style=\"height: 882px; width: 100%; border-collapse: collapse;\">\n<tbody>\n<tr style=\"height: 151px;\">\n<td style=\"width: 25%; background-color: #ffffff; vertical-align: top; height: 151px;\">\n<p style=\"text-align: center;\"><a href=\"https:\/\/agora.xtec.cat\/iesguindavols\/wp-content\/uploads\/usu2923\/2023\/03\/Annex1_Memories-coordinacio-coeducacio-2010_2018.pdf\">Mem\u00f2ria Coeducaci\u00f3\u00a0<\/a><\/p>\n<p style=\"text-align: center;\"><a href=\"https:\/\/agora.xtec.cat\/iesguindavols\/wp-content\/uploads\/usu2923\/2023\/03\/Annex1_Memories-coordinacio-coeducacio-2010_2018.pdf\">2010-2018<\/a><\/p>\n<\/td>\n<td style=\"width: 25%; background-color: #ffffff; height: 151px;\">\n<p style=\"text-align: center;\"><a href=\"https:\/\/portal.institutguindavols.cat\/wp-content\/uploads\/Annex2_Mem%C3%B2ries-grup-treball-CRP_2010_18.pdf\">Mem\u00f2ria grup de treball CRP<\/a><\/p>\n<p style=\"text-align: center;\"><a href=\"https:\/\/portal.institutguindavols.cat\/wp-content\/uploads\/Annex2_Mem%C3%B2ries-grup-treball-CRP_2010_18.pdf\">2010-2018<\/a><\/p>\n<\/td>\n<td style=\"width: 25%; background-color: #ffffff; height: 151px;\"><a href=\"https:\/\/agora.xtec.cat\/iesguindavols\/wp-content\/uploads\/usu2923\/2023\/03\/annex-3_plantilla-aval-professorat.pdf\">Plantilla avaluaci\u00f3 professorat<\/a><\/td>\n<td style=\"width: 25%; background-color: #ffffff; height: 151px;\"><a href=\"https:\/\/agora.xtec.cat\/iesguindavols\/wp-content\/uploads\/usu2923\/2023\/03\/2019_20_ACTIV_25-NOVEMBRE.pdf\">Contra la viol\u00e8ncia sexista &#8211; 25 novembre 2019<\/a><\/td>\n<\/tr>\n<tr style=\"height: 151px;\">\n<td style=\"width: 25%; background-color: #ffffff; height: 151px;\">\n<p style=\"text-align: center;\"><a href=\"https:\/\/agora.xtec.cat\/iesguindavols\/wp-content\/uploads\/usu2923\/2023\/03\/Memoria_COEDUCACIO_2018_19.pdf\">Mem\u00f2ria Coeducaci\u00f3<\/a><\/p>\n<p style=\"text-align: center;\"><a href=\"https:\/\/agora.xtec.cat\/iesguindavols\/wp-content\/uploads\/usu2923\/2023\/03\/Memoria_COEDUCACIO_2018_19.pdf\">2018-2019<\/a><\/p>\n<\/td>\n<td style=\"width: 25%; background-color: #ffffff; height: 151px;\">\n<p style=\"text-align: center;\"><a href=\"https:\/\/portal.institutguindavols.cat\/wp-content\/uploads\/Materials_CRP_Coeducaci%C3%B3-a-secund%C3%A0ria_2018_19_compressed.pdf\">Mem\u00f2ria grup de treball CRP<\/a><\/p>\n<p style=\"text-align: center;\"><a href=\"https:\/\/portal.institutguindavols.cat\/wp-content\/uploads\/Materials_CRP_Coeducaci%C3%B3-a-secund%C3%A0ria_2018_19_compressed.pdf\">2018-2019<\/a><\/p>\n<\/td>\n<td style=\"width: 25%; background-color: #ffffff; height: 151px;\"><a href=\"https:\/\/agora.xtec.cat\/iesguindavols\/wp-content\/uploads\/usu2923\/2023\/03\/annex-4_plantilla-avaluacio-alumnat-1.pdf\">Plantilla avaluaci\u00f3 alumnat<\/a><\/td>\n<td style=\"width: 25%; background-color: #ffffff; height: 151px;\"><a href=\"https:\/\/agora.xtec.cat\/iesguindavols\/wp-content\/uploads\/usu2923\/2023\/03\/2019_20_ACTIV_DIA-INTERN-NENA-I-DONA-A-LA-CIENCIA-1.pdf\">Dia de la nena i la dona a la ci\u00e8ncia 2020<\/a><\/td>\n<\/tr>\n<tr style=\"height: 118px;\">\n<td style=\"width: 25%; background-color: #ffffff; height: 118px;\">\n<p style=\"text-align: center;\"><a href=\"https:\/\/agora.xtec.cat\/iesguindavols\/wp-content\/uploads\/usu2923\/2023\/03\/Memoria_Coordinacio_COEDUCACIO_2019_20.pdf\">Mem\u00f2ria Coeducaci\u00f3<\/a><\/p>\n<p style=\"text-align: center;\"><a href=\"https:\/\/agora.xtec.cat\/iesguindavols\/wp-content\/uploads\/usu2923\/2023\/03\/Memoria_Coordinacio_COEDUCACIO_2019_20.pdf\">2019-2020<\/a><\/p>\n<\/td>\n<td style=\"width: 25%; background-color: #ffffff; height: 118px;\"><a href=\"https:\/\/agora.xtec.cat\/iesguindavols\/wp-content\/uploads\/usu2923\/2023\/03\/GRUP-TREBALL-COEDUCACIO_CRP_2019_20-1.pdf\">Mem\u00f2ria grup de treball CRP<\/a><a href=\"https:\/\/agora.xtec.cat\/iesguindavols\/wp-content\/uploads\/usu2923\/2023\/03\/GRUP-TREBALL-COEDUCACIO_CRP_2019_20-1.pdf\">2019-2020<\/a><\/td>\n<td style=\"width: 25%; background-color: #ffffff; height: 118px;\"><a href=\"https:\/\/agora.xtec.cat\/iesguindavols\/wp-content\/uploads\/usu2923\/2024\/07\/3_TR-DE-GENERE-PREMIATS_2007_2024-3.pdf\" target=\"_blank\" rel=\"noopener\">Treballs de recerca en temes de g\u00e8nere premiats<\/a><\/td>\n<td style=\"width: 25%; background-color: #ffffff; height: 118px;\"><a href=\"https:\/\/portal.institutguindavols.cat\/wp-content\/uploads\/8-MAR%C3%87-2020_ACTIVITATS-GUIND%C3%80VOLS.pdf\">Dia internacional de la dona 8 mar\u00e7 2020<\/a><\/td>\n<\/tr>\n<tr style=\"height: 115px;\">\n<td style=\"width: 25%; background-color: #ffffff; height: 115px;\"><a href=\"https:\/\/drive.google.com\/file\/d\/1gB59HRsGsOz37FYXkGfePNtu7HXSu82p\/view?usp=drive_link\" target=\"_blank\" rel=\"noopener\">Mem\u00f2ria Coeducaci\u00f3 2022-23<\/a>\n<p style=\"text-align: center;\">\u00a0<\/p>\n<\/td>\n<td style=\"width: 25%; background-color: #ffffff; height: 115px;\"><a href=\"https:\/\/drive.google.com\/file\/d\/1H3T-bO_ZjtjfTVkahc2EMYwwZYQHj3kL\/view?usp=drive_link\" target=\"_blank\" rel=\"noopener\">Mem\u00f2ria Coeducaci\u00f3 2023-24<\/a><\/td>\n<td style=\"width: 25%; background-color: #ffffff; height: 115px;\"><a href=\"https:\/\/drive.google.com\/file\/d\/1FJfXVGbhTXh0Jrz6ySzMRMUbxuymF18n\/view?usp=drive_link\" target=\"_blank\" rel=\"noopener\">8mar\u00e7_2024_JO S\u00d3C ESPORT, I TU?_DOSSIER INFORMATIU<\/a><\/td>\n<td style=\"width: 25%; background-color: #ffffff; height: 115px;\"><a href=\"https:\/\/drive.google.com\/file\/d\/1HfRunqbQr56pcqVAfPQopUdoQcE_1ldQ\/view?usp=drive_link\" target=\"_blank\" rel=\"noopener\">ACTIVITATS DIA DE LA DONA I LA NENA A LA CI\u00c8NCIA_2024<\/a><\/td>\n<\/tr>\n<tr style=\"height: 173px;\">\n<td style=\"width: 25%; background-color: #ffffff; height: 173px;\"><a href=\"https:\/\/drive.google.com\/file\/d\/1QSjs-NRrLiVwdmQLZLxRj9JqO6chCulu\/view?usp=drive_link\" target=\"_blank\" rel=\"noopener\">PROJECTE_SOM C\u00cdCLIQUES<\/a><\/td>\n<td style=\"width: 25%; background-color: #ffffff; height: 173px;\"><a href=\"https:\/\/drive.google.com\/file\/d\/14A3b1ylPrjegaKfst3pDLR6j1uE0b4gN\/view?usp=drive_link\" target=\"_blank\" rel=\"noopener\">DOSSIER_25 novembre 2023<\/a><\/td>\n<td style=\"width: 25%; background-color: #ffffff; height: 173px;\"><a href=\"https:\/\/drive.google.com\/file\/d\/1bzehmeCwdbiNVZO01Nz-EwoOEiXpNcsG\/view?usp=drive_link\" target=\"_blank\" rel=\"noopener\">Campanya contra la LGTBIf\u00f2bia_ L\u2019esport \u00e9s divers<\/a><\/td>\n<td style=\"width: 25%; background-color: #ffffff; height: 173px;\"><a href=\"https:\/\/drive.google.com\/file\/d\/1QTHWvRaHTMY8u8jwb39nyVYOm1qDD_73\/view?usp=drive_link\">25 novembre 2024 TANQUEM LA PORTA A LA VIOLENCIA<\/a><\/td>\n<\/tr>\n<tr style=\"height: 174px;\">\n<td style=\"width: 25%; background-color: #ffffff; height: 174px;\"><a href=\"https:\/\/drive.google.com\/file\/d\/1V8PoeHVvqjabhSsdIpGj2LKyBK5ilig6\/view?usp=drive_link\">PROJECTE SOM C\u00cdCLIQUES 2024-25<\/a><\/td>\n<td style=\"width: 25%; background-color: #ffffff; height: 174px;\"><a href=\"https:\/\/drive.google.com\/file\/d\/19k1RxTb8oMQeOR4kJP79FIHHXqkqFQgT\/view?usp=sharing\">8 DE MAR\u00c7 PROJECTE DONART<\/a><\/td>\n<td style=\"width: 25%; background-color: #ffffff; height: 174px;\"><a href=\"https:\/\/drive.google.com\/file\/d\/1pjU8pgJhNU9fUg1G_AAKQtHbudDc_Vvx\/view?usp=drive_link\">MEM\u00d2RIA COEDUCACI\u00d3 24-25<\/a><\/td>\n<td style=\"width: 25%; background-color: #ffffff; height: 174px;\"><a href=\"https:\/\/drive.google.com\/file\/d\/1ziVdSov7J1HkaXMOnJov6te6YXihOEQE\/view?usp=drive_link\">TR PREMIATS 2007-2025<\/a><\/td>\n<\/tr>\n<\/tbody>\n<\/table>\n<h5>\u00a0<\/h5>\n<h5 class=\"twelve columns widget-title\">Stop rape now &#8211; Guind\u00e0vols against gender violence<\/h5>\n<div class=\"video-box\">\u00a0<\/div>\n<p><iframe loading=\"lazy\" title=\"STOP RAPE NOW INS GUINDAVOLS\" width=\"500\" height=\"281\" src=\"https:\/\/www.youtube.com\/embed\/Sr41K7xTQX0?feature=oembed\" frameborder=\"0\" allow=\"accelerometer; autoplay; clipboard-write; encrypted-media; gyroscope; picture-in-picture; web-share\" referrerpolicy=\"strict-origin-when-cross-origin\" allowfullscreen><\/iframe><\/p>\n\n\n<p>El Guind\u00e0vols escollit referent dels Projectes d&#8217;innovaci\u00f3 pedag\u00f2gica i transformaci\u00f3 educativa del Departament d&#8217;Educaci\u00f3.<br>\u00a0<\/p>\n\n\n\n<figure class=\"wp-block-embed is-type-video is-provider-youtube wp-block-embed-youtube wp-embed-aspect-16-9 wp-has-aspect-ratio\"><div class=\"wp-block-embed__wrapper\">\n<iframe loading=\"lazy\" title=\"&quot;Coeducaci\u00f3. Eduquem per a la igualtat&quot;. Institut Guind\u00e0vols (Lleida)\" width=\"500\" height=\"281\" src=\"https:\/\/www.youtube.com\/embed\/fA9166fbi0s?feature=oembed\" frameborder=\"0\" allow=\"accelerometer; autoplay; clipboard-write; encrypted-media; gyroscope; picture-in-picture; web-share\" referrerpolicy=\"strict-origin-when-cross-origin\" allowfullscreen><\/iframe>\n<\/div><\/figure>\n\n\n\n<p><\/p>\n","protected":false},"excerpt":{"rendered":"<p>Projecte d\u2019innovaci\u00f3 educativa centrat en la coeducaci\u00f3, \u00e9s a dir, en l\u2019aplicaci\u00f3 de mesures educatives per garantir la igualtat d\u2019oportunitats per a nois i noies<br \/>\nEn qu\u00e8 consisteix?<br \/>\nEs tracta d&#8217;un projecte d&#8217;innovaci\u00f3 educativa centrat en la coeducaci\u00f3, \u00e9s a dir, en l&#8217;aplicaci\u00f3 de mesures educatives per&hellip;  <a href=\"https:\/\/agora.xtec.cat\/iesguindavols\/coeducacio\/\" title=\"Read Coeducaci\u00f3\">Llegeix m\u00e9s\u00bb<\/a><\/p>\n","protected":false},"author":6,"featured_media":0,"parent":0,"menu_order":0,"comment_status":"closed","ping_status":"closed","template":"","meta":{"_bbp_topic_count":0,"_bbp_reply_count":0,"_bbp_total_topic_count":0,"_bbp_total_reply_count":0,"_bbp_voice_count":0,"_bbp_anonymous_reply_count":0,"_bbp_topic_count_hidden":0,"_bbp_reply_count_hidden":0,"_bbp_forum_subforum_count":0,"footnotes":""},"class_list":["post-65811","page","type-page","status-publish","hentry"],"post_mailing_queue_ids":[],"_links":{"self":[{"href":"https:\/\/agora.xtec.cat\/iesguindavols\/wp-json\/wp\/v2\/pages\/65811","targetHints":{"allow":["GET"]}}],"collection":[{"href":"https:\/\/agora.xtec.cat\/iesguindavols\/wp-json\/wp\/v2\/pages"}],"about":[{"href":"https:\/\/agora.xtec.cat\/iesguindavols\/wp-json\/wp\/v2\/types\/page"}],"author":[{"embeddable":true,"href":"https:\/\/agora.xtec.cat\/iesguindavols\/wp-json\/wp\/v2\/users\/6"}],"replies":[{"embeddable":true,"href":"https:\/\/agora.xtec.cat\/iesguindavols\/wp-json\/wp\/v2\/comments?post=65811"}],"version-history":[{"count":6,"href":"https:\/\/agora.xtec.cat\/iesguindavols\/wp-json\/wp\/v2\/pages\/65811\/revisions"}],"predecessor-version":[{"id":72563,"href":"https:\/\/agora.xtec.cat\/iesguindavols\/wp-json\/wp\/v2\/pages\/65811\/revisions\/72563"}],"wp:attachment":[{"href":"https:\/\/agora.xtec.cat\/iesguindavols\/wp-json\/wp\/v2\/media?parent=65811"}],"curies":[{"name":"wp","href":"https:\/\/api.w.org\/{rel}","templated":true}]}}