{"id":65808,"date":"2023-03-01T13:07:06","date_gmt":"2023-03-01T12:07:06","guid":{"rendered":"https:\/\/agora.xtec.cat\/iesguindavols\/?page_id=65808"},"modified":"2025-06-17T16:54:48","modified_gmt":"2025-06-17T14:54:48","slug":"treball-per-projectes","status":"publish","type":"page","link":"https:\/\/agora.xtec.cat\/iesguindavols\/treball-per-projectes\/","title":{"rendered":"Treball per projectes"},"content":{"rendered":"<p>Treballem per projectes i potenciem el treball col\u00b7laboratiu.<\/p>\n<table class=\" aligncenter\" style=\"height: 130px; width: 115.465%; background-color: #ffffff; border-color: #ffffff;\">\n<tbody>\n<tr style=\"height: 100px;\">\n<td style=\"width: 25%; background-color: #ffffff; height: 59px; border-color: #ffffff;\">\n<h4 style=\"text-align: center;\"><a href=\"https:\/\/sites.google.com\/institutguindavols.cat\/1-eso\/1-eso\" target=\"_blank\" rel=\"noopener\"><img loading=\"lazy\" decoding=\"async\" class=\"aligncenter wp-image-68458 size-thumbnail\" src=\"https:\/\/agora.xtec.cat\/iesguindavols\/wp-content\/uploads\/usu2923\/2023\/06\/IMG-4643-1-1024x768-1-150x150.jpg\" alt=\"\" width=\"150\" height=\"150\" \/><\/a><\/h4>\n<h4 style=\"text-align: center;\">Projectes de 1r ESO<\/h4>\n<\/td>\n<td style=\"width: 25%; background-color: #ffffff; height: 59px; border-color: #ffffff;\"><img loading=\"lazy\" decoding=\"async\" class=\"aligncenter wp-image-67306 size-thumbnail\" src=\"https:\/\/agora.xtec.cat\/iesguindavols\/wp-content\/uploads\/usu2923\/2023\/05\/Guindavols-report-150x150.jpg\" alt=\"\" width=\"150\" height=\"150\" srcset=\"https:\/\/agora.xtec.cat\/iesguindavols\/wp-content\/uploads\/usu2923\/2023\/05\/Guindavols-report-150x150.jpg 150w, https:\/\/agora.xtec.cat\/iesguindavols\/wp-content\/uploads\/usu2923\/2023\/05\/Guindavols-report.jpg 204w\" sizes=\"auto, (max-width: 150px) 100vw, 150px\" \/><\/p>\n<h4 style=\"text-align: center;\">Projectes de 2n ESO<\/h4>\n<\/td>\n<td style=\"width: 25%; background-color: #ffffff; height: 59px; border-color: #ffffff;\"><a href=\"https:\/\/sites.google.com\/xtec.cat\/insguindavols\/portafoli\/documentaci%C3%B3-i-evid%C3%A8ncies\" target=\"_blank\" rel=\"noopener\"><img loading=\"lazy\" decoding=\"async\" class=\"aligncenter wp-image-68467\" src=\"https:\/\/agora.xtec.cat\/iesguindavols\/wp-content\/uploads\/usu2923\/2023\/07\/steam-1.jpg\" alt=\"\" width=\"187\" height=\"150\" \/><\/a><\/p>\n<h4 style=\"text-align: center;\">Projectes STEAM<\/h4>\n<\/td>\n<td style=\"width: 25%; background-color: #ffffff; height: 59px; border-color: #ffffff;\"><a href=\"https:\/\/sites.google.com\/institutguindavols.cat\/rcsguindvols\/p%C3%A0gina-principal\" target=\"_blank\" rel=\"noopener\"><img loading=\"lazy\" decoding=\"async\" class=\"wp-image-69045  aligncenter\" src=\"https:\/\/agora.xtec.cat\/iesguindavols\/wp-content\/uploads\/usu2923\/2024\/01\/logo-RCS.png\" alt=\"\" width=\"247\" height=\"125\" srcset=\"https:\/\/agora.xtec.cat\/iesguindavols\/wp-content\/uploads\/usu2923\/2024\/01\/logo-RCS.png 1018w, https:\/\/agora.xtec.cat\/iesguindavols\/wp-content\/uploads\/usu2923\/2024\/01\/logo-RCS-300x151.png 300w, https:\/\/agora.xtec.cat\/iesguindavols\/wp-content\/uploads\/usu2923\/2024\/01\/logo-RCS-768x388.png 768w\" sizes=\"auto, (max-width: 247px) 100vw, 247px\" \/><\/a><\/p>\n<h4><\/h4>\n<h4>\u00a0Projectes RCS 4t ESO<\/h4>\n<\/td>\n<\/tr>\n<\/tbody>\n<\/table>\n<table style=\"border-collapse: collapse; width: 100%; height: 1241px;\">\n<tbody>\n<tr>\n<td style=\"width: 50%; border-color: #ffffff;\">El\u00a0 curs escolar 15\/16 es va introduir el treball per projectes de caire interdisciplinar com a\u00a0 nova estrat\u00e8gia pedag\u00f2gica en el nostre centre.En concret es van dissenyar tres projectes d\u2019aprenentatge per a l\u2019alumnat de 1r d\u2019ESO, que presenten tasques vinculades amb les Ci\u00e8ncies Socials, Tecnologia , Visual i Pl\u00e0stica \u00a0i Educaci\u00f3 F\u00edsica.Els objectius que es pretenen aconseguir s\u00f3n:<\/p>\n<ul>\n<li>Desenvolupar propostes did\u00e0ctiques basades en el treball per projectes.<\/li>\n<li>Estimular estrat\u00e8gies formatives de caire interdisciplinar amb l\u2019objectiu de consolidar aprenentatges m\u00e9s globals i significatius.<\/li>\n<li>Millorar l\u2019assoliment de les compet\u00e8ncies b\u00e0siques.<\/li>\n<li>Promoure el treball en equip entre el professorat.<\/li>\n<li>Fomentar el treball col\u00b7laboratiu entre l\u2019alumnat.<\/li>\n<li>Estimular entre l\u2019alumnat estrat\u00e8gies de treball que fomentin l\u2019autonomia, la iniciativa i la creativitat a trav\u00e9s de l\u2019aprenentatge basat en problemes i la superaci\u00f3 de reptes.<\/li>\n<li>Incloure la compet\u00e8ncia digital, de forma especial, en totes les propostes de projectes.<\/li>\n<\/ul>\n<p><a href=\"https:\/\/agora.xtec.cat\/iesguindavols\/wp-content\/uploads\/usu2923\/2023\/03\/1.png\"><img loading=\"lazy\" decoding=\"async\" class=\"alignnone size-full wp-image-65893\" src=\"https:\/\/agora.xtec.cat\/iesguindavols\/wp-content\/uploads\/usu2923\/2023\/03\/1.png\" alt=\"\" width=\"900\" height=\"721\" srcset=\"https:\/\/agora.xtec.cat\/iesguindavols\/wp-content\/uploads\/usu2923\/2023\/03\/1.png 900w, https:\/\/agora.xtec.cat\/iesguindavols\/wp-content\/uploads\/usu2923\/2023\/03\/1-300x240.png 300w, https:\/\/agora.xtec.cat\/iesguindavols\/wp-content\/uploads\/usu2923\/2023\/03\/1-768x615.png 768w\" sizes=\"auto, (max-width: 900px) 100vw, 900px\" \/><\/a><\/td>\n<td style=\"width: 50%; border-color: #ffffff;\"><a href=\"https:\/\/agora.xtec.cat\/iesguindavols\/wp-content\/uploads\/usu2923\/2023\/03\/2.png\"><img loading=\"lazy\" decoding=\"async\" class=\"size-full wp-image-65894 aligncenter\" src=\"https:\/\/agora.xtec.cat\/iesguindavols\/wp-content\/uploads\/usu2923\/2023\/03\/2.png\" alt=\"\" width=\"900\" height=\"721\" srcset=\"https:\/\/agora.xtec.cat\/iesguindavols\/wp-content\/uploads\/usu2923\/2023\/03\/2.png 900w, https:\/\/agora.xtec.cat\/iesguindavols\/wp-content\/uploads\/usu2923\/2023\/03\/2-300x240.png 300w, https:\/\/agora.xtec.cat\/iesguindavols\/wp-content\/uploads\/usu2923\/2023\/03\/2-768x615.png 768w\" sizes=\"auto, (max-width: 900px) 100vw, 900px\" \/><\/a>Per garantir la introducci\u00f3 d\u2019aquesta nova metodologia i formentar el treball en equip entre el professorat va crear un Equip de Millora de Projectes per anar dissenyant , planificant i supervisant les tasques, els processos d\u2019avaluaci\u00f3 i les activitats de difusi\u00f3 de cadascun dels projectes.Ell centre forma part de la Xarxa de Compet\u00e8ncies B\u00e0siques que t\u00e9 com a objectiu millorar els resultats educatius de l\u2019alumnat a trav\u00e9s de la gesti\u00f3 del curr\u00edculum per compet\u00e8ncies.<\/p>\n<p>La integraci\u00f3 a la Xarxa ens ha perm\u00e9s rebre el suport d\u2019un equip d\u2019experts del Departament d\u2019Educaci\u00f3 i entrar en contacte amb altres centres que ja han implementat aquest model pedag\u00f2gic.<\/p>\n<p>Se\u2019ns facilita, d\u2019aquesta manera, ajut en la planificaci\u00f3, elaboraci\u00f3 de materials , disseny d\u2019instruments d\u2019avaluaci\u00f3 per compet\u00e8ncies i l\u2019acompanyament d\u2019aquests centres amb m\u00e9s experi\u00e8ncia.<\/p>\n<p>Formar part de la Xarxa CB implica tenir un equip impulsor de projectes en el qual s\u2019integren professors i professores de diferents departaments did\u00e0ctics que planifiquen, dissenyen materials i avaluen els projectes interdisciplinars que es duen a terme. Per tant, es va posar en marxa un Equip Impulsor que fa propostes i planifica els projectes.<\/td>\n<\/tr>\n<\/tbody>\n<\/table>\n<p><a href=\"https:\/\/agora.xtec.cat\/iesguindavols\/wp-content\/uploads\/usu2923\/2023\/03\/3.png\"><img loading=\"lazy\" decoding=\"async\" class=\"alignnone size-large wp-image-65896\" src=\"https:\/\/agora.xtec.cat\/iesguindavols\/wp-content\/uploads\/usu2923\/2023\/03\/3-1024x539.png\" alt=\"\" width=\"1024\" height=\"539\" srcset=\"https:\/\/agora.xtec.cat\/iesguindavols\/wp-content\/uploads\/usu2923\/2023\/03\/3-1024x539.png 1024w, https:\/\/agora.xtec.cat\/iesguindavols\/wp-content\/uploads\/usu2923\/2023\/03\/3-300x158.png 300w, https:\/\/agora.xtec.cat\/iesguindavols\/wp-content\/uploads\/usu2923\/2023\/03\/3-768x404.png 768w, https:\/\/agora.xtec.cat\/iesguindavols\/wp-content\/uploads\/usu2923\/2023\/03\/3.png 1219w\" sizes=\"auto, (max-width: 1024px) 100vw, 1024px\" \/><\/a><\/p>\n","protected":false},"excerpt":{"rendered":"<p>Treballem per projectes i potenciem el treball col\u00b7laboratiu.<\/p>\n<p><a href=\"https:\/\/sites.google.com\/institutguindavols.cat\/1-eso\/1-eso\" target=\"_blank\" rel=\"noopener\"><\/a><br \/>\nProjectes de 1r ESO<\/p>\n<p>Projectes de 2n ESO<\/p>\n<p><a href=\"https:\/\/sites.google.com\/xtec.cat\/insguindavols\/portafoli\/documentaci%C3%B3-i-evid%C3%A8ncies\" target=\"_blank\" rel=\"noopener\"><\/a><br \/>\nProjectes STEAM<\/p>\n<p><a href=\"https:\/\/sites.google.com\/institutguindavols.cat\/rcsguindvols\/p%C3%A0gina-principal\" target=\"_blank\" rel=\"noopener\"><\/a><\/p>\n<p>\u00a0Projectes RCS 4t ESO<\/p>\n<p>El\u00a0 curs escolar 15\/16 es va introduir el treball per projectes de caire interdisciplinar com a\u00a0 nova estrat\u00e8gia pedag\u00f2gica&hellip;  <a href=\"https:\/\/agora.xtec.cat\/iesguindavols\/treball-per-projectes\/\" title=\"Read Treball per projectes\">Llegeix m\u00e9s\u00bb<\/a><\/p>\n","protected":false},"author":6,"featured_media":0,"parent":0,"menu_order":0,"comment_status":"closed","ping_status":"closed","template":"","meta":{"_bbp_topic_count":0,"_bbp_reply_count":0,"_bbp_total_topic_count":0,"_bbp_total_reply_count":0,"_bbp_voice_count":0,"_bbp_anonymous_reply_count":0,"_bbp_topic_count_hidden":0,"_bbp_reply_count_hidden":0,"_bbp_forum_subforum_count":0,"footnotes":""},"class_list":["post-65808","page","type-page","status-publish","hentry"],"post_mailing_queue_ids":[],"_links":{"self":[{"href":"https:\/\/agora.xtec.cat\/iesguindavols\/wp-json\/wp\/v2\/pages\/65808","targetHints":{"allow":["GET"]}}],"collection":[{"href":"https:\/\/agora.xtec.cat\/iesguindavols\/wp-json\/wp\/v2\/pages"}],"about":[{"href":"https:\/\/agora.xtec.cat\/iesguindavols\/wp-json\/wp\/v2\/types\/page"}],"author":[{"embeddable":true,"href":"https:\/\/agora.xtec.cat\/iesguindavols\/wp-json\/wp\/v2\/users\/6"}],"replies":[{"embeddable":true,"href":"https:\/\/agora.xtec.cat\/iesguindavols\/wp-json\/wp\/v2\/comments?post=65808"}],"version-history":[{"count":7,"href":"https:\/\/agora.xtec.cat\/iesguindavols\/wp-json\/wp\/v2\/pages\/65808\/revisions"}],"predecessor-version":[{"id":72402,"href":"https:\/\/agora.xtec.cat\/iesguindavols\/wp-json\/wp\/v2\/pages\/65808\/revisions\/72402"}],"wp:attachment":[{"href":"https:\/\/agora.xtec.cat\/iesguindavols\/wp-json\/wp\/v2\/media?parent=65808"}],"curies":[{"name":"wp","href":"https:\/\/api.w.org\/{rel}","templated":true}]}}