{"id":65245,"date":"2022-11-16T13:18:05","date_gmt":"2022-11-16T12:18:05","guid":{"rendered":"https:\/\/agora.xtec.cat\/iesguindavols\/?page_id=65245"},"modified":"2024-12-03T17:20:14","modified_gmt":"2024-12-03T16:20:14","slug":"estrategia-digital-de-centre","status":"publish","type":"page","link":"https:\/\/agora.xtec.cat\/iesguindavols\/estrategia-digital-de-centre\/","title":{"rendered":"Estrat\u00e8gia Digital de Centre"},"content":{"rendered":"<p>L\u2019Institut Guind\u00e0vols, des de fa molts anys ha vetllat per la digitalitzaci\u00f3 del centre. El darrer Pla de Tecnologies per l\u2019Aprenentatge i el Coneixement es va fer el 2019. En aquest pla es recollien 11 objectius per entomar els reptes que es presentaven, per el coneixement de les eines digitals, tant pel que fa a l\u2019alumnat i el professorat, aix\u00ed com garantir la seguretat de les dades utilitzades per poder dur a terme de forma segura totes les aplicacions digitals utilitzades pel desenvolupament digital.<\/p>\n<p>Aquell Pla Tac, ens va permetre sortir-nos de manera eficient de les condicions que es van donar en la pand\u00e8mia. Vam poder arribar a la majoria d\u2019alumnat per continuar la seva formaci\u00f3, i aproximar-nos a les fam\u00edlies per donar suport a trav\u00e9s de les diferents tutories.<\/p>\n<p>Ara es donen les circumst\u00e0ncies per poder aconseguir un pas m\u00e9s, en els coneixements digitals de tota la comunitat educativa.<\/p>\n<p>\u00c9s per aix\u00f2 que pensem una Estrat\u00e8gia Digital, que serveixi de guia per aconseguir la fita de que tota la comunitat educativa sigui digitalment competent, que disposi de les eines suficients, tan de maquinari com d\u2019aplicacions digitals, i tamb\u00e9 garantir la seguretat de les dades de tots els usuaris que les utilitza.<\/p>\n<p>Previ al desplegament de l\u2019Estrat\u00e8gia Digital de l\u2019Institut Guind\u00e0vols, el que hem fet \u00e9s un an\u00e0lisi profund d\u2019all\u00f2 que fem, i del que no fem, per millorar-ho i implementar-ho.<\/p>\n<p><strong>En el PEC i el Projecte de Direcci\u00f3, es marquen dues l\u00ednies d\u2019actuaci\u00f3 dins dels objectius 5 i 6, que fan refer\u00e8ncia a les actuacions Digitals:<\/strong><\/p>\n<ol start=\"5\">\n<li><strong> Afavorir la inclusi\u00f3 a tot l\u2019alumnat del centre<\/strong><\/li>\n<\/ol>\n<p>5.1 Impulsar la realitzaci\u00f3 de projectes que tinguin en compte la inclusi\u00f3 i la coeducaci\u00f3.<\/p>\n<p>5.2 Garantir la inclusi\u00f3 digital al centre.<\/p>\n<ol start=\"6\">\n<li><strong> Potenciar la comunicaci\u00f3 entre els diferents grups d\u2019inter\u00e8s del centre<\/strong><\/li>\n<\/ol>\n<p>6.1 Potenciar l\u2019\u00fas de la p\u00e0gina web.<\/p>\n<p>6.2 Potenciar l\u2019\u00fas de Google for education del qual tenim un espai propi.<\/p>\n<p>6.3 Potenciar la utilitzaci\u00f3 de l\u2019aplicatiu de gesti\u00f3 de la tutoria.<\/p>\n<p><strong>Les al\u00b7lusions a la part digital del centre en les NOF, son les seg\u00fcents:<\/strong><\/p>\n<p><strong>3.5.3.9. Coordinador\/a TAC<\/strong>.<\/p>\n<p>Responsable de les tecnologies per a l\u2019aprenentatge i el coneixement (TAC) que es deriven dels<\/p>\n<p>recursos TIC (tecnologies de la informaci\u00f3 i comunicaci\u00f3). Nomenada pel director\/a escoltat l\u2019Equip<\/p>\n<p>Directiu.<\/p>\n<p>Funcions:<\/p>\n<ol>\n<li>Impulsar l\u2019\u00fas did\u00e0ctic de les TIC en el curr\u00edculum escolar i assessorar el professorat per a la<\/li>\n<\/ol>\n<p>seva implantaci\u00f3, aix\u00ed com orientar-lo sobre la formaci\u00f3 en TAC, d\u2019acord amb el suport dels<\/p>\n<p>serveis educatius de la zona.<\/p>\n<ol>\n<li>Vetllar pel manteniment de les instal\u00b7lacions i els equipaments inform\u00e0tics i telem\u00e0tics del<\/li>\n<\/ol>\n<p>centre, en coordinaci\u00f3 amb el servei de manteniment preventiu i d\u2019assist\u00e8ncia t\u00e8cnica.<\/p>\n<ol>\n<li>Proposar a l\u2019equip directiu els criteris per a la utilitzaci\u00f3 dels recursos TIC del centre.<\/li>\n<li>Assessorar l\u2019equip directiu, el professorat i el personal d\u2019administraci\u00f3 i serveis del centre en<\/li>\n<\/ol>\n<p>l\u2019\u00fas de les aplicacions de gesti\u00f3 acad\u00e8mica , econ\u00f2mica i administrativa.<\/p>\n<ol>\n<li>Aquelles altres que el director\/a del centre li encomani en relaci\u00f3 amb els recursos TIC<\/li>\n<\/ol>\n<p>disponibles.<\/p>\n<ol>\n<li>Elaborar la Mem\u00f2ria Anual de la coordinaci\u00f3.<\/li>\n<\/ol>\n<p><strong>7.1.17. Intranet.<\/strong><\/p>\n<p>El centre disposa de p\u00e0gina web pr\u00f2pia, l\u2019adre\u00e7a de la qual \u00e9s http:\/\/www.institutguindavols.cat.<\/p>\n<p>Aquesta \u00e9s una eina de comunicaci\u00f3 amb les fam\u00edlies i de treball amb l\u2019alumnat on es pot trobar<\/p>\n<p>informaci\u00f3 rellevant del centre (esdeveniments, activitats, calendari, organitzaci\u00f3 del centre,<\/p>\n<p>convocat\u00f2ries, agenda, fotos&#8230;).<\/p>\n<table class=\" aligncenter\" style=\"height: 694px; width: 100%; border-collapse: collapse; border-style: none;\">\n<tbody>\n<tr style=\"height: 694px;\">\n<td style=\"width: 50%; height: 694px;\"><a href=\"https:\/\/agora.xtec.cat\/iesguindavols\/wp-content\/uploads\/usu2923\/2024\/12\/Extracte-del-projecte-de-direccio-24-28.pdf\" target=\"_blank\" rel=\"noopener\"><img loading=\"lazy\" decoding=\"async\" class=\"aligncenter wp-image-65433 size-full\" src=\"https:\/\/agora.xtec.cat\/iesguindavols\/wp-content\/uploads\/usu2923\/2023\/01\/PdD.jpg\" alt=\"\" width=\"538\" height=\"761\" srcset=\"https:\/\/agora.xtec.cat\/iesguindavols\/wp-content\/uploads\/usu2923\/2023\/01\/PdD.jpg 538w, https:\/\/agora.xtec.cat\/iesguindavols\/wp-content\/uploads\/usu2923\/2023\/01\/PdD-212x300.jpg 212w\" sizes=\"auto, (max-width: 538px) 100vw, 538px\" \/><\/a><\/td>\n<td style=\"width: 50%; height: 694px;\"><a href=\"https:\/\/agora.xtec.cat\/iesguindavols\/wp-content\/uploads\/usu2923\/2023\/01\/PEC-octubre-2022-INS-Guindavols-4.pdf\" target=\"_blank\" rel=\"noopener\"><img loading=\"lazy\" decoding=\"async\" class=\"aligncenter size-full wp-image-65429\" src=\"https:\/\/agora.xtec.cat\/iesguindavols\/wp-content\/uploads\/usu2923\/2023\/01\/pec.jpg\" alt=\"\" width=\"569\" height=\"685\" srcset=\"https:\/\/agora.xtec.cat\/iesguindavols\/wp-content\/uploads\/usu2923\/2023\/01\/pec.jpg 569w, https:\/\/agora.xtec.cat\/iesguindavols\/wp-content\/uploads\/usu2923\/2023\/01\/pec-249x300.jpg 249w\" sizes=\"auto, (max-width: 569px) 100vw, 569px\" \/><\/a><\/td>\n<\/tr>\n<\/tbody>\n<\/table>\n","protected":false},"excerpt":{"rendered":"<p>L\u2019Institut Guind\u00e0vols, des de fa molts anys ha vetllat per la digitalitzaci\u00f3 del centre. El darrer Pla de Tecnologies per l\u2019Aprenentatge i el Coneixement es va fer el 2019. En aquest pla es recollien 11 objectius per entomar els reptes que es presentaven, per el&hellip;  <a href=\"https:\/\/agora.xtec.cat\/iesguindavols\/estrategia-digital-de-centre\/\" title=\"Read Estrat\u00e8gia Digital de Centre\">Llegeix m\u00e9s\u00bb<\/a><\/p>\n","protected":false},"author":6,"featured_media":0,"parent":0,"menu_order":0,"comment_status":"closed","ping_status":"closed","template":"page-templates\/side-menu.php","meta":{"_bbp_topic_count":0,"_bbp_reply_count":0,"_bbp_total_topic_count":0,"_bbp_total_reply_count":0,"_bbp_voice_count":0,"_bbp_anonymous_reply_count":0,"_bbp_topic_count_hidden":0,"_bbp_reply_count_hidden":0,"_bbp_forum_subforum_count":0,"footnotes":""},"class_list":["post-65245","page","type-page","status-publish","hentry"],"post_mailing_queue_ids":[],"_links":{"self":[{"href":"https:\/\/agora.xtec.cat\/iesguindavols\/wp-json\/wp\/v2\/pages\/65245","targetHints":{"allow":["GET"]}}],"collection":[{"href":"https:\/\/agora.xtec.cat\/iesguindavols\/wp-json\/wp\/v2\/pages"}],"about":[{"href":"https:\/\/agora.xtec.cat\/iesguindavols\/wp-json\/wp\/v2\/types\/page"}],"author":[{"embeddable":true,"href":"https:\/\/agora.xtec.cat\/iesguindavols\/wp-json\/wp\/v2\/users\/6"}],"replies":[{"embeddable":true,"href":"https:\/\/agora.xtec.cat\/iesguindavols\/wp-json\/wp\/v2\/comments?post=65245"}],"version-history":[{"count":4,"href":"https:\/\/agora.xtec.cat\/iesguindavols\/wp-json\/wp\/v2\/pages\/65245\/revisions"}],"predecessor-version":[{"id":70341,"href":"https:\/\/agora.xtec.cat\/iesguindavols\/wp-json\/wp\/v2\/pages\/65245\/revisions\/70341"}],"wp:attachment":[{"href":"https:\/\/agora.xtec.cat\/iesguindavols\/wp-json\/wp\/v2\/media?parent=65245"}],"curies":[{"name":"wp","href":"https:\/\/api.w.org\/{rel}","templated":true}]}}