{"id":49,"date":"2014-09-17T16:55:55","date_gmt":"2014-09-17T16:55:55","guid":{"rendered":"http:\/\/agora.xtec.cat\/iesguindavols\/?page_id=49"},"modified":"2025-09-29T07:16:22","modified_gmt":"2025-09-29T05:16:22","slug":"normes-dorganitzacio-i-funcionament","status":"publish","type":"page","link":"https:\/\/agora.xtec.cat\/iesguindavols\/linstitut\/normes-dorganitzacio-i-funcionament\/","title":{"rendered":"Normes i funcionament"},"content":{"rendered":"<h4><strong>Visites dels pares, mares i tutor\/es.<\/strong><\/h4>\n<p>El vincle de comunicaci\u00f3 ordinari entre el centre i les fam\u00edlies ( mares, pares o persones que<br \/>\ntenen la tutela legal) de l\u2019alumnat \u00e9s el professorat tutor, que amb aquesta finalitat t\u00e9 en el seu<br \/>\nhorari una hora setmanal de visita. No obstant aix\u00f2, qualsevol mare, pare o persona amb la tutela<br \/>\nlegal de l\u2019alumnat pot demanar entrevista amb qualsevol membre de l\u2019equip educatiu del seu fill<br \/>\no filla o de l\u2019Equip Directiu.<\/p>\n<h4><strong>Activitats complement\u00e0ries i extraescolars.<\/strong><\/h4>\n<h6>Complement\u00e0ries amb o sense sortida.<\/h6>\n<ul>\n<li>Durant el mes de setembre tots els departaments fan arribar al coordinador\/a d\u2019activitats la<br \/>\nproposta d\u2019activitats complement\u00e0ries i sortides per al curs, per tal que s\u2019incloguin en la<br \/>\nProgramaci\u00f3 General Anual del centre i siguin aprovades pel Consell Escolar. De qualsevol sortida<br \/>\nque es programi posteriorment se n\u2019ha de sol\u00b7licitar l\u00b4 aprovaci\u00f3 al Consell Escolar.<\/li>\n<li>Les activitats programades poden ser consultades mitjan\u00e7ant el calendari d\u2019activitats (Google<br \/>\nCalendar) gestionat pel coordinador d\u2019activitats.<\/li>\n<li>Per tal de que el professorat afectat per una activitat en pugui tenir const\u00e0ncia caldr\u00e0 que el<br \/>\nprofessorat responsable de la mateixa l\u2019introdueixi a l\u2019aplicatiu Web Gassist.<\/li>\n<\/ul>\n<h6>Extraescolars.<\/h6>\n<ul>\n<li>Cada curs s\u2019ofereixen activitats extraescolars en horari de tarda. Poden ser entre altres:\n<ul>\n<li>Estudi assistit: est\u00e0 adre\u00e7at a l\u2019alumnat que presenta dificultats acad\u00e8miques.<\/li>\n<li>Biblioteca: \u00e9s un espai per poder-hi treballar individualment o per fer treballs en grups petits.<\/li>\n<li>Activitats esportives: futbol, b\u00e0squet, dansa, aer\u00f2bic, Korfbal, &#8230; en el marc del programa Pla<br \/>\nd\u2019Esport a l\u2019Escola (PEE)<\/li>\n<li>Activitats art\u00edstiques o d\u2019expressi\u00f3: teatre, pl\u00e0stica, m\u00fasica instrumental, hip-hop&#8230;<\/li>\n<li>Activitats formatives d\u2019ampliaci\u00f3: inform\u00e0tica, angl\u00e8s, fotografia &#8230;<\/li>\n<\/ul>\n<\/li>\n<\/ul>\n<h6>Autoritzaci\u00f3 a l\u2019alumnat.<\/h6>\n<ul>\n<li>Als alumnes menors d\u2019edat que participin en activitats fora del centre, els caldr\u00e0 l\u2019autoritzaci\u00f3<br \/>\nescrita dels seus pares, mares o tutors legals.<\/li>\n<li>Per a les sortides realitzades dins la ciutat de Lleida es far\u00e0 una autoritzaci\u00f3 v\u00e0lida per a tot el<br \/>\ncurs. Les fam\u00edlies seran informades pr\u00e8viament d\u2019aquestes sortides.<\/li>\n<li>Per a aquelles sortides que impliquin pernoctar fora del domicili familiar caldr\u00e0 una autoritzaci\u00f3<br \/>\nespec\u00edfica.<\/li>\n<\/ul>\n<h4><strong>Marc horari.<\/strong><\/h4>\n<ul>\n<li>ESO i Batxillerat: 08:15 a 14:45 hores.<\/li>\n<li>Curs de preparaci\u00f3 per a la incorporaci\u00f3 als cicles de grau superior: 16:00 a 20:05 hores.<\/li>\n<li>Cicles Formatius de Grau Mitj\u00e0: 08:15 a 14:45 hores.<\/li>\n<li>Cicles Formatius de Grau Superior: 15:00 a 21:00 hores.<\/li>\n<\/ul>\n<h4><strong>Retards en l\u2019entrada al centre.<\/strong><\/h4>\n<ul>\n<li>L\u00b4alumnat de l\u00b4ESO que arribi tard haur\u00e0 de signar el full de control de retards i anir\u00e0 la primera<br \/>\nhora del mat\u00ed a la biblioteca, amb tasques espec\u00edfiques.<\/li>\n<li>El professorat pot no deixar entrar l\u00b4alumnat d\u2019estudis postobligatoris a classe fins a l\u2019hora<br \/>\nseg\u00fcent en cas de retard.<\/li>\n<\/ul>\n<h4><strong>Control d\u2019abs\u00e8ncies.<\/strong><\/h4>\n<ul>\n<li>A 1\u00aa hora del mat\u00ed, de forma autom\u00e0tica, l\u2019aplicatiu enviar\u00e0 un SMS de notificaci\u00f3 d\u2019abs\u00e8ncia a un<br \/>\ndels tutors\/es legals de l\u2019alumne\/a.<\/li>\n<li>L\u2019alumnat menor d\u2019edat disposa d\u2019un talonari que adquireix a consergeria per tal de justificar<br \/>\nabs\u00e8ncies, retards o sortides excepcionals del centre. Aquestes justificacions han d\u2019estar<br \/>\nomplertes i signades pels tutors\/es legals de l\u2019alumne i s\u00b4han de lliurar oportunament al<br \/>\nprofessorat tutor.<\/li>\n<\/ul>\n<h4><strong>Sortida i entrada excepcional de l\u2019alumnat.<\/strong><\/h4>\n<ul>\n<li>L\u2019alumnat pot sortir del centre de manera excepcional fora de l\u00b4horari si presenta la corresponent<br \/>\nautoritzaci\u00f3 signada pels tutors\/es legals.<\/li>\n<li>Si un alumne\/a d\u2019ESO, o aquell que sigui menor d\u2019edat dels ensenyaments postobligatoris, ha de<br \/>\nsortir i no porta l\u2019esmentada autoritzaci\u00f3, des de consergeria es posar\u00e0 aquest fet en<br \/>\nconeixement dels tutors\/es legals, que en podran donar autoritzaci\u00f3 per tel\u00e8fon.<\/li>\n<li>L\u2019alumnat major d\u2019edat no necessita cap tipus de justificaci\u00f3 per poder sortir del centre.<\/li>\n<\/ul>\n<h4><strong>Actuacions en el sup\u00f2sit d\u2019absentisme de l\u2019alumnat.<\/strong><\/h4>\n<h6>Alumnat d\u2019ESO.<\/h6>\n<p>La seva assist\u00e8ncia \u00e9s obligat\u00f2ria. Quan es produeixi un cas d\u2019absentisme escolar, el centre s\u2019ha de<br \/>\nposar en contacte amb els pares, mares o tutors legals per tal d\u2019assabentar-los de la situaci\u00f3 i<br \/>\nrecordar-los les obligacions quant a vetllar per la correcta escolaritzaci\u00f3 de l\u00b4alumnat. Aix\u00ed mateix, es<br \/>\ncomunicar\u00e0 per escrit a la persona assistent social de l\u2019EAP, que s\u2019encarrega de fer-ho arribar als<br \/>\nserveis socials de la ciutat. D\u2019aquesta comunicaci\u00f3 n\u2019haur\u00e0 de quedar c\u00f2pia arxivada en el centre, aix\u00ed<br \/>\ncom tamb\u00e9 se n\u00b4ha d\u00b4informar la Inspecci\u00f3 d\u2019Ensenyament. En cas que l\u2019alumne\/a no s\u2019assisteixi<br \/>\ndurant el termini de dos mesos, sense causa justificada, perdr\u00e0 la pla\u00e7a.<\/p>\n<h6>Alumnat de Batxillerat i Cicles Formatius.<\/h6>\n<ul>\n<li>L\u2019assist\u00e8ncia \u00e9s obligat\u00f2ria en totes les hores presencials de les mat\u00e8ries\/unitats formatives,<br \/>\nincloses les hores de pres\u00e8ncia en els centres de treball on cursa l\u2019 FCT o l\u2019estada a l\u2019empresa.<\/li>\n<li>En cas de manca d\u2019assist\u00e8ncia reiterada, es pot perdre el dret a l\u2019avaluaci\u00f3 cont\u00ednua i s\u2019aplicar\u00e0 el<br \/>\nseg\u00fcent:<\/p>\n<ul>\n<li>L&#8217;alumnat que superi en un 20% les faltes d\u2019assist\u00e8ncia en una mat\u00e8ria\/unitat formativa<br \/>\nen concret, pot perdre el dret a la convocat\u00f2ria ordin\u00e0ria d\u2019aquella mat\u00e8ria\/unitat<br \/>\nformativa, ja que el professorat implicat no pot valorar-ne els procediments i les actituds.<br \/>\nL\u2019equip docent ser\u00e0 el responsable de decidir l\u2019aplicaci\u00f3 d\u2019aquesta normativa i<br \/>\nl\u2019obligatorietat o no de l\u2019alumne de continuar assistint a classe.<\/li>\n<li>L\u2019alumnat que superi en un 20% les faltes d\u2019assist\u00e8ncia en el conjunt de mat\u00e8ries\/m\u00f2duls<br \/>\nprofessionals del curs acad\u00e8mic pot ser donat de baixa (anul\u00b7laci\u00f3 de matr\u00edcula), segons<br \/>\nho consideri l\u2019equip docent.<\/li>\n<li>L\u2019abs\u00e8ncia injustificada, sistem\u00e0tica i reiterada de l\u2019alumne\/a durant 15 dies lectius, pot<br \/>\ncomportar l\u2019anul\u00b7laci\u00f3 de la matr\u00edcula de l\u2019alumne\/a.<\/li>\n<li>Quan es doni alguna de les situacions indicades en els apartats b i c, el tutor\/a ser\u00e0<br \/>\nl\u2019encarregat\/da de fer la sol\u00b7licitud da baixa al director\/a, previ acord de l\u2019equip docent,<br \/>\nenviant un correu electr\u00f2nic a <a href=\"mailto:secretaria@institutguindavols.cat\">secretaria@institutguindavols.cat<\/a>. En el correu electr\u00f2nic<br \/>\ns\u2019indicaran els per\u00edodes en que s\u2019han donat les abs\u00e8ncies que justifiquen la baixa de la<br \/>\nmatr\u00edcula. El director\/a resoldr\u00e0 si iniciar el proc\u00e9s de baixa, moment en el que es<br \/>\nnotificar\u00e0 aquesta circumst\u00e0ncia, mitjan\u00e7ant carta certificada, a l\u2019alumne\/a absentista i<br \/>\nals seus pares o tutors legals en el cas d\u2019alumnes menors d\u2019edat. Si en el termini d\u2019una<br \/>\nsetmana no justifica la seva abs\u00e8ncia, la direcci\u00f3 del centre podr\u00e0 anul\u00b7lar la matr\u00edcula de<br \/>\nl\u2019alumne\/a per absentisme, i la seva vacant podr\u00e0 ser ocupada per una altra persona.<\/li>\n<\/ul>\n<\/li>\n<\/ul>\n<p><a href=\"https:\/\/agora.xtec.cat\/iesguindavols\/wp-content\/uploads\/usu2923\/2025\/03\/NOF-gener-2025-1.pdf\" target=\"_blank\" rel=\"noopener\"><img loading=\"lazy\" decoding=\"async\" class=\"aligncenter wp-image-69011 size-medium\" src=\"https:\/\/agora.xtec.cat\/iesguindavols\/wp-content\/uploads\/usu2923\/2024\/01\/nofc-233x300.jpg\" alt=\"\" width=\"233\" height=\"300\" srcset=\"https:\/\/agora.xtec.cat\/iesguindavols\/wp-content\/uploads\/usu2923\/2024\/01\/nofc-233x300.jpg 233w, https:\/\/agora.xtec.cat\/iesguindavols\/wp-content\/uploads\/usu2923\/2024\/01\/nofc.jpg 601w\" sizes=\"auto, (max-width: 233px) 100vw, 233px\" \/><\/a><\/p>\n","protected":false},"excerpt":{"rendered":"<p>Visites dels pares, mares i tutor\/es.<br \/>\nEl vincle de comunicaci\u00f3 ordinari entre el centre i les fam\u00edlies ( mares, pares o persones que<br \/>\ntenen la tutela legal) de l\u2019alumnat \u00e9s el professorat tutor, que amb aquesta finalitat t\u00e9 en el seu<br \/>\nhorari una hora setmanal de visita. No&hellip;  <a href=\"https:\/\/agora.xtec.cat\/iesguindavols\/linstitut\/normes-dorganitzacio-i-funcionament\/\" title=\"Read Normes i funcionament\">Llegeix m\u00e9s\u00bb<\/a><\/p>\n","protected":false},"author":1,"featured_media":0,"parent":19,"menu_order":60,"comment_status":"closed","ping_status":"closed","template":"","meta":{"_bbp_topic_count":0,"_bbp_reply_count":0,"_bbp_total_topic_count":0,"_bbp_total_reply_count":0,"_bbp_voice_count":0,"_bbp_anonymous_reply_count":0,"_bbp_topic_count_hidden":0,"_bbp_reply_count_hidden":0,"_bbp_forum_subforum_count":0,"footnotes":""},"class_list":["post-49","page","type-page","status-publish","hentry"],"post_mailing_queue_ids":[],"_links":{"self":[{"href":"https:\/\/agora.xtec.cat\/iesguindavols\/wp-json\/wp\/v2\/pages\/49","targetHints":{"allow":["GET"]}}],"collection":[{"href":"https:\/\/agora.xtec.cat\/iesguindavols\/wp-json\/wp\/v2\/pages"}],"about":[{"href":"https:\/\/agora.xtec.cat\/iesguindavols\/wp-json\/wp\/v2\/types\/page"}],"author":[{"embeddable":true,"href":"https:\/\/agora.xtec.cat\/iesguindavols\/wp-json\/wp\/v2\/users\/1"}],"replies":[{"embeddable":true,"href":"https:\/\/agora.xtec.cat\/iesguindavols\/wp-json\/wp\/v2\/comments?post=49"}],"version-history":[{"count":5,"href":"https:\/\/agora.xtec.cat\/iesguindavols\/wp-json\/wp\/v2\/pages\/49\/revisions"}],"predecessor-version":[{"id":72603,"href":"https:\/\/agora.xtec.cat\/iesguindavols\/wp-json\/wp\/v2\/pages\/49\/revisions\/72603"}],"up":[{"embeddable":true,"href":"https:\/\/agora.xtec.cat\/iesguindavols\/wp-json\/wp\/v2\/pages\/19"}],"wp:attachment":[{"href":"https:\/\/agora.xtec.cat\/iesguindavols\/wp-json\/wp\/v2\/media?parent=49"}],"curies":[{"name":"wp","href":"https:\/\/api.w.org\/{rel}","templated":true}]}}