{"id":27,"date":"2014-09-17T16:24:03","date_gmt":"2014-09-17T16:24:03","guid":{"rendered":"http:\/\/agora.xtec.cat\/iesguindavols\/?page_id=27"},"modified":"2023-02-09T15:55:35","modified_gmt":"2023-02-09T14:55:35","slug":"historia","status":"publish","type":"page","link":"https:\/\/agora.xtec.cat\/iesguindavols\/linstitut\/historia\/","title":{"rendered":"Hist\u00f2ria"},"content":{"rendered":"<p style=\"text-align: justify;\"><span style=\"font-family: inherit; font-size: 1em;\">L\u2019Institut Guind\u00e0vols \u00e9s un centre p\u00fablic de la Generalitat de Catalunya on s\u2019imparteixen els estudis d\u2019ESO, Batxillerat i Cicles Formatius.<\/span><\/p>\n<p><span style=\"font-family: inherit; font-size: 1em;\">El centre neix l\u2019any 1945 com a Taller Escuela Sindical de Formaci\u00f3n Profesional \u201cAngel Montesinos\u201d. La seva primera ubicaci\u00f3 \u00e9s a l\u2019Escola del Treball, on compartia espais amb l\u2019Institut de Batxillerat i la Escuela de Maestr\u00eda Industrial fins l\u2019any 1958, quan fou traslladat a l\u2019antic edifici de la Creu Roja. S\u2019hi impartien diversos estudis de formaci\u00f3 ocupacional (construcci\u00f3, fontaneria, electricitat i r\u00e0dio, metall, serralleria, electricitat, fusteria i ensenyaments reglats).<\/span><\/p>\n<p><span style=\"font-family: inherit; font-size: 1em;\">L\u2019any 1965 s\u2019aprova la construcci\u00f3 de l\u2019edifici actual i durant els anys 70 amb la Ley de Educaci\u00f3n passa a ser centre homologat de la nova formaci\u00f3 professional de 1r i 2n grau. <\/span><\/p>\n<p><span style=\"font-family: inherit; font-size: 1em;\">El curs 1977\u201078 s\u2019extingeixen els estudis vells i s\u00f3n implantats els nous en les branques de metall, electricitat i fred industrial i climatitzaci\u00f3.<\/span><\/p>\n<p><span style=\"font-family: inherit; font-size: 1em;\">Durant el curs 1978\u20101979 amb la desaparici\u00f3 de la Organizaci\u00f3n Sindical el centre s\u2019integra a l\u2019Associaci\u00f3 Institucional de Serveis Socioprofessionals i a la Subsecretaria de Formaci\u00f3 Professional<br \/>\ndel Ministeri del Treball, conjuntament amb la Promoci\u00f3 Professional Obrera i, en crear\u2010se l\u2019INEM, queda adscrit a aquest organisme.<\/span><\/p>\n<p><span style=\"font-family: inherit; font-size: 1em;\">L\u2019any 1984 es van fer els traspassos al Ministeri d\u2019Educaci\u00f3 i Ci\u00e8ncia (fins llavors depenia del Ministeri de treball), i posteriorment al Departament d\u2019Ensenyament de la Generalitat de Catalunya, passant a anomenar-se Institut de FP \u00c1ngel Montesinos.<\/span><\/p>\n<p><span style=\"font-family: inherit; font-size: 1em;\">El curs 87\u201088 el centre canvia el nom per l\u2019actual, Guind\u00e0vols, el mateix nom que la partida on s\u2019ubica. S\u2019inicia la branca de Moda i les especialitats de Manteniment Electromec\u00e0nic, i Calor, Fred i aire condicionat, com a complement de les existents. <\/span><\/p>\n<p><span style=\"font-family: inherit; font-size: 1em;\">Al 1996, amb la LOGSE es produeix una nova transformaci\u00f3 del centre, s\u2019implanta l\u2019ESO i a continuaci\u00f3 el Batxillerat, amb les modalitats del Batxillerat Cient\u00edfic\u2010tecnol\u00f2gic i d\u2019Humanitats i Ci\u00e8ncies Socials. Per la seva banda, la Formaci\u00f3 Professional va transformar\u2010se en Cicles Formatius, amb nous curr\u00edculums i nova organitzaci\u00f3. Al 2001 el centre t\u00e9 el reconeixement de centre Superior d\u2019Ensenyaments Professionals atorgada pel Departament d\u2019Educaci\u00f3 com a centre de refer\u00e8ncia per a tot Catalunya de la fam\u00edlia de Manteniment i Serveis a la Producci\u00f3.<\/span><\/p>\n<p><span style=\"font-family: inherit; font-size: 1em;\">Aquests darrers anys el centre ha ofert per temps limitat els Cicles Formatius de Prevenci\u00f3 de Riscos Professionals i el d\u2019Efici\u00e8ncia Energ\u00e8tica. Tamb\u00e9 hem ofert el Curs d\u2019Acc\u00e9s a CF de Grau Superior.\u00a0<\/span><\/p>\n<p>&nbsp;<\/p>\n\r\n\t<div class=\"slideshow_container slideshow_container_style-light\" style=\"height: 300px; \" data-slideshow-id=\"65457\" data-style-name=\"style-light\" data-style-version=\"2.3.1\" >\r\n\r\n\t\t\t\t\t<div class=\"slideshow_loading_icon\"><\/div>\r\n\t\t\r\n\t\t<div class=\"slideshow_content\" style=\"display: none;\">\r\n\r\n\t\t\t<div class=\"slideshow_view\">\r\n\t\t\t\t<div class=\"slideshow_slide slideshow_slide_image\">\r\n\t\t\t\t\t\t\t\t\t\t\t<img src=\"https:\/\/agora.xtec.cat\/iesguindavols\/wp-content\/uploads\/usu2923\/2023\/01\/8.jpg\" alt=\"8\" width=\"1619\" height=\"1144\" \/>\r\n\t\t\t\t\t\t\t\t\t\t<div class=\"slideshow_description_box slideshow_transparent\">\r\n\t\t\t\t\t\t<div class=\"slideshow_title\">8<\/div>\t\t\t\t\t\t\t\t\t\t\t<\/div>\r\n\t\t\t\t<\/div>\r\n\r\n\t\t\t\t\t\t<div style=\"clear: both;\"><\/div><\/div><div class=\"slideshow_view\">\r\n\t\t\t\t<div class=\"slideshow_slide slideshow_slide_image\">\r\n\t\t\t\t\t\t\t\t\t\t\t<img src=\"https:\/\/agora.xtec.cat\/iesguindavols\/wp-content\/uploads\/usu2923\/2023\/01\/9.jpg\" alt=\"9\" width=\"1612\" height=\"1149\" \/>\r\n\t\t\t\t\t\t\t\t\t\t<div class=\"slideshow_description_box slideshow_transparent\">\r\n\t\t\t\t\t\t<div class=\"slideshow_title\">9<\/div>\t\t\t\t\t\t\t\t\t\t\t<\/div>\r\n\t\t\t\t<\/div>\r\n\r\n\t\t\t\t\t\t<div style=\"clear: both;\"><\/div><\/div><div class=\"slideshow_view\">\r\n\t\t\t\t<div class=\"slideshow_slide slideshow_slide_image\">\r\n\t\t\t\t\t\t\t\t\t\t\t<img src=\"https:\/\/agora.xtec.cat\/iesguindavols\/wp-content\/uploads\/usu2923\/2023\/01\/10.jpg\" alt=\"10\" width=\"1366\" height=\"893\" \/>\r\n\t\t\t\t\t\t\t\t\t\t<div class=\"slideshow_description_box slideshow_transparent\">\r\n\t\t\t\t\t\t<div class=\"slideshow_title\">10<\/div>\t\t\t\t\t\t\t\t\t\t\t<\/div>\r\n\t\t\t\t<\/div>\r\n\r\n\t\t\t\t\t\t<div style=\"clear: both;\"><\/div><\/div>\r\n\t\t<\/div>\r\n\r\n\t\t<div class=\"slideshow_controlPanel slideshow_transparent\" style=\"display: none;\"><ul><li class=\"slideshow_togglePlay\" data-play-text=\"Visualitza\" data-pause-text=\"Pausa\"><\/li><\/ul><\/div>\r\n\r\n\t\t<div class=\"slideshow_button slideshow_previous slideshow_transparent\" role=\"button\" data-previous-text=\"Anterior\" style=\"display: none;\"><\/div>\r\n\t\t<div class=\"slideshow_button slideshow_next slideshow_transparent\" role=\"button\" data-next-text=\"Seg\u00fcent\" style=\"display: none;\"><\/div>\r\n\r\n\t\t<div class=\"slideshow_pagination\" style=\"display: none;\" data-go-to-text=\"V\u00e9s a la diapositiva\"><div class=\"slideshow_pagination_center\"><\/div><\/div>\r\n\r\n\t\t<!-- WordPress Slideshow Version 2.3.1 -->\r\n\r\n\t\t\t<\/div>\r\n\r\n\n<p>&nbsp;<\/p>\n<p>&nbsp;<\/p>\n","protected":false},"excerpt":{"rendered":"<p>L\u2019Institut Guind\u00e0vols \u00e9s un centre p\u00fablic de la Generalitat de Catalunya on s\u2019imparteixen els estudis d\u2019ESO, Batxillerat i Cicles Formatius.<br \/>\nEl centre neix l\u2019any 1945 com a Taller Escuela Sindical de Formaci\u00f3n Profesional \u201cAngel Montesinos\u201d. La seva primera ubicaci\u00f3 \u00e9s a l\u2019Escola del Treball, on compartia&hellip;  <a href=\"https:\/\/agora.xtec.cat\/iesguindavols\/linstitut\/historia\/\" title=\"Read Hist\u00f2ria\">Llegeix m\u00e9s\u00bb<\/a><\/p>\n","protected":false},"author":1,"featured_media":0,"parent":19,"menu_order":20,"comment_status":"closed","ping_status":"closed","template":"","meta":{"_bbp_topic_count":0,"_bbp_reply_count":0,"_bbp_total_topic_count":0,"_bbp_total_reply_count":0,"_bbp_voice_count":0,"_bbp_anonymous_reply_count":0,"_bbp_topic_count_hidden":0,"_bbp_reply_count_hidden":0,"_bbp_forum_subforum_count":0,"footnotes":""},"class_list":["post-27","page","type-page","status-publish","hentry"],"post_mailing_queue_ids":[],"_links":{"self":[{"href":"https:\/\/agora.xtec.cat\/iesguindavols\/wp-json\/wp\/v2\/pages\/27","targetHints":{"allow":["GET"]}}],"collection":[{"href":"https:\/\/agora.xtec.cat\/iesguindavols\/wp-json\/wp\/v2\/pages"}],"about":[{"href":"https:\/\/agora.xtec.cat\/iesguindavols\/wp-json\/wp\/v2\/types\/page"}],"author":[{"embeddable":true,"href":"https:\/\/agora.xtec.cat\/iesguindavols\/wp-json\/wp\/v2\/users\/1"}],"replies":[{"embeddable":true,"href":"https:\/\/agora.xtec.cat\/iesguindavols\/wp-json\/wp\/v2\/comments?post=27"}],"version-history":[{"count":3,"href":"https:\/\/agora.xtec.cat\/iesguindavols\/wp-json\/wp\/v2\/pages\/27\/revisions"}],"predecessor-version":[{"id":65655,"href":"https:\/\/agora.xtec.cat\/iesguindavols\/wp-json\/wp\/v2\/pages\/27\/revisions\/65655"}],"up":[{"embeddable":true,"href":"https:\/\/agora.xtec.cat\/iesguindavols\/wp-json\/wp\/v2\/pages\/19"}],"wp:attachment":[{"href":"https:\/\/agora.xtec.cat\/iesguindavols\/wp-json\/wp\/v2\/media?parent=27"}],"curies":[{"name":"wp","href":"https:\/\/api.w.org\/{rel}","templated":true}]}}