{"id":81,"date":"2014-09-18T10:38:05","date_gmt":"2014-09-18T10:38:05","guid":{"rendered":"http:\/\/agora.xtec.cat\/iesgerbert\/?page_id=81"},"modified":"2026-04-22T21:05:01","modified_gmt":"2026-04-22T19:05:01","slug":"secretaria","status":"publish","type":"page","link":"https:\/\/agora.xtec.cat\/iesgerbert\/administracio-i-serveis\/secretaria\/","title":{"rendered":"Secretaria"},"content":{"rendered":"<p><a href=\"https:\/\/agora.xtec.cat\/iesgerbert\/wp-content\/uploads\/usu668\/2020\/02\/secretaria.jpg\"><img loading=\"lazy\" decoding=\"async\" class=\"wp-image-2884\" src=\"https:\/\/agora.xtec.cat\/iesgerbert\/wp-content\/uploads\/usu668\/2020\/02\/secretaria-300x192.jpg\" alt=\"Secretaria del centre\" width=\"487\" height=\"312\" srcset=\"https:\/\/agora.xtec.cat\/iesgerbert\/wp-content\/uploads\/usu668\/2020\/02\/secretaria-300x192.jpg 300w, https:\/\/agora.xtec.cat\/iesgerbert\/wp-content\/uploads\/usu668\/2020\/02\/secretaria-768x492.jpg 768w, https:\/\/agora.xtec.cat\/iesgerbert\/wp-content\/uploads\/usu668\/2020\/02\/secretaria-1024x656.jpg 1024w, https:\/\/agora.xtec.cat\/iesgerbert\/wp-content\/uploads\/usu668\/2020\/02\/secretaria.jpg 1687w\" sizes=\"auto, (max-width: 487px) 100vw, 487px\" \/><\/a><\/p>\n<h3><span style=\"color: #993366;\">TR\u00c0MITS EN L\u00cdNIA A TRAV\u00c9S DE L&#8217;ADRE\u00c7A <span style=\"text-decoration: underline;\"><strong>iesgerbert@xtec.cat<\/strong><\/span> o PRESENCIALS<\/span><\/h3>\n<h5 style=\"text-align: justify;\"><span style=\"color: #333333;\"><strong>Horari d\u2019atenci\u00f3 al p\u00fablic per aquest curs 2025-2026:<\/strong><\/span><\/h5>\n<ul style=\"list-style-type: disc; text-align: justify;\">\n<li><span style=\"color: #000000;\"><span style=\"color: #333333;\">Del 16 de setembre al 30 de juny:<strong> 08:00 h a 11:30 h i de 12 h a 14:30 h<\/strong><\/span><\/span><\/li>\n<li><span style=\"color: #000000;\"><span style=\"color: #333333;\">De l&#8217;1 de juliol al 15 de setembre:<strong> 9:00 hores a 13:00 hores<\/strong><\/span><\/span><\/li>\n<\/ul>\n<p><span style=\"font-family: inherit; font-size: 1em; color: #333333;\">Durant el mes d\u2019agost les oficines i l\u2019institut romandran tancats.<\/span><\/p>\n<h5><strong>Serveis de secretaria<\/strong><\/h5>\n<ul>\n<li><span style=\"color: #333333;\">Processos de preinscripci\u00f3 i matriculaci\u00f3 d&#8217;alumnat<\/span><\/li>\n<li><span style=\"color: #333333;\">Documents acad\u00e8mics: historials acad\u00e8mics, expedients acad\u00e8mics, t\u00edtols, beques i ajuts, certificats, etc.<\/span><\/li>\n<\/ul>\n<h5><\/h5>\n<h5><strong>Documents per descarregar<\/strong><\/h5>\n<ul>\n<li><span style=\"color: #333333;\">Si necessiteu fer una sol\u00b7licitud de car\u00e0cter general, descarregueu:<\/span> <a href=\"https:\/\/agora.xtec.cat\/iesgerbert\/wp-content\/uploads\/usu668\/2024\/10\/Sollicitud_General.pdf\">SOL\u00b7LICITUD GENERAL<\/a><\/li>\n<li><span style=\"color: #333333;\">Si necessiteu algun tipus de certificaci\u00f3, descarregueu:<\/span> <a style=\"font-family: inherit; font-size: 1em;\" href=\"https:\/\/agora.xtec.cat\/iesgerbert\/wp-content\/uploads\/usu668\/2024\/10\/Sollicitud_Certificat.pdf\">SOL\u00b7LICITUD CERTIFICAT<\/a><\/li>\n<li><span style=\"color: #333333;\">Si necessiteu el reconeixement de l&#8217;equival\u00e8ncia d&#8217;algun nivell de catal\u00e0, descarregueu:<\/span> <a href=\"https:\/\/agora.xtec.cat\/iesgerbert\/wp-content\/uploads\/usu668\/2024\/10\/Solicitud_Reconeixement_Catala.pdf\">SOL\u00b7LICITUD EQUIVAL\u00c8NCIA CATAL\u00c0<\/a><\/li>\n<\/ul>\n<h5><\/h5>\n<h5><strong>Requisits per poder acreditar el nivell de catal\u00e0<\/strong><\/h5>\n<table width=\"872\" cellspacing=\"0\" cellpadding=\"11\">\n<tbody>\n<tr>\n<td style=\"background: #8db3e2;\" colspan=\"3\" valign=\"top\" bgcolor=\"#8db3e2\" width=\"848\">\n<p align=\"left\"><span style=\"font-family: Arial, serif;\"><span style=\"font-size: medium;\"><b>B2<\/b><\/span><\/span><\/p>\n<\/td>\n<\/tr>\n<tr valign=\"top\">\n<td style=\"background: #c6d9f1;\" bgcolor=\"#c6d9f1\" width=\"112\">\n<p align=\"center\"><span style=\"font-family: Arial, serif;\"><span style=\"font-size: medium;\"><b>Si tens&#8230;<\/b><\/span><\/span><\/p>\n<\/td>\n<td style=\"background: #c6d9f1;\" bgcolor=\"#c6d9f1\" width=\"414\">\n<p align=\"center\"><span style=\"font-family: Arial, serif;\"><span style=\"font-size: medium;\"><b>Cal haver estudiat<\/b><\/span><\/span><\/p>\n<\/td>\n<td style=\"background: #c6d9f1;\" bgcolor=\"#c6d9f1\" width=\"278\">\n<p align=\"center\"><span style=\"font-family: Arial, serif;\"><span style=\"font-size: medium;\"><b>Documents que cal presentar<\/b><\/span><\/span><\/p>\n<\/td>\n<\/tr>\n<tr>\n<td width=\"112\">\n<p align=\"center\"><span style=\"font-family: Arial, serif;\"><span style=\"font-size: small;\">T\u00edtol graduat escolar (EGB)<\/span><\/span><\/p>\n<\/td>\n<td width=\"414\">\n<p align=\"justify\"><span style=\"font-family: Arial, serif;\"><span style=\"font-size: small;\">Haver cursat tota l\u2019EGB a Catalunya i s\u2019hagi cursat la mat\u00e8ria de llengua catalana en la totalitat dels estudis esmentats a partir del curs 1978-79 (nascuts a partir de 1972).<\/span><\/span><\/p>\n<\/td>\n<td width=\"278\">\n<p align=\"left\"><span style=\"font-family: Arial, serif;\"><span style=\"font-size: small;\">Original i fotoc\u00f2pia de:<\/span><\/span><\/p>\n<ul>\n<li>\n<p align=\"left\"><span style=\"font-family: Arial, serif;\"><span style=\"font-size: small;\">DNI<\/span><\/span><\/p>\n<\/li>\n<li>\n<p align=\"left\"><span style=\"font-family: Arial, serif;\"><span style=\"font-size: small;\">Llibre\/certificat d\u2019EGB<\/span><\/span><\/p>\n<\/li>\n<\/ul>\n<\/td>\n<\/tr>\n<tr>\n<td width=\"112\">\n<p align=\"center\"><span style=\"font-family: Arial, serif;\"><span style=\"font-size: small;\">T\u00edtol FP1<\/span><\/span><\/p>\n<\/td>\n<td width=\"414\">\n<p align=\"justify\"><span style=\"font-family: Arial, serif;\"><span style=\"font-size: small;\">Haver cursat tota l\u2019EGB i l\u2019FP1 a Catalunya i s\u2019hagi cursat la mat\u00e8ria de llengua catalana en la totalitat dels estudis esmentats a partir del curs 1978-1979 (curs d\u2019inici d\u2019EGB).<\/span><\/span><\/p>\n<\/td>\n<td width=\"278\">\n<p align=\"left\"><span style=\"font-family: Arial, serif;\"><span style=\"font-size: small;\">Original i fotoc\u00f2pia de:<\/span><\/span><\/p>\n<ul>\n<li>\n<p align=\"left\"><span style=\"font-family: Arial, serif;\"><span style=\"font-size: small;\">DNI<\/span><\/span><\/p>\n<\/li>\n<li>\n<p align=\"left\"><span style=\"font-family: Arial, serif;\"><span style=\"font-size: small;\">Llibre\/certificat d\u2019EGB<\/span><\/span><\/p>\n<\/li>\n<li>\n<p align=\"left\"><span style=\"font-family: Arial, serif;\"><span style=\"font-size: small;\">Certificat de FP1<\/span><\/span><\/p>\n<\/li>\n<\/ul>\n<\/td>\n<\/tr>\n<tr>\n<td style=\"background: #8db3e2;\" colspan=\"3\" valign=\"top\" bgcolor=\"#8db3e2\" width=\"848\">\n<p align=\"left\"><span style=\"font-family: Arial, serif;\"><span style=\"font-size: medium;\"><b>C1<\/b><\/span><\/span><\/p>\n<\/td>\n<\/tr>\n<tr valign=\"top\">\n<td style=\"background: #c6d9f1;\" bgcolor=\"#c6d9f1\" width=\"112\">\n<p align=\"center\"><span style=\"font-family: Arial, serif;\"><span style=\"font-size: medium;\"><b>Si tens&#8230;<\/b><\/span><\/span><\/p>\n<\/td>\n<td style=\"background: #c6d9f1;\" bgcolor=\"#c6d9f1\" width=\"414\">\n<p align=\"center\"><span style=\"font-family: Arial, serif;\"><span style=\"font-size: medium;\"><b>Cal haver estudiat<\/b><\/span><\/span><\/p>\n<\/td>\n<td style=\"background: #c6d9f1;\" bgcolor=\"#c6d9f1\" width=\"278\">\n<p align=\"center\"><span style=\"font-family: Arial, serif;\"><span style=\"font-size: medium;\"><b>Documents que cal presentar<\/b><\/span><\/span><\/p>\n<\/td>\n<\/tr>\n<tr>\n<td width=\"112\">\n<p align=\"center\"><span style=\"font-family: Arial, serif;\"><span style=\"font-size: small;\">T\u00edtol de BUP<\/span><\/span><\/p>\n<\/td>\n<td width=\"414\">\n<p align=\"justify\"><span style=\"font-family: Arial, serif;\"><span style=\"font-size: small;\">Haver cursat tota l\u2019EGB i BUP a Catalunya i s\u2019hagi cursat de manera oficial la mat\u00e8ria de llengua catalana en la totalitat dels estudis esmentats a partir del curs 1978-1979 (curs d\u2019inici d\u2019EGB).<\/span><\/span><\/p>\n<\/td>\n<td width=\"278\">\n<p align=\"left\"><span style=\"font-family: Arial, serif;\"><span style=\"font-size: small;\">Original i fotoc\u00f2pia de:<\/span><\/span><\/p>\n<ul>\n<li>\n<p align=\"left\"><span style=\"font-family: Arial, serif;\"><span style=\"font-size: small;\">DNI<\/span><\/span><\/p>\n<\/li>\n<li>\n<p align=\"left\"><span style=\"font-family: Arial, serif;\"><span style=\"font-size: small;\">Llibre\/certificat d\u2019EGB<\/span><\/span><\/p>\n<\/li>\n<li>\n<p align=\"left\"><span style=\"font-family: Arial, serif;\"><span style=\"font-size: small;\">Llibre\/certificat de BUP<\/span><\/span><\/p>\n<\/li>\n<\/ul>\n<\/td>\n<\/tr>\n<tr>\n<td width=\"112\">\n<p align=\"center\"><span style=\"font-family: Arial, serif;\"><span style=\"font-size: small;\">T\u00edtol FP2<\/span><\/span><\/p>\n<\/td>\n<td width=\"414\">\n<p align=\"justify\"><span style=\"font-family: Arial, serif;\"><span style=\"font-size: small;\">Haver cursat tota l\u2019EGB, FP1 i FP2 a Catalunya i s\u2019hagi cursat de manera oficial la mat\u00e8ria de llengua catalana en la totalitat dels estudis esmentats a partir del curs 1978-1979 (curs d\u2019inici d\u2019EGB).<\/span><\/span><\/p>\n<\/td>\n<td width=\"278\">\n<p align=\"left\"><span style=\"font-family: Arial, serif;\"><span style=\"font-size: small;\">Original i fotoc\u00f2pia de:<\/span><\/span><\/p>\n<ul>\n<li>\n<p align=\"left\"><span style=\"font-family: Arial, serif;\"><span style=\"font-size: small;\">DNI<\/span><\/span><\/p>\n<\/li>\n<li>\n<p align=\"left\"><span style=\"font-family: Arial, serif;\"><span style=\"font-size: small;\">Llibre\/certificat d\u2019EGB<\/span><\/span><\/p>\n<\/li>\n<li>\n<p align=\"left\"><span style=\"font-family: Arial, serif;\"><span style=\"font-size: small;\">Certificat de FP1 i FP2<\/span><\/span><\/p>\n<\/li>\n<\/ul>\n<\/td>\n<\/tr>\n<tr>\n<td width=\"112\">\n<p align=\"center\"><span style=\"font-family: Arial, serif;\"><span style=\"font-size: small;\">T\u00edtol d\u2019ESO<\/span><\/span><\/p>\n<\/td>\n<td width=\"414\">\n<p align=\"justify\"><span style=\"font-family: Arial, serif;\"><span style=\"font-size: small;\">Haver cursat almenys 3 cursos de PRIM\u00c0RIA i tota l\u2019ESO a Catalunya i s\u2019hagi cursat i aprovat la mat\u00e8ria de llengua catalana en la totalitat dels estudis esmentats. El requisit d\u2019acreditaci\u00f3 d\u2019haver aprovat la mat\u00e8ria de llengua catalana \u00e9s d\u2019aplicaci\u00f3 al t\u00edtol de graduaci\u00f3 en educaci\u00f3 secund\u00e0ria obtingut a partir del curs 2007\/2008.<\/span><\/span><\/p>\n<\/td>\n<td width=\"278\">\n<p align=\"left\"><span style=\"font-family: Arial, serif;\"><span style=\"font-size: small;\">Original i fotoc\u00f2pia de:<\/span><\/span><\/p>\n<ul>\n<li>\n<p align=\"left\"><span style=\"font-family: Arial, serif;\"><span style=\"font-size: small;\">DNI<\/span><\/span><\/p>\n<\/li>\n<li>\n<p align=\"left\"><span style=\"font-family: Arial, serif;\"><span style=\"font-size: small;\">Llibre\/certificat de prim\u00e0ria, d\u2019ESO<\/span><\/span><\/p>\n<\/li>\n<\/ul>\n<\/td>\n<\/tr>\n<tr>\n<td width=\"112\">\n<p align=\"center\"><span style=\"font-family: Arial, serif;\"><span style=\"font-size: small;\">T\u00edtol de Batxillerat<\/span><\/span><\/p>\n<\/td>\n<td width=\"414\">\n<p align=\"justify\"><span style=\"font-family: Arial, serif;\"><span style=\"font-size: small;\">Haver cursat almenys 3 cursos de PRIM\u00c0RIA i 5 entre ESO I Batxillerat a Catalunya i s\u2019hagi cursat la mat\u00e8ria de llengua catalana en la totalitat dels estudis m\u00ednims esmentats.<\/span><\/span><\/p>\n<\/td>\n<td width=\"278\">\n<p align=\"left\"><span style=\"font-family: Arial, serif;\"><span style=\"font-size: small;\">Original i fotoc\u00f2pia de:<\/span><\/span><\/p>\n<ul>\n<li>\n<p align=\"left\"><span style=\"font-family: Arial, serif;\"><span style=\"font-size: small;\">DNI<\/span><\/span><\/p>\n<\/li>\n<li>\n<p align=\"left\"><span style=\"font-family: Arial, serif;\"><span style=\"font-size: small;\">Llibre\/certificat de prim\u00e0ria, d\u2019ESO i Batxillerat<\/span><\/span><\/p>\n<\/li>\n<\/ul>\n<\/td>\n<\/tr>\n<\/tbody>\n<\/table>\n<div style=\"display: none;\"><\/div>\n<div style=\"display: none;\"><\/div>\n<div style=\"display: none;\"><\/div>\n<div style=\"display: none;\"><\/div>\n<div style=\"display: none;\"><\/div>\n<div style=\"display: none;\"><\/div>\n<div style=\"display: none;\"><\/div>\n<div style=\"display: none;\"><\/div>\n<div style=\"display: none;\"><\/div>\n","protected":false},"excerpt":{"rendered":"<p>TR\u00c0MITS EN L\u00cdNIA A TRAV\u00c9S DE L&#8217;ADRE\u00c7A iesgerbert@xtec.cat o PRESENCIALS Horari d\u2019atenci\u00f3 al p\u00fablic per aquest curs 2025-2026: Del 16 de setembre al 30 de juny: 08:00 h a 11:30 h i de 12 h a 14:30 h De l&#8217;1 de juliol al 15 de setembre: 9:00 hores a 13:00 hores Durant el mes d\u2019agost [&hellip;]<\/p>\n","protected":false},"author":1,"featured_media":0,"parent":1229,"menu_order":1,"comment_status":"closed","ping_status":"closed","template":"","meta":{"_bbp_topic_count":0,"_bbp_reply_count":0,"_bbp_total_topic_count":0,"_bbp_total_reply_count":0,"_bbp_voice_count":0,"_bbp_anonymous_reply_count":0,"_bbp_topic_count_hidden":0,"_bbp_reply_count_hidden":0,"_bbp_forum_subforum_count":0,"site-sidebar-layout":"default","site-content-layout":"","ast-site-content-layout":"default","site-content-style":"default","site-sidebar-style":"default","ast-global-header-display":"","ast-banner-title-visibility":"","ast-main-header-display":"","ast-hfb-above-header-display":"","ast-hfb-below-header-display":"","ast-hfb-mobile-header-display":"","site-post-title":"","ast-breadcrumbs-content":"","ast-featured-img":"","footer-sml-layout":"","theme-transparent-header-meta":"","adv-header-id-meta":"","stick-header-meta":"","header-above-stick-meta":"","header-main-stick-meta":"","header-below-stick-meta":"","astra-migrate-meta-layouts":"set","ast-page-background-enabled":"default","ast-page-background-meta":{"desktop":{"background-color":"var(--ast-global-color-4)","background-image":"","background-repeat":"repeat","background-position":"center center","background-size":"auto","background-attachment":"scroll","background-type":"","background-media":"","overlay-type":"","overlay-color":"","overlay-opacity":"","overlay-gradient":""},"tablet":{"background-color":"","background-image":"","background-repeat":"repeat","background-position":"center center","background-size":"auto","background-attachment":"scroll","background-type":"","background-media":"","overlay-type":"","overlay-color":"","overlay-opacity":"","overlay-gradient":""},"mobile":{"background-color":"","background-image":"","background-repeat":"repeat","background-position":"center center","background-size":"auto","background-attachment":"scroll","background-type":"","background-media":"","overlay-type":"","overlay-color":"","overlay-opacity":"","overlay-gradient":""}},"ast-content-background-meta":{"desktop":{"background-color":"var(--ast-global-color-5)","background-image":"","background-repeat":"repeat","background-position":"center center","background-size":"auto","background-attachment":"scroll","background-type":"","background-media":"","overlay-type":"","overlay-color":"","overlay-opacity":"","overlay-gradient":""},"tablet":{"background-color":"var(--ast-global-color-5)","background-image":"","background-repeat":"repeat","background-position":"center center","background-size":"auto","background-attachment":"scroll","background-type":"","background-media":"","overlay-type":"","overlay-color":"","overlay-opacity":"","overlay-gradient":""},"mobile":{"background-color":"var(--ast-global-color-5)","background-image":"","background-repeat":"repeat","background-position":"center center","background-size":"auto","background-attachment":"scroll","background-type":"","background-media":"","overlay-type":"","overlay-color":"","overlay-opacity":"","overlay-gradient":""}},"footnotes":""},"class_list":["post-81","page","type-page","status-publish","hentry"],"post_mailing_queue_ids":[],"_links":{"self":[{"href":"https:\/\/agora.xtec.cat\/iesgerbert\/wp-json\/wp\/v2\/pages\/81","targetHints":{"allow":["GET"]}}],"collection":[{"href":"https:\/\/agora.xtec.cat\/iesgerbert\/wp-json\/wp\/v2\/pages"}],"about":[{"href":"https:\/\/agora.xtec.cat\/iesgerbert\/wp-json\/wp\/v2\/types\/page"}],"author":[{"embeddable":true,"href":"https:\/\/agora.xtec.cat\/iesgerbert\/wp-json\/wp\/v2\/users\/1"}],"replies":[{"embeddable":true,"href":"https:\/\/agora.xtec.cat\/iesgerbert\/wp-json\/wp\/v2\/comments?post=81"}],"version-history":[{"count":6,"href":"https:\/\/agora.xtec.cat\/iesgerbert\/wp-json\/wp\/v2\/pages\/81\/revisions"}],"predecessor-version":[{"id":14531,"href":"https:\/\/agora.xtec.cat\/iesgerbert\/wp-json\/wp\/v2\/pages\/81\/revisions\/14531"}],"up":[{"embeddable":true,"href":"https:\/\/agora.xtec.cat\/iesgerbert\/wp-json\/wp\/v2\/pages\/1229"}],"wp:attachment":[{"href":"https:\/\/agora.xtec.cat\/iesgerbert\/wp-json\/wp\/v2\/media?parent=81"}],"curies":[{"name":"wp","href":"https:\/\/api.w.org\/{rel}","templated":true}]}}