{"id":1132,"date":"2019-08-27T13:14:51","date_gmt":"2019-08-27T11:14:51","guid":{"rendered":"http:\/\/agora.xtec.cat\/iesgerbert\/?page_id=1132"},"modified":"2026-03-23T12:06:22","modified_gmt":"2026-03-23T11:06:22","slug":"batxillerat","status":"publish","type":"page","link":"https:\/\/agora.xtec.cat\/iesgerbert\/estudis-2\/batxillerat\/","title":{"rendered":"Batxillerat"},"content":{"rendered":"<h4 style=\"text-align: justify;\"><span style=\"color: #800000;\">Descripci\u00f3<\/span><\/h4>\n<p style=\"text-align: justify;\">El batxillerat forma part de l\u2019educaci\u00f3 secund\u00e0ria postobligat\u00f2ria i es distribueix en dos cursos acad\u00e8mics. Es desenvolupa en diverses modalitats, s\u2019organitza de manera flexible i, si cal, en vies diferents dins de cada modalitat, de manera que pot oferir una preparaci\u00f3 especialitzada als alumnes d\u2019acord amb les seves perspectives i interessos de formaci\u00f3.<\/p>\n<p style=\"text-align: justify;\">\u00c9s un cicle format per dos cursos de trenta hores lectives setmanals.<\/p>\n<p style=\"text-align: justify;\">Prepara els alumnes per a la seva incorporaci\u00f3 a estudis posteriors, tant professionals com universitaris, i per a l&#8217;acc\u00e9s al m\u00f3n laboral.<\/p>\n<p style=\"text-align: justify;\">El curr\u00edculum de batxillerat consta d&#8217;una part comuna (les mat\u00e8ries comunes) i una part diversificada (la mat\u00e8ria comuna d&#8217;opci\u00f3, les mat\u00e8ries de modalitat, les mat\u00e8ries espec\u00edfiques i el treball de recerca). A m\u00e9s, els alumnes tenen assignada una hora setmanal de tutoria.<\/p>\n<h4 style=\"text-align: justify;\"><span style=\"color: #800000;\">A qui va adre\u00e7at?<\/span><\/h4>\n<p style=\"text-align: justify;\">El batxillerat \u00e9s l&#8217;etapa que es cursa normalment entre els 16 i els 18 anys, tot i que \u00e9s oberta a persones de qualsevol edat, de manera presencial.<\/p>\n<h4 style=\"text-align: justify;\"><span style=\"color: #800000;\">Acc\u00e9s<\/span><\/h4>\n<p style=\"text-align: justify;\">Per accedir-hi\u00a0cal tenir algun dels t\u00edtols seg\u00fcents:<\/p>\n<ul style=\"text-align: justify;\">\n<li>Graduat en educaci\u00f3 secund\u00e0ria obligat\u00f2ria (ESO).<\/li>\n<li>T\u00e8cnic d\u2019un cicle formatiu de grau mitj\u00e0 o t\u00e8cnic superior d\u2019un cicle formatiu de grau superior (en aquests casos es pot demanar la convalidaci\u00f3 de mat\u00e8ries espec\u00edfiques i del treball de recerca).<\/li>\n<li>Haver cursat estudis de sistemes educatius estrangers que hagin estat homologats al t\u00edtol de GESO o al t\u00edtol de t\u00e8cnic. L&#8217;homologaci\u00f3 s&#8217;acredita mitjan\u00e7ant la credencial corresponent o b\u00e9, si aquesta encara est\u00e0 en tr\u00e0mit, presentant el &#8220;Volant per a la inscripci\u00f3 condicional en centres educatius&#8221;.<\/li>\n<\/ul>\n<p style=\"text-align: justify;\">Per accedir per primera vegada en un centre sufragat amb fons p\u00fablics per cursar batxillerat cal formalitzar la\u00a0preinscripci\u00f3\u00a0en el termini fixat.<\/p>\n<p style=\"text-align: justify;\">Tamb\u00e9 s&#8217;ha de presentar la sol\u00b7licitud de preinscripci\u00f3 per poder accedir al batxillerat si s&#8217;est\u00e0 cursant o s&#8217;ha cursat un cicle formatiu, encara que s&#8217;imparteixi en el mateix centre o aula on s&#8217;est\u00e0 matriculat.<\/p>\n<p style=\"text-align: justify;\">Aquest estudi \u00e9s\u00a0<strong>gratu\u00eft<\/strong> en els centres dependents del Departament d&#8217;Educaci\u00f3.<\/p>\n<h4 style=\"text-align: justify;\"><span style=\"color: #800000;\">Ajuts<\/span><\/h4>\n<p>Beques per a ensenyaments postobligatoris no universitaris:<a href=\"https:\/\/web.gencat.cat\/ca\/tramits\/tramits-temes\/247-beques-ministerio-postobligatoris\"> https:\/\/web.gencat.cat\/ca\/tramits\/tramits-temes\/247-beques-ministerio-postobligatoris<\/a><\/p>\n<h4 style=\"text-align: justify;\"><span style=\"color: #800000;\">Qu\u00e8 t&#8217;oferim al Gerbert?<\/span><\/h4>\n<p style=\"text-align: justify;\"><span style=\"color: #800000;\"><strong>Modalitats<\/strong><\/span><\/p>\n<ul style=\"text-align: justify;\">\n<li>Ci\u00e8ncies i tecnologia.<\/li>\n<li>Humanitats i ci\u00e8ncies socials.<\/li>\n<li>Batxibac (Franc\u00e8s).<\/li>\n<\/ul>\n<p style=\"text-align: justify;\"><span style=\"color: #800000;\"><strong>Estada a l&#8217;empresa<\/strong><\/span><\/p>\n<p style=\"text-align: justify;\">Est\u00e0 concebut com el punt de trobada amb el m\u00f3n professional: \u00e9s el moment en qu\u00e8 l\u2019alumnat pren contacte amb el m\u00f3n empresarial, que \u00e9s el destinatari de la seva formaci\u00f3, alhora que \u00e9s l\u2019espai privilegiat d\u2019aplicaci\u00f3 i actualitzaci\u00f3 dels sabers que l\u2019alumnat ha anat assolint fins llavors.<\/p>\n<p style=\"text-align: justify;\"><span style=\"color: #000000;\">Qu\u00e8 comporten per a l\u2019alumnat?<\/span><\/p>\n<ul style=\"text-align: justify;\">\n<li>El coneixement del m\u00f3n laboral i de l\u2019empresa.<\/li>\n<li>La possibilitat d\u2019estar en contacte amb la tecnologia m\u00e9s avan\u00e7ada.<\/li>\n<li>La compleci\u00f3 de la seva formaci\u00f3 professional, amb l\u2019objectiu de capacitar-se per a la incorporaci\u00f3 al m\u00f3n laboral.<\/li>\n<li>L\u2019obtenci\u00f3 d\u2019una formaci\u00f3 adaptada a llocs de treball espec\u00edfics.<\/li>\n<li>L\u2019acostament a la cultura d\u2019empresa.<\/li>\n<li>L\u2019experi\u00e8ncia en el m\u00f3n laboral com a pas previ per a la primera ocupaci\u00f3.<\/li>\n<li>L\u2019inici del seu historial professional acreditat amb el quadern de pr\u00e0ctiques.<\/li>\n<li>La superaci\u00f3 del m\u00f2dul de formaci\u00f3 en centres de treball per a l\u2019alumnat d\u2019estudis postobligatoris.<\/li>\n<\/ul>\n<p style=\"text-align: justify;\"><span style=\"color: #000000;\">Qu\u00e8 li ofereix l\u2019empresa?<\/span><\/p>\n<ul style=\"text-align: justify;\">\n<li>Captar futur personal qualificat.<\/li>\n<li>Col\u00b7laborar en la formaci\u00f3 de l\u2019alumnat.<\/li>\n<li>Oferir a l\u2019alumnat l\u2019acc\u00e9s a la seva primera ocupaci\u00f3.<\/li>\n<li>Relacionar-se amb els centres educatius.<\/li>\n<li>No implica serveis retribu\u00efts ni vinculaci\u00f3 laboral.<\/li>\n<\/ul>\n<h4 style=\"text-align: justify;\"><span style=\"color: #800000;\">Horari<\/span><\/h4>\n<p style=\"text-align: justify;\">Tots els alumnes del nostre institut realitzen <strong>30 hores de classe setmanals en jornada continuada<\/strong> de<strong> 7:55 a 14:25 hores.<\/strong><\/p>\n<h6><\/h6>\n<h6><strong style=\"color: #800000; font-size: 1.4375em;\"><span style=\"font-family: inherit; font-size: 1em;\">Cercador de Treballs de Recerca de Batxillerat<\/span><\/strong><\/h6>\n<div>\n<p><span style=\"font-family: inherit; font-size: 1em;\">El CRP del Bages ens ha creat un cercador de TDRs que s&#8217;han fet i publicat als centres de la nostra comarca des del 1995 fins a l&#8217;actualitat. Tamb\u00e9 s&#8217;hi poden veure els v\u00eddeos i fotos de les confer\u00e8ncies i entrega de premis des d&#8217;aquell any. L&#8217;adre\u00e7a \u00e9s la seg\u00fcent:<\/span><\/p>\n<\/div>\n<div>\n<p><span style=\"color: #000000;\"><a style=\"color: #000000;\" href=\"http:\/\/www.edubages.cat\/tdr\/cerca-treballs\/\">http:\/\/www.edubages.cat\/tdr\/cerca-treballs\/<\/a><\/span><\/p>\n<\/div>\n<h4><\/h4>\n<h4 style=\"text-align: center;\"><\/h4>\n<table style=\"height: 11px; width: 857px; background-color: #e697d6; border-color: #662149;\">\n<tbody>\n<tr>\n<td style=\"width: 851px;\">\n<h2 style=\"text-align: center;\"><span style=\"color: #800000;\">PROMOCI\u00d3 DE BATXILLERAT 2026-2027<\/span><\/h2>\n<h4 style=\"text-align: center;\"><span style=\"color: #800000;\">ITINERARIS FORMATIUS<\/span><\/h4>\n<h4 style=\"text-align: center;\"><span style=\"color: #000000;\"><a style=\"color: #000000;\" href=\"https:\/\/agora.xtec.cat\/iesgerbert\/wp-content\/uploads\/usu668\/2026\/03\/Itineraris-Batxillerat-Modalitat-ciencies-i-tecnologia.pdf\">Batxillerat de Ci\u00e8ncies i Tecnologia<\/a><\/span><\/h4>\n<h4 style=\"text-align: center;\"><span style=\"text-decoration: underline;\"><span style=\"color: #000000;\"><a style=\"color: #000000;\" href=\"https:\/\/agora.xtec.cat\/iesgerbert\/wp-content\/uploads\/usu668\/2026\/03\/Itineraris-Batxillerat-Modalitat-humanitats-i-ciencies-socials.pdf\"><span style=\"color: #000000; text-decoration: underline;\">Batxillerat d&#8217;Humanitats i Ci\u00e8ncies socials<\/span><\/a><\/span><\/span><\/h4>\n<h4 style=\"text-align: center;\"><span style=\"color: #800000;\">ORGANITZACI\u00d3 <span style=\"color: #000000;\"><a style=\"color: #000000;\" href=\"https:\/\/agora.xtec.cat\/iesgerbert\/wp-content\/uploads\/usu668\/2026\/03\/Organitzacio-BATX-26-27-BATX-2.pdf\">BATXILLERAT<\/a> <\/span>I <span style=\"color: #000000;\"><a style=\"color: #000000;\" href=\"https:\/\/agora.xtec.cat\/iesgerbert\/wp-content\/uploads\/usu668\/2026\/03\/Organitzacio-BATX-26-27-BAC-2.pdf\">BATXIBAC<\/a><\/span><\/span><\/h4>\n<\/td>\n<\/tr>\n<\/tbody>\n<\/table>\n<h2><\/h2>\n<h2 style=\"text-align: center;\"><span style=\"color: #800000;\">BATXILLERAT CURS 25-26<\/span><\/h2>\n<h4 style=\"text-align: center;\"><span style=\"color: #800000;\">ITINERARIS FORMATIUS 1r curs 25-26<\/span><\/h4>\n<p><a href=\"https:\/\/agora.xtec.cat\/iesgerbert\/wp-content\/uploads\/usu668\/2025\/10\/Estructura-1r-Batxillerat-25-26_page-0001.jpg\"><img loading=\"lazy\" decoding=\"async\" class=\"aligncenter size-full wp-image-13540\" src=\"https:\/\/agora.xtec.cat\/iesgerbert\/wp-content\/uploads\/usu668\/2025\/10\/Estructura-1r-Batxillerat-25-26_page-0001.jpg\" alt=\"\" width=\"1363\" height=\"524\" srcset=\"https:\/\/agora.xtec.cat\/iesgerbert\/wp-content\/uploads\/usu668\/2025\/10\/Estructura-1r-Batxillerat-25-26_page-0001.jpg 1363w, https:\/\/agora.xtec.cat\/iesgerbert\/wp-content\/uploads\/usu668\/2025\/10\/Estructura-1r-Batxillerat-25-26_page-0001-300x115.jpg 300w, https:\/\/agora.xtec.cat\/iesgerbert\/wp-content\/uploads\/usu668\/2025\/10\/Estructura-1r-Batxillerat-25-26_page-0001-1024x394.jpg 1024w, https:\/\/agora.xtec.cat\/iesgerbert\/wp-content\/uploads\/usu668\/2025\/10\/Estructura-1r-Batxillerat-25-26_page-0001-768x295.jpg 768w\" sizes=\"auto, (max-width: 1363px) 100vw, 1363px\" \/><\/a><\/p>\n<h4 style=\"text-align: center;\"><span style=\"color: #800000;\">ITINERARIS FORMATIUS 2n curs 25-26<\/span><\/h4>\n<p><a href=\"https:\/\/agora.xtec.cat\/iesgerbert\/wp-content\/uploads\/usu668\/2025\/10\/Estructura-2n-Batxillerat-25-26_page-0001.jpg\"><img loading=\"lazy\" decoding=\"async\" class=\"aligncenter size-full wp-image-13541\" src=\"https:\/\/agora.xtec.cat\/iesgerbert\/wp-content\/uploads\/usu668\/2025\/10\/Estructura-2n-Batxillerat-25-26_page-0001.jpg\" alt=\"\" width=\"1367\" height=\"436\" srcset=\"https:\/\/agora.xtec.cat\/iesgerbert\/wp-content\/uploads\/usu668\/2025\/10\/Estructura-2n-Batxillerat-25-26_page-0001.jpg 1367w, https:\/\/agora.xtec.cat\/iesgerbert\/wp-content\/uploads\/usu668\/2025\/10\/Estructura-2n-Batxillerat-25-26_page-0001-300x96.jpg 300w, https:\/\/agora.xtec.cat\/iesgerbert\/wp-content\/uploads\/usu668\/2025\/10\/Estructura-2n-Batxillerat-25-26_page-0001-1024x327.jpg 1024w, https:\/\/agora.xtec.cat\/iesgerbert\/wp-content\/uploads\/usu668\/2025\/10\/Estructura-2n-Batxillerat-25-26_page-0001-768x245.jpg 768w\" sizes=\"auto, (max-width: 1367px) 100vw, 1367px\" \/><\/a><\/p>\n<h4><\/h4>\n<div><\/div>\n<div>\n<div><\/div>\n<\/div>\n<p><!----comment node----><!--a=1--><\/p>\n<p><!----comment node----><!--a=1--><\/p>\n<p><!----comment node----><!--a=1--><\/p>\n<p><!----comment node----><!--a=1--><\/p>\n","protected":false},"excerpt":{"rendered":"<p>Descripci\u00f3 El batxillerat forma part de l\u2019educaci\u00f3 secund\u00e0ria postobligat\u00f2ria i es distribueix en dos cursos acad\u00e8mics. Es desenvolupa en diverses modalitats, s\u2019organitza de manera flexible i, si cal, en vies diferents dins de cada modalitat, de manera que pot oferir una preparaci\u00f3 especialitzada als alumnes d\u2019acord amb les seves perspectives i interessos de formaci\u00f3. \u00c9s [&hellip;]<\/p>\n","protected":false},"author":1,"featured_media":0,"parent":491,"menu_order":2,"comment_status":"closed","ping_status":"closed","template":"","meta":{"_bbp_topic_count":0,"_bbp_reply_count":0,"_bbp_total_topic_count":0,"_bbp_total_reply_count":0,"_bbp_voice_count":0,"_bbp_anonymous_reply_count":0,"_bbp_topic_count_hidden":0,"_bbp_reply_count_hidden":0,"_bbp_forum_subforum_count":0,"site-sidebar-layout":"default","site-content-layout":"","ast-site-content-layout":"default","site-content-style":"default","site-sidebar-style":"default","ast-global-header-display":"","ast-banner-title-visibility":"","ast-main-header-display":"","ast-hfb-above-header-display":"","ast-hfb-below-header-display":"","ast-hfb-mobile-header-display":"","site-post-title":"","ast-breadcrumbs-content":"","ast-featured-img":"","footer-sml-layout":"","theme-transparent-header-meta":"","adv-header-id-meta":"","stick-header-meta":"","header-above-stick-meta":"","header-main-stick-meta":"","header-below-stick-meta":"","astra-migrate-meta-layouts":"set","ast-page-background-enabled":"default","ast-page-background-meta":{"desktop":{"background-color":"var(--ast-global-color-4)","background-image":"","background-repeat":"repeat","background-position":"center center","background-size":"auto","background-attachment":"scroll","background-type":"","background-media":"","overlay-type":"","overlay-color":"","overlay-opacity":"","overlay-gradient":""},"tablet":{"background-color":"","background-image":"","background-repeat":"repeat","background-position":"center center","background-size":"auto","background-attachment":"scroll","background-type":"","background-media":"","overlay-type":"","overlay-color":"","overlay-opacity":"","overlay-gradient":""},"mobile":{"background-color":"","background-image":"","background-repeat":"repeat","background-position":"center center","background-size":"auto","background-attachment":"scroll","background-type":"","background-media":"","overlay-type":"","overlay-color":"","overlay-opacity":"","overlay-gradient":""}},"ast-content-background-meta":{"desktop":{"background-color":"var(--ast-global-color-5)","background-image":"","background-repeat":"repeat","background-position":"center center","background-size":"auto","background-attachment":"scroll","background-type":"","background-media":"","overlay-type":"","overlay-color":"","overlay-opacity":"","overlay-gradient":""},"tablet":{"background-color":"var(--ast-global-color-5)","background-image":"","background-repeat":"repeat","background-position":"center center","background-size":"auto","background-attachment":"scroll","background-type":"","background-media":"","overlay-type":"","overlay-color":"","overlay-opacity":"","overlay-gradient":""},"mobile":{"background-color":"var(--ast-global-color-5)","background-image":"","background-repeat":"repeat","background-position":"center center","background-size":"auto","background-attachment":"scroll","background-type":"","background-media":"","overlay-type":"","overlay-color":"","overlay-opacity":"","overlay-gradient":""}},"footnotes":""},"class_list":["post-1132","page","type-page","status-publish","hentry"],"post_mailing_queue_ids":[],"_links":{"self":[{"href":"https:\/\/agora.xtec.cat\/iesgerbert\/wp-json\/wp\/v2\/pages\/1132","targetHints":{"allow":["GET"]}}],"collection":[{"href":"https:\/\/agora.xtec.cat\/iesgerbert\/wp-json\/wp\/v2\/pages"}],"about":[{"href":"https:\/\/agora.xtec.cat\/iesgerbert\/wp-json\/wp\/v2\/types\/page"}],"author":[{"embeddable":true,"href":"https:\/\/agora.xtec.cat\/iesgerbert\/wp-json\/wp\/v2\/users\/1"}],"replies":[{"embeddable":true,"href":"https:\/\/agora.xtec.cat\/iesgerbert\/wp-json\/wp\/v2\/comments?post=1132"}],"version-history":[{"count":6,"href":"https:\/\/agora.xtec.cat\/iesgerbert\/wp-json\/wp\/v2\/pages\/1132\/revisions"}],"predecessor-version":[{"id":14356,"href":"https:\/\/agora.xtec.cat\/iesgerbert\/wp-json\/wp\/v2\/pages\/1132\/revisions\/14356"}],"up":[{"embeddable":true,"href":"https:\/\/agora.xtec.cat\/iesgerbert\/wp-json\/wp\/v2\/pages\/491"}],"wp:attachment":[{"href":"https:\/\/agora.xtec.cat\/iesgerbert\/wp-json\/wp\/v2\/media?parent=1132"}],"curies":[{"name":"wp","href":"https:\/\/api.w.org\/{rel}","templated":true}]}}