{"id":13596,"date":"2026-07-24T08:00:00","date_gmt":"2026-07-24T06:00:00","guid":{"rendered":"https:\/\/agora.xtec.cat\/iesgaudi\/?page_id=13596"},"modified":"2026-07-30T13:34:35","modified_gmt":"2026-07-30T11:34:35","slug":"matricula-cfgm","status":"publish","type":"page","link":"https:\/\/agora.xtec.cat\/iesgaudi\/matricula-cfgm\/","title":{"rendered":"MATR\u00cdCULA CFGM"},"content":{"rendered":"\n<h1 class=\"wp-block-heading has-text-align-center has-ast-global-color-1-color has-text-color has-link-color wp-elements-287270ecfa923453c67022f5dfe36bec\">Alumnat NOU al centre o que hi inicia NOUS ESTUDIS<\/h1>\n\n\n\n<h4 class=\"wp-block-heading has-text-align-center has-large-font-size\">MATR\u00cdCULA CFGM 26\/27 &#8211; DOCUMENTS COMUNS<\/h4>\n\n\n\n<figure class=\"wp-block-table\">\n<table class=\"has-fixed-layout\" style=\"height: 301px; width: 101.546%; border-style: hidden;\">\n<tbody>\n<tr style=\"height: 23px;\">\n<td style=\"width: 73.4408%; height: 23px;\"><strong>Instruccions matr\u00edcula\u00a0<\/strong><strong>\u00a0<\/strong><\/td>\n<td style=\"width: 26.5592%; height: 23px;\"><a href=\"https:\/\/agora.xtec.cat\/iesgaudi\/wp-content\/uploads\/usu31\/2026\/07\/Instruccions-matricula-CFGM.pdf\"><img loading=\"lazy\" decoding=\"async\" class=\"aligncenter wp-image-12086\" src=\"https:\/\/agora.xtec.cat\/iesgaudi\/wp-content\/uploads\/usu31\/2024\/05\/Imatge-PDF.jpg\" alt=\"\" width=\"40\" height=\"40\" srcset=\"https:\/\/agora.xtec.cat\/iesgaudi\/wp-content\/uploads\/usu31\/2024\/05\/Imatge-PDF.jpg 225w, https:\/\/agora.xtec.cat\/iesgaudi\/wp-content\/uploads\/usu31\/2024\/05\/Imatge-PDF-150x150.jpg 150w\" sizes=\"auto, (max-width: 40px) 100vw, 40px\" \/><\/a><\/td>\n<\/tr>\n<tr style=\"height: 23px;\">\n<td style=\"width: 73.4408%; height: 23px;\"><strong>Instruccions m\u00e8tode de pagament<\/strong><\/td>\n<td style=\"width: 26.5592%; height: 23px;\"><a href=\"https:\/\/agora.xtec.cat\/iesgaudi\/wp-content\/uploads\/usu31\/2025\/07\/METODES-DE-PAGAMENT-.pdf\"><img loading=\"lazy\" decoding=\"async\" class=\"aligncenter wp-image-12086\" src=\"https:\/\/agora.xtec.cat\/iesgaudi\/wp-content\/uploads\/usu31\/2024\/05\/Imatge-PDF.jpg\" alt=\"\" width=\"40\" height=\"40\" srcset=\"https:\/\/agora.xtec.cat\/iesgaudi\/wp-content\/uploads\/usu31\/2024\/05\/Imatge-PDF.jpg 225w, https:\/\/agora.xtec.cat\/iesgaudi\/wp-content\/uploads\/usu31\/2024\/05\/Imatge-PDF-150x150.jpg 150w\" sizes=\"auto, (max-width: 40px) 100vw, 40px\" \/><\/a><\/td>\n<\/tr>\n<tr style=\"height: 23px;\">\n<td style=\"width: 73.4408%; height: 23px;\"><strong>Comprom\u00eds i acceptaci\u00f3 dual<\/strong><\/td>\n<td style=\"width: 26.5592%; height: 23px;\"><a href=\"https:\/\/agora.xtec.cat\/iesgaudi\/wp-content\/uploads\/usu31\/2022\/06\/DOCUMENT-ALTERNANCA-DUALpdf.pdf\"><img loading=\"lazy\" decoding=\"async\" class=\"aligncenter wp-image-12086\" src=\"https:\/\/agora.xtec.cat\/iesgaudi\/wp-content\/uploads\/usu31\/2024\/05\/Imatge-PDF.jpg\" alt=\"\" width=\"40\" height=\"40\" srcset=\"https:\/\/agora.xtec.cat\/iesgaudi\/wp-content\/uploads\/usu31\/2024\/05\/Imatge-PDF.jpg 225w, https:\/\/agora.xtec.cat\/iesgaudi\/wp-content\/uploads\/usu31\/2024\/05\/Imatge-PDF-150x150.jpg 150w\" sizes=\"auto, (max-width: 40px) 100vw, 40px\" \/><\/a><\/td>\n<\/tr>\n<tr style=\"height: 23px;\">\n<td style=\"width: 73.4408%; height: 23px;\"><strong>Ins Gaud\u00ed: Espai lliure de m\u00f2bils<\/strong><\/td>\n<td style=\"width: 26.5592%; height: 23px;\"><a href=\"https:\/\/agora.xtec.cat\/iesgaudi\/wp-content\/uploads\/usu31\/2025\/06\/INS-GAUDI-Espai-lliure-de-mobils.pdf\"><img loading=\"lazy\" decoding=\"async\" class=\"aligncenter wp-image-12086\" src=\"https:\/\/agora.xtec.cat\/iesgaudi\/wp-content\/uploads\/usu31\/2024\/05\/Imatge-PDF.jpg\" alt=\"\" width=\"40\" height=\"40\" srcset=\"https:\/\/agora.xtec.cat\/iesgaudi\/wp-content\/uploads\/usu31\/2024\/05\/Imatge-PDF.jpg 225w, https:\/\/agora.xtec.cat\/iesgaudi\/wp-content\/uploads\/usu31\/2024\/05\/Imatge-PDF-150x150.jpg 150w\" sizes=\"auto, (max-width: 40px) 100vw, 40px\" \/><\/a><\/td>\n<\/tr>\n<tr style=\"height: 23px;\">\n<td style=\"width: 73.4408%; height: 23px;\"><strong>Carta de comprom\u00eds educatiu<\/strong><\/td>\n<td style=\"width: 26.5592%; height: 23px;\"><a href=\"https:\/\/agora.xtec.cat\/iesgaudi\/wp-content\/uploads\/usu31\/2022\/06\/Carta-Compromi%CC%81s-Educatiu-vd.pdf\"><img loading=\"lazy\" decoding=\"async\" class=\"aligncenter wp-image-12086\" src=\"https:\/\/agora.xtec.cat\/iesgaudi\/wp-content\/uploads\/usu31\/2024\/05\/Imatge-PDF.jpg\" alt=\"\" width=\"40\" height=\"40\" srcset=\"https:\/\/agora.xtec.cat\/iesgaudi\/wp-content\/uploads\/usu31\/2024\/05\/Imatge-PDF.jpg 225w, https:\/\/agora.xtec.cat\/iesgaudi\/wp-content\/uploads\/usu31\/2024\/05\/Imatge-PDF-150x150.jpg 150w\" sizes=\"auto, (max-width: 40px) 100vw, 40px\" \/><\/a><\/td>\n<\/tr>\n<tr style=\"height: 163px;\">\n<td style=\"width: 73.4408%; height: 163px;\">\n<p><strong>Autoritzacions: <\/strong><\/p>\n<ul>\n<li><strong>A386: Autoritzaci\u00f3 d\u2019\u00fas d\u2019imatges de persones majors de 14 anys.<\/strong><\/li>\n<li><strong>A254: Autoritzaci\u00f3 relativa als alumnes majors de 14 anys i dels professors i personal del centre: \u00fas d\u2019imatges, publicaci\u00f3 de dades de car\u00e0cter personal i de material que elaboren. <\/strong><\/li>\n<li><strong>Comunicaci\u00f3 relativa als alumnes de m\u00e9s de 14 anys per\u00f2 menors d\u2019edat: \u00fas de serveis i recursos digitals a Internet per treballar a l\u2019aula ( A252) o\u00a0<\/strong><strong>Comunicaci\u00f3 relativa\u00a0 als alumnes majors d\u2019edat i als professors i personal del centre: \u00fas de serveis i recursos digitals a Internet per treballar a l\u2019aula. (A630)<\/strong><\/li>\n<\/ul>\n<\/td>\n<td style=\"width: 26.5592%; height: 163px;\">\n<p style=\"text-align: center;\">A386 <a href=\"https:\/\/drive.google.com\/file\/d\/1c8TAX5J945DKVr5kZVl2oNdew4M1nH2t\/view\"><img loading=\"lazy\" decoding=\"async\" class=\"alignnone wp-image-12086\" src=\"https:\/\/agora.xtec.cat\/iesgaudi\/wp-content\/uploads\/usu31\/2024\/05\/Imatge-PDF.jpg\" alt=\"\" width=\"40\" height=\"40\" srcset=\"https:\/\/agora.xtec.cat\/iesgaudi\/wp-content\/uploads\/usu31\/2024\/05\/Imatge-PDF.jpg 225w, https:\/\/agora.xtec.cat\/iesgaudi\/wp-content\/uploads\/usu31\/2024\/05\/Imatge-PDF-150x150.jpg 150w\" sizes=\"auto, (max-width: 40px) 100vw, 40px\" \/><\/a><\/p>\n<p style=\"text-align: center;\">A254 <a href=\"https:\/\/agora.xtec.cat\/iesgaudi\/wp-content\/uploads\/usu31\/2025\/06\/A254-Autoritzacio-relativa-a-us-dimatges-Majors-14-anys.pdf-1.pdf\"><img loading=\"lazy\" decoding=\"async\" class=\"alignnone wp-image-12086\" src=\"https:\/\/agora.xtec.cat\/iesgaudi\/wp-content\/uploads\/usu31\/2024\/05\/Imatge-PDF.jpg\" alt=\"\" width=\"40\" height=\"40\" srcset=\"https:\/\/agora.xtec.cat\/iesgaudi\/wp-content\/uploads\/usu31\/2024\/05\/Imatge-PDF.jpg 225w, https:\/\/agora.xtec.cat\/iesgaudi\/wp-content\/uploads\/usu31\/2024\/05\/Imatge-PDF-150x150.jpg 150w\" sizes=\"auto, (max-width: 40px) 100vw, 40px\" \/><\/a><\/p>\n<p style=\"text-align: center;\">A252 <a href=\"https:\/\/drive.google.com\/file\/d\/15IK-zQFcoyeBVCIn3zOd3zsOkHrFwOAD\/view\"><img loading=\"lazy\" decoding=\"async\" class=\"alignnone wp-image-12086\" src=\"https:\/\/agora.xtec.cat\/iesgaudi\/wp-content\/uploads\/usu31\/2024\/05\/Imatge-PDF.jpg\" alt=\"\" width=\"40\" height=\"40\" srcset=\"https:\/\/agora.xtec.cat\/iesgaudi\/wp-content\/uploads\/usu31\/2024\/05\/Imatge-PDF.jpg 225w, https:\/\/agora.xtec.cat\/iesgaudi\/wp-content\/uploads\/usu31\/2024\/05\/Imatge-PDF-150x150.jpg 150w\" sizes=\"auto, (max-width: 40px) 100vw, 40px\" \/><\/a><\/p>\n<p style=\"text-align: center;\">A630 <a href=\"https:\/\/drive.google.com\/file\/d\/1VylUsZ2bJUQWh1noVcSBq0W6saRxXfpM\/view\"><img loading=\"lazy\" decoding=\"async\" class=\"alignnone wp-image-12086\" src=\"https:\/\/agora.xtec.cat\/iesgaudi\/wp-content\/uploads\/usu31\/2024\/05\/Imatge-PDF.jpg\" alt=\"\" width=\"40\" height=\"40\" srcset=\"https:\/\/agora.xtec.cat\/iesgaudi\/wp-content\/uploads\/usu31\/2024\/05\/Imatge-PDF.jpg 225w, https:\/\/agora.xtec.cat\/iesgaudi\/wp-content\/uploads\/usu31\/2024\/05\/Imatge-PDF-150x150.jpg 150w\" sizes=\"auto, (max-width: 40px) 100vw, 40px\" \/><\/a><\/p>\n<\/td>\n<\/tr>\n<tr style=\"height: 23px;\">\n<td style=\"width: 73.4408%; height: 23px;\"><a href=\"https:\/\/agora.xtec.cat\/iesgaudi\/categoria\/ampa\/\"><strong>Informaci\u00f3 AFA<\/strong><\/a><\/td>\n<td style=\"width: 26.5592%; height: 23px;\">\u00a0<\/td>\n<\/tr>\n<\/tbody>\n<\/table>\n<p>\u00a0<\/p>\n<\/figure>\n\n\n\n<p class=\"has-text-align-center has-large-font-size\"><strong>FORMULARIS DE MATR\u00cdCULA<\/strong><\/p>\n\n\n\n<p class=\"has-text-align-center has-vivid-red-color has-text-color has-link-color has-medium-font-size wp-elements-e17457f6e365f2d3737f1b24d619a6e0\"><strong>IMPORTANT<\/strong> &#8211; <strong>ABANS de fer el formulari<\/strong><\/p>\n\n\n\n<p class=\"has-vivid-red-color has-text-color has-link-color wp-elements-1baaf12b7b16ff62854bde2109cea734\"><strong>Tingues en compte que si no fas la confirmaci\u00f3 de matr\u00edcula en l\u00ednia i completes la matr\u00edcula ONLINE, perdr\u00e0s la pla\u00e7a assignada i quedar\u00e0s excl\u00f2s\/osa del proc\u00e9s.<\/strong><\/p>\n\n\n\n<div class=\"wp-block-group is-layout-grid wp-container-core-group-is-layout-1 wp-block-group-is-layout-grid\">\n<p class=\"has-text-align-center has-ast-global-color-1-color has-text-color has-link-color wp-elements-a0028284f337071aba13b7ae68b5ba1f wp-container-content-1\" style=\"border-width:8px\"><strong>CFGM ATENCI\u00d3 A PERSONES EN SITUACI\u00d3 DE DEPEND\u00c8NCIA<\/strong><br><br><strong><a href=\"https:\/\/forms.gle\/ML2rwzMF8tfa64bj7\">1r Curs <\/a><\/strong><em>(Nom\u00e9s alumnat nou)<\/em><br><strong><a href=\"https:\/\/forms.gle\/rLhuz5qzJj6zZF1J6\">2n Curs <\/a><\/strong><em>(Nom\u00e9s alumnat nou)<\/em><br><br><strong><a href=\"https:\/\/agora.xtec.cat\/iesgaudi\/wp-content\/uploads\/usu31\/2026\/07\/RELACIO-LLIBRES-ATENCIO-26-27.pdf\">Llibres de text<\/a><\/strong><\/p>\n\n\n\n<p class=\"has-text-align-center has-vivid-green-cyan-color has-text-color has-link-color wp-elements-4ba4aa5f00b8d38d935267d128818d47 wp-container-content-2\" style=\"border-width:8px\"><strong>CFGM CURES AUXILIARS D&#8217;INFERMERIA<\/strong><br><br><br><strong><a href=\"https:\/\/forms.gle\/HXw61pwWAMDJX1oZ9\">1r Curs <\/a><\/strong><em>(Nom\u00e9s alumnat nou)<\/em><br><br><br><strong><a href=\"https:\/\/agora.xtec.cat\/iesgaudi\/wp-content\/uploads\/usu31\/2026\/07\/RELACIO-LLIBRES-CAI-26-27.pdf\">Llibres de text<\/a><\/strong><\/p>\n\n\n\n<p class=\"has-text-align-center has-vivid-cyan-blue-color has-text-color has-link-color wp-elements-a6cbf163402190a3fd550a1648375b9a wp-container-content-3\" style=\"border-width:8px\"><strong>CFGM FARM\u00c0CIA I PARAFARM\u00c0CIA<\/strong><br><br><strong><a href=\"https:\/\/forms.gle\/36JaBbRNovipjow59\">1r Curs <\/a><\/strong><em>(Nom\u00e9s alumnat nou)<\/em><br><strong><a href=\"https:\/\/forms.gle\/FqhZLoK79i1HoP7K8\">2n Curs <\/a><\/strong><em>(Nom\u00e9s alumnat nou)<\/em><br><br><strong><a href=\"https:\/\/agora.xtec.cat\/iesgaudi\/wp-content\/uploads\/usu31\/2026\/07\/RELACIO-LLIBRES-FARMACIA-26-27.docx-Documents-de-Google.pdf\">Llibres de text<\/a><\/strong><\/p>\n\n\n\n<p class=\"has-text-align-center has-text-color has-link-color wp-elements-b3146c67f8a79daf9bff205804d9c6d0 wp-container-content-4\" style=\"border-width:8px;color:#c7a2d2\"><strong>CFGM SERVEIS FUNERARIS<\/strong><br><br><strong><a href=\"https:\/\/forms.gle\/evNgdYDjnRrpaUB77\">1r Curs <\/a><\/strong><em>(Nom\u00e9s alumnat nou)<\/em><br><br><br><strong><a href=\"https:\/\/agora.xtec.cat\/iesgaudi\/wp-content\/uploads\/usu31\/2026\/07\/RELACIO-LLIBRES-S.-FUNERARIS-26-27.pdf\">Llibres de text<\/a><\/strong><\/p>\n<\/div>\n\n\n\n<p class=\"has-text-align-right\"><em><strong>Data d\u2019actualitzaci\u00f3: 24 de juliol&nbsp;de 2026<\/strong><\/em><\/p>\n","protected":false},"excerpt":{"rendered":"<p>Alumnat NOU al centre o que hi inicia NOUS ESTUDIS MATR\u00cdCULA CFGM 26\/27 &#8211; DOCUMENTS COMUNS Instruccions matr\u00edcula\u00a0\u00a0 Instruccions m\u00e8tode de pagament Comprom\u00eds i acceptaci\u00f3 dual Ins Gaud\u00ed: Espai lliure de m\u00f2bils Carta de comprom\u00eds educatiu Autoritzacions: A386: Autoritzaci\u00f3 d\u2019\u00fas d\u2019imatges de persones majors de 14 anys. A254: Autoritzaci\u00f3 relativa als alumnes majors de 14 [&hellip;]<\/p>\n","protected":false},"author":1,"featured_media":0,"parent":0,"menu_order":0,"comment_status":"closed","ping_status":"closed","template":"","meta":{"_bbp_topic_count":0,"_bbp_reply_count":0,"_bbp_total_topic_count":0,"_bbp_total_reply_count":0,"_bbp_voice_count":0,"_bbp_anonymous_reply_count":0,"_bbp_topic_count_hidden":0,"_bbp_reply_count_hidden":0,"_bbp_forum_subforum_count":0,"site-sidebar-layout":"default","site-content-layout":"","ast-site-content-layout":"default","site-content-style":"default","site-sidebar-style":"default","ast-global-header-display":"","ast-banner-title-visibility":"","ast-main-header-display":"","ast-hfb-above-header-display":"","ast-hfb-below-header-display":"","ast-hfb-mobile-header-display":"","site-post-title":"","ast-breadcrumbs-content":"","ast-featured-img":"","footer-sml-layout":"","theme-transparent-header-meta":"","adv-header-id-meta":"","stick-header-meta":"","header-above-stick-meta":"","header-main-stick-meta":"","header-below-stick-meta":"","astra-migrate-meta-layouts":"set","ast-page-background-enabled":"default","ast-page-background-meta":{"desktop":{"background-color":"var(--ast-global-color-4)","background-image":"","background-repeat":"repeat","background-position":"center center","background-size":"auto","background-attachment":"scroll","background-type":"","background-media":"","overlay-type":"","overlay-color":"","overlay-opacity":"","overlay-gradient":""},"tablet":{"background-color":"","background-image":"","background-repeat":"repeat","background-position":"center center","background-size":"auto","background-attachment":"scroll","background-type":"","background-media":"","overlay-type":"","overlay-color":"","overlay-opacity":"","overlay-gradient":""},"mobile":{"background-color":"","background-image":"","background-repeat":"repeat","background-position":"center center","background-size":"auto","background-attachment":"scroll","background-type":"","background-media":"","overlay-type":"","overlay-color":"","overlay-opacity":"","overlay-gradient":""}},"ast-content-background-meta":{"desktop":{"background-color":"var(--ast-global-color-5)","background-image":"","background-repeat":"repeat","background-position":"center center","background-size":"auto","background-attachment":"scroll","background-type":"","background-media":"","overlay-type":"","overlay-color":"","overlay-opacity":"","overlay-gradient":""},"tablet":{"background-color":"var(--ast-global-color-5)","background-image":"","background-repeat":"repeat","background-position":"center center","background-size":"auto","background-attachment":"scroll","background-type":"","background-media":"","overlay-type":"","overlay-color":"","overlay-opacity":"","overlay-gradient":""},"mobile":{"background-color":"var(--ast-global-color-5)","background-image":"","background-repeat":"repeat","background-position":"center center","background-size":"auto","background-attachment":"scroll","background-type":"","background-media":"","overlay-type":"","overlay-color":"","overlay-opacity":"","overlay-gradient":""}},"footnotes":""},"class_list":["post-13596","page","type-page","status-publish","hentry"],"post_mailing_queue_ids":[],"_links":{"self":[{"href":"https:\/\/agora.xtec.cat\/iesgaudi\/wp-json\/wp\/v2\/pages\/13596","targetHints":{"allow":["GET"]}}],"collection":[{"href":"https:\/\/agora.xtec.cat\/iesgaudi\/wp-json\/wp\/v2\/pages"}],"about":[{"href":"https:\/\/agora.xtec.cat\/iesgaudi\/wp-json\/wp\/v2\/types\/page"}],"author":[{"embeddable":true,"href":"https:\/\/agora.xtec.cat\/iesgaudi\/wp-json\/wp\/v2\/users\/1"}],"replies":[{"embeddable":true,"href":"https:\/\/agora.xtec.cat\/iesgaudi\/wp-json\/wp\/v2\/comments?post=13596"}],"version-history":[{"count":6,"href":"https:\/\/agora.xtec.cat\/iesgaudi\/wp-json\/wp\/v2\/pages\/13596\/revisions"}],"predecessor-version":[{"id":13691,"href":"https:\/\/agora.xtec.cat\/iesgaudi\/wp-json\/wp\/v2\/pages\/13596\/revisions\/13691"}],"wp:attachment":[{"href":"https:\/\/agora.xtec.cat\/iesgaudi\/wp-json\/wp\/v2\/media?parent=13596"}],"curies":[{"name":"wp","href":"https:\/\/api.w.org\/{rel}","templated":true}]}}