{"id":690,"date":"2019-01-23T15:51:08","date_gmt":"2019-01-23T14:51:08","guid":{"rendered":"https:\/\/agora.xtec.cat\/iesgallecs\/?page_id=690"},"modified":"2024-02-18T13:58:44","modified_gmt":"2024-02-18T12:58:44","slug":"qui-som","status":"publish","type":"page","link":"https:\/\/agora.xtec.cat\/iesgallecs\/linstitut\/qui-som\/","title":{"rendered":"Benvinguda"},"content":{"rendered":"<h3>Institut Gallecs: per una educaci\u00f3 p\u00fablica de qualitat<\/h3>\n<div class=\"ast-oembed-container \" style=\"height: 100%;\"><iframe loading=\"lazy\" title=\"P\u00f2dcast de presentaci\u00f3 del centre\" width=\"500\" height=\"281\" src=\"https:\/\/www.youtube.com\/embed\/tbg3dsu4eYU?feature=oembed\" frameborder=\"0\" allow=\"accelerometer; autoplay; clipboard-write; encrypted-media; gyroscope; picture-in-picture; web-share\" referrerpolicy=\"strict-origin-when-cross-origin\" allowfullscreen><\/iframe><\/div>\n<div class=\"ast-oembed-container \" style=\"height: 100%;\"><iframe loading=\"lazy\" title=\"P\u00f2dcast - El nostre centre i els projectes\" width=\"500\" height=\"281\" src=\"https:\/\/www.youtube.com\/embed\/8D2ZtUuAytE?feature=oembed\" frameborder=\"0\" allow=\"accelerometer; autoplay; clipboard-write; encrypted-media; gyroscope; picture-in-picture; web-share\" referrerpolicy=\"strict-origin-when-cross-origin\" allowfullscreen><\/iframe><\/div>\n<div class=\"ast-oembed-container \" style=\"height: 100%;\"><iframe loading=\"lazy\" title=\"P\u00f2dcast- Acci\u00f3 tutorial i perspectiva de g\u00e8nere\" width=\"500\" height=\"281\" src=\"https:\/\/www.youtube.com\/embed\/4VxuvlUvUYg?feature=oembed\" frameborder=\"0\" allow=\"accelerometer; autoplay; clipboard-write; encrypted-media; gyroscope; picture-in-picture; web-share\" referrerpolicy=\"strict-origin-when-cross-origin\" allowfullscreen><\/iframe><\/div>\n<div class=\"ast-oembed-container \" style=\"height: 100%;\"><iframe loading=\"lazy\" title=\"P\u00f2dcast- L&#039;aula d&#039;acollida i assoliment de les proves PAU\" width=\"500\" height=\"281\" src=\"https:\/\/www.youtube.com\/embed\/nLNMaKvONFY?feature=oembed\" frameborder=\"0\" allow=\"accelerometer; autoplay; clipboard-write; encrypted-media; gyroscope; picture-in-picture; web-share\" referrerpolicy=\"strict-origin-when-cross-origin\" allowfullscreen><\/iframe><\/div>\n<div class=\"ast-oembed-container \" style=\"height: 100%;\"><iframe loading=\"lazy\" title=\"P\u00f2dcast - Els nostres Cicles Formatius\" width=\"500\" height=\"281\" src=\"https:\/\/www.youtube.com\/embed\/B-IPIGY3jgI?feature=oembed\" frameborder=\"0\" allow=\"accelerometer; autoplay; clipboard-write; encrypted-media; gyroscope; picture-in-picture; web-share\" referrerpolicy=\"strict-origin-when-cross-origin\" allowfullscreen><\/iframe><\/div>\n<h6><\/h6>\n<h6><\/h6>\n<h6><\/h6>\n<h6 style=\"text-align: justify;\"><span style=\"color: #444444;\"><span style=\"font-family: Open Sans, Arial, Helvetica, sans-serif;\">L\u2019INSTITUT GALLECS <\/span><\/span><span style=\"color: #444444;\"><span style=\"font-family: Open Sans, Arial, Helvetica, sans-serif;\">ha estat reconegut<\/span><\/span><span style=\"color: #444444;\"><span style=\"font-family: Open Sans, Arial, Helvetica, sans-serif;\"> com a 32\u00e8 CENTRE DE CATALUNYA EN ASSOLIR EL MODEL D&#8217;EXCEL\u00b7L\u00c8NCIA en gesti\u00f3 e2cat pel P<\/span><\/span><span style=\"color: #000000;\"><span style=\"font-family: Open Sans, Arial, Helvetica, sans-serif;\">rojecte de Qualitat i Millora Cont\u00ednua del Departament d\u2019Educaci\u00f3. <\/span><\/span>L&#8217;e2cat \u00e9s un instrument de refer\u00e8ncia en la gesti\u00f3 estrat\u00e8gica dels centres educatius, per ajudar-los a assolir resultats excel\u00b7lents de manera sostinguda.<\/h6>\n<h6 style=\"text-align: justify;\"><\/h6>\n<p>&nbsp;<\/p>\n","protected":false},"excerpt":{"rendered":"<p>Institut Gallecs: per una educaci\u00f3 p\u00fablica de qualitat L\u2019INSTITUT GALLECS ha estat reconegut com a 32\u00e8 CENTRE DE CATALUNYA EN ASSOLIR EL MODEL D&#8217;EXCEL\u00b7L\u00c8NCIA en gesti\u00f3 e2cat pel Projecte de Qualitat i Millora Cont\u00ednua del Departament d\u2019Educaci\u00f3. L&#8217;e2cat \u00e9s un instrument de refer\u00e8ncia en la gesti\u00f3 estrat\u00e8gica dels centres educatius, per ajudar-los a assolir resultats [&hellip;]<\/p>\n","protected":false},"author":1,"featured_media":0,"parent":19,"menu_order":1,"comment_status":"closed","ping_status":"closed","template":"page-templates\/side-menu.php","meta":{"site-sidebar-layout":"default","site-content-layout":"","ast-site-content-layout":"","site-content-style":"default","site-sidebar-style":"default","ast-global-header-display":"","ast-banner-title-visibility":"","ast-main-header-display":"","ast-hfb-above-header-display":"","ast-hfb-below-header-display":"","ast-hfb-mobile-header-display":"","site-post-title":"","ast-breadcrumbs-content":"","ast-featured-img":"","footer-sml-layout":"","theme-transparent-header-meta":"","adv-header-id-meta":"","stick-header-meta":"","header-above-stick-meta":"","header-main-stick-meta":"","header-below-stick-meta":"","astra-migrate-meta-layouts":"default","ast-page-background-enabled":"default","ast-page-background-meta":{"desktop":{"background-color":"var(--ast-global-color-5)","background-image":"","background-repeat":"repeat","background-position":"center center","background-size":"auto","background-attachment":"scroll","background-type":"","background-media":"","overlay-type":"","overlay-color":"","overlay-opacity":"","overlay-gradient":""},"tablet":{"background-color":"","background-image":"","background-repeat":"repeat","background-position":"center center","background-size":"auto","background-attachment":"scroll","background-type":"","background-media":"","overlay-type":"","overlay-color":"","overlay-opacity":"","overlay-gradient":""},"mobile":{"background-color":"","background-image":"","background-repeat":"repeat","background-position":"center center","background-size":"auto","background-attachment":"scroll","background-type":"","background-media":"","overlay-type":"","overlay-color":"","overlay-opacity":"","overlay-gradient":""}},"ast-content-background-meta":{"desktop":{"background-color":"var(--ast-global-color-4)","background-image":"","background-repeat":"repeat","background-position":"center center","background-size":"auto","background-attachment":"scroll","background-type":"","background-media":"","overlay-type":"","overlay-color":"","overlay-opacity":"","overlay-gradient":""},"tablet":{"background-color":"var(--ast-global-color-4)","background-image":"","background-repeat":"repeat","background-position":"center center","background-size":"auto","background-attachment":"scroll","background-type":"","background-media":"","overlay-type":"","overlay-color":"","overlay-opacity":"","overlay-gradient":""},"mobile":{"background-color":"var(--ast-global-color-4)","background-image":"","background-repeat":"repeat","background-position":"center center","background-size":"auto","background-attachment":"scroll","background-type":"","background-media":"","overlay-type":"","overlay-color":"","overlay-opacity":"","overlay-gradient":""}},"footnotes":""},"class_list":["post-690","page","type-page","status-publish","hentry"],"post_mailing_queue_ids":[],"_links":{"self":[{"href":"https:\/\/agora.xtec.cat\/iesgallecs\/wp-json\/wp\/v2\/pages\/690","targetHints":{"allow":["GET"]}}],"collection":[{"href":"https:\/\/agora.xtec.cat\/iesgallecs\/wp-json\/wp\/v2\/pages"}],"about":[{"href":"https:\/\/agora.xtec.cat\/iesgallecs\/wp-json\/wp\/v2\/types\/page"}],"author":[{"embeddable":true,"href":"https:\/\/agora.xtec.cat\/iesgallecs\/wp-json\/wp\/v2\/users\/1"}],"replies":[{"embeddable":true,"href":"https:\/\/agora.xtec.cat\/iesgallecs\/wp-json\/wp\/v2\/comments?post=690"}],"version-history":[{"count":6,"href":"https:\/\/agora.xtec.cat\/iesgallecs\/wp-json\/wp\/v2\/pages\/690\/revisions"}],"predecessor-version":[{"id":5557,"href":"https:\/\/agora.xtec.cat\/iesgallecs\/wp-json\/wp\/v2\/pages\/690\/revisions\/5557"}],"up":[{"embeddable":true,"href":"https:\/\/agora.xtec.cat\/iesgallecs\/wp-json\/wp\/v2\/pages\/19"}],"wp:attachment":[{"href":"https:\/\/agora.xtec.cat\/iesgallecs\/wp-json\/wp\/v2\/media?parent=690"}],"curies":[{"name":"wp","href":"https:\/\/api.w.org\/{rel}","templated":true}]}}