{"id":658,"date":"2019-01-20T10:31:51","date_gmt":"2019-01-20T09:31:51","guid":{"rendered":"https:\/\/agora.xtec.cat\/iesgallecs\/?page_id=658"},"modified":"2025-12-16T16:36:03","modified_gmt":"2025-12-16T15:36:03","slug":"servei-de-reconeixement","status":"publish","type":"page","link":"https:\/\/agora.xtec.cat\/iesgallecs\/cicles-formatius\/mon-laboral\/servei-de-reconeixement\/","title":{"rendered":"Servei de reconeixement"},"content":{"rendered":"<h3><strong>Convocat\u00f2ria curs (Properament)<\/strong><\/h3>\n<h3>\u00a0<a href=\"https:\/\/agora.xtec.cat\/iesgallecs\/wp-content\/uploads\/usu1971\/2019\/01\/servei-reconeixament.jpg\"><img loading=\"lazy\" decoding=\"async\" class=\"alignnone size-full wp-image-659\" src=\"https:\/\/agora.xtec.cat\/iesgallecs\/wp-content\/uploads\/usu1971\/2019\/01\/servei-reconeixament.jpg\" alt=\"\" width=\"272\" height=\"111\" \/><\/a><\/h3>\n<p><span style=\"font-family: Times New Roman, serif;\"><b><span style=\"color: #444444;\"><span style=\"font-family: inherit, serif;\">Descripci\u00f3 del servei de reconeixement acad\u00e8mic dels aprenentatges assolits mitjan\u00e7ant l\u2019experi\u00e8ncia laboral o en activitats socials:<\/span><\/span><\/b><\/span><\/p>\n<h6 style=\"text-align: justify;\">El Servei de reconeixement acad\u00e8mic dels aprenentatges assolits mitjan\u00e7ant l&#8217;experi\u00e8ncia laboral o en activitats socials s&#8217;adre\u00e7a a les persones amb experi\u00e8ncia laboral o en activitats socials que vulguin tenir un reconeixement acad\u00e8mic dels aprenentatges adquirits relacionats amb un determinat cicle formatiu.<\/h6>\n<p>&nbsp;<\/p>\n<p><span style=\"font-family: Times New Roman, serif;\"><span style=\"color: #444444;\"><span style=\"font-family: inherit, serif;\">El servei de reconeixement acad\u00e8mic dels aprenentatges assolits mitjan\u00e7ant l\u2019experi\u00e8ncia laboral o en activitats socials \u00e9s un servei que presta l\u2019Institut Gallecs, a sol\u00b7licitud de la persona usu\u00e0ria, de forma individual.<\/span><\/span><\/span><\/p>\n<p><span style=\"font-family: Times New Roman, serif;\"><span style=\"color: #444444;\"><span style=\"font-family: inherit, serif;\">El reconeixement acad\u00e8mic dels aprenentatges assolits mitjan\u00e7ant l\u2019experi\u00e8ncia laboral permet a les persones adultes posar en valor aquells aprenentatges que han adquirit i obtenir la correspond\u00e8ncia amb els ensenyaments de formaci\u00f3 professional del sistema educatiu.<\/span><\/span><\/span><\/p>\n<p><span style=\"font-family: Times New Roman, serif;\"><span style=\"color: #444444;\"><span style=\"font-family: inherit, serif;\">Una junta de reconeixement avalua l\u2019usuari. Aquesta est\u00e0 integrada per dos professors\u00a0del cicle formatiu i es constitueix en el centre educatiu.<\/span><\/span><\/span><\/p>\n<p><span style=\"font-family: Times New Roman, serif;\"><span style=\"color: #444444;\"><span style=\"font-family: inherit, serif;\">La junta analitza l\u2019informe d\u2019assessorament, obtingut en el\u00a0<\/span><\/span><b><a href=\"https:\/\/agora.xtec.cat\/iesgallecs\/experiencia-laboral\/servei-dassessorament\/\" target=\"Servei Assessorament\" rel=\"noopener\"><span style=\"color: #087eb6;\"><span style=\"font-family: Arial, serif;\">servei d\u2019assessorament<\/span><\/span><\/a><\/b><span style=\"color: #444444;\"><span style=\"font-family: inherit, serif;\">, \u00a0i els altres documents que aporta la persona de les unitats formatives o cr\u00e8dits que vol que li siguin reconeguts. Tamb\u00e9 convoca la persona per fer-li una entrevista personal de contrastaci\u00f3 i valorar, de forma col\u00b7legiada, els aprenentatges assolits mitjan\u00e7ant l\u2019experi\u00e8ncia laboral o en activitats socials.<\/span><\/span><\/span><\/p>\n<p><span style=\"font-family: Times New Roman, serif;\"><span style=\"color: #444444;\"><span style=\"font-family: inherit, serif;\">Si la junta reconeix acad\u00e8micament determinades unitats formatives o cr\u00e8dits, el centre emet un certificat parcial amb valor acad\u00e8mic. Aix\u00f2 vol dir que el centre expedeix un certificat oficial on hi constaran els cr\u00e8dits o unitats formatives reconegudes.<\/span><\/span><\/span><\/p>\n<p><span style=\"font-family: Times New Roman, serif;\"><b><span style=\"color: #444444;\"><span style=\"font-family: inherit, serif;\">Posteriorment, si es vol<\/span><\/span><\/b><span style=\"color: #444444;\"><span style=\"font-family: inherit, serif;\">\u00a0<\/span><\/span><b><span style=\"color: #444444;\"><span style=\"font-family: inherit, serif;\">obtenir el t\u00edtol del cicle corresponent i convalidar les unitats formatives o cr\u00e8dits<\/span><\/span><\/b><span style=\"color: #444444;\"><span style=\"font-family: inherit, serif;\">\u00a0(reconeguts) cal matricular-se, totalment o parcial, en el cicle formatiu corresponent, acreditant els requisits acad\u00e8mics d\u2019acc\u00e9s que s\u2019estableixen per als cicles formatius de grau mitj\u00e0 o superior, segons correspongui.<\/span><\/span><\/span><\/p>\n<p><span style=\"font-family: Times New Roman, serif;\"><span style=\"color: #444444;\"><span style=\"font-family: inherit, serif;\">La convalidaci\u00f3 de les unitats formatives o cr\u00e8dits certificats en els centres del Departament d\u2019Ensenyament\u00a0\u00e9s gratu\u00efta.<\/span><\/span><\/span><\/p>\n<p><span style=\"font-family: Times New Roman, serif;\"><span style=\"color: #444444;\"><span style=\"font-family: inherit, serif;\">Si es completa un cr\u00e8dit, una unitat formativa o un m\u00f2dul d\u2019un cicle formatiu a trav\u00e9s del reconeixement acad\u00e8mic, s\u2019anotar\u00e0 \u201cconvalidat\u201d en l\u2019expedient acad\u00e8mic.<\/span><\/span><\/span><\/p>\n<p><span style=\"font-family: Times New Roman, serif;\"><b><span style=\"color: #444444;\"><span style=\"font-family: inherit, serif;\">Destinataris<\/span><\/span><\/b><\/span><\/p>\n<p><span style=\"font-family: Times New Roman, serif;\"><span style=\"color: #444444;\"><span style=\"font-family: inherit, serif;\">S\u2019adre\u00e7a a persones que vulguin tenir un reconeixement acad\u00e8mic dels aprenentatges adquirits amb l\u2019experi\u00e8ncia laboral o en activitats socials en relaci\u00f3 amb els t\u00edtols oficials de formaci\u00f3 professional.<\/span><\/span><\/span><\/p>\n<p><span style=\"font-family: Times New Roman, serif;\"><span style=\"color: #444444;\"><span style=\"font-family: inherit, serif;\">Per sol\u00b7licitar el servei\u00a0cal complir els requisits seg\u00fcents:<\/span><\/span><\/span><\/p>\n<p><span style=\"font-family: Times New Roman, serif;\"><span style=\"color: #444444;\"><span style=\"font-family: inherit, serif;\">Haver complert\u00a0<\/span><\/span><b><span style=\"color: #444444;\"><span style=\"font-family: inherit, serif;\">18 anys<\/span><\/span><\/b><span style=\"color: #444444;\"><span style=\"font-family: inherit, serif;\">,<\/span><\/span><\/span><\/p>\n<p><span style=\"font-family: Times New Roman, serif;\"><span style=\"color: #444444;\"><span style=\"font-family: inherit, serif;\">Acreditar experi\u00e8ncia laboral o en activitats socials d\u2019almenys\u00a0<\/span><\/span><b><span style=\"color: #444444;\"><span style=\"font-family: inherit, serif;\">2 anys en el sector<\/span><\/span><\/b><span style=\"color: #444444;\"><span style=\"font-family: inherit, serif;\">,<\/span><\/span><\/span><\/p>\n<p><span style=\"font-family: Times New Roman, serif;\"><span style=\"color: #444444;\"><span style=\"font-family: inherit, serif;\">Disposar de l\u2019<\/span><\/span><b><span style=\"color: #444444;\"><span style=\"font-family: inherit, serif;\">informe d\u2019assessorament obtingut en el servei d\u2019assessorament,<\/span><\/span><\/b><span style=\"color: #444444;\"><span style=\"font-family: inherit, serif;\">\u00a0o document equivalent de convocat\u00f2ries \u00a0 \u00a0 d\u2019acreditaci\u00f3 o validaci\u00f3 amb l\u2019orientaci\u00f3 i\/o assessorament del mateix t\u00edtol o d\u2019un t\u00edtol af\u00ed.<\/span><\/span><\/span><\/p>\n<p><span style=\"font-family: Times New Roman, serif;\"><span style=\"color: #444444;\"><span style=\"font-family: inherit, serif;\">El fet de participar en el servei d\u2019assessorament no comporta reserva de places pel servei de reconeixement.(Resoluci\u00f3 ENS\/1891\/2012, de 23 d\u2019agost)<\/span><\/span><\/span><\/p>\n<p><span style=\"font-family: Times New Roman, serif;\"><span style=\"color: #444444;\"><span style=\"font-family: inherit, serif;\">Tamb\u00e9 hi poden accedir les persones que han rebut el servei d\u2019assessorament en el marc de la validaci\u00f3 dels aprenentatges assolits mitjan\u00e7ant l\u2019experi\u00e8ncia laboral en activitats socials (annex 3 de la Resoluci\u00f3 EDU de 30 de juny, per la qual s\u2019estableix el programa experimental qualifica\u2019t en els ensenyaments de formaci\u00f3 professional del sistema educatiu).<\/span><\/span><\/span><\/p>\n<p><span style=\"font-family: Times New Roman, serif;\"><span style=\"color: #444444;\"><span style=\"font-family: inherit, serif;\">Nom\u00e9s es pot fer una sol\u00b7licitud per persona.<\/span><\/span><\/span><\/p>\n<p><span style=\"font-family: Times New Roman, serif;\"><span style=\"color: #444444;\"><span style=\"font-family: inherit, serif;\">L\u2019oferta del servei de reconeixement es fa per cicles formatius.<\/span><\/span><\/span><\/p>\n<p><span style=\"font-family: Times New Roman, serif;\"><b><span style=\"color: #444444;\"><span style=\"font-family: inherit, serif;\">Preu del servei:<\/span><\/span><\/b><\/span><\/p>\n<p><span style=\"font-family: Times New Roman, serif;\"><span style=\"color: #444444;\"><span style=\"font-family: inherit, serif;\">Els imports en els centres dependents del Departament d\u2019Educaci\u00f3 s\u00f3n els seg\u00fcents:<br \/>\n\u2013 una unitat formativa de t\u00edtol LOE: 18 euros<\/span><\/span><\/span><\/p>\n<p><span style=\"font-family: Times New Roman, serif;\"><b><span style=\"color: #444444;\"><span style=\"font-family: inherit, serif;\">Criteris d\u2019admissi\u00f3:<\/span><\/span><\/b><\/span><\/p>\n<p><span style=\"font-family: Times New Roman, serif;\"><span style=\"color: #444444;\"><span style=\"font-family: inherit, serif;\">L\u2019ordre d\u2019admissi\u00f3, com a centre del Departament, es realitzar\u00e0 d\u2019acord amb els criteris seg\u00fcents:<br \/>\n\u2013 de m\u00e9s a menys edat<br \/>\n\u2013 de m\u00e9s a menys experi\u00e8ncia laboral o activitats socials relacionades amb el cicle formatiu<\/span><\/span><\/span><\/p>\n<p><span style=\"font-family: Times New Roman, serif;\"><b><span style=\"color: #444444;\"><span style=\"font-family: inherit, serif;\">Oferta de places de l\u2019Institut Gallecs per cicles i fam\u00edlies:<\/span><\/span><\/b><\/span><\/p>\n<p><span style=\"font-family: Times New Roman, serif;\"><b><span style=\"color: #444444;\"><span style=\"font-family: inherit, serif;\">Publicaci\u00f3 del calendari previst del servei de Reconeixement:<\/span><\/span><\/b><\/span><\/p>\n<p><span style=\"font-family: Times New Roman, serif;\"><span style=\"color: #444444;\"><span style=\"font-family: inherit, serif;\">Pendent de publicaci\u00f3.<\/span><\/span><\/span><\/p>\n<p><span style=\"font-family: Times New Roman, serif;\"><b><span style=\"color: #444444;\"><span style=\"font-family: inherit, serif;\">Data sessi\u00f3 informativa del servei de Reconeixement<\/span><\/span><\/b><\/span><\/p>\n<p><span style=\"font-family: Times New Roman, serif;\"><span style=\"color: #444444;\"><span style=\"font-family: inherit, serif;\">Pendent de publicaci\u00f3.<\/span><\/span><\/span><\/p>\n<p><span style=\"font-family: Times New Roman, serif;\"><b><span style=\"color: #444444;\"><span style=\"font-family: inherit, serif;\">Per\u00edode d\u2019admissi\u00f3 de sol\u00b7licituds<\/span><\/span><\/b><\/span><\/p>\n<p><span style=\"font-family: Times New Roman, serif;\"><span style=\"color: #444444;\"><span style=\"font-family: inherit, serif;\">Pendent de publicaci\u00f3.<\/span><\/span><\/span><\/p>\n<p><span style=\"font-family: Times New Roman, serif;\"><span style=\"color: #444444;\"><span style=\"font-family: inherit, serif;\">Lloc: via telem\u00e0tica secretaria@insgallecs.cat<\/span><\/span><\/span><\/p>\n<p><span style=\"font-family: Times New Roman, serif;\"><b><span style=\"color: #444444;\"><span style=\"font-family: inherit, serif;\">Publicaci\u00f3 de la llista de persones admeses i llista d\u2019espera<\/span><\/span><\/b><\/span><\/p>\n<p><span style=\"font-family: Times New Roman, serif;\"><span style=\"color: #444444;\"><span style=\"font-family: inherit, serif;\">Pendent de publicaci\u00f3.<\/span><\/span><\/span><\/p>\n<p><span style=\"font-family: Times New Roman, serif;\"><span style=\"color: #444444;\"><span style=\"font-family: inherit, serif;\">Lloc: via telem\u00e0tica secretaria@insgallecs.cat<\/span><\/span><\/span><\/p>\n<p><span style=\"font-family: Times New Roman, serif;\"><b><span style=\"color: #444444;\"><span style=\"font-family: inherit, serif;\">Inscripci\u00f3 i pagament del Servei de Reconeixement<\/span><\/span><\/b><\/span><\/p>\n<p><span style=\"font-family: Times New Roman, serif;\"><span style=\"color: #444444;\"><span style=\"font-family: inherit, serif;\">Pendent de publicaci\u00f3.<\/span><\/span><\/span><\/p>\n<p><span style=\"font-family: Times New Roman, serif;\"><span style=\"color: #444444;\"><span style=\"font-family: inherit, serif;\">Lloc: via telem\u00e0tica secretaria@insgallecs.cat<\/span><\/span><\/span><\/p>\n<p><span style=\"font-family: Times New Roman, serif;\"><b><span style=\"color: #444444;\"><span style=\"font-family: inherit, serif;\">Data d\u2019inici de les sessions de Reconeixement<\/span><\/span><\/b><\/span><\/p>\n<p><span style=\"font-family: Times New Roman, serif;\"><span style=\"color: #444444;\"><span style=\"font-family: inherit, serif;\">Pendent de publicaci\u00f3.<\/span><\/span><\/span><\/p>\n<p><span style=\"font-family: Times New Roman, serif;\"><b><span style=\"color: #444444;\"><span style=\"font-family: inherit, serif;\">Informaci\u00f3 del Departament d\u2019Educaci\u00f3.<\/span><\/span><\/b><\/span><\/p>\n<p><span style=\"font-family: Times New Roman, serif;\"><span style=\"color: #0000ff;\"><u><a href=\"http:\/\/queestudiar.gencat.cat\/ca\/estudis\/fp\/mesures-flexib\/reconeixement-academic\/\" target=\"_blank\" rel=\"noopener\"><span style=\"color: #087eb6;\"><span style=\"font-family: Arial, serif;\">Web Departament<\/span><\/span><\/a><\/u><\/span><\/span><\/p>\n<p><span style=\"font-family: Times New Roman, serif;\"><span style=\"color: #0000ff;\"><u><a href=\"http:\/\/www20.gencat.cat\/portal\/site\/portaldogc\/menuitem.c973d2fc58aa0083e4492d92b0c0e1a0\/?vgnextoid=485946a6e5dfe210VgnVCM1000000b0c1e0aRCRD&amp;appInstanceName=default&amp;action=fitxa&amp;documentId=617026&amp;language=ca_ES\" target=\"_blank\" rel=\"noopener\"><span style=\"color: #087eb6;\"><span style=\"font-family: Arial, serif;\">Resoluci\u00f3 ENS\/1891\/2012<\/span><\/span><\/a><\/u><\/span><span style=\"color: #444444;\"><span style=\"font-family: inherit, serif;\">, de 23 d\u2019agost,<br \/>\nd\u2019organitzaci\u00f3 de diverses mesures flexibilitzadores i actuacions en la formaci\u00f3 professional inicial (DOGC n\u00fam. 6220, de 26.9.2012)<\/span><\/span><\/span><\/p>\n<p><span style=\"font-family: Times New Roman, serif;\"><span style=\"color: #0000ff;\"><u><a href=\"http:\/\/www20.gencat.cat\/portal\/site\/portaldogc\/menuitem.c973d2fc58aa0083e4492d92b0c0e1a0\/?vgnextoid=485946a6e5dfe210VgnVCM1000000b0c1e0aRCRD&amp;appInstanceName=default&amp;action=fitxa&amp;documentId=617138&amp;language=ca_ES\" target=\"_blank\" rel=\"noopener\"><span style=\"color: #087eb6;\"><span style=\"font-family: Arial, serif;\">Ordre ENS\/270\/2012<\/span><\/span><\/a><\/u><\/span><span style=\"color: #444444;\"><span style=\"font-family: inherit, serif;\">, de 31 d\u2019agost,<br \/>\nde creaci\u00f3 de preus p\u00fablics per diversos serveis relacionats amb els ensenyaments de formaci\u00f3 professional inicial que es presten als centres educatius dependents del Departament d\u2019Ensenyament. (DOGC n\u00fam. 6221, de 27.9.2012)<\/span><\/span><\/span><\/p>\n","protected":false},"excerpt":{"rendered":"<p>Convocat\u00f2ria curs (Properament) \u00a0 Descripci\u00f3 del servei de reconeixement acad\u00e8mic dels aprenentatges assolits mitjan\u00e7ant l\u2019experi\u00e8ncia laboral o en activitats socials: El Servei de reconeixement acad\u00e8mic dels aprenentatges assolits mitjan\u00e7ant l&#8217;experi\u00e8ncia laboral o en activitats socials s&#8217;adre\u00e7a a les persones amb experi\u00e8ncia laboral o en activitats socials que vulguin tenir un reconeixement acad\u00e8mic dels aprenentatges adquirits [&hellip;]<\/p>\n","protected":false},"author":1,"featured_media":0,"parent":714,"menu_order":2,"comment_status":"closed","ping_status":"closed","template":"","meta":{"site-sidebar-layout":"default","site-content-layout":"","ast-site-content-layout":"default","site-content-style":"default","site-sidebar-style":"default","ast-global-header-display":"","ast-banner-title-visibility":"","ast-main-header-display":"","ast-hfb-above-header-display":"","ast-hfb-below-header-display":"","ast-hfb-mobile-header-display":"","site-post-title":"","ast-breadcrumbs-content":"","ast-featured-img":"","footer-sml-layout":"","theme-transparent-header-meta":"default","adv-header-id-meta":"","stick-header-meta":"","header-above-stick-meta":"","header-main-stick-meta":"","header-below-stick-meta":"","astra-migrate-meta-layouts":"set","ast-page-background-enabled":"default","ast-page-background-meta":{"desktop":{"background-color":"var(--ast-global-color-5)","background-image":"","background-repeat":"repeat","background-position":"center center","background-size":"auto","background-attachment":"scroll","background-type":"","background-media":"","overlay-type":"","overlay-color":"","overlay-opacity":"","overlay-gradient":""},"tablet":{"background-color":"","background-image":"","background-repeat":"repeat","background-position":"center center","background-size":"auto","background-attachment":"scroll","background-type":"","background-media":"","overlay-type":"","overlay-color":"","overlay-opacity":"","overlay-gradient":""},"mobile":{"background-color":"","background-image":"","background-repeat":"repeat","background-position":"center center","background-size":"auto","background-attachment":"scroll","background-type":"","background-media":"","overlay-type":"","overlay-color":"","overlay-opacity":"","overlay-gradient":""}},"ast-content-background-meta":{"desktop":{"background-color":"var(--ast-global-color-4)","background-image":"","background-repeat":"repeat","background-position":"center center","background-size":"auto","background-attachment":"scroll","background-type":"","background-media":"","overlay-type":"","overlay-color":"","overlay-opacity":"","overlay-gradient":""},"tablet":{"background-color":"var(--ast-global-color-4)","background-image":"","background-repeat":"repeat","background-position":"center center","background-size":"auto","background-attachment":"scroll","background-type":"","background-media":"","overlay-type":"","overlay-color":"","overlay-opacity":"","overlay-gradient":""},"mobile":{"background-color":"var(--ast-global-color-4)","background-image":"","background-repeat":"repeat","background-position":"center center","background-size":"auto","background-attachment":"scroll","background-type":"","background-media":"","overlay-type":"","overlay-color":"","overlay-opacity":"","overlay-gradient":""}},"footnotes":""},"class_list":["post-658","page","type-page","status-publish","hentry"],"post_mailing_queue_ids":[],"_links":{"self":[{"href":"https:\/\/agora.xtec.cat\/iesgallecs\/wp-json\/wp\/v2\/pages\/658","targetHints":{"allow":["GET"]}}],"collection":[{"href":"https:\/\/agora.xtec.cat\/iesgallecs\/wp-json\/wp\/v2\/pages"}],"about":[{"href":"https:\/\/agora.xtec.cat\/iesgallecs\/wp-json\/wp\/v2\/types\/page"}],"author":[{"embeddable":true,"href":"https:\/\/agora.xtec.cat\/iesgallecs\/wp-json\/wp\/v2\/users\/1"}],"replies":[{"embeddable":true,"href":"https:\/\/agora.xtec.cat\/iesgallecs\/wp-json\/wp\/v2\/comments?post=658"}],"version-history":[{"count":7,"href":"https:\/\/agora.xtec.cat\/iesgallecs\/wp-json\/wp\/v2\/pages\/658\/revisions"}],"predecessor-version":[{"id":6979,"href":"https:\/\/agora.xtec.cat\/iesgallecs\/wp-json\/wp\/v2\/pages\/658\/revisions\/6979"}],"up":[{"embeddable":true,"href":"https:\/\/agora.xtec.cat\/iesgallecs\/wp-json\/wp\/v2\/pages\/714"}],"wp:attachment":[{"href":"https:\/\/agora.xtec.cat\/iesgallecs\/wp-json\/wp\/v2\/media?parent=658"}],"curies":[{"name":"wp","href":"https:\/\/api.w.org\/{rel}","templated":true}]}}