{"id":5644,"date":"2024-03-18T15:30:41","date_gmt":"2024-03-18T14:30:41","guid":{"rendered":"https:\/\/agora.xtec.cat\/iesgallecs\/?page_id=5644"},"modified":"2026-01-20T23:09:58","modified_gmt":"2026-01-20T22:09:58","slug":"v-jornades-de-qualitat-a-linstitut-gallecs","status":"publish","type":"page","link":"https:\/\/agora.xtec.cat\/iesgallecs\/projecte-educatiu\/politica-de-qualitat\/v-jornades-de-qualitat-a-linstitut-gallecs\/","title":{"rendered":"V Jornades de Qualitat a l&#8217;Institut Gallecs"},"content":{"rendered":"<p>&nbsp;<\/p>\n<h3><span style=\"text-decoration: underline;\"><strong>1- Presentaci\u00f3 i Projecte de Direcci\u00f3<\/strong><\/span><\/h3>\n<div class=\"ast-oembed-container \" style=\"height: 100%;\"><iframe loading=\"lazy\" title=\"1  Presentaci\u00f3 el Projecte de Direcci\u00f3\" width=\"500\" height=\"281\" src=\"https:\/\/www.youtube.com\/embed\/3Om0ENTJLJY?feature=oembed\" frameborder=\"0\" allow=\"accelerometer; autoplay; clipboard-write; encrypted-media; gyroscope; picture-in-picture; web-share\" referrerpolicy=\"strict-origin-when-cross-origin\" allowfullscreen><\/iframe><\/div>\n<p><a href=\"https:\/\/agora.xtec.cat\/iesgallecs\/wp-content\/uploads\/usu1971\/2024\/03\/foto-part-1.jpg\"><img loading=\"lazy\" decoding=\"async\" class=\"wp-image-5664 alignnone\" src=\"https:\/\/agora.xtec.cat\/iesgallecs\/wp-content\/uploads\/usu1971\/2024\/03\/foto-part-1.jpg\" alt=\"\" width=\"482\" height=\"271\" srcset=\"https:\/\/agora.xtec.cat\/iesgallecs\/wp-content\/uploads\/usu1971\/2024\/03\/foto-part-1.jpg 1366w, https:\/\/agora.xtec.cat\/iesgallecs\/wp-content\/uploads\/usu1971\/2024\/03\/foto-part-1-300x169.jpg 300w, https:\/\/agora.xtec.cat\/iesgallecs\/wp-content\/uploads\/usu1971\/2024\/03\/foto-part-1-1024x576.jpg 1024w, https:\/\/agora.xtec.cat\/iesgallecs\/wp-content\/uploads\/usu1971\/2024\/03\/foto-part-1-768x432.jpg 768w\" sizes=\"auto, (max-width: 482px) 100vw, 482px\" \/><\/a><\/p>\n<h3><\/h3>\n<div class=\"ast-oembed-container \" style=\"height: 100%;\"><iframe loading=\"lazy\" title=\"1. El Nostre Projecte de Direcci\u00f3\" class=\"scribd_iframe_embed\" src=\"https:\/\/www.scribd.com\/embeds\/714486041\/content\" data-aspect-ratio=\"1.7790927021696252\" scrolling=\"no\" id=\"714486041\" width=\"500\" height=\"750\" frameborder=\"0\"><\/iframe><script type=\"text\/javascript\">                (function() { var scribd = document.createElement(\"script\"); scribd.type = \"text\/javascript\"; scribd.async = true; scribd.src = \"https:\/\/www.scribd.com\/javascripts\/embed_code\/inject.js\"; var s = document.getElementsByTagName(\"script\")[0]; s.parentNode.insertBefore(scribd, s); })()              <\/script><\/div>\n<!--[if lt IE 9]><script>document.createElement('audio');<\/script><![endif]-->\n\t<div class=\"wp-playlist wp-audio-playlist wp-playlist-light\">\n\t\t\t<div class=\"wp-playlist-current-item\"><\/div>\n\t\t<audio controls=\"controls\" preload=\"none\" width=\"640\"\n\t\t\t><\/audio>\n\t<div class=\"wp-playlist-next\"><\/div>\n\t<div class=\"wp-playlist-prev\"><\/div>\n\t<noscript>\n\t<ol>\n\t\t<li><a href='https:\/\/agora.xtec.cat\/iesgallecs\/wp-content\/uploads\/usu1971\/2024\/03\/1.-PRESENTACIO_EL-PROJECTE-DE-DIRECCIO.mp3'>1. PRESENTACIO_EL PROJECTE DE DIRECCI\u00d3<\/a><\/li>\t<\/ol>\n\t<\/noscript>\n\t<script type=\"application\/json\" class=\"wp-playlist-script\">{\"type\":\"audio\",\"tracklist\":true,\"tracknumbers\":true,\"images\":true,\"artists\":true,\"tracks\":[{\"src\":\"https:\\\/\\\/agora.xtec.cat\\\/iesgallecs\\\/wp-content\\\/uploads\\\/usu1971\\\/2024\\\/03\\\/1.-PRESENTACIO_EL-PROJECTE-DE-DIRECCIO.mp3\",\"type\":\"audio\\\/mpeg\",\"title\":\"1. PRESENTACIO_EL PROJECTE DE DIRECCI\\u00d3\",\"caption\":\"\",\"description\":\"\\\"1. PRESENTACIO_EL PROJECTE DE DIRECCI\\u00d3\\\".\",\"meta\":{\"length_formatted\":\"10:27\"},\"image\":{\"src\":\"https:\\\/\\\/agora.xtec.cat\\\/iesgallecs\\\/wp-includes\\\/images\\\/media\\\/audio.svg\",\"width\":48,\"height\":64},\"thumb\":{\"src\":\"https:\\\/\\\/agora.xtec.cat\\\/iesgallecs\\\/wp-includes\\\/images\\\/media\\\/audio.svg\",\"width\":48,\"height\":64}}]}<\/script>\n<\/div>\n\t\n<h3><span style=\"text-decoration: underline;\"><strong>2. Sistema de gesti\u00f3: Cerca l&#8217;excel\u00b7l\u00e8ncia en la gesti\u00f3 del centre<\/strong><\/span><\/h3>\n<p>&nbsp;<\/p>\n<div class=\"ast-oembed-container \" style=\"height: 100%;\"><iframe loading=\"lazy\" title=\"2  Sistema de gesti\u00f3 : cerca de l&#039;excel\u00b7l\u00e8ncia en la gesti\u00f3 del centre\" width=\"500\" height=\"281\" src=\"https:\/\/www.youtube.com\/embed\/98SeoDDu87o?feature=oembed\" frameborder=\"0\" allow=\"accelerometer; autoplay; clipboard-write; encrypted-media; gyroscope; picture-in-picture; web-share\" referrerpolicy=\"strict-origin-when-cross-origin\" allowfullscreen><\/iframe><\/div>\n<p><a href=\"https:\/\/agora.xtec.cat\/iesgallecs\/wp-content\/uploads\/usu1971\/2024\/03\/foto-part-2.jpg\"><img loading=\"lazy\" decoding=\"async\" class=\" wp-image-5671 alignnone\" src=\"https:\/\/agora.xtec.cat\/iesgallecs\/wp-content\/uploads\/usu1971\/2024\/03\/foto-part-2.jpg\" alt=\"\" width=\"478\" height=\"257\" srcset=\"https:\/\/agora.xtec.cat\/iesgallecs\/wp-content\/uploads\/usu1971\/2024\/03\/foto-part-2.jpg 1075w, https:\/\/agora.xtec.cat\/iesgallecs\/wp-content\/uploads\/usu1971\/2024\/03\/foto-part-2-300x161.jpg 300w, https:\/\/agora.xtec.cat\/iesgallecs\/wp-content\/uploads\/usu1971\/2024\/03\/foto-part-2-1024x551.jpg 1024w, https:\/\/agora.xtec.cat\/iesgallecs\/wp-content\/uploads\/usu1971\/2024\/03\/foto-part-2-768x413.jpg 768w\" sizes=\"auto, (max-width: 478px) 100vw, 478px\" \/><\/a><\/p>\n<div class=\"ast-oembed-container \" style=\"height: 100%;\"><iframe loading=\"lazy\" title=\"2. Sistema de Gesti\u00f3: Cerca l&#039;Excel\u00b7l\u00e8ncia en La Gesti\u00f3 Del Centre\" class=\"scribd_iframe_embed\" src=\"https:\/\/www.scribd.com\/embeds\/714486556\/content\" data-aspect-ratio=\"1.7790927021696252\" scrolling=\"no\" id=\"714486556\" width=\"500\" height=\"750\" frameborder=\"0\"><\/iframe><script type=\"text\/javascript\">                (function() { var scribd = document.createElement(\"script\"); scribd.type = \"text\/javascript\"; scribd.async = true; scribd.src = \"https:\/\/www.scribd.com\/javascripts\/embed_code\/inject.js\"; var s = document.getElementsByTagName(\"script\")[0]; s.parentNode.insertBefore(scribd, s); })()              <\/script><\/div>\n<p>&nbsp;<\/p>\n<div class=\"wp-playlist wp-audio-playlist wp-playlist-light\">\n\t\t\t<div class=\"wp-playlist-current-item\"><\/div>\n\t\t<audio controls=\"controls\" preload=\"none\" width=\"640\"\n\t\t\t><\/audio>\n\t<div class=\"wp-playlist-next\"><\/div>\n\t<div class=\"wp-playlist-prev\"><\/div>\n\t<noscript>\n\t<ol>\n\t\t<li><a href='https:\/\/agora.xtec.cat\/iesgallecs\/wp-content\/uploads\/usu1971\/2024\/03\/2.-Sistema-de-Gestio-Cerca-lExcellencia-en-La-Gestio-Del-Centre.mp3'>2. Sistema de Gesti\u00f3 Cerca l'Excel\u00b7l\u00e8ncia en La Gesti\u00f3 Del Centre<\/a><\/li>\t<\/ol>\n\t<\/noscript>\n\t<script type=\"application\/json\" class=\"wp-playlist-script\">{\"type\":\"audio\",\"tracklist\":true,\"tracknumbers\":true,\"images\":true,\"artists\":true,\"tracks\":[{\"src\":\"https:\\\/\\\/agora.xtec.cat\\\/iesgallecs\\\/wp-content\\\/uploads\\\/usu1971\\\/2024\\\/03\\\/2.-Sistema-de-Gestio-Cerca-lExcellencia-en-La-Gestio-Del-Centre.mp3\",\"type\":\"audio\\\/mpeg\",\"title\":\"2. Sistema de Gesti\\u00f3 Cerca l'Excel\\u00b7l\\u00e8ncia en La Gesti\\u00f3 Del Centre\",\"caption\":\"\",\"description\":\"\\\"2. Sistema de Gesti\\u00f3 Cerca l'Excel\\u00b7l\\u00e8ncia en La Gesti\\u00f3 Del Centre\\\".\",\"meta\":{\"length_formatted\":\"16:59\"},\"image\":{\"src\":\"https:\\\/\\\/agora.xtec.cat\\\/iesgallecs\\\/wp-includes\\\/images\\\/media\\\/audio.svg\",\"width\":48,\"height\":64},\"thumb\":{\"src\":\"https:\\\/\\\/agora.xtec.cat\\\/iesgallecs\\\/wp-includes\\\/images\\\/media\\\/audio.svg\",\"width\":48,\"height\":64}}]}<\/script>\n<\/div>\n\t\n<p>&nbsp;<\/p>\n<h3><span style=\"text-decoration: underline;\"><strong>3. Millora dels resultats educatius<\/strong><\/span><\/h3>\n<div class=\"ast-oembed-container \" style=\"height: 100%;\"><iframe loading=\"lazy\" title=\"3  Millora dels resultats acad\u00e8mics\" width=\"500\" height=\"281\" src=\"https:\/\/www.youtube.com\/embed\/v0wl9unEFsU?feature=oembed\" frameborder=\"0\" allow=\"accelerometer; autoplay; clipboard-write; encrypted-media; gyroscope; picture-in-picture; web-share\" referrerpolicy=\"strict-origin-when-cross-origin\" allowfullscreen><\/iframe><\/div>\n<p><a href=\"https:\/\/agora.xtec.cat\/iesgallecs\/wp-content\/uploads\/usu1971\/2024\/03\/foto-part-3.jpg\"><img loading=\"lazy\" decoding=\"async\" class=\" wp-image-5673 alignnone\" src=\"https:\/\/agora.xtec.cat\/iesgallecs\/wp-content\/uploads\/usu1971\/2024\/03\/foto-part-3.jpg\" alt=\"\" width=\"408\" height=\"233\" srcset=\"https:\/\/agora.xtec.cat\/iesgallecs\/wp-content\/uploads\/usu1971\/2024\/03\/foto-part-3.jpg 1078w, https:\/\/agora.xtec.cat\/iesgallecs\/wp-content\/uploads\/usu1971\/2024\/03\/foto-part-3-300x171.jpg 300w, https:\/\/agora.xtec.cat\/iesgallecs\/wp-content\/uploads\/usu1971\/2024\/03\/foto-part-3-1024x585.jpg 1024w, https:\/\/agora.xtec.cat\/iesgallecs\/wp-content\/uploads\/usu1971\/2024\/03\/foto-part-3-768x439.jpg 768w\" sizes=\"auto, (max-width: 408px) 100vw, 408px\" \/><\/a><\/p>\n<div class=\"ast-oembed-container \" style=\"height: 100%;\"><iframe loading=\"lazy\" title=\"3. Millora en l&#039;Ensenyament Aprenentatge_Millorar Els Resultats Educatius\" class=\"scribd_iframe_embed\" src=\"https:\/\/www.scribd.com\/embeds\/714486810\/content\" data-aspect-ratio=\"1.7790927021696252\" scrolling=\"no\" id=\"714486810\" width=\"500\" height=\"750\" frameborder=\"0\"><\/iframe><script type=\"text\/javascript\">                (function() { var scribd = document.createElement(\"script\"); scribd.type = \"text\/javascript\"; scribd.async = true; scribd.src = \"https:\/\/www.scribd.com\/javascripts\/embed_code\/inject.js\"; var s = document.getElementsByTagName(\"script\")[0]; s.parentNode.insertBefore(scribd, s); })()              <\/script><\/div>\n<div class=\"wp-playlist wp-audio-playlist wp-playlist-light\">\n\t\t\t<div class=\"wp-playlist-current-item\"><\/div>\n\t\t<audio controls=\"controls\" preload=\"none\" width=\"640\"\n\t\t\t><\/audio>\n\t<div class=\"wp-playlist-next\"><\/div>\n\t<div class=\"wp-playlist-prev\"><\/div>\n\t<noscript>\n\t<ol>\n\t\t<li><a href='https:\/\/agora.xtec.cat\/iesgallecs\/wp-content\/uploads\/usu1971\/2024\/03\/3.-Millora-en-lensenyament-aprenentatge_Millorar-els-resultats-educatius.mp3'>3. Millora en l'ensenyament aprenentatge_Millorar els resultats educatius<\/a><\/li>\t<\/ol>\n\t<\/noscript>\n\t<script type=\"application\/json\" class=\"wp-playlist-script\">{\"type\":\"audio\",\"tracklist\":true,\"tracknumbers\":true,\"images\":true,\"artists\":true,\"tracks\":[{\"src\":\"https:\\\/\\\/agora.xtec.cat\\\/iesgallecs\\\/wp-content\\\/uploads\\\/usu1971\\\/2024\\\/03\\\/3.-Millora-en-lensenyament-aprenentatge_Millorar-els-resultats-educatius.mp3\",\"type\":\"audio\\\/mpeg\",\"title\":\"3. Millora en l'ensenyament aprenentatge_Millorar els resultats educatius\",\"caption\":\"\",\"description\":\"\\\"3. Millora en l'ensenyament aprenentatge_Millorar els resultats educatius\\\".\",\"meta\":{\"length_formatted\":\"43:34\"},\"image\":{\"src\":\"https:\\\/\\\/agora.xtec.cat\\\/iesgallecs\\\/wp-includes\\\/images\\\/media\\\/audio.svg\",\"width\":48,\"height\":64},\"thumb\":{\"src\":\"https:\\\/\\\/agora.xtec.cat\\\/iesgallecs\\\/wp-includes\\\/images\\\/media\\\/audio.svg\",\"width\":48,\"height\":64}}]}<\/script>\n<\/div>\n\t\n<h3><span style=\"text-decoration: underline;\"><strong>4. Millora de la cohesi\u00f3 social<\/strong><\/span><\/h3>\n<div class=\"ast-oembed-container \" style=\"height: 100%;\"><iframe loading=\"lazy\" title=\"4  Millorar la cohesi\u00f3 social\" width=\"500\" height=\"281\" src=\"https:\/\/www.youtube.com\/embed\/5RMG0efd26M?feature=oembed\" frameborder=\"0\" allow=\"accelerometer; autoplay; clipboard-write; encrypted-media; gyroscope; picture-in-picture; web-share\" referrerpolicy=\"strict-origin-when-cross-origin\" allowfullscreen><\/iframe><\/div>\n<p><a href=\"https:\/\/agora.xtec.cat\/iesgallecs\/wp-content\/uploads\/usu1971\/2024\/03\/foto-part-4.jpg\"><img loading=\"lazy\" decoding=\"async\" class=\"wp-image-5677 alignnone\" src=\"https:\/\/agora.xtec.cat\/iesgallecs\/wp-content\/uploads\/usu1971\/2024\/03\/foto-part-4.jpg\" alt=\"\" width=\"427\" height=\"240\" srcset=\"https:\/\/agora.xtec.cat\/iesgallecs\/wp-content\/uploads\/usu1971\/2024\/03\/foto-part-4.jpg 1366w, https:\/\/agora.xtec.cat\/iesgallecs\/wp-content\/uploads\/usu1971\/2024\/03\/foto-part-4-300x169.jpg 300w, https:\/\/agora.xtec.cat\/iesgallecs\/wp-content\/uploads\/usu1971\/2024\/03\/foto-part-4-1024x576.jpg 1024w, https:\/\/agora.xtec.cat\/iesgallecs\/wp-content\/uploads\/usu1971\/2024\/03\/foto-part-4-768x432.jpg 768w\" sizes=\"auto, (max-width: 427px) 100vw, 427px\" \/><\/a><\/p>\n<div class=\"ast-oembed-container \" style=\"height: 100%;\"><iframe loading=\"lazy\" title=\"4. Bona Pr\u00e0ctica_Millora de La Cohesi\u00f3 Social\" class=\"scribd_iframe_embed\" src=\"https:\/\/www.scribd.com\/embeds\/714487116\/content\" data-aspect-ratio=\"1.7790927021696252\" scrolling=\"no\" id=\"714487116\" width=\"500\" height=\"750\" frameborder=\"0\"><\/iframe><script type=\"text\/javascript\">                (function() { var scribd = document.createElement(\"script\"); scribd.type = \"text\/javascript\"; scribd.async = true; scribd.src = \"https:\/\/www.scribd.com\/javascripts\/embed_code\/inject.js\"; var s = document.getElementsByTagName(\"script\")[0]; s.parentNode.insertBefore(scribd, s); })()              <\/script><\/div>\n<div class=\"wp-playlist wp-audio-playlist wp-playlist-light\">\n\t\t\t<div class=\"wp-playlist-current-item\"><\/div>\n\t\t<audio controls=\"controls\" preload=\"none\" width=\"640\"\n\t\t\t><\/audio>\n\t<div class=\"wp-playlist-next\"><\/div>\n\t<div class=\"wp-playlist-prev\"><\/div>\n\t<noscript>\n\t<ol>\n\t\t<li><a href='https:\/\/agora.xtec.cat\/iesgallecs\/wp-content\/uploads\/usu1971\/2024\/03\/4.-Bona-practica_Millora-de-la-cohesio-social.mp3'>4. Bona pr\u00e0ctica_Millora de la cohesi\u00f3 social<\/a><\/li>\t<\/ol>\n\t<\/noscript>\n\t<script type=\"application\/json\" class=\"wp-playlist-script\">{\"type\":\"audio\",\"tracklist\":true,\"tracknumbers\":true,\"images\":true,\"artists\":true,\"tracks\":[{\"src\":\"https:\\\/\\\/agora.xtec.cat\\\/iesgallecs\\\/wp-content\\\/uploads\\\/usu1971\\\/2024\\\/03\\\/4.-Bona-practica_Millora-de-la-cohesio-social.mp3\",\"type\":\"audio\\\/mpeg\",\"title\":\"4. Bona pr\\u00e0ctica_Millora de la cohesi\\u00f3 social\",\"caption\":\"\",\"description\":\"\\\"4. Bona pr\\u00e0ctica_Millora de la cohesi\\u00f3 social\\\".\",\"meta\":{\"length_formatted\":\"37:13\"},\"image\":{\"src\":\"https:\\\/\\\/agora.xtec.cat\\\/iesgallecs\\\/wp-includes\\\/images\\\/media\\\/audio.svg\",\"width\":48,\"height\":64},\"thumb\":{\"src\":\"https:\\\/\\\/agora.xtec.cat\\\/iesgallecs\\\/wp-includes\\\/images\\\/media\\\/audio.svg\",\"width\":48,\"height\":64}}]}<\/script>\n<\/div>\n\t\n<p>&nbsp;<\/p>\n<h3><span style=\"text-decoration: underline;\"><strong>5. Canvis en el tractament de la informaci\u00f3: Digitalitzaci\u00f3 dels documents<\/strong><\/span><\/h3>\n<div class=\"ast-oembed-container \" style=\"height: 100%;\"><iframe loading=\"lazy\" title=\"5  Digitalitzaci\u00f3 de la documentaci\u00f3\" width=\"500\" height=\"281\" src=\"https:\/\/www.youtube.com\/embed\/VVu1BsKQIk4?feature=oembed\" frameborder=\"0\" allow=\"accelerometer; autoplay; clipboard-write; encrypted-media; gyroscope; picture-in-picture; web-share\" referrerpolicy=\"strict-origin-when-cross-origin\" allowfullscreen><\/iframe><\/div>\n<p><a href=\"https:\/\/agora.xtec.cat\/iesgallecs\/wp-content\/uploads\/usu1971\/2024\/03\/foto-part-5.jpg\"><img loading=\"lazy\" decoding=\"async\" class=\" wp-image-5679 alignnone\" src=\"https:\/\/agora.xtec.cat\/iesgallecs\/wp-content\/uploads\/usu1971\/2024\/03\/foto-part-5.jpg\" alt=\"\" width=\"480\" height=\"270\" srcset=\"https:\/\/agora.xtec.cat\/iesgallecs\/wp-content\/uploads\/usu1971\/2024\/03\/foto-part-5.jpg 1366w, https:\/\/agora.xtec.cat\/iesgallecs\/wp-content\/uploads\/usu1971\/2024\/03\/foto-part-5-300x169.jpg 300w, https:\/\/agora.xtec.cat\/iesgallecs\/wp-content\/uploads\/usu1971\/2024\/03\/foto-part-5-1024x576.jpg 1024w, https:\/\/agora.xtec.cat\/iesgallecs\/wp-content\/uploads\/usu1971\/2024\/03\/foto-part-5-768x432.jpg 768w\" sizes=\"auto, (max-width: 480px) 100vw, 480px\" \/><\/a><\/p>\n<p><a href=\"https:\/\/www.scribd.com\/document\/714487779\/5-Canvis-en-El-Tractament-de-La-Informacio-Digitalitzacio-Dels-Documents\" target=\"_blank\" rel=\"noopener\">5. Canvis en El Tractament de La Informaci\u00f3_Digitalitzaci\u00f3 Dels Documents.<\/a><\/p>\n<p>&nbsp;<\/p>\n<div class=\"wp-playlist wp-audio-playlist wp-playlist-light\">\n\t\t\t<div class=\"wp-playlist-current-item\"><\/div>\n\t\t<audio controls=\"controls\" preload=\"none\" width=\"640\"\n\t\t\t><\/audio>\n\t<div class=\"wp-playlist-next\"><\/div>\n\t<div class=\"wp-playlist-prev\"><\/div>\n\t<noscript>\n\t<ol>\n\t\t<li><a href='https:\/\/agora.xtec.cat\/iesgallecs\/wp-content\/uploads\/usu1971\/2024\/03\/5.-Canvis-en-el-tractament-de-la-informacio_Digitalitzacio-dels-documents.mp3'>5. Canvis en el tractament de la informaci\u00f3_Digitalitzaci\u00f3 dels documents.<\/a><\/li>\t<\/ol>\n\t<\/noscript>\n\t<script type=\"application\/json\" class=\"wp-playlist-script\">{\"type\":\"audio\",\"tracklist\":true,\"tracknumbers\":true,\"images\":true,\"artists\":true,\"tracks\":[{\"src\":\"https:\\\/\\\/agora.xtec.cat\\\/iesgallecs\\\/wp-content\\\/uploads\\\/usu1971\\\/2024\\\/03\\\/5.-Canvis-en-el-tractament-de-la-informacio_Digitalitzacio-dels-documents.mp3\",\"type\":\"audio\\\/mpeg\",\"title\":\"5. Canvis en el tractament de la informaci\\u00f3_Digitalitzaci\\u00f3 dels documents.\",\"caption\":\"\",\"description\":\"\\\"5. Canvis en el tractament de la informaci\\u00f3_Digitalitzaci\\u00f3 dels documents.\\\".\",\"meta\":{\"length_formatted\":\"16:48\"},\"image\":{\"src\":\"https:\\\/\\\/agora.xtec.cat\\\/iesgallecs\\\/wp-includes\\\/images\\\/media\\\/audio.svg\",\"width\":48,\"height\":64},\"thumb\":{\"src\":\"https:\\\/\\\/agora.xtec.cat\\\/iesgallecs\\\/wp-includes\\\/images\\\/media\\\/audio.svg\",\"width\":48,\"height\":64}}]}<\/script>\n<\/div>\n\t\n<h3><span style=\"text-decoration: underline;\"><strong>6. Distribuci\u00f3 dels recursos econ\u00f2mics per les infraestructures.<\/strong><\/span><\/h3>\n<div class=\"ast-oembed-container \" style=\"height: 100%;\"><iframe loading=\"lazy\" title=\"6  Distribuci\u00f3 dels recursos econ\u00f2mics adequaci\u00f3 i dignificaci\u00f3 del centre\" width=\"500\" height=\"281\" src=\"https:\/\/www.youtube.com\/embed\/d6ijPDH31RQ?feature=oembed\" frameborder=\"0\" allow=\"accelerometer; autoplay; clipboard-write; encrypted-media; gyroscope; picture-in-picture; web-share\" referrerpolicy=\"strict-origin-when-cross-origin\" allowfullscreen><\/iframe><\/div>\n<p><a href=\"https:\/\/agora.xtec.cat\/iesgallecs\/wp-content\/uploads\/usu1971\/2024\/03\/foto-part-6.jpg\"><img loading=\"lazy\" decoding=\"async\" class=\" wp-image-5680 alignnone\" src=\"https:\/\/agora.xtec.cat\/iesgallecs\/wp-content\/uploads\/usu1971\/2024\/03\/foto-part-6.jpg\" alt=\"\" width=\"476\" height=\"268\" srcset=\"https:\/\/agora.xtec.cat\/iesgallecs\/wp-content\/uploads\/usu1971\/2024\/03\/foto-part-6.jpg 1366w, https:\/\/agora.xtec.cat\/iesgallecs\/wp-content\/uploads\/usu1971\/2024\/03\/foto-part-6-300x169.jpg 300w, https:\/\/agora.xtec.cat\/iesgallecs\/wp-content\/uploads\/usu1971\/2024\/03\/foto-part-6-1024x576.jpg 1024w, https:\/\/agora.xtec.cat\/iesgallecs\/wp-content\/uploads\/usu1971\/2024\/03\/foto-part-6-768x432.jpg 768w\" sizes=\"auto, (max-width: 476px) 100vw, 476px\" \/><\/a><\/p>\n<div class=\"ast-oembed-container \" style=\"height: 100%;\"><iframe loading=\"lazy\" title=\"6. Distribuci\u00f3 Dels Recursos Econ\u00f2mics_adequaci\u00f3 i Dignificaci\u00f3 Del Centre\" class=\"scribd_iframe_embed\" src=\"https:\/\/www.scribd.com\/embeds\/714488109\/content\" data-aspect-ratio=\"1.7790927021696252\" scrolling=\"no\" id=\"714488109\" width=\"500\" height=\"750\" frameborder=\"0\"><\/iframe><script type=\"text\/javascript\">                (function() { var scribd = document.createElement(\"script\"); scribd.type = \"text\/javascript\"; scribd.async = true; scribd.src = \"https:\/\/www.scribd.com\/javascripts\/embed_code\/inject.js\"; var s = document.getElementsByTagName(\"script\")[0]; s.parentNode.insertBefore(scribd, s); })()              <\/script><\/div>\n<div class=\"wp-playlist wp-audio-playlist wp-playlist-light\">\n\t\t\t<div class=\"wp-playlist-current-item\"><\/div>\n\t\t<audio controls=\"controls\" preload=\"none\" width=\"640\"\n\t\t\t><\/audio>\n\t<div class=\"wp-playlist-next\"><\/div>\n\t<div class=\"wp-playlist-prev\"><\/div>\n\t<noscript>\n\t<ol>\n\t\t<li><a href='https:\/\/agora.xtec.cat\/iesgallecs\/wp-content\/uploads\/usu1971\/2024\/03\/6.-Distribucio-dels-recursos-economics_adequacio-i-dignificacio-del-centre.mp3'>6. Distribuci\u00f3 dels recursos econ\u00f2mics_adequaci\u00f3 i dignificaci\u00f3 del centre<\/a><\/li>\t<\/ol>\n\t<\/noscript>\n\t<script type=\"application\/json\" class=\"wp-playlist-script\">{\"type\":\"audio\",\"tracklist\":true,\"tracknumbers\":true,\"images\":true,\"artists\":true,\"tracks\":[{\"src\":\"https:\\\/\\\/agora.xtec.cat\\\/iesgallecs\\\/wp-content\\\/uploads\\\/usu1971\\\/2024\\\/03\\\/6.-Distribucio-dels-recursos-economics_adequacio-i-dignificacio-del-centre.mp3\",\"type\":\"audio\\\/mpeg\",\"title\":\"6. Distribuci\\u00f3 dels recursos econ\\u00f2mics_adequaci\\u00f3 i dignificaci\\u00f3 del centre\",\"caption\":\"\",\"description\":\"\\\"6. Distribuci\\u00f3 dels recursos econ\\u00f2mics_adequaci\\u00f3 i dignificaci\\u00f3 del centre\\\".\",\"meta\":{\"length_formatted\":\"14:26\"},\"image\":{\"src\":\"https:\\\/\\\/agora.xtec.cat\\\/iesgallecs\\\/wp-includes\\\/images\\\/media\\\/audio.svg\",\"width\":48,\"height\":64},\"thumb\":{\"src\":\"https:\\\/\\\/agora.xtec.cat\\\/iesgallecs\\\/wp-includes\\\/images\\\/media\\\/audio.svg\",\"width\":48,\"height\":64}}]}<\/script>\n<\/div>\n\t\n<p>&nbsp;<\/p>\n<p>&nbsp;<\/p>\n<p>&nbsp;<\/p>\n<p>&nbsp;<\/p>\n","protected":false},"excerpt":{"rendered":"<p>&nbsp; 1- Presentaci\u00f3 i Projecte de Direcci\u00f3 2. Sistema de gesti\u00f3: Cerca l&#8217;excel\u00b7l\u00e8ncia en la gesti\u00f3 del centre &nbsp; &nbsp; &nbsp; 3. Millora dels resultats educatius 4. Millora de la cohesi\u00f3 social &nbsp; 5. Canvis en el tractament de la informaci\u00f3: Digitalitzaci\u00f3 dels documents 5. Canvis en El Tractament de La Informaci\u00f3_Digitalitzaci\u00f3 Dels Documents. &nbsp; [&hellip;]<\/p>\n","protected":false},"author":36,"featured_media":0,"parent":581,"menu_order":0,"comment_status":"closed","ping_status":"closed","template":"","meta":{"site-sidebar-layout":"default","site-content-layout":"","ast-site-content-layout":"default","site-content-style":"default","site-sidebar-style":"default","ast-global-header-display":"","ast-banner-title-visibility":"","ast-main-header-display":"","ast-hfb-above-header-display":"","ast-hfb-below-header-display":"","ast-hfb-mobile-header-display":"","site-post-title":"","ast-breadcrumbs-content":"","ast-featured-img":"","footer-sml-layout":"","theme-transparent-header-meta":"default","adv-header-id-meta":"","stick-header-meta":"","header-above-stick-meta":"","header-main-stick-meta":"","header-below-stick-meta":"","astra-migrate-meta-layouts":"set","ast-page-background-enabled":"default","ast-page-background-meta":{"desktop":{"background-color":"var(--ast-global-color-5)","background-image":"","background-repeat":"repeat","background-position":"center center","background-size":"auto","background-attachment":"scroll","background-type":"","background-media":"","overlay-type":"","overlay-color":"","overlay-opacity":"","overlay-gradient":""},"tablet":{"background-color":"","background-image":"","background-repeat":"repeat","background-position":"center center","background-size":"auto","background-attachment":"scroll","background-type":"","background-media":"","overlay-type":"","overlay-color":"","overlay-opacity":"","overlay-gradient":""},"mobile":{"background-color":"","background-image":"","background-repeat":"repeat","background-position":"center center","background-size":"auto","background-attachment":"scroll","background-type":"","background-media":"","overlay-type":"","overlay-color":"","overlay-opacity":"","overlay-gradient":""}},"ast-content-background-meta":{"desktop":{"background-color":"var(--ast-global-color-4)","background-image":"","background-repeat":"repeat","background-position":"center center","background-size":"auto","background-attachment":"scroll","background-type":"","background-media":"","overlay-type":"","overlay-color":"","overlay-opacity":"","overlay-gradient":""},"tablet":{"background-color":"var(--ast-global-color-4)","background-image":"","background-repeat":"repeat","background-position":"center center","background-size":"auto","background-attachment":"scroll","background-type":"","background-media":"","overlay-type":"","overlay-color":"","overlay-opacity":"","overlay-gradient":""},"mobile":{"background-color":"var(--ast-global-color-4)","background-image":"","background-repeat":"repeat","background-position":"center center","background-size":"auto","background-attachment":"scroll","background-type":"","background-media":"","overlay-type":"","overlay-color":"","overlay-opacity":"","overlay-gradient":""}},"footnotes":""},"class_list":["post-5644","page","type-page","status-publish","hentry"],"post_mailing_queue_ids":[],"_links":{"self":[{"href":"https:\/\/agora.xtec.cat\/iesgallecs\/wp-json\/wp\/v2\/pages\/5644","targetHints":{"allow":["GET"]}}],"collection":[{"href":"https:\/\/agora.xtec.cat\/iesgallecs\/wp-json\/wp\/v2\/pages"}],"about":[{"href":"https:\/\/agora.xtec.cat\/iesgallecs\/wp-json\/wp\/v2\/types\/page"}],"author":[{"embeddable":true,"href":"https:\/\/agora.xtec.cat\/iesgallecs\/wp-json\/wp\/v2\/users\/36"}],"replies":[{"embeddable":true,"href":"https:\/\/agora.xtec.cat\/iesgallecs\/wp-json\/wp\/v2\/comments?post=5644"}],"version-history":[{"count":6,"href":"https:\/\/agora.xtec.cat\/iesgallecs\/wp-json\/wp\/v2\/pages\/5644\/revisions"}],"predecessor-version":[{"id":5682,"href":"https:\/\/agora.xtec.cat\/iesgallecs\/wp-json\/wp\/v2\/pages\/5644\/revisions\/5682"}],"up":[{"embeddable":true,"href":"https:\/\/agora.xtec.cat\/iesgallecs\/wp-json\/wp\/v2\/pages\/581"}],"wp:attachment":[{"href":"https:\/\/agora.xtec.cat\/iesgallecs\/wp-json\/wp\/v2\/media?parent=5644"}],"curies":[{"name":"wp","href":"https:\/\/api.w.org\/{rel}","templated":true}]}}