{"id":4081,"date":"2022-12-01T12:53:11","date_gmt":"2022-12-01T11:53:11","guid":{"rendered":"https:\/\/agora.xtec.cat\/iesgallecs\/?page_id=4081"},"modified":"2026-02-19T14:31:17","modified_gmt":"2026-02-19T13:31:17","slug":"cfgs-administracio-i-finances","status":"publish","type":"page","link":"https:\/\/agora.xtec.cat\/iesgallecs\/cicles-formatius\/administracio-i-gestio\/cfgs-administracio-i-finances\/","title":{"rendered":"CFGS- Administraci\u00f3 i Finances"},"content":{"rendered":"<p><center><\/center>&nbsp;<\/p>\n<div class=\"ast-oembed-container \" style=\"height: 100%;\"><iframe loading=\"lazy\" title=\"Cicle Formatiu de Grau Superior d&#039;Administraci\u00f3 i Finances\" width=\"500\" height=\"281\" src=\"https:\/\/www.youtube.com\/embed\/MXS9FUrtVSs?feature=oembed\" frameborder=\"0\" allow=\"accelerometer; autoplay; clipboard-write; encrypted-media; gyroscope; picture-in-picture; web-share\" referrerpolicy=\"strict-origin-when-cross-origin\" allowfullscreen><\/iframe><\/div>\n<p><strong><u>CFGS D\u2019ADMINISTRACI\u00d3 I FINANCES<\/u><\/strong><\/p>\n<p><strong>M\u00f2duls Professionals<\/strong><\/p>\n<table>\n<tbody>\n<tr>\n<td width=\"566\"><strong>Primer curs<\/strong><\/td>\n<\/tr>\n<tr>\n<td width=\"566\">\u00b7\u00a0\u00a0\u00a0\u00a0\u00a0\u00a0\u00a0\u00a0 Gesti\u00f3 de la documentaci\u00f3 jur\u00eddica i empresarial<\/td>\n<\/tr>\n<tr>\n<td width=\"566\">\u00b7\u00a0\u00a0\u00a0\u00a0\u00a0\u00a0\u00a0\u00a0 Recursos humans i responsabilitat social corporativa<\/td>\n<\/tr>\n<tr>\n<td width=\"566\">\u00b7\u00a0\u00a0\u00a0\u00a0\u00a0\u00a0\u00a0\u00a0 Ofim\u00e0tica i proc\u00e9s de la informaci\u00f3<\/td>\n<\/tr>\n<tr>\n<td width=\"566\">\u00b7\u00a0\u00a0\u00a0\u00a0\u00a0\u00a0\u00a0\u00a0 Proc\u00e9s integral de l\u2019activitat comercial<\/td>\n<\/tr>\n<tr>\n<td width=\"566\">\u00b7\u00a0\u00a0\u00a0\u00a0\u00a0\u00a0\u00a0\u00a0 Comunicaci\u00f3 i atenci\u00f3 al client<\/td>\n<\/tr>\n<tr>\n<td width=\"566\">\u00b7\u00a0\u00a0\u00a0\u00a0\u00a0\u00a0\u00a0\u00a0 Catal\u00e0 \/ Aran\u00e8s professional<\/td>\n<\/tr>\n<tr>\n<td width=\"566\">\u00b7\u00a0\u00a0\u00a0\u00a0\u00a0\u00a0\u00a0\u00a0 Angl\u00e8s professional<\/td>\n<\/tr>\n<tr>\n<td width=\"566\">\u00b7\u00a0\u00a0\u00a0\u00a0\u00a0\u00a0\u00a0\u00a0 Itinerari personal per a l&#8217;ocupabilitat I.<\/td>\n<\/tr>\n<tr>\n<td width=\"566\">\u00b7\u00a0\u00a0\u00a0\u00a0\u00a0\u00a0\u00a0\u00a0 Digitalitzaci\u00f3 aplicada als sectors productius.<\/td>\n<\/tr>\n<tr>\n<td width=\"566\">\u00b7\u00a0\u00a0\u00a0\u00a0\u00a0\u00a0\u00a0\u00a0 Sostenibilitat aplicada al sistema productiu.<\/td>\n<\/tr>\n<\/tbody>\n<\/table>\n<p><strong><u>\u00a0<\/u><\/strong><\/p>\n<table>\n<tbody>\n<tr>\n<td width=\"566\"><strong>Segon curs<\/strong><\/td>\n<\/tr>\n<tr>\n<td width=\"566\">\u00b7\u00a0\u00a0\u00a0\u00a0\u00a0\u00a0\u00a0\u00a0 Gesti\u00f3 de recursos humans.<\/td>\n<\/tr>\n<tr>\n<td width=\"566\">\u00b7\u00a0\u00a0\u00a0\u00a0\u00a0\u00a0\u00a0\u00a0 Gesti\u00f3 financera<\/td>\n<\/tr>\n<tr>\n<td width=\"566\">\u00b7\u00a0\u00a0\u00a0\u00a0\u00a0\u00a0\u00a0\u00a0 Comptabilitat i fiscalitat<\/td>\n<\/tr>\n<tr>\n<td width=\"566\">\u00b7\u00a0\u00a0\u00a0\u00a0\u00a0\u00a0\u00a0\u00a0 Gesti\u00f3 log\u00edstica i comercial<\/td>\n<\/tr>\n<tr>\n<td width=\"566\">\u00b7\u00a0\u00a0\u00a0\u00a0\u00a0\u00a0\u00a0\u00a0 Simulaci\u00f3 empresarial<\/td>\n<\/tr>\n<tr>\n<td width=\"566\">\u00b7\u00a0\u00a0\u00a0\u00a0\u00a0\u00a0\u00a0\u00a0 Projecte intermodular d\u2019administraci\u00f3 i finances<\/td>\n<\/tr>\n<tr>\n<td width=\"566\">\u00b7\u00a0\u00a0\u00a0\u00a0\u00a0\u00a0\u00a0\u00a0 Itinerari personal per a l\u2019ocupabilitat II.<\/td>\n<\/tr>\n<\/tbody>\n<\/table>\n<p><strong>Compet\u00e8ncia general<\/strong><\/p>\n<p>La compet\u00e8ncia general d\u2019aquest t\u00edtol consisteix en organitzar o executar les operacions de gesti\u00f3 i administraci\u00f3 en els processos comercials, laborals, comptables, fiscals i financers d\u2019una empresa p\u00fablica o privada, aplicant la normativa vigent i els protocols de gesti\u00f3 de la qualitat, gestionant la informaci\u00f3, assegurant la satisfacci\u00f3 del client i\/o usuari i actuant segons les normes de prevenci\u00f3 de riscos laboral i de protecci\u00f3 mediambiental.<\/p>\n<p><strong>Compet\u00e8ncies professionals<\/strong><\/p>\n<ul>\n<li>Tramitar documents o comunicacions internes o externes en els circuits d\u2019informaci\u00f3 de l\u2019empresa.<\/li>\n<\/ul>\n<ul>\n<li>Elaborar documents i comunicacions a partir d\u2019ordres rebudes, informaci\u00f3 obtinguda i\/o necessitats detectades.<\/li>\n<li>Detectar necessitats administratives o de gesti\u00f3 de l\u2019empresa de diversos tipus, a partir de l\u2019an\u00e0lisi de la informaci\u00f3 disponible i de l\u2019entorn.<\/li>\n<li>Proposar l\u00ednies d\u2019actuaci\u00f3 encaminades a millorar l\u2019efici\u00e8ncia dels processos administratius en els que interv\u00e9.<\/li>\n<li>Classificar, registrar i arxivar comunicacions i documents segons les t\u00e8cniques apropiades i els par\u00e0metres establerts en l\u2019empresa.<\/li>\n<li>Gestionar els processos de tramitaci\u00f3 administrativa empresarial en relaci\u00f3 a les \u00e0rees comercial, financera, comptable i fiscal, amb una visi\u00f3 integradora d\u2019aquests processos.<\/li>\n<li>Realitzar la gesti\u00f3 comptable i fiscal de l\u2019empresa, segons les processos i els procediments administratius, aplicant la normativa vigent i en condicions de seguretat i qualitat.<\/li>\n<li>Supervisar la gesti\u00f3 de tresoreria, la captaci\u00f3 de recursos financers i l\u2019estudi de viabilitat de projectes d\u2019inversi\u00f3, seguint les normes i protocols establerts.<\/li>\n<li>Aplicar els processos administratius establerts en la selecci\u00f3, contractaci\u00f3, formaci\u00f3 i desenvolupament dels recursos humans, ajuntant-se a la normativa vigent i a la pol\u00edtica empresarial.<\/li>\n<li>Organitzar i supervisar la gesti\u00f3 administrativa de personal de l\u2019empresa, ajustant-se a la normativa laboral vigent i als protocols establerts.<\/li>\n<li>Realitzar la gesti\u00f3 administrativa dels processos comercials, duent a terme les tasques de documentaci\u00f3 i les activitats de negociaci\u00f3 amb prove\u00efdors, i d\u2019assessorament i relaci\u00f3 amb el client.<\/li>\n<li>Atendre als client\/usuaris en l\u2019\u00e0mbit administratiu i comercial assegurant els nivells de qualitat establerts i ajustant-se a criteris \u00e8tics i d\u2019imatge de l\u2019empresa\/instituci\u00f3.<\/li>\n<li>Tramitar i realitzar la gesti\u00f3 administrativa en la presentaci\u00f3 de documents en diferents organismes i administracions p\u00fabliques, en el termini i la forma requerits.<\/li>\n<li>Adaptar-se a les noves situacions laborals, mantenint actualitzats els coneixements cient\u00edfics, t\u00e8cnics i tecnol\u00f2gics relatius al seu entorn professional, gestionant la seva formaci\u00f3 i els recursos existents en l\u2019aprenentatge al llarg de la vida i utilitzant les tecnologies de la informaci\u00f3 i la comunicaci\u00f3.<\/li>\n<li>Resoldre situacions, problemes i conting\u00e8ncies amb iniciativa i autonomia en l\u2019\u00e0mbit de la seva compet\u00e8ncia, amb creativitat, innovaci\u00f3 i esperit de millora en el treball personal i en el dels membres de l\u2019equip.<\/li>\n<li>Organitzar i coordinar equips de treball amb responsabilitat, supervisant-ne el desenvolupament, mantenint relacions flu\u00efdes i assumint el lideratge, aix\u00ed com aportant solucions als conflictes grupals que es presentin.<\/li>\n<li>Comunicar-se amb els iguals, els superiors, els clients i les persones que estan sota la seva responsabilitat, utilitzant vies de comunicaci\u00f3 eficaces, transmetent la informaci\u00f3 o coneixements adequats i respectant l\u2019autonomia i la compet\u00e8ncia de les persones que intervenen en l\u2019\u00e0mbit del seu treball.<\/li>\n<li>Generar entorns segurs en el desenvolupament del seu treball i el del seu equip, supervisant i aplicant els procediments de prevenci\u00f3 de riscos laborals i ambientals, d\u2019acord amb l\u2019establert per la normativa i els objectius de l\u2019empresa.<\/li>\n<li>Supervisar i aplicar procediments de gesti\u00f3 de la qualitat, d\u2019accessibilitat universal i de \u201cdisseny per a tothom\u201d, en les activitats professionals incloses en els processos de producci\u00f3 o prestaci\u00f3 de serveis.<\/li>\n<li>Realitzar la gesti\u00f3 b\u00e0sica per la creaci\u00f3 i el funcionament d\u2019una petita empresa i tenir iniciativa en la seva activitat professional amb sentit de la responsabilitat social.<\/li>\n<li>Exercir els seus drets i complir amb les obligacions derivades de la seva activitat professional, d\u2019acord amb l\u2019establert en la legislaci\u00f3 vigent, participant activament en la vida econ\u00f2mica, social i cultural.<\/li>\n<\/ul>\n<p><strong>Sortides professionals<\/strong><\/p>\n<p>Els nostres alumnes treballen a&#8230;<\/p>\n<p><a href=\"https:\/\/agora.xtec.cat\/iesgallecs\/wp-content\/uploads\/usu1971\/2026\/02\/actualitzacio-pagina-web-AFI.jpg\"><img loading=\"lazy\" decoding=\"async\" class=\"aligncenter size-full wp-image-7307\" src=\"https:\/\/agora.xtec.cat\/iesgallecs\/wp-content\/uploads\/usu1971\/2026\/02\/actualitzacio-pagina-web-AFI.jpg\" alt=\"\" width=\"898\" height=\"502\" srcset=\"https:\/\/agora.xtec.cat\/iesgallecs\/wp-content\/uploads\/usu1971\/2026\/02\/actualitzacio-pagina-web-AFI.jpg 898w, https:\/\/agora.xtec.cat\/iesgallecs\/wp-content\/uploads\/usu1971\/2026\/02\/actualitzacio-pagina-web-AFI-300x168.jpg 300w, https:\/\/agora.xtec.cat\/iesgallecs\/wp-content\/uploads\/usu1971\/2026\/02\/actualitzacio-pagina-web-AFI-768x429.jpg 768w\" sizes=\"auto, (max-width: 898px) 100vw, 898px\" \/><\/a><\/p>\n","protected":false},"excerpt":{"rendered":"<p>&nbsp; CFGS D\u2019ADMINISTRACI\u00d3 I FINANCES M\u00f2duls Professionals Primer curs \u00b7\u00a0\u00a0\u00a0\u00a0\u00a0\u00a0\u00a0\u00a0 Gesti\u00f3 de la documentaci\u00f3 jur\u00eddica i empresarial \u00b7\u00a0\u00a0\u00a0\u00a0\u00a0\u00a0\u00a0\u00a0 Recursos humans i responsabilitat social corporativa \u00b7\u00a0\u00a0\u00a0\u00a0\u00a0\u00a0\u00a0\u00a0 Ofim\u00e0tica i proc\u00e9s de la informaci\u00f3 \u00b7\u00a0\u00a0\u00a0\u00a0\u00a0\u00a0\u00a0\u00a0 Proc\u00e9s integral de l\u2019activitat comercial \u00b7\u00a0\u00a0\u00a0\u00a0\u00a0\u00a0\u00a0\u00a0 Comunicaci\u00f3 i atenci\u00f3 al client \u00b7\u00a0\u00a0\u00a0\u00a0\u00a0\u00a0\u00a0\u00a0 Catal\u00e0 \/ Aran\u00e8s professional \u00b7\u00a0\u00a0\u00a0\u00a0\u00a0\u00a0\u00a0\u00a0 Angl\u00e8s professional \u00b7\u00a0\u00a0\u00a0\u00a0\u00a0\u00a0\u00a0\u00a0 Itinerari personal per [&hellip;]<\/p>\n","protected":false},"author":36,"featured_media":0,"parent":2733,"menu_order":0,"comment_status":"closed","ping_status":"closed","template":"","meta":{"site-sidebar-layout":"default","site-content-layout":"","ast-site-content-layout":"default","site-content-style":"default","site-sidebar-style":"default","ast-global-header-display":"","ast-banner-title-visibility":"","ast-main-header-display":"","ast-hfb-above-header-display":"","ast-hfb-below-header-display":"","ast-hfb-mobile-header-display":"","site-post-title":"","ast-breadcrumbs-content":"","ast-featured-img":"","footer-sml-layout":"","theme-transparent-header-meta":"default","adv-header-id-meta":"","stick-header-meta":"","header-above-stick-meta":"","header-main-stick-meta":"","header-below-stick-meta":"","astra-migrate-meta-layouts":"set","ast-page-background-enabled":"default","ast-page-background-meta":{"desktop":{"background-color":"var(--ast-global-color-5)","background-image":"","background-repeat":"repeat","background-position":"center center","background-size":"auto","background-attachment":"scroll","background-type":"","background-media":"","overlay-type":"","overlay-color":"","overlay-opacity":"","overlay-gradient":""},"tablet":{"background-color":"","background-image":"","background-repeat":"repeat","background-position":"center center","background-size":"auto","background-attachment":"scroll","background-type":"","background-media":"","overlay-type":"","overlay-color":"","overlay-opacity":"","overlay-gradient":""},"mobile":{"background-color":"","background-image":"","background-repeat":"repeat","background-position":"center center","background-size":"auto","background-attachment":"scroll","background-type":"","background-media":"","overlay-type":"","overlay-color":"","overlay-opacity":"","overlay-gradient":""}},"ast-content-background-meta":{"desktop":{"background-color":"var(--ast-global-color-4)","background-image":"","background-repeat":"repeat","background-position":"center center","background-size":"auto","background-attachment":"scroll","background-type":"","background-media":"","overlay-type":"","overlay-color":"","overlay-opacity":"","overlay-gradient":""},"tablet":{"background-color":"var(--ast-global-color-4)","background-image":"","background-repeat":"repeat","background-position":"center center","background-size":"auto","background-attachment":"scroll","background-type":"","background-media":"","overlay-type":"","overlay-color":"","overlay-opacity":"","overlay-gradient":""},"mobile":{"background-color":"var(--ast-global-color-4)","background-image":"","background-repeat":"repeat","background-position":"center center","background-size":"auto","background-attachment":"scroll","background-type":"","background-media":"","overlay-type":"","overlay-color":"","overlay-opacity":"","overlay-gradient":""}},"footnotes":""},"class_list":["post-4081","page","type-page","status-publish","hentry"],"post_mailing_queue_ids":[],"_links":{"self":[{"href":"https:\/\/agora.xtec.cat\/iesgallecs\/wp-json\/wp\/v2\/pages\/4081","targetHints":{"allow":["GET"]}}],"collection":[{"href":"https:\/\/agora.xtec.cat\/iesgallecs\/wp-json\/wp\/v2\/pages"}],"about":[{"href":"https:\/\/agora.xtec.cat\/iesgallecs\/wp-json\/wp\/v2\/types\/page"}],"author":[{"embeddable":true,"href":"https:\/\/agora.xtec.cat\/iesgallecs\/wp-json\/wp\/v2\/users\/36"}],"replies":[{"embeddable":true,"href":"https:\/\/agora.xtec.cat\/iesgallecs\/wp-json\/wp\/v2\/comments?post=4081"}],"version-history":[{"count":6,"href":"https:\/\/agora.xtec.cat\/iesgallecs\/wp-json\/wp\/v2\/pages\/4081\/revisions"}],"predecessor-version":[{"id":7308,"href":"https:\/\/agora.xtec.cat\/iesgallecs\/wp-json\/wp\/v2\/pages\/4081\/revisions\/7308"}],"up":[{"embeddable":true,"href":"https:\/\/agora.xtec.cat\/iesgallecs\/wp-json\/wp\/v2\/pages\/2733"}],"wp:attachment":[{"href":"https:\/\/agora.xtec.cat\/iesgallecs\/wp-json\/wp\/v2\/media?parent=4081"}],"curies":[{"name":"wp","href":"https:\/\/api.w.org\/{rel}","templated":true}]}}