{"id":3012,"date":"2021-06-19T11:57:23","date_gmt":"2021-06-19T09:57:23","guid":{"rendered":"https:\/\/agora.xtec.cat\/iesgallecs\/?page_id=3012"},"modified":"2026-01-21T11:25:34","modified_gmt":"2026-01-21T10:25:34","slug":"mobilitat-internacional","status":"publish","type":"page","link":"https:\/\/agora.xtec.cat\/iesgallecs\/projecte-educatiu\/eso-i-batxillerat\/mobilitat-internacional\/","title":{"rendered":"Erasmus + FCT"},"content":{"rendered":"<p>Portem des de l\u2019any 2005 fent intercanvi bidireccional amb el nostre soci de Ravensburg (Alemanya).<\/p>\n<p>En col\u00b7laboraci\u00f3 amb la Comunitat Europea, tornarem a tenir alumnes de Cicles Formatius realitzant part de la Formaci\u00f3 en Centres de Treball a la ciutat de Ravensburg (Alemanya).<\/p>\n<p>&nbsp;<\/p>\n<p><a href=\"https:\/\/agora.xtec.cat\/iesgallecs\/wp-content\/uploads\/usu1971\/2026\/01\/erasmus-.jpg\"><img loading=\"lazy\" decoding=\"async\" class=\"aligncenter wp-image-7171\" src=\"https:\/\/agora.xtec.cat\/iesgallecs\/wp-content\/uploads\/usu1971\/2026\/01\/erasmus-.jpg\" alt=\"\" width=\"292\" height=\"99\" \/><\/a><\/p>\n<p>Es continuar\u00e0 amb les aliances establertes a Ivrea (It\u00e0lia) i s\u2019engegaran relacions amb centres de Portugal. Al centre se li ha renovat la carta Erasmus per al per\u00edode 2021-2027.<\/p>\n<p>Estada de pr\u00e0ctiques a empreses (FCT) a l\u2019estranger.<\/p>\n<p>A trav\u00e9s del programa ERASMUS+ i pel consorci de la Generalitat.<\/p>\n<p>El <strong>PEC<\/strong> expressa la voluntat de participaci\u00f3 en Projectes d\u2019innovaci\u00f3 educativa i la potenciaci\u00f3 de les experi\u00e8ncies d\u2019intercanvi del nostre alumnat amb altres centres, sobretot a l\u2019estranger.<\/p>\n<p>El c\u00e0rrec de coordinador de mobilitat esta reconegut en la PGA.<\/p>\n<p><a href=\"https:\/\/agora.xtec.cat\/iesgallecs\/wp-content\/uploads\/usu1971\/2021\/06\/image-1.png\"><img loading=\"lazy\" decoding=\"async\" class=\"alignnone wp-image-3013\" src=\"https:\/\/agora.xtec.cat\/iesgallecs\/wp-content\/uploads\/usu1971\/2021\/06\/image-1-1024x234.png\" alt=\"\" width=\"582\" height=\"133\" srcset=\"https:\/\/agora.xtec.cat\/iesgallecs\/wp-content\/uploads\/usu1971\/2021\/06\/image-1.png 1024w, https:\/\/agora.xtec.cat\/iesgallecs\/wp-content\/uploads\/usu1971\/2021\/06\/image-1-300x69.png 300w, https:\/\/agora.xtec.cat\/iesgallecs\/wp-content\/uploads\/usu1971\/2021\/06\/image-1-768x176.png 768w\" sizes=\"auto, (max-width: 582px) 100vw, 582px\" \/><\/a><\/p>\n<h4><strong><span style=\"text-decoration: underline;\">Equip de treball de mobilitat<\/span><\/strong><\/h4>\n<p>Coordinadora de mobilitat \u2013 Sergi Fern\u00e1ndez Cruz<\/p>\n<p>Suport de l\u2019Equip Directiu.<\/p>\n<p>Equip de selecci\u00f3 alumnat: tutor\/a de cada alumne (portaveu de l\u2019equip docent), Cap d\u2019Estudis d\u2019FP i coordinadora d\u2019intercanvi.<\/p>\n<h4><\/h4>\n<h4><span style=\"text-decoration: underline;\">El soci<\/span><\/h4>\n<p>Institut f\u00fcr Soziale Berufe (Ravensburg)<\/p>\n<p>Envien alumnes de l\u2019especialitat d\u2019Educaci\u00f3 Infantil.<\/p>\n<p>S\u2019anomena la classe europea (Europaklass), perqu\u00e8 tots els alumnes fan les pr\u00e0ctiques fora (alguns a Mollet).<\/p>\n<p><a href=\"https:\/\/agora.xtec.cat\/iesgallecs\/wp-content\/uploads\/usu1971\/2021\/06\/mobilitat2.png\"><img loading=\"lazy\" decoding=\"async\" class=\"alignnone size-full wp-image-3014\" src=\"https:\/\/agora.xtec.cat\/iesgallecs\/wp-content\/uploads\/usu1971\/2021\/06\/mobilitat2.png\" alt=\"\" width=\"590\" height=\"442\" srcset=\"https:\/\/agora.xtec.cat\/iesgallecs\/wp-content\/uploads\/usu1971\/2021\/06\/mobilitat2.png 590w, https:\/\/agora.xtec.cat\/iesgallecs\/wp-content\/uploads\/usu1971\/2021\/06\/mobilitat2-300x225.png 300w, https:\/\/agora.xtec.cat\/iesgallecs\/wp-content\/uploads\/usu1971\/2021\/06\/mobilitat2-200x150.png 200w\" sizes=\"auto, (max-width: 590px) 100vw, 590px\" \/><\/a><\/p>\n<h4><span style=\"text-decoration: underline;\"><strong>Centres de treball<\/strong><\/span><\/h4>\n<p>Majorit\u00e0riament son escoles bressol i tamb\u00e9 algunes empreses com botigues comercials.<\/p>\n<h4><\/h4>\n<h4><strong><span style=\"text-decoration: underline;\">Resum experi\u00e8ncia internacional<\/span><\/strong><\/h4>\n<p>2005\/2006 \u2013 Estada de 3 setmanes a trav\u00e9s d\u2019un programa d\u2019ajuda de la Generalitat.<\/p>\n<p>2006\/2007 &#8211; Estada de 3 setmanes a trav\u00e9s del programa Leonardo.<\/p>\n<p>2007\/2008 \u2013 Estada de mes i mig. A trav\u00e9s del programa ERASMUS.<\/p>\n<p>2008\/2009 \u2013 6 alumnes d\u2019Educaci\u00f3 Infantil i 2 de Comer\u00e7 i M\u00e0rqueting van a realitzar la FCT a Alemanya.<\/p>\n<p>2009\/2010 \u2013 4 alumnes d\u2019Educaci\u00f3 Infantil, 1 d\u2019Administraci\u00f3 i Finances i 1 de Comer\u00e7 i M\u00e0rqueting van a realitzar la FCT a Alemanya. Provem amb un nou soci de Munich.<\/p>\n<p>2011\/2012 \u2013 4 alumnes d\u2019Educaci\u00f3 Infantil.<\/p>\n<p>2012\/2013 \u2013 4 alumnes d\u2019Educaci\u00f3 Infantil.<\/p>\n<p>2015\/2016 \u2013 2 alumnes d\u2019Educaci\u00f3 Infantil.<\/p>\n<p>2016\/2017 \u2013 4 alumnes d\u2019Educaci\u00f3 Infantil i 2 d\u2019Administraci\u00f3 i Finances<\/p>\n<p>2017\/2018 \u2013 6 alumnes d\u2019Educaci\u00f3 Infantil<\/p>\n<p>2018\/2019 \u2013 5 Alumnes d\u2019Educaci\u00f3 Infantil.<\/p>\n<p>2019\/2020 &#8211;\u00a0 3 Alumnes d\u2019Educaci\u00f3 Infantil.<\/p>\n<p>2022-2023- 2 Alumnes d\u2019Educaci\u00f3 Infantil.<\/p>\n<p>2023-2024- 2 Alumnes d\u2019Educaci\u00f3 Infantil.<\/p>\n<p><strong>2024-2025- Pendent d&#8217;actualitzaci\u00f3.<\/strong><\/p>\n<p><strong>2025-2026- En proc\u00e9s.<\/strong><\/p>\n<p>&nbsp;<\/p>\n","protected":false},"excerpt":{"rendered":"<p>Portem des de l\u2019any 2005 fent intercanvi bidireccional amb el nostre soci de Ravensburg (Alemanya). En col\u00b7laboraci\u00f3 amb la Comunitat Europea, tornarem a tenir alumnes de Cicles Formatius realitzant part de la Formaci\u00f3 en Centres de Treball a la ciutat de Ravensburg (Alemanya). &nbsp; Es continuar\u00e0 amb les aliances establertes a Ivrea (It\u00e0lia) i s\u2019engegaran [&hellip;]<\/p>\n","protected":false},"author":36,"featured_media":0,"parent":4437,"menu_order":0,"comment_status":"closed","ping_status":"closed","template":"","meta":{"site-sidebar-layout":"default","site-content-layout":"","ast-site-content-layout":"default","site-content-style":"default","site-sidebar-style":"default","ast-global-header-display":"","ast-banner-title-visibility":"","ast-main-header-display":"","ast-hfb-above-header-display":"","ast-hfb-below-header-display":"","ast-hfb-mobile-header-display":"","site-post-title":"","ast-breadcrumbs-content":"","ast-featured-img":"","footer-sml-layout":"","theme-transparent-header-meta":"default","adv-header-id-meta":"","stick-header-meta":"","header-above-stick-meta":"","header-main-stick-meta":"","header-below-stick-meta":"","astra-migrate-meta-layouts":"set","ast-page-background-enabled":"default","ast-page-background-meta":{"desktop":{"background-color":"var(--ast-global-color-5)","background-image":"","background-repeat":"repeat","background-position":"center center","background-size":"auto","background-attachment":"scroll","background-type":"","background-media":"","overlay-type":"","overlay-color":"","overlay-opacity":"","overlay-gradient":""},"tablet":{"background-color":"","background-image":"","background-repeat":"repeat","background-position":"center center","background-size":"auto","background-attachment":"scroll","background-type":"","background-media":"","overlay-type":"","overlay-color":"","overlay-opacity":"","overlay-gradient":""},"mobile":{"background-color":"","background-image":"","background-repeat":"repeat","background-position":"center center","background-size":"auto","background-attachment":"scroll","background-type":"","background-media":"","overlay-type":"","overlay-color":"","overlay-opacity":"","overlay-gradient":""}},"ast-content-background-meta":{"desktop":{"background-color":"var(--ast-global-color-4)","background-image":"","background-repeat":"repeat","background-position":"center center","background-size":"auto","background-attachment":"scroll","background-type":"","background-media":"","overlay-type":"","overlay-color":"","overlay-opacity":"","overlay-gradient":""},"tablet":{"background-color":"var(--ast-global-color-4)","background-image":"","background-repeat":"repeat","background-position":"center center","background-size":"auto","background-attachment":"scroll","background-type":"","background-media":"","overlay-type":"","overlay-color":"","overlay-opacity":"","overlay-gradient":""},"mobile":{"background-color":"var(--ast-global-color-4)","background-image":"","background-repeat":"repeat","background-position":"center center","background-size":"auto","background-attachment":"scroll","background-type":"","background-media":"","overlay-type":"","overlay-color":"","overlay-opacity":"","overlay-gradient":""}},"footnotes":""},"class_list":["post-3012","page","type-page","status-publish","hentry"],"post_mailing_queue_ids":[],"_links":{"self":[{"href":"https:\/\/agora.xtec.cat\/iesgallecs\/wp-json\/wp\/v2\/pages\/3012","targetHints":{"allow":["GET"]}}],"collection":[{"href":"https:\/\/agora.xtec.cat\/iesgallecs\/wp-json\/wp\/v2\/pages"}],"about":[{"href":"https:\/\/agora.xtec.cat\/iesgallecs\/wp-json\/wp\/v2\/types\/page"}],"author":[{"embeddable":true,"href":"https:\/\/agora.xtec.cat\/iesgallecs\/wp-json\/wp\/v2\/users\/36"}],"replies":[{"embeddable":true,"href":"https:\/\/agora.xtec.cat\/iesgallecs\/wp-json\/wp\/v2\/comments?post=3012"}],"version-history":[{"count":6,"href":"https:\/\/agora.xtec.cat\/iesgallecs\/wp-json\/wp\/v2\/pages\/3012\/revisions"}],"predecessor-version":[{"id":7175,"href":"https:\/\/agora.xtec.cat\/iesgallecs\/wp-json\/wp\/v2\/pages\/3012\/revisions\/7175"}],"up":[{"embeddable":true,"href":"https:\/\/agora.xtec.cat\/iesgallecs\/wp-json\/wp\/v2\/pages\/4437"}],"wp:attachment":[{"href":"https:\/\/agora.xtec.cat\/iesgallecs\/wp-json\/wp\/v2\/media?parent=3012"}],"curies":[{"name":"wp","href":"https:\/\/api.w.org\/{rel}","templated":true}]}}