{"id":2737,"date":"2021-03-30T19:26:41","date_gmt":"2021-03-30T17:26:41","guid":{"rendered":"https:\/\/agora.xtec.cat\/iesgallecs\/?page_id=2737"},"modified":"2025-02-17T20:24:51","modified_gmt":"2025-02-17T19:24:51","slug":"ciencies-socials","status":"publish","type":"page","link":"https:\/\/agora.xtec.cat\/iesgallecs\/departaments-didactics\/ciencies-socials\/","title":{"rendered":"Ci\u00e8ncies socials"},"content":{"rendered":"<h3><span style=\"text-decoration: underline;\">Departament de Ci\u00e8ncies Socials<\/span><\/h3>\n<div class=\"ast-oembed-container \" style=\"height: 100%;\"><iframe loading=\"lazy\" title=\"Departament de ci\u00e8ncies socials\" width=\"500\" height=\"281\" src=\"https:\/\/www.youtube.com\/embed\/J2yyZmCbsxM?feature=oembed\" frameborder=\"0\" allow=\"accelerometer; autoplay; clipboard-write; encrypted-media; gyroscope; picture-in-picture; web-share\" referrerpolicy=\"strict-origin-when-cross-origin\" allowfullscreen><\/iframe><\/div>\n<h3><\/h3>\n<p>El Departament de Ci\u00e8ncies Socials t\u00e9 com a objectiu prioritari aconseguir que l\u2019alumnat, tant de l\u2019ESO com del Batxillerat, adquireixi les eines necess\u00e0ries per entendre el m\u00f3n i, aix\u00ed pugui arribar a intervenir activament i de forma cr\u00edtica a la societat actual.<\/p>\n<p>Per aquest motiu el professorat intenta treballar un conjunt de compet\u00e8ncies que serviran a l\u2019alumnat per aprendre i poder continuar aprenent al llarg de tota la seva vida personal.<\/p>\n<p>El nostre objectiu educatiu \u00e9s el de formar una ciutadania que persegueixi la\u00a0<strong>just\u00edcia social<\/strong>, que s\u2019enfronti a les desigualtats, reclamant els seus drets i complint amb els seus deures, per tal de garantir la llibertat de tothom, sempre des de la\u00a0<strong>comprensi\u00f3 del m\u00f3n\u00a0<\/strong>que l\u2019envolta.\u00a0\u00b4<\/p>\n<p><a href=\"https:\/\/agora.xtec.cat\/iesgallecs\/wp-content\/uploads\/usu1971\/2024\/02\/socials.jpg\"><img loading=\"lazy\" decoding=\"async\" class=\"wp-image-5511 alignnone\" src=\"https:\/\/agora.xtec.cat\/iesgallecs\/wp-content\/uploads\/usu1971\/2024\/02\/socials.jpg\" alt=\"\" width=\"338\" height=\"451\" srcset=\"https:\/\/agora.xtec.cat\/iesgallecs\/wp-content\/uploads\/usu1971\/2024\/02\/socials.jpg 767w, https:\/\/agora.xtec.cat\/iesgallecs\/wp-content\/uploads\/usu1971\/2024\/02\/socials-225x300.jpg 225w\" sizes=\"auto, (max-width: 338px) 100vw, 338px\" \/><\/a><a href=\"https:\/\/agora.xtec.cat\/iesgallecs\/wp-content\/uploads\/usu1971\/2024\/02\/Foto_1.jpg\"><img loading=\"lazy\" decoding=\"async\" class=\"wp-image-5515 alignnone\" src=\"https:\/\/agora.xtec.cat\/iesgallecs\/wp-content\/uploads\/usu1971\/2024\/02\/Foto_1.jpg\" alt=\"\" width=\"588\" height=\"441\" srcset=\"https:\/\/agora.xtec.cat\/iesgallecs\/wp-content\/uploads\/usu1971\/2024\/02\/Foto_1.jpg 1086w, https:\/\/agora.xtec.cat\/iesgallecs\/wp-content\/uploads\/usu1971\/2024\/02\/Foto_1-300x225.jpg 300w, https:\/\/agora.xtec.cat\/iesgallecs\/wp-content\/uploads\/usu1971\/2024\/02\/Foto_1-1024x768.jpg 1024w, https:\/\/agora.xtec.cat\/iesgallecs\/wp-content\/uploads\/usu1971\/2024\/02\/Foto_1-768x576.jpg 768w, https:\/\/agora.xtec.cat\/iesgallecs\/wp-content\/uploads\/usu1971\/2024\/02\/Foto_1-200x150.jpg 200w\" sizes=\"auto, (max-width: 588px) 100vw, 588px\" \/><\/a><\/p>\n<p><a href=\"https:\/\/agora.xtec.cat\/iesgallecs\/wp-content\/uploads\/usu1971\/2024\/02\/Foto_3.jpg\"><img loading=\"lazy\" decoding=\"async\" class=\" wp-image-5518 alignnone\" src=\"https:\/\/agora.xtec.cat\/iesgallecs\/wp-content\/uploads\/usu1971\/2024\/02\/Foto_3.jpg\" alt=\"\" width=\"540\" height=\"721\" srcset=\"https:\/\/agora.xtec.cat\/iesgallecs\/wp-content\/uploads\/usu1971\/2024\/02\/Foto_3.jpg 810w, https:\/\/agora.xtec.cat\/iesgallecs\/wp-content\/uploads\/usu1971\/2024\/02\/Foto_3-225x300.jpg 225w, https:\/\/agora.xtec.cat\/iesgallecs\/wp-content\/uploads\/usu1971\/2024\/02\/Foto_3-767x1024.jpg 767w, https:\/\/agora.xtec.cat\/iesgallecs\/wp-content\/uploads\/usu1971\/2024\/02\/Foto_3-768x1025.jpg 768w\" sizes=\"auto, (max-width: 540px) 100vw, 540px\" \/><\/a><\/p>\n<h4><strong>Les fonts hist\u00f2riques<\/strong><\/h4>\n<p>Durant l\u2019ESO i Batxillerat es treballa les diferents assignatures amb el suport de les fonts hist\u00f2riques , tant les prim\u00e0ries, com les secund\u00e0ries. D\u2019aquesta manera, s\u2019apropen a la feina dels historiadors i poden comen\u00e7ar a tenir criteri propi. La import\u00e0ncia de la lectura de diversos tipus de textos, els ajuda a ser responsables i cr\u00edtics en el seu entorn m\u00e9s immediat.<\/p>\n\r\n\t<div class=\"slideshow_container slideshow_container_style-light\" style=\"height: 300px; \" data-slideshow-id=\"5519\" data-style-name=\"style-light\" data-style-version=\"2.3.1\" >\r\n\r\n\t\t\t\t\t<div class=\"slideshow_loading_icon\"><\/div>\r\n\t\t\r\n\t\t<div class=\"slideshow_content\" style=\"display: none;\">\r\n\r\n\t\t\t<div class=\"slideshow_view\">\r\n\t\t\t\t<div class=\"slideshow_slide slideshow_slide_image\">\r\n\t\t\t\t\t\t\t\t\t\t\t<img src=\"https:\/\/agora.xtec.cat\/iesgallecs\/wp-content\/uploads\/usu1971\/2024\/02\/Foto_9.jpg\" alt=\"Foto_9\" width=\"1300\" height=\"975\" \/>\r\n\t\t\t\t\t\t\t\t\t\t<div class=\"slideshow_description_box slideshow_transparent\">\r\n\t\t\t\t\t\t<div class=\"slideshow_title\">Foto_9<\/div>\t\t\t\t\t\t\t\t\t\t\t<\/div>\r\n\t\t\t\t<\/div>\r\n\r\n\t\t\t\t\t\t<div style=\"clear: both;\"><\/div><\/div><div class=\"slideshow_view\">\r\n\t\t\t\t<div class=\"slideshow_slide slideshow_slide_image\">\r\n\t\t\t\t\t\t\t\t\t\t\t<img src=\"https:\/\/agora.xtec.cat\/iesgallecs\/wp-content\/uploads\/usu1971\/2024\/02\/Foto_8.jpg\" alt=\"Foto_8\" width=\"1300\" height=\"975\" \/>\r\n\t\t\t\t\t\t\t\t\t\t<div class=\"slideshow_description_box slideshow_transparent\">\r\n\t\t\t\t\t\t<div class=\"slideshow_title\">Foto_8<\/div>\t\t\t\t\t\t\t\t\t\t\t<\/div>\r\n\t\t\t\t<\/div>\r\n\r\n\t\t\t\t\t\t<div style=\"clear: both;\"><\/div><\/div><div class=\"slideshow_view\">\r\n\t\t\t\t<div class=\"slideshow_slide slideshow_slide_image\">\r\n\t\t\t\t\t\t\t\t\t\t\t<img src=\"https:\/\/agora.xtec.cat\/iesgallecs\/wp-content\/uploads\/usu1971\/2024\/02\/Foto_7.jpg\" alt=\"Foto_7\" width=\"1300\" height=\"975\" \/>\r\n\t\t\t\t\t\t\t\t\t\t<div class=\"slideshow_description_box slideshow_transparent\">\r\n\t\t\t\t\t\t<div class=\"slideshow_title\">Foto_7<\/div>\t\t\t\t\t\t\t\t\t\t\t<\/div>\r\n\t\t\t\t<\/div>\r\n\r\n\t\t\t\t\t\t<div style=\"clear: both;\"><\/div><\/div><div class=\"slideshow_view\">\r\n\t\t\t\t<div class=\"slideshow_slide slideshow_slide_image\">\r\n\t\t\t\t\t\t\t\t\t\t\t<img src=\"https:\/\/agora.xtec.cat\/iesgallecs\/wp-content\/uploads\/usu1971\/2024\/02\/Foto_6.jpg\" alt=\"Foto_6\" width=\"1299\" height=\"730\" \/>\r\n\t\t\t\t\t\t\t\t\t\t<div class=\"slideshow_description_box slideshow_transparent\">\r\n\t\t\t\t\t\t<div class=\"slideshow_title\">Foto_6<\/div>\t\t\t\t\t\t\t\t\t\t\t<\/div>\r\n\t\t\t\t<\/div>\r\n\r\n\t\t\t\t\t\t<div style=\"clear: both;\"><\/div><\/div><div class=\"slideshow_view\">\r\n\t\t\t\t<div class=\"slideshow_slide slideshow_slide_image\">\r\n\t\t\t\t\t\t\t\t\t\t\t<img src=\"https:\/\/agora.xtec.cat\/iesgallecs\/wp-content\/uploads\/usu1971\/2024\/02\/Foto_10.jpg\" alt=\"Foto_10\" width=\"1300\" height=\"975\" \/>\r\n\t\t\t\t\t\t\t\t\t\t<div class=\"slideshow_description_box slideshow_transparent\">\r\n\t\t\t\t\t\t<div class=\"slideshow_title\">Foto_10<\/div>\t\t\t\t\t\t\t\t\t\t\t<\/div>\r\n\t\t\t\t<\/div>\r\n\r\n\t\t\t\t\t\t<div style=\"clear: both;\"><\/div><\/div>\r\n\t\t<\/div>\r\n\r\n\t\t<div class=\"slideshow_controlPanel slideshow_transparent\" style=\"display: none;\"><ul><li class=\"slideshow_togglePlay\" data-play-text=\"Visualitza\" data-pause-text=\"Pausa\"><\/li><\/ul><\/div>\r\n\r\n\t\t<div class=\"slideshow_button slideshow_previous slideshow_transparent\" role=\"button\" data-previous-text=\"Anterior\" style=\"display: none;\"><\/div>\r\n\t\t<div class=\"slideshow_button slideshow_next slideshow_transparent\" role=\"button\" data-next-text=\"Seg\u00fcent\" style=\"display: none;\"><\/div>\r\n\r\n\t\t<div class=\"slideshow_pagination\" style=\"display: none;\" data-go-to-text=\"V\u00e9s a la diapositiva\"><div class=\"slideshow_pagination_center\"><\/div><\/div>\r\n\r\n\t\t<!-- WordPress Slideshow Version 2.3.1 -->\r\n\r\n\t\t\t<\/div>\r\n\r\n\n<p><strong>Les sortides did\u00e0ctiques<\/strong><\/p>\n<p>Cada curs ens adaptem a les necessitats dels nostres alumnes de l\u2019ESO i Batxillerat. Tota sortida es fa com a complement de la mat\u00e8ria de cada curs.<\/p>\n\r\n\t<div class=\"slideshow_container slideshow_container_style-light\" style=\"height: 300px; \" data-slideshow-id=\"5526\" data-style-name=\"style-light\" data-style-version=\"2.3.1\" >\r\n\r\n\t\t\t\t\t<div class=\"slideshow_loading_icon\"><\/div>\r\n\t\t\r\n\t\t<div class=\"slideshow_content\" style=\"display: none;\">\r\n\r\n\t\t\t<div class=\"slideshow_view\">\r\n\t\t\t\t<div class=\"slideshow_slide slideshow_slide_image\">\r\n\t\t\t\t\t\t\t\t\t\t\t<img src=\"https:\/\/agora.xtec.cat\/iesgallecs\/wp-content\/uploads\/usu1971\/2024\/02\/Foto_9-1.jpg\" alt=\"1er Batxillerat visita guiada per Barcelona \u201cLa ciutat del vapor\u201d\" width=\"1179\" height=\"885\" \/>\r\n\t\t\t\t\t\t\t\t\t\t<div class=\"slideshow_description_box slideshow_transparent\">\r\n\t\t\t\t\t\t<div class=\"slideshow_title\">Foto_9<\/div>\t\t\t\t\t\t<div class=\"slideshow_description\">1er Batxillerat visita guiada per Barcelona \u201cLa ciutat del vapor\u201d<\/div>\t\t\t\t\t<\/div>\r\n\t\t\t\t<\/div>\r\n\r\n\t\t\t\t\t\t<div style=\"clear: both;\"><\/div><\/div><div class=\"slideshow_view\">\r\n\t\t\t\t<div class=\"slideshow_slide slideshow_slide_image\">\r\n\t\t\t\t\t\t\t\t\t\t\t<img src=\"https:\/\/agora.xtec.cat\/iesgallecs\/wp-content\/uploads\/usu1971\/2024\/02\/foto_8-1.jpg\" alt=\"\u2022\t1er Batxillerat Sortida a la maternitat d\u2019Elna i Colliure. \" width=\"1104\" height=\"1471\" \/>\r\n\t\t\t\t\t\t\t\t\t\t<div class=\"slideshow_description_box slideshow_transparent\">\r\n\t\t\t\t\t\t<div class=\"slideshow_title\">foto_8<\/div>\t\t\t\t\t\t<div class=\"slideshow_description\">1er Batxillerat Sortida a la maternitat d\u2019Elna i Colliure.<\/div>\t\t\t\t\t<\/div>\r\n\t\t\t\t<\/div>\r\n\r\n\t\t\t\t\t\t<div style=\"clear: both;\"><\/div><\/div><div class=\"slideshow_view\">\r\n\t\t\t\t<div class=\"slideshow_slide slideshow_slide_image\">\r\n\t\t\t\t\t\t\t\t\t\t\t<img src=\"https:\/\/agora.xtec.cat\/iesgallecs\/wp-content\/uploads\/usu1971\/2024\/02\/Foto_7-1.jpg\" alt=\"4t ESO: Visita al Museu de la ci\u00e8ncia i t\u00e8cnica de Terrassa amb la visita guiada Un passeig per la f\u00e0brica.\" width=\"1164\" height=\"873\" \/>\r\n\t\t\t\t\t\t\t\t\t\t<div class=\"slideshow_description_box slideshow_transparent\">\r\n\t\t\t\t\t\t<div class=\"slideshow_title\">Foto_7<\/div>\t\t\t\t\t\t<div class=\"slideshow_description\">4t ESO: Visita al Museu de la ci\u00e8ncia i t\u00e8cnica de Terrassa amb la visita guiada Un passeig per la f\u00e0brica.<\/div>\t\t\t\t\t<\/div>\r\n\t\t\t\t<\/div>\r\n\r\n\t\t\t\t\t\t<div style=\"clear: both;\"><\/div><\/div><div class=\"slideshow_view\">\r\n\t\t\t\t<div class=\"slideshow_slide slideshow_slide_image\">\r\n\t\t\t\t\t\t\t\t\t\t\t<img src=\"https:\/\/agora.xtec.cat\/iesgallecs\/wp-content\/uploads\/usu1971\/2024\/02\/Foto_6-1.jpg\" alt=\"3er ESO: Sortida a la F\u00e0brica \u201cLa Fageda\u201d\" width=\"799\" height=\"373\" \/>\r\n\t\t\t\t\t\t\t\t\t\t<div class=\"slideshow_description_box slideshow_transparent\">\r\n\t\t\t\t\t\t<div class=\"slideshow_title\">Foto_6<\/div>\t\t\t\t\t\t<div class=\"slideshow_description\">3er ESO: Sortida a la F\u00e0brica \u201cLa Fageda\u201d<\/div>\t\t\t\t\t<\/div>\r\n\t\t\t\t<\/div>\r\n\r\n\t\t\t\t\t\t<div style=\"clear: both;\"><\/div><\/div><div class=\"slideshow_view\">\r\n\t\t\t\t<div class=\"slideshow_slide slideshow_slide_image\">\r\n\t\t\t\t\t\t\t\t\t\t\t<img src=\"https:\/\/agora.xtec.cat\/iesgallecs\/wp-content\/uploads\/usu1971\/2024\/02\/Foto_5.jpg\" alt=\"3er ESO: Sortida a la F\u00e0brica \u201cLa Fageda\u201d\" width=\"1065\" height=\"753\" \/>\r\n\t\t\t\t\t\t\t\t\t\t<div class=\"slideshow_description_box slideshow_transparent\">\r\n\t\t\t\t\t\t<div class=\"slideshow_title\">Foto_5<\/div>\t\t\t\t\t\t<div class=\"slideshow_description\">3er ESO: Sortida a la F\u00e0brica \u201cLa Fageda\u201d<\/div>\t\t\t\t\t<\/div>\r\n\t\t\t\t<\/div>\r\n\r\n\t\t\t\t\t\t<div style=\"clear: both;\"><\/div><\/div><div class=\"slideshow_view\">\r\n\t\t\t\t<div class=\"slideshow_slide slideshow_slide_image\">\r\n\t\t\t\t\t\t\t\t\t\t\t<img src=\"https:\/\/agora.xtec.cat\/iesgallecs\/wp-content\/uploads\/usu1971\/2024\/02\/Foto_4.jpg\" alt=\"2on ESO: Sortida al castell de Montsoriu\" width=\"720\" height=\"1600\" \/>\r\n\t\t\t\t\t\t\t\t\t\t<div class=\"slideshow_description_box slideshow_transparent\">\r\n\t\t\t\t\t\t<div class=\"slideshow_title\">Foto_4<\/div>\t\t\t\t\t\t<div class=\"slideshow_description\">2on ESO: Sortida al castell de Montsoriu<\/div>\t\t\t\t\t<\/div>\r\n\t\t\t\t<\/div>\r\n\r\n\t\t\t\t\t\t<div style=\"clear: both;\"><\/div><\/div><div class=\"slideshow_view\">\r\n\t\t\t\t<div class=\"slideshow_slide slideshow_slide_image\">\r\n\t\t\t\t\t\t\t\t\t\t\t<img src=\"https:\/\/agora.xtec.cat\/iesgallecs\/wp-content\/uploads\/usu1971\/2024\/02\/foto_3-1.jpg\" alt=\"2on ESO: Sortida al castell de Montsoriu\" width=\"938\" height=\"1250\" \/>\r\n\t\t\t\t\t\t\t\t\t\t<div class=\"slideshow_description_box slideshow_transparent\">\r\n\t\t\t\t\t\t<div class=\"slideshow_title\">foto_3<\/div>\t\t\t\t\t\t<div class=\"slideshow_description\">2on ESO: Sortida al castell de Montsoriu<\/div>\t\t\t\t\t<\/div>\r\n\t\t\t\t<\/div>\r\n\r\n\t\t\t\t\t\t<div style=\"clear: both;\"><\/div><\/div><div class=\"slideshow_view\">\r\n\t\t\t\t<div class=\"slideshow_slide slideshow_slide_image\">\r\n\t\t\t\t\t\t\t\t\t\t\t<img src=\"https:\/\/agora.xtec.cat\/iesgallecs\/wp-content\/uploads\/usu1971\/2024\/02\/Foto_2.jpg\" alt=\"1r ESO : Sortida al poblat ib\u00e8ric de Calafell amb taller d\u2019arqueologia\" width=\"848\" height=\"1131\" \/>\r\n\t\t\t\t\t\t\t\t\t\t<div class=\"slideshow_description_box slideshow_transparent\">\r\n\t\t\t\t\t\t<div class=\"slideshow_title\">Foto_2<\/div>\t\t\t\t\t\t<div class=\"slideshow_description\">1r ESO : Sortida al poblat ib\u00e8ric de Calafell amb taller d\u2019arqueologia<\/div>\t\t\t\t\t<\/div>\r\n\t\t\t\t<\/div>\r\n\r\n\t\t\t\t\t\t<div style=\"clear: both;\"><\/div><\/div><div class=\"slideshow_view\">\r\n\t\t\t\t<div class=\"slideshow_slide slideshow_slide_image\">\r\n\t\t\t\t\t\t\t\t\t\t\t<img src=\"https:\/\/agora.xtec.cat\/iesgallecs\/wp-content\/uploads\/usu1971\/2024\/02\/Foto_1-1.jpg\" alt=\"1r ESO : Sortida al poblat ib\u00e8ric de Calafell amb taller d\u2019arqueologia\" width=\"877\" height=\"1169\" \/>\r\n\t\t\t\t\t\t\t\t\t\t<div class=\"slideshow_description_box slideshow_transparent\">\r\n\t\t\t\t\t\t<div class=\"slideshow_title\">Foto_1<\/div>\t\t\t\t\t\t<div class=\"slideshow_description\">1r ESO : Sortida al poblat ib\u00e8ric de Calafell amb taller d\u2019arqueologia<\/div>\t\t\t\t\t<\/div>\r\n\t\t\t\t<\/div>\r\n\r\n\t\t\t\t\t\t<div style=\"clear: both;\"><\/div><\/div><div class=\"slideshow_view\">\r\n\t\t\t\t<div class=\"slideshow_slide slideshow_slide_image\">\r\n\t\t\t\t\t\t\t\t\t\t\t<img src=\"https:\/\/agora.xtec.cat\/iesgallecs\/wp-content\/uploads\/usu1971\/2024\/02\/Foto_10-1.jpg\" alt=\"Foto_10\" width=\"818\" height=\"613\" \/>\r\n\t\t\t\t\t\t\t\t\t\t<div class=\"slideshow_description_box slideshow_transparent\">\r\n\t\t\t\t\t\t<div class=\"slideshow_title\">Foto_10<\/div>\t\t\t\t\t\t\t\t\t\t\t<\/div>\r\n\t\t\t\t<\/div>\r\n\r\n\t\t\t\t\t\t<div style=\"clear: both;\"><\/div><\/div>\r\n\t\t<\/div>\r\n\r\n\t\t<div class=\"slideshow_controlPanel slideshow_transparent\" style=\"display: none;\"><ul><li class=\"slideshow_togglePlay\" data-play-text=\"Visualitza\" data-pause-text=\"Pausa\"><\/li><\/ul><\/div>\r\n\r\n\t\t<div class=\"slideshow_button slideshow_previous slideshow_transparent\" role=\"button\" data-previous-text=\"Anterior\" style=\"display: none;\"><\/div>\r\n\t\t<div class=\"slideshow_button slideshow_next slideshow_transparent\" role=\"button\" data-next-text=\"Seg\u00fcent\" style=\"display: none;\"><\/div>\r\n\r\n\t\t<div class=\"slideshow_pagination\" style=\"display: none;\" data-go-to-text=\"V\u00e9s a la diapositiva\"><div class=\"slideshow_pagination_center\"><\/div><\/div>\r\n\r\n\t\t<!-- WordPress Slideshow Version 2.3.1 -->\r\n\r\n\t\t\t<\/div>\r\n\r\n\n<p>Conjunt de sortides realitzades:<\/p>\n<ul>\n<li dir=\"ltr\">\n<p dir=\"ltr\" role=\"presentation\">1r ESO : Sortida al poblat ib\u00e8ric de Calafell amb taller d\u2019arqueologia<\/p>\n<\/li>\n<li dir=\"ltr\">\n<p dir=\"ltr\" role=\"presentation\">2on ESO: Sortida al castell de Montsoriu<\/p>\n<\/li>\n<\/ul>\n<ul>\n<li dir=\"ltr\">\n<p dir=\"ltr\" role=\"presentation\">3er ESO: Sortida a la F\u00e0brica \u201cLa Fageda&#8221;<\/p>\n<\/li>\n<\/ul>\n<ul>\n<li dir=\"ltr\">\n<p dir=\"ltr\" role=\"presentation\">4t ESO: Visita al Museu de la ci\u00e8ncia i t\u00e8cnica de Terrassa amb la visita guiada Un passeig per la f\u00e0brica.<\/p>\n<\/li>\n<li dir=\"ltr\">\n<p dir=\"ltr\" role=\"presentation\">1er Batxillerat Sortida a la maternitat d\u2019Elna i Colliure.<\/p>\n<\/li>\n<li dir=\"ltr\">1er Batxillerat visita guiada per Barcelona \u201cLa ciutat del vapor\u201d<\/li>\n<\/ul>\n<h4>Projecte UTOPIA<\/h4>\n<p>Durant l\u2019etapa de l\u2019ESO, es treballa UTOPIA la mat\u00e8ria de Cultura i Valors \u00c8tics, de forma totalment pr\u00e0ctica.<\/p>\n<ul>\n<li>Des del departament de Socials de l\u2019INS Gallecs i amb la col\u00b7laboraci\u00f3 del departament de Lleng\u00fces\u00a0 plantegem un projecte basat en les compet\u00e8ncies espec\u00edfiques de Cultura i Valors, que faciliti a l\u2019alumnat de 3r i 4t una formaci\u00f3\u00a0<strong>transversal<\/strong>, de\u00a0<strong>serveis<\/strong>i de\u00a0<strong>proximitat<\/strong>. Reivindiquem<strong>\u00a0les Humanitats\u00a0<\/strong>com a un element b\u00e0sic en la formaci\u00f3 d\u2019un\u00a0<strong>alumnat lliure, cr\u00edtic, solidari i comprom\u00e8s<\/strong>\u00a0amb els altres i amb el seu entorn. Per aix\u00f2 treballem UTOPIA des de diferents \u00e0mbits: R\u00e0dio, Revista, Teatre, Habitatge cooperatiu, Xarxa solid\u00e0ria\u2026<\/li>\n<li><\/li>\n<\/ul>\n<h4><strong>PROJECTE N\u00d2MADES 1er ESO<\/strong><\/h4>\n<p>El departament de Ci\u00e8ncies Socials i Educaci\u00f3\u00a0 \u00c0udio Visual i Pl\u00e0stica duem a terme des de fa 3 anys el projecte N\u00f2mades per primer d\u2019ESO. L\u2019objectiu d\u2019aquest projecte \u00e9s relacionar la creativitat i la comprensi\u00f3 art\u00edstica, hist\u00f2rica i geogr\u00e0fica com un element clau\u00a0 pel desenvolupament hum\u00e0 i la transformaci\u00f3 social. N\u00f2mades \u00e9s un viatge en temps, en l\u2019espai i tamb\u00e9 de coneixement del m\u00f3n interior per entendre qui som, d\u2019on venim, quin \u00e9s el nostre cam\u00ed\u00a0 i on volem arribar.<\/p>\n<p>A N\u00f2mades considerem que \u00e9s molt important entendre el m\u00f3n divers que ens envolta, defugir de l\u2019eurocentrisme\u00a0 i concebre aquest m\u00f3n com un element enriquidor. En definitiva convertir l\u2019alumnat en actors indispensables per crear una ciutadania cr\u00edtica i oberta.<\/p>\n<p>El projecte es realitza durant dues hores a la setmana al llarg del curs amb una programaci\u00f3 viva que s\u2019adapta a les necessitats individuals i grupals dels diferents cursos.<\/p>\n<div class=\"ast-oembed-container \" style=\"height: 100%;\"><iframe loading=\"lazy\" title=\"PROJECTE ESO - N\u00d2MADES\" width=\"500\" height=\"281\" src=\"https:\/\/www.youtube.com\/embed\/hid5qElgVIs?feature=oembed\" frameborder=\"0\" allow=\"accelerometer; autoplay; clipboard-write; encrypted-media; gyroscope; picture-in-picture; web-share\" referrerpolicy=\"strict-origin-when-cross-origin\" allowfullscreen><\/iframe><\/div>\n<h4><strong>IMPLICATS EN EL NOU CURR\u00cdCULUM DE BATXILLERAT<\/strong><\/h4>\n<p>CIUTADANIA DRET I POL\u00cdTICA<\/p>\n<p>La mat\u00e8ria Ciutadania, Pol\u00edtica i Dret \u00e9s una mat\u00e8ria optativa trimestral enfocada a facilitar una visi\u00f3 panor\u00e0mica del camp d\u2019estudi d\u2019aquests \u00e0mbits a partir de l\u2019an\u00e0lisi de situacions concretes que tenen implicacions globals i locals, per despertar l\u2019inter\u00e8s en aquests camps de coneixement i fomentar el pensament cr\u00edtic.<\/p>\n<p>Des del departament de Socials treballem la mat\u00e8ria d\u2019una forma pr\u00e0ctica dintre del programa Reacciona. La finalitat del projecte \u00e9s treballar la consci\u00e8ncia social i la cultura de la pau mitjan\u00e7ant la realitzaci\u00f3 d\u2019un curtmetratge per part de l\u2019alumnat.<\/p>\n\r\n\t<div class=\"slideshow_container slideshow_container_style-light\" style=\"height: 300px; \" data-slideshow-id=\"5538\" data-style-name=\"style-light\" data-style-version=\"2.3.1\" >\r\n\r\n\t\t\t\t\t<div class=\"slideshow_loading_icon\"><\/div>\r\n\t\t\r\n\t\t<div class=\"slideshow_content\" style=\"display: none;\">\r\n\r\n\t\t\t<div class=\"slideshow_view\">\r\n\t\t\t\t<div class=\"slideshow_slide slideshow_slide_image\">\r\n\t\t\t\t\t\t\t\t\t\t\t<img src=\"https:\/\/agora.xtec.cat\/iesgallecs\/wp-content\/uploads\/usu1971\/2024\/02\/foto_2-1.jpg\" alt=\"foto_2\" width=\"1078\" height=\"808\" \/>\r\n\t\t\t\t\t\t\t\t\t\t<div class=\"slideshow_description_box slideshow_transparent\">\r\n\t\t\t\t\t\t<div class=\"slideshow_title\">foto_2<\/div>\t\t\t\t\t\t\t\t\t\t\t<\/div>\r\n\t\t\t\t<\/div>\r\n\r\n\t\t\t\t\t\t<div style=\"clear: both;\"><\/div><\/div><div class=\"slideshow_view\">\r\n\t\t\t\t<div class=\"slideshow_slide slideshow_slide_image\">\r\n\t\t\t\t\t\t\t\t\t\t\t<img src=\"https:\/\/agora.xtec.cat\/iesgallecs\/wp-content\/uploads\/usu1971\/2024\/02\/foto_1-2.jpg\" alt=\"foto_1\" width=\"1238\" height=\"929\" \/>\r\n\t\t\t\t\t\t\t\t\t\t<div class=\"slideshow_description_box slideshow_transparent\">\r\n\t\t\t\t\t\t<div class=\"slideshow_title\">foto_1<\/div>\t\t\t\t\t\t\t\t\t\t\t<\/div>\r\n\t\t\t\t<\/div>\r\n\r\n\t\t\t\t\t\t<div style=\"clear: both;\"><\/div><\/div><div class=\"slideshow_view\">\r\n\t\t\t\t<div class=\"slideshow_slide slideshow_slide_image\">\r\n\t\t\t\t\t\t\t\t\t\t\t<img src=\"https:\/\/agora.xtec.cat\/iesgallecs\/wp-content\/uploads\/usu1971\/2024\/02\/foto_3-2.jpg\" alt=\"foto_3\" width=\"1028\" height=\"771\" \/>\r\n\t\t\t\t\t\t\t\t\t\t<div class=\"slideshow_description_box slideshow_transparent\">\r\n\t\t\t\t\t\t<div class=\"slideshow_title\">foto_3<\/div>\t\t\t\t\t\t\t\t\t\t\t<\/div>\r\n\t\t\t\t<\/div>\r\n\r\n\t\t\t\t\t\t<div style=\"clear: both;\"><\/div><\/div>\r\n\t\t<\/div>\r\n\r\n\t\t<div class=\"slideshow_controlPanel slideshow_transparent\" style=\"display: none;\"><ul><li class=\"slideshow_togglePlay\" data-play-text=\"Visualitza\" data-pause-text=\"Pausa\"><\/li><\/ul><\/div>\r\n\r\n\t\t<div class=\"slideshow_button slideshow_previous slideshow_transparent\" role=\"button\" data-previous-text=\"Anterior\" style=\"display: none;\"><\/div>\r\n\t\t<div class=\"slideshow_button slideshow_next slideshow_transparent\" role=\"button\" data-next-text=\"Seg\u00fcent\" style=\"display: none;\"><\/div>\r\n\r\n\t\t<div class=\"slideshow_pagination\" style=\"display: none;\" data-go-to-text=\"V\u00e9s a la diapositiva\"><div class=\"slideshow_pagination_center\"><\/div><\/div>\r\n\r\n\t\t<!-- WordPress Slideshow Version 2.3.1 -->\r\n\r\n\t\t\t<\/div>\r\n\r\n\n<h4>ODS : PAU JUST\u00cdCIA I CORRESPONSABLITAT<\/h4>\n<p>La nova mat\u00e8ria LOMLOE a batxillerat, els ODS, permet aprofundir les desigualtats a partir de creacions art\u00edstiques urbanes. Els objectius de desenvolupament sostenible permeten marcar un horitz\u00f3 de canvi i millora social de cara el 2030, per\u00f2 les pol\u00edtiques dels estats queden lluny i a vegades representen limitacions i incoher\u00e8ncies. A segon de batxillerat i de manera trimestral l\u2019alumnat t\u00e9 l\u2019oportunitat d\u2019aprofundir d\u2019una manera pr\u00e0ctica en els objectius de desenvolupament sostenible en un context local i global.<\/p>\n<p>&nbsp;<\/p>\n<h4>SERVEI COMUNITARI<\/h4>\n<p>El Servei Comunitari per a l&#8217;alumnat de secund\u00e0ria obligat\u00f2ria, \u00e9s una acci\u00f3 educativa, en el marc del curr\u00edculum obligatori, que vol promoure que els alumnes experimentin i protagonitzin accions de comprom\u00eds c\u00edvic, aprenguin en l&#8217;exercici actiu de la ciutadania, i posin en joc els seus coneixements i capacitats al servei de la comunitat.<\/p>\n<p>L\u2019INS Gallecs \u00e9s un dels instituts de Catalunya amb un dels Servei Comunitaris m\u00e9s consolidats i amb una traject\u00f2ria de fa m\u00e9s de 8 anys. Amb el nom de Teixim Lligams aquest projecte mant\u00e9 una forta vinculaci\u00f3 amb l\u2019entorn i la poblaci\u00f3 de Mollet.\u00a0El plantejament b\u00e0sic \u00e9s ser una guia d\u2019acci\u00f3 ciutadana per establir una societat millor, \u00e9s a dir m\u00e9s m\u00e9s solid\u00e0ria, col\u00b7laborativa, oberta, compromesa amb la diversitat i la cura dels individus que la integren.<\/p>\n<p>Per fer-ho el departament de Socials col\u00b7labora amb els departaments de Ci\u00e8ncies Naturals i \u00c0udio Visual i Pl\u00e0stica. L\u2019alumnat pot triar entre diferents projectes al llarg del curs. A continuaci\u00f3 podreu veure un breu resum vivencial de les experi\u00e8ncies del nostre alumnat.<\/p>\n<div class=\"ast-oembed-container \" style=\"height: 100%;\"><iframe loading=\"lazy\" title=\"Servei comunitari a l&#039;Institut Gallecs\" width=\"500\" height=\"281\" src=\"https:\/\/www.youtube.com\/embed\/rVEEsMfuZV0?feature=oembed\" frameborder=\"0\" allow=\"accelerometer; autoplay; clipboard-write; encrypted-media; gyroscope; picture-in-picture; web-share\" referrerpolicy=\"strict-origin-when-cross-origin\" allowfullscreen><\/iframe><\/div>\n<p><a href=\"https:\/\/agora.xtec.cat\/iesgallecs\/wp-content\/uploads\/usu1971\/2024\/02\/servei-comunitari.jpg\"><img loading=\"lazy\" decoding=\"async\" class=\"aligncenter wp-image-5543\" src=\"https:\/\/agora.xtec.cat\/iesgallecs\/wp-content\/uploads\/usu1971\/2024\/02\/servei-comunitari.jpg\" alt=\"\" width=\"545\" height=\"409\" srcset=\"https:\/\/agora.xtec.cat\/iesgallecs\/wp-content\/uploads\/usu1971\/2024\/02\/servei-comunitari.jpg 1057w, https:\/\/agora.xtec.cat\/iesgallecs\/wp-content\/uploads\/usu1971\/2024\/02\/servei-comunitari-300x225.jpg 300w, https:\/\/agora.xtec.cat\/iesgallecs\/wp-content\/uploads\/usu1971\/2024\/02\/servei-comunitari-1024x768.jpg 1024w, https:\/\/agora.xtec.cat\/iesgallecs\/wp-content\/uploads\/usu1971\/2024\/02\/servei-comunitari-768x576.jpg 768w, https:\/\/agora.xtec.cat\/iesgallecs\/wp-content\/uploads\/usu1971\/2024\/02\/servei-comunitari-200x150.jpg 200w\" sizes=\"auto, (max-width: 545px) 100vw, 545px\" \/><\/a><\/p>\n<h3><\/h3>\n","protected":false},"excerpt":{"rendered":"<p>Departament de Ci\u00e8ncies Socials El Departament de Ci\u00e8ncies Socials t\u00e9 com a objectiu prioritari aconseguir que l\u2019alumnat, tant de l\u2019ESO com del Batxillerat, adquireixi les eines necess\u00e0ries per entendre el m\u00f3n i, aix\u00ed pugui arribar a intervenir activament i de forma cr\u00edtica a la societat actual. Per aquest motiu el professorat intenta treballar un conjunt [&hellip;]<\/p>\n","protected":false},"author":36,"featured_media":0,"parent":2731,"menu_order":5,"comment_status":"closed","ping_status":"closed","template":"page-templates\/side-menu.php","meta":{"site-sidebar-layout":"default","site-content-layout":"","ast-site-content-layout":"","site-content-style":"default","site-sidebar-style":"default","ast-global-header-display":"","ast-banner-title-visibility":"","ast-main-header-display":"","ast-hfb-above-header-display":"","ast-hfb-below-header-display":"","ast-hfb-mobile-header-display":"","site-post-title":"","ast-breadcrumbs-content":"","ast-featured-img":"","footer-sml-layout":"","theme-transparent-header-meta":"","adv-header-id-meta":"","stick-header-meta":"","header-above-stick-meta":"","header-main-stick-meta":"","header-below-stick-meta":"","astra-migrate-meta-layouts":"default","ast-page-background-enabled":"default","ast-page-background-meta":{"desktop":{"background-color":"var(--ast-global-color-5)","background-image":"","background-repeat":"repeat","background-position":"center center","background-size":"auto","background-attachment":"scroll","background-type":"","background-media":"","overlay-type":"","overlay-color":"","overlay-opacity":"","overlay-gradient":""},"tablet":{"background-color":"","background-image":"","background-repeat":"repeat","background-position":"center center","background-size":"auto","background-attachment":"scroll","background-type":"","background-media":"","overlay-type":"","overlay-color":"","overlay-opacity":"","overlay-gradient":""},"mobile":{"background-color":"","background-image":"","background-repeat":"repeat","background-position":"center center","background-size":"auto","background-attachment":"scroll","background-type":"","background-media":"","overlay-type":"","overlay-color":"","overlay-opacity":"","overlay-gradient":""}},"ast-content-background-meta":{"desktop":{"background-color":"var(--ast-global-color-4)","background-image":"","background-repeat":"repeat","background-position":"center center","background-size":"auto","background-attachment":"scroll","background-type":"","background-media":"","overlay-type":"","overlay-color":"","overlay-opacity":"","overlay-gradient":""},"tablet":{"background-color":"var(--ast-global-color-4)","background-image":"","background-repeat":"repeat","background-position":"center center","background-size":"auto","background-attachment":"scroll","background-type":"","background-media":"","overlay-type":"","overlay-color":"","overlay-opacity":"","overlay-gradient":""},"mobile":{"background-color":"var(--ast-global-color-4)","background-image":"","background-repeat":"repeat","background-position":"center center","background-size":"auto","background-attachment":"scroll","background-type":"","background-media":"","overlay-type":"","overlay-color":"","overlay-opacity":"","overlay-gradient":""}},"footnotes":""},"class_list":["post-2737","page","type-page","status-publish","hentry"],"post_mailing_queue_ids":[],"_links":{"self":[{"href":"https:\/\/agora.xtec.cat\/iesgallecs\/wp-json\/wp\/v2\/pages\/2737","targetHints":{"allow":["GET"]}}],"collection":[{"href":"https:\/\/agora.xtec.cat\/iesgallecs\/wp-json\/wp\/v2\/pages"}],"about":[{"href":"https:\/\/agora.xtec.cat\/iesgallecs\/wp-json\/wp\/v2\/types\/page"}],"author":[{"embeddable":true,"href":"https:\/\/agora.xtec.cat\/iesgallecs\/wp-json\/wp\/v2\/users\/36"}],"replies":[{"embeddable":true,"href":"https:\/\/agora.xtec.cat\/iesgallecs\/wp-json\/wp\/v2\/comments?post=2737"}],"version-history":[{"count":7,"href":"https:\/\/agora.xtec.cat\/iesgallecs\/wp-json\/wp\/v2\/pages\/2737\/revisions"}],"predecessor-version":[{"id":6347,"href":"https:\/\/agora.xtec.cat\/iesgallecs\/wp-json\/wp\/v2\/pages\/2737\/revisions\/6347"}],"up":[{"embeddable":true,"href":"https:\/\/agora.xtec.cat\/iesgallecs\/wp-json\/wp\/v2\/pages\/2731"}],"wp:attachment":[{"href":"https:\/\/agora.xtec.cat\/iesgallecs\/wp-json\/wp\/v2\/media?parent=2737"}],"curies":[{"name":"wp","href":"https:\/\/api.w.org\/{rel}","templated":true}]}}