{"id":2682,"date":"2021-03-18T19:18:29","date_gmt":"2021-03-18T18:18:29","guid":{"rendered":"https:\/\/agora.xtec.cat\/iesgallecs\/?page_id=2682"},"modified":"2026-04-27T11:17:19","modified_gmt":"2026-04-27T09:17:19","slug":"sant-jordi-al-gallecs","status":"publish","type":"page","link":"https:\/\/agora.xtec.cat\/iesgallecs\/celebracions-i-esdeveniments\/sant-jordi-al-gallecs\/","title":{"rendered":"Sant Jordi"},"content":{"rendered":"<p><span style=\"text-decoration: underline;\"><strong>Sant Jordi curs 25-26 a l&#8217;Institut Gallecs: Un dia per celebrar la cultura i el talent!<\/strong>\u00a0<\/span><\/p>\n<p>La nostra escola s&#8217;ha vestit de gala per celebrar una Diada inolvidable. Volem fer un reconeixement especial a tot l&#8217;alumnat per la seva\u00a0<strong>incre\u00efble participaci\u00f3<\/strong><strong>\u00a0als actes del centre:\u00a0<\/strong><\/p>\n<p><strong>&#8211;\u00a0<\/strong><strong>\u00a0Certamen Literari<\/strong><strong>s en catal\u00e0, castell\u00e0, angl\u00e8s i franc\u00e8s<\/strong><\/p>\n<p><strong>&#8211; Disseny des del departament de Visual i Pl\u00e0stica\u00a0<\/strong><\/p>\n<p><strong>&#8211; Concurs de fotografia cient\u00edfica<\/strong><\/p>\n<p><strong>&#8211; lectura en veu alta<\/strong><\/p>\n<p>La qualitat i creativitat dels treballs han estat, una vegada m\u00e9s, impressionants!<\/p>\n<p>Per\u00f2 la festa no s&#8217;ha quedat nom\u00e9s en les paraules&#8230;. Hem gaudit d&#8217;una jornada plena d&#8217;art i diversitat cultural que ens ha fet vibrar:<\/p>\n<p><strong>Viatge ling\u00fc\u00edstic:<\/strong>\u00a0Hem escoltat poemes emotius en\u00a0angl\u00e8s, franc\u00e8s i itali\u00e0, demostrant que la poesia no t\u00e9 fronteres.\u00a0\u00a0<strong>Ritme i tradici\u00f3:<\/strong>\u00a0El ball flamenc ha omplert el pati d&#8217;energia i passi\u00f3.\u00a0\u00a0<strong>Fi de festa:<\/strong>\u00a0Hem tancat la celebraci\u00f3 amb l&#8217;actuaci\u00f3 estel\u00b7lar de la<em>\u00a0Gallecs Band<\/em>, que ens ha fet ballar a tothom!<\/p>\n<p>Gr\u00e0cies a tota la comunitat educativa per fer possible un Sant Jordi tan especial i participatiu. Us deixem amb una selecci\u00f3 de les millors imatges d&#8217;un dia m\u00e0gic.<\/p>\n\r\n\t<div class=\"slideshow_container slideshow_container_style-light\" style=\"height: 300px; \" data-slideshow-id=\"7470\" data-style-name=\"style-light\" data-style-version=\"2.3.1\" >\r\n\r\n\t\t\t\t\t<div class=\"slideshow_loading_icon\"><\/div>\r\n\t\t\r\n\t\t<div class=\"slideshow_content\" style=\"display: none;\">\r\n\r\n\t\t\t<div class=\"slideshow_view\">\r\n\t\t\t\t<div class=\"slideshow_slide slideshow_slide_image\">\r\n\t\t\t\t\t\t\t\t\t\t\t<img src=\"https:\/\/agora.xtec.cat\/iesgallecs\/wp-content\/uploads\/usu1971\/2026\/04\/008-scaled.jpg\" alt=\"008\" width=\"2560\" height=\"1714\" \/>\r\n\t\t\t\t\t\t\t\t\t\t<div class=\"slideshow_description_box slideshow_transparent\">\r\n\t\t\t\t\t\t<div class=\"slideshow_title\">008<\/div>\t\t\t\t\t\t\t\t\t\t\t<\/div>\r\n\t\t\t\t<\/div>\r\n\r\n\t\t\t\t\t\t<div style=\"clear: both;\"><\/div><\/div><div class=\"slideshow_view\">\r\n\t\t\t\t<div class=\"slideshow_slide slideshow_slide_image\">\r\n\t\t\t\t\t\t\t\t\t\t\t<img src=\"https:\/\/agora.xtec.cat\/iesgallecs\/wp-content\/uploads\/usu1971\/2026\/04\/007-scaled.jpg\" alt=\"007\" width=\"2560\" height=\"1714\" \/>\r\n\t\t\t\t\t\t\t\t\t\t<div class=\"slideshow_description_box slideshow_transparent\">\r\n\t\t\t\t\t\t<div class=\"slideshow_title\">007<\/div>\t\t\t\t\t\t\t\t\t\t\t<\/div>\r\n\t\t\t\t<\/div>\r\n\r\n\t\t\t\t\t\t<div style=\"clear: both;\"><\/div><\/div><div class=\"slideshow_view\">\r\n\t\t\t\t<div class=\"slideshow_slide slideshow_slide_image\">\r\n\t\t\t\t\t\t\t\t\t\t\t<img src=\"https:\/\/agora.xtec.cat\/iesgallecs\/wp-content\/uploads\/usu1971\/2026\/04\/004-scaled.jpg\" alt=\"004\" width=\"2560\" height=\"1714\" \/>\r\n\t\t\t\t\t\t\t\t\t\t<div class=\"slideshow_description_box slideshow_transparent\">\r\n\t\t\t\t\t\t<div class=\"slideshow_title\">004<\/div>\t\t\t\t\t\t\t\t\t\t\t<\/div>\r\n\t\t\t\t<\/div>\r\n\r\n\t\t\t\t\t\t<div style=\"clear: both;\"><\/div><\/div><div class=\"slideshow_view\">\r\n\t\t\t\t<div class=\"slideshow_slide slideshow_slide_image\">\r\n\t\t\t\t\t\t\t\t\t\t\t<img src=\"https:\/\/agora.xtec.cat\/iesgallecs\/wp-content\/uploads\/usu1971\/2026\/04\/001-scaled.jpg\" alt=\"001\" width=\"2560\" height=\"1714\" \/>\r\n\t\t\t\t\t\t\t\t\t\t<div class=\"slideshow_description_box slideshow_transparent\">\r\n\t\t\t\t\t\t<div class=\"slideshow_title\">001<\/div>\t\t\t\t\t\t\t\t\t\t\t<\/div>\r\n\t\t\t\t<\/div>\r\n\r\n\t\t\t\t\t\t<div style=\"clear: both;\"><\/div><\/div><div class=\"slideshow_view\">\r\n\t\t\t\t<div class=\"slideshow_slide slideshow_slide_image\">\r\n\t\t\t\t\t\t\t\t\t\t\t<img src=\"https:\/\/agora.xtec.cat\/iesgallecs\/wp-content\/uploads\/usu1971\/2026\/04\/188-scaled.jpg\" alt=\"188\" width=\"2560\" height=\"1714\" \/>\r\n\t\t\t\t\t\t\t\t\t\t<div class=\"slideshow_description_box slideshow_transparent\">\r\n\t\t\t\t\t\t<div class=\"slideshow_title\">188<\/div>\t\t\t\t\t\t\t\t\t\t\t<\/div>\r\n\t\t\t\t<\/div>\r\n\r\n\t\t\t\t\t\t<div style=\"clear: both;\"><\/div><\/div><div class=\"slideshow_view\">\r\n\t\t\t\t<div class=\"slideshow_slide slideshow_slide_image\">\r\n\t\t\t\t\t\t\t\t\t\t\t<img src=\"https:\/\/agora.xtec.cat\/iesgallecs\/wp-content\/uploads\/usu1971\/2026\/04\/159-scaled.jpg\" alt=\"159\" width=\"2560\" height=\"1714\" \/>\r\n\t\t\t\t\t\t\t\t\t\t<div class=\"slideshow_description_box slideshow_transparent\">\r\n\t\t\t\t\t\t<div class=\"slideshow_title\">159<\/div>\t\t\t\t\t\t\t\t\t\t\t<\/div>\r\n\t\t\t\t<\/div>\r\n\r\n\t\t\t\t\t\t<div style=\"clear: both;\"><\/div><\/div><div class=\"slideshow_view\">\r\n\t\t\t\t<div class=\"slideshow_slide slideshow_slide_image\">\r\n\t\t\t\t\t\t\t\t\t\t\t<img src=\"https:\/\/agora.xtec.cat\/iesgallecs\/wp-content\/uploads\/usu1971\/2026\/04\/142-scaled.jpg\" alt=\"142\" width=\"2560\" height=\"1714\" \/>\r\n\t\t\t\t\t\t\t\t\t\t<div class=\"slideshow_description_box slideshow_transparent\">\r\n\t\t\t\t\t\t<div class=\"slideshow_title\">142<\/div>\t\t\t\t\t\t\t\t\t\t\t<\/div>\r\n\t\t\t\t<\/div>\r\n\r\n\t\t\t\t\t\t<div style=\"clear: both;\"><\/div><\/div><div class=\"slideshow_view\">\r\n\t\t\t\t<div class=\"slideshow_slide slideshow_slide_image\">\r\n\t\t\t\t\t\t\t\t\t\t\t<img src=\"https:\/\/agora.xtec.cat\/iesgallecs\/wp-content\/uploads\/usu1971\/2026\/04\/118-scaled.jpg\" alt=\"118\" width=\"2560\" height=\"1714\" \/>\r\n\t\t\t\t\t\t\t\t\t\t<div class=\"slideshow_description_box slideshow_transparent\">\r\n\t\t\t\t\t\t<div class=\"slideshow_title\">118<\/div>\t\t\t\t\t\t\t\t\t\t\t<\/div>\r\n\t\t\t\t<\/div>\r\n\r\n\t\t\t\t\t\t<div style=\"clear: both;\"><\/div><\/div><div class=\"slideshow_view\">\r\n\t\t\t\t<div class=\"slideshow_slide slideshow_slide_image\">\r\n\t\t\t\t\t\t\t\t\t\t\t<img src=\"https:\/\/agora.xtec.cat\/iesgallecs\/wp-content\/uploads\/usu1971\/2026\/04\/069-scaled.jpg\" alt=\"069\" width=\"2560\" height=\"1714\" \/>\r\n\t\t\t\t\t\t\t\t\t\t<div class=\"slideshow_description_box slideshow_transparent\">\r\n\t\t\t\t\t\t<div class=\"slideshow_title\">069<\/div>\t\t\t\t\t\t\t\t\t\t\t<\/div>\r\n\t\t\t\t<\/div>\r\n\r\n\t\t\t\t\t\t<div style=\"clear: both;\"><\/div><\/div><div class=\"slideshow_view\">\r\n\t\t\t\t<div class=\"slideshow_slide slideshow_slide_image\">\r\n\t\t\t\t\t\t\t\t\t\t\t<img src=\"https:\/\/agora.xtec.cat\/iesgallecs\/wp-content\/uploads\/usu1971\/2026\/04\/024-scaled.jpg\" alt=\"024\" width=\"2560\" height=\"1714\" \/>\r\n\t\t\t\t\t\t\t\t\t\t<div class=\"slideshow_description_box slideshow_transparent\">\r\n\t\t\t\t\t\t<div class=\"slideshow_title\">024<\/div>\t\t\t\t\t\t\t\t\t\t\t<\/div>\r\n\t\t\t\t<\/div>\r\n\r\n\t\t\t\t\t\t<div style=\"clear: both;\"><\/div><\/div>\r\n\t\t<\/div>\r\n\r\n\t\t<div class=\"slideshow_controlPanel slideshow_transparent\" style=\"display: none;\"><ul><li class=\"slideshow_togglePlay\" data-play-text=\"Visualitza\" data-pause-text=\"Pausa\"><\/li><\/ul><\/div>\r\n\r\n\t\t<div class=\"slideshow_button slideshow_previous slideshow_transparent\" role=\"button\" data-previous-text=\"Anterior\" style=\"display: none;\"><\/div>\r\n\t\t<div class=\"slideshow_button slideshow_next slideshow_transparent\" role=\"button\" data-next-text=\"Seg\u00fcent\" style=\"display: none;\"><\/div>\r\n\r\n\t\t<div class=\"slideshow_pagination\" style=\"display: none;\" data-go-to-text=\"V\u00e9s a la diapositiva\"><div class=\"slideshow_pagination_center\"><\/div><\/div>\r\n\r\n\t\t<!-- WordPress Slideshow Version 2.3.1 -->\r\n\r\n\t\t\t<\/div>\r\n\r\n\n<p>L&#8217;alumnat de Rob\u00f2tica de l&#8217;ESO tamb\u00e9 ens felicita un bon Sant Jordi!<\/p>\n<div style=\"width: 1920px;\" class=\"wp-video\"><!--[if lt IE 9]><script>document.createElement('video');<\/script><![endif]-->\n<video class=\"wp-video-shortcode\" id=\"video-2682-1\" width=\"1920\" height=\"1080\" preload=\"metadata\" controls=\"controls\"><source type=\"video\/mp4\" src=\"https:\/\/agora.xtec.cat\/iesgallecs\/wp-content\/uploads\/usu1971\/2026\/04\/SANT-JORDI-26-a.mp4?_=1\" \/><a href=\"https:\/\/agora.xtec.cat\/iesgallecs\/wp-content\/uploads\/usu1971\/2026\/04\/SANT-JORDI-26-a.mp4\">https:\/\/agora.xtec.cat\/iesgallecs\/wp-content\/uploads\/usu1971\/2026\/04\/SANT-JORDI-26-a.mp4<\/a><\/video><\/div>\n<h5><span style=\"text-decoration: underline;\"><strong>Sant Jordi 24-25<\/strong><\/span><\/h5>\n<p>Us deixem un recull d&#8217;imatges del Sant Jordi del curs 24-25<\/p>\n<h5><a href=\"https:\/\/agora.xtec.cat\/iesgallecs\/wp-content\/uploads\/usu1971\/2026\/01\/1746529625921.jpg\"><img loading=\"lazy\" decoding=\"async\" class=\"aligncenter size-full wp-image-7052\" src=\"https:\/\/agora.xtec.cat\/iesgallecs\/wp-content\/uploads\/usu1971\/2026\/01\/1746529625921.jpg\" alt=\"\" width=\"1784\" height=\"1526\" srcset=\"https:\/\/agora.xtec.cat\/iesgallecs\/wp-content\/uploads\/usu1971\/2026\/01\/1746529625921.jpg 1784w, https:\/\/agora.xtec.cat\/iesgallecs\/wp-content\/uploads\/usu1971\/2026\/01\/1746529625921-300x257.jpg 300w, https:\/\/agora.xtec.cat\/iesgallecs\/wp-content\/uploads\/usu1971\/2026\/01\/1746529625921-1024x876.jpg 1024w, https:\/\/agora.xtec.cat\/iesgallecs\/wp-content\/uploads\/usu1971\/2026\/01\/1746529625921-768x657.jpg 768w, https:\/\/agora.xtec.cat\/iesgallecs\/wp-content\/uploads\/usu1971\/2026\/01\/1746529625921-1536x1314.jpg 1536w\" sizes=\"auto, (max-width: 1784px) 100vw, 1784px\" \/><\/a><\/h5>\n<p><a href=\"https:\/\/agora.xtec.cat\/iesgallecs\/wp-content\/uploads\/usu1971\/2026\/01\/1746529625980.jpg\"><img loading=\"lazy\" decoding=\"async\" class=\"aligncenter size-full wp-image-7053\" src=\"https:\/\/agora.xtec.cat\/iesgallecs\/wp-content\/uploads\/usu1971\/2026\/01\/1746529625980.jpg\" alt=\"\" width=\"1653\" height=\"1240\" srcset=\"https:\/\/agora.xtec.cat\/iesgallecs\/wp-content\/uploads\/usu1971\/2026\/01\/1746529625980.jpg 1653w, https:\/\/agora.xtec.cat\/iesgallecs\/wp-content\/uploads\/usu1971\/2026\/01\/1746529625980-300x225.jpg 300w, https:\/\/agora.xtec.cat\/iesgallecs\/wp-content\/uploads\/usu1971\/2026\/01\/1746529625980-1024x768.jpg 1024w, https:\/\/agora.xtec.cat\/iesgallecs\/wp-content\/uploads\/usu1971\/2026\/01\/1746529625980-768x576.jpg 768w, https:\/\/agora.xtec.cat\/iesgallecs\/wp-content\/uploads\/usu1971\/2026\/01\/1746529625980-1536x1152.jpg 1536w\" sizes=\"auto, (max-width: 1653px) 100vw, 1653px\" \/><\/a><\/p>\n<h5><a href=\"https:\/\/agora.xtec.cat\/iesgallecs\/wp-content\/uploads\/usu1971\/2026\/01\/1746529770750.jpg\"><img loading=\"lazy\" decoding=\"async\" class=\"aligncenter size-full wp-image-7054\" src=\"https:\/\/agora.xtec.cat\/iesgallecs\/wp-content\/uploads\/usu1971\/2026\/01\/1746529770750.jpg\" alt=\"\" width=\"2160\" height=\"2160\" srcset=\"https:\/\/agora.xtec.cat\/iesgallecs\/wp-content\/uploads\/usu1971\/2026\/01\/1746529770750.jpg 2160w, https:\/\/agora.xtec.cat\/iesgallecs\/wp-content\/uploads\/usu1971\/2026\/01\/1746529770750-300x300.jpg 300w, https:\/\/agora.xtec.cat\/iesgallecs\/wp-content\/uploads\/usu1971\/2026\/01\/1746529770750-1024x1024.jpg 1024w, https:\/\/agora.xtec.cat\/iesgallecs\/wp-content\/uploads\/usu1971\/2026\/01\/1746529770750-150x150.jpg 150w, https:\/\/agora.xtec.cat\/iesgallecs\/wp-content\/uploads\/usu1971\/2026\/01\/1746529770750-768x768.jpg 768w, https:\/\/agora.xtec.cat\/iesgallecs\/wp-content\/uploads\/usu1971\/2026\/01\/1746529770750-1536x1536.jpg 1536w, https:\/\/agora.xtec.cat\/iesgallecs\/wp-content\/uploads\/usu1971\/2026\/01\/1746529770750-2048x2048.jpg 2048w\" sizes=\"auto, (max-width: 2160px) 100vw, 2160px\" \/><\/a> <a href=\"https:\/\/agora.xtec.cat\/iesgallecs\/wp-content\/uploads\/usu1971\/2026\/01\/01.jpg\"><img loading=\"lazy\" decoding=\"async\" class=\"aligncenter size-full wp-image-7056\" src=\"https:\/\/agora.xtec.cat\/iesgallecs\/wp-content\/uploads\/usu1971\/2026\/01\/01.jpg\" alt=\"\" width=\"2048\" height=\"1536\" srcset=\"https:\/\/agora.xtec.cat\/iesgallecs\/wp-content\/uploads\/usu1971\/2026\/01\/01.jpg 2048w, https:\/\/agora.xtec.cat\/iesgallecs\/wp-content\/uploads\/usu1971\/2026\/01\/01-300x225.jpg 300w, https:\/\/agora.xtec.cat\/iesgallecs\/wp-content\/uploads\/usu1971\/2026\/01\/01-1024x768.jpg 1024w, https:\/\/agora.xtec.cat\/iesgallecs\/wp-content\/uploads\/usu1971\/2026\/01\/01-768x576.jpg 768w, https:\/\/agora.xtec.cat\/iesgallecs\/wp-content\/uploads\/usu1971\/2026\/01\/01-1536x1152.jpg 1536w\" sizes=\"auto, (max-width: 2048px) 100vw, 2048px\" \/><\/a> <a href=\"https:\/\/agora.xtec.cat\/iesgallecs\/wp-content\/uploads\/usu1971\/2026\/01\/1746529625905.jpg\"><img loading=\"lazy\" decoding=\"async\" class=\"aligncenter size-full wp-image-7057\" src=\"https:\/\/agora.xtec.cat\/iesgallecs\/wp-content\/uploads\/usu1971\/2026\/01\/1746529625905.jpg\" alt=\"\" width=\"1673\" height=\"696\" srcset=\"https:\/\/agora.xtec.cat\/iesgallecs\/wp-content\/uploads\/usu1971\/2026\/01\/1746529625905.jpg 1673w, https:\/\/agora.xtec.cat\/iesgallecs\/wp-content\/uploads\/usu1971\/2026\/01\/1746529625905-300x125.jpg 300w, https:\/\/agora.xtec.cat\/iesgallecs\/wp-content\/uploads\/usu1971\/2026\/01\/1746529625905-1024x426.jpg 1024w, https:\/\/agora.xtec.cat\/iesgallecs\/wp-content\/uploads\/usu1971\/2026\/01\/1746529625905-768x320.jpg 768w, https:\/\/agora.xtec.cat\/iesgallecs\/wp-content\/uploads\/usu1971\/2026\/01\/1746529625905-1536x639.jpg 1536w\" sizes=\"auto, (max-width: 1673px) 100vw, 1673px\" \/><\/a><\/h5>\n<h5><\/h5>\n<h5><span style=\"text-decoration: underline;\">Sant jordi 23-24<\/span><\/h5>\n<div class=\"ast-oembed-container \" style=\"height: 100%;\"><iframe loading=\"lazy\" title=\"Sant Jordi 2024\" width=\"500\" height=\"281\" src=\"https:\/\/www.youtube.com\/embed\/VakO6hjJ57Q?feature=oembed\" frameborder=\"0\" allow=\"accelerometer; autoplay; clipboard-write; encrypted-media; gyroscope; picture-in-picture; web-share\" referrerpolicy=\"strict-origin-when-cross-origin\" allowfullscreen><\/iframe><\/div>\n\r\n\t<div class=\"slideshow_container slideshow_container_style-light\" style=\"height: 300px; \" data-slideshow-id=\"6212\" data-style-name=\"style-light\" data-style-version=\"2.3.1\" >\r\n\r\n\t\t\t\t\t<div class=\"slideshow_loading_icon\"><\/div>\r\n\t\t\r\n\t\t<div class=\"slideshow_content\" style=\"display: none;\">\r\n\r\n\t\t\t<div class=\"slideshow_view\">\r\n\t\t\t\t<div class=\"slideshow_slide slideshow_slide_image\">\r\n\t\t\t\t\t\t\t\t\t\t\t<img src=\"https:\/\/agora.xtec.cat\/iesgallecs\/wp-content\/uploads\/usu1971\/2025\/01\/IMG-20240423-WA0015.jpg\" alt=\"IMG-20240423-WA0015\" width=\"873\" height=\"445\" \/>\r\n\t\t\t\t\t\t\t\t\t\t<div class=\"slideshow_description_box slideshow_transparent\">\r\n\t\t\t\t\t\t<div class=\"slideshow_title\">IMG-20240423-WA0015<\/div>\t\t\t\t\t\t\t\t\t\t\t<\/div>\r\n\t\t\t\t<\/div>\r\n\r\n\t\t\t\t\t\t<div style=\"clear: both;\"><\/div><\/div><div class=\"slideshow_view\">\r\n\t\t\t\t<div class=\"slideshow_slide slideshow_slide_image\">\r\n\t\t\t\t\t\t\t\t\t\t\t<img src=\"https:\/\/agora.xtec.cat\/iesgallecs\/wp-content\/uploads\/usu1971\/2025\/01\/IMG-20240423-WA0014.jpg\" alt=\"IMG-20240423-WA0014\" width=\"942\" height=\"448\" \/>\r\n\t\t\t\t\t\t\t\t\t\t<div class=\"slideshow_description_box slideshow_transparent\">\r\n\t\t\t\t\t\t<div class=\"slideshow_title\">IMG-20240423-WA0014<\/div>\t\t\t\t\t\t\t\t\t\t\t<\/div>\r\n\t\t\t\t<\/div>\r\n\r\n\t\t\t\t\t\t<div style=\"clear: both;\"><\/div><\/div><div class=\"slideshow_view\">\r\n\t\t\t\t<div class=\"slideshow_slide slideshow_slide_image\">\r\n\t\t\t\t\t\t\t\t\t\t\t<img src=\"https:\/\/agora.xtec.cat\/iesgallecs\/wp-content\/uploads\/usu1971\/2025\/01\/IMG-20240423-WA0013.jpg\" alt=\"IMG-20240423-WA0013\" width=\"729\" height=\"365\" \/>\r\n\t\t\t\t\t\t\t\t\t\t<div class=\"slideshow_description_box slideshow_transparent\">\r\n\t\t\t\t\t\t<div class=\"slideshow_title\">IMG-20240423-WA0013<\/div>\t\t\t\t\t\t\t\t\t\t\t<\/div>\r\n\t\t\t\t<\/div>\r\n\r\n\t\t\t\t\t\t<div style=\"clear: both;\"><\/div><\/div><div class=\"slideshow_view\">\r\n\t\t\t\t<div class=\"slideshow_slide slideshow_slide_image\">\r\n\t\t\t\t\t\t\t\t\t\t\t<img src=\"https:\/\/agora.xtec.cat\/iesgallecs\/wp-content\/uploads\/usu1971\/2025\/01\/IMG-20240423-WA0012.jpg\" alt=\"IMG-20240423-WA0012\" width=\"631\" height=\"590\" \/>\r\n\t\t\t\t\t\t\t\t\t\t<div class=\"slideshow_description_box slideshow_transparent\">\r\n\t\t\t\t\t\t<div class=\"slideshow_title\">IMG-20240423-WA0012<\/div>\t\t\t\t\t\t\t\t\t\t\t<\/div>\r\n\t\t\t\t<\/div>\r\n\r\n\t\t\t\t\t\t<div style=\"clear: both;\"><\/div><\/div><div class=\"slideshow_view\">\r\n\t\t\t\t<div class=\"slideshow_slide slideshow_slide_image\">\r\n\t\t\t\t\t\t\t\t\t\t\t<img src=\"https:\/\/agora.xtec.cat\/iesgallecs\/wp-content\/uploads\/usu1971\/2025\/01\/IMG-20240423-WA0011.jpg\" alt=\"IMG-20240423-WA0011\" width=\"743\" height=\"368\" \/>\r\n\t\t\t\t\t\t\t\t\t\t<div class=\"slideshow_description_box slideshow_transparent\">\r\n\t\t\t\t\t\t<div class=\"slideshow_title\">IMG-20240423-WA0011<\/div>\t\t\t\t\t\t\t\t\t\t\t<\/div>\r\n\t\t\t\t<\/div>\r\n\r\n\t\t\t\t\t\t<div style=\"clear: both;\"><\/div><\/div><div class=\"slideshow_view\">\r\n\t\t\t\t<div class=\"slideshow_slide slideshow_slide_image\">\r\n\t\t\t\t\t\t\t\t\t\t\t<img src=\"https:\/\/agora.xtec.cat\/iesgallecs\/wp-content\/uploads\/usu1971\/2025\/01\/IMG-20240423-WA0010.jpg\" alt=\"IMG-20240423-WA0010\" width=\"798\" height=\"501\" \/>\r\n\t\t\t\t\t\t\t\t\t\t<div class=\"slideshow_description_box slideshow_transparent\">\r\n\t\t\t\t\t\t<div class=\"slideshow_title\">IMG-20240423-WA0010<\/div>\t\t\t\t\t\t\t\t\t\t\t<\/div>\r\n\t\t\t\t<\/div>\r\n\r\n\t\t\t\t\t\t<div style=\"clear: both;\"><\/div><\/div><div class=\"slideshow_view\">\r\n\t\t\t\t<div class=\"slideshow_slide slideshow_slide_image\">\r\n\t\t\t\t\t\t\t\t\t\t\t<img src=\"https:\/\/agora.xtec.cat\/iesgallecs\/wp-content\/uploads\/usu1971\/2025\/01\/IMG-20240423-WA0027.jpg\" alt=\"IMG-20240423-WA0027\" width=\"2040\" height=\"1536\" \/>\r\n\t\t\t\t\t\t\t\t\t\t<div class=\"slideshow_description_box slideshow_transparent\">\r\n\t\t\t\t\t\t<div class=\"slideshow_title\">IMG-20240423-WA0027<\/div>\t\t\t\t\t\t\t\t\t\t\t<\/div>\r\n\t\t\t\t<\/div>\r\n\r\n\t\t\t\t\t\t<div style=\"clear: both;\"><\/div><\/div><div class=\"slideshow_view\">\r\n\t\t\t\t<div class=\"slideshow_slide slideshow_slide_image\">\r\n\t\t\t\t\t\t\t\t\t\t\t<img src=\"https:\/\/agora.xtec.cat\/iesgallecs\/wp-content\/uploads\/usu1971\/2025\/01\/IMG-20240423-WA0021.jpg\" alt=\"IMG-20240423-WA0021\" width=\"1536\" height=\"2040\" \/>\r\n\t\t\t\t\t\t\t\t\t\t<div class=\"slideshow_description_box slideshow_transparent\">\r\n\t\t\t\t\t\t<div class=\"slideshow_title\">IMG-20240423-WA0021<\/div>\t\t\t\t\t\t\t\t\t\t\t<\/div>\r\n\t\t\t\t<\/div>\r\n\r\n\t\t\t\t\t\t<div style=\"clear: both;\"><\/div><\/div><div class=\"slideshow_view\">\r\n\t\t\t\t<div class=\"slideshow_slide slideshow_slide_image\">\r\n\t\t\t\t\t\t\t\t\t\t\t<img src=\"https:\/\/agora.xtec.cat\/iesgallecs\/wp-content\/uploads\/usu1971\/2025\/01\/IMG-20240423-WA0019.jpg\" alt=\"IMG-20240423-WA0019\" width=\"1600\" height=\"720\" \/>\r\n\t\t\t\t\t\t\t\t\t\t<div class=\"slideshow_description_box slideshow_transparent\">\r\n\t\t\t\t\t\t<div class=\"slideshow_title\">IMG-20240423-WA0019<\/div>\t\t\t\t\t\t\t\t\t\t\t<\/div>\r\n\t\t\t\t<\/div>\r\n\r\n\t\t\t\t\t\t<div style=\"clear: both;\"><\/div><\/div><div class=\"slideshow_view\">\r\n\t\t\t\t<div class=\"slideshow_slide slideshow_slide_image\">\r\n\t\t\t\t\t\t\t\t\t\t\t<img src=\"https:\/\/agora.xtec.cat\/iesgallecs\/wp-content\/uploads\/usu1971\/2025\/01\/IMG-20240423-WA0017.jpg\" alt=\"IMG-20240423-WA0017\" width=\"2040\" height=\"918\" \/>\r\n\t\t\t\t\t\t\t\t\t\t<div class=\"slideshow_description_box slideshow_transparent\">\r\n\t\t\t\t\t\t<div class=\"slideshow_title\">IMG-20240423-WA0017<\/div>\t\t\t\t\t\t\t\t\t\t\t<\/div>\r\n\t\t\t\t<\/div>\r\n\r\n\t\t\t\t\t\t<div style=\"clear: both;\"><\/div><\/div>\r\n\t\t<\/div>\r\n\r\n\t\t<div class=\"slideshow_controlPanel slideshow_transparent\" style=\"display: none;\"><ul><li class=\"slideshow_togglePlay\" data-play-text=\"Visualitza\" data-pause-text=\"Pausa\"><\/li><\/ul><\/div>\r\n\r\n\t\t<div class=\"slideshow_button slideshow_previous slideshow_transparent\" role=\"button\" data-previous-text=\"Anterior\" style=\"display: none;\"><\/div>\r\n\t\t<div class=\"slideshow_button slideshow_next slideshow_transparent\" role=\"button\" data-next-text=\"Seg\u00fcent\" style=\"display: none;\"><\/div>\r\n\r\n\t\t<div class=\"slideshow_pagination\" style=\"display: none;\" data-go-to-text=\"V\u00e9s a la diapositiva\"><div class=\"slideshow_pagination_center\"><\/div><\/div>\r\n\r\n\t\t<!-- WordPress Slideshow Version 2.3.1 -->\r\n\r\n\t\t\t<\/div>\r\n\r\n\n<p>XII Concurs de Fotografia Cient\u00edfica de l&#8217;Institut Gallecs.<iframe loading=\"lazy\" title=\"XII Concurs de fotografia cient\u00edfica de l'Institut Gallecs\" src=\"https:\/\/www.youtube.com\/embed\/sxIO8b9pIi8?feature=oembed\" width=\"1165\" height=\"655\" frameborder=\"0\" allowfullscreen=\"allowfullscreen\"><\/iframe><\/p>\n<div class=\"ast-oembed-container \" style=\"height: 100%;\"><iframe loading=\"lazy\" title=\"Sant jordi a l&#039;Institut Gallecs\" width=\"500\" height=\"281\" src=\"https:\/\/www.youtube.com\/embed\/3Q7vKg6qMe4?feature=oembed\" frameborder=\"0\" allow=\"accelerometer; autoplay; clipboard-write; encrypted-media; gyroscope; picture-in-picture; web-share\" referrerpolicy=\"strict-origin-when-cross-origin\" allowfullscreen><\/iframe><\/div>\n<p>&nbsp;<\/p>\n<p>&nbsp;<\/p>\n<p><a href=\"https:\/\/agora.xtec.cat\/iesgallecs\/celebracions-i-esdeveniments\/sant-jordi-al-gallecs\/attachment\/sant-jordi-2023-dept-idiomes2\/\" rel=\"attachment wp-att-4826\">Sant Jordi 2023<\/a> Del Departament de Lleng\u00fces estrangeres.<\/p>\n<p><a href=\"https:\/\/agora.xtec.cat\/iesgallecs\/celebracions-i-esdeveniments\/sant-jordi-al-gallecs\/attachment\/sant-jordi-2023-dept-idiomes2_page-0001-2\/\" rel=\"attachment wp-att-4828\"><img loading=\"lazy\" decoding=\"async\" class=\"aligncenter size-large wp-image-4828\" src=\"https:\/\/agora.xtec.cat\/iesgallecs\/wp-content\/uploads\/usu1971\/2023\/03\/Sant-Jordi-2023-Dept-idiomes2_page-0001-2-1024x724.jpg\" alt=\"\" width=\"1024\" height=\"724\" srcset=\"https:\/\/agora.xtec.cat\/iesgallecs\/wp-content\/uploads\/usu1971\/2023\/03\/Sant-Jordi-2023-Dept-idiomes2_page-0001-2-1024x724.jpg 1024w, https:\/\/agora.xtec.cat\/iesgallecs\/wp-content\/uploads\/usu1971\/2023\/03\/Sant-Jordi-2023-Dept-idiomes2_page-0001-2-300x212.jpg 300w, https:\/\/agora.xtec.cat\/iesgallecs\/wp-content\/uploads\/usu1971\/2023\/03\/Sant-Jordi-2023-Dept-idiomes2_page-0001-2-768x543.jpg 768w, https:\/\/agora.xtec.cat\/iesgallecs\/wp-content\/uploads\/usu1971\/2023\/03\/Sant-Jordi-2023-Dept-idiomes2_page-0001-2-1536x1086.jpg 1536w, https:\/\/agora.xtec.cat\/iesgallecs\/wp-content\/uploads\/usu1971\/2023\/03\/Sant-Jordi-2023-Dept-idiomes2_page-0001-2-2048x1448.jpg 2048w\" sizes=\"auto, (max-width: 1024px) 100vw, 1024px\" \/><\/a><\/p>\n<p><a href=\"https:\/\/sites.google.com\/insgallecs.cat\/certamenliterarisantjordi2022\/inici\">CERTAMEN LITERARI SANT JORDI<\/a><\/p>\n<p><a href=\"https:\/\/sites.google.com\/insgallecs.cat\/certamenliterarisantjordi2022\/inici\"><img loading=\"lazy\" decoding=\"async\" class=\"alignnone wp-image-3799\" src=\"https:\/\/agora.xtec.cat\/iesgallecs\/wp-content\/uploads\/usu1971\/2022\/07\/sant-jordi-2022-1024x475.png\" alt=\"\" width=\"483\" height=\"224\" srcset=\"https:\/\/agora.xtec.cat\/iesgallecs\/wp-content\/uploads\/usu1971\/2022\/07\/sant-jordi-2022-1024x475.png 1024w, https:\/\/agora.xtec.cat\/iesgallecs\/wp-content\/uploads\/usu1971\/2022\/07\/sant-jordi-2022-300x139.png 300w, https:\/\/agora.xtec.cat\/iesgallecs\/wp-content\/uploads\/usu1971\/2022\/07\/sant-jordi-2022-768x357.png 768w, https:\/\/agora.xtec.cat\/iesgallecs\/wp-content\/uploads\/usu1971\/2022\/07\/sant-jordi-2022-1536x713.png 1536w, https:\/\/agora.xtec.cat\/iesgallecs\/wp-content\/uploads\/usu1971\/2022\/07\/sant-jordi-2022-2048x951.png 2048w\" sizes=\"auto, (max-width: 483px) 100vw, 483px\" \/><\/a><\/p>\n<p>&nbsp;<\/p>\n<p><a href=\"https:\/\/agora.xtec.cat\/iesgallecs\/celebracions-i-esdeveniments\/sant-jordi-al-gallecs\/attachment\/sant-hjordi\/\" rel=\"attachment wp-att-4734\"><img loading=\"lazy\" decoding=\"async\" class=\"aligncenter size-large wp-image-4734\" src=\"https:\/\/agora.xtec.cat\/iesgallecs\/wp-content\/uploads\/usu1971\/2023\/02\/sant-hjordi-1024x768.jpg\" alt=\"\" width=\"1024\" height=\"768\" srcset=\"https:\/\/agora.xtec.cat\/iesgallecs\/wp-content\/uploads\/usu1971\/2023\/02\/sant-hjordi-1024x768.jpg 1024w, https:\/\/agora.xtec.cat\/iesgallecs\/wp-content\/uploads\/usu1971\/2023\/02\/sant-hjordi-300x225.jpg 300w, https:\/\/agora.xtec.cat\/iesgallecs\/wp-content\/uploads\/usu1971\/2023\/02\/sant-hjordi-768x576.jpg 768w, https:\/\/agora.xtec.cat\/iesgallecs\/wp-content\/uploads\/usu1971\/2023\/02\/sant-hjordi-1536x1152.jpg 1536w, https:\/\/agora.xtec.cat\/iesgallecs\/wp-content\/uploads\/usu1971\/2023\/02\/sant-hjordi-200x150.jpg 200w, https:\/\/agora.xtec.cat\/iesgallecs\/wp-content\/uploads\/usu1971\/2023\/02\/sant-hjordi.jpg 1600w\" sizes=\"auto, (max-width: 1024px) 100vw, 1024px\" \/><\/a><\/p>\n<p>&nbsp;<\/p>\n<p>Iniciatives per commemorar Sant Jordi. Des de la literatura, l&#8217;art i la ci\u00e8ncia.<\/p>\n<div class=\"ast-oembed-container \" style=\"height: 100%;\"><iframe loading=\"lazy\" title=\"Premis Sant Jordi 2022 Institut Gallecs\" width=\"500\" height=\"281\" src=\"https:\/\/www.youtube.com\/embed\/8ZeDOi2rrks?feature=oembed\" frameborder=\"0\" allow=\"accelerometer; autoplay; clipboard-write; encrypted-media; gyroscope; picture-in-picture; web-share\" referrerpolicy=\"strict-origin-when-cross-origin\" allowfullscreen><\/iframe><\/div>\n<div class=\"ast-oembed-container \" style=\"height: 100%;\"><iframe loading=\"lazy\" title=\"Concurs fotografia cient\u00edfica 2022 - premis\" width=\"500\" height=\"281\" src=\"https:\/\/www.youtube.com\/embed\/fKFu_Iah-cg?feature=oembed\" frameborder=\"0\" allow=\"accelerometer; autoplay; clipboard-write; encrypted-media; gyroscope; picture-in-picture; web-share\" referrerpolicy=\"strict-origin-when-cross-origin\" allowfullscreen><\/iframe><\/div>\n<h3><a href=\"https:\/\/www.flipsnack.com\/neus1\/copy-of-santjordi_-21_.html\" target=\"_blank\" rel=\"noopener noreferrer\" data-saferedirecturl=\"https:\/\/www.google.com\/url?q=https:\/\/www.flipsnack.com\/neus1\/copy-of-santjordi_-21_.html&amp;source=gmail&amp;ust=1625562232742000&amp;usg=AFQjCNGOy_Zsv82suAjXZMnraIoT6C1lgw\"><span style=\"font-family: verdana, sans-serif;\">Obres Premiades Certamen Literari de Sant Jordi 2021:<\/span><\/a><\/h3>\n<p><a href=\"https:\/\/www.flipsnack.com\/neus1\/copy-of-santjordi_-21_.html\" target=\"_blank\" rel=\"noopener noreferrer\"><img loading=\"lazy\" decoding=\"async\" class=\"alignnone wp-image-3057\" src=\"https:\/\/agora.xtec.cat\/iesgallecs\/wp-content\/uploads\/usu1971\/2021\/07\/sant_jordi.png\" alt=\"\" width=\"534\" height=\"728\" srcset=\"https:\/\/agora.xtec.cat\/iesgallecs\/wp-content\/uploads\/usu1971\/2021\/07\/sant_jordi.png 654w, https:\/\/agora.xtec.cat\/iesgallecs\/wp-content\/uploads\/usu1971\/2021\/07\/sant_jordi-220x300.png 220w\" sizes=\"auto, (max-width: 534px) 100vw, 534px\" \/><\/a><\/p>\n<h3><strong>Certamen literari:<\/strong><\/h3>\n<p><a href=\"https:\/\/agora.xtec.cat\/iesgallecs\/wp-content\/uploads\/usu1971\/2021\/03\/Cartell-Sant-Jordi-2021.png\"><img loading=\"lazy\" decoding=\"async\" class=\"alignnone size-large wp-image-2705\" src=\"https:\/\/agora.xtec.cat\/iesgallecs\/wp-content\/uploads\/usu1971\/2021\/03\/Cartell-Sant-Jordi-2021-724x1024.png\" alt=\"\" width=\"724\" height=\"1024\" srcset=\"https:\/\/agora.xtec.cat\/iesgallecs\/wp-content\/uploads\/usu1971\/2021\/03\/Cartell-Sant-Jordi-2021-724x1024.png 724w, https:\/\/agora.xtec.cat\/iesgallecs\/wp-content\/uploads\/usu1971\/2021\/03\/Cartell-Sant-Jordi-2021-212x300.png 212w, https:\/\/agora.xtec.cat\/iesgallecs\/wp-content\/uploads\/usu1971\/2021\/03\/Cartell-Sant-Jordi-2021-768x1086.png 768w, https:\/\/agora.xtec.cat\/iesgallecs\/wp-content\/uploads\/usu1971\/2021\/03\/Cartell-Sant-Jordi-2021.png 1587w\" sizes=\"auto, (max-width: 724px) 100vw, 724px\" \/><\/a><\/p>\n<h3><strong>Concurs de fotografia cient\u00edfica:<\/strong><\/h3>\n<p>BASES DEL IX CONCURS DE FOTOGRAFIA CIENT\u00cdFICA<br \/>\nLA NATURALESA EN TEMPS DE PAND\u00c8MIA<\/p>\n<p>1. S&#8217;han de realitzar fotografies del nostre entorn on es visualitzi com la naturalesa ha enva\u00eft els entorns urbanitzats durant el temps de pand\u00e8mia.<br \/>\n2. Les fotografies s&#8217;enviaran a l&#8217;adre\u00e7a de correu ciencies@insgallecs.cat en format .jpg o compatible.<br \/>\n3. Ha de constar un t\u00edtol per cada fotografia, i una petita explicaci\u00f3, fent constar l&#8217;autoria, curs i grup.<br \/>\n4. El nombre m\u00e0xim de fotografies per participant \u00e9s de 2.<br \/>\n5. El participant es responsabilitza i es compromet que la fotografia \u00e9s original i realitzada per ell\/ella. Les fotografies seran cedides a l&#8217;institut per a lliure disposici\u00f3 no lucrativa i sempre constant el nom de l&#8217;autor.<br \/>\n6. El concurs consta de les seg\u00fcents categories: primer cicle de l&#8217;ESO, segon cicle de l&#8217;ESO, Postobligat\u00f2ria i Professorat,<br \/>\n7. Es premiaran les dues millors fotografies de cada categoria aix\u00ed com les mencions.<br \/>\n8. La data m\u00e0xima d&#8217;entrega \u00e9s el 14 d&#8217;abril de 2021.<\/p>\n<div style=\"width: 100%;\">\n<h3><strong>Concurs de cartells:<\/strong><\/h3>\n<div><\/div>\n<div><\/div>\n<div><a href=\"https:\/\/agora.xtec.cat\/iesgallecs\/wp-content\/uploads\/usu1971\/2021\/04\/Sant-Jordi-2021-concurs-cartells.png\"><img loading=\"lazy\" decoding=\"async\" class=\"alignnone size-full wp-image-2850\" src=\"https:\/\/agora.xtec.cat\/iesgallecs\/wp-content\/uploads\/usu1971\/2021\/04\/Sant-Jordi-2021-concurs-cartells.png\" alt=\"\" width=\"595\" height=\"842\" srcset=\"https:\/\/agora.xtec.cat\/iesgallecs\/wp-content\/uploads\/usu1971\/2021\/04\/Sant-Jordi-2021-concurs-cartells.png 595w, https:\/\/agora.xtec.cat\/iesgallecs\/wp-content\/uploads\/usu1971\/2021\/04\/Sant-Jordi-2021-concurs-cartells-212x300.png 212w\" sizes=\"auto, (max-width: 595px) 100vw, 595px\" \/><\/a><\/div>\n<\/div>\n<h3><\/h3>\n<h3>Un Sant Jordi amb qu\u00edmica:<\/h3>\n<div class=\"padlet-embed\" style=\"border: 1px solid rgba(0,0,0,0.1); border-radius: 2px; box-sizing: border-box; overflow: hidden; position: relative; width: 100%; background: #F4F4F4;\">\n<p style=\"padding: 0; margin: 0;\"><iframe src=\"https:\/\/padlet.com\/embed\/qd6btagw12smumid\" frameborder=\"0\"><\/iframe><\/p>\n<div style=\"padding: 8px; text-align: right; margin: 0;\"><a style=\"padding: 0; margin: 0; border: none; display: block; line-height: 1; height: 16px;\" target=\"_blank\" rel=\"noopener noreferrer\"><img loading=\"lazy\" decoding=\"async\" style=\"padding: 0; margin: 0; background: none; border: none; display: inline; box-shadow: none;\" src=\"https:\/\/padlet.net\/embeds\/made_with_padlet.png\" alt=\"Hecho con Padlet\" width=\"86\" height=\"16\" \/><\/a><\/div>\n<\/div>\n<div><\/div>\n<div><\/div>\n","protected":false},"excerpt":{"rendered":"<p>Sant Jordi curs 25-26 a l&#8217;Institut Gallecs: Un dia per celebrar la cultura i el talent!\u00a0 La nostra escola s&#8217;ha vestit de gala per celebrar una Diada inolvidable. Volem fer un reconeixement especial a tot l&#8217;alumnat per la seva\u00a0incre\u00efble participaci\u00f3\u00a0als actes del centre:\u00a0 &#8211;\u00a0\u00a0Certamen Literaris en catal\u00e0, castell\u00e0, angl\u00e8s i franc\u00e8s &#8211; Disseny des del [&hellip;]<\/p>\n","protected":false},"author":36,"featured_media":0,"parent":4198,"menu_order":2,"comment_status":"closed","ping_status":"closed","template":"","meta":{"site-sidebar-layout":"default","site-content-layout":"","ast-site-content-layout":"default","site-content-style":"default","site-sidebar-style":"default","ast-global-header-display":"","ast-banner-title-visibility":"","ast-main-header-display":"","ast-hfb-above-header-display":"","ast-hfb-below-header-display":"","ast-hfb-mobile-header-display":"","site-post-title":"","ast-breadcrumbs-content":"","ast-featured-img":"","footer-sml-layout":"","theme-transparent-header-meta":"default","adv-header-id-meta":"","stick-header-meta":"","header-above-stick-meta":"","header-main-stick-meta":"","header-below-stick-meta":"","astra-migrate-meta-layouts":"set","ast-page-background-enabled":"default","ast-page-background-meta":{"desktop":{"background-color":"var(--ast-global-color-5)","background-image":"","background-repeat":"repeat","background-position":"center center","background-size":"auto","background-attachment":"scroll","background-type":"","background-media":"","overlay-type":"","overlay-color":"","overlay-opacity":"","overlay-gradient":""},"tablet":{"background-color":"","background-image":"","background-repeat":"repeat","background-position":"center center","background-size":"auto","background-attachment":"scroll","background-type":"","background-media":"","overlay-type":"","overlay-color":"","overlay-opacity":"","overlay-gradient":""},"mobile":{"background-color":"","background-image":"","background-repeat":"repeat","background-position":"center center","background-size":"auto","background-attachment":"scroll","background-type":"","background-media":"","overlay-type":"","overlay-color":"","overlay-opacity":"","overlay-gradient":""}},"ast-content-background-meta":{"desktop":{"background-color":"var(--ast-global-color-4)","background-image":"","background-repeat":"repeat","background-position":"center center","background-size":"auto","background-attachment":"scroll","background-type":"","background-media":"","overlay-type":"","overlay-color":"","overlay-opacity":"","overlay-gradient":""},"tablet":{"background-color":"var(--ast-global-color-4)","background-image":"","background-repeat":"repeat","background-position":"center center","background-size":"auto","background-attachment":"scroll","background-type":"","background-media":"","overlay-type":"","overlay-color":"","overlay-opacity":"","overlay-gradient":""},"mobile":{"background-color":"var(--ast-global-color-4)","background-image":"","background-repeat":"repeat","background-position":"center center","background-size":"auto","background-attachment":"scroll","background-type":"","background-media":"","overlay-type":"","overlay-color":"","overlay-opacity":"","overlay-gradient":""}},"footnotes":""},"class_list":["post-2682","page","type-page","status-publish","hentry"],"post_mailing_queue_ids":[],"_links":{"self":[{"href":"https:\/\/agora.xtec.cat\/iesgallecs\/wp-json\/wp\/v2\/pages\/2682","targetHints":{"allow":["GET"]}}],"collection":[{"href":"https:\/\/agora.xtec.cat\/iesgallecs\/wp-json\/wp\/v2\/pages"}],"about":[{"href":"https:\/\/agora.xtec.cat\/iesgallecs\/wp-json\/wp\/v2\/types\/page"}],"author":[{"embeddable":true,"href":"https:\/\/agora.xtec.cat\/iesgallecs\/wp-json\/wp\/v2\/users\/36"}],"replies":[{"embeddable":true,"href":"https:\/\/agora.xtec.cat\/iesgallecs\/wp-json\/wp\/v2\/comments?post=2682"}],"version-history":[{"count":6,"href":"https:\/\/agora.xtec.cat\/iesgallecs\/wp-json\/wp\/v2\/pages\/2682\/revisions"}],"predecessor-version":[{"id":7483,"href":"https:\/\/agora.xtec.cat\/iesgallecs\/wp-json\/wp\/v2\/pages\/2682\/revisions\/7483"}],"up":[{"embeddable":true,"href":"https:\/\/agora.xtec.cat\/iesgallecs\/wp-json\/wp\/v2\/pages\/4198"}],"wp:attachment":[{"href":"https:\/\/agora.xtec.cat\/iesgallecs\/wp-json\/wp\/v2\/media?parent=2682"}],"curies":[{"name":"wp","href":"https:\/\/api.w.org\/{rel}","templated":true}]}}