{"id":46,"date":"2014-09-17T16:53:45","date_gmt":"2014-09-17T16:53:45","guid":{"rendered":"http:\/\/agora.xtec.cat\/iesforatdelvent\/?page_id=46"},"modified":"2026-09-04T11:16:35","modified_gmt":"2026-09-04T09:16:35","slug":"organigrama","status":"publish","type":"page","link":"https:\/\/agora.xtec.cat\/iesforatdelvent\/linstitut\/organigrama\/","title":{"rendered":"Organigrama"},"content":{"rendered":"<p><strong>CURS 2026-2027<\/strong><\/p>\n<p><strong style=\"font-size: medium; font-family: inherit; line-height: 1.6;\">DIRECCI\u00d3<br \/>\n<\/strong><\/p>\n<ul>\n<li><span style=\"font-size: medium;\">Directora: Marta Cornet<\/span><\/li>\n<li>Cap d&#8217;Estudis: Marisa Aus\u00edn<\/li>\n<li>Coordinadora Pedag\u00f2gica: Mavi Climent<\/li>\n<li>Secretari: Alfons Valverde<span style=\"color: #008080;\"><br \/>\n<\/span><\/li>\n<\/ul>\n<p><span style=\"font-size: medium;\"><strong>COORDINACI\u00d3<\/strong><\/span><\/p>\n<ul>\n<li><span style=\"font-size: medium;\">Coordinaci\u00f3 1r ESO: Eva Ferrer<br \/>\n<\/span><\/li>\n<li><span style=\"font-size: medium;\">Coordinaci\u00f3 2n ESO: Jaciara Daka<br \/>\n<\/span><\/li>\n<li><span style=\"font-size: medium;\">Coordinaci\u00f3 3r ESO: Marta Alite<br \/>\n<\/span><\/li>\n<li><span style=\"font-size: medium;\">Coordinaci\u00f3 4t ESO: Adri Mart\u00edn<br \/>\n<\/span><\/li>\n<li><span style=\"font-size: medium;\">Coordinaci\u00f3 Batxillerat: Lidia L\u00f3pez<br \/>\n<\/span><\/li>\n<li><span style=\"font-size: medium;\">Coordinaci\u00f3 Batxibac: Antony Sevre<\/span><\/li>\n<li><span style=\"font-size: medium;\">Coordinaci\u00f3 Batxillerat Internacional: Cristina Castro<\/span><\/li>\n<li>Coordinaci\u00f3 Batxillerat Nocturn: Direcci\u00f3<\/li>\n<li><span style=\"font-size: medium;\">Coordinaci\u00f3 Inform\u00e0tica: Marcos S\u00e1nchez<br \/>\n<\/span><\/li>\n<li>Coordinaci\u00f3 LIC: Cristina Castel<\/li>\n<li>Coordinaci\u00f3 COCOBE: \u00c1ngela Calder\u00f3n<\/li>\n<li>Coordinaci\u00f3 Riscos laborals: Ma. Isabel Blanco<\/li>\n<\/ul>\n<p>&nbsp;<\/p>\n<p><strong>RESPONSABLES<\/strong><\/p>\n<ul>\n<li>Coordinaci\u00f3 Monografia: Carmen Alcolea<\/li>\n<li>Coordinaci\u00f3 Clickedu: Adri Mart\u00edn<\/li>\n<li>Coordinaci\u00f3 Biblioteca: Gemma Mart\u00ednez<\/li>\n<li>Coordinaci\u00f3 Web i xarxes socials: Olga Font<\/li>\n<li>Coordinaci\u00f3 PCEE: C\u00e9sar Monfort<\/li>\n<li>Coordinaci\u00f3 Gu\u00e0rdies: Abel Garcia<\/li>\n<\/ul>\n<p>&nbsp;<\/p>\n<p><span style=\"font-size: medium;\"><strong>DEPARTAMENTS<\/strong><\/span><\/p>\n<ul>\n<li><span style=\"font-size: medium;\">Cap de departament Psicopedagogia\/Orientaci\u00f3: \u00c0ngela Calder\u00f3n<br \/>\n<\/span><\/li>\n<li><span style=\"font-size: medium;\">Cap de departament Llengua Catalana: Cristina Castel<br \/>\n<\/span><\/li>\n<li><span style=\"font-size: medium;\">Cap de departament Llengua Castellana: Gemma Mart\u00ednez<br \/>\n<\/span><\/li>\n<li><span style=\"font-size: medium;\">Cap de departament Llengua Anglesa: Marta Soria<br \/>\n<\/span><\/li>\n<li><span style=\"font-size: medium;\">Cap de departament Llengua Francesa: Marc Colell<br \/>\n<\/span><\/li>\n<li><span style=\"font-size: medium;\">Cap de departament Matem\u00e0tiques: Marta Broto<br \/>\n<\/span><\/li>\n<li><span style=\"font-size: medium;\">Cap de departament Ci\u00e8ncies Experimentals: Cristina Castro<br \/>\n<\/span><\/li>\n<li><span style=\"font-size: medium;\">Cap de departament F\u00edsica i Qu\u00edmica: Montse De Pera<\/span><\/li>\n<li><span style=\"font-size: medium;\">Cap de departament Ci\u00e8ncies Socials: Maria Isabel Blanco<br \/>\n<\/span><\/li>\n<li><span style=\"font-size: medium;\">Cap de departament Filosofia: Dami\u00e1n Cerezuela<br \/>\n<\/span><\/li>\n<li><span style=\"font-size: medium;\">Cap de departament Tecnologia: Jordi Fern\u00e1ndez<br \/>\n<\/span><\/li>\n<li><span style=\"font-size: medium;\">Cap de departament Educaci\u00f3 F\u00edsica: Lidia L\u00f3pez<\/span><\/li>\n<li><span style=\"font-size: medium;\">Cap de departament Arts: Jordi Revert<\/span><span style=\"font-size: medium;\"><br \/>\n<\/span><\/li>\n<li>Cap de departament Economia: Eduard Granollers<\/li>\n<\/ul>\n<p>&nbsp;<\/p>\n<p><strong><span style=\"font-size: medium;\">TUTORIES<\/span><\/strong><\/p>\n<p>TUTORIES ESO<\/p>\n<ul>\n<li>Tutoria 1r A ESO: Alicia Gonzalez<\/li>\n<li>Tutoria 1r B ESO: Manoli Gonz\u00e1lez<\/li>\n<li>Tutoria 1r C ESO: Patricia Esp\u00edn<\/li>\n<li>Tutoria 1r D ESO: Eva L\u00f3pez<\/li>\n<li>Tutoria 1r E ESO: Gala Moreno<\/li>\n<li>Tutoria 2n A ESO: Abel Garcia<\/li>\n<li>Tutoria 2n B ESO: Daniel Bag\u00e1n<\/li>\n<li>Tutoria 2n C ESO: Jordi Torroja<\/li>\n<li>Tutoria 2n D ESO: Maria Roig\u00e9<\/li>\n<li>Cotutoria Flexible: Isabel Aznar<\/li>\n<li>Tutoria 3r A ESO: Olga Font<\/li>\n<li>Tutoria 3r B ESO: Marc Garcia<\/li>\n<li>Tutoria 3r C ESO: Ana Dugo<\/li>\n<li>Tutoria 3r D ESO: Andreu Ros\u00e9s<\/li>\n<li>Cotutoria Flexible: \u00c1ngela Calder\u00f3n<\/li>\n<li>Tutoria 4t A ESO: Neus Garcia<\/li>\n<li>Tutoria 4t B ESO: Daniel Carril<\/li>\n<li>Tutoria 4t C ESO: C\u00e9sar Monfort<\/li>\n<li>Tutoria 4t D ESO: Joan Giner<\/li>\n<li>Cotutoria Flexible: Julio Cervantes<\/li>\n<\/ul>\n<p>TUTORIES BATXILLERAT<\/p>\n<ul>\n<li>Tutoria 1r A BATX: Irene Roca<\/li>\n<li>Tutoria 1r B BATX: Rosa Ma. Aguad\u00e9<\/li>\n<li>Tutoria 1r C BATX: Nuria Fern\u00e1ndez<\/li>\n<li>Tutoria 1r D BATX: Cristina \u00c1lvarez<\/li>\n<li>Tutoria 1r E BATX: Eduard Granollers<\/li>\n<li>Tutoria 2n A BATX: Enric Alcalde<\/li>\n<li>Tutoria 2n B BATX: Ma. Jos\u00e9 Garcia<\/li>\n<li>Tutoria 2n C BATX: Anna Campins<\/li>\n<li>Tutoria 2n D BATX: Carmen Alcolea<\/li>\n<li>Tutoria 2n E BATX: Julen Biguri<\/li>\n<\/ul>\n<p>TUTORIES BATXILLERAT NOCTURN<\/p>\n<ul>\n<li>Tutoria 1r BATX NOCT: Direcci\u00f3<\/li>\n<li>Tutoria 2n BATX NOCT: Direcci\u00f3<\/li>\n<\/ul>\n<p>&nbsp;<\/p>\n","protected":false},"excerpt":{"rendered":"<p>CURS 2026-2027<br \/>\nDIRECCI\u00d3<\/p>\n<ul>\n<li>Directora: Marta Cornet<\/li>\n<li>Cap d&#8217;Estudis: Marisa Aus\u00edn<\/li>\n<li>Coordinadora Pedag\u00f2gica: Mavi Climent<\/li>\n<li>Secretari: Alfons Valverde\n<\/li>\n<\/ul>\n<p>COORDINACI\u00d3<\/p>\n<ul>\n<li>Coordinaci\u00f3 1r ESO: Eva Ferrer\n<\/li>\n<li>Coordinaci\u00f3 2n ESO: Jaciara Daka\n<\/li>\n<li>Coordinaci\u00f3 3r ESO: Marta Alite\n<\/li>\n<li>Coordinaci\u00f3 4t ESO: Adri Mart\u00edn\n<\/li>\n<li>Coordinaci\u00f3 Batxillerat: Lidia L\u00f3pez\n<\/li>\n<li>Coordinaci\u00f3 Batxibac: Antony Sevre<\/li>\n<li>Coordinaci\u00f3 Batxillerat Internacional: Cristina Castro<\/li>\n<li>Coordinaci\u00f3 Batxillerat Nocturn: Direcci\u00f3<\/li>\n<li>Coordinaci\u00f3 Inform\u00e0tica: Marcos S\u00e1nchez\n<\/li>\n<li>Coordinaci\u00f3 LIC:&hellip;  <a href=\"https:\/\/agora.xtec.cat\/iesforatdelvent\/linstitut\/organigrama\/\" title=\"Read Organigrama\">Llegeix m\u00e9s\u00bb<\/a><br \/>\n","protected":false},"author":1,"featured_media":0,"parent":19,"menu_order":50,"comment_status":"closed","ping_status":"closed","template":"page-templates\/side-menu.php","meta":{"_bbp_topic_count":0,"_bbp_reply_count":0,"_bbp_total_topic_count":0,"_bbp_total_reply_count":0,"_bbp_voice_count":0,"_bbp_anonymous_reply_count":0,"_bbp_topic_count_hidden":0,"_bbp_reply_count_hidden":0,"_bbp_forum_subforum_count":0,"footnotes":""},"class_list":["post-46","page","type-page","status-publish","hentry"],"post_mailing_queue_ids":[],"_links":{"self":[{"href":"https:\/\/agora.xtec.cat\/iesforatdelvent\/wp-json\/wp\/v2\/pages\/46","targetHints":{"allow":["GET"]}}],"collection":[{"href":"https:\/\/agora.xtec.cat\/iesforatdelvent\/wp-json\/wp\/v2\/pages"}],"about":[{"href":"https:\/\/agora.xtec.cat\/iesforatdelvent\/wp-json\/wp\/v2\/types\/page"}],"author":[{"embeddable":true,"href":"https:\/\/agora.xtec.cat\/iesforatdelvent\/wp-json\/wp\/v2\/users\/1"}],"replies":[{"embeddable":true,"href":"https:\/\/agora.xtec.cat\/iesforatdelvent\/wp-json\/wp\/v2\/comments?post=46"}],"version-history":[{"count":7,"href":"https:\/\/agora.xtec.cat\/iesforatdelvent\/wp-json\/wp\/v2\/pages\/46\/revisions"}],"predecessor-version":[{"id":15345,"href":"https:\/\/agora.xtec.cat\/iesforatdelvent\/wp-json\/wp\/v2\/pages\/46\/revisions\/15345"}],"up":[{"embeddable":true,"href":"https:\/\/agora.xtec.cat\/iesforatdelvent\/wp-json\/wp\/v2\/pages\/19"}],"wp:attachment":[{"href":"https:\/\/agora.xtec.cat\/iesforatdelvent\/wp-json\/wp\/v2\/media?parent=46"}],"curies":[{"name":"wp","href":"https:\/\/api.w.org\/{rel}","templated":true}]}}