{"id":4235,"date":"2019-06-25T10:04:13","date_gmt":"2019-06-25T08:04:13","guid":{"rendered":"http:\/\/agora.xtec.cat\/iesesteveterradas\/?page_id=4235"},"modified":"2025-10-16T08:51:53","modified_gmt":"2025-10-16T06:51:53","slug":"llibres-de-text","status":"publish","type":"page","link":"https:\/\/agora.xtec.cat\/iesesteveterradas\/alumnat-ieti\/llibres-de-text\/","title":{"rendered":"Llibres i material did\u00e0ctic (Curs 2025-26)"},"content":{"rendered":"<h4>ESO<\/h4>\n<p>Llistat de llibres <a href=\"https:\/\/agora.xtec.cat\/iesesteveterradas\/wp-content\/uploads\/usu855\/ESO.pdf\">ESO<\/a><\/p>\n<p dir=\"ltr\"><strong>&#8211; Sortides ESO<\/strong><\/p>\n<p dir=\"ltr\">Les sortides del curs es paguen tamb\u00e9 a trav\u00e9s d&#8217;<a href=\"https:\/\/spain.iddink.es\/ca\/\">IDDINK.<\/a><\/p>\n<p dir=\"ltr\">El codi del nostre centre \u00e9s <strong>715ET3<\/strong>. \u200b<\/p>\n<p dir=\"ltr\">A les\u00a0<a href=\"https:\/\/agora.xtec.cat\/iesesteveterradas\/wp-content\/uploads\/usu855\/instruccions.pdf\">instruccions<\/a> trobareu l&#8217;explicaci\u00f3 de com fer la comanda. Per qualsevol dubte amb la compra de les sortides, adreceu-vos a: \u200binfo@iddink.cat<\/p>\n<p><strong>&#8211; Llic\u00e8ncies digitals ESO<\/strong><\/p>\n<div class=\"gmail_default\">\n<p dir=\"ltr\">Les llic\u00e8ncies digitals que necessita l&#8217;alumnat s&#8217;han d&#8217;adquirir a trav\u00e9s d&#8217;<a href=\"https:\/\/spain.iddink.es\/ca\/\">IDDINK<\/a>, no es poden comprar de manera individual a les editorials.<\/p>\n<p dir=\"ltr\">El codi del nostre centre \u00e9s <strong>715ET3<\/strong>. \u200b<\/p>\n<p dir=\"ltr\">A les <a href=\"https:\/\/agora.xtec.cat\/iesesteveterradas\/wp-content\/uploads\/usu855\/instruccions-1.pdf\">instruccions<\/a> trobareu l&#8217;explicaci\u00f3 de com fer la comanda. Per qualsevol dubte amb la compra de les llic\u00e8ncies, adreceu-vos a: \u200binfo@iddink.cat<\/p>\n<p dir=\"ltr\"><strong>&#8211; Llibres de text ESO<\/strong><\/p>\n<p dir=\"ltr\">Els llibres de text o de lectura es poden adquirir a trav\u00e9s d&#8217;<a href=\"https:\/\/spain.iddink.es\/ca\/\">IDDINK<\/a> o de qualsevol llibreria. Els llibres de lectura podeu demanar-los en pr\u00e9stec a la biblioteca o podeu comprar-los en llibreries de segona m\u00e0 (ex: <a href=\"https:\/\/www.re-read.com\/ca\/\" target=\"_blank\" rel=\"noopener\" data-saferedirecturl=\"https:\/\/www.google.com\/url?q=https:\/\/www.re-read.com\/ca\/&amp;source=gmail&amp;ust=1657332397526000&amp;usg=AOvVaw2lVd9gGF4DYM7YIlvnLaNc\">ReRead<\/a> o\u00a0<a href=\"https:\/\/www.sentitsolidari.org\/punts-de-venda\" target=\"_blank\" rel=\"noopener\" data-saferedirecturl=\"https:\/\/www.google.com\/url?q=https:\/\/www.sentitsolidari.org\/punts-de-venda&amp;source=gmail&amp;ust=1657332397526000&amp;usg=AOvVaw2OuiMZ-Pd13dDc1mO9Vyib\">Llibre Solidari<\/a>).<\/p>\n<p><strong>&#8211; Val escolar 2025<\/strong><\/p>\n<p>Recordeu que podeu utilitzar el <a href=\"https:\/\/valescolar.cat\/\">Val Escolar<\/a> en les vostres compres de llibres i llic\u00e8ncies a IDDINK o en les vostres compres de llibres i material escolar en llibreries o establiments adherits. .<\/p>\n<\/div>\n<p>&nbsp;<\/p>\n<h4>BATXILLERAT<\/h4>\n<p>Llistat de llibres de <a href=\"https:\/\/agora.xtec.cat\/iesesteveterradas\/wp-content\/uploads\/usu855\/batxillerat.pdf\">batxillerat<\/a><\/p>\n<p>Els llibres de text o de lectura els podeu adquirir a trav\u00e9s d&#8217;<a href=\"https:\/\/spain.iddink.es\/ca\/\">IDDINK <\/a>o comprar-los a qualsevol llibreria. Els llibres de lectura podeu demanar-los en pr\u00e9stec a la biblioteca o tamb\u00e9 podeu comprar-los en llibreries de segona m\u00e0 (ex: ReRead o Llibre Solidari).<\/p>\n<p dir=\"ltr\">El codi del nostre centre \u00e9s <strong>715ET3<\/strong>. \u200b<\/p>\n<p dir=\"ltr\">A les <a href=\"https:\/\/agora.xtec.cat\/iesesteveterradas\/wp-content\/uploads\/usu855\/instruccions-1.pdf\">instruccions<\/a> trobareu l&#8217;explicaci\u00f3 de com fer la comanda. Per qualsevol dubte amb la compra de les llic\u00e8ncies, adreceu-vos a: \u200binfo@iddink.cat<\/p>\n<div><\/div>\n<div><\/div>\n<div class=\"gmail_default\"><a href=\"https:\/\/spain.iddink.es\/ca\/families\/\" target=\"_blank\" rel=\"noopener\"><img loading=\"lazy\" decoding=\"async\" class=\"aligncenter wp-image-12262\" src=\"https:\/\/agora.xtec.cat\/iesesteveterradas\/wp-content\/uploads\/usu855\/i\u0301ddink-300x131.jpeg\" alt=\"\" width=\"244\" height=\"107\" srcset=\"https:\/\/agora.xtec.cat\/iesesteveterradas\/wp-content\/uploads\/usu855\/i\u0301ddink-300x131.jpeg 300w, https:\/\/agora.xtec.cat\/iesesteveterradas\/wp-content\/uploads\/usu855\/i\u0301ddink.jpeg 340w\" sizes=\"auto, (max-width: 244px) 100vw, 244px\" \/><\/a><\/div>\n<div><\/div>\n<div><\/div>\n<div style=\"text-align: center;\"><em>(clicar per accedir a la web)<\/em><\/div>\n<h4><\/h4>\n<h4>FORMACI\u00d3 PROFESSIONAL<\/h4>\n<ul>\n<li><a href=\"https:\/\/agora.xtec.cat\/iesesteveterradas\/alumnat-2\/llistat-de-llibres-de-cicles-formatius\/\">Llibres de text de cicles formatius. 2025-2026<\/a><\/li>\n<\/ul>\n<p><img loading=\"lazy\" decoding=\"async\" class=\"wp-image-9905 aligncenter\" src=\"https:\/\/agora.xtec.cat\/iesesteveterradas\/wp-content\/uploads\/usu855\/Open_books_stacked.jpg\" alt=\"\" width=\"320\" height=\"213\" srcset=\"https:\/\/agora.xtec.cat\/iesesteveterradas\/wp-content\/uploads\/usu855\/Open_books_stacked.jpg 640w, https:\/\/agora.xtec.cat\/iesesteveterradas\/wp-content\/uploads\/usu855\/Open_books_stacked-300x200.jpg 300w\" sizes=\"auto, (max-width: 320px) 100vw, 320px\" \/><\/p>\n","protected":false},"excerpt":{"rendered":"<p>ESO<br \/>\nLlistat de llibres <a href=\"https:\/\/agora.xtec.cat\/iesesteveterradas\/wp-content\/uploads\/usu855\/ESO.pdf\">ESO<\/a><br \/>\n&#8211; Sortides ESO<br \/>\nLes sortides del curs es paguen tamb\u00e9 a trav\u00e9s d&#8217;<a href=\"https:\/\/spain.iddink.es\/ca\/\">IDDINK.<\/a><br \/>\nEl codi del nostre centre \u00e9s 715ET3. \u200b<br \/>\nA les\u00a0<a href=\"https:\/\/agora.xtec.cat\/iesesteveterradas\/wp-content\/uploads\/usu855\/instruccions.pdf\">instruccions<\/a> trobareu l&#8217;explicaci\u00f3 de com fer la comanda. Per qualsevol dubte amb la compra de les sortides, adreceu-vos a: \u200binfo@iddink.cat<br \/>\n&#8211;&hellip;  <a href=\"https:\/\/agora.xtec.cat\/iesesteveterradas\/alumnat-ieti\/llibres-de-text\/\" title=\"Read Llibres i material did\u00e0ctic (Curs 2025-26)\">Llegeix m\u00e9s\u00bb<\/a><\/p>\n","protected":false},"author":1,"featured_media":0,"parent":18576,"menu_order":0,"comment_status":"closed","ping_status":"closed","template":"","meta":{"_bbp_topic_count":0,"_bbp_reply_count":0,"_bbp_total_topic_count":0,"_bbp_total_reply_count":0,"_bbp_voice_count":0,"_bbp_anonymous_reply_count":0,"_bbp_topic_count_hidden":0,"_bbp_reply_count_hidden":0,"_bbp_forum_subforum_count":0,"footnotes":""},"class_list":["post-4235","page","type-page","status-publish","hentry"],"post_mailing_queue_ids":[],"_links":{"self":[{"href":"https:\/\/agora.xtec.cat\/iesesteveterradas\/wp-json\/wp\/v2\/pages\/4235","targetHints":{"allow":["GET"]}}],"collection":[{"href":"https:\/\/agora.xtec.cat\/iesesteveterradas\/wp-json\/wp\/v2\/pages"}],"about":[{"href":"https:\/\/agora.xtec.cat\/iesesteveterradas\/wp-json\/wp\/v2\/types\/page"}],"author":[{"embeddable":true,"href":"https:\/\/agora.xtec.cat\/iesesteveterradas\/wp-json\/wp\/v2\/users\/1"}],"replies":[{"embeddable":true,"href":"https:\/\/agora.xtec.cat\/iesesteveterradas\/wp-json\/wp\/v2\/comments?post=4235"}],"version-history":[{"count":8,"href":"https:\/\/agora.xtec.cat\/iesesteveterradas\/wp-json\/wp\/v2\/pages\/4235\/revisions"}],"predecessor-version":[{"id":18111,"href":"https:\/\/agora.xtec.cat\/iesesteveterradas\/wp-json\/wp\/v2\/pages\/4235\/revisions\/18111"}],"up":[{"embeddable":true,"href":"https:\/\/agora.xtec.cat\/iesesteveterradas\/wp-json\/wp\/v2\/pages\/18576"}],"wp:attachment":[{"href":"https:\/\/agora.xtec.cat\/iesesteveterradas\/wp-json\/wp\/v2\/media?parent=4235"}],"curies":[{"name":"wp","href":"https:\/\/api.w.org\/{rel}","templated":true}]}}