{"id":2301,"date":"2019-02-15T16:21:33","date_gmt":"2019-02-15T15:21:33","guid":{"rendered":"http:\/\/agora.xtec.cat\/iesesteveterradas\/?page_id=2301"},"modified":"2025-04-28T10:21:13","modified_gmt":"2025-04-28T08:21:13","slug":"formacio_dual","status":"publish","type":"page","link":"https:\/\/agora.xtec.cat\/iesesteveterradas\/serveis-2\/escola-empresa-2\/formacio_dual\/","title":{"rendered":"Formaci\u00f3 DUAL"},"content":{"rendered":"<p>La Formaci\u00f3 Professional Dual intensiva \u00e9s una modalitat on l\u2019estudiant esdev\u00e9 aprenent i combina la formaci\u00f3 en el centre educatiu amb l\u2019activitat remunerada a l\u2019empresa.<\/p>\n<p>Els <strong>beneficis<\/strong> que n&#8217;obtindr\u00e0s s\u00f3n:<\/p>\n<ul>\n<li>Millorar la formaci\u00f3 i qualificaci\u00f3 professional dels aprenents que inicien la seva activitat professional, alternant la formaci\u00f3 en el centre i l&#8217;activitat en l&#8217;empresa.<\/li>\n<li>Augmentar la cooperaci\u00f3 entre empresa i centre formatiu per tal de desenvolupar els ensenyaments de la formaci\u00f3 professional.<\/li>\n<li>Vinculaci\u00f3 eficient entre centre formatiu i empresa per facilitar la compatibilitat dels estudis i el treball<\/li>\n<li>Incrementar la motivaci\u00f3 dels aprenents oferint-los la possibilitat de realitzar part de la seva formaci\u00f3 en el mon professional real.<\/li>\n<\/ul>\n<p>Amb aquesta modalitat formativa, <strong>totes i tots hi guanyem<\/strong>!<\/p>\n<p><!--more--><\/p>\n<p><a href=\"https:\/\/projectes.xtec.cat\/fpdual\/\"><img loading=\"lazy\" decoding=\"async\" class=\"alignnone\" src=\"https:\/\/projectes.xtec.cat\/fpdual\/wp-content\/uploads\/usu1832\/2018\/06\/DUAL_alta.jpg\" width=\"41\" height=\"41\" \/> <\/a>Punxa en la imatge per veure tots els avantatges de l&#8217;FP Dual intensiva!<\/p>\n<p><!--more--><\/p>\n<p><a href=\"https:\/\/docs.google.com\/forms\/d\/e\/1FAIpQLSdAGNolN7sFovzsTizGMtPFXzoeE6Sbdf0UJdOi0fYK3eY3ig\/viewform\">Sol\u00b7licitud col\u00b7laboraci\u00f3 pr\u00e0ctiques FCT &#8211; DUAL<\/a><\/p>\n<p>Contacte: empreses@iesesteveterradas.cat<\/p>\n<h1>Experi\u00e8ncies<\/h1>\n<table style=\"height: 199px; background-color: #f0f2f5; width: 1103px;\">\n<tbody>\n<tr style=\"height: 199px;\">\n<td style=\"height: 199px; width: 319px;\"><div style=\"width: 640px;\" class=\"wp-video\"><!--[if lt IE 9]><script>document.createElement('video');<\/script><![endif]-->\n<video class=\"wp-video-shortcode\" id=\"video-2301-1\" width=\"640\" height=\"352\" preload=\"metadata\" controls=\"controls\"><source type=\"video\/mp4\" src=\"https:\/\/agora.xtec.cat\/iesesteveterradas\/wp-content\/uploads\/usu855\/Ian-AUM-18-20-1.mp4?_=1\" \/><a href=\"https:\/\/agora.xtec.cat\/iesesteveterradas\/wp-content\/uploads\/usu855\/Ian-AUM-18-20-1.mp4\">https:\/\/agora.xtec.cat\/iesesteveterradas\/wp-content\/uploads\/usu855\/Ian-AUM-18-20-1.mp4<\/a><\/video><\/div><\/td>\n<td style=\"height: 199px; width: 776px; text-align: center;\">\n<h4>Experi\u00e8ncia d&#8217;\u00e8xit en Formaci\u00f3 DUAL d&#8217;un exalumne de l&#8217;Institut Esteve Terradas i Illa &#8211;\u00a0 CFGM Electromec\u00e0nica de veh\u00edcles<\/h4>\n<\/td>\n<\/tr>\n<\/tbody>\n<\/table>\n<table style=\"width: 1074px; background-color: #f0f2f5;\">\n<tbody>\n<tr>\n<td style=\"width: 316px;\"><div style=\"width: 640px;\" class=\"wp-video\"><video class=\"wp-video-shortcode\" id=\"video-2301-2\" width=\"640\" height=\"352\" preload=\"metadata\" controls=\"controls\"><source type=\"video\/mp4\" src=\"https:\/\/agora.xtec.cat\/iesesteveterradas\/wp-content\/uploads\/usu855\/Nestle-Francisco-Fras-1-1.mp4?_=2\" \/><a href=\"https:\/\/agora.xtec.cat\/iesesteveterradas\/wp-content\/uploads\/usu855\/Nestle-Francisco-Fras-1-1.mp4\">https:\/\/agora.xtec.cat\/iesesteveterradas\/wp-content\/uploads\/usu855\/Nestle-Francisco-Fras-1-1.mp4<\/a><\/video><\/div><\/td>\n<td style=\"width: 750px;\">\n<h4 style=\"text-align: center;\">Experi\u00e8ncia d&#8217;\u00e8xit en Formaci\u00f3 DUAL per part d&#8217;una empresa col\u00b7laboradora de l&#8217;Institut Esteve Terradas i Illa<\/h4>\n<\/td>\n<\/tr>\n<\/tbody>\n<\/table>\n<table style=\"width: 1074px; background-color: #f0f2f5;\">\n<tbody>\n<tr>\n<td style=\"width: 657px;\"><a href=\"https:\/\/vimeo.com\/510189922\"><img loading=\"lazy\" decoding=\"async\" class=\"alignnone size-large wp-image-8675\" src=\"https:\/\/agora.xtec.cat\/iesesteveterradas\/wp-content\/uploads\/usu855\/ascensorista-ORONA-1024x574.png\" alt=\"\" width=\"640\" height=\"352\" \/><\/a><\/td>\n<td style=\"width: 409px;\">\n<h4 style=\"text-align: center;\">Empresa col\u00b7laboradora ORONA ens mostra els beneficis de la sortida professional d&#8217;ascensorista. Una opci\u00f3 de pr\u00e0ctiques en empresa que ofereix el nostre centre.<\/h4>\n<\/td>\n<\/tr>\n<\/tbody>\n<\/table>\n<table style=\"width: 1074px; background-color: #f0f2f5;\">\n<tbody>\n<tr>\n<td style=\"width: 657px;\"><a href=\"https:\/\/drive.google.com\/file\/d\/1SL4AK8HKPj17WS_zHqEEAExMt0NUTT7I\/view?usp=sharing\"><img loading=\"lazy\" decoding=\"async\" class=\"alignnone size-large wp-image-9016\" src=\"https:\/\/agora.xtec.cat\/iesesteveterradas\/wp-content\/uploads\/usu855\/video-norauto-1024x461.png\" alt=\"\" width=\"1024\" height=\"461\" srcset=\"https:\/\/agora.xtec.cat\/iesesteveterradas\/wp-content\/uploads\/usu855\/video-norauto-1024x461.png 1024w, https:\/\/agora.xtec.cat\/iesesteveterradas\/wp-content\/uploads\/usu855\/video-norauto-300x135.png 300w, https:\/\/agora.xtec.cat\/iesesteveterradas\/wp-content\/uploads\/usu855\/video-norauto-768x346.png 768w, https:\/\/agora.xtec.cat\/iesesteveterradas\/wp-content\/uploads\/usu855\/video-norauto.png 1641w\" sizes=\"auto, (max-width: 1024px) 100vw, 1024px\" \/><\/a><\/td>\n<td style=\"width: 409px;\">\n<h4 style=\"text-align: center;\">Empresa col\u00b7laboradora Norauto ens mostra les oportunitats que ofereix als estudiants de CFGM d&#8217;electromec\u00e0nica de vehicles. Una opci\u00f3 de pr\u00e0ctiques en empresa que ofereix el nostre centre.<\/h4>\n<\/td>\n<\/tr>\n<\/tbody>\n<\/table>\n<p>&nbsp;<\/p>\n","protected":false},"excerpt":{"rendered":"<p>La Formaci\u00f3 Professional Dual intensiva \u00e9s una modalitat on l\u2019estudiant esdev\u00e9 aprenent i combina la formaci\u00f3 en el centre educatiu amb l\u2019activitat remunerada a l\u2019empresa.<br \/>\nEls beneficis que n&#8217;obtindr\u00e0s s\u00f3n:<\/p>\n<ul>\n<li>Millorar la formaci\u00f3 i qualificaci\u00f3 professional dels aprenents que inicien la seva activitat professional, alternant la formaci\u00f3&hellip;  <a href=\"https:\/\/agora.xtec.cat\/iesesteveterradas\/serveis-2\/escola-empresa-2\/formacio_dual\/\" title=\"Read Formaci\u00f3 DUAL\">Llegeix m\u00e9s\u00bb<\/a><br \/>\n","protected":false},"author":1,"featured_media":0,"parent":992,"menu_order":0,"comment_status":"closed","ping_status":"closed","template":"","meta":{"_bbp_topic_count":0,"_bbp_reply_count":0,"_bbp_total_topic_count":0,"_bbp_total_reply_count":0,"_bbp_voice_count":0,"_bbp_anonymous_reply_count":0,"_bbp_topic_count_hidden":0,"_bbp_reply_count_hidden":0,"_bbp_forum_subforum_count":0,"footnotes":""},"class_list":["post-2301","page","type-page","status-publish","hentry"],"post_mailing_queue_ids":[],"_links":{"self":[{"href":"https:\/\/agora.xtec.cat\/iesesteveterradas\/wp-json\/wp\/v2\/pages\/2301","targetHints":{"allow":["GET"]}}],"collection":[{"href":"https:\/\/agora.xtec.cat\/iesesteveterradas\/wp-json\/wp\/v2\/pages"}],"about":[{"href":"https:\/\/agora.xtec.cat\/iesesteveterradas\/wp-json\/wp\/v2\/types\/page"}],"author":[{"embeddable":true,"href":"https:\/\/agora.xtec.cat\/iesesteveterradas\/wp-json\/wp\/v2\/users\/1"}],"replies":[{"embeddable":true,"href":"https:\/\/agora.xtec.cat\/iesesteveterradas\/wp-json\/wp\/v2\/comments?post=2301"}],"version-history":[{"count":4,"href":"https:\/\/agora.xtec.cat\/iesesteveterradas\/wp-json\/wp\/v2\/pages\/2301\/revisions"}],"predecessor-version":[{"id":17607,"href":"https:\/\/agora.xtec.cat\/iesesteveterradas\/wp-json\/wp\/v2\/pages\/2301\/revisions\/17607"}],"up":[{"embeddable":true,"href":"https:\/\/agora.xtec.cat\/iesesteveterradas\/wp-json\/wp\/v2\/pages\/992"}],"wp:attachment":[{"href":"https:\/\/agora.xtec.cat\/iesesteveterradas\/wp-json\/wp\/v2\/media?parent=2301"}],"curies":[{"name":"wp","href":"https:\/\/api.w.org\/{rel}","templated":true}]}}