{"id":15832,"date":"2024-07-24T11:54:01","date_gmt":"2024-07-24T09:54:01","guid":{"rendered":"https:\/\/agora.xtec.cat\/iesesteveterradas\/?page_id=15832"},"modified":"2026-02-19T10:15:20","modified_gmt":"2026-02-19T09:15:20","slug":"professorat-nova-incorporacio","status":"publish","type":"page","link":"https:\/\/agora.xtec.cat\/iesesteveterradas\/secretaria\/professorat-nova-incorporacio\/","title":{"rendered":"Compleci\u00f3 d&#8217;estudis"},"content":{"rendered":"<section class=\" elementor-section elementor-top-section elementor-element elementor-element-5fa7be7 elementor-section-boxed elementor-section-height-default elementor-section-height-default smart-sticky-default\" data-id=\"5fa7be7\" data-element_type=\"section\" data-e-type=\"section\">\n<div class=\"elementor-container elementor-column-gap-default\">\n<div class=\" elementor-column elementor-col-100 elementor-top-column elementor-element elementor-element-a7192f0 \" data-id=\"a7192f0\" data-element_type=\"column\" data-e-type=\"column\">\n<div class=\"elementor-widget-wrap elementor-element-populated\">\n<div class=\"elementor-element elementor-element-50a6c9d elementor-widget elementor-widget-heading\" data-id=\"50a6c9d\" data-element_type=\"widget\" data-e-type=\"widget\" data-widget_type=\"heading.default\">\n<div class=\"elementor-widget-container\">\n<h4 class=\"elementor-heading-title elementor-size-default\">Qu\u00e8 \u00e9s el proc\u00e9s de compleci\u00f3?<\/h4>\n<\/div>\n<\/div>\n<div class=\"elementor-element elementor-element-28b641f elementor-widget elementor-widget-spacer\" data-id=\"28b641f\" data-element_type=\"widget\" data-e-type=\"widget\" data-widget_type=\"spacer.default\">\n<div class=\"elementor-widget-container\">\n<div class=\"elementor-spacer\">\n<div class=\"elementor-spacer-inner\"><\/div>\n<\/div>\n<\/div>\n<\/div>\n<div class=\"elementor-element elementor-element-ff8a981 elementor-widget elementor-widget-text-editor\" data-id=\"ff8a981\" data-element_type=\"widget\" data-e-type=\"widget\" data-widget_type=\"text-editor.default\">\n<div class=\"elementor-widget-container\">\n<p style=\"text-align: justify;\">La compleci\u00f3 d\u2019estudis \u00e9s el procediment establert per l\u2019administraci\u00f3 per completar els ensenyaments professionalitzadors que s\u2019extingeixen (<a href=\"https:\/\/dogc.gencat.cat\/ca\/document-del-dogc\/?documentId=1014456\">Ordre EDF\/74\/2025<\/a>)<\/p>\n<ul>\n<li style=\"text-align: justify;\">Afecta als cicles formatius distribu\u00efts en <strong>m\u00f2duls i aquests en unitats formatives<\/strong>.<\/li>\n<li style=\"text-align: justify;\">L\u2019alumnat ha de completar els seus ensenyaments al centre on va fer la darrera matr\u00edcula, tant de titularitat p\u00fablica com privada, aix\u00ed com les mesures adients en cas que no fos possible a causa del cessament de l\u2019activitat del centre, del trasllat d\u2019especialitat o d\u2019una altra causa justificada.<\/li>\n<li style=\"text-align: justify;\"><strong>Per completar aquests estudis<\/strong> disposes de 4 convocat\u00f2ries durant els<strong> cursos 2025-2026 i 2026-2027<\/strong> (2 convocat\u00f2ries per curs).<\/li>\n<\/ul>\n<\/div>\n<\/div>\n<\/div>\n<\/div>\n<\/div>\n<\/section>\n<h4 class=\"elementor-heading-title elementor-size-default\">Inscripci\u00f3<\/h4>\n<p>La inscripci\u00f3 a les proves d\u2019avaluaci\u00f3 s\u2019ha de dur a terme:<\/p>\n<p style=\"text-align: justify;\">a) <strong>De l\u20191 al 15 d\u2019octubre,<\/strong> permet participar en les convocat\u00f2ries de novembre i d\u2019abril. L\u2019alumnat ha de confirmar, amb l\u2019antelaci\u00f3 i forma que determini cada centre, l\u2019assist\u00e8ncia o la ren\u00fancia a la segona convocat\u00f2ria.<\/p>\n<p style=\"text-align: justify;\">b) <strong>De l\u20191 al 15 de mar\u00e7,<\/strong> permet participar en la convocat\u00f2ria d\u2019abril.<\/p>\n<h4 class=\"elementor-heading-title elementor-size-default\">Proves d&#8217;avaluaci\u00f3<\/h4>\n<p>Les proves d\u2019avaluaci\u00f3 s\u2019han de dur a terme:<\/p>\n<p>a) Per a la convocat\u00f2ria de novembre, entre l\u20191 i el 30 de novembre.<\/p>\n<p>b) Per a la convocat\u00f2ria d\u2019abril, entre l\u20191 i el 30 d\u2019abril.<\/p>\n<p style=\"text-align: justify;\">L\u2019alumnat que s\u2019inscrigui en el proc\u00e9s de compleci\u00f3 haur\u00e0 de presentar-se a la prova d\u2019avaluaci\u00f3 presencial el dia o dies que indiqui el centre al calendari establert a tal efecte.<\/p>\n<p style=\"text-align: justify;\">L\u2019instrument d\u2019avaluaci\u00f3 utilitzat en la prova d\u2019avaluaci\u00f3 l\u2019establir\u00e0 l\u2019equip docent i pot consistir en una prova escrita, una prova pr\u00e0ctica, la presentaci\u00f3 i defensa d\u2019un projecte, una simulaci\u00f3 o altres, i es realitzar\u00e0 el dia establert.<\/p>\n","protected":false},"excerpt":{"rendered":"<p>Qu\u00e8 \u00e9s el proc\u00e9s de compleci\u00f3?<\/p>\n<p>La compleci\u00f3 d\u2019estudis \u00e9s el procediment establert per l\u2019administraci\u00f3 per completar els ensenyaments professionalitzadors que s\u2019extingeixen (<a href=\"https:\/\/dogc.gencat.cat\/ca\/document-del-dogc\/?documentId=1014456\">Ordre EDF\/74\/2025<\/a>)<\/p>\n<ul>\n<li style=\"text-align: justify;\">Afecta als cicles formatius distribu\u00efts en m\u00f2duls i aquests en unitats formatives.<\/li>\n<li style=\"text-align: justify;\">L\u2019alumnat ha de completar els seus ensenyaments&hellip;  <a href=\"https:\/\/agora.xtec.cat\/iesesteveterradas\/secretaria\/professorat-nova-incorporacio\/\" title=\"Read Compleci\u00f3 d&#8217;estudis\">Llegeix m\u00e9s\u00bb<\/a><br \/>\n","protected":false},"author":6,"featured_media":0,"parent":81,"menu_order":490,"comment_status":"closed","ping_status":"closed","template":"page-templates\/side-menu.php","meta":{"_bbp_topic_count":0,"_bbp_reply_count":0,"_bbp_total_topic_count":0,"_bbp_total_reply_count":0,"_bbp_voice_count":0,"_bbp_anonymous_reply_count":0,"_bbp_topic_count_hidden":0,"_bbp_reply_count_hidden":0,"_bbp_forum_subforum_count":0,"footnotes":""},"class_list":["post-15832","page","type-page","status-publish","hentry"],"post_mailing_queue_ids":[],"_links":{"self":[{"href":"https:\/\/agora.xtec.cat\/iesesteveterradas\/wp-json\/wp\/v2\/pages\/15832","targetHints":{"allow":["GET"]}}],"collection":[{"href":"https:\/\/agora.xtec.cat\/iesesteveterradas\/wp-json\/wp\/v2\/pages"}],"about":[{"href":"https:\/\/agora.xtec.cat\/iesesteveterradas\/wp-json\/wp\/v2\/types\/page"}],"author":[{"embeddable":true,"href":"https:\/\/agora.xtec.cat\/iesesteveterradas\/wp-json\/wp\/v2\/users\/6"}],"replies":[{"embeddable":true,"href":"https:\/\/agora.xtec.cat\/iesesteveterradas\/wp-json\/wp\/v2\/comments?post=15832"}],"version-history":[{"count":7,"href":"https:\/\/agora.xtec.cat\/iesesteveterradas\/wp-json\/wp\/v2\/pages\/15832\/revisions"}],"predecessor-version":[{"id":19182,"href":"https:\/\/agora.xtec.cat\/iesesteveterradas\/wp-json\/wp\/v2\/pages\/15832\/revisions\/19182"}],"up":[{"embeddable":true,"href":"https:\/\/agora.xtec.cat\/iesesteveterradas\/wp-json\/wp\/v2\/pages\/81"}],"wp:attachment":[{"href":"https:\/\/agora.xtec.cat\/iesesteveterradas\/wp-json\/wp\/v2\/media?parent=15832"}],"curies":[{"name":"wp","href":"https:\/\/api.w.org\/{rel}","templated":true}]}}