{"id":1080,"date":"2018-11-09T16:26:47","date_gmt":"2018-11-09T15:26:47","guid":{"rendered":"http:\/\/agora.xtec.cat\/iesesteveterradas\/?page_id=1080"},"modified":"2025-10-23T11:41:12","modified_gmt":"2025-10-23T09:41:12","slug":"catala","status":"publish","type":"page","link":"https:\/\/agora.xtec.cat\/iesesteveterradas\/departaments\/departaments-eso-batxillerat\/catala\/","title":{"rendered":"Catal\u00e0"},"content":{"rendered":"<p><span style=\"font-family: Verdana, sans-serif;\"><span style=\"font-size: medium;\"><span style=\"color: #333333;\"><img decoding=\"async\" style=\"float: left; width: 400; height: auto; margin: 0 20px 0 0;\" src=\"https:\/\/agora.xtec.cat\/iesesteveterradas\/wp-content\/uploads\/usu855\/Llibres_armes_en_el_combat_del_pensament.png\" alt=\"\" width=\"350\" height=\"auto\" \/>Els membres que componem el departament promovem\u00a0<\/span><strong><span style=\"color: #333333;\">l&#8217;ensenyament de la llengua, la literatura i la cultura catalanes<\/span><\/strong><span style=\"color: #333333;\">. Aix\u00ed es contribueix fermament al desenvolupament de tots els aspectes que donen forma a la\u00a0<\/span><strong><span style=\"color: #333333;\">compet\u00e8ncia en comunicaci\u00f3 ling\u00fc\u00edstica.<\/span><\/strong><\/span><\/span><\/p>\n<p><span style=\"color: #333333;\"><span style=\"font-family: Verdana, sans-serif;\"><span style=\"font-size: medium;\">Per millorar la\u00a0<\/span><\/span><\/span><span style=\"color: #333333;\"><span style=\"font-family: Verdana, sans-serif;\"><span style=\"font-size: medium;\"><strong>comprensi\u00f3 lectora,<\/strong><\/span><\/span><\/span><span style=\"color: #333333;\"><span style=\"font-family: Verdana, sans-serif;\"><span style=\"font-size: medium;\">\u00a0a cada nivell es treballen de dos a tres llibres de lectura. El m\u00e0xim de lectures \u00e9s individualitzat i dep\u00e8n de cada alumne. Es fa una selecci\u00f3 d&#8217;obres de tem\u00e0tica i g\u00e8nere diversos que puguin ser motivadores i potenci\u00efn l&#8217;inter\u00e8s per la lectura. A m\u00e9s, recomanem l&#8217;\u00fas de la biblioteca del centre: en grups redu\u00efts (diversitat i desdoblament).<\/span><\/span><\/span><\/p>\n<p><span style=\"color: #333333;\"><span style=\"font-family: Verdana, sans-serif;\"><span style=\"font-size: medium;\">El Departament de catal\u00e0, amb l&#8217;afany de donar a con\u00e8ixer i transmetre les festes i les tradicions catalanes, participa any rere any en la\u00a0<\/span><\/span><\/span><span style=\"color: #333333;\"><span style=\"font-family: Verdana, sans-serif;\"><span style=\"font-size: medium;\"><strong>jornada de Sant Jordi.<\/strong><\/span><\/span><\/span><span style=\"color: #333333;\"><span style=\"font-family: Verdana, sans-serif;\"><span style=\"font-size: medium;\">\u00a0Xerrades, tallers, exposicions, cert\u00e0mens literaris, representacions i sortides teatrals, rutes liter\u00e0ries, recitals de poesia tenen cabuda aquest dia i durant el curs, tant per als cursos d&#8217;ESO com per a Batxillerat. Amb aquestes activitats donem un to festiu a un dia lectiu sense deixar de banda l&#8217;\u00e0mbit acad\u00e8mic i educatiu.<\/span><\/span><\/span><\/p>\n<p><span style=\"color: #333333;\"><span style=\"font-family: Verdana, sans-serif;\"><span style=\"font-size: medium;\">Entre les tasques del departament destaquem la conscienciaci\u00f3 dels joves estudiants sobre la import\u00e0ncia de la llengua per a la integraci\u00f3 social i com a\u00a0<\/span><\/span><\/span><span style=\"color: #333333;\"><span style=\"font-family: Verdana, sans-serif;\"><span style=\"font-size: medium;\"><strong>vehicle de pensament cr\u00edtic<\/strong><\/span><\/span><\/span><span style=\"color: #333333;\"><span style=\"font-family: Verdana, sans-serif;\"><span style=\"font-size: medium;\">\u00a0en un m\u00f3n totalment manipulat pels grans interessos econ\u00f2mics i pol\u00edtics.<\/span><\/span><\/span><\/p>\n<p><span style=\"color: #333333;\"><span style=\"font-family: Verdana, sans-serif;\"><span style=\"font-size: medium;\">Un altre repte important \u00e9s\u00a0<\/span><\/span><\/span><span style=\"color: #333333;\"><span style=\"font-family: Verdana, sans-serif;\"><span style=\"font-size: medium;\"><strong>fomentar l&#8217;\u00fas social del catal\u00e0<\/strong><\/span><\/span><\/span><span style=\"color: #333333;\"><span style=\"font-family: Verdana, sans-serif;\"><span style=\"font-size: medium;\">\u00a0en contextos no estrictament escolars en una zona on la llengua castellana predomina en tots els \u00e0mbits. Sobretot volem que els alumnes estimin i valorin la llengua i la cultura catalana, amb l&#8217;\u00faltima finalitat de fer m\u00e9s f\u00e0cil la integraci\u00f3 del gran nombre d&#8217;alumnes amb diferents or\u00edgens .<\/span><\/span><\/span><\/p>\n<p><span style=\"color: #333333;\"><span style=\"font-family: Verdana, sans-serif;\"><span style=\"font-size: medium;\">En poques paraules, amb les diferents mat\u00e8ries que impartim en els diferents cursos d&#8217;ESO i Batxillerat volem presentar la llengua i la literatura a trav\u00e9s de la cultura catalana tal i com \u00e9s:\u00a0<\/span><\/span><\/span><span style=\"color: #333333;\"><span style=\"font-family: Verdana, sans-serif;\"><span style=\"font-size: medium;\"><strong>innovadora, integradora, desacomplexada i participativa.<\/strong><\/span><\/span><\/span><span style=\"color: #333333;\"><span style=\"font-family: Verdana, sans-serif;\"><span style=\"font-size: medium;\">\u00a0Tot aix\u00f2 ho fem amb unes activitats motivadores, col\u00b7laboratives i din\u00e0miques de les quals destaquem la participaci\u00f3 a la\u00a0<\/span><\/span><\/span><span style=\"color: #333333;\"><span style=\"font-family: Verdana, sans-serif;\"><span style=\"font-size: medium;\"><strong>Viquilletra i<\/strong><\/span><\/span><\/span><span style=\"color: #333333;\"><span style=\"font-family: Verdana, sans-serif;\"><span style=\"font-size: medium;\">\u00a0la\u00a0<\/span><\/span><\/span><span style=\"color: #333333;\"><span style=\"font-family: Verdana, sans-serif;\"><span style=\"font-size: medium;\"><strong>Corneliada.<\/strong><\/span><\/span><\/span><\/p>\n","protected":false},"excerpt":{"rendered":"<p>Els membres que componem el departament promovem\u00a0l&#8217;ensenyament de la llengua, la literatura i la cultura catalanes. Aix\u00ed es contribueix fermament al desenvolupament de tots els aspectes que donen forma a la\u00a0compet\u00e8ncia en comunicaci\u00f3 ling\u00fc\u00edstica.<br \/>\nPer millorar la\u00a0comprensi\u00f3 lectora,\u00a0a cada nivell es treballen de dos a tres&hellip;  <a href=\"https:\/\/agora.xtec.cat\/iesesteveterradas\/departaments\/departaments-eso-batxillerat\/catala\/\" title=\"Read Catal\u00e0\">Llegeix m\u00e9s\u00bb<\/a><\/p>\n","protected":false},"author":1,"featured_media":0,"parent":18650,"menu_order":0,"comment_status":"closed","ping_status":"closed","template":"page-templates\/side-menu.php","meta":{"_bbp_topic_count":0,"_bbp_reply_count":0,"_bbp_total_topic_count":0,"_bbp_total_reply_count":0,"_bbp_voice_count":0,"_bbp_anonymous_reply_count":0,"_bbp_topic_count_hidden":0,"_bbp_reply_count_hidden":0,"_bbp_forum_subforum_count":0,"footnotes":""},"class_list":["post-1080","page","type-page","status-publish","hentry"],"post_mailing_queue_ids":[],"_links":{"self":[{"href":"https:\/\/agora.xtec.cat\/iesesteveterradas\/wp-json\/wp\/v2\/pages\/1080","targetHints":{"allow":["GET"]}}],"collection":[{"href":"https:\/\/agora.xtec.cat\/iesesteveterradas\/wp-json\/wp\/v2\/pages"}],"about":[{"href":"https:\/\/agora.xtec.cat\/iesesteveterradas\/wp-json\/wp\/v2\/types\/page"}],"author":[{"embeddable":true,"href":"https:\/\/agora.xtec.cat\/iesesteveterradas\/wp-json\/wp\/v2\/users\/1"}],"replies":[{"embeddable":true,"href":"https:\/\/agora.xtec.cat\/iesesteveterradas\/wp-json\/wp\/v2\/comments?post=1080"}],"version-history":[{"count":2,"href":"https:\/\/agora.xtec.cat\/iesesteveterradas\/wp-json\/wp\/v2\/pages\/1080\/revisions"}],"predecessor-version":[{"id":1311,"href":"https:\/\/agora.xtec.cat\/iesesteveterradas\/wp-json\/wp\/v2\/pages\/1080\/revisions\/1311"}],"up":[{"embeddable":true,"href":"https:\/\/agora.xtec.cat\/iesesteveterradas\/wp-json\/wp\/v2\/pages\/18650"}],"wp:attachment":[{"href":"https:\/\/agora.xtec.cat\/iesesteveterradas\/wp-json\/wp\/v2\/media?parent=1080"}],"curies":[{"name":"wp","href":"https:\/\/api.w.org\/{rel}","templated":true}]}}