{"id":892,"date":"2016-09-28T12:36:03","date_gmt":"2016-09-28T11:36:03","guid":{"rendered":"http:\/\/agora.xtec.cat\/iesermengolquart\/?page_id=892"},"modified":"2019-05-29T14:22:25","modified_gmt":"2019-05-29T12:22:25","slug":"gep","status":"publish","type":"page","link":"https:\/\/agora.xtec.cat\/iesermengolquart\/pagines-dinici\/pagina-dinici-buida\/gep\/","title":{"rendered":"&#8211; GEP"},"content":{"rendered":"<p>L&#8217;Institut Ermengol IV\u00a0ha estat seleccionat per a formar part del <strong>Grup d\u2019Experimentaci\u00f3 per al\u00a0Pluriling\u00fcisme (GEP) <\/strong>pel per\u00edode 2016-2018.<strong>\u00a0<\/strong>El <a href=\"http:\/\/xtec.gencat.cat\/ca\/projectes\/plurilinguisme\" target=\"_blank\" rel=\"noopener noreferrer\"><strong>Marc per al<\/strong>\u00a0<strong>Pluriling\u00fcisme<\/strong> <\/a>es posa en marxa per assolir els objectius d\u2019<a href=\"http:\/\/ec.europa.eu\/europe2020\/index_en.htm\" target=\"_blank\" rel=\"noopener noreferrer\"><strong>Europa 2020<\/strong><\/a> vers la competitivitat europea, i s\u2019alinea amb els compromisos de qualitat del Marc per al pluriling\u00fcisme del sistema educatiu a Catalunya.<\/p>\n<p><strong>Objectius:<\/strong><\/p>\n<ul>\n<li>Propiciar el desenvolupament de projectes interdisciplinars i transversals\u00a0per activar el pluriling\u00fcisme de l\u2019alumnat.<\/li>\n<li>Contribuir al desenvolupament de les compet\u00e8ncies ling\u00fc\u00edstiques,\u00a0comunicatives, audiovisuals i multim\u00e8dia aix\u00ed com professionalitzadores i\u00a0d\u2019emprenedoria i d\u2019aprenentatge al llarg de la vida.<\/li>\n<li>Millora de la compet\u00e8ncia en lleng\u00fces estrangeres.<\/li>\n<li>Foment d\u2019un model pluriling\u00fce de centre.<\/li>\n<li>Increment del temps d\u2019exposici\u00f3 de l\u2019alumnat a la llengua estrangera.<\/li>\n<li>Aprenentatge de continguts curriculars en lleng\u00fces estrangeres en \u00e0rees\u00a0no ling\u00fc\u00edstiques.<\/li>\n<\/ul>\n<p><iframe loading=\"lazy\" src=\"https:\/\/docs.google.com\/presentation\/d\/1ZUWV7e7_QbHsdqa-qnzE5RcnyxTqqlsoxyKVtZY5KBk\/embed?start=false&amp;loop=false&amp;delayms=3000\" width=\"960\" height=\"569\" frameborder=\"0\" allowfullscreen=\"allowfullscreen\"><\/iframe><\/p>\n<p>L\u2019objectiu principal d\u2019aquest programa \u00e9s millorar la compet\u00e8ncia ling\u00fc\u00edstica i pluriling\u00fce del nostre alumnat i per tal d\u2019aconseguir-ho, hem incrementat l\u2019exposici\u00f3 a la llengua anglesa des d\u2019\u00e0rees no ling\u00fc\u00edstiques.<\/p>\n<h2><strong><span style=\"color: #000000;\">CURS 2017-2018<\/span><\/strong><\/h2>\n<p>Com b\u00e9 sabeu, aquest curs 2017-2018 en el nostre centre estem implementant per segon any consecutiu el Projecte per al Pluriling\u00fcisme amb l\u2019objectiu principal de millorar la compet\u00e8ncia ling\u00fc\u00edstica i pluriling\u00fce del nostre alumnat. Per aix\u00f2, estem desenvolupant una s\u00e8rie de projectes i activitats que proporcionen l\u2019alumnat un augment d\u2019hores d\u2019exposici\u00f3 a la llengua estrangera.<\/p>\n<p>Tot seguit, us fem cinc c\u00e8ntims del que hem dut a terme aquest primer trimestre:<\/p>\n<p><strong>TECNOLOGIA:<\/strong><\/p>\n<p>L\u2019alumnat de 1r d\u2019ESO ha treballat les eines de l\u2019aula de tecnologia, els seus materials i estan realitzant el projecte de construcci\u00f3 de titelles que esdevindran els personatges d\u2019una obra de tem\u00e0tica social que estan fent a la classe d\u2019angl\u00e8s .<\/p>\n<p>L\u2019alumnat de 2n d\u2019ESO ha realitzat un projecte en qu\u00e8 ha dissenyat una casa amb un programa inform\u00e0tic de disseny i l\u2019ha presentat en llengua anglesa.<\/p>\n<p><strong>FILOSOFIA:<\/strong><\/p>\n<p>Aprofitant la celebraci\u00f3 del Dia Mundial de la Filosofia, l\u2019alumnat de batxillerat va crear una s\u00e8rie de frases filos\u00f2fiques en llengua anglesa a partir d\u2019unes imatges d\u2019objectes quotidians. Ara aquestes frases decoren el hall del centre.<\/p>\n<p><strong>EDUCACI\u00d3 VISUAL I PL\u00c0STICA:<\/strong><\/p>\n<p>L\u2019alumnat de 3r ESO realitza quinzenalment la classe d\u2019educaci\u00f3 visual i pl\u00e0stica acompanyat d\u2019una professora d\u2019angl\u00e8s que els fa el seguiment d\u2019aula en aquesta llengua. A m\u00e9s a m\u00e9s, en relaci\u00f3 amb el treball de s\u00edntesi i la sortida que es va dur a terme el passat mes d\u2019octubre a Barcelona per descobrir el Modernisme catal\u00e0 en qu\u00e8 es va visitar el Palau G\u00fcell i la Casa de les Punxes, l\u2019alumnat va realitzar un treball la meitat del qual era tamb\u00e9 en llengua anglesa.<\/p>\n<p><strong>EMPRENEDORIA:<\/strong><\/p>\n<p>Algunes de les sessions de l\u2019optativa d\u2019emprenedoria de 3r d\u2019ESO s\u2019han desenvolupat en llengua anglesa. En general es tracta d\u2019activitats cooperatives i de tipus manipulatiu en qu\u00e8 els alumnes reflexionen i presenten les seves idees en angl\u00e8s.<\/p>\n<p><a href=\"http:\/\/agora.xtec.cat\/iesermengolquart\/wp-content\/uploads\/usu1239\/2016\/09\/EMPRENEDORIA.jpg\"><img loading=\"lazy\" decoding=\"async\" class=\"alignnone size-large wp-image-1724\" src=\"http:\/\/agora.xtec.cat\/iesermengolquart\/wp-content\/uploads\/usu1239\/2016\/09\/EMPRENEDORIA-945x1024.jpg\" alt=\"\" width=\"945\" height=\"1024\" srcset=\"https:\/\/agora.xtec.cat\/iesermengolquart\/wp-content\/uploads\/usu1239\/2016\/09\/EMPRENEDORIA-945x1024.jpg 945w, https:\/\/agora.xtec.cat\/iesermengolquart\/wp-content\/uploads\/usu1239\/2016\/09\/EMPRENEDORIA-277x300.jpg 277w, https:\/\/agora.xtec.cat\/iesermengolquart\/wp-content\/uploads\/usu1239\/2016\/09\/EMPRENEDORIA-768x832.jpg 768w, https:\/\/agora.xtec.cat\/iesermengolquart\/wp-content\/uploads\/usu1239\/2016\/09\/EMPRENEDORIA.jpg 1943w\" sizes=\"auto, (max-width: 945px) 100vw, 945px\" \/><\/a><\/p>\n<p><strong>ESPECTACLE DE M\u00c0GIA EN ANGL\u00c8S:<\/strong><\/p>\n<p>El passat mes de Novembre, l\u2019alumnat de 4t d\u2019ESO va poder gaudir de l\u2019espectacle de m\u00e0gia <i>This is Water <\/i>de l\u2019il\u00b7lusionista i actor Arnau Colomo.<\/p>\n<p>Tamb\u00e9 l\u2019alumnat de 1r d\u2019ESO va assistir a un altre espectacle de m\u00e0gia al febrer, aquest cop amb Jack the magic teacher.<\/p>\n<p><a href=\"http:\/\/agora.xtec.cat\/iesermengolquart\/wp-content\/uploads\/usu1239\/2016\/09\/M\u00c0GIA.jpg\"><img loading=\"lazy\" decoding=\"async\" class=\"alignnone size-large wp-image-1725\" src=\"http:\/\/agora.xtec.cat\/iesermengolquart\/wp-content\/uploads\/usu1239\/2016\/09\/M\u00c0GIA-1024x1024.jpg\" alt=\"\" width=\"1024\" height=\"1024\" srcset=\"https:\/\/agora.xtec.cat\/iesermengolquart\/wp-content\/uploads\/usu1239\/2016\/09\/M\u00c0GIA-1024x1024.jpg 1024w, https:\/\/agora.xtec.cat\/iesermengolquart\/wp-content\/uploads\/usu1239\/2016\/09\/M\u00c0GIA-150x150.jpg 150w, https:\/\/agora.xtec.cat\/iesermengolquart\/wp-content\/uploads\/usu1239\/2016\/09\/M\u00c0GIA-300x300.jpg 300w, https:\/\/agora.xtec.cat\/iesermengolquart\/wp-content\/uploads\/usu1239\/2016\/09\/M\u00c0GIA-768x768.jpg 768w, https:\/\/agora.xtec.cat\/iesermengolquart\/wp-content\/uploads\/usu1239\/2016\/09\/M\u00c0GIA.jpg 1200w\" sizes=\"auto, (max-width: 1024px) 100vw, 1024px\" \/><\/a><\/p>\n<p><strong>XERRADA SOBRE EL BULLYING:<\/strong><\/p>\n<p>La Goldie Nanwani, una escriptora i <i>coach <\/i>professional, ens va visitar i va parlar a l\u2019alumnat de batxillerat sobre com ser un testimoni efectiu contra el <i>bullying.<\/i><\/p>\n<p><a href=\"http:\/\/agora.xtec.cat\/iesermengolquart\/wp-content\/uploads\/usu1239\/2016\/09\/BULLYING.jpg\"><img loading=\"lazy\" decoding=\"async\" class=\"alignnone size-large wp-image-1726\" src=\"http:\/\/agora.xtec.cat\/iesermengolquart\/wp-content\/uploads\/usu1239\/2016\/09\/BULLYING-1024x1024.jpg\" alt=\"\" width=\"1024\" height=\"1024\" srcset=\"https:\/\/agora.xtec.cat\/iesermengolquart\/wp-content\/uploads\/usu1239\/2016\/09\/BULLYING-1024x1024.jpg 1024w, https:\/\/agora.xtec.cat\/iesermengolquart\/wp-content\/uploads\/usu1239\/2016\/09\/BULLYING-150x150.jpg 150w, https:\/\/agora.xtec.cat\/iesermengolquart\/wp-content\/uploads\/usu1239\/2016\/09\/BULLYING-300x300.jpg 300w, https:\/\/agora.xtec.cat\/iesermengolquart\/wp-content\/uploads\/usu1239\/2016\/09\/BULLYING-768x768.jpg 768w, https:\/\/agora.xtec.cat\/iesermengolquart\/wp-content\/uploads\/usu1239\/2016\/09\/BULLYING.jpg 1200w\" sizes=\"auto, (max-width: 1024px) 100vw, 1024px\" \/><\/a><\/p>\n<p><strong>RUTA TUR\u00cdSTICA I GIMCANA EN ANGL\u00c8S:<\/strong><\/p>\n<p>L\u2019alumnat de 3r D\u2019ESO va gaudir d\u2019una ruta tur\u00edstica pel barri g\u00f2tic de Barcelona on van descobrir obres d\u2019art p\u00fablic i art urb\u00e0 d\u2019aquest barri. Tot seguit va participar en una gimcana d\u2019orientaci\u00f3 per la mateixa zona descobrint curiositats del lloc. Les dues activitats es van realitzar en llengua anglesa i els nois i noies es van mostrar molt motivats participant activament en tot moment.<\/p>\n<p><a href=\"http:\/\/agora.xtec.cat\/iesermengolquart\/wp-content\/uploads\/usu1239\/2016\/09\/3ESO-GIMCANA.jpg\"><img loading=\"lazy\" decoding=\"async\" class=\"alignnone size-large wp-image-1727\" src=\"http:\/\/agora.xtec.cat\/iesermengolquart\/wp-content\/uploads\/usu1239\/2016\/09\/3ESO-GIMCANA-1024x768.jpg\" alt=\"\" width=\"1024\" height=\"768\" srcset=\"https:\/\/agora.xtec.cat\/iesermengolquart\/wp-content\/uploads\/usu1239\/2016\/09\/3ESO-GIMCANA-1024x768.jpg 1024w, https:\/\/agora.xtec.cat\/iesermengolquart\/wp-content\/uploads\/usu1239\/2016\/09\/3ESO-GIMCANA-300x225.jpg 300w, https:\/\/agora.xtec.cat\/iesermengolquart\/wp-content\/uploads\/usu1239\/2016\/09\/3ESO-GIMCANA-768x576.jpg 768w, https:\/\/agora.xtec.cat\/iesermengolquart\/wp-content\/uploads\/usu1239\/2016\/09\/3ESO-GIMCANA-200x150.jpg 200w, https:\/\/agora.xtec.cat\/iesermengolquart\/wp-content\/uploads\/usu1239\/2016\/09\/3ESO-GIMCANA.jpg 1599w\" sizes=\"auto, (max-width: 1024px) 100vw, 1024px\" \/><\/a><\/p>\n<p><a href=\"http:\/\/agora.xtec.cat\/iesermengolquart\/wp-content\/uploads\/usu1239\/2016\/09\/3ESO-MODERNISME.jpg\"><img loading=\"lazy\" decoding=\"async\" class=\"alignnone size-full wp-image-1728\" src=\"http:\/\/agora.xtec.cat\/iesermengolquart\/wp-content\/uploads\/usu1239\/2016\/09\/3ESO-MODERNISME.jpg\" alt=\"\" width=\"954\" height=\"716\" srcset=\"https:\/\/agora.xtec.cat\/iesermengolquart\/wp-content\/uploads\/usu1239\/2016\/09\/3ESO-MODERNISME.jpg 954w, https:\/\/agora.xtec.cat\/iesermengolquart\/wp-content\/uploads\/usu1239\/2016\/09\/3ESO-MODERNISME-300x225.jpg 300w, https:\/\/agora.xtec.cat\/iesermengolquart\/wp-content\/uploads\/usu1239\/2016\/09\/3ESO-MODERNISME-768x576.jpg 768w, https:\/\/agora.xtec.cat\/iesermengolquart\/wp-content\/uploads\/usu1239\/2016\/09\/3ESO-MODERNISME-200x150.jpg 200w\" sizes=\"auto, (max-width: 954px) 100vw, 954px\" \/><\/a><\/p>\n<p>&nbsp;<\/p>\n<p>&nbsp;<\/p>\n<h2><strong><span style=\"color: #000000;\">CURS 2016-2017<\/span><\/strong><\/h2>\n<p>Durant el primer trimestre, l\u2019equip directiu i un grup de professores han rebut formaci\u00f3 i s\u2019han elaborat materials i tres projectes diferents, que s\u2019han pogut implementar satisfact\u00f2riament durant el segon trimestre. A continuaci\u00f3 podeu veure un video amb evid\u00e8ncies d\u2019aquests tres projectes.<\/p>\n<p><iframe loading=\"lazy\" title=\"TO BIT OR NOT TO BIT\" width=\"500\" height=\"281\" src=\"https:\/\/www.youtube.com\/embed\/alaf41QH3T8?feature=oembed\" frameborder=\"0\" allow=\"accelerometer; autoplay; clipboard-write; encrypted-media; gyroscope; picture-in-picture; web-share\" referrerpolicy=\"strict-origin-when-cross-origin\" allowfullscreen><\/iframe><\/p>\n<p>A m\u00e9s a m\u00e9s, tamb\u00e9 s\u2019han dut a terme altres <b>activitats pluriling\u00fces<\/b> durant el curs:<\/p>\n<p><b>*<\/b><b>Treball de Recerca en angl\u00e8s (2n batxillerat)<\/b><\/p>\n<p>L\u2019alumnat de batxillerat t\u00e9 l\u2019opci\u00f3 de fer el seu treball de recerca en llengua estrangera i, aquest curs, l\u2019alumna Mar Eroles de 2n de batxillerat human\u00edstic va realitzar i, posteriorment, defensar oralment el seu treball en angl\u00e8s sobre <i>Spanglish<\/i>.<\/p>\n<p>Aix\u00ed mateix, la Paula Josa, alumna de 1r de batxillerat cient\u00edfic, tamb\u00e9 est\u00e0 fent el seu treball de recerca \u00a0en angl\u00e8s sobre el canvi clim\u00e0tic.<\/p>\n<p><b>*<\/b><b>Exposicions orals de Tecnologia \u00a0(angl\u00e8s, batxillerat)<\/b><\/p>\n<p><span style=\"font-weight: 400;\">Dins de la mat\u00e8ria de Tecnologia Industrial, l\u2019alumnat de 1r de batxillerat fa una recerca sobre algun tema actual i ho exposa oralment en angl\u00e8s a la resta de companys.<\/span><\/p>\n<p><b>*\u00c0rea de Tecnologia<\/b><\/p>\n<p>Dins d\u2019aquesta \u00e0rea, l\u2019alumnat habitualment consulta documentaci\u00f3 i visualitza videos en llengua anglesa, sobre tem\u00e0tiques diverses (rob\u00f2tica, motors, energia,&#8230;).<\/p>\n<p><b>*<\/b><b>M\u00e0gia en angl\u00e8s (2n ESO)<\/b><\/p>\n<p>A principis del mes de febrer l\u2019Arnau Colomo, il.lusionista i actor, va deixar bocabadats als alumnes de 2n de l\u2019ESO amb un espectacle de m\u00e0gia, <i>Close Enough<\/i>, on van tenir oportunitat de participar i ajudar al mag.<\/p>\n<p><a href=\"http:\/\/agora.xtec.cat\/iesermengolquart\/wp-content\/uploads\/usu1239\/2016\/09\/MAGIA-Large.jpg\"><img loading=\"lazy\" decoding=\"async\" class=\"alignnone size-large wp-image-1240\" src=\"http:\/\/agora.xtec.cat\/iesermengolquart\/wp-content\/uploads\/usu1239\/2016\/09\/MAGIA-Large-1024x683.jpg\" alt=\"MAGIA (Large)\" width=\"1024\" height=\"683\" srcset=\"https:\/\/agora.xtec.cat\/iesermengolquart\/wp-content\/uploads\/usu1239\/2016\/09\/MAGIA-Large-1024x683.jpg 1024w, https:\/\/agora.xtec.cat\/iesermengolquart\/wp-content\/uploads\/usu1239\/2016\/09\/MAGIA-Large-300x200.jpg 300w, https:\/\/agora.xtec.cat\/iesermengolquart\/wp-content\/uploads\/usu1239\/2016\/09\/MAGIA-Large-768x512.jpg 768w, https:\/\/agora.xtec.cat\/iesermengolquart\/wp-content\/uploads\/usu1239\/2016\/09\/MAGIA-Large.jpg 1620w\" sizes=\"auto, (max-width: 1024px) 100vw, 1024px\" \/><\/a><\/p>\n<p>&nbsp;<\/p>\n<p><b>*<\/b><b>Participaci\u00f3 al concurs interescolar d\u2019angl\u00e8s <\/b><b><i>The Fonix \u00a0<\/i><\/b><b>(tots nivells)<\/b><\/p>\n<p>A finals de gener l\u2019alumnat dels diferents cursos es va presentar volunt\u00e0riament a fer les proves locals del Concurs <i>The Fonix<\/i>, que es van realitzar al nostre centre. Va sortir un representant de cada un d\u2019ells que els va donar dret a la seva participaci\u00f3 a la prova provincial que va tenir lloc a Lleida el 25 de febrer, obtenint tots ells uns bons resultats: Marina Puig (1r ESO), Josep Salse (2n ESO), Sara Josa (3r ESO), Laia V\u00e1zquez (4t ESO), Paula Josa (1r batxillerat), Adam Puig (2n batxillerat).<\/p>\n<p><a href=\"http:\/\/agora.xtec.cat\/iesermengolquart\/wp-content\/uploads\/usu1239\/2016\/09\/FONIX.jpg\"><img loading=\"lazy\" decoding=\"async\" class=\"alignnone size-large wp-image-1241\" src=\"http:\/\/agora.xtec.cat\/iesermengolquart\/wp-content\/uploads\/usu1239\/2016\/09\/FONIX-1024x768.jpg\" alt=\"FONIX\" width=\"1024\" height=\"768\" srcset=\"https:\/\/agora.xtec.cat\/iesermengolquart\/wp-content\/uploads\/usu1239\/2016\/09\/FONIX-1024x768.jpg 1024w, https:\/\/agora.xtec.cat\/iesermengolquart\/wp-content\/uploads\/usu1239\/2016\/09\/FONIX-300x225.jpg 300w, https:\/\/agora.xtec.cat\/iesermengolquart\/wp-content\/uploads\/usu1239\/2016\/09\/FONIX-768x576.jpg 768w, https:\/\/agora.xtec.cat\/iesermengolquart\/wp-content\/uploads\/usu1239\/2016\/09\/FONIX-200x150.jpg 200w, https:\/\/agora.xtec.cat\/iesermengolquart\/wp-content\/uploads\/usu1239\/2016\/09\/FONIX.jpg 1600w\" sizes=\"auto, (max-width: 1024px) 100vw, 1024px\" \/><\/a><\/p>\n<p><b>*<\/b><b>Dictat Pluriling\u00fce (castell\u00e0, catal\u00e0 i angl\u00e8s, 4t ESO)<\/b><\/p>\n<p>Algunes alumnes, en representaci\u00f3 del seu curs, van participar al Dictat Pluriling\u00fce, un concurs eliminatori que consistia en anant escrivint correctament les paraules que els dictaven tant en catal\u00e0, en castell\u00e0 com en angl\u00e8s. Aquest va tenir lloc a la <b>Universitat de Lleida durant el mes de febrer.<\/b><\/p>\n<p><a href=\"http:\/\/agora.xtec.cat\/iesermengolquart\/wp-content\/uploads\/usu1239\/2016\/09\/DICTAT-PLURILING.jpg\"><img loading=\"lazy\" decoding=\"async\" class=\"alignnone size-large wp-image-1242\" src=\"http:\/\/agora.xtec.cat\/iesermengolquart\/wp-content\/uploads\/usu1239\/2016\/09\/DICTAT-PLURILING-1024x768.jpg\" alt=\"DICTAT PLURILING\" width=\"1024\" height=\"768\" srcset=\"https:\/\/agora.xtec.cat\/iesermengolquart\/wp-content\/uploads\/usu1239\/2016\/09\/DICTAT-PLURILING-1024x768.jpg 1024w, https:\/\/agora.xtec.cat\/iesermengolquart\/wp-content\/uploads\/usu1239\/2016\/09\/DICTAT-PLURILING-300x225.jpg 300w, https:\/\/agora.xtec.cat\/iesermengolquart\/wp-content\/uploads\/usu1239\/2016\/09\/DICTAT-PLURILING-768x576.jpg 768w, https:\/\/agora.xtec.cat\/iesermengolquart\/wp-content\/uploads\/usu1239\/2016\/09\/DICTAT-PLURILING-200x150.jpg 200w, https:\/\/agora.xtec.cat\/iesermengolquart\/wp-content\/uploads\/usu1239\/2016\/09\/DICTAT-PLURILING.jpg 1600w\" sizes=\"auto, (max-width: 1024px) 100vw, 1024px\" \/><\/a><\/p>\n<p><strong>*Intercanvi amb La Bretanya \u00a0(angl\u00e8s, franc\u00e8s i espanyol, 3r ESO)<\/strong><\/p>\n<p>Com \u00e9s habitual en els darrers cursos, l\u2019alumnat de 3r d\u2019ESO es va implicar en rebre estudiants francesos a casa seva durant uns dies (mar\u00e7) i despr\u00e9s van ser acollits per aquestes fam\u00edlies a territori franc\u00e8s (maig). L\u2019experi\u00e8ncia sempre resultat molt positiva i, sense ser un esfor\u00e7 afegit, durant uns dies utilitzen la llengua estrangera per qualsevol tipus de situaci\u00f3 comunicativa.<\/p>\n<p><a href=\"http:\/\/agora.xtec.cat\/iesermengolquart\/wp-content\/uploads\/usu1239\/2016\/09\/INTERCANVI1-Large.jpg\"><img loading=\"lazy\" decoding=\"async\" class=\"alignnone size-large wp-image-1243\" src=\"http:\/\/agora.xtec.cat\/iesermengolquart\/wp-content\/uploads\/usu1239\/2016\/09\/INTERCANVI1-Large-1024x768.jpg\" alt=\"INTERCANVI1 (Large)\" width=\"1024\" height=\"768\" srcset=\"https:\/\/agora.xtec.cat\/iesermengolquart\/wp-content\/uploads\/usu1239\/2016\/09\/INTERCANVI1-Large-1024x768.jpg 1024w, https:\/\/agora.xtec.cat\/iesermengolquart\/wp-content\/uploads\/usu1239\/2016\/09\/INTERCANVI1-Large-300x225.jpg 300w, https:\/\/agora.xtec.cat\/iesermengolquart\/wp-content\/uploads\/usu1239\/2016\/09\/INTERCANVI1-Large-768x576.jpg 768w, https:\/\/agora.xtec.cat\/iesermengolquart\/wp-content\/uploads\/usu1239\/2016\/09\/INTERCANVI1-Large-200x150.jpg 200w, https:\/\/agora.xtec.cat\/iesermengolquart\/wp-content\/uploads\/usu1239\/2016\/09\/INTERCANVI1-Large.jpg 1440w\" sizes=\"auto, (max-width: 1024px) 100vw, 1024px\" \/><\/a><\/p>\n<p><a href=\"http:\/\/agora.xtec.cat\/iesermengolquart\/wp-content\/uploads\/usu1239\/2016\/09\/INTERCANVI2-Large.jpg\"><img loading=\"lazy\" decoding=\"async\" class=\"alignnone size-large wp-image-1244\" src=\"http:\/\/agora.xtec.cat\/iesermengolquart\/wp-content\/uploads\/usu1239\/2016\/09\/INTERCANVI2-Large-1024x680.jpg\" alt=\"INTERCANVI2 (Large)\" width=\"1024\" height=\"680\" srcset=\"https:\/\/agora.xtec.cat\/iesermengolquart\/wp-content\/uploads\/usu1239\/2016\/09\/INTERCANVI2-Large-1024x680.jpg 1024w, https:\/\/agora.xtec.cat\/iesermengolquart\/wp-content\/uploads\/usu1239\/2016\/09\/INTERCANVI2-Large-300x199.jpg 300w, https:\/\/agora.xtec.cat\/iesermengolquart\/wp-content\/uploads\/usu1239\/2016\/09\/INTERCANVI2-Large-768x510.jpg 768w, https:\/\/agora.xtec.cat\/iesermengolquart\/wp-content\/uploads\/usu1239\/2016\/09\/INTERCANVI2-Large.jpg 1626w\" sizes=\"auto, (max-width: 1024px) 100vw, 1024px\" \/><\/a><\/p>\n<p><a href=\"http:\/\/agora.xtec.cat\/iesermengolquart\/wp-content\/uploads\/usu1239\/2016\/09\/INTERCANVI3-Large.jpg\"><img loading=\"lazy\" decoding=\"async\" class=\"alignnone size-large wp-image-1245\" src=\"http:\/\/agora.xtec.cat\/iesermengolquart\/wp-content\/uploads\/usu1239\/2016\/09\/INTERCANVI3-Large-1024x680.jpg\" alt=\"INTERCANVI3 (Large)\" width=\"1024\" height=\"680\" srcset=\"https:\/\/agora.xtec.cat\/iesermengolquart\/wp-content\/uploads\/usu1239\/2016\/09\/INTERCANVI3-Large-1024x680.jpg 1024w, https:\/\/agora.xtec.cat\/iesermengolquart\/wp-content\/uploads\/usu1239\/2016\/09\/INTERCANVI3-Large-300x199.jpg 300w, https:\/\/agora.xtec.cat\/iesermengolquart\/wp-content\/uploads\/usu1239\/2016\/09\/INTERCANVI3-Large-768x510.jpg 768w, https:\/\/agora.xtec.cat\/iesermengolquart\/wp-content\/uploads\/usu1239\/2016\/09\/INTERCANVI3-Large.jpg 1626w\" sizes=\"auto, (max-width: 1024px) 100vw, 1024px\" \/><\/a><\/p>\n<p><b>*<\/b><b>Toulouse (franc\u00e8s i angl\u00e8s, 4t ESO)<\/b><\/p>\n<p>En motiu del projecte de recerca, l\u2019alumnat de 4t ESO ha viatjat a Carcassonne i Toulouse del 4 al 7 d\u2019abril i ha realitzat diferents visites per tal d\u2019obtenir m\u00e9s informaci\u00f3 per ajudar-los a elaborar el seu projecte de recerca. Durant l\u2019estada, han tingut l\u2019oportunitat d\u2019utilitzar els seus coneixements de les lleng\u00fces francesa i anglesa per tal de comunicar-se.<\/p>\n<p><a href=\"http:\/\/agora.xtec.cat\/iesermengolquart\/wp-content\/uploads\/usu1239\/2016\/09\/TOULOUSE1-Large.jpg\"><img loading=\"lazy\" decoding=\"async\" class=\"alignnone wp-image-1251 size-large\" src=\"http:\/\/agora.xtec.cat\/iesermengolquart\/wp-content\/uploads\/usu1239\/2016\/09\/TOULOUSE1-Large-e1497715826850-769x1024.jpg\" alt=\"TOULOUSE1 (Large)\" width=\"769\" height=\"1024\" srcset=\"https:\/\/agora.xtec.cat\/iesermengolquart\/wp-content\/uploads\/usu1239\/2016\/09\/TOULOUSE1-Large-e1497715826850-769x1024.jpg 769w, https:\/\/agora.xtec.cat\/iesermengolquart\/wp-content\/uploads\/usu1239\/2016\/09\/TOULOUSE1-Large-e1497715826850-225x300.jpg 225w, https:\/\/agora.xtec.cat\/iesermengolquart\/wp-content\/uploads\/usu1239\/2016\/09\/TOULOUSE1-Large-e1497715826850-768x1023.jpg 768w, https:\/\/agora.xtec.cat\/iesermengolquart\/wp-content\/uploads\/usu1239\/2016\/09\/TOULOUSE1-Large-e1497715826850.jpg 1080w\" sizes=\"auto, (max-width: 769px) 100vw, 769px\" \/><\/a><\/p>\n<p><a href=\"http:\/\/agora.xtec.cat\/iesermengolquart\/wp-content\/uploads\/usu1239\/2016\/09\/TOULOUSE2-Large.jpg\"><img loading=\"lazy\" decoding=\"async\" class=\"alignnone wp-image-1252 size-large\" src=\"http:\/\/agora.xtec.cat\/iesermengolquart\/wp-content\/uploads\/usu1239\/2016\/09\/TOULOUSE2-Large-e1497715869852-769x1024.jpg\" alt=\"TOULOUSE2 (Large)\" width=\"769\" height=\"1024\" srcset=\"https:\/\/agora.xtec.cat\/iesermengolquart\/wp-content\/uploads\/usu1239\/2016\/09\/TOULOUSE2-Large-e1497715869852-769x1024.jpg 769w, https:\/\/agora.xtec.cat\/iesermengolquart\/wp-content\/uploads\/usu1239\/2016\/09\/TOULOUSE2-Large-e1497715869852-225x300.jpg 225w, https:\/\/agora.xtec.cat\/iesermengolquart\/wp-content\/uploads\/usu1239\/2016\/09\/TOULOUSE2-Large-e1497715869852-768x1023.jpg 768w, https:\/\/agora.xtec.cat\/iesermengolquart\/wp-content\/uploads\/usu1239\/2016\/09\/TOULOUSE2-Large-e1497715869852.jpg 1080w\" sizes=\"auto, (max-width: 769px) 100vw, 769px\" \/><\/a><\/p>\n<p><a href=\"http:\/\/agora.xtec.cat\/iesermengolquart\/wp-content\/uploads\/usu1239\/2016\/09\/TOULOUSE3-Large.jpg\"><img loading=\"lazy\" decoding=\"async\" class=\"alignnone size-large wp-image-1253\" src=\"http:\/\/agora.xtec.cat\/iesermengolquart\/wp-content\/uploads\/usu1239\/2016\/09\/TOULOUSE3-Large-1024x768.jpg\" alt=\"TOULOUSE3 (Large)\" width=\"1024\" height=\"768\" srcset=\"https:\/\/agora.xtec.cat\/iesermengolquart\/wp-content\/uploads\/usu1239\/2016\/09\/TOULOUSE3-Large-1024x768.jpg 1024w, https:\/\/agora.xtec.cat\/iesermengolquart\/wp-content\/uploads\/usu1239\/2016\/09\/TOULOUSE3-Large-300x225.jpg 300w, https:\/\/agora.xtec.cat\/iesermengolquart\/wp-content\/uploads\/usu1239\/2016\/09\/TOULOUSE3-Large-768x576.jpg 768w, https:\/\/agora.xtec.cat\/iesermengolquart\/wp-content\/uploads\/usu1239\/2016\/09\/TOULOUSE3-Large-200x150.jpg 200w, https:\/\/agora.xtec.cat\/iesermengolquart\/wp-content\/uploads\/usu1239\/2016\/09\/TOULOUSE3-Large.jpg 1440w\" sizes=\"auto, (max-width: 1024px) 100vw, 1024px\" \/><\/a><\/p>\n<p>&nbsp;<\/p>\n<p><b>*<\/b><b>Confer\u00e8ncia sobre <\/b><b><i>El canvi clim\u00e0tic <\/i><\/b><b>\u00a0(angl\u00e8s, 2n ESO, 1r i 2n batxillerat)<\/b><\/p>\n<p>A finals de maig, vam rebre la visita del senyor Jaume Josa, que va fer una xerrada en angl\u00e8s sobre el canvi clim\u00e0tic i les seves conseq\u00fc\u00e8ncies sobre el nostre planeta, mostrant evid\u00e8ncies aportades per la NASA. Tamb\u00e9 va presentar el Centre Tecnol\u00f2gic Leitat de Terrassa on hi col\u00b7labora com a cient\u00edfic.<\/p>\n<p><a href=\"http:\/\/agora.xtec.cat\/iesermengolquart\/wp-content\/uploads\/usu1239\/2016\/09\/JAUMEJOSA-Large.jpg\"><img loading=\"lazy\" decoding=\"async\" class=\"alignnone size-large wp-image-1254\" src=\"http:\/\/agora.xtec.cat\/iesermengolquart\/wp-content\/uploads\/usu1239\/2016\/09\/JAUMEJOSA-Large-1024x768.jpg\" alt=\"JAUMEJOSA (Large)\" width=\"1024\" height=\"768\" srcset=\"https:\/\/agora.xtec.cat\/iesermengolquart\/wp-content\/uploads\/usu1239\/2016\/09\/JAUMEJOSA-Large-1024x768.jpg 1024w, https:\/\/agora.xtec.cat\/iesermengolquart\/wp-content\/uploads\/usu1239\/2016\/09\/JAUMEJOSA-Large-300x225.jpg 300w, https:\/\/agora.xtec.cat\/iesermengolquart\/wp-content\/uploads\/usu1239\/2016\/09\/JAUMEJOSA-Large-768x576.jpg 768w, https:\/\/agora.xtec.cat\/iesermengolquart\/wp-content\/uploads\/usu1239\/2016\/09\/JAUMEJOSA-Large-200x150.jpg 200w, https:\/\/agora.xtec.cat\/iesermengolquart\/wp-content\/uploads\/usu1239\/2016\/09\/JAUMEJOSA-Large.jpg 1440w\" sizes=\"auto, (max-width: 1024px) 100vw, 1024px\" \/><\/a><\/p>\n<p>&nbsp;<\/p>\n<p><b>*<\/b><b>Gimcana i visita guiada al Museu de la moto de Barcelona (angl\u00e8s, 3r i 4t ESO)<\/b><\/p>\n<p>Per primer cop a l\u2019octubre, amb alumnat de 3r d\u2019ESO, i per segona vegada a principis de juny, amb alumnat de 4t d\u2019ESO, s\u2019ha visitat el Museu de la Moto de Barcelona, on van poder gaudir d\u2019una visita guiada en angl\u00e8s, aix\u00ed com tamb\u00e9 van participar en grups en una gimcana pels carrers del Barri G\u00f2tic de Barcelona i, fins i tot, interactuar amb turistes estrangers.<\/p>\n<p><a href=\"http:\/\/agora.xtec.cat\/iesermengolquart\/wp-content\/uploads\/usu1239\/2016\/09\/MUSEUMOTO_ESO3-Large.jpg\"><img loading=\"lazy\" decoding=\"async\" class=\"alignnone size-large wp-image-1256\" src=\"http:\/\/agora.xtec.cat\/iesermengolquart\/wp-content\/uploads\/usu1239\/2016\/09\/MUSEUMOTO_ESO3-Large-1024x576.jpg\" alt=\"MUSEUMOTO_ESO3 (Large)\" width=\"1024\" height=\"576\" srcset=\"https:\/\/agora.xtec.cat\/iesermengolquart\/wp-content\/uploads\/usu1239\/2016\/09\/MUSEUMOTO_ESO3-Large-1024x576.jpg 1024w, https:\/\/agora.xtec.cat\/iesermengolquart\/wp-content\/uploads\/usu1239\/2016\/09\/MUSEUMOTO_ESO3-Large-300x169.jpg 300w, https:\/\/agora.xtec.cat\/iesermengolquart\/wp-content\/uploads\/usu1239\/2016\/09\/MUSEUMOTO_ESO3-Large-768x432.jpg 768w, https:\/\/agora.xtec.cat\/iesermengolquart\/wp-content\/uploads\/usu1239\/2016\/09\/MUSEUMOTO_ESO3-Large.jpg 1920w\" sizes=\"auto, (max-width: 1024px) 100vw, 1024px\" \/><\/a><\/p>\n<p><a href=\"http:\/\/agora.xtec.cat\/iesermengolquart\/wp-content\/uploads\/usu1239\/2016\/09\/MUSEUMOTO_ESO3-2-Large.jpg\"><img loading=\"lazy\" decoding=\"async\" class=\"alignnone wp-image-1257 size-large\" src=\"http:\/\/agora.xtec.cat\/iesermengolquart\/wp-content\/uploads\/usu1239\/2016\/09\/MUSEUMOTO_ESO3-2-Large-e1497716077592-1024x576.jpg\" alt=\"MUSEUMOTO_ESO3-2 (Large)\" width=\"1024\" height=\"576\" srcset=\"https:\/\/agora.xtec.cat\/iesermengolquart\/wp-content\/uploads\/usu1239\/2016\/09\/MUSEUMOTO_ESO3-2-Large-e1497716077592-1024x576.jpg 1024w, https:\/\/agora.xtec.cat\/iesermengolquart\/wp-content\/uploads\/usu1239\/2016\/09\/MUSEUMOTO_ESO3-2-Large-e1497716077592-300x169.jpg 300w, https:\/\/agora.xtec.cat\/iesermengolquart\/wp-content\/uploads\/usu1239\/2016\/09\/MUSEUMOTO_ESO3-2-Large-e1497716077592-768x432.jpg 768w, https:\/\/agora.xtec.cat\/iesermengolquart\/wp-content\/uploads\/usu1239\/2016\/09\/MUSEUMOTO_ESO3-2-Large-e1497716077592.jpg 1919w\" sizes=\"auto, (max-width: 1024px) 100vw, 1024px\" \/><\/a><\/p>\n<p>&nbsp;<\/p>\n<p><b>*<\/b><b>Sessions sobre <\/b><b><i>F\u00f2ssils<\/i><\/b><b> \u00a0(angl\u00e8s, 2n ESO)<\/b><\/p>\n<p>Durant el tercer trimestre, l\u2019alumnat de 2n d\u2019ESO ha realitzat una activitat per con\u00e8ixer, descriure i classificar alguns dels f\u00f2ssils m\u00e9s comuns que es poden trobar a la Vall d\u2019\u00c0ger. L\u2019activitat s\u2019ha dut a terme a l\u2019optativa de ci\u00e8ncies experimentals.<\/p>\n<p><a href=\"http:\/\/agora.xtec.cat\/iesermengolquart\/wp-content\/uploads\/usu1239\/2016\/09\/20170615_133735-Large.jpg\"><img loading=\"lazy\" decoding=\"async\" class=\"alignnone size-large wp-image-1326\" src=\"http:\/\/agora.xtec.cat\/iesermengolquart\/wp-content\/uploads\/usu1239\/2016\/09\/20170615_133735-Large-1024x768.jpg\" alt=\"20170615_133735 (Large)\" width=\"1024\" height=\"768\" srcset=\"https:\/\/agora.xtec.cat\/iesermengolquart\/wp-content\/uploads\/usu1239\/2016\/09\/20170615_133735-Large-1024x768.jpg 1024w, https:\/\/agora.xtec.cat\/iesermengolquart\/wp-content\/uploads\/usu1239\/2016\/09\/20170615_133735-Large-300x225.jpg 300w, https:\/\/agora.xtec.cat\/iesermengolquart\/wp-content\/uploads\/usu1239\/2016\/09\/20170615_133735-Large-768x576.jpg 768w, https:\/\/agora.xtec.cat\/iesermengolquart\/wp-content\/uploads\/usu1239\/2016\/09\/20170615_133735-Large-200x150.jpg 200w, https:\/\/agora.xtec.cat\/iesermengolquart\/wp-content\/uploads\/usu1239\/2016\/09\/20170615_133735-Large.jpg 1440w\" sizes=\"auto, (max-width: 1024px) 100vw, 1024px\" \/><\/a><\/p>\n<p><a href=\"http:\/\/agora.xtec.cat\/iesermengolquart\/wp-content\/uploads\/usu1239\/2016\/09\/20170615_131534-Large.jpg\"><img loading=\"lazy\" decoding=\"async\" class=\"alignnone size-large wp-image-1327\" src=\"http:\/\/agora.xtec.cat\/iesermengolquart\/wp-content\/uploads\/usu1239\/2016\/09\/20170615_131534-Large-768x1024.jpg\" alt=\"20170615_131534 (Large)\" width=\"768\" height=\"1024\" srcset=\"https:\/\/agora.xtec.cat\/iesermengolquart\/wp-content\/uploads\/usu1239\/2016\/09\/20170615_131534-Large-768x1024.jpg 768w, https:\/\/agora.xtec.cat\/iesermengolquart\/wp-content\/uploads\/usu1239\/2016\/09\/20170615_131534-Large-225x300.jpg 225w, https:\/\/agora.xtec.cat\/iesermengolquart\/wp-content\/uploads\/usu1239\/2016\/09\/20170615_131534-Large.jpg 1080w\" sizes=\"auto, (max-width: 768px) 100vw, 768px\" \/><\/a><\/p>\n","protected":false},"excerpt":{"rendered":"<p>L&#8217;Institut Ermengol IV\u00a0ha estat seleccionat per a formar part del Grup d\u2019Experimentaci\u00f3 per al\u00a0Pluriling\u00fcisme (GEP) pel per\u00edode 2016-2018.\u00a0El <a href=\"http:\/\/xtec.gencat.cat\/ca\/projectes\/plurilinguisme\" target=\"_blank\" rel=\"noopener noreferrer\">Marc per al\u00a0Pluriling\u00fcisme <\/a>es posa en marxa per assolir els objectius d\u2019<a href=\"http:\/\/ec.europa.eu\/europe2020\/index_en.htm\" target=\"_blank\" rel=\"noopener noreferrer\">Europa 2020<\/a> vers la competitivitat europea, i s\u2019alinea&hellip;  <a href=\"https:\/\/agora.xtec.cat\/iesermengolquart\/pagines-dinici\/pagina-dinici-buida\/gep\/\" title=\"Read &#8211; GEP\">Llegeix m\u00e9s\u00bb<\/a><\/p>\n","protected":false},"author":1,"featured_media":0,"parent":9,"menu_order":14,"comment_status":"closed","ping_status":"closed","template":"page-templates\/side-menu.php","meta":{"_bbp_topic_count":0,"_bbp_reply_count":0,"_bbp_total_topic_count":0,"_bbp_total_reply_count":0,"_bbp_voice_count":0,"_bbp_anonymous_reply_count":0,"_bbp_topic_count_hidden":0,"_bbp_reply_count_hidden":0,"_bbp_forum_subforum_count":0,"footnotes":""},"class_list":["post-892","page","type-page","status-publish","hentry"],"post_mailing_queue_ids":[],"_links":{"self":[{"href":"https:\/\/agora.xtec.cat\/iesermengolquart\/wp-json\/wp\/v2\/pages\/892","targetHints":{"allow":["GET"]}}],"collection":[{"href":"https:\/\/agora.xtec.cat\/iesermengolquart\/wp-json\/wp\/v2\/pages"}],"about":[{"href":"https:\/\/agora.xtec.cat\/iesermengolquart\/wp-json\/wp\/v2\/types\/page"}],"author":[{"embeddable":true,"href":"https:\/\/agora.xtec.cat\/iesermengolquart\/wp-json\/wp\/v2\/users\/1"}],"replies":[{"embeddable":true,"href":"https:\/\/agora.xtec.cat\/iesermengolquart\/wp-json\/wp\/v2\/comments?post=892"}],"version-history":[{"count":4,"href":"https:\/\/agora.xtec.cat\/iesermengolquart\/wp-json\/wp\/v2\/pages\/892\/revisions"}],"predecessor-version":[{"id":2618,"href":"https:\/\/agora.xtec.cat\/iesermengolquart\/wp-json\/wp\/v2\/pages\/892\/revisions\/2618"}],"up":[{"embeddable":true,"href":"https:\/\/agora.xtec.cat\/iesermengolquart\/wp-json\/wp\/v2\/pages\/9"}],"wp:attachment":[{"href":"https:\/\/agora.xtec.cat\/iesermengolquart\/wp-json\/wp\/v2\/media?parent=892"}],"curies":[{"name":"wp","href":"https:\/\/api.w.org\/{rel}","templated":true}]}}