{"id":43,"date":"2014-09-17T16:45:07","date_gmt":"2014-09-17T16:45:07","guid":{"rendered":"http:\/\/agora.xtec.cat\/iesermengolquart\/?page_id=43"},"modified":"2022-09-09T13:45:27","modified_gmt":"2022-09-09T11:45:27","slug":"consell-escolar","status":"publish","type":"page","link":"https:\/\/agora.xtec.cat\/iesermengolquart\/pagines-dinici\/pagina-dinici-buida\/consell-escolar\/","title":{"rendered":"&#8211; Consell escolar"},"content":{"rendered":"<p style=\"text-align: justify;\">El Consell Escolar del Centre \u00e9s l&#8217;\u00f2rgan de participaci\u00f3 (pares, professors, alumnes, municipi i personal auxiliar i de serveis) de la Comunitat Escolar en el govern dels Instituts d&#8217;Educaci\u00f3 Secund\u00e0ria i\u00a0 l&#8217;\u00f2rgan de programaci\u00f3, seguiment i avaluaci\u00f3 general de les seves activitats.<\/p>\n<h5>Composici\u00f3 del Consell Escolar del Centre.<\/h5>\n<p style=\"text-align: justify;\">El Consell Escolar del Centre estableix el nombre de representants de cada sector respectant els criteris esmentats anteriorment. D&#8217;aquesta configuraci\u00f3 del Consell Escolar, el President en d\u00f3na compte al Delegat Territorial. No es pot modificar la configuraci\u00f3 del Consell Escolar del Centre durant els tres cursos acad\u00e8mics seg\u00fcents a aquell en qu\u00e8 \u00e9s determinada.<br \/>\nLa condici\u00f3 de membre electe del Consell Escolar del\u00a0 centre s&#8217;adquireix per quatre anys. Cada dos anys es renova la meitat dels membres representants del sector d&#8217;alumnes i pares d&#8217;alumnes, sens perjudici que es cobreixin d&#8217;immediat les vacants que es produeixin. En aquest darrer sup\u00f2sit la condici\u00f3 de membre electe s&#8217;estendr\u00e0 fins a la data de finalitzaci\u00f3 prevista pel mandat del membre substitu\u00eft.<\/p>\n<p style=\"text-align: justify;\">El Consell Escolar est\u00e0 format per:<\/p>\n<table width=\"616\" cellpadding=\"1\">\n<tbody>\n<tr style=\"height: 35px;\" bgcolor=\"#7A9E7A\">\n<td style=\"height: 35px;\" colspan=\"2\"><center><span style=\"font-family: Arial,Helvetica;\"><span style=\"color: #ffffff;\"><span style=\"color: #000000; font-size: xx-small;\">MEMBRES\u00a0 DEL\u00a0 CONSELL\u00a0 ESCOLAR<\/span><\/span><\/span><\/center><\/td>\n<\/tr>\n<tr style=\"height: 34px;\">\n<td style=\"height: 34px;\" bgcolor=\"#cccccc\" width=\"147\"><b><span style=\"font-family: Times New Roman,Times;\">PRESIDENT<\/span><\/b><\/td>\n<td style=\"height: 34px;\" width=\"433\"><span style=\"font-family: Times New Roman,Times;\">Vicent Fornons<\/span><\/td>\n<\/tr>\n<tr style=\"height: 34px;\">\n<td style=\"height: 34px;\" bgcolor=\"#cccccc\" width=\"147\"><b><span style=\"font-family: Times New Roman,Times;\">CAP D&#8217;ESTUDIS<\/span><\/b><\/td>\n<td style=\"height: 34px;\" width=\"433\"><span style=\"font-family: Times New Roman,Times;\">L\u00eddia Pascual<br \/>\n<\/span><\/td>\n<\/tr>\n<tr style=\"height: 49px;\">\n<td style=\"height: 49px;\" bgcolor=\"#cccccc\" width=\"147\"><b><span style=\"font-family: Times New Roman,Times;\">PROFESSORS<\/span><\/b><\/td>\n<td style=\"height: 49px;\" width=\"433\">M. Lourdes Coma, Margarita Or\u00f3, Elisenda Mas, Dolors Garde\u00f1es i Imma Farr\u00e9.<\/td>\n<\/tr>\n<tr style=\"height: 34px;\">\n<td style=\"height: 34px;\" bgcolor=\"#cccccc\" width=\"147\"><b><span style=\"font-family: Times New Roman,Times;\">PARES<\/span><\/b><\/td>\n<td style=\"height: 34px;\" width=\"417\">\u00c0ngel Cerc\u00f3s<\/td>\n<\/tr>\n<tr style=\"height: 33px;\">\n<td style=\"height: 33px;\" bgcolor=\"#cccccc\" width=\"147\"><b>AMPA<\/b><\/td>\n<td style=\"height: 33px;\" width=\"417\">Mireia Caba<\/td>\n<\/tr>\n<tr style=\"height: 34px;\">\n<td style=\"height: 34px;\" bgcolor=\"#cccccc\" width=\"147\"><b><span style=\"font-family: Times New Roman,Times;\">ALUMNES<\/span><\/b><\/td>\n<td style=\"height: 34px;\" width=\"417\">Roger Tenorio, D\u00eddac Cerc\u00f3s i Andrea Estrad\u00e9<\/td>\n<\/tr>\n<tr style=\"height: 34px;\">\n<td style=\"height: 34px;\" bgcolor=\"#cccccc\" width=\"147\"><b><span style=\"font-family: Times New Roman,Times;\">PERSONAL<\/span><\/b><\/td>\n<td style=\"height: 34px;\" width=\"417\">Josep Bacardi<\/td>\n<\/tr>\n<tr style=\"height: 34px;\">\n<td style=\"height: 34px;\" bgcolor=\"#cccccc\" width=\"147\"><b><span style=\"font-family: Times New Roman,Times;\">AJUNTAMENT<\/span><\/b><\/td>\n<td style=\"height: 34px;\" width=\"417\"><span style=\"font-family: 'Times New Roman', Times;\">Ramona Balagu\u00e9<\/span><\/td>\n<\/tr>\n<tr style=\"height: 34px;\">\n<td style=\"height: 34px;\" bgcolor=\"#cccccc\" width=\"147\"><b><span style=\"font-family: Times New Roman,Times;\">SECRETARIA<\/span><\/b><\/td>\n<td style=\"height: 34px;\" width=\"433\"><span style=\"font-family: Times New Roman,Times;\">Helena Rufat<\/span><\/td>\n<\/tr>\n<\/tbody>\n<\/table>\n<p>&nbsp;<\/p>\n<h5>Compet\u00e8ncies del Consell Escolar.<\/h5>\n<p style=\"text-align: justify;\">&#8211; Aprovar la creaci\u00f3 d&#8217;altres \u00f2rgans de coordinaci\u00f3 de l&#8217;Institut i assignar-los compet\u00e8ncies sens perjudici de les funcions dels \u00f2rgans de coordinaci\u00f3 preexistents.<br \/>\n&#8211; Decidir sobre l&#8217;admissi\u00f3 d&#8217;alumnes, dins el marc de la normativa vigent.<br \/>\n&#8211; Aprovar el Pressupost del Centre, fer-ne el seguiment i aprovar-ne la liquidaci\u00f3.<br \/>\n&#8211; Aprovar el Pla de Conviv\u00e8ncia.<br \/>\n&#8211; Elaborar les directrius per a la programaci\u00f3 i el desenvolupament de les activitats escolars complement\u00e0ries, de les activitats extraescolars i serveis, si escau, amb la col\u00b7laboraci\u00f3 de l&#8217;Associaci\u00f3 de Pares d&#8217;Alumnes. Aprovar-ne la programaci\u00f3 i avaluar-ne l&#8217;execuci\u00f3.<br \/>\n&#8211; Avaluar i aprovar la Programaci\u00f3 General del Centre que, amb car\u00e0cter anual elabori l&#8217;Equip Directiu.<br \/>\n&#8211; Avaluar i aprovar la Mem\u00f2ria Anual d&#8217;activitats del Centre.<br \/>\n&#8211; Establir els criteris sobre la participaci\u00f3 del Centre en activitats culturals, esportives i recreatives, aix\u00ed com aquelles accions assistencials a les quals el Centre pot prestar la seva col\u00b7laboraci\u00f3, escoltades l&#8217;Associaci\u00f3 de Pares i l&#8217;Associaci\u00f3 d&#8217;Alumnes.<br \/>\n&#8211; Establir les relacions de col\u00b7laboraci\u00f3 amb altres centres amb finalitats culturals i educatives.<br \/>\n&#8211; Promoure l&#8217;optimitzaci\u00f3 de l&#8217;\u00fas de les instal\u00b7lacions i material escolar, i la seva renovaci\u00f3, aix\u00ed com vetllar per la seva conservaci\u00f3.<br \/>\n&#8211; Analitzar i valorar el funcionament general del Centre, l&#8217;evoluci\u00f3 del rendiment escolar i elaborar un informe que s&#8217;inclou en la Mem\u00f2ria Anual.<br \/>\n&#8211; Qualsevol altra funci\u00f3 que li sigui atribu\u00efda per disposici\u00f3 del Departament d&#8217;Ensenyament.<\/p>\n<h5>Funcionament del Consell Escolar del Centre.<\/h5>\n<p style=\"text-align: justify;\">&#8211; El Consell Escolar del Centre es reuneix preceptivament una vegada cada trimestre i sempre que el convoca el seu President o b\u00e9 ho sol\u00b7licita almenys un ter\u00e7 dels seus membres. A m\u00e9s, preceptivament, es far\u00e0 reuni\u00f3 a l&#8217;inici del curs i una altra al final.<br \/>\n&#8211; Es procurar\u00e0 que les decisions del Consell Escolar es prenguin per consens. Si no \u00e9s possible arribar a un acord es determinar\u00e0 la decisi\u00f3 per majoria dels membres presents, llevat dels casos que la normativa determini una altra majoria qualificada.<br \/>\n&#8211; La convocat\u00f2ria de les reunions ordin\u00e0ries i extraordin\u00e0ries ser\u00e0 tramesa pel Director, amb antelaci\u00f3 suficient, juntament amb la documentaci\u00f3 necess\u00e0ria que hagi de ser objecte de debat, i, si s&#8217;escau, d&#8217;aprovaci\u00f3.<\/p>\n","protected":false},"excerpt":{"rendered":"<p>El Consell Escolar del Centre \u00e9s l&#8217;\u00f2rgan de participaci\u00f3 (pares, professors, alumnes, municipi i personal auxiliar i de serveis) de la Comunitat Escolar en el govern dels Instituts d&#8217;Educaci\u00f3 Secund\u00e0ria i\u00a0 l&#8217;\u00f2rgan de programaci\u00f3, seguiment i avaluaci\u00f3 general de les seves activitats.<br \/>\nComposici\u00f3 del Consell Escolar&hellip;  <a href=\"https:\/\/agora.xtec.cat\/iesermengolquart\/pagines-dinici\/pagina-dinici-buida\/consell-escolar\/\" title=\"Read &#8211; Consell escolar\">Llegeix m\u00e9s\u00bb<\/a><\/p>\n","protected":false},"author":1,"featured_media":0,"parent":9,"menu_order":7,"comment_status":"closed","ping_status":"closed","template":"page-templates\/side-menu.php","meta":{"_bbp_topic_count":0,"_bbp_reply_count":0,"_bbp_total_topic_count":0,"_bbp_total_reply_count":0,"_bbp_voice_count":0,"_bbp_anonymous_reply_count":0,"_bbp_topic_count_hidden":0,"_bbp_reply_count_hidden":0,"_bbp_forum_subforum_count":0,"footnotes":""},"class_list":["post-43","page","type-page","status-publish","hentry"],"post_mailing_queue_ids":[],"_links":{"self":[{"href":"https:\/\/agora.xtec.cat\/iesermengolquart\/wp-json\/wp\/v2\/pages\/43","targetHints":{"allow":["GET"]}}],"collection":[{"href":"https:\/\/agora.xtec.cat\/iesermengolquart\/wp-json\/wp\/v2\/pages"}],"about":[{"href":"https:\/\/agora.xtec.cat\/iesermengolquart\/wp-json\/wp\/v2\/types\/page"}],"author":[{"embeddable":true,"href":"https:\/\/agora.xtec.cat\/iesermengolquart\/wp-json\/wp\/v2\/users\/1"}],"replies":[{"embeddable":true,"href":"https:\/\/agora.xtec.cat\/iesermengolquart\/wp-json\/wp\/v2\/comments?post=43"}],"version-history":[{"count":3,"href":"https:\/\/agora.xtec.cat\/iesermengolquart\/wp-json\/wp\/v2\/pages\/43\/revisions"}],"predecessor-version":[{"id":4612,"href":"https:\/\/agora.xtec.cat\/iesermengolquart\/wp-json\/wp\/v2\/pages\/43\/revisions\/4612"}],"up":[{"embeddable":true,"href":"https:\/\/agora.xtec.cat\/iesermengolquart\/wp-json\/wp\/v2\/pages\/9"}],"wp:attachment":[{"href":"https:\/\/agora.xtec.cat\/iesermengolquart\/wp-json\/wp\/v2\/media?parent=43"}],"curies":[{"name":"wp","href":"https:\/\/api.w.org\/{rel}","templated":true}]}}