{"id":52,"date":"2014-09-17T16:58:07","date_gmt":"2014-09-17T16:58:07","guid":{"rendered":"http:\/\/agora.xtec.cat\/ieselsplanells\/?page_id=52"},"modified":"2026-09-02T18:12:29","modified_gmt":"2026-09-02T16:12:29","slug":"calendari-del-curs","status":"publish","type":"page","link":"https:\/\/agora.xtec.cat\/ieselsplanells\/linstitut\/calendari-del-curs\/","title":{"rendered":"Calendari del curs 2026 &#8211; 2027"},"content":{"rendered":"<p><b>Inici classes.<\/b><\/p>\n<table>\n<tbody>\n<tr>\n<td><span style=\"font-weight: 400;\">Recepci\u00f3 i tutoria per a l\u2019alumnat ESO i BATXILLERAT<\/span><\/td>\n<td><span style=\"font-weight: 400;\">8 de setembre\u00a0<\/span><\/td>\n<\/tr>\n<tr>\n<td><span style=\"font-weight: 400;\">Recepci\u00f3 i tutoria per a l\u2019alumnat GAD\u00a0<\/span><\/td>\n<td><span style=\"font-weight: 400;\">14 de setembre<\/span><\/td>\n<\/tr>\n<\/tbody>\n<\/table>\n<p><b>Inici trimestres.<\/b><\/p>\n<table>\n<tbody>\n<tr>\n<td><b>1r trimestre<\/b><\/td>\n<td><b>2n trimestre<\/b><\/td>\n<td><b>3r trimestre<\/b><\/td>\n<\/tr>\n<tr>\n<td><span style=\"font-weight: 400;\">8 \/14 de setembre<\/span><\/td>\n<td><span style=\"font-weight: 400;\">1 de desembre<\/span><\/td>\n<td><span style=\"font-weight: 400;\">19 de mar\u00e7<\/span><\/td>\n<\/tr>\n<\/tbody>\n<\/table>\n<p><b>Jornada intensiva.<\/b><\/p>\n<table>\n<tbody>\n<tr>\n<td><span style=\"font-weight: 400;\">Jornada continuada\u00a0<\/span><\/td>\n<td><span style=\"font-weight: 400;\">Del 7 al 21 de juny de 2027<\/span><\/td>\n<\/tr>\n<\/tbody>\n<\/table>\n<p><b>Festes.<\/b><\/p>\n<table>\n<tbody>\n<tr>\n<td><span style=\"font-weight: 400;\">Diada de Catalunya<\/span><\/td>\n<td><span style=\"font-weight: 400;\">11 de setembre<\/span><\/td>\n<\/tr>\n<tr>\n<td><span style=\"font-weight: 400;\">Festa local<\/span><\/td>\n<td><span style=\"font-weight: 400;\">25 de setembre<\/span><\/td>\n<\/tr>\n<tr>\n<td><span style=\"font-weight: 400;\">Festa lliure disposici\u00f3<\/span><\/td>\n<td><span style=\"font-weight: 400;\">7 de desembre<\/span><\/td>\n<\/tr>\n<tr>\n<td><span style=\"font-weight: 400;\">Festa de la Pur\u00edssima<\/span><\/td>\n<td><span style=\"font-weight: 400;\">8 de desembre<\/span><\/td>\n<\/tr>\n<tr>\n<td><span style=\"font-weight: 400;\">Vacances de Nadal<\/span><\/td>\n<td><span style=\"font-weight: 400;\">Del 22 de desembre de 2026 al 7 de gener de 2027, ambd\u00f3s inclosos<\/span><\/td>\n<\/tr>\n<tr>\n<td><span style=\"font-weight: 400;\">Festa lliure disposici\u00f3<\/span><\/td>\n<td><span style=\"font-weight: 400;\">8 de febrer<\/span><\/td>\n<\/tr>\n<tr>\n<td><span style=\"font-weight: 400;\">Festa local<\/span><\/td>\n<td><span style=\"font-weight: 400;\">9 de febrer<\/span><\/td>\n<\/tr>\n<tr>\n<td><span style=\"font-weight: 400;\">Vacances de Setmana Santa<\/span><\/td>\n<td><span style=\"font-weight: 400;\">Del 20 de mar\u00e7 al 29 de mar\u00e7, ambd\u00f3s inclosos<\/span><\/td>\n<\/tr>\n<tr>\n<td><span style=\"font-weight: 400;\">Festa lliure disposici\u00f3<\/span><\/td>\n<td><span style=\"font-weight: 400;\">30 d\u2019 abril<\/span><\/td>\n<\/tr>\n<tr>\n<td>\n<span style=\"font-weight: 400;\">Festa lliure disposici\u00f3<\/span><\/td>\n<td><span style=\"font-weight: 400;\">17 de maig<\/span><\/td>\n<\/tr>\n<\/tbody>\n<\/table>\n<p><b>Finalitzaci\u00f3 de classes.<\/b><\/p>\n<table>\n<tbody>\n<tr>\n<td><span style=\"font-weight: 400;\">2n BATXILLERAT<\/span><\/td>\n<td><span style=\"font-weight: 400;\">29 d\u2019abril<\/span><\/td>\n<\/tr>\n<tr>\n<td><span style=\"font-weight: 400;\">2n BATXILLERAT, activitats lectives d\u2019aprofundiment i consolidaci\u00f3<\/span><\/td>\n<td><span style=\"font-weight: 400;\">Fins al 4 de juny<\/span><\/td>\n<\/tr>\n<tr>\n<td><span style=\"font-weight: 400;\">GAD<\/span><\/td>\n<td><span style=\"font-weight: 400;\">31 de maig<\/span><\/td>\n<\/tr>\n<tr>\n<td><span style=\"font-weight: 400;\">ESO &#8211; 1r BATXILLERAT<\/span><\/td>\n<td><span style=\"font-weight: 400;\">21 de juny<\/span><\/td>\n<\/tr>\n<\/tbody>\n<\/table>\n<p>&nbsp;<\/p>\n","protected":false},"excerpt":{"rendered":"<p>Inici classes.<\/p>\n<p>Recepci\u00f3 i tutoria per a l\u2019alumnat ESO i BATXILLERAT<br \/>\n8 de setembre\u00a0<\/p>\n<p>Recepci\u00f3 i tutoria per a l\u2019alumnat GAD\u00a0<br \/>\n14 de setembre<\/p>\n<p>Inici trimestres.<\/p>\n<p>1r trimestre<br \/>\n2n trimestre<br \/>\n3r trimestre<\/p>\n<p>8 \/14 de setembre<br \/>\n1 de desembre<br \/>\n19 de mar\u00e7<\/p>\n<p>Jornada intensiva.<\/p>\n<p>Jornada continuada\u00a0<br \/>\nDel 7 al 21 de juny de 2027<\/p>\n<p>Festes.<\/p>\n<p>Diada de Catalunya<br \/>\n11 de setembre<\/p>\n<p>Festa local<br \/>\n25&hellip;  <a href=\"https:\/\/agora.xtec.cat\/ieselsplanells\/linstitut\/calendari-del-curs\/\" title=\"Read Calendari del curs 2026 &#8211; 2027\">Llegeix m\u00e9s\u00bb<\/a><\/p>\n","protected":false},"author":1,"featured_media":0,"parent":19,"menu_order":40,"comment_status":"closed","ping_status":"closed","template":"page-templates\/side-menu.php","meta":{"_bbp_topic_count":0,"_bbp_reply_count":0,"_bbp_total_topic_count":0,"_bbp_total_reply_count":0,"_bbp_voice_count":0,"_bbp_anonymous_reply_count":0,"_bbp_topic_count_hidden":0,"_bbp_reply_count_hidden":0,"_bbp_forum_subforum_count":0,"footnotes":""},"class_list":["post-52","page","type-page","status-publish","hentry"],"post_mailing_queue_ids":[],"_links":{"self":[{"href":"https:\/\/agora.xtec.cat\/ieselsplanells\/wp-json\/wp\/v2\/pages\/52","targetHints":{"allow":["GET"]}}],"collection":[{"href":"https:\/\/agora.xtec.cat\/ieselsplanells\/wp-json\/wp\/v2\/pages"}],"about":[{"href":"https:\/\/agora.xtec.cat\/ieselsplanells\/wp-json\/wp\/v2\/types\/page"}],"author":[{"embeddable":true,"href":"https:\/\/agora.xtec.cat\/ieselsplanells\/wp-json\/wp\/v2\/users\/1"}],"replies":[{"embeddable":true,"href":"https:\/\/agora.xtec.cat\/ieselsplanells\/wp-json\/wp\/v2\/comments?post=52"}],"version-history":[{"count":9,"href":"https:\/\/agora.xtec.cat\/ieselsplanells\/wp-json\/wp\/v2\/pages\/52\/revisions"}],"predecessor-version":[{"id":14636,"href":"https:\/\/agora.xtec.cat\/ieselsplanells\/wp-json\/wp\/v2\/pages\/52\/revisions\/14636"}],"up":[{"embeddable":true,"href":"https:\/\/agora.xtec.cat\/ieselsplanells\/wp-json\/wp\/v2\/pages\/19"}],"wp:attachment":[{"href":"https:\/\/agora.xtec.cat\/ieselsplanells\/wp-json\/wp\/v2\/media?parent=52"}],"curies":[{"name":"wp","href":"https:\/\/api.w.org\/{rel}","templated":true}]}}