{"id":10881,"date":"2026-04-10T17:18:04","date_gmt":"2026-04-10T15:18:04","guid":{"rendered":"https:\/\/agora.xtec.cat\/iesehtb\/?page_id=10881"},"modified":"2026-04-14T12:45:11","modified_gmt":"2026-04-14T10:45:11","slug":"calendari-i-contingut-moduls","status":"publish","type":"page","link":"https:\/\/agora.xtec.cat\/iesehtb\/secretaria\/curs-despecialitzacio-en-coordinacio-desdeveniments-i-congressos\/calendari-i-contingut-moduls\/","title":{"rendered":"Contingut m\u00f2duls &#8211; Curs d&#8217;especialitzaci\u00f3"},"content":{"rendered":"<h4>Calendari<\/h4>\n<table>\n<tbody>\n<tr>\n<td style=\"background-color: #800040;\"><span style=\"color: #ffffff;\"><strong>Calendari<\/strong><\/span><\/td>\n<td style=\"background-color: #800040;\"><span style=\"color: #ffffff;\"><strong>Centre educatiu<\/strong><\/span><\/td>\n<td style=\"background-color: #800040;\"><span style=\"color: #ffffff;\"><strong>Estada a l&#8217;empresa<\/strong><\/span><\/td>\n<td style=\"background-color: #800040;\"><span style=\"color: #ffffff;\"><strong>Total<\/strong><\/span><\/td>\n<\/tr>\n<tr>\n<td>Setembre a Maig<\/td>\n<td>429 hores<\/td>\n<td>171 hores<\/td>\n<td>600<\/td>\n<\/tr>\n<\/tbody>\n<\/table>\n<h4 class=\"paragraph is-rich-chat-ui normal ng-star-inserted\" data-start-index=\"161\"><span class=\"ng-star-inserted\" data-start-index=\"161\">M\u00f2duls professionals que el conformen:<\/span><\/h4>\n<div data-start-index=\"161\">\n<table>\n<tbody>\n<tr>\n<td style=\"background-color: #800040; text-align: justify;\">\n<h3 data-section-id=\"6ufz57\" data-start=\"107\" data-end=\"178\"><span style=\"color: #ffffff;\" role=\"text\">\ud83e\udde9 <strong data-start=\"114\" data-end=\"178\">1. Reunions Professionals, Congressos i Esdeveniments (MICE)<\/strong><\/span><\/h3>\n<\/td>\n<\/tr>\n<tr>\n<td style=\"text-align: justify;\">\n<p data-start=\"179\" data-end=\"386\">Aquest bloc \u00e9s la base del curs i et dona una visi\u00f3 global del sector. Aprendr\u00e0s com funciona la ind\u00fastria dels esdeveniments, els diferents tipus (congressos, fires, incentius i exposicions) i els agents implicats, a<span class=\"ng-star-inserted\" data-start-index=\"357\">mb una durada total de <\/span><b class=\"ng-star-inserted\" data-start-index=\"395\">237 hores<\/b><span class=\"ng-star-inserted\" data-start-index=\"404\"> (165 hores lectives i 72 hores d&#8217;estada a l&#8217;empresa).<\/span><\/p>\n<p data-start=\"388\" data-end=\"406\">Tamb\u00e9 treballar\u00e0s:<\/p>\n<ul data-start=\"407\" data-end=\"665\">\n<li data-section-id=\"10iniin\" data-start=\"407\" data-end=\"460\">La <strong data-start=\"412\" data-end=\"442\">planificaci\u00f3 i coordinaci\u00f3<\/strong> d\u2019un esdeveniment<\/li>\n<li data-section-id=\"qmjiju\" data-start=\"461\" data-end=\"513\">La <strong data-start=\"466\" data-end=\"489\">gesti\u00f3 del personal<\/strong> i assignaci\u00f3 de tasques<\/li>\n<li data-section-id=\"1gzjket\" data-start=\"514\" data-end=\"565\">L\u2019<strong data-start=\"518\" data-end=\"539\">atenci\u00f3 al p\u00fablic<\/strong> i resoluci\u00f3 d\u2019incid\u00e8ncies<\/li>\n<li data-section-id=\"1ub24w2\" data-start=\"566\" data-end=\"613\">La gesti\u00f3 d\u2019<strong data-start=\"580\" data-end=\"613\">espais, materials i log\u00edstica<\/strong><\/li>\n<li data-section-id=\"eyiv72\" data-start=\"614\" data-end=\"665\">El control de <strong data-start=\"630\" data-end=\"653\">qualitat del servei<\/strong> i seguretat<\/li>\n<\/ul>\n<p data-start=\"667\" data-end=\"747\">En resum, et prepara per organitzar i supervisar esdeveniments de principi a fi.<\/p>\n<\/td>\n<\/tr>\n<\/tbody>\n<\/table>\n<\/div>\n<table>\n<tbody>\n<tr>\n<td style=\"background-color: #800040; text-align: justify;\">\n<h3 data-section-id=\"1qc2bak\" data-start=\"754\" data-end=\"809\"><span style=\"color: #ffffff;\" role=\"text\">\ud83d\udce2 <strong data-start=\"761\" data-end=\"809\">2. Operativa en M\u00e0rqueting, Promoci\u00f3 i Venda<\/strong><\/span><\/h3>\n<\/td>\n<\/tr>\n<tr>\n<td style=\"text-align: justify;\">\n<p data-start=\"810\" data-end=\"992\">Aquest m\u00f2dul se centra en la part m\u00e9s comercial dels esdeveniments. Aprendr\u00e0s a dissenyar i executar accions promocionals i de venda en entorns com fires o esdeveniments corporatius, a<span class=\"ng-star-inserted\" data-start-index=\"529\">mb una durada total de <\/span><b class=\"ng-star-inserted\" data-start-index=\"567\">165 hores<\/b><span class=\"ng-star-inserted\" data-start-index=\"576\"> (132 hores lectives i 33 hores d&#8217;estada a l&#8217;empresa)<\/span><\/p>\n<p data-start=\"994\" data-end=\"1001\">Inclou:<\/p>\n<ul data-start=\"1002\" data-end=\"1278\">\n<li data-section-id=\"q3s0n9\" data-start=\"1002\" data-end=\"1052\">Disseny d\u2019<strong data-start=\"1014\" data-end=\"1052\">accions de m\u00e0rqueting i promocions<\/strong><\/li>\n<li data-section-id=\"dajtlh\" data-start=\"1053\" data-end=\"1106\">Elaboraci\u00f3 del <strong data-start=\"1070\" data-end=\"1081\">br\u00edfing<\/strong> i planificaci\u00f3 operativa<\/li>\n<li data-section-id=\"14dyvmq\" data-start=\"1107\" data-end=\"1162\">Muntatge i gesti\u00f3 d\u2019<strong data-start=\"1129\" data-end=\"1162\">estands i espais promocionals<\/strong><\/li>\n<li data-section-id=\"ilv4aj\" data-start=\"1163\" data-end=\"1199\"><strong data-start=\"1165\" data-end=\"1199\">T\u00e8cniques de venda i persuasi\u00f3<\/strong><\/li>\n<li data-section-id=\"au5lz7\" data-start=\"1200\" data-end=\"1240\">Atenci\u00f3 al client i captaci\u00f3 de p\u00fablic<\/li>\n<li data-section-id=\"y9csl2\" data-start=\"1241\" data-end=\"1278\">An\u00e0lisi de resultats i <strong data-start=\"1266\" data-end=\"1278\">feedback<\/strong><\/li>\n<\/ul>\n<p>L\u2019objectiu \u00e9s saber generar impacte i valor per a marques i empreses dins d\u2019un esdeveniment.<\/td>\n<\/tr>\n<\/tbody>\n<\/table>\n<table style=\"width: 100%; height: 456px;\">\n<tbody>\n<tr style=\"height: 61px;\">\n<td style=\"height: 61px; background-color: #800040;\">\n<h3 data-section-id=\"4exx89\" data-start=\"1379\" data-end=\"1425\"><span style=\"color: #ffffff;\" role=\"text\">\ud83c\udfa9 <strong data-start=\"1386\" data-end=\"1425\">3. Protocol Aplicat a Esdeveniments<\/strong><\/span><\/h3>\n<\/td>\n<\/tr>\n<tr style=\"height: 395px;\">\n<td style=\"height: 395px;\">\n<p style=\"text-align: justify;\" data-start=\"1426\" data-end=\"1543\">Aquest bloc aprofundeix en les normes i el funcionament del protocol, essencial per a actes formals i institucionals, a<span class=\"ng-star-inserted\" data-start-index=\"687\">mb una durada total de <\/span><b class=\"ng-star-inserted\" data-start-index=\"725\">99 hores<\/b><span class=\"ng-star-inserted\" data-start-index=\"733\"> (66 hores lectives i 33 hores d&#8217;estada a l&#8217;empresa).<\/span><\/p>\n<p style=\"text-align: justify;\" data-start=\"1545\" data-end=\"1557\">Treballar\u00e0s:<\/p>\n<ul style=\"text-align: justify;\" data-start=\"1558\" data-end=\"1883\">\n<li data-section-id=\"1j7y9i1\" data-start=\"1558\" data-end=\"1609\">Difer\u00e8ncia entre <strong data-start=\"1577\" data-end=\"1609\">actes oficials i no oficials<\/strong><\/li>\n<li data-section-id=\"rmrg7m\" data-start=\"1610\" data-end=\"1652\">Normativa, cerimonial i <strong data-start=\"1636\" data-end=\"1652\">preced\u00e8ncies<\/strong><\/li>\n<li data-section-id=\"1rk81s8\" data-start=\"1653\" data-end=\"1716\">Planificaci\u00f3 completa d\u2019un acte (programa, convidats, espais)<\/li>\n<li data-section-id=\"1w1i1zf\" data-start=\"1717\" data-end=\"1769\"><strong data-start=\"1719\" data-end=\"1745\">Protocol internacional<\/strong> i difer\u00e8ncies culturals<\/li>\n<li data-section-id=\"cjm7b2\" data-start=\"1770\" data-end=\"1823\">Protocol en l\u2019\u00e0mbit <strong data-start=\"1792\" data-end=\"1823\">empresarial i institucional<\/strong><\/li>\n<li data-section-id=\"mbog6u\" data-start=\"1824\" data-end=\"1883\">Organitzaci\u00f3 de serveis de <strong data-start=\"1853\" data-end=\"1883\">restauraci\u00f3 protocol\u00b7l\u00e0ria<\/strong><\/li>\n<\/ul>\n<p style=\"text-align: justify;\" data-start=\"1885\" data-end=\"1969\">\u00c9s clau per garantir professionalitat, ordre i coher\u00e8ncia en qualsevol esdeveniment.<\/p>\n<\/td>\n<\/tr>\n<\/tbody>\n<\/table>\n<table style=\"border-collapse: collapse; width: 100%;\">\n<tbody>\n<tr>\n<td style=\"width: 100%; background-color: #800040;\">\n<h3 data-section-id=\"14jbxec\" data-start=\"1976\" data-end=\"2014\"><span style=\"color: #ffffff;\" role=\"text\">\ud83c\udf0d <strong data-start=\"1983\" data-end=\"2014\">4. Angl\u00e8s d\u2019Especialitzaci\u00f3<\/strong><\/span><\/h3>\n<\/td>\n<\/tr>\n<tr>\n<td style=\"width: 100%;\">\n<p style=\"text-align: justify;\" data-start=\"2015\" data-end=\"2100\">Aquest m\u00f2dul et prepara per treballar en entorns internacionals dins del sector MICE. <strong>99<\/strong><b class=\"ng-star-inserted\" data-start-index=\"395\">\u00a0hores<\/b><span class=\"ng-star-inserted\" data-start-index=\"404\"> (66 hores lectives i 33 hores d\u2019estada a l\u2019empresa)<\/span><\/p>\n<p style=\"text-align: justify;\" data-start=\"2102\" data-end=\"2109\">Inclou:<\/p>\n<ul style=\"text-align: justify;\" data-start=\"2110\" data-end=\"2370\">\n<li data-section-id=\"luf1dg\" data-start=\"2110\" data-end=\"2165\"><strong data-start=\"2112\" data-end=\"2141\">Comprensi\u00f3 oral i escrita<\/strong> en context professional<\/li>\n<li data-section-id=\"12t8s4w\" data-start=\"2166\" data-end=\"2213\">Redacci\u00f3 de <strong data-start=\"2180\" data-end=\"2213\">correus, documents i informes<\/strong><\/li>\n<li data-section-id=\"9rzu7j\" data-start=\"2214\" data-end=\"2295\">Expressi\u00f3 oral en situacions reals (atenci\u00f3 al client, reunions, presentacions)<\/li>\n<li data-section-id=\"1i6d14y\" data-start=\"2296\" data-end=\"2329\">Vocabulari espec\u00edfic del sector<\/li>\n<li data-section-id=\"1olcday\" data-start=\"2330\" data-end=\"2370\">Comunicaci\u00f3 amb clients internacionals<\/li>\n<\/ul>\n<p style=\"text-align: justify;\" data-start=\"2372\" data-end=\"2477\">L\u2019objectiu \u00e9s que puguis desenvolupar-te amb seguretat en esdeveniments amb participants d\u2019arreu del m\u00f3n.<\/p>\n<\/td>\n<\/tr>\n<\/tbody>\n<\/table>\n<hr data-start=\"2479\" data-end=\"2482\" \/>\n<p>&nbsp;<\/p>\n","protected":false},"excerpt":{"rendered":"<p>Calendari Calendari Centre educatiu Estada a l&#8217;empresa Total Setembre a Maig 429 hores 171 hores 600 M\u00f2duls professionals que el conformen: \ud83e\udde9 1. Reunions Professionals, Congressos i Esdeveniments (MICE) Aquest bloc \u00e9s la base del curs i et dona una visi\u00f3 global del sector. Aprendr\u00e0s com funciona la ind\u00fastria dels esdeveniments, els diferents tipus (congressos, [&hellip;]<\/p>\n","protected":false},"author":1,"featured_media":0,"parent":10859,"menu_order":40,"comment_status":"closed","ping_status":"closed","template":"","meta":{"_bbp_topic_count":0,"_bbp_reply_count":0,"_bbp_total_topic_count":0,"_bbp_total_reply_count":0,"_bbp_voice_count":0,"_bbp_anonymous_reply_count":0,"_bbp_topic_count_hidden":0,"_bbp_reply_count_hidden":0,"_bbp_forum_subforum_count":0,"site-sidebar-layout":"default","site-content-layout":"","ast-site-content-layout":"default","site-content-style":"default","site-sidebar-style":"default","ast-global-header-display":"","ast-banner-title-visibility":"","ast-main-header-display":"","ast-hfb-above-header-display":"","ast-hfb-below-header-display":"","ast-hfb-mobile-header-display":"","site-post-title":"","ast-breadcrumbs-content":"","ast-featured-img":"","footer-sml-layout":"","theme-transparent-header-meta":"default","adv-header-id-meta":"","stick-header-meta":"","header-above-stick-meta":"","header-main-stick-meta":"","header-below-stick-meta":"","astra-migrate-meta-layouts":"set","ast-page-background-enabled":"default","ast-page-background-meta":{"desktop":{"background-color":"var(--ast-global-color-4)","background-image":"","background-repeat":"repeat","background-position":"center center","background-size":"auto","background-attachment":"scroll","background-type":"","background-media":"","overlay-type":"","overlay-color":"","overlay-opacity":"","overlay-gradient":""},"tablet":{"background-color":"","background-image":"","background-repeat":"repeat","background-position":"center center","background-size":"auto","background-attachment":"scroll","background-type":"","background-media":"","overlay-type":"","overlay-color":"","overlay-opacity":"","overlay-gradient":""},"mobile":{"background-color":"","background-image":"","background-repeat":"repeat","background-position":"center center","background-size":"auto","background-attachment":"scroll","background-type":"","background-media":"","overlay-type":"","overlay-color":"","overlay-opacity":"","overlay-gradient":""}},"ast-content-background-meta":{"desktop":{"background-color":"var(--ast-global-color-5)","background-image":"","background-repeat":"repeat","background-position":"center center","background-size":"auto","background-attachment":"scroll","background-type":"","background-media":"","overlay-type":"","overlay-color":"","overlay-opacity":"","overlay-gradient":""},"tablet":{"background-color":"var(--ast-global-color-5)","background-image":"","background-repeat":"repeat","background-position":"center center","background-size":"auto","background-attachment":"scroll","background-type":"","background-media":"","overlay-type":"","overlay-color":"","overlay-opacity":"","overlay-gradient":""},"mobile":{"background-color":"var(--ast-global-color-5)","background-image":"","background-repeat":"repeat","background-position":"center center","background-size":"auto","background-attachment":"scroll","background-type":"","background-media":"","overlay-type":"","overlay-color":"","overlay-opacity":"","overlay-gradient":""}},"footnotes":""},"class_list":["post-10881","page","type-page","status-publish","hentry"],"post_mailing_queue_ids":[],"_links":{"self":[{"href":"https:\/\/agora.xtec.cat\/iesehtb\/wp-json\/wp\/v2\/pages\/10881","targetHints":{"allow":["GET"]}}],"collection":[{"href":"https:\/\/agora.xtec.cat\/iesehtb\/wp-json\/wp\/v2\/pages"}],"about":[{"href":"https:\/\/agora.xtec.cat\/iesehtb\/wp-json\/wp\/v2\/types\/page"}],"author":[{"embeddable":true,"href":"https:\/\/agora.xtec.cat\/iesehtb\/wp-json\/wp\/v2\/users\/1"}],"replies":[{"embeddable":true,"href":"https:\/\/agora.xtec.cat\/iesehtb\/wp-json\/wp\/v2\/comments?post=10881"}],"version-history":[{"count":6,"href":"https:\/\/agora.xtec.cat\/iesehtb\/wp-json\/wp\/v2\/pages\/10881\/revisions"}],"predecessor-version":[{"id":10921,"href":"https:\/\/agora.xtec.cat\/iesehtb\/wp-json\/wp\/v2\/pages\/10881\/revisions\/10921"}],"up":[{"embeddable":true,"href":"https:\/\/agora.xtec.cat\/iesehtb\/wp-json\/wp\/v2\/pages\/10859"}],"wp:attachment":[{"href":"https:\/\/agora.xtec.cat\/iesehtb\/wp-json\/wp\/v2\/media?parent=10881"}],"curies":[{"name":"wp","href":"https:\/\/api.w.org\/{rel}","templated":true}]}}