{"id":46,"date":"2014-09-17T16:53:45","date_gmt":"2014-09-17T14:53:45","guid":{"rendered":"http:\/\/agora.xtec.cat\/iesducdemontblanc\/?page_id=46"},"modified":"2026-01-12T22:42:59","modified_gmt":"2026-01-12T21:42:59","slug":"organigrama","status":"publish","type":"page","link":"https:\/\/agora.xtec.cat\/iesducdemontblanc\/organigrama\/","title":{"rendered":"Equip hum\u00e0"},"content":{"rendered":"\n<p>El nostre centre t\u00e9 l&#8217;organitzaci\u00f3 seg\u00fcent:<\/p>\n\n\n\n<ul class=\"wp-block-list\">\n<li class=\"has-medium-font-size\"><strong>Equip Directiu:<\/strong> format per direcci\u00f3, cap d&#8217;estudis, coordinaci\u00f3 pedag\u00f2gica, secretaria i cap d&#8217;estudis adjunt.<\/li>\n\n\n\n<li class=\"has-medium-font-size\"><strong>Consell de direcci\u00f3:<\/strong> format per direcci\u00f3, equip de coordinaci\u00f3, equip d&#8217;orientaci\u00f3 i caps de departament.<\/li>\n\n\n\n<li class=\"has-medium-font-size\"><strong>Equip de coordinaci\u00f3: <\/strong>format per les coordinacions de cada nivell d&#8217;ESO, la coordinaci\u00f3 de Batxillerat i la coordinaci\u00f3 digital.<\/li>\n<\/ul>\n\n\n\n<figure class=\"wp-block-table is-style-stripes has-medium-font-size\"><table class=\"has-fixed-layout\"><thead><tr><th class=\"has-text-align-center\" data-align=\"center\">COORDINACI\u00d3<\/th><th class=\"has-text-align-center\" data-align=\"center\">\u00c0MBIT<\/th><\/tr><\/thead><tbody><tr><td class=\"has-text-align-center\" data-align=\"center\">Dina El Bahri<\/td><td class=\"has-text-align-center\" data-align=\"center\">1r d&#8217;ESO<\/td><\/tr><tr><td class=\"has-text-align-center\" data-align=\"center\">\u00d2scar Guti\u00e9rrez<\/td><td class=\"has-text-align-center\" data-align=\"center\">2n d&#8217;ESO<\/td><\/tr><tr><td class=\"has-text-align-center\" data-align=\"center\">Ignasi Bea<\/td><td class=\"has-text-align-center\" data-align=\"center\">3r d&#8217;ESO<\/td><\/tr><tr><td class=\"has-text-align-center\" data-align=\"center\">David Pons<\/td><td class=\"has-text-align-center\" data-align=\"center\">4t d&#8217;ESO<\/td><\/tr><tr><td class=\"has-text-align-center\" data-align=\"center\">H\u00e8ctor Rodr\u00edguez<\/td><td class=\"has-text-align-center\" data-align=\"center\">Batxillerat<\/td><\/tr><\/tbody><\/table><\/figure>\n\n\n\n<ul class=\"wp-block-list\">\n<li class=\"has-medium-font-size\"><strong>Departaments: <\/strong>comptem amb 9 departaments: Matem\u00e0tiques, Tecnologia, Ci\u00e8ncies Experimentals, Ci\u00e8ncies Socials, Llengua Catalana, Llengua Castellana i Cl\u00e0ssiques, Lleng\u00fces Estrangeres, Expressi\u00f3 i Orientaci\u00f3.<\/li>\n<\/ul>\n\n\n\n<figure class=\"wp-block-table is-style-stripes has-medium-font-size\"><table class=\"has-fixed-layout\"><thead><tr><th class=\"has-text-align-center\" data-align=\"center\">CAPS DE DEPARTAMENT<\/th><th class=\"has-text-align-center\" data-align=\"center\">\u00c0REA<\/th><\/tr><\/thead><tbody><tr><td class=\"has-text-align-center\" data-align=\"center\">Marina Sureda<\/td><td class=\"has-text-align-center\" data-align=\"center\">Llengua catalana<\/td><\/tr><tr><td class=\"has-text-align-center\" data-align=\"center\">Marta Vilabrille<\/td><td class=\"has-text-align-center\" data-align=\"center\">Llengua castellana i cl\u00e0ssiques<\/td><\/tr><tr><td class=\"has-text-align-center\" data-align=\"center\">Sara Tavanti<\/td><td class=\"has-text-align-center\" data-align=\"center\">Lleng\u00fces estrangeres<\/td><\/tr><tr><td class=\"has-text-align-center\" data-align=\"center\">Bernat Bosch<\/td><td class=\"has-text-align-center\" data-align=\"center\">Matem\u00e0tiques<\/td><\/tr><tr><td class=\"has-text-align-center\" data-align=\"center\">Gisela Chebabi<\/td><td class=\"has-text-align-center\" data-align=\"center\">Ci\u00e8ncies Experimentals<\/td><\/tr><tr><td class=\"has-text-align-center\" data-align=\"center\">J\u00falia Perich<\/td><td class=\"has-text-align-center\" data-align=\"center\">Ci\u00e8ncies Socials<\/td><\/tr><tr><td class=\"has-text-align-center\" data-align=\"center\">Augusto Rodr\u00edgues<\/td><td class=\"has-text-align-center\" data-align=\"center\">Tecnologia<\/td><\/tr><tr><td class=\"has-text-align-center\" data-align=\"center\">Joaquim Canet<\/td><td class=\"has-text-align-center\" data-align=\"center\">Expressi\u00f3<\/td><\/tr><tr><td class=\"has-text-align-center\" data-align=\"center\">Miquel Pascual<\/td><td class=\"has-text-align-center\" data-align=\"center\">Orientaci\u00f3 Educativa<\/td><\/tr><\/tbody><\/table><\/figure>\n\n\n\n<ul class=\"wp-block-list\">\n<li class=\"has-medium-font-size\"><strong>Altres coordinacions:<\/strong> <\/li>\n<\/ul>\n\n\n\n<figure class=\"wp-block-table is-style-stripes has-medium-font-size\"><table class=\"has-fixed-layout\"><thead><tr><th class=\"has-text-align-center\" data-align=\"center\">COORDINACI\u00d3<\/th><th class=\"has-text-align-center\" data-align=\"center\">\u00c0MBIT<\/th><\/tr><\/thead><tbody><tr><td class=\"has-text-align-center\" data-align=\"center\">Esther Sement\u00e9<\/td><td class=\"has-text-align-center\" data-align=\"center\">Coordinaci\u00f3 LIC<\/td><\/tr><tr><td class=\"has-text-align-center\" data-align=\"center\">Marina Mora<\/td><td class=\"has-text-align-center\" data-align=\"center\">Coordinaci\u00f3 Conviv\u00e8ncia i Benestar<\/td><\/tr><\/tbody><\/table><\/figure>\n\n\n\n<ul class=\"wp-block-list\">\n<li class=\"has-medium-font-size\"><strong>Tutories:<\/strong> cada nivell t\u00e9 un\/a tutor\/a.<\/li>\n<\/ul>\n\n\n\n<figure class=\"wp-block-table is-style-stripes has-medium-font-size\"><table class=\"has-fixed-layout\"><thead><tr><th class=\"has-text-align-left\" data-align=\"left\">TUTOR\/A<\/th><th class=\"has-text-align-left\" data-align=\"left\">GRUP<\/th><th class=\"has-text-align-left\" data-align=\"left\">TUTOR\/A<\/th><th class=\"has-text-align-left\" data-align=\"left\">GRUP<\/th><\/tr><\/thead><tbody><tr><td class=\"has-text-align-left\" data-align=\"left\">Neus Carmona<\/td><td class=\"has-text-align-left\" data-align=\"left\">1r ESO A<\/td><td class=\"has-text-align-left\" data-align=\"left\">Marcos Camarzana<\/td><td class=\"has-text-align-left\" data-align=\"left\">2n ESO A<\/td><\/tr><tr><td class=\"has-text-align-left\" data-align=\"left\">Mariona Folguera<\/td><td class=\"has-text-align-left\" data-align=\"left\">1r ESO B<\/td><td class=\"has-text-align-left\" data-align=\"left\">Vanesa Gonz\u00e1lez<\/td><td class=\"has-text-align-left\" data-align=\"left\">2n ESO B<\/td><\/tr><tr><td class=\"has-text-align-left\" data-align=\"left\">Reyes Zurr\u00f3n<\/td><td class=\"has-text-align-left\" data-align=\"left\">1r ESO C<\/td><td class=\"has-text-align-left\" data-align=\"left\">Aina Mil\u00e0<\/td><td class=\"has-text-align-left\" data-align=\"left\">2n ESO C<\/td><\/tr><tr><td class=\"has-text-align-left\" data-align=\"left\">Chiara Erroi<\/td><td class=\"has-text-align-left\" data-align=\"left\">1r ESO D<\/td><td class=\"has-text-align-left\" data-align=\"left\">Daniel Andrada<\/td><td class=\"has-text-align-left\" data-align=\"left\">2n ESO D<\/td><\/tr><tr><td class=\"has-text-align-left\" data-align=\"left\">N\u00faria Alonso<\/td><td class=\"has-text-align-left\" data-align=\"left\">1r ESO E<\/td><td class=\"has-text-align-left\" data-align=\"left\">Olga Manso<\/td><td class=\"has-text-align-left\" data-align=\"left\">2n ESO E<\/td><\/tr><tr><td class=\"has-text-align-left\" data-align=\"left\">Araceli Segura<\/td><td class=\"has-text-align-left\" data-align=\"left\">1r ESO F<\/td><td class=\"has-text-align-left\" data-align=\"left\">Ada Pastor<\/td><td class=\"has-text-align-left\" data-align=\"left\">2n ESO F<\/td><\/tr><\/tbody><\/table><\/figure>\n\n\n\n<figure class=\"wp-block-table is-style-stripes has-medium-font-size\"><table class=\"has-fixed-layout\"><thead><tr><th class=\"has-text-align-left\" data-align=\"left\">TUTOR\/A<\/th><th class=\"has-text-align-left\" data-align=\"left\">GRUP<\/th><th class=\"has-text-align-left\" data-align=\"left\">TUTOR\/A<\/th><th class=\"has-text-align-left\" data-align=\"left\">GRUP<\/th><\/tr><\/thead><tbody><tr><td class=\"has-text-align-left\" data-align=\"left\">Montse Flores<\/td><td class=\"has-text-align-left\" data-align=\"left\">3r ESO A<\/td><td class=\"has-text-align-left\" data-align=\"left\">Arantxa Moral<\/td><td class=\"has-text-align-left\" data-align=\"left\">4t ESO A<\/td><\/tr><tr><td class=\"has-text-align-left\" data-align=\"left\">\u00c0lex Garc\u00eda<\/td><td class=\"has-text-align-left\" data-align=\"left\">3r ESO B<\/td><td class=\"has-text-align-left\" data-align=\"left\">Joan Mestre<\/td><td class=\"has-text-align-left\" data-align=\"left\">4t ESO B<\/td><\/tr><tr><td class=\"has-text-align-left\" data-align=\"left\">Sandra Garrido<\/td><td class=\"has-text-align-left\" data-align=\"left\">3r ESO C<\/td><td class=\"has-text-align-left\" data-align=\"left\">Rosa Mut<\/td><td class=\"has-text-align-left\" data-align=\"left\">4t ESO C<\/td><\/tr><tr><td class=\"has-text-align-left\" data-align=\"left\">Paula Manrique<\/td><td class=\"has-text-align-left\" data-align=\"left\">3r ESO D<\/td><td class=\"has-text-align-left\" data-align=\"left\">Ana Isabel S\u00e1nchez<\/td><td class=\"has-text-align-left\" data-align=\"left\">4t ESO D<\/td><\/tr><tr><td class=\"has-text-align-left\" data-align=\"left\">Clara Torralba<\/td><td class=\"has-text-align-left\" data-align=\"left\">3r ESO E<\/td><td class=\"has-text-align-left\" data-align=\"left\">N\u00faria Galceran<\/td><td class=\"has-text-align-left\" data-align=\"left\">4t ESO E<\/td><\/tr><tr><td class=\"has-text-align-left\" data-align=\"left\">H\u00e9ctor Mahiques<\/td><td class=\"has-text-align-left\" data-align=\"left\">3r ESO F<\/td><td class=\"has-text-align-left\" data-align=\"left\">Marc Alier<\/td><td class=\"has-text-align-left\" data-align=\"left\">4t ESO F<\/td><\/tr><\/tbody><\/table><\/figure>\n\n\n\n<figure class=\"wp-block-table is-style-stripes has-medium-font-size\"><table class=\"has-fixed-layout\"><thead><tr><th class=\"has-text-align-left\" data-align=\"left\">TUTOR\/A<\/th><th class=\"has-text-align-left\" data-align=\"left\">GRUP<\/th><\/tr><\/thead><tbody><tr><td class=\"has-text-align-left\" data-align=\"left\">Dolors N\u00fa\u00f1ez<\/td><td class=\"has-text-align-left\" data-align=\"left\">Suport Intensiu d&#8217;Escolaritzaci\u00f3 Inclusiva<\/td><\/tr><tr><td class=\"has-text-align-left\" data-align=\"left\">Marta Saavedra<\/td><td class=\"has-text-align-left\" data-align=\"left\">Aula d&#8217;Acollida<\/td><\/tr><\/tbody><\/table><\/figure>\n\n\n\n<figure class=\"wp-block-table is-style-stripes has-medium-font-size\"><table class=\"has-fixed-layout\"><thead><tr><th class=\"has-text-align-left\" data-align=\"left\">TUTOR\/A<\/th><th class=\"has-text-align-left\" data-align=\"left\">GRUP<\/th><th class=\"has-text-align-left\" data-align=\"left\">TUTOR\/A<\/th><th class=\"has-text-align-left\" data-align=\"left\">GRUP<\/th><\/tr><\/thead><tbody><tr><td class=\"has-text-align-left\" data-align=\"left\">Sheila Chac\u00f3n<\/td><td class=\"has-text-align-left\" data-align=\"left\">1r BTX A<\/td><td class=\"has-text-align-left\" data-align=\"left\">Kiko Galiana<\/td><td class=\"has-text-align-left\" data-align=\"left\">2n BTX A<\/td><\/tr><tr><td class=\"has-text-align-left\" data-align=\"left\">Marc Rodr\u00edguez<\/td><td class=\"has-text-align-left\" data-align=\"left\">1r BTX B<\/td><td class=\"has-text-align-left\" data-align=\"left\">Jordi Segura<\/td><td class=\"has-text-align-left\" data-align=\"left\">2n BTX B<\/td><\/tr><tr><td class=\"has-text-align-left\" data-align=\"left\">Oriol Matar\u00edn<\/td><td class=\"has-text-align-left\" data-align=\"left\">1r BTX C<\/td><td class=\"has-text-align-left\" data-align=\"left\">M. Carmen J\u00e1come<\/td><td class=\"has-text-align-left\" data-align=\"left\">2n BTX C<\/td><\/tr><tr><td class=\"has-text-align-left\" data-align=\"left\">M. Clara Calsina<\/td><td class=\"has-text-align-left\" data-align=\"left\">1r BTX D<\/td><td class=\"has-text-align-left\" data-align=\"left\">Noela L\u00f3pez<\/td><td class=\"has-text-align-left\" data-align=\"left\">2n BTX D<\/td><\/tr><tr><td class=\"has-text-align-left\" data-align=\"left\">Cristina Fructuoso<\/td><td class=\"has-text-align-left\" data-align=\"left\">1r BTX E<\/td><td class=\"has-text-align-left\" data-align=\"left\"><\/td><td class=\"has-text-align-left\" data-align=\"left\"><\/td><\/tr><\/tbody><\/table><\/figure>\n\n\n\n<ul class=\"wp-block-list\">\n<li class=\"has-medium-font-size\"><strong>PAS:<\/strong> format pel personal subaltern del torn de mat\u00ed i del torn de tarda-vespre; el personal administratiu i el personal d&#8217;educaci\u00f3 especial.<\/li>\n<\/ul>\n\n\n\n<figure class=\"wp-block-table is-style-stripes has-medium-font-size\"><table class=\"has-fixed-layout\"><thead><tr><th class=\"has-text-align-center\" data-align=\"center\">PERSONAL<\/th><th class=\"has-text-align-center\" data-align=\"center\">FUNCI\u00d3<\/th><\/tr><\/thead><tbody><tr><td class=\"has-text-align-center\" data-align=\"center\">Inma Pons<\/td><td class=\"has-text-align-center\" data-align=\"center\">Consergeria<\/td><\/tr><tr><td class=\"has-text-align-center\" data-align=\"center\">Margarida Bach<\/td><td class=\"has-text-align-center\" data-align=\"center\">Consergeria<\/td><\/tr><tr><td class=\"has-text-align-center\" data-align=\"center\">Carme Rius<\/td><td class=\"has-text-align-center\" data-align=\"center\">Administrativa<\/td><\/tr><tr><td class=\"has-text-align-center\" data-align=\"center\">Marc Tugu\u00e9s<\/td><td class=\"has-text-align-center\" data-align=\"center\">Administratiu<\/td><\/tr><\/tbody><\/table><\/figure>\n\n\n\n<p><\/p>\n","protected":false},"excerpt":{"rendered":"<p>El nostre centre t\u00e9 l&#8217;organitzaci\u00f3 seg\u00fcent: COORDINACI\u00d3 \u00c0MBIT Dina El Bahri 1r d&#8217;ESO \u00d2scar Guti\u00e9rrez 2n d&#8217;ESO Ignasi Bea 3r [&hellip;]<\/p>\n","protected":false},"author":1,"featured_media":0,"parent":0,"menu_order":50,"comment_status":"closed","ping_status":"closed","template":"","meta":{"_bbp_topic_count":0,"_bbp_reply_count":0,"_bbp_total_topic_count":0,"_bbp_total_reply_count":0,"_bbp_voice_count":0,"_bbp_anonymous_reply_count":0,"_bbp_topic_count_hidden":0,"_bbp_reply_count_hidden":0,"_bbp_forum_subforum_count":0,"site-sidebar-layout":"left-sidebar","site-content-layout":"","ast-site-content-layout":"default","site-content-style":"default","site-sidebar-style":"boxed","ast-global-header-display":"","ast-banner-title-visibility":"","ast-main-header-display":"","ast-hfb-above-header-display":"","ast-hfb-below-header-display":"","ast-hfb-mobile-header-display":"","site-post-title":"","ast-breadcrumbs-content":"","ast-featured-img":"","footer-sml-layout":"","theme-transparent-header-meta":"","adv-header-id-meta":"","stick-header-meta":"","header-above-stick-meta":"","header-main-stick-meta":"","header-below-stick-meta":"","astra-migrate-meta-layouts":"set","ast-page-background-enabled":"default","ast-page-background-meta":{"desktop":{"background-color":"var(--ast-global-color-4)","background-image":"","background-repeat":"repeat","background-position":"center center","background-size":"auto","background-attachment":"scroll","background-type":"","background-media":"","overlay-type":"","overlay-color":"","overlay-opacity":"","overlay-gradient":""},"tablet":{"background-color":"","background-image":"","background-repeat":"repeat","background-position":"center center","background-size":"auto","background-attachment":"scroll","background-type":"","background-media":"","overlay-type":"","overlay-color":"","overlay-opacity":"","overlay-gradient":""},"mobile":{"background-color":"","background-image":"","background-repeat":"repeat","background-position":"center center","background-size":"auto","background-attachment":"scroll","background-type":"","background-media":"","overlay-type":"","overlay-color":"","overlay-opacity":"","overlay-gradient":""}},"ast-content-background-meta":{"desktop":{"background-color":"var(--ast-global-color-5)","background-image":"","background-repeat":"repeat","background-position":"center center","background-size":"auto","background-attachment":"scroll","background-type":"","background-media":"","overlay-type":"","overlay-color":"","overlay-opacity":"","overlay-gradient":""},"tablet":{"background-color":"var(--ast-global-color-5)","background-image":"","background-repeat":"repeat","background-position":"center center","background-size":"auto","background-attachment":"scroll","background-type":"","background-media":"","overlay-type":"","overlay-color":"","overlay-opacity":"","overlay-gradient":""},"mobile":{"background-color":"var(--ast-global-color-5)","background-image":"","background-repeat":"repeat","background-position":"center center","background-size":"auto","background-attachment":"scroll","background-type":"","background-media":"","overlay-type":"","overlay-color":"","overlay-opacity":"","overlay-gradient":""}},"footnotes":""},"class_list":["post-46","page","type-page","status-publish","hentry"],"post_mailing_queue_ids":[],"_links":{"self":[{"href":"https:\/\/agora.xtec.cat\/iesducdemontblanc\/wp-json\/wp\/v2\/pages\/46","targetHints":{"allow":["GET"]}}],"collection":[{"href":"https:\/\/agora.xtec.cat\/iesducdemontblanc\/wp-json\/wp\/v2\/pages"}],"about":[{"href":"https:\/\/agora.xtec.cat\/iesducdemontblanc\/wp-json\/wp\/v2\/types\/page"}],"author":[{"embeddable":true,"href":"https:\/\/agora.xtec.cat\/iesducdemontblanc\/wp-json\/wp\/v2\/users\/1"}],"replies":[{"embeddable":true,"href":"https:\/\/agora.xtec.cat\/iesducdemontblanc\/wp-json\/wp\/v2\/comments?post=46"}],"version-history":[{"count":6,"href":"https:\/\/agora.xtec.cat\/iesducdemontblanc\/wp-json\/wp\/v2\/pages\/46\/revisions"}],"predecessor-version":[{"id":14449,"href":"https:\/\/agora.xtec.cat\/iesducdemontblanc\/wp-json\/wp\/v2\/pages\/46\/revisions\/14449"}],"wp:attachment":[{"href":"https:\/\/agora.xtec.cat\/iesducdemontblanc\/wp-json\/wp\/v2\/media?parent=46"}],"curies":[{"name":"wp","href":"https:\/\/api.w.org\/{rel}","templated":true}]}}